{"id":1045,"date":"2014-02-03T21:10:16","date_gmt":"2014-02-03T20:10:16","guid":{"rendered":"http:\/\/www.byter.de\/wordpress\/?page_id=1045"},"modified":"2015-04-06T19:29:01","modified_gmt":"2015-04-06T18:29:01","slug":"jura-2014-borne-aux-cassots-cavottes-baumes-des-cretes","status":"publish","type":"page","link":"https:\/\/www.byter.de\/wordpress\/?page_id=1045","title":{"rendered":"Jura 2014 &#8211; Borne aux Cassots, Cavottes, Baumes des Cretes"},"content":{"rendered":"<p><strong>Wochenend-H\u00f6hlen-Trip ins franz\u00f6sische Jura<\/strong><\/p>\n<div id=\"attachment_1061\" style=\"width: 510px\" class=\"wp-caption aligncenter\"><img aria-describedby=\"caption-attachment-1061\" decoding=\"async\" loading=\"lazy\" class=\"size-full wp-image-1061\" src=\"https:\/\/www.byter.de\/wordpress\/wp-content\/uploads\/2014\/02\/Schnee_500.jpg\" alt=\"Durch den Schnee\" width=\"500\" height=\"351\" srcset=\"https:\/\/www.byter.de\/wordpress\/wp-content\/uploads\/2014\/02\/Schnee_500.jpg 500w, https:\/\/www.byter.de\/wordpress\/wp-content\/uploads\/2014\/02\/Schnee_500-300x210.jpg 300w\" sizes=\"(max-width: 500px) 100vw, 500px\" \/><p id=\"caption-attachment-1061\" class=\"wp-caption-text\">Durch den Schnee<\/p><\/div>\n<p>Am letzten Wochenende stand ein verl\u00e4ngertes H\u00f6hlenwochenende in Frankreich (Department Jura) auf dem Programm. Die Hauptziele waren zum einen die <em>Borne aux Cassots<\/em> (auch &#8222;Porno&#8220; genannt \ud83d\ude09 ) &#8211; eine aktive wasserf\u00fchrende H\u00f6hle mit insgesamt fast 16km L\u00e4nge und zum anderen die <em>Baumes des Cretes<\/em>, die bei Trockenheit im Winter bis fast -180m Tiefe befahren werden kann, bevor sie als Teil des Verneau-Systems ebenfalls in einem aktiven unterirdischen Flusslauf endet.<\/p>\n<p>Zun\u00e4chst ging\u00b4s am Donnerstag Abend bis Freiburg, wo wir einen Zwischenstop einlegten, um am Freitag morgen zeitig die letzten 280km zur Borne aux Cassots zur\u00fcckzulegen&#8230;<\/p>\n<p><strong>Freitag (Tag 1)<\/strong><\/p>\n<p>Gegen 10:30 Uhr trafen wir schlie\u00dflich an der <em>Cassots<\/em> ein. Schon ein Blick auf den rei\u00dfenden Fluss und die unter Wasser stehenden Felder lie\u00dfen nichts Gutes erahnen&#8230; Auch flo\u00df massenhaft Wasser aus diversen Rohren in den nahegelegenen Fluss, die beim letzten Besuch einiger Teammitglieder komplett trocken waren&#8230;\u00a0 Wir lie\u00dfen uns aber nicht entmutigen, schl\u00fcpften in die Neos und machten uns auf den Weg. Die H\u00f6hle ist normalerweise verschlossen, aber wir hatten eine Genehmigung und den entsprechenden Schl\u00fcssel und so zw\u00e4ngten wir uns wenig sp\u00e4ter durch den Eingang.<\/p>\n<p>Schon bald waren wir bis zum Hals im Wasser und k\u00e4mpften uns vorw\u00e4rts zum 1. Siphon&#8230; Bei der ersten Befahrung der Kollegen vor einigen Monaten war dieser komplett trocken, heute jedoch fast vollst\u00e4ndig geflutet. Schlie\u00dflich entschieden wir uns, die Tour abzubrechen, denn das Risiko, nach einer 8-10h Tour auf dem R\u00fcckweg pl\u00f6tzlich vor einem geschlossenen Siphon zu stehen war uns einfach zu hoch.<\/p>\n<div id=\"attachment_1066\" style=\"width: 510px\" class=\"wp-caption aligncenter\"><img aria-describedby=\"caption-attachment-1066\" decoding=\"async\" loading=\"lazy\" class=\"size-full wp-image-1066\" src=\"https:\/\/www.byter.de\/wordpress\/wp-content\/uploads\/2014\/02\/Siphon_500.jpg\" alt=\"Markus im Siphon\" width=\"500\" height=\"327\" srcset=\"https:\/\/www.byter.de\/wordpress\/wp-content\/uploads\/2014\/02\/Siphon_500.jpg 500w, https:\/\/www.byter.de\/wordpress\/wp-content\/uploads\/2014\/02\/Siphon_500-300x196.jpg 300w\" sizes=\"(max-width: 500px) 100vw, 500px\" \/><p id=\"caption-attachment-1066\" class=\"wp-caption-text\">Markus am Siphon<\/p><\/div>\n<p>So war diese Tour bereits nach 1,5h wieder zu Ende und wir beschlossen, stattdessen der <em>Grottes des Cavottes<\/em> noch einen Besuch abzustatten.<\/p>\n<p>Die knapp 4km lange Grotte des Cavottes ist ein Klassiker der Region (Department Doubs) und vielbefahren &#8211; das merkt man schon am Eingang, wo rechterhand Treppenstufen in einen H\u00f6hlenteil f\u00fchren, der fr\u00fcher sogar einmal eine elektrische Beleuchtung hatte (eine historische Schauh\u00f6hle). Der Rest ist ein wenig schwieriger zu befahren und wird gleich zu Beginn an einigen Stellen kuschelig eng \ud83d\ude09\u00a0 Die gr\u00f6\u00dfte Herausforderung bestand f\u00fcr uns allerdings darin, den richtigen Weg zu finden &#8211; denn die Beschreibung blieb nat\u00fcrlich im Auto (macht ja schlie\u00dflich auch viel mehr Spa\u00df, den Weg selber zu finden! ;))&#8230;\u00a0 So landete ein Teil des Teams zun\u00e4chst in einem knapp 20m tiefen Schacht, der sich bald als Sackgasse entpuppte&#8230;<\/p>\n<div id=\"attachment_1065\" style=\"width: 385px\" class=\"wp-caption aligncenter\"><img aria-describedby=\"caption-attachment-1065\" decoding=\"async\" loading=\"lazy\" class=\"size-full wp-image-1065\" src=\"https:\/\/www.byter.de\/wordpress\/wp-content\/uploads\/2014\/02\/Wulf_Spalte1_500h.jpg\" alt=\"Ziemlich eng geht\u00b4s abw\u00e4rts...\" width=\"375\" height=\"500\" srcset=\"https:\/\/www.byter.de\/wordpress\/wp-content\/uploads\/2014\/02\/Wulf_Spalte1_500h.jpg 375w, https:\/\/www.byter.de\/wordpress\/wp-content\/uploads\/2014\/02\/Wulf_Spalte1_500h-225x300.jpg 225w\" sizes=\"(max-width: 375px) 100vw, 375px\" \/><p id=\"caption-attachment-1065\" class=\"wp-caption-text\">Ziemlich eng geht\u00b4s abw\u00e4rts&#8230;<\/p><\/div>\n<p>Nach einiger Sucherei hatten wir schlie\u00dflich den richtigen Weg gefunden, aber schon bald war auch hier unser maximales Zeitfenster erreicht und die abschlie\u00dfende Erkundung der beiden Gallerien (Galerie Sud und Nord) musste auf einen sp\u00e4teren Termin vertagt werden&#8230;<\/p>\n<p><strong>Samstag (Tag 2) &#8211; Baumes des Cretes<\/strong><\/p>\n<p>Nach dem m\u00e4\u00dfig erfolgreichen ersten Tag sollte aber wenigstens das zweite Hauptziel der Tour ausgiebig erkundet werden:\u00a0 Die <em>Baumes des Cretes<\/em>.\u00a0 Schon der Einstiegsschacht mit seinen knapp 40m Tiefe ist recht beeindruckend, erst Recht mitten in einer wei\u00dfen Schneelandschaft \ud83d\ude09<br \/>\nDie <em>Baume des Cretes<\/em> ist einer der Zustiegsm\u00f6glichkeiten ins <em>Verneau-System<\/em> und im tieferen Teil stark Hochwassergef\u00e4hrdet, weshalb eine Befahrung bei Trockenheit im Winter ratsam ist. Nur dann ist es m\u00f6glich, bis auf ca. -180m Tiefe zu gelangen.<\/p>\n<p>Nach dem 40m Einstiegsschacht geht es auf einer Ger\u00f6llhalde steil bergab und wenig sp\u00e4ter steht man bereits in der ersten sehr beeindruckenden, riesengro\u00dfen Halle, in der beeindruckende Tropfsteinformationen das Herz h\u00f6her schlagen lassen&#8230; Gigantisch! Nach kurzer Verschnaufpause in der Versammlungshalle (siehe Fotos ;)) ging es recht sportlich weiter abw\u00e4rts &#8211; diesmal eine Rampe hinunter, die sich als deutlich schwieriger entpuppte, als die Pl\u00e4ne vermuten lie\u00dfen. Zwischendurch versuchten wir noch vergeblich den Weg in den <em>Salle des Suisses<\/em> zu finden, kapitulierten aber irgendwann in dem Irrgarten an G\u00e4ngen und Schlufen, die immer wieder in engen Sackgassen endeten&#8230;<\/p>\n<div id=\"attachment_1070\" style=\"width: 510px\" class=\"wp-caption aligncenter\"><img aria-describedby=\"caption-attachment-1070\" decoding=\"async\" loading=\"lazy\" class=\"size-full wp-image-1070\" src=\"https:\/\/www.byter.de\/wordpress\/wp-content\/uploads\/2014\/02\/See_500.jpg\" alt=\"Unterirdischer See im Salle des Dolois\" width=\"500\" height=\"354\" srcset=\"https:\/\/www.byter.de\/wordpress\/wp-content\/uploads\/2014\/02\/See_500.jpg 500w, https:\/\/www.byter.de\/wordpress\/wp-content\/uploads\/2014\/02\/See_500-300x212.jpg 300w\" sizes=\"(max-width: 500px) 100vw, 500px\" \/><p id=\"caption-attachment-1070\" class=\"wp-caption-text\">Unterirdischer kleiner See im Salle des Dolois<\/p><\/div>\n<p>Im <em>Salle des Dolois<\/em> angekommen war wieder Zeit, die Kameras auszupacken und die tolle Szenerie aus Tropfsteinen und kleinen Seen zu bewundern&#8230;<\/p>\n<p>Mittlerweile waren 5h vergangen. Eine H\u00e4lfte des Teams ging noch ein wenig weiter und musste wenig sp\u00e4ter feststellen, dass der folgende P15-Schacht wohl doch etwas tiefer war (das Seil reichte nicht) &#8211; die andere H\u00e4lfte versuchte noch einmal, den <em>Salle des Suisses<\/em> von unten zu erreichen&#8230;\u00a0 Schlie\u00dflich war aber die vereinbarte Zeit f\u00fcr den R\u00fcckweg erreicht und so ging es an den anstrengenden Aufstieg von mittlerweile -150 Metern zur\u00fcck zur Oberfl\u00e4che.\u00a0 Nach guten 9h standen wir wieder im Schnee an den Autos und freuten uns auf ein ausgiebiges Abendessen mit ordentlich Steaks und Bier \ud83d\ude09<\/p>\n<div id=\"attachment_1063\" style=\"width: 495px\" class=\"wp-caption aligncenter\"><img aria-describedby=\"caption-attachment-1063\" decoding=\"async\" loading=\"lazy\" class=\"size-full wp-image-1063\" src=\"https:\/\/www.byter.de\/wordpress\/wp-content\/uploads\/2014\/02\/Gruppenbild_Cretes1_500.jpg\" alt=\"Gruppenbild in der Baume des Cretes :)\" width=\"485\" height=\"333\" srcset=\"https:\/\/www.byter.de\/wordpress\/wp-content\/uploads\/2014\/02\/Gruppenbild_Cretes1_500.jpg 485w, https:\/\/www.byter.de\/wordpress\/wp-content\/uploads\/2014\/02\/Gruppenbild_Cretes1_500-300x205.jpg 300w\" sizes=\"(max-width: 485px) 100vw, 485px\" \/><p id=\"caption-attachment-1063\" class=\"wp-caption-text\">Gruppenbild in der Baume des Cretes \ud83d\ude42<\/p><\/div>\n<p>Eine kurze, aber nichtsdestotrotz tolle Tour und sicherlich nicht der letzte Besuch im Jura!\u00a0 Vielen Dank ans gesamte Team, es hat gro\u00dfen Spa\u00df gemacht!<\/p>\n<p style=\"text-align: left;\">Hier noch ein paar Eindr\u00fccke (diesmal leider fast ohne DSLR, denn die sollte man \u00fcber Nacht nicht im Auto lassen&#8230;):<\/p>\n<p style=\"text-align: center;\"><!-- default-view.php -->\n<div\n\tclass=\"ngg-galleryoverview default-view \"\n\tid=\"ngg-gallery-99aabd6e7bc5459d438e12e3d0163b67-1\">\n\n\t\t<!-- Thumbnails -->\n\t\t\t\t<div id=\"ngg-image-0\" class=\"ngg-gallery-thumbnail-box \" >\n\t\t\t\t        <div class=\"ngg-gallery-thumbnail\">\n            <a href=\"https:\/\/www.byter.de\/wordpress\/wp-content\/gallery\/jura-cassots-cavottes-baumes-des-cretes\/siphon1_markus_900.jpg\"\n               title=\"Borne aux Cassots - am Siphon\"\n               data-src=\"https:\/\/www.byter.de\/wordpress\/wp-content\/gallery\/jura-cassots-cavottes-baumes-des-cretes\/siphon1_markus_900.jpg\"\n               data-thumbnail=\"https:\/\/www.byter.de\/wordpress\/wp-content\/gallery\/jura-cassots-cavottes-baumes-des-cretes\/thumbs\/thumbs_siphon1_markus_900.jpg\"\n               data-image-id=\"754\"\n               data-title=\"siphon1_markus_900\"\n               data-description=\"Borne aux Cassots - am Siphon\"\n               data-image-slug=\"siphon1_markus_900\"\n               class=\"ngg-fancybox\" rel=\"99aabd6e7bc5459d438e12e3d0163b67\">\n                <img\n                    title=\"siphon1_markus_900\"\n                    alt=\"siphon1_markus_900\"\n                    src=\"https:\/\/www.byter.de\/wordpress\/wp-content\/gallery\/jura-cassots-cavottes-baumes-des-cretes\/thumbs\/thumbs_siphon1_markus_900.jpg\"\n                    width=\"100\"\n                    height=\"75\"\n                    style=\"max-width:100%;\"\n                \/>\n            <\/a>\n        <\/div>\n\t\t\t\t\t\t\t<\/div> \n\t\t\t\n\t\t\t\t<div id=\"ngg-image-1\" class=\"ngg-gallery-thumbnail-box \" >\n\t\t\t\t        <div class=\"ngg-gallery-thumbnail\">\n            <a href=\"https:\/\/www.byter.de\/wordpress\/wp-content\/gallery\/jura-cassots-cavottes-baumes-des-cretes\/jens_wassergang_1000.jpg\"\n               title=\"Borne aux Cassots - unterwegs im Wasser\"\n               data-src=\"https:\/\/www.byter.de\/wordpress\/wp-content\/gallery\/jura-cassots-cavottes-baumes-des-cretes\/jens_wassergang_1000.jpg\"\n               data-thumbnail=\"https:\/\/www.byter.de\/wordpress\/wp-content\/gallery\/jura-cassots-cavottes-baumes-des-cretes\/thumbs\/thumbs_jens_wassergang_1000.jpg\"\n               data-image-id=\"759\"\n               data-title=\"jens_wassergang_1000\"\n               data-description=\"Borne aux Cassots - unterwegs im Wasser\"\n               data-image-slug=\"jens_wassergang_1000\"\n               class=\"ngg-fancybox\" rel=\"99aabd6e7bc5459d438e12e3d0163b67\">\n                <img\n                    title=\"jens_wassergang_1000\"\n                    alt=\"jens_wassergang_1000\"\n                    src=\"https:\/\/www.byter.de\/wordpress\/wp-content\/gallery\/jura-cassots-cavottes-baumes-des-cretes\/thumbs\/thumbs_jens_wassergang_1000.jpg\"\n                    width=\"100\"\n                    height=\"75\"\n                    style=\"max-width:100%;\"\n                \/>\n            <\/a>\n        <\/div>\n\t\t\t\t\t\t\t<\/div> \n\t\t\t\n\t\t\t\t<div id=\"ngg-image-2\" class=\"ngg-gallery-thumbnail-box \" >\n\t\t\t\t        <div class=\"ngg-gallery-thumbnail\">\n            <a href=\"https:\/\/www.byter.de\/wordpress\/wp-content\/gallery\/jura-cassots-cavottes-baumes-des-cretes\/grhalle_markus_1000h.jpg\"\n               title=\"Gro\u00dfe Halle in der Baumes des Cretes (Foto: Wulf B.)\"\n               data-src=\"https:\/\/www.byter.de\/wordpress\/wp-content\/gallery\/jura-cassots-cavottes-baumes-des-cretes\/grhalle_markus_1000h.jpg\"\n               data-thumbnail=\"https:\/\/www.byter.de\/wordpress\/wp-content\/gallery\/jura-cassots-cavottes-baumes-des-cretes\/thumbs\/thumbs_grhalle_markus_1000h.jpg\"\n               data-image-id=\"757\"\n               data-title=\"grhalle_markus_1000h\"\n               data-description=\"Gro\u00dfe Halle in der Baumes des Cretes (Foto: Wulf B.)\"\n               data-image-slug=\"grhalle_markus_1000h\"\n               class=\"ngg-fancybox\" rel=\"99aabd6e7bc5459d438e12e3d0163b67\">\n                <img\n                    title=\"grhalle_markus_1000h\"\n                    alt=\"grhalle_markus_1000h\"\n                    src=\"https:\/\/www.byter.de\/wordpress\/wp-content\/gallery\/jura-cassots-cavottes-baumes-des-cretes\/thumbs\/thumbs_grhalle_markus_1000h.jpg\"\n                    width=\"100\"\n                    height=\"75\"\n                    style=\"max-width:100%;\"\n                \/>\n            <\/a>\n        <\/div>\n\t\t\t\t\t\t\t<\/div> \n\t\t\t\n\t\t\t\t<div id=\"ngg-image-3\" class=\"ngg-gallery-thumbnail-box \" >\n\t\t\t\t        <div class=\"ngg-gallery-thumbnail\">\n            <a href=\"https:\/\/www.byter.de\/wordpress\/wp-content\/gallery\/jura-cassots-cavottes-baumes-des-cretes\/im_gang_1200.jpg\"\n               title=\"Unterwegs in der Baumes des Cretes\"\n               data-src=\"https:\/\/www.byter.de\/wordpress\/wp-content\/gallery\/jura-cassots-cavottes-baumes-des-cretes\/im_gang_1200.jpg\"\n               data-thumbnail=\"https:\/\/www.byter.de\/wordpress\/wp-content\/gallery\/jura-cassots-cavottes-baumes-des-cretes\/thumbs\/thumbs_im_gang_1200.jpg\"\n               data-image-id=\"750\"\n               data-title=\"im_gang_1200\"\n               data-description=\"Unterwegs in der Baumes des Cretes\"\n               data-image-slug=\"im_gang_1200\"\n               class=\"ngg-fancybox\" rel=\"99aabd6e7bc5459d438e12e3d0163b67\">\n                <img\n                    title=\"im_gang_1200\"\n                    alt=\"im_gang_1200\"\n                    src=\"https:\/\/www.byter.de\/wordpress\/wp-content\/gallery\/jura-cassots-cavottes-baumes-des-cretes\/thumbs\/thumbs_im_gang_1200.jpg\"\n                    width=\"100\"\n                    height=\"75\"\n                    style=\"max-width:100%;\"\n                \/>\n            <\/a>\n        <\/div>\n\t\t\t\t\t\t\t<\/div> \n\t\t\t\n\t\t\t\t<div id=\"ngg-image-4\" class=\"ngg-gallery-thumbnail-box \" >\n\t\t\t\t        <div class=\"ngg-gallery-thumbnail\">\n            <a href=\"https:\/\/www.byter.de\/wordpress\/wp-content\/gallery\/jura-cassots-cavottes-baumes-des-cretes\/gruppenbild_cretes1_1200.jpg\"\n               title=\"Gruppenbild im gem\u00fctlichen Teil der Cretes\"\n               data-src=\"https:\/\/www.byter.de\/wordpress\/wp-content\/gallery\/jura-cassots-cavottes-baumes-des-cretes\/gruppenbild_cretes1_1200.jpg\"\n               data-thumbnail=\"https:\/\/www.byter.de\/wordpress\/wp-content\/gallery\/jura-cassots-cavottes-baumes-des-cretes\/thumbs\/thumbs_gruppenbild_cretes1_1200.jpg\"\n               data-image-id=\"749\"\n               data-title=\"gruppenbild_cretes1_1200\"\n               data-description=\"Gruppenbild im gem\u00fctlichen Teil der Cretes\"\n               data-image-slug=\"gruppenbild_cretes1_1200\"\n               class=\"ngg-fancybox\" rel=\"99aabd6e7bc5459d438e12e3d0163b67\">\n                <img\n                    title=\"gruppenbild_cretes1_1200\"\n                    alt=\"gruppenbild_cretes1_1200\"\n                    src=\"https:\/\/www.byter.de\/wordpress\/wp-content\/gallery\/jura-cassots-cavottes-baumes-des-cretes\/thumbs\/thumbs_gruppenbild_cretes1_1200.jpg\"\n                    width=\"100\"\n                    height=\"75\"\n                    style=\"max-width:100%;\"\n                \/>\n            <\/a>\n        <\/div>\n\t\t\t\t\t\t\t<\/div> \n\t\t\t\n\t\t\t\t<div id=\"ngg-image-5\" class=\"ngg-gallery-thumbnail-box \" >\n\t\t\t\t        <div class=\"ngg-gallery-thumbnail\">\n            <a href=\"https:\/\/www.byter.de\/wordpress\/wp-content\/gallery\/jura-cassots-cavottes-baumes-des-cretes\/jens_see1_1200.jpg\"\n               title=\"Salle des Dolois in der Baumes des Cretes\"\n               data-src=\"https:\/\/www.byter.de\/wordpress\/wp-content\/gallery\/jura-cassots-cavottes-baumes-des-cretes\/jens_see1_1200.jpg\"\n               data-thumbnail=\"https:\/\/www.byter.de\/wordpress\/wp-content\/gallery\/jura-cassots-cavottes-baumes-des-cretes\/thumbs\/thumbs_jens_see1_1200.jpg\"\n               data-image-id=\"751\"\n               data-title=\"jens_see1_1200\"\n               data-description=\"Salle des Dolois in der Baumes des Cretes\"\n               data-image-slug=\"jens_see1_1200\"\n               class=\"ngg-fancybox\" rel=\"99aabd6e7bc5459d438e12e3d0163b67\">\n                <img\n                    title=\"jens_see1_1200\"\n                    alt=\"jens_see1_1200\"\n                    src=\"https:\/\/www.byter.de\/wordpress\/wp-content\/gallery\/jura-cassots-cavottes-baumes-des-cretes\/thumbs\/thumbs_jens_see1_1200.jpg\"\n                    width=\"100\"\n                    height=\"75\"\n                    style=\"max-width:100%;\"\n                \/>\n            <\/a>\n        <\/div>\n\t\t\t\t\t\t\t<\/div> \n\t\t\t\n\t\t\t\t<div id=\"ngg-image-6\" class=\"ngg-gallery-thumbnail-box \" >\n\t\t\t\t        <div class=\"ngg-gallery-thumbnail\">\n            <a href=\"https:\/\/www.byter.de\/wordpress\/wp-content\/gallery\/jura-cassots-cavottes-baumes-des-cretes\/see_3er_1200.jpg\"\n               title=\"Salle des Dolois in der Baumes des Cretes II\"\n               data-src=\"https:\/\/www.byter.de\/wordpress\/wp-content\/gallery\/jura-cassots-cavottes-baumes-des-cretes\/see_3er_1200.jpg\"\n               data-thumbnail=\"https:\/\/www.byter.de\/wordpress\/wp-content\/gallery\/jura-cassots-cavottes-baumes-des-cretes\/thumbs\/thumbs_see_3er_1200.jpg\"\n               data-image-id=\"752\"\n               data-title=\"see_3er_1200\"\n               data-description=\"Salle des Dolois in der Baumes des Cretes II\"\n               data-image-slug=\"see_3er_1200\"\n               class=\"ngg-fancybox\" rel=\"99aabd6e7bc5459d438e12e3d0163b67\">\n                <img\n                    title=\"see_3er_1200\"\n                    alt=\"see_3er_1200\"\n                    src=\"https:\/\/www.byter.de\/wordpress\/wp-content\/gallery\/jura-cassots-cavottes-baumes-des-cretes\/thumbs\/thumbs_see_3er_1200.jpg\"\n                    width=\"100\"\n                    height=\"75\"\n                    style=\"max-width:100%;\"\n                \/>\n            <\/a>\n        <\/div>\n\t\t\t\t\t\t\t<\/div> \n\t\t\t\n\t\t\t\t<div id=\"ngg-image-7\" class=\"ngg-gallery-thumbnail-box \" >\n\t\t\t\t        <div class=\"ngg-gallery-thumbnail\">\n            <a href=\"https:\/\/www.byter.de\/wordpress\/wp-content\/gallery\/jura-cassots-cavottes-baumes-des-cretes\/see3_1200.jpg\"\n               title=\"Salle des Dolois in der Baumes des Cretes III\"\n               data-src=\"https:\/\/www.byter.de\/wordpress\/wp-content\/gallery\/jura-cassots-cavottes-baumes-des-cretes\/see3_1200.jpg\"\n               data-thumbnail=\"https:\/\/www.byter.de\/wordpress\/wp-content\/gallery\/jura-cassots-cavottes-baumes-des-cretes\/thumbs\/thumbs_see3_1200.jpg\"\n               data-image-id=\"753\"\n               data-title=\"see3_1200\"\n               data-description=\"Salle des Dolois in der Baumes des Cretes III\"\n               data-image-slug=\"see3_1200\"\n               class=\"ngg-fancybox\" rel=\"99aabd6e7bc5459d438e12e3d0163b67\">\n                <img\n                    title=\"see3_1200\"\n                    alt=\"see3_1200\"\n                    src=\"https:\/\/www.byter.de\/wordpress\/wp-content\/gallery\/jura-cassots-cavottes-baumes-des-cretes\/thumbs\/thumbs_see3_1200.jpg\"\n                    width=\"100\"\n                    height=\"75\"\n                    style=\"max-width:100%;\"\n                \/>\n            <\/a>\n        <\/div>\n\t\t\t\t\t\t\t<\/div> \n\t\t\t\n\t\t\t\t<div id=\"ngg-image-8\" class=\"ngg-gallery-thumbnail-box \" >\n\t\t\t\t        <div class=\"ngg-gallery-thumbnail\">\n            <a href=\"https:\/\/www.byter.de\/wordpress\/wp-content\/gallery\/jura-cassots-cavottes-baumes-des-cretes\/im_schacht_900h.jpg\"\n               title=\"Aufstieg in der Cretes... (Foto: Wulf B.)\"\n               data-src=\"https:\/\/www.byter.de\/wordpress\/wp-content\/gallery\/jura-cassots-cavottes-baumes-des-cretes\/im_schacht_900h.jpg\"\n               data-thumbnail=\"https:\/\/www.byter.de\/wordpress\/wp-content\/gallery\/jura-cassots-cavottes-baumes-des-cretes\/thumbs\/thumbs_im_schacht_900h.jpg\"\n               data-image-id=\"758\"\n               data-title=\"im_schacht_900h\"\n               data-description=\"Aufstieg in der Cretes... (Foto: Wulf B.)\"\n               data-image-slug=\"im_schacht_900h\"\n               class=\"ngg-fancybox\" rel=\"99aabd6e7bc5459d438e12e3d0163b67\">\n                <img\n                    title=\"im_schacht_900h\"\n                    alt=\"im_schacht_900h\"\n                    src=\"https:\/\/www.byter.de\/wordpress\/wp-content\/gallery\/jura-cassots-cavottes-baumes-des-cretes\/thumbs\/thumbs_im_schacht_900h.jpg\"\n                    width=\"100\"\n                    height=\"75\"\n                    style=\"max-width:100%;\"\n                \/>\n            <\/a>\n        <\/div>\n\t\t\t\t\t\t\t<\/div> \n\t\t\t\n\t\t\t\t<div id=\"ngg-image-9\" class=\"ngg-gallery-thumbnail-box \" >\n\t\t\t\t        <div class=\"ngg-gallery-thumbnail\">\n            <a href=\"https:\/\/www.byter.de\/wordpress\/wp-content\/gallery\/jura-cassots-cavottes-baumes-des-cretes\/wulf_haengt_900h.jpg\"\n               title=\"Abh\u00e4ngen am Einstieg der Beaumes des Cretes\"\n               data-src=\"https:\/\/www.byter.de\/wordpress\/wp-content\/gallery\/jura-cassots-cavottes-baumes-des-cretes\/wulf_haengt_900h.jpg\"\n               data-thumbnail=\"https:\/\/www.byter.de\/wordpress\/wp-content\/gallery\/jura-cassots-cavottes-baumes-des-cretes\/thumbs\/thumbs_wulf_haengt_900h.jpg\"\n               data-image-id=\"755\"\n               data-title=\"wulf_haengt_900h\"\n               data-description=\"Abh\u00e4ngen am Einstieg der Beaumes des Cretes\"\n               data-image-slug=\"wulf_haengt_900h\"\n               class=\"ngg-fancybox\" rel=\"99aabd6e7bc5459d438e12e3d0163b67\">\n                <img\n                    title=\"wulf_haengt_900h\"\n                    alt=\"wulf_haengt_900h\"\n                    src=\"https:\/\/www.byter.de\/wordpress\/wp-content\/gallery\/jura-cassots-cavottes-baumes-des-cretes\/thumbs\/thumbs_wulf_haengt_900h.jpg\"\n                    width=\"100\"\n                    height=\"75\"\n                    style=\"max-width:100%;\"\n                \/>\n            <\/a>\n        <\/div>\n\t\t\t\t\t\t\t<\/div> \n\t\t\t\n\t\t\t\t<div id=\"ngg-image-10\" class=\"ngg-gallery-thumbnail-box \" >\n\t\t\t\t        <div class=\"ngg-gallery-thumbnail\">\n            <a href=\"https:\/\/www.byter.de\/wordpress\/wp-content\/gallery\/jura-cassots-cavottes-baumes-des-cretes\/wulf_spalte2_1000h.jpg\"\n               title=\"Wulf in der Cavottes\"\n               data-src=\"https:\/\/www.byter.de\/wordpress\/wp-content\/gallery\/jura-cassots-cavottes-baumes-des-cretes\/wulf_spalte2_1000h.jpg\"\n               data-thumbnail=\"https:\/\/www.byter.de\/wordpress\/wp-content\/gallery\/jura-cassots-cavottes-baumes-des-cretes\/thumbs\/thumbs_wulf_spalte2_1000h.jpg\"\n               data-image-id=\"756\"\n               data-title=\"wulf_spalte2_1000h\"\n               data-description=\"Wulf in der Cavottes\"\n               data-image-slug=\"wulf_spalte2_1000h\"\n               class=\"ngg-fancybox\" rel=\"99aabd6e7bc5459d438e12e3d0163b67\">\n                <img\n                    title=\"wulf_spalte2_1000h\"\n                    alt=\"wulf_spalte2_1000h\"\n                    src=\"https:\/\/www.byter.de\/wordpress\/wp-content\/gallery\/jura-cassots-cavottes-baumes-des-cretes\/thumbs\/thumbs_wulf_spalte2_1000h.jpg\"\n                    width=\"100\"\n                    height=\"75\"\n                    style=\"max-width:100%;\"\n                \/>\n            <\/a>\n        <\/div>\n\t\t\t\t\t\t\t<\/div> \n\t\t\t\n\t\n\t<br style=\"clear: both\" \/>\n\n\t\n\t\t<!-- Pagination -->\n\t<div class='ngg-clear'><\/div>\t<\/div>\n<\/p>\n<p style=\"text-align: center;\">Entstanden im Januar 2014.<\/p>\n","protected":false},"excerpt":{"rendered":"<p>Wochenend-H\u00f6hlen-Trip ins franz\u00f6sische Jura Am letzten Wochenende stand ein verl\u00e4ngertes H\u00f6hlenwochenende in Frankreich (Department Jura) auf dem Programm. Die Hauptziele waren zum einen die Borne aux Cassots (auch &#8222;Porno&#8220; genannt \ud83d\ude09 ) &#8211; eine aktive wasserf\u00fchrende H\u00f6hle mit insgesamt fast &hellip; <a href=\"https:\/\/www.byter.de\/wordpress\/?page_id=1045\">Weiterlesen <span class=\"meta-nav\">&rarr;<\/span><\/a><\/p>\n","protected":false},"author":1,"featured_media":0,"parent":644,"menu_order":16,"comment_status":"open","ping_status":"open","template":"","meta":{"ngg_post_thumbnail":0},"_links":{"self":[{"href":"https:\/\/www.byter.de\/wordpress\/index.php?rest_route=\/wp\/v2\/pages\/1045"}],"collection":[{"href":"https:\/\/www.byter.de\/wordpress\/index.php?rest_route=\/wp\/v2\/pages"}],"about":[{"href":"https:\/\/www.byter.de\/wordpress\/index.php?rest_route=\/wp\/v2\/types\/page"}],"author":[{"embeddable":true,"href":"https:\/\/www.byter.de\/wordpress\/index.php?rest_route=\/wp\/v2\/users\/1"}],"replies":[{"embeddable":true,"href":"https:\/\/www.byter.de\/wordpress\/index.php?rest_route=%2Fwp%2Fv2%2Fcomments&post=1045"}],"version-history":[{"count":12,"href":"https:\/\/www.byter.de\/wordpress\/index.php?rest_route=\/wp\/v2\/pages\/1045\/revisions"}],"predecessor-version":[{"id":1225,"href":"https:\/\/www.byter.de\/wordpress\/index.php?rest_route=\/wp\/v2\/pages\/1045\/revisions\/1225"}],"up":[{"embeddable":true,"href":"https:\/\/www.byter.de\/wordpress\/index.php?rest_route=\/wp\/v2\/pages\/644"}],"wp:attachment":[{"href":"https:\/\/www.byter.de\/wordpress\/index.php?rest_route=%2Fwp%2Fv2%2Fmedia&parent=1045"}],"curies":[{"name":"wp","href":"https:\/\/api.w.org\/{rel}","templated":true}]}}