{"id":1188,"date":"2015-04-06T19:23:12","date_gmt":"2015-04-06T18:23:12","guid":{"rendered":"http:\/\/www.byter.de\/wordpress\/?page_id=1188"},"modified":"2015-04-06T21:25:42","modified_gmt":"2015-04-06T20:25:42","slug":"slowenien-2014-skamprlova-ternovizza-kacna-planinska-martinska-jama","status":"publish","type":"page","link":"https:\/\/www.byter.de\/wordpress\/?page_id=1188","title":{"rendered":"Slowenien 2014 &#8211; Skamprlova, Ternovizza, Kacna, Planinska, Martinska Jama"},"content":{"rendered":"<h2 style=\"text-align: center;\"><a href=\"https:\/\/www.byter.de\/wordpress\/wp-content\/uploads\/2015\/04\/Slo_Gruppenbild_500.jpg\"><img decoding=\"async\" loading=\"lazy\" class=\"aligncenter size-full wp-image-1207\" src=\"https:\/\/www.byter.de\/wordpress\/wp-content\/uploads\/2015\/04\/Slo_Gruppenbild_500.jpg\" alt=\"Slo_Gruppenbild_500\" width=\"500\" height=\"402\" srcset=\"https:\/\/www.byter.de\/wordpress\/wp-content\/uploads\/2015\/04\/Slo_Gruppenbild_500.jpg 500w, https:\/\/www.byter.de\/wordpress\/wp-content\/uploads\/2015\/04\/Slo_Gruppenbild_500-300x241.jpg 300w\" sizes=\"(max-width: 500px) 100vw, 500px\" \/><\/a>eXentriX Tour 2014 &#8211; Slowenien II<\/h2>\n<p>Wie schon im vorherigen Jahr w\u00e4hlten wir f\u00fcr die 2014er eXentriX Tour Slowenien als Ziel. Viele tolle Hohlr\u00e4ume konnten wir im Vorjahr nicht besuchen (eine Woche reicht nunmal nicht&#8230; ;-)), Land und Leute hatten uns super gefallen und auch die luxuri\u00f6se Unterkunft kam schnell wieder ins Ged\u00e4chtnis. So war der Entschlu\u00df schnell gefasst, an der <a href=\"https:\/\/www.byter.de\/wordpress\/?page_id=875\" target=\"_blank\">Tour 2013<\/a> anzukn\u00f6pfen und so machten wir uns in der Pfingswoche erneut auf die 1300km weite Reise&#8230;<\/p>\n<p style=\"text-align: left;\">Als erstes stand an Tag 2 die <em>Skamprlova Jama<\/em> in der N\u00e4he von Sezana auf dem Programm. Es erwartete uns zun\u00e4chst ein ca. 50m senkrechter Einstiegsschacht. Unten angekommen teilt sich die H\u00f6hle in zwei Canyons &#8211; einen eher einfach zu befahrenen unteren Teil, in dem es gigantische Topfsteinformationen zu bewundern galt und einen eher sportlicheren oberen Teil mit toll versinterten G\u00e4ngen. Die insgesamt knapp 600m lange H\u00f6hle ist wirklich beeindruckend und absolut lohnenswert&#8230;<\/p>\n<p style=\"text-align: center;\"><!-- default-view.php -->\n<div\n\tclass=\"ngg-galleryoverview default-view \"\n\tid=\"ngg-gallery-554410577f7cb017fa8a71279a7d72bc-1\">\n\n\t\t<!-- Thumbnails -->\n\t\t\t\t<div id=\"ngg-image-0\" class=\"ngg-gallery-thumbnail-box \" >\n\t\t\t\t        <div class=\"ngg-gallery-thumbnail\">\n            <a href=\"https:\/\/www.byter.de\/wordpress\/wp-content\/gallery\/slowenien-skamprlova-jama\/skamprlova_aufstiegschacht1_1000h.jpg\"\n               title=\"Einstiegsschacht der Skamprlova\"\n               data-src=\"https:\/\/www.byter.de\/wordpress\/wp-content\/gallery\/slowenien-skamprlova-jama\/skamprlova_aufstiegschacht1_1000h.jpg\"\n               data-thumbnail=\"https:\/\/www.byter.de\/wordpress\/wp-content\/gallery\/slowenien-skamprlova-jama\/thumbs\/thumbs_skamprlova_aufstiegschacht1_1000h.jpg\"\n               data-image-id=\"760\"\n               data-title=\"skamprlova_aufstiegschacht1_1000h\"\n               data-description=\"Einstiegsschacht der Skamprlova\"\n               data-image-slug=\"skamprlova_aufstiegschacht1_1000h\"\n               class=\"ngg-fancybox\" rel=\"554410577f7cb017fa8a71279a7d72bc\">\n                <img\n                    title=\"skamprlova_aufstiegschacht1_1000h\"\n                    alt=\"skamprlova_aufstiegschacht1_1000h\"\n                    src=\"https:\/\/www.byter.de\/wordpress\/wp-content\/gallery\/slowenien-skamprlova-jama\/thumbs\/thumbs_skamprlova_aufstiegschacht1_1000h.jpg\"\n                    width=\"100\"\n                    height=\"75\"\n                    style=\"max-width:100%;\"\n                \/>\n            <\/a>\n        <\/div>\n\t\t\t\t\t\t\t<\/div> \n\t\t\t\n\t\t\t\t<div id=\"ngg-image-1\" class=\"ngg-gallery-thumbnail-box \" >\n\t\t\t\t        <div class=\"ngg-gallery-thumbnail\">\n            <a href=\"https:\/\/www.byter.de\/wordpress\/wp-content\/gallery\/slowenien-skamprlova-jama\/skamprlova_christian2_1200.jpg\"\n               title=\"Tropfsteine \u00fcberall...\"\n               data-src=\"https:\/\/www.byter.de\/wordpress\/wp-content\/gallery\/slowenien-skamprlova-jama\/skamprlova_christian2_1200.jpg\"\n               data-thumbnail=\"https:\/\/www.byter.de\/wordpress\/wp-content\/gallery\/slowenien-skamprlova-jama\/thumbs\/thumbs_skamprlova_christian2_1200.jpg\"\n               data-image-id=\"761\"\n               data-title=\"skamprlova_christian2_1200\"\n               data-description=\"Tropfsteine \u00fcberall...\"\n               data-image-slug=\"skamprlova_christian2_1200\"\n               class=\"ngg-fancybox\" rel=\"554410577f7cb017fa8a71279a7d72bc\">\n                <img\n                    title=\"skamprlova_christian2_1200\"\n                    alt=\"skamprlova_christian2_1200\"\n                    src=\"https:\/\/www.byter.de\/wordpress\/wp-content\/gallery\/slowenien-skamprlova-jama\/thumbs\/thumbs_skamprlova_christian2_1200.jpg\"\n                    width=\"100\"\n                    height=\"75\"\n                    style=\"max-width:100%;\"\n                \/>\n            <\/a>\n        <\/div>\n\t\t\t\t\t\t\t<\/div> \n\t\t\t\n\t\t\t\t<div id=\"ngg-image-2\" class=\"ngg-gallery-thumbnail-box \" >\n\t\t\t\t        <div class=\"ngg-gallery-thumbnail\">\n            <a href=\"https:\/\/www.byter.de\/wordpress\/wp-content\/gallery\/slowenien-skamprlova-jama\/skamprlova_christian3_1000h.jpg\"\n               title=\"Christian relaxt - und staunt!\"\n               data-src=\"https:\/\/www.byter.de\/wordpress\/wp-content\/gallery\/slowenien-skamprlova-jama\/skamprlova_christian3_1000h.jpg\"\n               data-thumbnail=\"https:\/\/www.byter.de\/wordpress\/wp-content\/gallery\/slowenien-skamprlova-jama\/thumbs\/thumbs_skamprlova_christian3_1000h.jpg\"\n               data-image-id=\"762\"\n               data-title=\"skamprlova_christian3_1000h\"\n               data-description=\"Christian relaxt - und staunt!\"\n               data-image-slug=\"skamprlova_christian3_1000h\"\n               class=\"ngg-fancybox\" rel=\"554410577f7cb017fa8a71279a7d72bc\">\n                <img\n                    title=\"skamprlova_christian3_1000h\"\n                    alt=\"skamprlova_christian3_1000h\"\n                    src=\"https:\/\/www.byter.de\/wordpress\/wp-content\/gallery\/slowenien-skamprlova-jama\/thumbs\/thumbs_skamprlova_christian3_1000h.jpg\"\n                    width=\"100\"\n                    height=\"75\"\n                    style=\"max-width:100%;\"\n                \/>\n            <\/a>\n        <\/div>\n\t\t\t\t\t\t\t<\/div> \n\t\t\t\n\t\t\t\t<div id=\"ngg-image-3\" class=\"ngg-gallery-thumbnail-box \" >\n\t\t\t\t        <div class=\"ngg-gallery-thumbnail\">\n            <a href=\"https:\/\/www.byter.de\/wordpress\/wp-content\/gallery\/slowenien-skamprlova-jama\/skamprlova_christina1_1200.jpg\"\n               title=\"Noch mehr davon :)\"\n               data-src=\"https:\/\/www.byter.de\/wordpress\/wp-content\/gallery\/slowenien-skamprlova-jama\/skamprlova_christina1_1200.jpg\"\n               data-thumbnail=\"https:\/\/www.byter.de\/wordpress\/wp-content\/gallery\/slowenien-skamprlova-jama\/thumbs\/thumbs_skamprlova_christina1_1200.jpg\"\n               data-image-id=\"763\"\n               data-title=\"skamprlova_christina1_1200\"\n               data-description=\"Noch mehr davon :)\"\n               data-image-slug=\"skamprlova_christina1_1200\"\n               class=\"ngg-fancybox\" rel=\"554410577f7cb017fa8a71279a7d72bc\">\n                <img\n                    title=\"skamprlova_christina1_1200\"\n                    alt=\"skamprlova_christina1_1200\"\n                    src=\"https:\/\/www.byter.de\/wordpress\/wp-content\/gallery\/slowenien-skamprlova-jama\/thumbs\/thumbs_skamprlova_christina1_1200.jpg\"\n                    width=\"100\"\n                    height=\"75\"\n                    style=\"max-width:100%;\"\n                \/>\n            <\/a>\n        <\/div>\n\t\t\t\t\t\t\t<\/div> \n\t\t\t\n\t\t\t\t<div id=\"ngg-image-4\" class=\"ngg-gallery-thumbnail-box \" >\n\t\t\t\t        <div class=\"ngg-gallery-thumbnail\">\n            <a href=\"https:\/\/www.byter.de\/wordpress\/wp-content\/gallery\/slowenien-skamprlova-jama\/skamprlova_halle1_1100h.jpg\"\n               title=\"Gro\u00dfe Halle\"\n               data-src=\"https:\/\/www.byter.de\/wordpress\/wp-content\/gallery\/slowenien-skamprlova-jama\/skamprlova_halle1_1100h.jpg\"\n               data-thumbnail=\"https:\/\/www.byter.de\/wordpress\/wp-content\/gallery\/slowenien-skamprlova-jama\/thumbs\/thumbs_skamprlova_halle1_1100h.jpg\"\n               data-image-id=\"765\"\n               data-title=\"skamprlova_halle1_1100h\"\n               data-description=\"Gro\u00dfe Halle\"\n               data-image-slug=\"skamprlova_halle1_1100h\"\n               class=\"ngg-fancybox\" rel=\"554410577f7cb017fa8a71279a7d72bc\">\n                <img\n                    title=\"skamprlova_halle1_1100h\"\n                    alt=\"skamprlova_halle1_1100h\"\n                    src=\"https:\/\/www.byter.de\/wordpress\/wp-content\/gallery\/slowenien-skamprlova-jama\/thumbs\/thumbs_skamprlova_halle1_1100h.jpg\"\n                    width=\"100\"\n                    height=\"75\"\n                    style=\"max-width:100%;\"\n                \/>\n            <\/a>\n        <\/div>\n\t\t\t\t\t\t\t<\/div> \n\t\t\t\n\t\t\t\t<div id=\"ngg-image-5\" class=\"ngg-gallery-thumbnail-box \" >\n\t\t\t\t        <div class=\"ngg-gallery-thumbnail\">\n            <a href=\"https:\/\/www.byter.de\/wordpress\/wp-content\/gallery\/slowenien-skamprlova-jama\/skamprlova_halle3_1200.jpg\"\n               title=\"In der unteren Gallerie\"\n               data-src=\"https:\/\/www.byter.de\/wordpress\/wp-content\/gallery\/slowenien-skamprlova-jama\/skamprlova_halle3_1200.jpg\"\n               data-thumbnail=\"https:\/\/www.byter.de\/wordpress\/wp-content\/gallery\/slowenien-skamprlova-jama\/thumbs\/thumbs_skamprlova_halle3_1200.jpg\"\n               data-image-id=\"767\"\n               data-title=\"skamprlova_halle3_1200\"\n               data-description=\"In der unteren Gallerie\"\n               data-image-slug=\"skamprlova_halle3_1200\"\n               class=\"ngg-fancybox\" rel=\"554410577f7cb017fa8a71279a7d72bc\">\n                <img\n                    title=\"skamprlova_halle3_1200\"\n                    alt=\"skamprlova_halle3_1200\"\n                    src=\"https:\/\/www.byter.de\/wordpress\/wp-content\/gallery\/slowenien-skamprlova-jama\/thumbs\/thumbs_skamprlova_halle3_1200.jpg\"\n                    width=\"100\"\n                    height=\"75\"\n                    style=\"max-width:100%;\"\n                \/>\n            <\/a>\n        <\/div>\n\t\t\t\t\t\t\t<\/div> \n\t\t\t\n\t\t\t\t<div id=\"ngg-image-6\" class=\"ngg-gallery-thumbnail-box \" >\n\t\t\t\t        <div class=\"ngg-gallery-thumbnail\">\n            <a href=\"https:\/\/www.byter.de\/wordpress\/wp-content\/gallery\/slowenien-skamprlova-jama\/skamprlova_halle4_1200.jpg\"\n               title=\"Sch\u00f6n :o)\"\n               data-src=\"https:\/\/www.byter.de\/wordpress\/wp-content\/gallery\/slowenien-skamprlova-jama\/skamprlova_halle4_1200.jpg\"\n               data-thumbnail=\"https:\/\/www.byter.de\/wordpress\/wp-content\/gallery\/slowenien-skamprlova-jama\/thumbs\/thumbs_skamprlova_halle4_1200.jpg\"\n               data-image-id=\"768\"\n               data-title=\"skamprlova_halle4_1200\"\n               data-description=\"Sch\u00f6n :o)\"\n               data-image-slug=\"skamprlova_halle4_1200\"\n               class=\"ngg-fancybox\" rel=\"554410577f7cb017fa8a71279a7d72bc\">\n                <img\n                    title=\"skamprlova_halle4_1200\"\n                    alt=\"skamprlova_halle4_1200\"\n                    src=\"https:\/\/www.byter.de\/wordpress\/wp-content\/gallery\/slowenien-skamprlova-jama\/thumbs\/thumbs_skamprlova_halle4_1200.jpg\"\n                    width=\"100\"\n                    height=\"75\"\n                    style=\"max-width:100%;\"\n                \/>\n            <\/a>\n        <\/div>\n\t\t\t\t\t\t\t<\/div> \n\t\t\t\n\t\t\t\t<div id=\"ngg-image-7\" class=\"ngg-gallery-thumbnail-box \" >\n\t\t\t\t        <div class=\"ngg-gallery-thumbnail\">\n            <a href=\"https:\/\/www.byter.de\/wordpress\/wp-content\/gallery\/slowenien-skamprlova-jama\/skamprlova_jens_tropfstein1_1000h.jpg\"\n               title=\"Riesentropfstein\"\n               data-src=\"https:\/\/www.byter.de\/wordpress\/wp-content\/gallery\/slowenien-skamprlova-jama\/skamprlova_jens_tropfstein1_1000h.jpg\"\n               data-thumbnail=\"https:\/\/www.byter.de\/wordpress\/wp-content\/gallery\/slowenien-skamprlova-jama\/thumbs\/thumbs_skamprlova_jens_tropfstein1_1000h.jpg\"\n               data-image-id=\"769\"\n               data-title=\"skamprlova_jens_tropfstein1_1000h\"\n               data-description=\"Riesentropfstein\"\n               data-image-slug=\"skamprlova_jens_tropfstein1_1000h\"\n               class=\"ngg-fancybox\" rel=\"554410577f7cb017fa8a71279a7d72bc\">\n                <img\n                    title=\"skamprlova_jens_tropfstein1_1000h\"\n                    alt=\"skamprlova_jens_tropfstein1_1000h\"\n                    src=\"https:\/\/www.byter.de\/wordpress\/wp-content\/gallery\/slowenien-skamprlova-jama\/thumbs\/thumbs_skamprlova_jens_tropfstein1_1000h.jpg\"\n                    width=\"100\"\n                    height=\"75\"\n                    style=\"max-width:100%;\"\n                \/>\n            <\/a>\n        <\/div>\n\t\t\t\t\t\t\t<\/div> \n\t\t\t\n\t\t\t\t<div id=\"ngg-image-8\" class=\"ngg-gallery-thumbnail-box \" >\n\t\t\t\t        <div class=\"ngg-gallery-thumbnail\">\n            <a href=\"https:\/\/www.byter.de\/wordpress\/wp-content\/gallery\/slowenien-skamprlova-jama\/Skamprlova_ChristianEng1_900.jpg\"\n               title=\"Da w\u00e4re er fast nicht wieder rausgekommen :)\"\n               data-src=\"https:\/\/www.byter.de\/wordpress\/wp-content\/gallery\/slowenien-skamprlova-jama\/Skamprlova_ChristianEng1_900.jpg\"\n               data-thumbnail=\"https:\/\/www.byter.de\/wordpress\/wp-content\/gallery\/slowenien-skamprlova-jama\/thumbs\/thumbs_Skamprlova_ChristianEng1_900.jpg\"\n               data-image-id=\"770\"\n               data-title=\"Skamprlova_ChristianEng1_900\"\n               data-description=\"Da w\u00e4re er fast nicht wieder rausgekommen :)\"\n               data-image-slug=\"skamprlova_christianeng1_900\"\n               class=\"ngg-fancybox\" rel=\"554410577f7cb017fa8a71279a7d72bc\">\n                <img\n                    title=\"Skamprlova_ChristianEng1_900\"\n                    alt=\"Skamprlova_ChristianEng1_900\"\n                    src=\"https:\/\/www.byter.de\/wordpress\/wp-content\/gallery\/slowenien-skamprlova-jama\/thumbs\/thumbs_Skamprlova_ChristianEng1_900.jpg\"\n                    width=\"100\"\n                    height=\"75\"\n                    style=\"max-width:100%;\"\n                \/>\n            <\/a>\n        <\/div>\n\t\t\t\t\t\t\t<\/div> \n\t\t\t\n\t\t\t\t<div id=\"ngg-image-9\" class=\"ngg-gallery-thumbnail-box \" >\n\t\t\t\t        <div class=\"ngg-gallery-thumbnail\">\n            <a href=\"https:\/\/www.byter.de\/wordpress\/wp-content\/gallery\/slowenien-skamprlova-jama\/Skamprlova_KletterAction_1000h.jpg\"\n               title=\"Kletteraction unterwegs...\"\n               data-src=\"https:\/\/www.byter.de\/wordpress\/wp-content\/gallery\/slowenien-skamprlova-jama\/Skamprlova_KletterAction_1000h.jpg\"\n               data-thumbnail=\"https:\/\/www.byter.de\/wordpress\/wp-content\/gallery\/slowenien-skamprlova-jama\/thumbs\/thumbs_Skamprlova_KletterAction_1000h.jpg\"\n               data-image-id=\"783\"\n               data-title=\"Skamprlova_KletterAction_1000h\"\n               data-description=\"Kletteraction unterwegs...\"\n               data-image-slug=\"skamprlova_kletteraction_1000h\"\n               class=\"ngg-fancybox\" rel=\"554410577f7cb017fa8a71279a7d72bc\">\n                <img\n                    title=\"Skamprlova_KletterAction_1000h\"\n                    alt=\"Skamprlova_KletterAction_1000h\"\n                    src=\"https:\/\/www.byter.de\/wordpress\/wp-content\/gallery\/slowenien-skamprlova-jama\/thumbs\/thumbs_Skamprlova_KletterAction_1000h.jpg\"\n                    width=\"100\"\n                    height=\"75\"\n                    style=\"max-width:100%;\"\n                \/>\n            <\/a>\n        <\/div>\n\t\t\t\t\t\t\t<\/div> \n\t\t\t\n\t\t\t\t<div id=\"ngg-image-10\" class=\"ngg-gallery-thumbnail-box \" >\n\t\t\t\t        <div class=\"ngg-gallery-thumbnail\">\n            <a href=\"https:\/\/www.byter.de\/wordpress\/wp-content\/gallery\/slowenien-skamprlova-jama\/Skamprlova_JensAction1_1100.jpg\"\n               title=\"Kleine H\u00fcrden unterwegs...\"\n               data-src=\"https:\/\/www.byter.de\/wordpress\/wp-content\/gallery\/slowenien-skamprlova-jama\/Skamprlova_JensAction1_1100.jpg\"\n               data-thumbnail=\"https:\/\/www.byter.de\/wordpress\/wp-content\/gallery\/slowenien-skamprlova-jama\/thumbs\/thumbs_Skamprlova_JensAction1_1100.jpg\"\n               data-image-id=\"771\"\n               data-title=\"Skamprlova_JensAction1_1100\"\n               data-description=\"Kleine H\u00fcrden unterwegs...\"\n               data-image-slug=\"skamprlova_jensaction1_1100\"\n               class=\"ngg-fancybox\" rel=\"554410577f7cb017fa8a71279a7d72bc\">\n                <img\n                    title=\"Skamprlova_JensAction1_1100\"\n                    alt=\"Skamprlova_JensAction1_1100\"\n                    src=\"https:\/\/www.byter.de\/wordpress\/wp-content\/gallery\/slowenien-skamprlova-jama\/thumbs\/thumbs_Skamprlova_JensAction1_1100.jpg\"\n                    width=\"100\"\n                    height=\"75\"\n                    style=\"max-width:100%;\"\n                \/>\n            <\/a>\n        <\/div>\n\t\t\t\t\t\t\t<\/div> \n\t\t\t\n\t\t\t\t<div id=\"ngg-image-11\" class=\"ngg-gallery-thumbnail-box \" >\n\t\t\t\t        <div class=\"ngg-gallery-thumbnail\">\n            <a href=\"https:\/\/www.byter.de\/wordpress\/wp-content\/gallery\/slowenien-skamprlova-jama\/Skamprlova_MaikAction1_1000.jpg\"\n               title=\"Mail beim Abseilen...\"\n               data-src=\"https:\/\/www.byter.de\/wordpress\/wp-content\/gallery\/slowenien-skamprlova-jama\/Skamprlova_MaikAction1_1000.jpg\"\n               data-thumbnail=\"https:\/\/www.byter.de\/wordpress\/wp-content\/gallery\/slowenien-skamprlova-jama\/thumbs\/thumbs_Skamprlova_MaikAction1_1000.jpg\"\n               data-image-id=\"772\"\n               data-title=\"Skamprlova_MaikAction1_1000\"\n               data-description=\"Mail beim Abseilen...\"\n               data-image-slug=\"skamprlova_maikaction1_1000\"\n               class=\"ngg-fancybox\" rel=\"554410577f7cb017fa8a71279a7d72bc\">\n                <img\n                    title=\"Skamprlova_MaikAction1_1000\"\n                    alt=\"Skamprlova_MaikAction1_1000\"\n                    src=\"https:\/\/www.byter.de\/wordpress\/wp-content\/gallery\/slowenien-skamprlova-jama\/thumbs\/thumbs_Skamprlova_MaikAction1_1000.jpg\"\n                    width=\"100\"\n                    height=\"75\"\n                    style=\"max-width:100%;\"\n                \/>\n            <\/a>\n        <\/div>\n\t\t\t\t\t\t\t<\/div> \n\t\t\t\n\t\t\t\t<div id=\"ngg-image-12\" class=\"ngg-gallery-thumbnail-box \" >\n\t\t\t\t        <div class=\"ngg-gallery-thumbnail\">\n            <a href=\"https:\/\/www.byter.de\/wordpress\/wp-content\/gallery\/slowenien-skamprlova-jama\/skamprlova_halle2_1100h.jpg\"\n               title=\"Gigantisch...\"\n               data-src=\"https:\/\/www.byter.de\/wordpress\/wp-content\/gallery\/slowenien-skamprlova-jama\/skamprlova_halle2_1100h.jpg\"\n               data-thumbnail=\"https:\/\/www.byter.de\/wordpress\/wp-content\/gallery\/slowenien-skamprlova-jama\/thumbs\/thumbs_skamprlova_halle2_1100h.jpg\"\n               data-image-id=\"766\"\n               data-title=\"skamprlova_halle2_1100h\"\n               data-description=\"Gigantisch...\"\n               data-image-slug=\"skamprlova_halle2_1100h\"\n               class=\"ngg-fancybox\" rel=\"554410577f7cb017fa8a71279a7d72bc\">\n                <img\n                    title=\"skamprlova_halle2_1100h\"\n                    alt=\"skamprlova_halle2_1100h\"\n                    src=\"https:\/\/www.byter.de\/wordpress\/wp-content\/gallery\/slowenien-skamprlova-jama\/thumbs\/thumbs_skamprlova_halle2_1100h.jpg\"\n                    width=\"100\"\n                    height=\"75\"\n                    style=\"max-width:100%;\"\n                \/>\n            <\/a>\n        <\/div>\n\t\t\t\t\t\t\t<\/div> \n\t\t\t\n\t\t\t\t<div id=\"ngg-image-13\" class=\"ngg-gallery-thumbnail-box \" >\n\t\t\t\t        <div class=\"ngg-gallery-thumbnail\">\n            <a href=\"https:\/\/www.byter.de\/wordpress\/wp-content\/gallery\/slowenien-skamprlova-jama\/skamprlova_gruppenbild_1200.jpg\"\n               title=\"Gruppenbild in der Skamprlova Jama\"\n               data-src=\"https:\/\/www.byter.de\/wordpress\/wp-content\/gallery\/slowenien-skamprlova-jama\/skamprlova_gruppenbild_1200.jpg\"\n               data-thumbnail=\"https:\/\/www.byter.de\/wordpress\/wp-content\/gallery\/slowenien-skamprlova-jama\/thumbs\/thumbs_skamprlova_gruppenbild_1200.jpg\"\n               data-image-id=\"764\"\n               data-title=\"skamprlova_gruppenbild_1200\"\n               data-description=\"Gruppenbild in der Skamprlova Jama\"\n               data-image-slug=\"skamprlova_gruppenbild_1200\"\n               class=\"ngg-fancybox\" rel=\"554410577f7cb017fa8a71279a7d72bc\">\n                <img\n                    title=\"skamprlova_gruppenbild_1200\"\n                    alt=\"skamprlova_gruppenbild_1200\"\n                    src=\"https:\/\/www.byter.de\/wordpress\/wp-content\/gallery\/slowenien-skamprlova-jama\/thumbs\/thumbs_skamprlova_gruppenbild_1200.jpg\"\n                    width=\"100\"\n                    height=\"75\"\n                    style=\"max-width:100%;\"\n                \/>\n            <\/a>\n        <\/div>\n\t\t\t\t\t\t\t<\/div> \n\t\t\t\n\t\n\t<br style=\"clear: both\" \/>\n\n\t\n\t\t<!-- Pagination -->\n\t<div class='ngg-clear'><\/div>\t<\/div>\n<\/p>\n<p style=\"text-align: center;\"><span style=\"color: #ffffff;\">.<\/span><\/p>\n<p>Am dritten Tag ging es ins nahe gelegene Italien &#8211; die <em>Grotta di Ternovizza<\/em> war unser n\u00e4chster Programmpunkt. Nach einer kleinen, aber dank der ganzen zu transportierenden Ausr\u00fcstung doch recht anstrengenden Wanderung von knapp 30 Minuten pr\u00e4sentiert sich der H\u00f6hleneingang erst mal sehr komfortabel: eine alte Treppe f\u00fchrt hinab in einen ger\u00e4umigen Eingangsbereich mit Mauer- und Betonresten. Hier f\u00fchrt zun\u00e4chst ein Seitengang in einen H\u00f6hlenteil, der wohl im 1. Weltkrieg als Munitionslager genutzt wurde&#8230;\u00a0 Unser Ziel lag aber deutlich tiefer, insgesamt ging es gut 95m abw\u00e4rts bis zum tiefsten Punkt. Auch hier gab es einiges zu bestaunen und zu fotografieren:<\/p>\n<p style=\"text-align: center;\"><!-- default-view.php -->\n<div\n\tclass=\"ngg-galleryoverview default-view \"\n\tid=\"ngg-gallery-4fde2fee46130cea9259f8a0ec9b06c8-1\">\n\n\t\t<!-- Thumbnails -->\n\t\t\t\t<div id=\"ngg-image-0\" class=\"ngg-gallery-thumbnail-box \" >\n\t\t\t\t        <div class=\"ngg-gallery-thumbnail\">\n            <a href=\"https:\/\/www.byter.de\/wordpress\/wp-content\/gallery\/italien-grotta-di-ternoviza\/Ternovizza_Halle1_1200.jpg\"\n               title=\"Riesenformation in der Ternovizza\"\n               data-src=\"https:\/\/www.byter.de\/wordpress\/wp-content\/gallery\/italien-grotta-di-ternoviza\/Ternovizza_Halle1_1200.jpg\"\n               data-thumbnail=\"https:\/\/www.byter.de\/wordpress\/wp-content\/gallery\/italien-grotta-di-ternoviza\/thumbs\/thumbs_Ternovizza_Halle1_1200.jpg\"\n               data-image-id=\"774\"\n               data-title=\"Ternovizza_Halle1_1200\"\n               data-description=\"Riesenformation in der Ternovizza\"\n               data-image-slug=\"ternovizza_halle1_1200\"\n               class=\"ngg-fancybox\" rel=\"4fde2fee46130cea9259f8a0ec9b06c8\">\n                <img\n                    title=\"Ternovizza_Halle1_1200\"\n                    alt=\"Ternovizza_Halle1_1200\"\n                    src=\"https:\/\/www.byter.de\/wordpress\/wp-content\/gallery\/italien-grotta-di-ternoviza\/thumbs\/thumbs_Ternovizza_Halle1_1200.jpg\"\n                    width=\"100\"\n                    height=\"75\"\n                    style=\"max-width:100%;\"\n                \/>\n            <\/a>\n        <\/div>\n\t\t\t\t\t\t\t<\/div> \n\t\t\t\n\t\t\t\t<div id=\"ngg-image-1\" class=\"ngg-gallery-thumbnail-box \" >\n\t\t\t\t        <div class=\"ngg-gallery-thumbnail\">\n            <a href=\"https:\/\/www.byter.de\/wordpress\/wp-content\/gallery\/italien-grotta-di-ternoviza\/Ternovizza_Halle2_1200.jpg\"\n               title=\"Gigantische Tropfsteine wohin man schaut...\"\n               data-src=\"https:\/\/www.byter.de\/wordpress\/wp-content\/gallery\/italien-grotta-di-ternoviza\/Ternovizza_Halle2_1200.jpg\"\n               data-thumbnail=\"https:\/\/www.byter.de\/wordpress\/wp-content\/gallery\/italien-grotta-di-ternoviza\/thumbs\/thumbs_Ternovizza_Halle2_1200.jpg\"\n               data-image-id=\"775\"\n               data-title=\"Ternovizza_Halle2_1200\"\n               data-description=\"Gigantische Tropfsteine wohin man schaut...\"\n               data-image-slug=\"ternovizza_halle2_1200\"\n               class=\"ngg-fancybox\" rel=\"4fde2fee46130cea9259f8a0ec9b06c8\">\n                <img\n                    title=\"Ternovizza_Halle2_1200\"\n                    alt=\"Ternovizza_Halle2_1200\"\n                    src=\"https:\/\/www.byter.de\/wordpress\/wp-content\/gallery\/italien-grotta-di-ternoviza\/thumbs\/thumbs_Ternovizza_Halle2_1200.jpg\"\n                    width=\"100\"\n                    height=\"75\"\n                    style=\"max-width:100%;\"\n                \/>\n            <\/a>\n        <\/div>\n\t\t\t\t\t\t\t<\/div> \n\t\t\t\n\t\t\t\t<div id=\"ngg-image-2\" class=\"ngg-gallery-thumbnail-box \" >\n\t\t\t\t        <div class=\"ngg-gallery-thumbnail\">\n            <a href=\"https:\/\/www.byter.de\/wordpress\/wp-content\/gallery\/italien-grotta-di-ternoviza\/Ternovizza_Halle3_1200.jpg\"\n               title=\"Noch mehr...\"\n               data-src=\"https:\/\/www.byter.de\/wordpress\/wp-content\/gallery\/italien-grotta-di-ternoviza\/Ternovizza_Halle3_1200.jpg\"\n               data-thumbnail=\"https:\/\/www.byter.de\/wordpress\/wp-content\/gallery\/italien-grotta-di-ternoviza\/thumbs\/thumbs_Ternovizza_Halle3_1200.jpg\"\n               data-image-id=\"776\"\n               data-title=\"Ternovizza_Halle3_1200\"\n               data-description=\"Noch mehr...\"\n               data-image-slug=\"ternovizza_halle3_1200\"\n               class=\"ngg-fancybox\" rel=\"4fde2fee46130cea9259f8a0ec9b06c8\">\n                <img\n                    title=\"Ternovizza_Halle3_1200\"\n                    alt=\"Ternovizza_Halle3_1200\"\n                    src=\"https:\/\/www.byter.de\/wordpress\/wp-content\/gallery\/italien-grotta-di-ternoviza\/thumbs\/thumbs_Ternovizza_Halle3_1200.jpg\"\n                    width=\"100\"\n                    height=\"75\"\n                    style=\"max-width:100%;\"\n                \/>\n            <\/a>\n        <\/div>\n\t\t\t\t\t\t\t<\/div> \n\t\t\t\n\t\t\t\t<div id=\"ngg-image-3\" class=\"ngg-gallery-thumbnail-box \" >\n\t\t\t\t        <div class=\"ngg-gallery-thumbnail\">\n            <a href=\"https:\/\/www.byter.de\/wordpress\/wp-content\/gallery\/italien-grotta-di-ternoviza\/Ternovizza_Halle4_1200.jpg\"\n               title=\"Leider ein wenig verunstaltet, aber trotzdem sch\u00f6n anzuschauen :)\"\n               data-src=\"https:\/\/www.byter.de\/wordpress\/wp-content\/gallery\/italien-grotta-di-ternoviza\/Ternovizza_Halle4_1200.jpg\"\n               data-thumbnail=\"https:\/\/www.byter.de\/wordpress\/wp-content\/gallery\/italien-grotta-di-ternoviza\/thumbs\/thumbs_Ternovizza_Halle4_1200.jpg\"\n               data-image-id=\"777\"\n               data-title=\"Ternovizza_Halle4_1200\"\n               data-description=\"Leider ein wenig verunstaltet, aber trotzdem sch\u00f6n anzuschauen :)\"\n               data-image-slug=\"ternovizza_halle4_1200\"\n               class=\"ngg-fancybox\" rel=\"4fde2fee46130cea9259f8a0ec9b06c8\">\n                <img\n                    title=\"Ternovizza_Halle4_1200\"\n                    alt=\"Ternovizza_Halle4_1200\"\n                    src=\"https:\/\/www.byter.de\/wordpress\/wp-content\/gallery\/italien-grotta-di-ternoviza\/thumbs\/thumbs_Ternovizza_Halle4_1200.jpg\"\n                    width=\"100\"\n                    height=\"75\"\n                    style=\"max-width:100%;\"\n                \/>\n            <\/a>\n        <\/div>\n\t\t\t\t\t\t\t<\/div> \n\t\t\t\n\t\t\t\t<div id=\"ngg-image-4\" class=\"ngg-gallery-thumbnail-box \" >\n\t\t\t\t        <div class=\"ngg-gallery-thumbnail\">\n            <a href=\"https:\/\/www.byter.de\/wordpress\/wp-content\/gallery\/italien-grotta-di-ternoviza\/Ternovizza_Halle5_1200.jpg\"\n               title=\"Farbspiele\"\n               data-src=\"https:\/\/www.byter.de\/wordpress\/wp-content\/gallery\/italien-grotta-di-ternoviza\/Ternovizza_Halle5_1200.jpg\"\n               data-thumbnail=\"https:\/\/www.byter.de\/wordpress\/wp-content\/gallery\/italien-grotta-di-ternoviza\/thumbs\/thumbs_Ternovizza_Halle5_1200.jpg\"\n               data-image-id=\"778\"\n               data-title=\"Ternovizza_Halle5_1200\"\n               data-description=\"Farbspiele\"\n               data-image-slug=\"ternovizza_halle5_1200\"\n               class=\"ngg-fancybox\" rel=\"4fde2fee46130cea9259f8a0ec9b06c8\">\n                <img\n                    title=\"Ternovizza_Halle5_1200\"\n                    alt=\"Ternovizza_Halle5_1200\"\n                    src=\"https:\/\/www.byter.de\/wordpress\/wp-content\/gallery\/italien-grotta-di-ternoviza\/thumbs\/thumbs_Ternovizza_Halle5_1200.jpg\"\n                    width=\"100\"\n                    height=\"75\"\n                    style=\"max-width:100%;\"\n                \/>\n            <\/a>\n        <\/div>\n\t\t\t\t\t\t\t<\/div> \n\t\t\t\n\t\t\t\t<div id=\"ngg-image-5\" class=\"ngg-gallery-thumbnail-box \" >\n\t\t\t\t        <div class=\"ngg-gallery-thumbnail\">\n            <a href=\"https:\/\/www.byter.de\/wordpress\/wp-content\/gallery\/italien-grotta-di-ternoviza\/Ternovizza_Halle6_1200.jpg\"\n               title=\"Ternovizza\"\n               data-src=\"https:\/\/www.byter.de\/wordpress\/wp-content\/gallery\/italien-grotta-di-ternoviza\/Ternovizza_Halle6_1200.jpg\"\n               data-thumbnail=\"https:\/\/www.byter.de\/wordpress\/wp-content\/gallery\/italien-grotta-di-ternoviza\/thumbs\/thumbs_Ternovizza_Halle6_1200.jpg\"\n               data-image-id=\"779\"\n               data-title=\"Ternovizza_Halle6_1200\"\n               data-description=\"Ternovizza\"\n               data-image-slug=\"ternovizza_halle6_1200\"\n               class=\"ngg-fancybox\" rel=\"4fde2fee46130cea9259f8a0ec9b06c8\">\n                <img\n                    title=\"Ternovizza_Halle6_1200\"\n                    alt=\"Ternovizza_Halle6_1200\"\n                    src=\"https:\/\/www.byter.de\/wordpress\/wp-content\/gallery\/italien-grotta-di-ternoviza\/thumbs\/thumbs_Ternovizza_Halle6_1200.jpg\"\n                    width=\"100\"\n                    height=\"75\"\n                    style=\"max-width:100%;\"\n                \/>\n            <\/a>\n        <\/div>\n\t\t\t\t\t\t\t<\/div> \n\t\t\t\n\t\t\t\t<div id=\"ngg-image-6\" class=\"ngg-gallery-thumbnail-box \" >\n\t\t\t\t        <div class=\"ngg-gallery-thumbnail\">\n            <a href=\"https:\/\/www.byter.de\/wordpress\/wp-content\/gallery\/italien-grotta-di-ternoviza\/Ternovizza_Halle7_Kai_1200.jpg\"\n               title=\"Kai staunt...\"\n               data-src=\"https:\/\/www.byter.de\/wordpress\/wp-content\/gallery\/italien-grotta-di-ternoviza\/Ternovizza_Halle7_Kai_1200.jpg\"\n               data-thumbnail=\"https:\/\/www.byter.de\/wordpress\/wp-content\/gallery\/italien-grotta-di-ternoviza\/thumbs\/thumbs_Ternovizza_Halle7_Kai_1200.jpg\"\n               data-image-id=\"780\"\n               data-title=\"Ternovizza_Halle7_Kai_1200\"\n               data-description=\"Kai staunt...\"\n               data-image-slug=\"ternovizza_halle7_kai_1200\"\n               class=\"ngg-fancybox\" rel=\"4fde2fee46130cea9259f8a0ec9b06c8\">\n                <img\n                    title=\"Ternovizza_Halle7_Kai_1200\"\n                    alt=\"Ternovizza_Halle7_Kai_1200\"\n                    src=\"https:\/\/www.byter.de\/wordpress\/wp-content\/gallery\/italien-grotta-di-ternoviza\/thumbs\/thumbs_Ternovizza_Halle7_Kai_1200.jpg\"\n                    width=\"100\"\n                    height=\"75\"\n                    style=\"max-width:100%;\"\n                \/>\n            <\/a>\n        <\/div>\n\t\t\t\t\t\t\t<\/div> \n\t\t\t\n\t\t\t\t<div id=\"ngg-image-7\" class=\"ngg-gallery-thumbnail-box \" >\n\t\t\t\t        <div class=\"ngg-gallery-thumbnail\">\n            <a href=\"https:\/\/www.byter.de\/wordpress\/wp-content\/gallery\/italien-grotta-di-ternoviza\/Ternovizza_Halle8_1200.jpg\"\n               title=\"Licht und Schatten...\"\n               data-src=\"https:\/\/www.byter.de\/wordpress\/wp-content\/gallery\/italien-grotta-di-ternoviza\/Ternovizza_Halle8_1200.jpg\"\n               data-thumbnail=\"https:\/\/www.byter.de\/wordpress\/wp-content\/gallery\/italien-grotta-di-ternoviza\/thumbs\/thumbs_Ternovizza_Halle8_1200.jpg\"\n               data-image-id=\"781\"\n               data-title=\"Ternovizza_Halle8_1200\"\n               data-description=\"Licht und Schatten...\"\n               data-image-slug=\"ternovizza_halle8_1200\"\n               class=\"ngg-fancybox\" rel=\"4fde2fee46130cea9259f8a0ec9b06c8\">\n                <img\n                    title=\"Ternovizza_Halle8_1200\"\n                    alt=\"Ternovizza_Halle8_1200\"\n                    src=\"https:\/\/www.byter.de\/wordpress\/wp-content\/gallery\/italien-grotta-di-ternoviza\/thumbs\/thumbs_Ternovizza_Halle8_1200.jpg\"\n                    width=\"100\"\n                    height=\"75\"\n                    style=\"max-width:100%;\"\n                \/>\n            <\/a>\n        <\/div>\n\t\t\t\t\t\t\t<\/div> \n\t\t\t\n\t\t\t\t<div id=\"ngg-image-8\" class=\"ngg-gallery-thumbnail-box \" >\n\t\t\t\t        <div class=\"ngg-gallery-thumbnail\">\n            <a href=\"https:\/\/www.byter.de\/wordpress\/wp-content\/gallery\/italien-grotta-di-ternoviza\/Ternovizza_See1_1200.jpg\"\n               title=\"Kleine Seen gab\u00b4s auch\"\n               data-src=\"https:\/\/www.byter.de\/wordpress\/wp-content\/gallery\/italien-grotta-di-ternoviza\/Ternovizza_See1_1200.jpg\"\n               data-thumbnail=\"https:\/\/www.byter.de\/wordpress\/wp-content\/gallery\/italien-grotta-di-ternoviza\/thumbs\/thumbs_Ternovizza_See1_1200.jpg\"\n               data-image-id=\"782\"\n               data-title=\"Ternovizza_See1_1200\"\n               data-description=\"Kleine Seen gab\u00b4s auch\"\n               data-image-slug=\"ternovizza_see1_1200\"\n               class=\"ngg-fancybox\" rel=\"4fde2fee46130cea9259f8a0ec9b06c8\">\n                <img\n                    title=\"Ternovizza_See1_1200\"\n                    alt=\"Ternovizza_See1_1200\"\n                    src=\"https:\/\/www.byter.de\/wordpress\/wp-content\/gallery\/italien-grotta-di-ternoviza\/thumbs\/thumbs_Ternovizza_See1_1200.jpg\"\n                    width=\"100\"\n                    height=\"75\"\n                    style=\"max-width:100%;\"\n                \/>\n            <\/a>\n        <\/div>\n\t\t\t\t\t\t\t<\/div> \n\t\t\t\n\t\t\t\t<div id=\"ngg-image-9\" class=\"ngg-gallery-thumbnail-box \" >\n\t\t\t\t        <div class=\"ngg-gallery-thumbnail\">\n            <a href=\"https:\/\/www.byter.de\/wordpress\/wp-content\/gallery\/italien-grotta-di-ternoviza\/Ternovizza_Gruppenbild_1200.jpg\"\n               title=\"Gruppenbild in der Grotta di Ternovizza\"\n               data-src=\"https:\/\/www.byter.de\/wordpress\/wp-content\/gallery\/italien-grotta-di-ternoviza\/Ternovizza_Gruppenbild_1200.jpg\"\n               data-thumbnail=\"https:\/\/www.byter.de\/wordpress\/wp-content\/gallery\/italien-grotta-di-ternoviza\/thumbs\/thumbs_Ternovizza_Gruppenbild_1200.jpg\"\n               data-image-id=\"773\"\n               data-title=\"Ternovizza_Gruppenbild_1200\"\n               data-description=\"Gruppenbild in der Grotta di Ternovizza\"\n               data-image-slug=\"ternovizza_gruppenbild_1200\"\n               class=\"ngg-fancybox\" rel=\"4fde2fee46130cea9259f8a0ec9b06c8\">\n                <img\n                    title=\"Ternovizza_Gruppenbild_1200\"\n                    alt=\"Ternovizza_Gruppenbild_1200\"\n                    src=\"https:\/\/www.byter.de\/wordpress\/wp-content\/gallery\/italien-grotta-di-ternoviza\/thumbs\/thumbs_Ternovizza_Gruppenbild_1200.jpg\"\n                    width=\"100\"\n                    height=\"75\"\n                    style=\"max-width:100%;\"\n                \/>\n            <\/a>\n        <\/div>\n\t\t\t\t\t\t\t<\/div> \n\t\t\t\n\t\n\t<br style=\"clear: both\" \/>\n\n\t\n\t\t<!-- Pagination -->\n\t<div class='ngg-clear'><\/div>\t<\/div>\n<\/p>\n<p style=\"text-align: center;\"><span style=\"color: #ffffff;\">.<\/span><\/p>\n<p>Der 4. und 6. Tag f\u00fchrte uns zur gewaltigen <em>Kacna Jama<\/em>, mit der wir aus dem Vorjahr noch eine Rechnung offen hatten.\u00a0 Unser Plan war, an diesem Tag alle Seilstrecken des insgesamt 250m tiefen (!) Einstiegsschachts einzubauen, anschlie\u00dfend einen Tag zu pausieren und dann mit dem bis dahin vollst\u00e4ndigen Team (zwei Teammitglieder sollten noch dazu sto\u00dfen) am darauffolgenden Tag abzusteigen.\u00a0 Leider haben wir die <em>Kacna Jama<\/em> erneut untersch\u00e4tzt &#8211; der Seileinbau gestaltete sich ziemlich schwierig und die gewaltige Tiefe und Dimension der H\u00f6hle forderte dem ein oder anderen aus dem Team doch einen enormen Respekt ab. Kurzum: Einige von uns (mich eingeschlossen) erkannten hier ihre Grenzen und wir beschlossen schlie\u00dflich am 6. Tag, auch diesmal nicht bis auf den Grund vorzusto\u00dfen &#8211; der Fuchsbau markierte das Ende des diesj\u00e4hrigen Versuchs&#8230;<\/p>\n<p style=\"text-align: center;\"><a href=\"https:\/\/www.byter.de\/wordpress\/wp-content\/uploads\/2015\/04\/Wulf_Fuchsbau_500.jpg\"><img decoding=\"async\" loading=\"lazy\" class=\"aligncenter size-full wp-image-1212\" src=\"https:\/\/www.byter.de\/wordpress\/wp-content\/uploads\/2015\/04\/Wulf_Fuchsbau_500.jpg\" alt=\"Wulf_Fuchsbau_500\" width=\"500\" height=\"375\" srcset=\"https:\/\/www.byter.de\/wordpress\/wp-content\/uploads\/2015\/04\/Wulf_Fuchsbau_500.jpg 500w, https:\/\/www.byter.de\/wordpress\/wp-content\/uploads\/2015\/04\/Wulf_Fuchsbau_500-300x225.jpg 300w\" sizes=\"(max-width: 500px) 100vw, 500px\" \/><\/a><!-- default-view.php -->\n<div\n\tclass=\"ngg-galleryoverview default-view \"\n\tid=\"ngg-gallery-2e14ec28af9c5132300063c7d2310dfb-1\">\n\n\t\t<!-- Thumbnails -->\n\t\t\t\t<div id=\"ngg-image-0\" class=\"ngg-gallery-thumbnail-box \" >\n\t\t\t\t        <div class=\"ngg-gallery-thumbnail\">\n            <a href=\"https:\/\/www.byter.de\/wordpress\/wp-content\/gallery\/slowenien-kacna-jama\/Kai_Abgrund_1Absatz_1000.jpg\"\n               title=\"Kai \u00fcber dem Abgrund der Kacna Jama\"\n               data-src=\"https:\/\/www.byter.de\/wordpress\/wp-content\/gallery\/slowenien-kacna-jama\/Kai_Abgrund_1Absatz_1000.jpg\"\n               data-thumbnail=\"https:\/\/www.byter.de\/wordpress\/wp-content\/gallery\/slowenien-kacna-jama\/thumbs\/thumbs_Kai_Abgrund_1Absatz_1000.jpg\"\n               data-image-id=\"812\"\n               data-title=\"Kai_Abgrund_1Absatz_1000\"\n               data-description=\"Kai \u00fcber dem Abgrund der Kacna Jama\"\n               data-image-slug=\"kai_abgrund_1absatz_1000\"\n               class=\"ngg-fancybox\" rel=\"2e14ec28af9c5132300063c7d2310dfb\">\n                <img\n                    title=\"Kai_Abgrund_1Absatz_1000\"\n                    alt=\"Kai_Abgrund_1Absatz_1000\"\n                    src=\"https:\/\/www.byter.de\/wordpress\/wp-content\/gallery\/slowenien-kacna-jama\/thumbs\/thumbs_Kai_Abgrund_1Absatz_1000.jpg\"\n                    width=\"100\"\n                    height=\"75\"\n                    style=\"max-width:100%;\"\n                \/>\n            <\/a>\n        <\/div>\n\t\t\t\t\t\t\t<\/div> \n\t\t\t\n\t\t\t\t<div id=\"ngg-image-1\" class=\"ngg-gallery-thumbnail-box \" >\n\t\t\t\t        <div class=\"ngg-gallery-thumbnail\">\n            <a href=\"https:\/\/www.byter.de\/wordpress\/wp-content\/gallery\/slowenien-kacna-jama\/Markus_Strecke1_1000.jpg\"\n               title=\"Blick nach oben vom ersten Plateau auf ca. -30m\"\n               data-src=\"https:\/\/www.byter.de\/wordpress\/wp-content\/gallery\/slowenien-kacna-jama\/Markus_Strecke1_1000.jpg\"\n               data-thumbnail=\"https:\/\/www.byter.de\/wordpress\/wp-content\/gallery\/slowenien-kacna-jama\/thumbs\/thumbs_Markus_Strecke1_1000.jpg\"\n               data-image-id=\"813\"\n               data-title=\"Markus_Strecke1_1000\"\n               data-description=\"Blick nach oben vom ersten Plateau auf ca. -30m\"\n               data-image-slug=\"markus_strecke1_1000\"\n               class=\"ngg-fancybox\" rel=\"2e14ec28af9c5132300063c7d2310dfb\">\n                <img\n                    title=\"Markus_Strecke1_1000\"\n                    alt=\"Markus_Strecke1_1000\"\n                    src=\"https:\/\/www.byter.de\/wordpress\/wp-content\/gallery\/slowenien-kacna-jama\/thumbs\/thumbs_Markus_Strecke1_1000.jpg\"\n                    width=\"100\"\n                    height=\"75\"\n                    style=\"max-width:100%;\"\n                \/>\n            <\/a>\n        <\/div>\n\t\t\t\t\t\t\t<\/div> \n\t\t\t\n\t\t\t\t<div id=\"ngg-image-2\" class=\"ngg-gallery-thumbnail-box \" >\n\t\t\t\t        <div class=\"ngg-gallery-thumbnail\">\n            <a href=\"https:\/\/www.byter.de\/wordpress\/wp-content\/gallery\/slowenien-kacna-jama\/Wulf_Fuchsbau_1000.jpg\"\n               title=\"Wulf am Fuchsbau\"\n               data-src=\"https:\/\/www.byter.de\/wordpress\/wp-content\/gallery\/slowenien-kacna-jama\/Wulf_Fuchsbau_1000.jpg\"\n               data-thumbnail=\"https:\/\/www.byter.de\/wordpress\/wp-content\/gallery\/slowenien-kacna-jama\/thumbs\/thumbs_Wulf_Fuchsbau_1000.jpg\"\n               data-image-id=\"814\"\n               data-title=\"Wulf_Fuchsbau_1000\"\n               data-description=\"Wulf am Fuchsbau\"\n               data-image-slug=\"wulf_fuchsbau_1000\"\n               class=\"ngg-fancybox\" rel=\"2e14ec28af9c5132300063c7d2310dfb\">\n                <img\n                    title=\"Wulf_Fuchsbau_1000\"\n                    alt=\"Wulf_Fuchsbau_1000\"\n                    src=\"https:\/\/www.byter.de\/wordpress\/wp-content\/gallery\/slowenien-kacna-jama\/thumbs\/thumbs_Wulf_Fuchsbau_1000.jpg\"\n                    width=\"100\"\n                    height=\"75\"\n                    style=\"max-width:100%;\"\n                \/>\n            <\/a>\n        <\/div>\n\t\t\t\t\t\t\t<\/div> \n\t\t\t\n\t\n\t<br style=\"clear: both\" \/>\n\n\t\n\t\t<!-- Pagination -->\n\t<div class='ngg-clear'><\/div>\t<\/div>\n<\/p>\n<p>&nbsp;<\/p>\n<p>Am 5. Tag besuchten wir die <em>Planinska Jama<\/em>: ein der gr\u00f6\u00dften aktiven Wasserh\u00f6hlen Sloweniens, die bekannt und ber\u00fchmt ist durch die\u00a0 hier lebenden <a href=\"http:\/\/de.wikipedia.org\/wiki\/Grottenolm\" target=\"_blank\">Grottenolme<\/a>, die man in freier Wildbahn bewundern kann.\u00a0 Die H\u00f6hle ist nur mit Booten und mit Guide befahrbar &#8211; beides hatten wir im Vorfeld organisiert und so stand der gem\u00fctlichen Paddeltour nichts im Wege\u00a0 \ud83d\ude09\u00a0 Nach einigen Kilometern (!) unterirdisch in mehreren Schlauchbooten erreicht man am Ende der H\u00f6hle eine beeindruckende Gallerie mit tollen Sinterformationen und Tropfsteinen, ein kr\u00f6nender Abschlu\u00df dieses tollen Ausflugs.<\/p>\n<p style=\"text-align: center;\"><!-- default-view.php -->\n<div\n\tclass=\"ngg-galleryoverview default-view \"\n\tid=\"ngg-gallery-35028976071f5bb917cf84737c177f4d-1\">\n\n\t\t<!-- Thumbnails -->\n\t\t\t\t<div id=\"ngg-image-0\" class=\"ngg-gallery-thumbnail-box \" >\n\t\t\t\t        <div class=\"ngg-gallery-thumbnail\">\n            <a href=\"https:\/\/www.byter.de\/wordpress\/wp-content\/gallery\/slowenien-planinska-jama\/Planinska_See1_1200.jpg\"\n               title=\"Sinterbecken\"\n               data-src=\"https:\/\/www.byter.de\/wordpress\/wp-content\/gallery\/slowenien-planinska-jama\/Planinska_See1_1200.jpg\"\n               data-thumbnail=\"https:\/\/www.byter.de\/wordpress\/wp-content\/gallery\/slowenien-planinska-jama\/thumbs\/thumbs_Planinska_See1_1200.jpg\"\n               data-image-id=\"789\"\n               data-title=\"Planinska_See1_1200\"\n               data-description=\"Sinterbecken\"\n               data-image-slug=\"planinska_see1_1200\"\n               class=\"ngg-fancybox\" rel=\"35028976071f5bb917cf84737c177f4d\">\n                <img\n                    title=\"Planinska_See1_1200\"\n                    alt=\"Planinska_See1_1200\"\n                    src=\"https:\/\/www.byter.de\/wordpress\/wp-content\/gallery\/slowenien-planinska-jama\/thumbs\/thumbs_Planinska_See1_1200.jpg\"\n                    width=\"100\"\n                    height=\"75\"\n                    style=\"max-width:100%;\"\n                \/>\n            <\/a>\n        <\/div>\n\t\t\t\t\t\t\t<\/div> \n\t\t\t\n\t\t\t\t<div id=\"ngg-image-1\" class=\"ngg-gallery-thumbnail-box \" >\n\t\t\t\t        <div class=\"ngg-gallery-thumbnail\">\n            <a href=\"https:\/\/www.byter.de\/wordpress\/wp-content\/gallery\/slowenien-planinska-jama\/Planinska_Grottenolm_1000.jpg\"\n               title=\"Ein Grottelolm!\"\n               data-src=\"https:\/\/www.byter.de\/wordpress\/wp-content\/gallery\/slowenien-planinska-jama\/Planinska_Grottenolm_1000.jpg\"\n               data-thumbnail=\"https:\/\/www.byter.de\/wordpress\/wp-content\/gallery\/slowenien-planinska-jama\/thumbs\/thumbs_Planinska_Grottenolm_1000.jpg\"\n               data-image-id=\"784\"\n               data-title=\"Planinska_Grottenolm_1000\"\n               data-description=\"Ein Grottelolm!\"\n               data-image-slug=\"planinska_grottenolm_1000\"\n               class=\"ngg-fancybox\" rel=\"35028976071f5bb917cf84737c177f4d\">\n                <img\n                    title=\"Planinska_Grottenolm_1000\"\n                    alt=\"Planinska_Grottenolm_1000\"\n                    src=\"https:\/\/www.byter.de\/wordpress\/wp-content\/gallery\/slowenien-planinska-jama\/thumbs\/thumbs_Planinska_Grottenolm_1000.jpg\"\n                    width=\"100\"\n                    height=\"75\"\n                    style=\"max-width:100%;\"\n                \/>\n            <\/a>\n        <\/div>\n\t\t\t\t\t\t\t<\/div> \n\t\t\t\n\t\t\t\t<div id=\"ngg-image-2\" class=\"ngg-gallery-thumbnail-box \" >\n\t\t\t\t        <div class=\"ngg-gallery-thumbnail\">\n            <a href=\"https:\/\/www.byter.de\/wordpress\/wp-content\/gallery\/slowenien-planinska-jama\/Planinska_Sinterwelle_1000hl.jpg\"\n               title=\"Wulf unter einer Sinterfahne\"\n               data-src=\"https:\/\/www.byter.de\/wordpress\/wp-content\/gallery\/slowenien-planinska-jama\/Planinska_Sinterwelle_1000hl.jpg\"\n               data-thumbnail=\"https:\/\/www.byter.de\/wordpress\/wp-content\/gallery\/slowenien-planinska-jama\/thumbs\/thumbs_Planinska_Sinterwelle_1000hl.jpg\"\n               data-image-id=\"792\"\n               data-title=\"Planinska_Sinterwelle_1000hl\"\n               data-description=\"Wulf unter einer Sinterfahne\"\n               data-image-slug=\"planinska_sinterwelle_1000hl\"\n               class=\"ngg-fancybox\" rel=\"35028976071f5bb917cf84737c177f4d\">\n                <img\n                    title=\"Planinska_Sinterwelle_1000hl\"\n                    alt=\"Planinska_Sinterwelle_1000hl\"\n                    src=\"https:\/\/www.byter.de\/wordpress\/wp-content\/gallery\/slowenien-planinska-jama\/thumbs\/thumbs_Planinska_Sinterwelle_1000hl.jpg\"\n                    width=\"100\"\n                    height=\"75\"\n                    style=\"max-width:100%;\"\n                \/>\n            <\/a>\n        <\/div>\n\t\t\t\t\t\t\t<\/div> \n\t\t\t\n\t\t\t\t<div id=\"ngg-image-3\" class=\"ngg-gallery-thumbnail-box \" >\n\t\t\t\t        <div class=\"ngg-gallery-thumbnail\">\n            <a href=\"https:\/\/www.byter.de\/wordpress\/wp-content\/gallery\/slowenien-planinska-jama\/Planinska_Halle_1200.jpg\"\n               title=\"Auch hier: gigantische Tropfsteingebilde\"\n               data-src=\"https:\/\/www.byter.de\/wordpress\/wp-content\/gallery\/slowenien-planinska-jama\/Planinska_Halle_1200.jpg\"\n               data-thumbnail=\"https:\/\/www.byter.de\/wordpress\/wp-content\/gallery\/slowenien-planinska-jama\/thumbs\/thumbs_Planinska_Halle_1200.jpg\"\n               data-image-id=\"786\"\n               data-title=\"Planinska_Halle_1200\"\n               data-description=\"Auch hier: gigantische Tropfsteingebilde\"\n               data-image-slug=\"planinska_halle_1200\"\n               class=\"ngg-fancybox\" rel=\"35028976071f5bb917cf84737c177f4d\">\n                <img\n                    title=\"Planinska_Halle_1200\"\n                    alt=\"Planinska_Halle_1200\"\n                    src=\"https:\/\/www.byter.de\/wordpress\/wp-content\/gallery\/slowenien-planinska-jama\/thumbs\/thumbs_Planinska_Halle_1200.jpg\"\n                    width=\"100\"\n                    height=\"75\"\n                    style=\"max-width:100%;\"\n                \/>\n            <\/a>\n        <\/div>\n\t\t\t\t\t\t\t<\/div> \n\t\t\t\n\t\t\t\t<div id=\"ngg-image-4\" class=\"ngg-gallery-thumbnail-box \" >\n\t\t\t\t        <div class=\"ngg-gallery-thumbnail\">\n            <a href=\"https:\/\/www.byter.de\/wordpress\/wp-content\/gallery\/slowenien-planinska-jama\/Planinska_HalleGruppe1_1200.jpg\"\n               title=\"Unterwegs in der hinteren Gallerie...\"\n               data-src=\"https:\/\/www.byter.de\/wordpress\/wp-content\/gallery\/slowenien-planinska-jama\/Planinska_HalleGruppe1_1200.jpg\"\n               data-thumbnail=\"https:\/\/www.byter.de\/wordpress\/wp-content\/gallery\/slowenien-planinska-jama\/thumbs\/thumbs_Planinska_HalleGruppe1_1200.jpg\"\n               data-image-id=\"787\"\n               data-title=\"Planinska_HalleGruppe1_1200\"\n               data-description=\"Unterwegs in der hinteren Gallerie...\"\n               data-image-slug=\"planinska_hallegruppe1_1200\"\n               class=\"ngg-fancybox\" rel=\"35028976071f5bb917cf84737c177f4d\">\n                <img\n                    title=\"Planinska_HalleGruppe1_1200\"\n                    alt=\"Planinska_HalleGruppe1_1200\"\n                    src=\"https:\/\/www.byter.de\/wordpress\/wp-content\/gallery\/slowenien-planinska-jama\/thumbs\/thumbs_Planinska_HalleGruppe1_1200.jpg\"\n                    width=\"100\"\n                    height=\"75\"\n                    style=\"max-width:100%;\"\n                \/>\n            <\/a>\n        <\/div>\n\t\t\t\t\t\t\t<\/div> \n\t\t\t\n\t\t\t\t<div id=\"ngg-image-5\" class=\"ngg-gallery-thumbnail-box \" >\n\t\t\t\t        <div class=\"ngg-gallery-thumbnail\">\n            <a href=\"https:\/\/www.byter.de\/wordpress\/wp-content\/gallery\/slowenien-planinska-jama\/Planinska_TropfsteineWulf_1200.jpg\"\n               title=\"Tropfsteine!\"\n               data-src=\"https:\/\/www.byter.de\/wordpress\/wp-content\/gallery\/slowenien-planinska-jama\/Planinska_TropfsteineWulf_1200.jpg\"\n               data-thumbnail=\"https:\/\/www.byter.de\/wordpress\/wp-content\/gallery\/slowenien-planinska-jama\/thumbs\/thumbs_Planinska_TropfsteineWulf_1200.jpg\"\n               data-image-id=\"794\"\n               data-title=\"Planinska_TropfsteineWulf_1200\"\n               data-description=\"Tropfsteine!\"\n               data-image-slug=\"planinska_tropfsteinewulf_1200\"\n               class=\"ngg-fancybox\" rel=\"35028976071f5bb917cf84737c177f4d\">\n                <img\n                    title=\"Planinska_TropfsteineWulf_1200\"\n                    alt=\"Planinska_TropfsteineWulf_1200\"\n                    src=\"https:\/\/www.byter.de\/wordpress\/wp-content\/gallery\/slowenien-planinska-jama\/thumbs\/thumbs_Planinska_TropfsteineWulf_1200.jpg\"\n                    width=\"100\"\n                    height=\"75\"\n                    style=\"max-width:100%;\"\n                \/>\n            <\/a>\n        <\/div>\n\t\t\t\t\t\t\t<\/div> \n\t\t\t\n\t\t\t\t<div id=\"ngg-image-6\" class=\"ngg-gallery-thumbnail-box \" >\n\t\t\t\t        <div class=\"ngg-gallery-thumbnail\">\n            <a href=\"https:\/\/www.byter.de\/wordpress\/wp-content\/gallery\/slowenien-planinska-jama\/Planinska_HalleGruppe2_1200.jpg\"\n               title=\"Unterwegs...\"\n               data-src=\"https:\/\/www.byter.de\/wordpress\/wp-content\/gallery\/slowenien-planinska-jama\/Planinska_HalleGruppe2_1200.jpg\"\n               data-thumbnail=\"https:\/\/www.byter.de\/wordpress\/wp-content\/gallery\/slowenien-planinska-jama\/thumbs\/thumbs_Planinska_HalleGruppe2_1200.jpg\"\n               data-image-id=\"788\"\n               data-title=\"Planinska_HalleGruppe2_1200\"\n               data-description=\"Unterwegs...\"\n               data-image-slug=\"planinska_hallegruppe2_1200\"\n               class=\"ngg-fancybox\" rel=\"35028976071f5bb917cf84737c177f4d\">\n                <img\n                    title=\"Planinska_HalleGruppe2_1200\"\n                    alt=\"Planinska_HalleGruppe2_1200\"\n                    src=\"https:\/\/www.byter.de\/wordpress\/wp-content\/gallery\/slowenien-planinska-jama\/thumbs\/thumbs_Planinska_HalleGruppe2_1200.jpg\"\n                    width=\"100\"\n                    height=\"75\"\n                    style=\"max-width:100%;\"\n                \/>\n            <\/a>\n        <\/div>\n\t\t\t\t\t\t\t<\/div> \n\t\t\t\n\t\t\t\t<div id=\"ngg-image-7\" class=\"ngg-gallery-thumbnail-box \" >\n\t\t\t\t        <div class=\"ngg-gallery-thumbnail\">\n            <a href=\"https:\/\/www.byter.de\/wordpress\/wp-content\/gallery\/slowenien-planinska-jama\/Planinska_See2_1000.jpg\"\n               title=\"Sinterbecken II\"\n               data-src=\"https:\/\/www.byter.de\/wordpress\/wp-content\/gallery\/slowenien-planinska-jama\/Planinska_See2_1000.jpg\"\n               data-thumbnail=\"https:\/\/www.byter.de\/wordpress\/wp-content\/gallery\/slowenien-planinska-jama\/thumbs\/thumbs_Planinska_See2_1000.jpg\"\n               data-image-id=\"790\"\n               data-title=\"Planinska_See2_1000\"\n               data-description=\"Sinterbecken II\"\n               data-image-slug=\"planinska_see2_1000\"\n               class=\"ngg-fancybox\" rel=\"35028976071f5bb917cf84737c177f4d\">\n                <img\n                    title=\"Planinska_See2_1000\"\n                    alt=\"Planinska_See2_1000\"\n                    src=\"https:\/\/www.byter.de\/wordpress\/wp-content\/gallery\/slowenien-planinska-jama\/thumbs\/thumbs_Planinska_See2_1000.jpg\"\n                    width=\"100\"\n                    height=\"75\"\n                    style=\"max-width:100%;\"\n                \/>\n            <\/a>\n        <\/div>\n\t\t\t\t\t\t\t<\/div> \n\t\t\t\n\t\t\t\t<div id=\"ngg-image-8\" class=\"ngg-gallery-thumbnail-box \" >\n\t\t\t\t        <div class=\"ngg-gallery-thumbnail\">\n            <a href=\"https:\/\/www.byter.de\/wordpress\/wp-content\/gallery\/slowenien-planinska-jama\/Planinska_Sinter1_1000h.jpg\"\n               title=\"\"\n               data-src=\"https:\/\/www.byter.de\/wordpress\/wp-content\/gallery\/slowenien-planinska-jama\/Planinska_Sinter1_1000h.jpg\"\n               data-thumbnail=\"https:\/\/www.byter.de\/wordpress\/wp-content\/gallery\/slowenien-planinska-jama\/thumbs\/thumbs_Planinska_Sinter1_1000h.jpg\"\n               data-image-id=\"791\"\n               data-title=\"Planinska_Sinter1_1000h\"\n               data-description=\"\"\n               data-image-slug=\"planinska_sinter1_1000h\"\n               class=\"ngg-fancybox\" rel=\"35028976071f5bb917cf84737c177f4d\">\n                <img\n                    title=\"Planinska_Sinter1_1000h\"\n                    alt=\"Planinska_Sinter1_1000h\"\n                    src=\"https:\/\/www.byter.de\/wordpress\/wp-content\/gallery\/slowenien-planinska-jama\/thumbs\/thumbs_Planinska_Sinter1_1000h.jpg\"\n                    width=\"100\"\n                    height=\"75\"\n                    style=\"max-width:100%;\"\n                \/>\n            <\/a>\n        <\/div>\n\t\t\t\t\t\t\t<\/div> \n\t\t\t\n\t\t\t\t<div id=\"ngg-image-9\" class=\"ngg-gallery-thumbnail-box \" >\n\t\t\t\t        <div class=\"ngg-gallery-thumbnail\">\n            <a href=\"https:\/\/www.byter.de\/wordpress\/wp-content\/gallery\/slowenien-planinska-jama\/Planinska_Sinterwelle_Bernhard_1200.jpg\"\n               title=\"So klein isser gar nicht... :)\"\n               data-src=\"https:\/\/www.byter.de\/wordpress\/wp-content\/gallery\/slowenien-planinska-jama\/Planinska_Sinterwelle_Bernhard_1200.jpg\"\n               data-thumbnail=\"https:\/\/www.byter.de\/wordpress\/wp-content\/gallery\/slowenien-planinska-jama\/thumbs\/thumbs_Planinska_Sinterwelle_Bernhard_1200.jpg\"\n               data-image-id=\"793\"\n               data-title=\"Planinska_Sinterwelle_Bernhard_1200\"\n               data-description=\"So klein isser gar nicht... :)\"\n               data-image-slug=\"planinska_sinterwelle_bernhard_1200\"\n               class=\"ngg-fancybox\" rel=\"35028976071f5bb917cf84737c177f4d\">\n                <img\n                    title=\"Planinska_Sinterwelle_Bernhard_1200\"\n                    alt=\"Planinska_Sinterwelle_Bernhard_1200\"\n                    src=\"https:\/\/www.byter.de\/wordpress\/wp-content\/gallery\/slowenien-planinska-jama\/thumbs\/thumbs_Planinska_Sinterwelle_Bernhard_1200.jpg\"\n                    width=\"100\"\n                    height=\"75\"\n                    style=\"max-width:100%;\"\n                \/>\n            <\/a>\n        <\/div>\n\t\t\t\t\t\t\t<\/div> \n\t\t\t\n\t\t\t\t<div id=\"ngg-image-10\" class=\"ngg-gallery-thumbnail-box \" >\n\t\t\t\t        <div class=\"ngg-gallery-thumbnail\">\n            <a href=\"https:\/\/www.byter.de\/wordpress\/wp-content\/gallery\/slowenien-planinska-jama\/Planinska_TropfsteinWulf2_1000h.jpg\"\n               title=\"\"\n               data-src=\"https:\/\/www.byter.de\/wordpress\/wp-content\/gallery\/slowenien-planinska-jama\/Planinska_TropfsteinWulf2_1000h.jpg\"\n               data-thumbnail=\"https:\/\/www.byter.de\/wordpress\/wp-content\/gallery\/slowenien-planinska-jama\/thumbs\/thumbs_Planinska_TropfsteinWulf2_1000h.jpg\"\n               data-image-id=\"795\"\n               data-title=\"Planinska_TropfsteinWulf2_1000h\"\n               data-description=\"\"\n               data-image-slug=\"planinska_tropfsteinwulf2_1000h\"\n               class=\"ngg-fancybox\" rel=\"35028976071f5bb917cf84737c177f4d\">\n                <img\n                    title=\"Planinska_TropfsteinWulf2_1000h\"\n                    alt=\"Planinska_TropfsteinWulf2_1000h\"\n                    src=\"https:\/\/www.byter.de\/wordpress\/wp-content\/gallery\/slowenien-planinska-jama\/thumbs\/thumbs_Planinska_TropfsteinWulf2_1000h.jpg\"\n                    width=\"100\"\n                    height=\"75\"\n                    style=\"max-width:100%;\"\n                \/>\n            <\/a>\n        <\/div>\n\t\t\t\t\t\t\t<\/div> \n\t\t\t\n\t\t\t\t<div id=\"ngg-image-11\" class=\"ngg-gallery-thumbnail-box \" >\n\t\t\t\t        <div class=\"ngg-gallery-thumbnail\">\n            <a href=\"https:\/\/www.byter.de\/wordpress\/wp-content\/gallery\/slowenien-planinska-jama\/Planinska_Gruppenbild_1200.jpg\"\n               title=\"Gruppenbild Planinska Jama\"\n               data-src=\"https:\/\/www.byter.de\/wordpress\/wp-content\/gallery\/slowenien-planinska-jama\/Planinska_Gruppenbild_1200.jpg\"\n               data-thumbnail=\"https:\/\/www.byter.de\/wordpress\/wp-content\/gallery\/slowenien-planinska-jama\/thumbs\/thumbs_Planinska_Gruppenbild_1200.jpg\"\n               data-image-id=\"785\"\n               data-title=\"Planinska_Gruppenbild_1200\"\n               data-description=\"Gruppenbild Planinska Jama\"\n               data-image-slug=\"planinska_gruppenbild_1200\"\n               class=\"ngg-fancybox\" rel=\"35028976071f5bb917cf84737c177f4d\">\n                <img\n                    title=\"Planinska_Gruppenbild_1200\"\n                    alt=\"Planinska_Gruppenbild_1200\"\n                    src=\"https:\/\/www.byter.de\/wordpress\/wp-content\/gallery\/slowenien-planinska-jama\/thumbs\/thumbs_Planinska_Gruppenbild_1200.jpg\"\n                    width=\"100\"\n                    height=\"75\"\n                    style=\"max-width:100%;\"\n                \/>\n            <\/a>\n        <\/div>\n\t\t\t\t\t\t\t<\/div> \n\t\t\t\n\t\n\t<br style=\"clear: both\" \/>\n\n\t\n\t\t<!-- Pagination -->\n\t<div class='ngg-clear'><\/div>\t<\/div>\n<\/p>\n<p style=\"text-align: center;\"><span style=\"color: #ffffff;\">.<\/span><\/p>\n<p>Zu guter letzt bildete am siebten und letzten Tag die <em>Martinska Jama<\/em> einen kr\u00f6nenden Abschlu\u00df der diesj\u00e4hrigen eXentriX Tour. Die erste H\u00fcrde bestand darin, \u00fcberhaupt den Eingang der H\u00f6hle zu finden &#8211; weit ab von der n\u00e4chsten Stra\u00dfe mitten im slowenischen Nirgendwo liegt sie, es geht Kilometerweit durchs Unterholz, bis man den unscheinbaren Eingang schlie\u00dflich erreicht hat.\u00a0 Es folgt ein ebenfalls sehr unscheinbarer, unspektakul\u00e4rer Anfang der H\u00f6hle&#8230; Die n\u00e4chste H\u00fcrde war, den vergitterten (und verschlossenen) Eingang in den tieferen und sch\u00f6nen Teil der H\u00f6hle zu finden, was sich ebenfalls als verdammt knifflig erwies.\u00a0 Die letzten Hindernisse stellten dann noch einige Sch\u00e4chte und Rampen dar, bis wir schlie\u00dflich im letzten, mit wunsch\u00f6nen blau und gr\u00fcn leuchtenden Seen verzierten letzten H\u00f6hlenteil ankamen.<\/p>\n<p><a href=\"https:\/\/www.byter.de\/wordpress\/wp-content\/uploads\/2015\/04\/Martinska_SeeBernhard1_500.jpg\"><img decoding=\"async\" loading=\"lazy\" class=\"aligncenter size-full wp-image-1208\" src=\"https:\/\/www.byter.de\/wordpress\/wp-content\/uploads\/2015\/04\/Martinska_SeeBernhard1_500.jpg\" alt=\"Martinska_SeeBernhard1_500\" width=\"500\" height=\"338\" srcset=\"https:\/\/www.byter.de\/wordpress\/wp-content\/uploads\/2015\/04\/Martinska_SeeBernhard1_500.jpg 500w, https:\/\/www.byter.de\/wordpress\/wp-content\/uploads\/2015\/04\/Martinska_SeeBernhard1_500-300x202.jpg 300w\" sizes=\"(max-width: 500px) 100vw, 500px\" \/><\/a><\/p>\n<p>Hier wurden erst mal ausgiebig Fotos gemacht, bis es an den weiten R\u00fcckweg ging. Ein anstrengender, aber w\u00fcrdiger Abschlu\u00df!<\/p>\n<p style=\"text-align: center;\"><!-- default-view.php -->\n<div\n\tclass=\"ngg-galleryoverview default-view \"\n\tid=\"ngg-gallery-272a475431f1f2f312d52aaf927a2327-1\">\n\n\t\t<!-- Thumbnails -->\n\t\t\t\t<div id=\"ngg-image-0\" class=\"ngg-gallery-thumbnail-box \" >\n\t\t\t\t        <div class=\"ngg-gallery-thumbnail\">\n            <a href=\"https:\/\/www.byter.de\/wordpress\/wp-content\/gallery\/slowenien-martinska-jama\/Martinska_SeeBernhard1_1200.jpg\"\n               title=\"Blaue Lagune\"\n               data-src=\"https:\/\/www.byter.de\/wordpress\/wp-content\/gallery\/slowenien-martinska-jama\/Martinska_SeeBernhard1_1200.jpg\"\n               data-thumbnail=\"https:\/\/www.byter.de\/wordpress\/wp-content\/gallery\/slowenien-martinska-jama\/thumbs\/thumbs_Martinska_SeeBernhard1_1200.jpg\"\n               data-image-id=\"805\"\n               data-title=\"Martinska_SeeBernhard1_1200\"\n               data-description=\"Blaue Lagune\"\n               data-image-slug=\"martinska_seebernhard1_1200\"\n               class=\"ngg-fancybox\" rel=\"272a475431f1f2f312d52aaf927a2327\">\n                <img\n                    title=\"Martinska_SeeBernhard1_1200\"\n                    alt=\"Martinska_SeeBernhard1_1200\"\n                    src=\"https:\/\/www.byter.de\/wordpress\/wp-content\/gallery\/slowenien-martinska-jama\/thumbs\/thumbs_Martinska_SeeBernhard1_1200.jpg\"\n                    width=\"100\"\n                    height=\"75\"\n                    style=\"max-width:100%;\"\n                \/>\n            <\/a>\n        <\/div>\n\t\t\t\t\t\t\t<\/div> \n\t\t\t\n\t\t\t\t<div id=\"ngg-image-1\" class=\"ngg-gallery-thumbnail-box \" >\n\t\t\t\t        <div class=\"ngg-gallery-thumbnail\">\n            <a href=\"https:\/\/www.byter.de\/wordpress\/wp-content\/gallery\/slowenien-martinska-jama\/Martinska_BeckenWulf_1000h.jpg\"\n               title=\"Sinterbecken\"\n               data-src=\"https:\/\/www.byter.de\/wordpress\/wp-content\/gallery\/slowenien-martinska-jama\/Martinska_BeckenWulf_1000h.jpg\"\n               data-thumbnail=\"https:\/\/www.byter.de\/wordpress\/wp-content\/gallery\/slowenien-martinska-jama\/thumbs\/thumbs_Martinska_BeckenWulf_1000h.jpg\"\n               data-image-id=\"797\"\n               data-title=\"Martinska_BeckenWulf_1000h\"\n               data-description=\"Sinterbecken\"\n               data-image-slug=\"martinska_beckenwulf_1000h\"\n               class=\"ngg-fancybox\" rel=\"272a475431f1f2f312d52aaf927a2327\">\n                <img\n                    title=\"Martinska_BeckenWulf_1000h\"\n                    alt=\"Martinska_BeckenWulf_1000h\"\n                    src=\"https:\/\/www.byter.de\/wordpress\/wp-content\/gallery\/slowenien-martinska-jama\/thumbs\/thumbs_Martinska_BeckenWulf_1000h.jpg\"\n                    width=\"100\"\n                    height=\"75\"\n                    style=\"max-width:100%;\"\n                \/>\n            <\/a>\n        <\/div>\n\t\t\t\t\t\t\t<\/div> \n\t\t\t\n\t\t\t\t<div id=\"ngg-image-2\" class=\"ngg-gallery-thumbnail-box \" >\n\t\t\t\t        <div class=\"ngg-gallery-thumbnail\">\n            <a href=\"https:\/\/www.byter.de\/wordpress\/wp-content\/gallery\/slowenien-martinska-jama\/Martinska_Aufstieg_1000h.jpg\"\n               title=\"Leicht war es nicht, bis hierher zu kommen...\"\n               data-src=\"https:\/\/www.byter.de\/wordpress\/wp-content\/gallery\/slowenien-martinska-jama\/Martinska_Aufstieg_1000h.jpg\"\n               data-thumbnail=\"https:\/\/www.byter.de\/wordpress\/wp-content\/gallery\/slowenien-martinska-jama\/thumbs\/thumbs_Martinska_Aufstieg_1000h.jpg\"\n               data-image-id=\"796\"\n               data-title=\"Martinska_Aufstieg_1000h\"\n               data-description=\"Leicht war es nicht, bis hierher zu kommen...\"\n               data-image-slug=\"martinska_aufstieg_1000h\"\n               class=\"ngg-fancybox\" rel=\"272a475431f1f2f312d52aaf927a2327\">\n                <img\n                    title=\"Martinska_Aufstieg_1000h\"\n                    alt=\"Martinska_Aufstieg_1000h\"\n                    src=\"https:\/\/www.byter.de\/wordpress\/wp-content\/gallery\/slowenien-martinska-jama\/thumbs\/thumbs_Martinska_Aufstieg_1000h.jpg\"\n                    width=\"100\"\n                    height=\"75\"\n                    style=\"max-width:100%;\"\n                \/>\n            <\/a>\n        <\/div>\n\t\t\t\t\t\t\t<\/div> \n\t\t\t\n\t\t\t\t<div id=\"ngg-image-3\" class=\"ngg-gallery-thumbnail-box \" >\n\t\t\t\t        <div class=\"ngg-gallery-thumbnail\">\n            <a href=\"https:\/\/www.byter.de\/wordpress\/wp-content\/gallery\/slowenien-martinska-jama\/Martinska_Gruppenbild_1200.jpg\"\n               title=\"Pause am See :)\"\n               data-src=\"https:\/\/www.byter.de\/wordpress\/wp-content\/gallery\/slowenien-martinska-jama\/Martinska_Gruppenbild_1200.jpg\"\n               data-thumbnail=\"https:\/\/www.byter.de\/wordpress\/wp-content\/gallery\/slowenien-martinska-jama\/thumbs\/thumbs_Martinska_Gruppenbild_1200.jpg\"\n               data-image-id=\"799\"\n               data-title=\"Martinska_Gruppenbild_1200\"\n               data-description=\"Pause am See :)\"\n               data-image-slug=\"martinska_gruppenbild_1200\"\n               class=\"ngg-fancybox\" rel=\"272a475431f1f2f312d52aaf927a2327\">\n                <img\n                    title=\"Martinska_Gruppenbild_1200\"\n                    alt=\"Martinska_Gruppenbild_1200\"\n                    src=\"https:\/\/www.byter.de\/wordpress\/wp-content\/gallery\/slowenien-martinska-jama\/thumbs\/thumbs_Martinska_Gruppenbild_1200.jpg\"\n                    width=\"100\"\n                    height=\"75\"\n                    style=\"max-width:100%;\"\n                \/>\n            <\/a>\n        <\/div>\n\t\t\t\t\t\t\t<\/div> \n\t\t\t\n\t\t\t\t<div id=\"ngg-image-4\" class=\"ngg-gallery-thumbnail-box \" >\n\t\t\t\t        <div class=\"ngg-gallery-thumbnail\">\n            <a href=\"https:\/\/www.byter.de\/wordpress\/wp-content\/gallery\/slowenien-martinska-jama\/Martinska_Halle1_1200.jpg\"\n               title=\"Genau: Tropfsteine ;)\"\n               data-src=\"https:\/\/www.byter.de\/wordpress\/wp-content\/gallery\/slowenien-martinska-jama\/Martinska_Halle1_1200.jpg\"\n               data-thumbnail=\"https:\/\/www.byter.de\/wordpress\/wp-content\/gallery\/slowenien-martinska-jama\/thumbs\/thumbs_Martinska_Halle1_1200.jpg\"\n               data-image-id=\"800\"\n               data-title=\"Martinska_Halle1_1200\"\n               data-description=\"Genau: Tropfsteine ;)\"\n               data-image-slug=\"martinska_halle1_1200\"\n               class=\"ngg-fancybox\" rel=\"272a475431f1f2f312d52aaf927a2327\">\n                <img\n                    title=\"Martinska_Halle1_1200\"\n                    alt=\"Martinska_Halle1_1200\"\n                    src=\"https:\/\/www.byter.de\/wordpress\/wp-content\/gallery\/slowenien-martinska-jama\/thumbs\/thumbs_Martinska_Halle1_1200.jpg\"\n                    width=\"100\"\n                    height=\"75\"\n                    style=\"max-width:100%;\"\n                \/>\n            <\/a>\n        <\/div>\n\t\t\t\t\t\t\t<\/div> \n\t\t\t\n\t\t\t\t<div id=\"ngg-image-5\" class=\"ngg-gallery-thumbnail-box \" >\n\t\t\t\t        <div class=\"ngg-gallery-thumbnail\">\n            <a href=\"https:\/\/www.byter.de\/wordpress\/wp-content\/gallery\/slowenien-martinska-jama\/Martinska_Halle3_1200.jpg\"\n               title=\"Martinska Jama\"\n               data-src=\"https:\/\/www.byter.de\/wordpress\/wp-content\/gallery\/slowenien-martinska-jama\/Martinska_Halle3_1200.jpg\"\n               data-thumbnail=\"https:\/\/www.byter.de\/wordpress\/wp-content\/gallery\/slowenien-martinska-jama\/thumbs\/thumbs_Martinska_Halle3_1200.jpg\"\n               data-image-id=\"802\"\n               data-title=\"Martinska_Halle3_1200\"\n               data-description=\"Martinska Jama\"\n               data-image-slug=\"martinska_halle3_1200\"\n               class=\"ngg-fancybox\" rel=\"272a475431f1f2f312d52aaf927a2327\">\n                <img\n                    title=\"Martinska_Halle3_1200\"\n                    alt=\"Martinska_Halle3_1200\"\n                    src=\"https:\/\/www.byter.de\/wordpress\/wp-content\/gallery\/slowenien-martinska-jama\/thumbs\/thumbs_Martinska_Halle3_1200.jpg\"\n                    width=\"100\"\n                    height=\"75\"\n                    style=\"max-width:100%;\"\n                \/>\n            <\/a>\n        <\/div>\n\t\t\t\t\t\t\t<\/div> \n\t\t\t\n\t\t\t\t<div id=\"ngg-image-6\" class=\"ngg-gallery-thumbnail-box \" >\n\t\t\t\t        <div class=\"ngg-gallery-thumbnail\">\n            <a href=\"https:\/\/www.byter.de\/wordpress\/wp-content\/gallery\/slowenien-martinska-jama\/Martinska_SeeAndre_1200.jpg\"\n               title=\"Relaxing Andre...\"\n               data-src=\"https:\/\/www.byter.de\/wordpress\/wp-content\/gallery\/slowenien-martinska-jama\/Martinska_SeeAndre_1200.jpg\"\n               data-thumbnail=\"https:\/\/www.byter.de\/wordpress\/wp-content\/gallery\/slowenien-martinska-jama\/thumbs\/thumbs_Martinska_SeeAndre_1200.jpg\"\n               data-image-id=\"803\"\n               data-title=\"Martinska_SeeAndre_1200\"\n               data-description=\"Relaxing Andre...\"\n               data-image-slug=\"martinska_seeandre_1200\"\n               class=\"ngg-fancybox\" rel=\"272a475431f1f2f312d52aaf927a2327\">\n                <img\n                    title=\"Martinska_SeeAndre_1200\"\n                    alt=\"Martinska_SeeAndre_1200\"\n                    src=\"https:\/\/www.byter.de\/wordpress\/wp-content\/gallery\/slowenien-martinska-jama\/thumbs\/thumbs_Martinska_SeeAndre_1200.jpg\"\n                    width=\"100\"\n                    height=\"75\"\n                    style=\"max-width:100%;\"\n                \/>\n            <\/a>\n        <\/div>\n\t\t\t\t\t\t\t<\/div> \n\t\t\t\n\t\t\t\t<div id=\"ngg-image-7\" class=\"ngg-gallery-thumbnail-box \" >\n\t\t\t\t        <div class=\"ngg-gallery-thumbnail\">\n            <a href=\"https:\/\/www.byter.de\/wordpress\/wp-content\/gallery\/slowenien-martinska-jama\/Martinska_SeeAndre2_1200.jpg\"\n               title=\"Hier kann man\u00b4s aushalten!  Wundersch\u00f6n...\"\n               data-src=\"https:\/\/www.byter.de\/wordpress\/wp-content\/gallery\/slowenien-martinska-jama\/Martinska_SeeAndre2_1200.jpg\"\n               data-thumbnail=\"https:\/\/www.byter.de\/wordpress\/wp-content\/gallery\/slowenien-martinska-jama\/thumbs\/thumbs_Martinska_SeeAndre2_1200.jpg\"\n               data-image-id=\"804\"\n               data-title=\"Martinska_SeeAndre2_1200\"\n               data-description=\"Hier kann man\u00b4s aushalten!  Wundersch\u00f6n...\"\n               data-image-slug=\"martinska_seeandre2_1200\"\n               class=\"ngg-fancybox\" rel=\"272a475431f1f2f312d52aaf927a2327\">\n                <img\n                    title=\"Martinska_SeeAndre2_1200\"\n                    alt=\"Martinska_SeeAndre2_1200\"\n                    src=\"https:\/\/www.byter.de\/wordpress\/wp-content\/gallery\/slowenien-martinska-jama\/thumbs\/thumbs_Martinska_SeeAndre2_1200.jpg\"\n                    width=\"100\"\n                    height=\"75\"\n                    style=\"max-width:100%;\"\n                \/>\n            <\/a>\n        <\/div>\n\t\t\t\t\t\t\t<\/div> \n\t\t\t\n\t\t\t\t<div id=\"ngg-image-8\" class=\"ngg-gallery-thumbnail-box \" >\n\t\t\t\t        <div class=\"ngg-gallery-thumbnail\">\n            <a href=\"https:\/\/www.byter.de\/wordpress\/wp-content\/gallery\/slowenien-martinska-jama\/Martinska_SeeBernhard2_1000h.jpg\"\n               title=\"Unterirdischer See mit Bernhard\"\n               data-src=\"https:\/\/www.byter.de\/wordpress\/wp-content\/gallery\/slowenien-martinska-jama\/Martinska_SeeBernhard2_1000h.jpg\"\n               data-thumbnail=\"https:\/\/www.byter.de\/wordpress\/wp-content\/gallery\/slowenien-martinska-jama\/thumbs\/thumbs_Martinska_SeeBernhard2_1000h.jpg\"\n               data-image-id=\"806\"\n               data-title=\"Martinska_SeeBernhard2_1000h\"\n               data-description=\"Unterirdischer See mit Bernhard\"\n               data-image-slug=\"martinska_seebernhard2_1000h\"\n               class=\"ngg-fancybox\" rel=\"272a475431f1f2f312d52aaf927a2327\">\n                <img\n                    title=\"Martinska_SeeBernhard2_1000h\"\n                    alt=\"Martinska_SeeBernhard2_1000h\"\n                    src=\"https:\/\/www.byter.de\/wordpress\/wp-content\/gallery\/slowenien-martinska-jama\/thumbs\/thumbs_Martinska_SeeBernhard2_1000h.jpg\"\n                    width=\"100\"\n                    height=\"75\"\n                    style=\"max-width:100%;\"\n                \/>\n            <\/a>\n        <\/div>\n\t\t\t\t\t\t\t<\/div> \n\t\t\t\n\t\t\t\t<div id=\"ngg-image-9\" class=\"ngg-gallery-thumbnail-box \" >\n\t\t\t\t        <div class=\"ngg-gallery-thumbnail\">\n            <a href=\"https:\/\/www.byter.de\/wordpress\/wp-content\/gallery\/slowenien-martinska-jama\/Martinska_Halle2_1200.jpg\"\n               title=\"Martinska Jama\"\n               data-src=\"https:\/\/www.byter.de\/wordpress\/wp-content\/gallery\/slowenien-martinska-jama\/Martinska_Halle2_1200.jpg\"\n               data-thumbnail=\"https:\/\/www.byter.de\/wordpress\/wp-content\/gallery\/slowenien-martinska-jama\/thumbs\/thumbs_Martinska_Halle2_1200.jpg\"\n               data-image-id=\"801\"\n               data-title=\"Martinska_Halle2_1200\"\n               data-description=\"Martinska Jama\"\n               data-image-slug=\"martinska_halle2_1200\"\n               class=\"ngg-fancybox\" rel=\"272a475431f1f2f312d52aaf927a2327\">\n                <img\n                    title=\"Martinska_Halle2_1200\"\n                    alt=\"Martinska_Halle2_1200\"\n                    src=\"https:\/\/www.byter.de\/wordpress\/wp-content\/gallery\/slowenien-martinska-jama\/thumbs\/thumbs_Martinska_Halle2_1200.jpg\"\n                    width=\"100\"\n                    height=\"75\"\n                    style=\"max-width:100%;\"\n                \/>\n            <\/a>\n        <\/div>\n\t\t\t\t\t\t\t<\/div> \n\t\t\t\n\t\t\t\t<div id=\"ngg-image-10\" class=\"ngg-gallery-thumbnail-box \" >\n\t\t\t\t        <div class=\"ngg-gallery-thumbnail\">\n            <a href=\"https:\/\/www.byter.de\/wordpress\/wp-content\/gallery\/slowenien-martinska-jama\/Martinska_SeeChristian1_1200.jpg\"\n               title=\"Noch ein See\"\n               data-src=\"https:\/\/www.byter.de\/wordpress\/wp-content\/gallery\/slowenien-martinska-jama\/Martinska_SeeChristian1_1200.jpg\"\n               data-thumbnail=\"https:\/\/www.byter.de\/wordpress\/wp-content\/gallery\/slowenien-martinska-jama\/thumbs\/thumbs_Martinska_SeeChristian1_1200.jpg\"\n               data-image-id=\"807\"\n               data-title=\"Martinska_SeeChristian1_1200\"\n               data-description=\"Noch ein See\"\n               data-image-slug=\"martinska_seechristian1_1200\"\n               class=\"ngg-fancybox\" rel=\"272a475431f1f2f312d52aaf927a2327\">\n                <img\n                    title=\"Martinska_SeeChristian1_1200\"\n                    alt=\"Martinska_SeeChristian1_1200\"\n                    src=\"https:\/\/www.byter.de\/wordpress\/wp-content\/gallery\/slowenien-martinska-jama\/thumbs\/thumbs_Martinska_SeeChristian1_1200.jpg\"\n                    width=\"100\"\n                    height=\"75\"\n                    style=\"max-width:100%;\"\n                \/>\n            <\/a>\n        <\/div>\n\t\t\t\t\t\t\t<\/div> \n\t\t\t\n\t\t\t\t<div id=\"ngg-image-11\" class=\"ngg-gallery-thumbnail-box \" >\n\t\t\t\t        <div class=\"ngg-gallery-thumbnail\">\n            <a href=\"https:\/\/www.byter.de\/wordpress\/wp-content\/gallery\/slowenien-martinska-jama\/Martinska_SeeJensB1_1200.jpg\"\n               title=\"Beeindruckend - die Martinska\"\n               data-src=\"https:\/\/www.byter.de\/wordpress\/wp-content\/gallery\/slowenien-martinska-jama\/Martinska_SeeJensB1_1200.jpg\"\n               data-thumbnail=\"https:\/\/www.byter.de\/wordpress\/wp-content\/gallery\/slowenien-martinska-jama\/thumbs\/thumbs_Martinska_SeeJensB1_1200.jpg\"\n               data-image-id=\"808\"\n               data-title=\"Martinska_SeeJensB1_1200\"\n               data-description=\"Beeindruckend - die Martinska\"\n               data-image-slug=\"martinska_seejensb1_1200\"\n               class=\"ngg-fancybox\" rel=\"272a475431f1f2f312d52aaf927a2327\">\n                <img\n                    title=\"Martinska_SeeJensB1_1200\"\n                    alt=\"Martinska_SeeJensB1_1200\"\n                    src=\"https:\/\/www.byter.de\/wordpress\/wp-content\/gallery\/slowenien-martinska-jama\/thumbs\/thumbs_Martinska_SeeJensB1_1200.jpg\"\n                    width=\"100\"\n                    height=\"75\"\n                    style=\"max-width:100%;\"\n                \/>\n            <\/a>\n        <\/div>\n\t\t\t\t\t\t\t<\/div> \n\t\t\t\n\t\t\t\t<div id=\"ngg-image-12\" class=\"ngg-gallery-thumbnail-box \" >\n\t\t\t\t        <div class=\"ngg-gallery-thumbnail\">\n            <a href=\"https:\/\/www.byter.de\/wordpress\/wp-content\/gallery\/slowenien-martinska-jama\/Martinska_SinterGruppe1_1200.jpg\"\n               title=\"Gruppenbild (fast)\"\n               data-src=\"https:\/\/www.byter.de\/wordpress\/wp-content\/gallery\/slowenien-martinska-jama\/Martinska_SinterGruppe1_1200.jpg\"\n               data-thumbnail=\"https:\/\/www.byter.de\/wordpress\/wp-content\/gallery\/slowenien-martinska-jama\/thumbs\/thumbs_Martinska_SinterGruppe1_1200.jpg\"\n               data-image-id=\"809\"\n               data-title=\"Martinska_SinterGruppe1_1200\"\n               data-description=\"Gruppenbild (fast)\"\n               data-image-slug=\"martinska_sintergruppe1_1200\"\n               class=\"ngg-fancybox\" rel=\"272a475431f1f2f312d52aaf927a2327\">\n                <img\n                    title=\"Martinska_SinterGruppe1_1200\"\n                    alt=\"Martinska_SinterGruppe1_1200\"\n                    src=\"https:\/\/www.byter.de\/wordpress\/wp-content\/gallery\/slowenien-martinska-jama\/thumbs\/thumbs_Martinska_SinterGruppe1_1200.jpg\"\n                    width=\"100\"\n                    height=\"75\"\n                    style=\"max-width:100%;\"\n                \/>\n            <\/a>\n        <\/div>\n\t\t\t\t\t\t\t<\/div> \n\t\t\t\n\t\t\t\t<div id=\"ngg-image-13\" class=\"ngg-gallery-thumbnail-box \" >\n\t\t\t\t        <div class=\"ngg-gallery-thumbnail\">\n            <a href=\"https:\/\/www.byter.de\/wordpress\/wp-content\/gallery\/slowenien-martinska-jama\/Martinska_SinterKai_1200.jpg\"\n               title=\"Kai entspannt\"\n               data-src=\"https:\/\/www.byter.de\/wordpress\/wp-content\/gallery\/slowenien-martinska-jama\/Martinska_SinterKai_1200.jpg\"\n               data-thumbnail=\"https:\/\/www.byter.de\/wordpress\/wp-content\/gallery\/slowenien-martinska-jama\/thumbs\/thumbs_Martinska_SinterKai_1200.jpg\"\n               data-image-id=\"810\"\n               data-title=\"Martinska_SinterKai_1200\"\n               data-description=\"Kai entspannt\"\n               data-image-slug=\"martinska_sinterkai_1200\"\n               class=\"ngg-fancybox\" rel=\"272a475431f1f2f312d52aaf927a2327\">\n                <img\n                    title=\"Martinska_SinterKai_1200\"\n                    alt=\"Martinska_SinterKai_1200\"\n                    src=\"https:\/\/www.byter.de\/wordpress\/wp-content\/gallery\/slowenien-martinska-jama\/thumbs\/thumbs_Martinska_SinterKai_1200.jpg\"\n                    width=\"100\"\n                    height=\"75\"\n                    style=\"max-width:100%;\"\n                \/>\n            <\/a>\n        <\/div>\n\t\t\t\t\t\t\t<\/div> \n\t\t\t\n\t\t\t\t<div id=\"ngg-image-14\" class=\"ngg-gallery-thumbnail-box \" >\n\t\t\t\t        <div class=\"ngg-gallery-thumbnail\">\n            <a href=\"https:\/\/www.byter.de\/wordpress\/wp-content\/gallery\/slowenien-martinska-jama\/Martinska_TropfsteinBernhard1_1200.jpg\"\n               title=\"Nochmal unterwegs...\"\n               data-src=\"https:\/\/www.byter.de\/wordpress\/wp-content\/gallery\/slowenien-martinska-jama\/Martinska_TropfsteinBernhard1_1200.jpg\"\n               data-thumbnail=\"https:\/\/www.byter.de\/wordpress\/wp-content\/gallery\/slowenien-martinska-jama\/thumbs\/thumbs_Martinska_TropfsteinBernhard1_1200.jpg\"\n               data-image-id=\"811\"\n               data-title=\"Martinska_TropfsteinBernhard1_1200\"\n               data-description=\"Nochmal unterwegs...\"\n               data-image-slug=\"martinska_tropfsteinbernhard1_1200\"\n               class=\"ngg-fancybox\" rel=\"272a475431f1f2f312d52aaf927a2327\">\n                <img\n                    title=\"Martinska_TropfsteinBernhard1_1200\"\n                    alt=\"Martinska_TropfsteinBernhard1_1200\"\n                    src=\"https:\/\/www.byter.de\/wordpress\/wp-content\/gallery\/slowenien-martinska-jama\/thumbs\/thumbs_Martinska_TropfsteinBernhard1_1200.jpg\"\n                    width=\"100\"\n                    height=\"75\"\n                    style=\"max-width:100%;\"\n                \/>\n            <\/a>\n        <\/div>\n\t\t\t\t\t\t\t<\/div> \n\t\t\t\n\t\t\t\t<div id=\"ngg-image-15\" class=\"ngg-gallery-thumbnail-box \" >\n\t\t\t\t        <div class=\"ngg-gallery-thumbnail\">\n            <a href=\"https:\/\/www.byter.de\/wordpress\/wp-content\/gallery\/slowenien-martinska-jama\/Martinska_EngstellenMarkus_1200.jpg\"\n               title=\"Engstellen gab\u00b4s auch...\"\n               data-src=\"https:\/\/www.byter.de\/wordpress\/wp-content\/gallery\/slowenien-martinska-jama\/Martinska_EngstellenMarkus_1200.jpg\"\n               data-thumbnail=\"https:\/\/www.byter.de\/wordpress\/wp-content\/gallery\/slowenien-martinska-jama\/thumbs\/thumbs_Martinska_EngstellenMarkus_1200.jpg\"\n               data-image-id=\"798\"\n               data-title=\"Martinska_EngstellenMarkus_1200\"\n               data-description=\"Engstellen gab\u00b4s auch...\"\n               data-image-slug=\"martinska_engstellenmarkus_1200\"\n               class=\"ngg-fancybox\" rel=\"272a475431f1f2f312d52aaf927a2327\">\n                <img\n                    title=\"Martinska_EngstellenMarkus_1200\"\n                    alt=\"Martinska_EngstellenMarkus_1200\"\n                    src=\"https:\/\/www.byter.de\/wordpress\/wp-content\/gallery\/slowenien-martinska-jama\/thumbs\/thumbs_Martinska_EngstellenMarkus_1200.jpg\"\n                    width=\"100\"\n                    height=\"75\"\n                    style=\"max-width:100%;\"\n                \/>\n            <\/a>\n        <\/div>\n\t\t\t\t\t\t\t<\/div> \n\t\t\t\n\t\n\t<br style=\"clear: both\" \/>\n\n\t\n\t\t<!-- Pagination -->\n\t<div class='ngg-clear'><\/div>\t<\/div>\n<\/p>\n<p style=\"text-align: center;\"><span style=\"color: #ffffff;\">.<\/span><\/p>\n<p>Vielen Dank an Euch alle, es war wieder mal eine unvergessliche Tour!<\/p>\n<p>(Pfingsten 2014)<\/p>\n","protected":false},"excerpt":{"rendered":"<p>eXentriX Tour 2014 &#8211; Slowenien II Wie schon im vorherigen Jahr w\u00e4hlten wir f\u00fcr die 2014er eXentriX Tour Slowenien als Ziel. Viele tolle Hohlr\u00e4ume konnten wir im Vorjahr nicht besuchen (eine Woche reicht nunmal nicht&#8230; ;-)), Land und Leute hatten &hellip; <a href=\"https:\/\/www.byter.de\/wordpress\/?page_id=1188\">Weiterlesen <span class=\"meta-nav\">&rarr;<\/span><\/a><\/p>\n","protected":false},"author":1,"featured_media":0,"parent":644,"menu_order":15,"comment_status":"open","ping_status":"open","template":"","meta":{"ngg_post_thumbnail":0},"_links":{"self":[{"href":"https:\/\/www.byter.de\/wordpress\/index.php?rest_route=\/wp\/v2\/pages\/1188"}],"collection":[{"href":"https:\/\/www.byter.de\/wordpress\/index.php?rest_route=\/wp\/v2\/pages"}],"about":[{"href":"https:\/\/www.byter.de\/wordpress\/index.php?rest_route=\/wp\/v2\/types\/page"}],"author":[{"embeddable":true,"href":"https:\/\/www.byter.de\/wordpress\/index.php?rest_route=\/wp\/v2\/users\/1"}],"replies":[{"embeddable":true,"href":"https:\/\/www.byter.de\/wordpress\/index.php?rest_route=%2Fwp%2Fv2%2Fcomments&post=1188"}],"version-history":[{"count":21,"href":"https:\/\/www.byter.de\/wordpress\/index.php?rest_route=\/wp\/v2\/pages\/1188\/revisions"}],"predecessor-version":[{"id":1239,"href":"https:\/\/www.byter.de\/wordpress\/index.php?rest_route=\/wp\/v2\/pages\/1188\/revisions\/1239"}],"up":[{"embeddable":true,"href":"https:\/\/www.byter.de\/wordpress\/index.php?rest_route=\/wp\/v2\/pages\/644"}],"wp:attachment":[{"href":"https:\/\/www.byter.de\/wordpress\/index.php?rest_route=%2Fwp%2Fv2%2Fmedia&parent=1188"}],"curies":[{"name":"wp","href":"https:\/\/api.w.org\/{rel}","templated":true}]}}