{"id":1320,"date":"2015-06-22T18:44:16","date_gmt":"2015-06-22T17:44:16","guid":{"rendered":"http:\/\/www.byter.de\/wordpress\/?page_id=1320"},"modified":"2019-01-20T17:28:10","modified_gmt":"2019-01-20T16:28:10","slug":"ardeche-2015-st-marcel-barbetteestevan-souchon-peyrejal-goule-de-foussoubie","status":"publish","type":"page","link":"https:\/\/www.byter.de\/wordpress\/?page_id=1320","title":{"rendered":"Ardeche 2015 &#8211; St. Marcel, Barbette\/Estevan, Aven Souchon, Peyrejal, Goule de Foussoubie"},"content":{"rendered":"<p style=\"text-align: center;\"><img decoding=\"async\" loading=\"lazy\" class=\"aligncenter size-full wp-image-1389\" src=\"https:\/\/www.byter.de\/wordpress\/wp-content\/uploads\/2015\/06\/Peyrejal_500.jpg\" alt=\"Peyrejal_500\" width=\"500\" height=\"381\" srcset=\"https:\/\/www.byter.de\/wordpress\/wp-content\/uploads\/2015\/06\/Peyrejal_500.jpg 500w, https:\/\/www.byter.de\/wordpress\/wp-content\/uploads\/2015\/06\/Peyrejal_500-300x228.jpg 300w\" sizes=\"(max-width: 500px) 100vw, 500px\" \/><\/p>\n<h2 style=\"text-align: center;\">eXentriX Tour 2015 &#8211; Ard\u00e8che<\/h2>\n<p>Auch in diesem Jahr ging\u00b4s mit der eXentriX-Truppe wieder auf WochenTour unter Tage &#8211; diesmal etwas fr\u00fcher als gew\u00f6hnlich schon im April. Das diesj\u00e4hrige Ziel war nach zwei Jahren Slowenien zur Abwechslung mal wieder das Departement Ard\u00e8che in S\u00fcdfrankreich \ud83d\ude09&nbsp; Wie schon im <a href=\"https:\/\/www.byter.de\/wordpress\/?page_id=671\" target=\"_blank\" rel=\"noopener\">Jahr 2012<\/a> quartierten wir uns in der N\u00e4he des malerischen \u00d6rtchens <em>La Bastide de Virac<\/em> ein, ein idealer Ausgangspunkt f\u00fcr die zahlreichen H\u00f6hlen in der Gegend&#8230;<\/p>\n<p>&nbsp;<\/p>\n<h3><strong>Tag 1 &#8211; Grotte de St. Marcel &#8211; Ressau IV<\/strong><\/h3>\n<p>Nach dem obligatorischen Eingrillen nach der langen Anfahrt am Samstag stand am ersten Tag ein Besuch der <em>Grotte de St. Marcel<\/em> auf dem Programm. Hier waren wir zwar schon mehrfach, aber bei 57km L\u00e4nge gibt es noch mehr als genug Unbekanntes zu sehen und zu entdecken. F\u00fcr diese Tour hatten wir das <em>Resseau IV<\/em> auserkoren&#8230;&nbsp; Wie sich herausstellte eine ziemlich schwei\u00dftreibende und \u00e4u\u00dferst sportliche Tour. Nicht nur die L\u00e4nge, sondern auch die zahlreichen Seileinlagen (immer wieder ging es an \u00fcberwiegend bereits eingebauten Seilen hoch und runter) forderten uns, wurden aber mit tollen Eindr\u00fccken und Bildern belohnt. Besonders der <em>Salle du Cypress<\/em> und der <em>Pont D\u00b4Arc,<\/em> die Steinbr\u00fccke kurz vor Ende des Resseaus war eindrucksvoll&#8230;&nbsp;&nbsp; Aber auch unterwegs gab es viel zu bestaunen &#8211; leider war die Zeit auf dem R\u00fcckweg dann doch etwas knapp (und nach \u00fcber 10h Tour lie\u00df auch die Motivation etwas nach), so dass die Bildausbeute etwas mager blieb. Daf\u00fcr war der Muskelkater am Folgetag umso gr\u00f6\u00dfer \ud83d\ude09<\/p>\n<p style=\"text-align: center;\"><!-- default-view.php -->\n<div\n\tclass=\"ngg-galleryoverview default-view \"\n\tid=\"ngg-gallery-62b633290958b690b0ac86742febf1da-1\">\n\n\t\t<!-- Thumbnails -->\n\t\t\t\t<div id=\"ngg-image-0\" class=\"ngg-gallery-thumbnail-box \" >\n\t\t\t\t        <div class=\"ngg-gallery-thumbnail\">\n            <a href=\"https:\/\/www.byter.de\/wordpress\/wp-content\/gallery\/ardeche-st-marcel-resseau-iv\/StMarcel_Gang1_1200.jpg\"\n               title=\"Unterwegs in der St. Marcel\"\n               data-src=\"https:\/\/www.byter.de\/wordpress\/wp-content\/gallery\/ardeche-st-marcel-resseau-iv\/StMarcel_Gang1_1200.jpg\"\n               data-thumbnail=\"https:\/\/www.byter.de\/wordpress\/wp-content\/gallery\/ardeche-st-marcel-resseau-iv\/thumbs\/thumbs_StMarcel_Gang1_1200.jpg\"\n               data-image-id=\"815\"\n               data-title=\"StMarcel_Gang1_1200\"\n               data-description=\"Unterwegs in der St. Marcel\"\n               data-image-slug=\"stmarcel_gang1_1200\"\n               class=\"ngg-fancybox\" rel=\"62b633290958b690b0ac86742febf1da\">\n                <img\n                    title=\"StMarcel_Gang1_1200\"\n                    alt=\"StMarcel_Gang1_1200\"\n                    src=\"https:\/\/www.byter.de\/wordpress\/wp-content\/gallery\/ardeche-st-marcel-resseau-iv\/thumbs\/thumbs_StMarcel_Gang1_1200.jpg\"\n                    width=\"100\"\n                    height=\"75\"\n                    style=\"max-width:100%;\"\n                \/>\n            <\/a>\n        <\/div>\n\t\t\t\t\t\t\t<\/div> \n\t\t\t\n\t\t\t\t<div id=\"ngg-image-1\" class=\"ngg-gallery-thumbnail-box \" >\n\t\t\t\t        <div class=\"ngg-gallery-thumbnail\">\n            <a href=\"https:\/\/www.byter.de\/wordpress\/wp-content\/gallery\/ardeche-st-marcel-resseau-iv\/StMarcel_Tropf3_1200.jpg\"\n               title=\"Tropfsteinformationen\"\n               data-src=\"https:\/\/www.byter.de\/wordpress\/wp-content\/gallery\/ardeche-st-marcel-resseau-iv\/StMarcel_Tropf3_1200.jpg\"\n               data-thumbnail=\"https:\/\/www.byter.de\/wordpress\/wp-content\/gallery\/ardeche-st-marcel-resseau-iv\/thumbs\/thumbs_StMarcel_Tropf3_1200.jpg\"\n               data-image-id=\"821\"\n               data-title=\"StMarcel_Tropf3_1200\"\n               data-description=\"Tropfsteinformationen\"\n               data-image-slug=\"stmarcel_tropf3_1200\"\n               class=\"ngg-fancybox\" rel=\"62b633290958b690b0ac86742febf1da\">\n                <img\n                    title=\"StMarcel_Tropf3_1200\"\n                    alt=\"StMarcel_Tropf3_1200\"\n                    src=\"https:\/\/www.byter.de\/wordpress\/wp-content\/gallery\/ardeche-st-marcel-resseau-iv\/thumbs\/thumbs_StMarcel_Tropf3_1200.jpg\"\n                    width=\"100\"\n                    height=\"75\"\n                    style=\"max-width:100%;\"\n                \/>\n            <\/a>\n        <\/div>\n\t\t\t\t\t\t\t<\/div> \n\t\t\t\n\t\t\t\t<div id=\"ngg-image-2\" class=\"ngg-gallery-thumbnail-box \" >\n\t\t\t\t        <div class=\"ngg-gallery-thumbnail\">\n            <a href=\"https:\/\/www.byter.de\/wordpress\/wp-content\/gallery\/ardeche-st-marcel-resseau-iv\/StMarcel_Halle1_1200.jpg\"\n               title=\"Abstieg zum Pont D\u00b4Arc, Resseau IV\"\n               data-src=\"https:\/\/www.byter.de\/wordpress\/wp-content\/gallery\/ardeche-st-marcel-resseau-iv\/StMarcel_Halle1_1200.jpg\"\n               data-thumbnail=\"https:\/\/www.byter.de\/wordpress\/wp-content\/gallery\/ardeche-st-marcel-resseau-iv\/thumbs\/thumbs_StMarcel_Halle1_1200.jpg\"\n               data-image-id=\"817\"\n               data-title=\"StMarcel_Halle1_1200\"\n               data-description=\"Abstieg zum Pont D\u00b4Arc, Resseau IV\"\n               data-image-slug=\"stmarcel_halle1_1200\"\n               class=\"ngg-fancybox\" rel=\"62b633290958b690b0ac86742febf1da\">\n                <img\n                    title=\"StMarcel_Halle1_1200\"\n                    alt=\"StMarcel_Halle1_1200\"\n                    src=\"https:\/\/www.byter.de\/wordpress\/wp-content\/gallery\/ardeche-st-marcel-resseau-iv\/thumbs\/thumbs_StMarcel_Halle1_1200.jpg\"\n                    width=\"100\"\n                    height=\"75\"\n                    style=\"max-width:100%;\"\n                \/>\n            <\/a>\n        <\/div>\n\t\t\t\t\t\t\t<\/div> \n\t\t\t\n\t\t\t\t<div id=\"ngg-image-3\" class=\"ngg-gallery-thumbnail-box \" >\n\t\t\t\t        <div class=\"ngg-gallery-thumbnail\">\n            <a href=\"https:\/\/www.byter.de\/wordpress\/wp-content\/gallery\/ardeche-st-marcel-resseau-iv\/StMarcel_PontDarc1_1200.jpg\"\n               title=\"Auf dem Pont D&#039; Arc\"\n               data-src=\"https:\/\/www.byter.de\/wordpress\/wp-content\/gallery\/ardeche-st-marcel-resseau-iv\/StMarcel_PontDarc1_1200.jpg\"\n               data-thumbnail=\"https:\/\/www.byter.de\/wordpress\/wp-content\/gallery\/ardeche-st-marcel-resseau-iv\/thumbs\/thumbs_StMarcel_PontDarc1_1200.jpg\"\n               data-image-id=\"818\"\n               data-title=\"StMarcel_PontDarc1_1200\"\n               data-description=\"Auf dem Pont D&#039; Arc\"\n               data-image-slug=\"stmarcel_pontdarc1_1200\"\n               class=\"ngg-fancybox\" rel=\"62b633290958b690b0ac86742febf1da\">\n                <img\n                    title=\"StMarcel_PontDarc1_1200\"\n                    alt=\"StMarcel_PontDarc1_1200\"\n                    src=\"https:\/\/www.byter.de\/wordpress\/wp-content\/gallery\/ardeche-st-marcel-resseau-iv\/thumbs\/thumbs_StMarcel_PontDarc1_1200.jpg\"\n                    width=\"100\"\n                    height=\"75\"\n                    style=\"max-width:100%;\"\n                \/>\n            <\/a>\n        <\/div>\n\t\t\t\t\t\t\t<\/div> \n\t\t\t\n\t\t\t\t<div id=\"ngg-image-4\" class=\"ngg-gallery-thumbnail-box \" >\n\t\t\t\t        <div class=\"ngg-gallery-thumbnail\">\n            <a href=\"https:\/\/www.byter.de\/wordpress\/wp-content\/gallery\/ardeche-st-marcel-resseau-iv\/StMarcel_Tropf1_1200l.jpg\"\n               title=\"Mehr Tropsteine unterwegs...\"\n               data-src=\"https:\/\/www.byter.de\/wordpress\/wp-content\/gallery\/ardeche-st-marcel-resseau-iv\/StMarcel_Tropf1_1200l.jpg\"\n               data-thumbnail=\"https:\/\/www.byter.de\/wordpress\/wp-content\/gallery\/ardeche-st-marcel-resseau-iv\/thumbs\/thumbs_StMarcel_Tropf1_1200l.jpg\"\n               data-image-id=\"819\"\n               data-title=\"StMarcel_Tropf1_1200l\"\n               data-description=\"Mehr Tropsteine unterwegs...\"\n               data-image-slug=\"stmarcel_tropf1_1200l\"\n               class=\"ngg-fancybox\" rel=\"62b633290958b690b0ac86742febf1da\">\n                <img\n                    title=\"StMarcel_Tropf1_1200l\"\n                    alt=\"StMarcel_Tropf1_1200l\"\n                    src=\"https:\/\/www.byter.de\/wordpress\/wp-content\/gallery\/ardeche-st-marcel-resseau-iv\/thumbs\/thumbs_StMarcel_Tropf1_1200l.jpg\"\n                    width=\"100\"\n                    height=\"75\"\n                    style=\"max-width:100%;\"\n                \/>\n            <\/a>\n        <\/div>\n\t\t\t\t\t\t\t<\/div> \n\t\t\t\n\t\t\t\t<div id=\"ngg-image-5\" class=\"ngg-gallery-thumbnail-box \" >\n\t\t\t\t        <div class=\"ngg-gallery-thumbnail\">\n            <a href=\"https:\/\/www.byter.de\/wordpress\/wp-content\/gallery\/ardeche-st-marcel-resseau-iv\/StMarcel_Tropf2_1200.jpg\"\n               title=\"Noch mehr zu bestaunen...\"\n               data-src=\"https:\/\/www.byter.de\/wordpress\/wp-content\/gallery\/ardeche-st-marcel-resseau-iv\/StMarcel_Tropf2_1200.jpg\"\n               data-thumbnail=\"https:\/\/www.byter.de\/wordpress\/wp-content\/gallery\/ardeche-st-marcel-resseau-iv\/thumbs\/thumbs_StMarcel_Tropf2_1200.jpg\"\n               data-image-id=\"820\"\n               data-title=\"StMarcel_Tropf2_1200\"\n               data-description=\"Noch mehr zu bestaunen...\"\n               data-image-slug=\"stmarcel_tropf2_1200\"\n               class=\"ngg-fancybox\" rel=\"62b633290958b690b0ac86742febf1da\">\n                <img\n                    title=\"StMarcel_Tropf2_1200\"\n                    alt=\"StMarcel_Tropf2_1200\"\n                    src=\"https:\/\/www.byter.de\/wordpress\/wp-content\/gallery\/ardeche-st-marcel-resseau-iv\/thumbs\/thumbs_StMarcel_Tropf2_1200.jpg\"\n                    width=\"100\"\n                    height=\"75\"\n                    style=\"max-width:100%;\"\n                \/>\n            <\/a>\n        <\/div>\n\t\t\t\t\t\t\t<\/div> \n\t\t\t\n\t\t\t\t<div id=\"ngg-image-6\" class=\"ngg-gallery-thumbnail-box \" >\n\t\t\t\t        <div class=\"ngg-gallery-thumbnail\">\n            <a href=\"https:\/\/www.byter.de\/wordpress\/wp-content\/gallery\/ardeche-st-marcel-resseau-iv\/StMarcel_Rampe1_1200.jpg\"\n               title=\"Die Befahrung der &quot;Rampe&quot;\"\n               data-src=\"https:\/\/www.byter.de\/wordpress\/wp-content\/gallery\/ardeche-st-marcel-resseau-iv\/StMarcel_Rampe1_1200.jpg\"\n               data-thumbnail=\"https:\/\/www.byter.de\/wordpress\/wp-content\/gallery\/ardeche-st-marcel-resseau-iv\/thumbs\/thumbs_StMarcel_Rampe1_1200.jpg\"\n               data-image-id=\"851\"\n               data-title=\"StMarcel_Rampe1_1200\"\n               data-description=\"Die Befahrung der &quot;Rampe&quot;\"\n               data-image-slug=\"stmarcel_rampe1_1200\"\n               class=\"ngg-fancybox\" rel=\"62b633290958b690b0ac86742febf1da\">\n                <img\n                    title=\"StMarcel_Rampe1_1200\"\n                    alt=\"StMarcel_Rampe1_1200\"\n                    src=\"https:\/\/www.byter.de\/wordpress\/wp-content\/gallery\/ardeche-st-marcel-resseau-iv\/thumbs\/thumbs_StMarcel_Rampe1_1200.jpg\"\n                    width=\"100\"\n                    height=\"75\"\n                    style=\"max-width:100%;\"\n                \/>\n            <\/a>\n        <\/div>\n\t\t\t\t\t\t\t<\/div> \n\t\t\t\n\t\t\t\t<div id=\"ngg-image-7\" class=\"ngg-gallery-thumbnail-box \" >\n\t\t\t\t        <div class=\"ngg-gallery-thumbnail\">\n            <a href=\"https:\/\/www.byter.de\/wordpress\/wp-content\/gallery\/ardeche-st-marcel-resseau-iv\/StMarcel_SalledeCypres_1000h.jpg\"\n               title=\"Salle de Cypres\"\n               data-src=\"https:\/\/www.byter.de\/wordpress\/wp-content\/gallery\/ardeche-st-marcel-resseau-iv\/StMarcel_SalledeCypres_1000h.jpg\"\n               data-thumbnail=\"https:\/\/www.byter.de\/wordpress\/wp-content\/gallery\/ardeche-st-marcel-resseau-iv\/thumbs\/thumbs_StMarcel_SalledeCypres_1000h.jpg\"\n               data-image-id=\"852\"\n               data-title=\"StMarcel_SalledeCypres_1000h\"\n               data-description=\"Salle de Cypres\"\n               data-image-slug=\"stmarcel_salledecypres_1000h\"\n               class=\"ngg-fancybox\" rel=\"62b633290958b690b0ac86742febf1da\">\n                <img\n                    title=\"StMarcel_SalledeCypres_1000h\"\n                    alt=\"StMarcel_SalledeCypres_1000h\"\n                    src=\"https:\/\/www.byter.de\/wordpress\/wp-content\/gallery\/ardeche-st-marcel-resseau-iv\/thumbs\/thumbs_StMarcel_SalledeCypres_1000h.jpg\"\n                    width=\"100\"\n                    height=\"75\"\n                    style=\"max-width:100%;\"\n                \/>\n            <\/a>\n        <\/div>\n\t\t\t\t\t\t\t<\/div> \n\t\t\t\n\t\t\t\t<div id=\"ngg-image-8\" class=\"ngg-gallery-thumbnail-box \" >\n\t\t\t\t        <div class=\"ngg-gallery-thumbnail\">\n            <a href=\"https:\/\/www.byter.de\/wordpress\/wp-content\/gallery\/ardeche-st-marcel-resseau-iv\/StMarcel_PontDarc2_1200.jpg\"\n               title=\"Pont D\u00b4Arc\"\n               data-src=\"https:\/\/www.byter.de\/wordpress\/wp-content\/gallery\/ardeche-st-marcel-resseau-iv\/StMarcel_PontDarc2_1200.jpg\"\n               data-thumbnail=\"https:\/\/www.byter.de\/wordpress\/wp-content\/gallery\/ardeche-st-marcel-resseau-iv\/thumbs\/thumbs_StMarcel_PontDarc2_1200.jpg\"\n               data-image-id=\"878\"\n               data-title=\"StMarcel_PontDarc2_1200\"\n               data-description=\"Pont D\u00b4Arc\"\n               data-image-slug=\"stmarcel_pontdarc2_1200\"\n               class=\"ngg-fancybox\" rel=\"62b633290958b690b0ac86742febf1da\">\n                <img\n                    title=\"StMarcel_PontDarc2_1200\"\n                    alt=\"StMarcel_PontDarc2_1200\"\n                    src=\"https:\/\/www.byter.de\/wordpress\/wp-content\/gallery\/ardeche-st-marcel-resseau-iv\/thumbs\/thumbs_StMarcel_PontDarc2_1200.jpg\"\n                    width=\"100\"\n                    height=\"75\"\n                    style=\"max-width:100%;\"\n                \/>\n            <\/a>\n        <\/div>\n\t\t\t\t\t\t\t<\/div> \n\t\t\t\n\t\t\t\t<div id=\"ngg-image-9\" class=\"ngg-gallery-thumbnail-box \" >\n\t\t\t\t        <div class=\"ngg-gallery-thumbnail\">\n            <a href=\"https:\/\/www.byter.de\/wordpress\/wp-content\/gallery\/ardeche-st-marcel-resseau-iv\/StMarcel_Gruppe1_1200.jpg\"\n               title=\"Gruppenbild in der St. Marcel\"\n               data-src=\"https:\/\/www.byter.de\/wordpress\/wp-content\/gallery\/ardeche-st-marcel-resseau-iv\/StMarcel_Gruppe1_1200.jpg\"\n               data-thumbnail=\"https:\/\/www.byter.de\/wordpress\/wp-content\/gallery\/ardeche-st-marcel-resseau-iv\/thumbs\/thumbs_StMarcel_Gruppe1_1200.jpg\"\n               data-image-id=\"816\"\n               data-title=\"StMarcel_Gruppe1_1200\"\n               data-description=\"Gruppenbild in der St. Marcel\"\n               data-image-slug=\"stmarcel_gruppe1_1200\"\n               class=\"ngg-fancybox\" rel=\"62b633290958b690b0ac86742febf1da\">\n                <img\n                    title=\"StMarcel_Gruppe1_1200\"\n                    alt=\"StMarcel_Gruppe1_1200\"\n                    src=\"https:\/\/www.byter.de\/wordpress\/wp-content\/gallery\/ardeche-st-marcel-resseau-iv\/thumbs\/thumbs_StMarcel_Gruppe1_1200.jpg\"\n                    width=\"100\"\n                    height=\"75\"\n                    style=\"max-width:100%;\"\n                \/>\n            <\/a>\n        <\/div>\n\t\t\t\t\t\t\t<\/div> \n\t\t\t\n\t\n\t<br style=\"clear: both\" \/>\n\n\t\n\t\t<!-- Pagination -->\n\t<div class='ngg-clear'><\/div>\t<\/div>\n<\/p>\n<p style=\"text-align: center;\">Bildergallerie St. Marcel &#8211; Resseau IV<\/p>\n<p style=\"text-align: left;\">&nbsp;<span style=\"color: #ffffff;\">.<\/span><\/p>\n<h3><strong>Tag 2: Grotte Estevan &amp; Barbette<\/strong><\/h3>\n<p>Am zweiten Tag lie\u00dfen wir es etwas ruhiger angehen und w\u00e4hlten als Ziel die beiden Grotten <em>Estevan<\/em> und <em>Barbette<\/em>. Beide lassen sich separat befahren, sind aber auch \u00fcber einen langen schmalen Schluf miteinander verbunden (den wir aber heute mal auslie\u00dfen und lieber die beiden Haupteing\u00e4nge w\u00e4hlten \ud83d\ude09 ). Ein Teil des Teams kannte die H\u00f6hlen bereits aus einer fr\u00fcheren Tour, fand sie aber lohnenswert genug f\u00fcr einen weiteren Besuch &#8211; zu Recht, wie sich herausstellte.&nbsp; Wir teilten uns auf und w\u00e4hrend die eine H\u00e4lfte des Teams zun\u00e4chst in die <em>Barbette<\/em> einfuhr, seilte der Rest durch den ziemlich engen Einstieg in die <em>Estevan<\/em> ab&#8230; Anschlie\u00dfend wurde dann getauscht. Diesmal lie\u00dfen wir uns mehr Zeit f\u00fcr ausgiebige Foto-Sessions und so entstanden die folgenden Bilder:<\/p>\n<p style=\"text-align: center;\"><!-- default-view.php -->\n<div\n\tclass=\"ngg-galleryoverview default-view \"\n\tid=\"ngg-gallery-065135e994a46ce4a42e6354552213c0-1\">\n\n\t\t<!-- Thumbnails -->\n\t\t\t\t<div id=\"ngg-image-0\" class=\"ngg-gallery-thumbnail-box \" >\n\t\t\t\t        <div class=\"ngg-gallery-thumbnail\">\n            <a href=\"https:\/\/www.byter.de\/wordpress\/wp-content\/gallery\/ardeche-barbette-estevan\/Estevan_Einstieg_1200.jpg\"\n               title=\"(Enger!) Einstieg in die Estevan\"\n               data-src=\"https:\/\/www.byter.de\/wordpress\/wp-content\/gallery\/ardeche-barbette-estevan\/Estevan_Einstieg_1200.jpg\"\n               data-thumbnail=\"https:\/\/www.byter.de\/wordpress\/wp-content\/gallery\/ardeche-barbette-estevan\/thumbs\/thumbs_Estevan_Einstieg_1200.jpg\"\n               data-image-id=\"853\"\n               data-title=\"Estevan_Einstieg_1200\"\n               data-description=\"(Enger!) Einstieg in die Estevan\"\n               data-image-slug=\"estevan_einstieg_1200\"\n               class=\"ngg-fancybox\" rel=\"065135e994a46ce4a42e6354552213c0\">\n                <img\n                    title=\"Estevan_Einstieg_1200\"\n                    alt=\"Estevan_Einstieg_1200\"\n                    src=\"https:\/\/www.byter.de\/wordpress\/wp-content\/gallery\/ardeche-barbette-estevan\/thumbs\/thumbs_Estevan_Einstieg_1200.jpg\"\n                    width=\"100\"\n                    height=\"75\"\n                    style=\"max-width:100%;\"\n                \/>\n            <\/a>\n        <\/div>\n\t\t\t\t\t\t\t<\/div> \n\t\t\t\n\t\t\t\t<div id=\"ngg-image-1\" class=\"ngg-gallery-thumbnail-box \" >\n\t\t\t\t        <div class=\"ngg-gallery-thumbnail\">\n            <a href=\"https:\/\/www.byter.de\/wordpress\/wp-content\/gallery\/ardeche-barbette-estevan\/Estevan_BernhardAufstieg_1000h.jpg\"\n               title=\"Aufstieg in der Estevan\"\n               data-src=\"https:\/\/www.byter.de\/wordpress\/wp-content\/gallery\/ardeche-barbette-estevan\/Estevan_BernhardAufstieg_1000h.jpg\"\n               data-thumbnail=\"https:\/\/www.byter.de\/wordpress\/wp-content\/gallery\/ardeche-barbette-estevan\/thumbs\/thumbs_Estevan_BernhardAufstieg_1000h.jpg\"\n               data-image-id=\"827\"\n               data-title=\"Estevan_BernhardAufstieg_1000h\"\n               data-description=\"Aufstieg in der Estevan\"\n               data-image-slug=\"estevan_bernhardaufstieg_1000h\"\n               class=\"ngg-fancybox\" rel=\"065135e994a46ce4a42e6354552213c0\">\n                <img\n                    title=\"Estevan_BernhardAufstieg_1000h\"\n                    alt=\"Estevan_BernhardAufstieg_1000h\"\n                    src=\"https:\/\/www.byter.de\/wordpress\/wp-content\/gallery\/ardeche-barbette-estevan\/thumbs\/thumbs_Estevan_BernhardAufstieg_1000h.jpg\"\n                    width=\"100\"\n                    height=\"75\"\n                    style=\"max-width:100%;\"\n                \/>\n            <\/a>\n        <\/div>\n\t\t\t\t\t\t\t<\/div> \n\t\t\t\n\t\t\t\t<div id=\"ngg-image-2\" class=\"ngg-gallery-thumbnail-box \" >\n\t\t\t\t        <div class=\"ngg-gallery-thumbnail\">\n            <a href=\"https:\/\/www.byter.de\/wordpress\/wp-content\/gallery\/ardeche-barbette-estevan\/Estevan_Halle1_1200.jpg\"\n               title=\"Toller Anblick!\"\n               data-src=\"https:\/\/www.byter.de\/wordpress\/wp-content\/gallery\/ardeche-barbette-estevan\/Estevan_Halle1_1200.jpg\"\n               data-thumbnail=\"https:\/\/www.byter.de\/wordpress\/wp-content\/gallery\/ardeche-barbette-estevan\/thumbs\/thumbs_Estevan_Halle1_1200.jpg\"\n               data-image-id=\"828\"\n               data-title=\"Estevan_Halle1_1200\"\n               data-description=\"Toller Anblick!\"\n               data-image-slug=\"estevan_halle1_1200\"\n               class=\"ngg-fancybox\" rel=\"065135e994a46ce4a42e6354552213c0\">\n                <img\n                    title=\"Estevan_Halle1_1200\"\n                    alt=\"Estevan_Halle1_1200\"\n                    src=\"https:\/\/www.byter.de\/wordpress\/wp-content\/gallery\/ardeche-barbette-estevan\/thumbs\/thumbs_Estevan_Halle1_1200.jpg\"\n                    width=\"100\"\n                    height=\"75\"\n                    style=\"max-width:100%;\"\n                \/>\n            <\/a>\n        <\/div>\n\t\t\t\t\t\t\t<\/div> \n\t\t\t\n\t\t\t\t<div id=\"ngg-image-3\" class=\"ngg-gallery-thumbnail-box \" >\n\t\t\t\t        <div class=\"ngg-gallery-thumbnail\">\n            <a href=\"https:\/\/www.byter.de\/wordpress\/wp-content\/gallery\/ardeche-barbette-estevan\/Estevan_Halle2_1200.jpg\"\n               title=\"Kleiner Saal in der Estevan\"\n               data-src=\"https:\/\/www.byter.de\/wordpress\/wp-content\/gallery\/ardeche-barbette-estevan\/Estevan_Halle2_1200.jpg\"\n               data-thumbnail=\"https:\/\/www.byter.de\/wordpress\/wp-content\/gallery\/ardeche-barbette-estevan\/thumbs\/thumbs_Estevan_Halle2_1200.jpg\"\n               data-image-id=\"829\"\n               data-title=\"Estevan_Halle2_1200\"\n               data-description=\"Kleiner Saal in der Estevan\"\n               data-image-slug=\"estevan_halle2_1200\"\n               class=\"ngg-fancybox\" rel=\"065135e994a46ce4a42e6354552213c0\">\n                <img\n                    title=\"Estevan_Halle2_1200\"\n                    alt=\"Estevan_Halle2_1200\"\n                    src=\"https:\/\/www.byter.de\/wordpress\/wp-content\/gallery\/ardeche-barbette-estevan\/thumbs\/thumbs_Estevan_Halle2_1200.jpg\"\n                    width=\"100\"\n                    height=\"75\"\n                    style=\"max-width:100%;\"\n                \/>\n            <\/a>\n        <\/div>\n\t\t\t\t\t\t\t<\/div> \n\t\t\t\n\t\t\t\t<div id=\"ngg-image-4\" class=\"ngg-gallery-thumbnail-box \" >\n\t\t\t\t        <div class=\"ngg-gallery-thumbnail\">\n            <a href=\"https:\/\/www.byter.de\/wordpress\/wp-content\/gallery\/ardeche-barbette-estevan\/Estevan_ImGang1_1000h.jpg\"\n               title=\"Im Gang :)\"\n               data-src=\"https:\/\/www.byter.de\/wordpress\/wp-content\/gallery\/ardeche-barbette-estevan\/Estevan_ImGang1_1000h.jpg\"\n               data-thumbnail=\"https:\/\/www.byter.de\/wordpress\/wp-content\/gallery\/ardeche-barbette-estevan\/thumbs\/thumbs_Estevan_ImGang1_1000h.jpg\"\n               data-image-id=\"836\"\n               data-title=\"Estevan_ImGang1_1000h\"\n               data-description=\"Im Gang :)\"\n               data-image-slug=\"estevan_imgang1_1000h\"\n               class=\"ngg-fancybox\" rel=\"065135e994a46ce4a42e6354552213c0\">\n                <img\n                    title=\"Estevan_ImGang1_1000h\"\n                    alt=\"Estevan_ImGang1_1000h\"\n                    src=\"https:\/\/www.byter.de\/wordpress\/wp-content\/gallery\/ardeche-barbette-estevan\/thumbs\/thumbs_Estevan_ImGang1_1000h.jpg\"\n                    width=\"100\"\n                    height=\"75\"\n                    style=\"max-width:100%;\"\n                \/>\n            <\/a>\n        <\/div>\n\t\t\t\t\t\t\t<\/div> \n\t\t\t\n\t\t\t\t<div id=\"ngg-image-5\" class=\"ngg-gallery-thumbnail-box \" >\n\t\t\t\t        <div class=\"ngg-gallery-thumbnail\">\n            <a href=\"https:\/\/www.byter.de\/wordpress\/wp-content\/gallery\/ardeche-barbette-estevan\/Estevan_Bernhard1_1000h.jpg\"\n               title=\"Bernhard bewundert die Tropfsteine\"\n               data-src=\"https:\/\/www.byter.de\/wordpress\/wp-content\/gallery\/ardeche-barbette-estevan\/Estevan_Bernhard1_1000h.jpg\"\n               data-thumbnail=\"https:\/\/www.byter.de\/wordpress\/wp-content\/gallery\/ardeche-barbette-estevan\/thumbs\/thumbs_Estevan_Bernhard1_1000h.jpg\"\n               data-image-id=\"825\"\n               data-title=\"Estevan_Bernhard1_1000h\"\n               data-description=\"Bernhard bewundert die Tropfsteine\"\n               data-image-slug=\"estevan_bernhard1_1000h\"\n               class=\"ngg-fancybox\" rel=\"065135e994a46ce4a42e6354552213c0\">\n                <img\n                    title=\"Estevan_Bernhard1_1000h\"\n                    alt=\"Estevan_Bernhard1_1000h\"\n                    src=\"https:\/\/www.byter.de\/wordpress\/wp-content\/gallery\/ardeche-barbette-estevan\/thumbs\/thumbs_Estevan_Bernhard1_1000h.jpg\"\n                    width=\"100\"\n                    height=\"75\"\n                    style=\"max-width:100%;\"\n                \/>\n            <\/a>\n        <\/div>\n\t\t\t\t\t\t\t<\/div> \n\t\t\t\n\t\t\t\t<div id=\"ngg-image-6\" class=\"ngg-gallery-thumbnail-box \" >\n\t\t\t\t        <div class=\"ngg-gallery-thumbnail\">\n            <a href=\"https:\/\/www.byter.de\/wordpress\/wp-content\/gallery\/ardeche-barbette-estevan\/Estevan_Halle6_1200.jpg\"\n               title=\"Gro\u00dfe Halle\"\n               data-src=\"https:\/\/www.byter.de\/wordpress\/wp-content\/gallery\/ardeche-barbette-estevan\/Estevan_Halle6_1200.jpg\"\n               data-thumbnail=\"https:\/\/www.byter.de\/wordpress\/wp-content\/gallery\/ardeche-barbette-estevan\/thumbs\/thumbs_Estevan_Halle6_1200.jpg\"\n               data-image-id=\"833\"\n               data-title=\"Estevan_Halle6_1200\"\n               data-description=\"Gro\u00dfe Halle\"\n               data-image-slug=\"estevan_halle6_1200\"\n               class=\"ngg-fancybox\" rel=\"065135e994a46ce4a42e6354552213c0\">\n                <img\n                    title=\"Estevan_Halle6_1200\"\n                    alt=\"Estevan_Halle6_1200\"\n                    src=\"https:\/\/www.byter.de\/wordpress\/wp-content\/gallery\/ardeche-barbette-estevan\/thumbs\/thumbs_Estevan_Halle6_1200.jpg\"\n                    width=\"100\"\n                    height=\"75\"\n                    style=\"max-width:100%;\"\n                \/>\n            <\/a>\n        <\/div>\n\t\t\t\t\t\t\t<\/div> \n\t\t\t\n\t\t\t\t<div id=\"ngg-image-7\" class=\"ngg-gallery-thumbnail-box \" >\n\t\t\t\t        <div class=\"ngg-gallery-thumbnail\">\n            <a href=\"https:\/\/www.byter.de\/wordpress\/wp-content\/gallery\/ardeche-barbette-estevan\/Estevan_Bernhard2_1200.jpg\"\n               title=\"Nicht immer einfach, den richtigen Weg zu finden...\"\n               data-src=\"https:\/\/www.byter.de\/wordpress\/wp-content\/gallery\/ardeche-barbette-estevan\/Estevan_Bernhard2_1200.jpg\"\n               data-thumbnail=\"https:\/\/www.byter.de\/wordpress\/wp-content\/gallery\/ardeche-barbette-estevan\/thumbs\/thumbs_Estevan_Bernhard2_1200.jpg\"\n               data-image-id=\"826\"\n               data-title=\"Estevan_Bernhard2_1200\"\n               data-description=\"Nicht immer einfach, den richtigen Weg zu finden...\"\n               data-image-slug=\"estevan_bernhard2_1200\"\n               class=\"ngg-fancybox\" rel=\"065135e994a46ce4a42e6354552213c0\">\n                <img\n                    title=\"Estevan_Bernhard2_1200\"\n                    alt=\"Estevan_Bernhard2_1200\"\n                    src=\"https:\/\/www.byter.de\/wordpress\/wp-content\/gallery\/ardeche-barbette-estevan\/thumbs\/thumbs_Estevan_Bernhard2_1200.jpg\"\n                    width=\"100\"\n                    height=\"75\"\n                    style=\"max-width:100%;\"\n                \/>\n            <\/a>\n        <\/div>\n\t\t\t\t\t\t\t<\/div> \n\t\t\t\n\t\t\t\t<div id=\"ngg-image-8\" class=\"ngg-gallery-thumbnail-box \" >\n\t\t\t\t        <div class=\"ngg-gallery-thumbnail\">\n            <a href=\"https:\/\/www.byter.de\/wordpress\/wp-content\/gallery\/ardeche-barbette-estevan\/Barbette_Lichtschlund_1200.jpg\"\n               title=\"Schacht in der Barbette\"\n               data-src=\"https:\/\/www.byter.de\/wordpress\/wp-content\/gallery\/ardeche-barbette-estevan\/Barbette_Lichtschlund_1200.jpg\"\n               data-thumbnail=\"https:\/\/www.byter.de\/wordpress\/wp-content\/gallery\/ardeche-barbette-estevan\/thumbs\/thumbs_Barbette_Lichtschlund_1200.jpg\"\n               data-image-id=\"822\"\n               data-title=\"Barbette_Lichtschlund_1200\"\n               data-description=\"Schacht in der Barbette\"\n               data-image-slug=\"barbette_lichtschlund_1200\"\n               class=\"ngg-fancybox\" rel=\"065135e994a46ce4a42e6354552213c0\">\n                <img\n                    title=\"Barbette_Lichtschlund_1200\"\n                    alt=\"Barbette_Lichtschlund_1200\"\n                    src=\"https:\/\/www.byter.de\/wordpress\/wp-content\/gallery\/ardeche-barbette-estevan\/thumbs\/thumbs_Barbette_Lichtschlund_1200.jpg\"\n                    width=\"100\"\n                    height=\"75\"\n                    style=\"max-width:100%;\"\n                \/>\n            <\/a>\n        <\/div>\n\t\t\t\t\t\t\t<\/div> \n\t\t\t\n\t\t\t\t<div id=\"ngg-image-9\" class=\"ngg-gallery-thumbnail-box \" >\n\t\t\t\t        <div class=\"ngg-gallery-thumbnail\">\n            <a href=\"https:\/\/www.byter.de\/wordpress\/wp-content\/gallery\/ardeche-barbette-estevan\/Estevan_Halle3_1200.jpg\"\n               title=\"Noch mehr Tropfsteine\"\n               data-src=\"https:\/\/www.byter.de\/wordpress\/wp-content\/gallery\/ardeche-barbette-estevan\/Estevan_Halle3_1200.jpg\"\n               data-thumbnail=\"https:\/\/www.byter.de\/wordpress\/wp-content\/gallery\/ardeche-barbette-estevan\/thumbs\/thumbs_Estevan_Halle3_1200.jpg\"\n               data-image-id=\"830\"\n               data-title=\"Estevan_Halle3_1200\"\n               data-description=\"Noch mehr Tropfsteine\"\n               data-image-slug=\"estevan_halle3_1200\"\n               class=\"ngg-fancybox\" rel=\"065135e994a46ce4a42e6354552213c0\">\n                <img\n                    title=\"Estevan_Halle3_1200\"\n                    alt=\"Estevan_Halle3_1200\"\n                    src=\"https:\/\/www.byter.de\/wordpress\/wp-content\/gallery\/ardeche-barbette-estevan\/thumbs\/thumbs_Estevan_Halle3_1200.jpg\"\n                    width=\"100\"\n                    height=\"75\"\n                    style=\"max-width:100%;\"\n                \/>\n            <\/a>\n        <\/div>\n\t\t\t\t\t\t\t<\/div> \n\t\t\t\n\t\t\t\t<div id=\"ngg-image-10\" class=\"ngg-gallery-thumbnail-box \" >\n\t\t\t\t        <div class=\"ngg-gallery-thumbnail\">\n            <a href=\"https:\/\/www.byter.de\/wordpress\/wp-content\/gallery\/ardeche-barbette-estevan\/Estevan_Halle4_1200.jpg\"\n               title=\"...\"\n               data-src=\"https:\/\/www.byter.de\/wordpress\/wp-content\/gallery\/ardeche-barbette-estevan\/Estevan_Halle4_1200.jpg\"\n               data-thumbnail=\"https:\/\/www.byter.de\/wordpress\/wp-content\/gallery\/ardeche-barbette-estevan\/thumbs\/thumbs_Estevan_Halle4_1200.jpg\"\n               data-image-id=\"831\"\n               data-title=\"Estevan_Halle4_1200\"\n               data-description=\"...\"\n               data-image-slug=\"estevan_halle4_1200\"\n               class=\"ngg-fancybox\" rel=\"065135e994a46ce4a42e6354552213c0\">\n                <img\n                    title=\"Estevan_Halle4_1200\"\n                    alt=\"Estevan_Halle4_1200\"\n                    src=\"https:\/\/www.byter.de\/wordpress\/wp-content\/gallery\/ardeche-barbette-estevan\/thumbs\/thumbs_Estevan_Halle4_1200.jpg\"\n                    width=\"100\"\n                    height=\"75\"\n                    style=\"max-width:100%;\"\n                \/>\n            <\/a>\n        <\/div>\n\t\t\t\t\t\t\t<\/div> \n\t\t\t\n\t\t\t\t<div id=\"ngg-image-11\" class=\"ngg-gallery-thumbnail-box \" >\n\t\t\t\t        <div class=\"ngg-gallery-thumbnail\">\n            <a href=\"https:\/\/www.byter.de\/wordpress\/wp-content\/gallery\/ardeche-barbette-estevan\/Estevan_ImGang2_1000h.jpg\"\n               title=\"Pause\"\n               data-src=\"https:\/\/www.byter.de\/wordpress\/wp-content\/gallery\/ardeche-barbette-estevan\/Estevan_ImGang2_1000h.jpg\"\n               data-thumbnail=\"https:\/\/www.byter.de\/wordpress\/wp-content\/gallery\/ardeche-barbette-estevan\/thumbs\/thumbs_Estevan_ImGang2_1000h.jpg\"\n               data-image-id=\"837\"\n               data-title=\"Estevan_ImGang2_1000h\"\n               data-description=\"Pause\"\n               data-image-slug=\"estevan_imgang2_1000h\"\n               class=\"ngg-fancybox\" rel=\"065135e994a46ce4a42e6354552213c0\">\n                <img\n                    title=\"Estevan_ImGang2_1000h\"\n                    alt=\"Estevan_ImGang2_1000h\"\n                    src=\"https:\/\/www.byter.de\/wordpress\/wp-content\/gallery\/ardeche-barbette-estevan\/thumbs\/thumbs_Estevan_ImGang2_1000h.jpg\"\n                    width=\"100\"\n                    height=\"75\"\n                    style=\"max-width:100%;\"\n                \/>\n            <\/a>\n        <\/div>\n\t\t\t\t\t\t\t<\/div> \n\t\t\t\n\t\t\t\t<div id=\"ngg-image-12\" class=\"ngg-gallery-thumbnail-box \" >\n\t\t\t\t        <div class=\"ngg-gallery-thumbnail\">\n            <a href=\"https:\/\/www.byter.de\/wordpress\/wp-content\/gallery\/ardeche-barbette-estevan\/Estevan_Halle5_1200.jpg\"\n               title=\"Tropfsteine wohin das Auge reicht...\"\n               data-src=\"https:\/\/www.byter.de\/wordpress\/wp-content\/gallery\/ardeche-barbette-estevan\/Estevan_Halle5_1200.jpg\"\n               data-thumbnail=\"https:\/\/www.byter.de\/wordpress\/wp-content\/gallery\/ardeche-barbette-estevan\/thumbs\/thumbs_Estevan_Halle5_1200.jpg\"\n               data-image-id=\"832\"\n               data-title=\"Estevan_Halle5_1200\"\n               data-description=\"Tropfsteine wohin das Auge reicht...\"\n               data-image-slug=\"estevan_halle5_1200\"\n               class=\"ngg-fancybox\" rel=\"065135e994a46ce4a42e6354552213c0\">\n                <img\n                    title=\"Estevan_Halle5_1200\"\n                    alt=\"Estevan_Halle5_1200\"\n                    src=\"https:\/\/www.byter.de\/wordpress\/wp-content\/gallery\/ardeche-barbette-estevan\/thumbs\/thumbs_Estevan_Halle5_1200.jpg\"\n                    width=\"100\"\n                    height=\"75\"\n                    style=\"max-width:100%;\"\n                \/>\n            <\/a>\n        <\/div>\n\t\t\t\t\t\t\t<\/div> \n\t\t\t\n\t\t\t\t<div id=\"ngg-image-13\" class=\"ngg-gallery-thumbnail-box \" >\n\t\t\t\t        <div class=\"ngg-gallery-thumbnail\">\n            <a href=\"https:\/\/www.byter.de\/wordpress\/wp-content\/gallery\/ardeche-barbette-estevan\/Estevan_Halle7_1200.jpg\"\n               title=\"Da oben!\"\n               data-src=\"https:\/\/www.byter.de\/wordpress\/wp-content\/gallery\/ardeche-barbette-estevan\/Estevan_Halle7_1200.jpg\"\n               data-thumbnail=\"https:\/\/www.byter.de\/wordpress\/wp-content\/gallery\/ardeche-barbette-estevan\/thumbs\/thumbs_Estevan_Halle7_1200.jpg\"\n               data-image-id=\"834\"\n               data-title=\"Estevan_Halle7_1200\"\n               data-description=\"Da oben!\"\n               data-image-slug=\"estevan_halle7_1200\"\n               class=\"ngg-fancybox\" rel=\"065135e994a46ce4a42e6354552213c0\">\n                <img\n                    title=\"Estevan_Halle7_1200\"\n                    alt=\"Estevan_Halle7_1200\"\n                    src=\"https:\/\/www.byter.de\/wordpress\/wp-content\/gallery\/ardeche-barbette-estevan\/thumbs\/thumbs_Estevan_Halle7_1200.jpg\"\n                    width=\"100\"\n                    height=\"75\"\n                    style=\"max-width:100%;\"\n                \/>\n            <\/a>\n        <\/div>\n\t\t\t\t\t\t\t<\/div> \n\t\t\t\n\t\t\t\t<div id=\"ngg-image-14\" class=\"ngg-gallery-thumbnail-box \" >\n\t\t\t\t        <div class=\"ngg-gallery-thumbnail\">\n            <a href=\"https:\/\/www.byter.de\/wordpress\/wp-content\/gallery\/ardeche-barbette-estevan\/Estevan_Halle8_1200.jpg\"\n               title=\"Einfach nur sch\u00f6n :)\"\n               data-src=\"https:\/\/www.byter.de\/wordpress\/wp-content\/gallery\/ardeche-barbette-estevan\/Estevan_Halle8_1200.jpg\"\n               data-thumbnail=\"https:\/\/www.byter.de\/wordpress\/wp-content\/gallery\/ardeche-barbette-estevan\/thumbs\/thumbs_Estevan_Halle8_1200.jpg\"\n               data-image-id=\"835\"\n               data-title=\"Estevan_Halle8_1200\"\n               data-description=\"Einfach nur sch\u00f6n :)\"\n               data-image-slug=\"estevan_halle8_1200\"\n               class=\"ngg-fancybox\" rel=\"065135e994a46ce4a42e6354552213c0\">\n                <img\n                    title=\"Estevan_Halle8_1200\"\n                    alt=\"Estevan_Halle8_1200\"\n                    src=\"https:\/\/www.byter.de\/wordpress\/wp-content\/gallery\/ardeche-barbette-estevan\/thumbs\/thumbs_Estevan_Halle8_1200.jpg\"\n                    width=\"100\"\n                    height=\"75\"\n                    style=\"max-width:100%;\"\n                \/>\n            <\/a>\n        <\/div>\n\t\t\t\t\t\t\t<\/div> \n\t\t\t\n\t\t\t\t<div id=\"ngg-image-15\" class=\"ngg-gallery-thumbnail-box \" >\n\t\t\t\t        <div class=\"ngg-gallery-thumbnail\">\n            <a href=\"https:\/\/www.byter.de\/wordpress\/wp-content\/gallery\/ardeche-barbette-estevan\/Estevan_ImGang3_1000h.jpg\"\n               title=\"\"\n               data-src=\"https:\/\/www.byter.de\/wordpress\/wp-content\/gallery\/ardeche-barbette-estevan\/Estevan_ImGang3_1000h.jpg\"\n               data-thumbnail=\"https:\/\/www.byter.de\/wordpress\/wp-content\/gallery\/ardeche-barbette-estevan\/thumbs\/thumbs_Estevan_ImGang3_1000h.jpg\"\n               data-image-id=\"838\"\n               data-title=\"Estevan_ImGang3_1000h\"\n               data-description=\"\"\n               data-image-slug=\"estevan_imgang3_1000h\"\n               class=\"ngg-fancybox\" rel=\"065135e994a46ce4a42e6354552213c0\">\n                <img\n                    title=\"Estevan_ImGang3_1000h\"\n                    alt=\"Estevan_ImGang3_1000h\"\n                    src=\"https:\/\/www.byter.de\/wordpress\/wp-content\/gallery\/ardeche-barbette-estevan\/thumbs\/thumbs_Estevan_ImGang3_1000h.jpg\"\n                    width=\"100\"\n                    height=\"75\"\n                    style=\"max-width:100%;\"\n                \/>\n            <\/a>\n        <\/div>\n\t\t\t\t\t\t\t<\/div> \n\t\t\t\n\t\t\t\t<div id=\"ngg-image-16\" class=\"ngg-gallery-thumbnail-box \" >\n\t\t\t\t        <div class=\"ngg-gallery-thumbnail\">\n            <a href=\"https:\/\/www.byter.de\/wordpress\/wp-content\/gallery\/ardeche-barbette-estevan\/Estevan_WeisseHalle1_1200.jpg\"\n               title=\"Die Halle der &quot;Weissen&quot;\"\n               data-src=\"https:\/\/www.byter.de\/wordpress\/wp-content\/gallery\/ardeche-barbette-estevan\/Estevan_WeisseHalle1_1200.jpg\"\n               data-thumbnail=\"https:\/\/www.byter.de\/wordpress\/wp-content\/gallery\/ardeche-barbette-estevan\/thumbs\/thumbs_Estevan_WeisseHalle1_1200.jpg\"\n               data-image-id=\"839\"\n               data-title=\"Estevan_WeisseHalle1_1200\"\n               data-description=\"Die Halle der &quot;Weissen&quot;\"\n               data-image-slug=\"estevan_weissehalle1_1200\"\n               class=\"ngg-fancybox\" rel=\"065135e994a46ce4a42e6354552213c0\">\n                <img\n                    title=\"Estevan_WeisseHalle1_1200\"\n                    alt=\"Estevan_WeisseHalle1_1200\"\n                    src=\"https:\/\/www.byter.de\/wordpress\/wp-content\/gallery\/ardeche-barbette-estevan\/thumbs\/thumbs_Estevan_WeisseHalle1_1200.jpg\"\n                    width=\"100\"\n                    height=\"75\"\n                    style=\"max-width:100%;\"\n                \/>\n            <\/a>\n        <\/div>\n\t\t\t\t\t\t\t<\/div> \n\t\t\t\n\t\t\t\t<div id=\"ngg-image-17\" class=\"ngg-gallery-thumbnail-box \" >\n\t\t\t\t        <div class=\"ngg-gallery-thumbnail\">\n            <a href=\"https:\/\/www.byter.de\/wordpress\/wp-content\/gallery\/ardeche-barbette-estevan\/Estevan_WeisseHalle2_1200.jpg\"\n               title=\"Noch mehr schneewei\u00df...\"\n               data-src=\"https:\/\/www.byter.de\/wordpress\/wp-content\/gallery\/ardeche-barbette-estevan\/Estevan_WeisseHalle2_1200.jpg\"\n               data-thumbnail=\"https:\/\/www.byter.de\/wordpress\/wp-content\/gallery\/ardeche-barbette-estevan\/thumbs\/thumbs_Estevan_WeisseHalle2_1200.jpg\"\n               data-image-id=\"840\"\n               data-title=\"Estevan_WeisseHalle2_1200\"\n               data-description=\"Noch mehr schneewei\u00df...\"\n               data-image-slug=\"estevan_weissehalle2_1200\"\n               class=\"ngg-fancybox\" rel=\"065135e994a46ce4a42e6354552213c0\">\n                <img\n                    title=\"Estevan_WeisseHalle2_1200\"\n                    alt=\"Estevan_WeisseHalle2_1200\"\n                    src=\"https:\/\/www.byter.de\/wordpress\/wp-content\/gallery\/ardeche-barbette-estevan\/thumbs\/thumbs_Estevan_WeisseHalle2_1200.jpg\"\n                    width=\"100\"\n                    height=\"75\"\n                    style=\"max-width:100%;\"\n                \/>\n            <\/a>\n        <\/div>\n\t\t\t\t\t\t\t<\/div> \n\t\t\t\n\t\t\t\t<div id=\"ngg-image-18\" class=\"ngg-gallery-thumbnail-box \" >\n\t\t\t\t        <div class=\"ngg-gallery-thumbnail\">\n            <a href=\"https:\/\/www.byter.de\/wordpress\/wp-content\/gallery\/ardeche-barbette-estevan\/Barbette_SchachtBernhard1_1000h.jpg\"\n               title=\"Schacht in der Barbette\"\n               data-src=\"https:\/\/www.byter.de\/wordpress\/wp-content\/gallery\/ardeche-barbette-estevan\/Barbette_SchachtBernhard1_1000h.jpg\"\n               data-thumbnail=\"https:\/\/www.byter.de\/wordpress\/wp-content\/gallery\/ardeche-barbette-estevan\/thumbs\/thumbs_Barbette_SchachtBernhard1_1000h.jpg\"\n               data-image-id=\"823\"\n               data-title=\"Barbette_SchachtBernhard1_1000h\"\n               data-description=\"Schacht in der Barbette\"\n               data-image-slug=\"barbette_schachtbernhard1_1000h\"\n               class=\"ngg-fancybox\" rel=\"065135e994a46ce4a42e6354552213c0\">\n                <img\n                    title=\"Barbette_SchachtBernhard1_1000h\"\n                    alt=\"Barbette_SchachtBernhard1_1000h\"\n                    src=\"https:\/\/www.byter.de\/wordpress\/wp-content\/gallery\/ardeche-barbette-estevan\/thumbs\/thumbs_Barbette_SchachtBernhard1_1000h.jpg\"\n                    width=\"100\"\n                    height=\"75\"\n                    style=\"max-width:100%;\"\n                \/>\n            <\/a>\n        <\/div>\n\t\t\t\t\t\t\t<\/div> \n\t\t\t\n\t\t\t\t<div id=\"ngg-image-19\" class=\"ngg-gallery-thumbnail-box \" >\n\t\t\t\t        <div class=\"ngg-gallery-thumbnail\">\n            <a href=\"https:\/\/www.byter.de\/wordpress\/wp-content\/gallery\/ardeche-barbette-estevan\/Barbette_SchachtBernhard2_1200.jpg\"\n               title=\"Bernhard im Schlund :)\"\n               data-src=\"https:\/\/www.byter.de\/wordpress\/wp-content\/gallery\/ardeche-barbette-estevan\/Barbette_SchachtBernhard2_1200.jpg\"\n               data-thumbnail=\"https:\/\/www.byter.de\/wordpress\/wp-content\/gallery\/ardeche-barbette-estevan\/thumbs\/thumbs_Barbette_SchachtBernhard2_1200.jpg\"\n               data-image-id=\"824\"\n               data-title=\"Barbette_SchachtBernhard2_1200\"\n               data-description=\"Bernhard im Schlund :)\"\n               data-image-slug=\"barbette_schachtbernhard2_1200\"\n               class=\"ngg-fancybox\" rel=\"065135e994a46ce4a42e6354552213c0\">\n                <img\n                    title=\"Barbette_SchachtBernhard2_1200\"\n                    alt=\"Barbette_SchachtBernhard2_1200\"\n                    src=\"https:\/\/www.byter.de\/wordpress\/wp-content\/gallery\/ardeche-barbette-estevan\/thumbs\/thumbs_Barbette_SchachtBernhard2_1200.jpg\"\n                    width=\"100\"\n                    height=\"75\"\n                    style=\"max-width:100%;\"\n                \/>\n            <\/a>\n        <\/div>\n\t\t\t\t\t\t\t<\/div> \n\t\t\t\n\t\n\t<br style=\"clear: both\" \/>\n\n\t\n\t\t<!-- Pagination -->\n\t<div class='ngg-clear'><\/div>\t<\/div>\n<\/p>\n<p style=\"text-align: center;\">Bildergallerie Grotte Estevan &amp; Barbette<\/p>\n<p style=\"text-align: left;\"><span style=\"color: #ffffff;\">..<\/span><\/p>\n<h3><strong>Tag 3: Aven Souchon<\/strong><\/h3>\n<p>Am dritten Tag stand die <em>Aven Souchon<\/em> auf dem Programm. \u00dcber diese H\u00f6hle hatten wir im Vorfeld einiges geh\u00f6rt\/gelesen und waren sehr gespannt &#8211; es war die Rede von einem erst k\u00fcrzlich entdeckten H\u00f6hlenbereich mit wei\u00dfem, unber\u00fchrtem Sinter und einer nahezu unber\u00fchrten H\u00f6hle&#8230;&nbsp;&nbsp; Leider sollte sich herausstellen, dass die Berichte wohl schon ein wenig \u00e4lter waren und die <em>Aven Souchon<\/em> leider nicht mehr ganz so unber\u00fchrt war&#8230;&nbsp; Nichtsdestotrotz ist sie \u00e4u\u00dferst sehenswert und die auch der sportliche Aspekt kommt hier definitiv nicht zu kurz: es gibt einige sehr knackige Engstellen und \u00fcber 100m vertikale Seilstrecken auf dem Weg nach unten. Immer wieder seilt man direkt an tollen Tropfsteinen vorbei, die zum Teil gigantische Ausma\u00dfe annehmen &#8211; ein tolles Erlebnis.<\/p>\n<p><img decoding=\"async\" loading=\"lazy\" class=\"aligncenter size-full wp-image-1413\" src=\"https:\/\/www.byter.de\/wordpress\/wp-content\/uploads\/2015\/06\/Souchon_500h.jpg\" alt=\"Souchon_500h\" width=\"346\" height=\"500\" srcset=\"https:\/\/www.byter.de\/wordpress\/wp-content\/uploads\/2015\/06\/Souchon_500h.jpg 346w, https:\/\/www.byter.de\/wordpress\/wp-content\/uploads\/2015\/06\/Souchon_500h-207x300.jpg 207w\" sizes=\"(max-width: 346px) 100vw, 346px\" \/><\/p>\n<p>Kurz vor Erreichen des H\u00f6hlenendes (der letzte Seil-Abschnitt war gerade geschafft) schlug hier zum ersten Mal unser CO\u00b2-Warnger\u00e4t an und zwang uns zur Umkehr, so dass wir nach knapp 7 Stunden wieder das Tageslicht erblickten.<\/p>\n<p style=\"text-align: center;\"><!-- default-view.php -->\n<div\n\tclass=\"ngg-galleryoverview default-view \"\n\tid=\"ngg-gallery-1ebd55903800e8c7df65293daa6e3b4d-1\">\n\n\t\t<!-- Thumbnails -->\n\t\t\t\t<div id=\"ngg-image-0\" class=\"ngg-gallery-thumbnail-box \" >\n\t\t\t\t        <div class=\"ngg-gallery-thumbnail\">\n            <a href=\"https:\/\/www.byter.de\/wordpress\/wp-content\/gallery\/ardeche-aven-souchon\/Souchon_Aufstieg1_1000h.jpg\"\n               title=\"Aufstieg in der Aven Souchen\"\n               data-src=\"https:\/\/www.byter.de\/wordpress\/wp-content\/gallery\/ardeche-aven-souchon\/Souchon_Aufstieg1_1000h.jpg\"\n               data-thumbnail=\"https:\/\/www.byter.de\/wordpress\/wp-content\/gallery\/ardeche-aven-souchon\/thumbs\/thumbs_Souchon_Aufstieg1_1000h.jpg\"\n               data-image-id=\"854\"\n               data-title=\"Souchon_Aufstieg1_1000h\"\n               data-description=\"Aufstieg in der Aven Souchen\"\n               data-image-slug=\"souchon_aufstieg1_1000h\"\n               class=\"ngg-fancybox\" rel=\"1ebd55903800e8c7df65293daa6e3b4d\">\n                <img\n                    title=\"Souchon_Aufstieg1_1000h\"\n                    alt=\"Souchon_Aufstieg1_1000h\"\n                    src=\"https:\/\/www.byter.de\/wordpress\/wp-content\/gallery\/ardeche-aven-souchon\/thumbs\/thumbs_Souchon_Aufstieg1_1000h.jpg\"\n                    width=\"100\"\n                    height=\"75\"\n                    style=\"max-width:100%;\"\n                \/>\n            <\/a>\n        <\/div>\n\t\t\t\t\t\t\t<\/div> \n\t\t\t\n\t\t\t\t<div id=\"ngg-image-1\" class=\"ngg-gallery-thumbnail-box \" >\n\t\t\t\t        <div class=\"ngg-gallery-thumbnail\">\n            <a href=\"https:\/\/www.byter.de\/wordpress\/wp-content\/gallery\/ardeche-aven-souchon\/Souchon_Aufstieg2_1000h.jpg\"\n               title=\"Im Schacht\"\n               data-src=\"https:\/\/www.byter.de\/wordpress\/wp-content\/gallery\/ardeche-aven-souchon\/Souchon_Aufstieg2_1000h.jpg\"\n               data-thumbnail=\"https:\/\/www.byter.de\/wordpress\/wp-content\/gallery\/ardeche-aven-souchon\/thumbs\/thumbs_Souchon_Aufstieg2_1000h.jpg\"\n               data-image-id=\"855\"\n               data-title=\"Souchon_Aufstieg2_1000h\"\n               data-description=\"Im Schacht\"\n               data-image-slug=\"souchon_aufstieg2_1000h\"\n               class=\"ngg-fancybox\" rel=\"1ebd55903800e8c7df65293daa6e3b4d\">\n                <img\n                    title=\"Souchon_Aufstieg2_1000h\"\n                    alt=\"Souchon_Aufstieg2_1000h\"\n                    src=\"https:\/\/www.byter.de\/wordpress\/wp-content\/gallery\/ardeche-aven-souchon\/thumbs\/thumbs_Souchon_Aufstieg2_1000h.jpg\"\n                    width=\"100\"\n                    height=\"75\"\n                    style=\"max-width:100%;\"\n                \/>\n            <\/a>\n        <\/div>\n\t\t\t\t\t\t\t<\/div> \n\t\t\t\n\t\t\t\t<div id=\"ngg-image-2\" class=\"ngg-gallery-thumbnail-box \" >\n\t\t\t\t        <div class=\"ngg-gallery-thumbnail\">\n            <a href=\"https:\/\/www.byter.de\/wordpress\/wp-content\/gallery\/ardeche-aven-souchon\/Souchon_Aufstieg3_1000h.jpg\"\n               title=\"Abh\u00e4ngen und Staunen\"\n               data-src=\"https:\/\/www.byter.de\/wordpress\/wp-content\/gallery\/ardeche-aven-souchon\/Souchon_Aufstieg3_1000h.jpg\"\n               data-thumbnail=\"https:\/\/www.byter.de\/wordpress\/wp-content\/gallery\/ardeche-aven-souchon\/thumbs\/thumbs_Souchon_Aufstieg3_1000h.jpg\"\n               data-image-id=\"856\"\n               data-title=\"Souchon_Aufstieg3_1000h\"\n               data-description=\"Abh\u00e4ngen und Staunen\"\n               data-image-slug=\"souchon_aufstieg3_1000h\"\n               class=\"ngg-fancybox\" rel=\"1ebd55903800e8c7df65293daa6e3b4d\">\n                <img\n                    title=\"Souchon_Aufstieg3_1000h\"\n                    alt=\"Souchon_Aufstieg3_1000h\"\n                    src=\"https:\/\/www.byter.de\/wordpress\/wp-content\/gallery\/ardeche-aven-souchon\/thumbs\/thumbs_Souchon_Aufstieg3_1000h.jpg\"\n                    width=\"100\"\n                    height=\"75\"\n                    style=\"max-width:100%;\"\n                \/>\n            <\/a>\n        <\/div>\n\t\t\t\t\t\t\t<\/div> \n\t\t\t\n\t\t\t\t<div id=\"ngg-image-3\" class=\"ngg-gallery-thumbnail-box \" >\n\t\t\t\t        <div class=\"ngg-gallery-thumbnail\">\n            <a href=\"https:\/\/www.byter.de\/wordpress\/wp-content\/gallery\/ardeche-aven-souchon\/Souchon_Engstelle2_1200.jpg\"\n               title=\"Markus in einer der Engstellen\"\n               data-src=\"https:\/\/www.byter.de\/wordpress\/wp-content\/gallery\/ardeche-aven-souchon\/Souchon_Engstelle2_1200.jpg\"\n               data-thumbnail=\"https:\/\/www.byter.de\/wordpress\/wp-content\/gallery\/ardeche-aven-souchon\/thumbs\/thumbs_Souchon_Engstelle2_1200.jpg\"\n               data-image-id=\"879\"\n               data-title=\"Souchon_Engstelle2_1200\"\n               data-description=\"Markus in einer der Engstellen\"\n               data-image-slug=\"souchon_engstelle2_1200\"\n               class=\"ngg-fancybox\" rel=\"1ebd55903800e8c7df65293daa6e3b4d\">\n                <img\n                    title=\"Souchon_Engstelle2_1200\"\n                    alt=\"Souchon_Engstelle2_1200\"\n                    src=\"https:\/\/www.byter.de\/wordpress\/wp-content\/gallery\/ardeche-aven-souchon\/thumbs\/thumbs_Souchon_Engstelle2_1200.jpg\"\n                    width=\"100\"\n                    height=\"75\"\n                    style=\"max-width:100%;\"\n                \/>\n            <\/a>\n        <\/div>\n\t\t\t\t\t\t\t<\/div> \n\t\t\t\n\t\t\t\t<div id=\"ngg-image-4\" class=\"ngg-gallery-thumbnail-box \" >\n\t\t\t\t        <div class=\"ngg-gallery-thumbnail\">\n            <a href=\"https:\/\/www.byter.de\/wordpress\/wp-content\/gallery\/ardeche-aven-souchon\/Souchon_Aufstieg4_1000h.jpg\"\n               title=\"Spa\u00df mit Seil :)\"\n               data-src=\"https:\/\/www.byter.de\/wordpress\/wp-content\/gallery\/ardeche-aven-souchon\/Souchon_Aufstieg4_1000h.jpg\"\n               data-thumbnail=\"https:\/\/www.byter.de\/wordpress\/wp-content\/gallery\/ardeche-aven-souchon\/thumbs\/thumbs_Souchon_Aufstieg4_1000h.jpg\"\n               data-image-id=\"857\"\n               data-title=\"Souchon_Aufstieg4_1000h\"\n               data-description=\"Spa\u00df mit Seil :)\"\n               data-image-slug=\"souchon_aufstieg4_1000h\"\n               class=\"ngg-fancybox\" rel=\"1ebd55903800e8c7df65293daa6e3b4d\">\n                <img\n                    title=\"Souchon_Aufstieg4_1000h\"\n                    alt=\"Souchon_Aufstieg4_1000h\"\n                    src=\"https:\/\/www.byter.de\/wordpress\/wp-content\/gallery\/ardeche-aven-souchon\/thumbs\/thumbs_Souchon_Aufstieg4_1000h.jpg\"\n                    width=\"100\"\n                    height=\"75\"\n                    style=\"max-width:100%;\"\n                \/>\n            <\/a>\n        <\/div>\n\t\t\t\t\t\t\t<\/div> \n\t\t\t\n\t\t\t\t<div id=\"ngg-image-5\" class=\"ngg-gallery-thumbnail-box \" >\n\t\t\t\t        <div class=\"ngg-gallery-thumbnail\">\n            <a href=\"https:\/\/www.byter.de\/wordpress\/wp-content\/gallery\/ardeche-aven-souchon\/Souchon_Halle1_1200.jpg\"\n               title=\"Lichtblicke\"\n               data-src=\"https:\/\/www.byter.de\/wordpress\/wp-content\/gallery\/ardeche-aven-souchon\/Souchon_Halle1_1200.jpg\"\n               data-thumbnail=\"https:\/\/www.byter.de\/wordpress\/wp-content\/gallery\/ardeche-aven-souchon\/thumbs\/thumbs_Souchon_Halle1_1200.jpg\"\n               data-image-id=\"859\"\n               data-title=\"Souchon_Halle1_1200\"\n               data-description=\"Lichtblicke\"\n               data-image-slug=\"souchon_halle1_1200\"\n               class=\"ngg-fancybox\" rel=\"1ebd55903800e8c7df65293daa6e3b4d\">\n                <img\n                    title=\"Souchon_Halle1_1200\"\n                    alt=\"Souchon_Halle1_1200\"\n                    src=\"https:\/\/www.byter.de\/wordpress\/wp-content\/gallery\/ardeche-aven-souchon\/thumbs\/thumbs_Souchon_Halle1_1200.jpg\"\n                    width=\"100\"\n                    height=\"75\"\n                    style=\"max-width:100%;\"\n                \/>\n            <\/a>\n        <\/div>\n\t\t\t\t\t\t\t<\/div> \n\t\t\t\n\t\t\t\t<div id=\"ngg-image-6\" class=\"ngg-gallery-thumbnail-box \" >\n\t\t\t\t        <div class=\"ngg-gallery-thumbnail\">\n            <a href=\"https:\/\/www.byter.de\/wordpress\/wp-content\/gallery\/ardeche-aven-souchon\/Souchon_RiesenTropf1_1200.jpg\"\n               title=\"Riesentropfsteine unterwegs...\"\n               data-src=\"https:\/\/www.byter.de\/wordpress\/wp-content\/gallery\/ardeche-aven-souchon\/Souchon_RiesenTropf1_1200.jpg\"\n               data-thumbnail=\"https:\/\/www.byter.de\/wordpress\/wp-content\/gallery\/ardeche-aven-souchon\/thumbs\/thumbs_Souchon_RiesenTropf1_1200.jpg\"\n               data-image-id=\"860\"\n               data-title=\"Souchon_RiesenTropf1_1200\"\n               data-description=\"Riesentropfsteine unterwegs...\"\n               data-image-slug=\"souchon_riesentropf1_1200\"\n               class=\"ngg-fancybox\" rel=\"1ebd55903800e8c7df65293daa6e3b4d\">\n                <img\n                    title=\"Souchon_RiesenTropf1_1200\"\n                    alt=\"Souchon_RiesenTropf1_1200\"\n                    src=\"https:\/\/www.byter.de\/wordpress\/wp-content\/gallery\/ardeche-aven-souchon\/thumbs\/thumbs_Souchon_RiesenTropf1_1200.jpg\"\n                    width=\"100\"\n                    height=\"75\"\n                    style=\"max-width:100%;\"\n                \/>\n            <\/a>\n        <\/div>\n\t\t\t\t\t\t\t<\/div> \n\t\t\t\n\t\t\t\t<div id=\"ngg-image-7\" class=\"ngg-gallery-thumbnail-box \" >\n\t\t\t\t        <div class=\"ngg-gallery-thumbnail\">\n            <a href=\"https:\/\/www.byter.de\/wordpress\/wp-content\/gallery\/ardeche-aven-souchon\/Souchon_Engstelle1_1000h.jpg\"\n               title=\"Noch eine Engstelle\"\n               data-src=\"https:\/\/www.byter.de\/wordpress\/wp-content\/gallery\/ardeche-aven-souchon\/Souchon_Engstelle1_1000h.jpg\"\n               data-thumbnail=\"https:\/\/www.byter.de\/wordpress\/wp-content\/gallery\/ardeche-aven-souchon\/thumbs\/thumbs_Souchon_Engstelle1_1000h.jpg\"\n               data-image-id=\"862\"\n               data-title=\"Souchon_Engstelle1_1000h\"\n               data-description=\"Noch eine Engstelle\"\n               data-image-slug=\"souchon_engstelle1_1000h\"\n               class=\"ngg-fancybox\" rel=\"1ebd55903800e8c7df65293daa6e3b4d\">\n                <img\n                    title=\"Souchon_Engstelle1_1000h\"\n                    alt=\"Souchon_Engstelle1_1000h\"\n                    src=\"https:\/\/www.byter.de\/wordpress\/wp-content\/gallery\/ardeche-aven-souchon\/thumbs\/thumbs_Souchon_Engstelle1_1000h.jpg\"\n                    width=\"100\"\n                    height=\"75\"\n                    style=\"max-width:100%;\"\n                \/>\n            <\/a>\n        <\/div>\n\t\t\t\t\t\t\t<\/div> \n\t\t\t\n\t\n\t<br style=\"clear: both\" \/>\n\n\t\n\t\t<!-- Pagination -->\n\t<div class='ngg-clear'><\/div>\t<\/div>\n<\/p>\n<p style=\"text-align: center;\">Bildergallerie Aven Souchon<\/p>\n<h3><span style=\"color: #ffffff;\">.<\/span><\/h3>\n<h3><strong>Tag 4: Event de Peyrejal<\/strong><\/h3>\n<p>Am 4. Tag entschieden wir uns f\u00fcr die <em>Event de Peyrejal<\/em>. Diese eindrucksvolle H\u00f6hle (das Titelbild oben in der &#8222;ber\u00fchmten&#8220; Druckr\u00f6hre hat sicher manch einer schon anderswo gesehen) stand schon l\u00e4nger auf unserer Wunschliste, eine Befahrung ist aber stark wetterabh\u00e4ngig, da nahezu das gesamte H\u00f6hlensystem mehrfach im Jahr komplett unter Wasser steht. Hinzu kommt, dass in der <em>Peyrejal<\/em> oftmals sehr hohe CO\u00b2-Werte erreicht werden, die eine Befahrung ebenfalls unm\u00f6glich bzw. zu gef\u00e4hrlich machen.<\/p>\n<p>Das Wetter der vergangenen Wochen war jedoch recht trocken, kein Regen angek\u00fcndigt und Gasmessger\u00e4te waren an Board &#8211; also begaben wir uns an den knapp 100m tiefen Abstieg durch den k\u00fcnstlich geschaffenen Eingang. Der erwies sich als recht anspruchsvoll und auf den ersten 20m auch als verdammt eng \ud83d\ude09&nbsp; Unten angekommen \u00e4ndert sich das Bild aber schlagartig &#8211; das SRT-Equipment wird in den kilometerweiten G\u00e4ngen (mit einer Gesamtl\u00e4nge von &gt;20km) nicht mehr ben\u00f6tigt und man kann in aller Ruhe die beeindruckenden Gallerien, kleine Seen und nat\u00fcrlich die Druckr\u00f6hren bestaunen.&nbsp; Irgendwann schlug allerdings auch hier unser Warnger\u00e4t Alarm und wir begaben uns auf den R\u00fcckweg &#8211; den sehensw\u00fcrdigsten Teil konnten wir zum Gl\u00fcck bewundern und verbuchten die Befahrung als vollen Erfolg \ud83d\ude09<\/p>\n<p style=\"text-align: center;\"><!-- default-view.php -->\n<div\n\tclass=\"ngg-galleryoverview default-view \"\n\tid=\"ngg-gallery-2caa7d90cf40480403299240962291fb-1\">\n\n\t\t<!-- Thumbnails -->\n\t\t\t\t<div id=\"ngg-image-0\" class=\"ngg-gallery-thumbnail-box \" >\n\t\t\t\t        <div class=\"ngg-gallery-thumbnail\">\n            <a href=\"https:\/\/www.byter.de\/wordpress\/wp-content\/gallery\/ardeche-peyrejal\/Peyrejal_Druckroehre2_1200.jpg\"\n               title=\"Die ber\u00fchmte Druckr\u00f6hre\"\n               data-src=\"https:\/\/www.byter.de\/wordpress\/wp-content\/gallery\/ardeche-peyrejal\/Peyrejal_Druckroehre2_1200.jpg\"\n               data-thumbnail=\"https:\/\/www.byter.de\/wordpress\/wp-content\/gallery\/ardeche-peyrejal\/thumbs\/thumbs_Peyrejal_Druckroehre2_1200.jpg\"\n               data-image-id=\"872\"\n               data-title=\"Peyrejal_Druckroehre2_1200\"\n               data-description=\"Die ber\u00fchmte Druckr\u00f6hre\"\n               data-image-slug=\"peyrejal_druckroehre2_1200\"\n               class=\"ngg-fancybox\" rel=\"2caa7d90cf40480403299240962291fb\">\n                <img\n                    title=\"Peyrejal_Druckroehre2_1200\"\n                    alt=\"Peyrejal_Druckroehre2_1200\"\n                    src=\"https:\/\/www.byter.de\/wordpress\/wp-content\/gallery\/ardeche-peyrejal\/thumbs\/thumbs_Peyrejal_Druckroehre2_1200.jpg\"\n                    width=\"100\"\n                    height=\"75\"\n                    style=\"max-width:100%;\"\n                \/>\n            <\/a>\n        <\/div>\n\t\t\t\t\t\t\t<\/div> \n\t\t\t\n\t\t\t\t<div id=\"ngg-image-1\" class=\"ngg-gallery-thumbnail-box \" >\n\t\t\t\t        <div class=\"ngg-gallery-thumbnail\">\n            <a href=\"https:\/\/www.byter.de\/wordpress\/wp-content\/gallery\/ardeche-peyrejal\/Peyrejal_See1_1200.jpg\"\n               title=\"Kleiner See unterwegs - sch\u00f6n...\"\n               data-src=\"https:\/\/www.byter.de\/wordpress\/wp-content\/gallery\/ardeche-peyrejal\/Peyrejal_See1_1200.jpg\"\n               data-thumbnail=\"https:\/\/www.byter.de\/wordpress\/wp-content\/gallery\/ardeche-peyrejal\/thumbs\/thumbs_Peyrejal_See1_1200.jpg\"\n               data-image-id=\"876\"\n               data-title=\"Peyrejal_See1_1200\"\n               data-description=\"Kleiner See unterwegs - sch\u00f6n...\"\n               data-image-slug=\"peyrejal_see1_1200\"\n               class=\"ngg-fancybox\" rel=\"2caa7d90cf40480403299240962291fb\">\n                <img\n                    title=\"Peyrejal_See1_1200\"\n                    alt=\"Peyrejal_See1_1200\"\n                    src=\"https:\/\/www.byter.de\/wordpress\/wp-content\/gallery\/ardeche-peyrejal\/thumbs\/thumbs_Peyrejal_See1_1200.jpg\"\n                    width=\"100\"\n                    height=\"75\"\n                    style=\"max-width:100%;\"\n                \/>\n            <\/a>\n        <\/div>\n\t\t\t\t\t\t\t<\/div> \n\t\t\t\n\t\t\t\t<div id=\"ngg-image-2\" class=\"ngg-gallery-thumbnail-box \" >\n\t\t\t\t        <div class=\"ngg-gallery-thumbnail\">\n            <a href=\"https:\/\/www.byter.de\/wordpress\/wp-content\/gallery\/ardeche-peyrejal\/Peyrejal_Gang1_1200.jpg\"\n               title=\"Im Gangsystem\"\n               data-src=\"https:\/\/www.byter.de\/wordpress\/wp-content\/gallery\/ardeche-peyrejal\/Peyrejal_Gang1_1200.jpg\"\n               data-thumbnail=\"https:\/\/www.byter.de\/wordpress\/wp-content\/gallery\/ardeche-peyrejal\/thumbs\/thumbs_Peyrejal_Gang1_1200.jpg\"\n               data-image-id=\"874\"\n               data-title=\"Peyrejal_Gang1_1200\"\n               data-description=\"Im Gangsystem\"\n               data-image-slug=\"peyrejal_gang1_1200\"\n               class=\"ngg-fancybox\" rel=\"2caa7d90cf40480403299240962291fb\">\n                <img\n                    title=\"Peyrejal_Gang1_1200\"\n                    alt=\"Peyrejal_Gang1_1200\"\n                    src=\"https:\/\/www.byter.de\/wordpress\/wp-content\/gallery\/ardeche-peyrejal\/thumbs\/thumbs_Peyrejal_Gang1_1200.jpg\"\n                    width=\"100\"\n                    height=\"75\"\n                    style=\"max-width:100%;\"\n                \/>\n            <\/a>\n        <\/div>\n\t\t\t\t\t\t\t<\/div> \n\t\t\t\n\t\t\t\t<div id=\"ngg-image-3\" class=\"ngg-gallery-thumbnail-box \" >\n\t\t\t\t        <div class=\"ngg-gallery-thumbnail\">\n            <a href=\"https:\/\/www.byter.de\/wordpress\/wp-content\/gallery\/ardeche-peyrejal\/Peyrejal_Abstieg1_1000.jpg\"\n               title=\"Actionbild - Abstieg in die Tiefe\"\n               data-src=\"https:\/\/www.byter.de\/wordpress\/wp-content\/gallery\/ardeche-peyrejal\/Peyrejal_Abstieg1_1000.jpg\"\n               data-thumbnail=\"https:\/\/www.byter.de\/wordpress\/wp-content\/gallery\/ardeche-peyrejal\/thumbs\/thumbs_Peyrejal_Abstieg1_1000.jpg\"\n               data-image-id=\"868\"\n               data-title=\"Peyrejal_Abstieg1_1000\"\n               data-description=\"Actionbild - Abstieg in die Tiefe\"\n               data-image-slug=\"peyrejal_abstieg1_1000\"\n               class=\"ngg-fancybox\" rel=\"2caa7d90cf40480403299240962291fb\">\n                <img\n                    title=\"Peyrejal_Abstieg1_1000\"\n                    alt=\"Peyrejal_Abstieg1_1000\"\n                    src=\"https:\/\/www.byter.de\/wordpress\/wp-content\/gallery\/ardeche-peyrejal\/thumbs\/thumbs_Peyrejal_Abstieg1_1000.jpg\"\n                    width=\"100\"\n                    height=\"75\"\n                    style=\"max-width:100%;\"\n                \/>\n            <\/a>\n        <\/div>\n\t\t\t\t\t\t\t<\/div> \n\t\t\t\n\t\t\t\t<div id=\"ngg-image-4\" class=\"ngg-gallery-thumbnail-box \" >\n\t\t\t\t        <div class=\"ngg-gallery-thumbnail\">\n            <a href=\"https:\/\/www.byter.de\/wordpress\/wp-content\/gallery\/ardeche-peyrejal\/Peyrejal_Abstieg2_1100.jpg\"\n               title=\"Actionbild II - Abstieg in die Tiefe\"\n               data-src=\"https:\/\/www.byter.de\/wordpress\/wp-content\/gallery\/ardeche-peyrejal\/Peyrejal_Abstieg2_1100.jpg\"\n               data-thumbnail=\"https:\/\/www.byter.de\/wordpress\/wp-content\/gallery\/ardeche-peyrejal\/thumbs\/thumbs_Peyrejal_Abstieg2_1100.jpg\"\n               data-image-id=\"869\"\n               data-title=\"Peyrejal_Abstieg2_1100\"\n               data-description=\"Actionbild II - Abstieg in die Tiefe\"\n               data-image-slug=\"peyrejal_abstieg2_1100\"\n               class=\"ngg-fancybox\" rel=\"2caa7d90cf40480403299240962291fb\">\n                <img\n                    title=\"Peyrejal_Abstieg2_1100\"\n                    alt=\"Peyrejal_Abstieg2_1100\"\n                    src=\"https:\/\/www.byter.de\/wordpress\/wp-content\/gallery\/ardeche-peyrejal\/thumbs\/thumbs_Peyrejal_Abstieg2_1100.jpg\"\n                    width=\"100\"\n                    height=\"75\"\n                    style=\"max-width:100%;\"\n                \/>\n            <\/a>\n        <\/div>\n\t\t\t\t\t\t\t<\/div> \n\t\t\t\n\t\t\t\t<div id=\"ngg-image-5\" class=\"ngg-gallery-thumbnail-box \" >\n\t\t\t\t        <div class=\"ngg-gallery-thumbnail\">\n            <a href=\"https:\/\/www.byter.de\/wordpress\/wp-content\/gallery\/ardeche-peyrejal\/Peyrejal_Druckroehre1_1200.jpg\"\n               title=\"Silhouette\"\n               data-src=\"https:\/\/www.byter.de\/wordpress\/wp-content\/gallery\/ardeche-peyrejal\/Peyrejal_Druckroehre1_1200.jpg\"\n               data-thumbnail=\"https:\/\/www.byter.de\/wordpress\/wp-content\/gallery\/ardeche-peyrejal\/thumbs\/thumbs_Peyrejal_Druckroehre1_1200.jpg\"\n               data-image-id=\"871\"\n               data-title=\"Peyrejal_Druckroehre1_1200\"\n               data-description=\"Silhouette\"\n               data-image-slug=\"peyrejal_druckroehre1_1200\"\n               class=\"ngg-fancybox\" rel=\"2caa7d90cf40480403299240962291fb\">\n                <img\n                    title=\"Peyrejal_Druckroehre1_1200\"\n                    alt=\"Peyrejal_Druckroehre1_1200\"\n                    src=\"https:\/\/www.byter.de\/wordpress\/wp-content\/gallery\/ardeche-peyrejal\/thumbs\/thumbs_Peyrejal_Druckroehre1_1200.jpg\"\n                    width=\"100\"\n                    height=\"75\"\n                    style=\"max-width:100%;\"\n                \/>\n            <\/a>\n        <\/div>\n\t\t\t\t\t\t\t<\/div> \n\t\t\t\n\t\t\t\t<div id=\"ngg-image-6\" class=\"ngg-gallery-thumbnail-box \" >\n\t\t\t\t        <div class=\"ngg-gallery-thumbnail\">\n            <a href=\"https:\/\/www.byter.de\/wordpress\/wp-content\/gallery\/ardeche-peyrejal\/Peyrejal_Abstieg3_1000h.jpg\"\n               title=\"Unterwegs beim Abstieg\"\n               data-src=\"https:\/\/www.byter.de\/wordpress\/wp-content\/gallery\/ardeche-peyrejal\/Peyrejal_Abstieg3_1000h.jpg\"\n               data-thumbnail=\"https:\/\/www.byter.de\/wordpress\/wp-content\/gallery\/ardeche-peyrejal\/thumbs\/thumbs_Peyrejal_Abstieg3_1000h.jpg\"\n               data-image-id=\"870\"\n               data-title=\"Peyrejal_Abstieg3_1000h\"\n               data-description=\"Unterwegs beim Abstieg\"\n               data-image-slug=\"peyrejal_abstieg3_1000h\"\n               class=\"ngg-fancybox\" rel=\"2caa7d90cf40480403299240962291fb\">\n                <img\n                    title=\"Peyrejal_Abstieg3_1000h\"\n                    alt=\"Peyrejal_Abstieg3_1000h\"\n                    src=\"https:\/\/www.byter.de\/wordpress\/wp-content\/gallery\/ardeche-peyrejal\/thumbs\/thumbs_Peyrejal_Abstieg3_1000h.jpg\"\n                    width=\"100\"\n                    height=\"75\"\n                    style=\"max-width:100%;\"\n                \/>\n            <\/a>\n        <\/div>\n\t\t\t\t\t\t\t<\/div> \n\t\t\t\n\t\t\t\t<div id=\"ngg-image-7\" class=\"ngg-gallery-thumbnail-box \" >\n\t\t\t\t        <div class=\"ngg-gallery-thumbnail\">\n            <a href=\"https:\/\/www.byter.de\/wordpress\/wp-content\/gallery\/ardeche-peyrejal\/Peyrejal_TropfBernhard1_1200.jpg\"\n               title=\"Bernhard bewundert Tropfsteine\"\n               data-src=\"https:\/\/www.byter.de\/wordpress\/wp-content\/gallery\/ardeche-peyrejal\/Peyrejal_TropfBernhard1_1200.jpg\"\n               data-thumbnail=\"https:\/\/www.byter.de\/wordpress\/wp-content\/gallery\/ardeche-peyrejal\/thumbs\/thumbs_Peyrejal_TropfBernhard1_1200.jpg\"\n               data-image-id=\"877\"\n               data-title=\"Peyrejal_TropfBernhard1_1200\"\n               data-description=\"Bernhard bewundert Tropfsteine\"\n               data-image-slug=\"peyrejal_tropfbernhard1_1200\"\n               class=\"ngg-fancybox\" rel=\"2caa7d90cf40480403299240962291fb\">\n                <img\n                    title=\"Peyrejal_TropfBernhard1_1200\"\n                    alt=\"Peyrejal_TropfBernhard1_1200\"\n                    src=\"https:\/\/www.byter.de\/wordpress\/wp-content\/gallery\/ardeche-peyrejal\/thumbs\/thumbs_Peyrejal_TropfBernhard1_1200.jpg\"\n                    width=\"100\"\n                    height=\"75\"\n                    style=\"max-width:100%;\"\n                \/>\n            <\/a>\n        <\/div>\n\t\t\t\t\t\t\t<\/div> \n\t\t\t\n\t\t\t\t<div id=\"ngg-image-8\" class=\"ngg-gallery-thumbnail-box \" >\n\t\t\t\t        <div class=\"ngg-gallery-thumbnail\">\n            <a href=\"https:\/\/www.byter.de\/wordpress\/wp-content\/gallery\/ardeche-peyrejal\/Peyrejal_Gruppenbild1_1200.jpg\"\n               title=\"Gruppenbild in der Peyrejal\"\n               data-src=\"https:\/\/www.byter.de\/wordpress\/wp-content\/gallery\/ardeche-peyrejal\/Peyrejal_Gruppenbild1_1200.jpg\"\n               data-thumbnail=\"https:\/\/www.byter.de\/wordpress\/wp-content\/gallery\/ardeche-peyrejal\/thumbs\/thumbs_Peyrejal_Gruppenbild1_1200.jpg\"\n               data-image-id=\"875\"\n               data-title=\"Peyrejal_Gruppenbild1_1200\"\n               data-description=\"Gruppenbild in der Peyrejal\"\n               data-image-slug=\"peyrejal_gruppenbild1_1200\"\n               class=\"ngg-fancybox\" rel=\"2caa7d90cf40480403299240962291fb\">\n                <img\n                    title=\"Peyrejal_Gruppenbild1_1200\"\n                    alt=\"Peyrejal_Gruppenbild1_1200\"\n                    src=\"https:\/\/www.byter.de\/wordpress\/wp-content\/gallery\/ardeche-peyrejal\/thumbs\/thumbs_Peyrejal_Gruppenbild1_1200.jpg\"\n                    width=\"100\"\n                    height=\"75\"\n                    style=\"max-width:100%;\"\n                \/>\n            <\/a>\n        <\/div>\n\t\t\t\t\t\t\t<\/div> \n\t\t\t\n\t\t\t\t<div id=\"ngg-image-9\" class=\"ngg-gallery-thumbnail-box \" >\n\t\t\t\t        <div class=\"ngg-gallery-thumbnail\">\n            <a href=\"https:\/\/www.byter.de\/wordpress\/wp-content\/gallery\/ardeche-peyrejal\/Peyrejal_Druckroehre3_1200.jpg\"\n               title=\"Noch eins :)\"\n               data-src=\"https:\/\/www.byter.de\/wordpress\/wp-content\/gallery\/ardeche-peyrejal\/Peyrejal_Druckroehre3_1200.jpg\"\n               data-thumbnail=\"https:\/\/www.byter.de\/wordpress\/wp-content\/gallery\/ardeche-peyrejal\/thumbs\/thumbs_Peyrejal_Druckroehre3_1200.jpg\"\n               data-image-id=\"873\"\n               data-title=\"Peyrejal_Druckroehre3_1200\"\n               data-description=\"Noch eins :)\"\n               data-image-slug=\"peyrejal_druckroehre3_1200\"\n               class=\"ngg-fancybox\" rel=\"2caa7d90cf40480403299240962291fb\">\n                <img\n                    title=\"Peyrejal_Druckroehre3_1200\"\n                    alt=\"Peyrejal_Druckroehre3_1200\"\n                    src=\"https:\/\/www.byter.de\/wordpress\/wp-content\/gallery\/ardeche-peyrejal\/thumbs\/thumbs_Peyrejal_Druckroehre3_1200.jpg\"\n                    width=\"100\"\n                    height=\"75\"\n                    style=\"max-width:100%;\"\n                \/>\n            <\/a>\n        <\/div>\n\t\t\t\t\t\t\t<\/div> \n\t\t\t\n\t\n\t<br style=\"clear: both\" \/>\n\n\t\n\t\t<!-- Pagination -->\n\t<div class='ngg-clear'><\/div>\t<\/div>\n<\/p>\n<p style=\"text-align: center;\">Bildergallerie Event de Peyrejal<\/p>\n<h3 style=\"text-align: left;\"><span style=\"color: #ffffff;\">.<\/span><\/h3>\n<h3><strong>Tag 5: Goule de Foussoubie<\/strong><\/h3>\n<p style=\"text-align: left;\">Am 5. Tag waren wir uns zun\u00e4chst etwas uneinig, wie das heutige Programm aussehen sollte. Zur Wahl standen die verschiedenen Varianten der <em>Foussoubie<\/em> sowie eine Durchquerung von der <em>Aven Cordier<\/em> zum <em>Event de Foussoubie<\/em>. Wir beschlossen, uns die Dinger einfach mal anzuschauen \ud83d\ude09<\/p>\n<p style=\"text-align: left;\"><img decoding=\"async\" loading=\"lazy\" class=\"aligncenter size-full wp-image-1411\" src=\"https:\/\/www.byter.de\/wordpress\/wp-content\/uploads\/2015\/06\/Foussoubie_500h.jpg\" alt=\"Foussoubie_500h\" width=\"381\" height=\"500\" srcset=\"https:\/\/www.byter.de\/wordpress\/wp-content\/uploads\/2015\/06\/Foussoubie_500h.jpg 381w, https:\/\/www.byter.de\/wordpress\/wp-content\/uploads\/2015\/06\/Foussoubie_500h-228x300.jpg 228w\" sizes=\"(max-width: 381px) 100vw, 381px\" \/>Am Eingang der wasserf\u00fchrenden <em>Goule de Foussoubie<\/em> war dann schnell klar: Da wollen wir rein &#8211; wozu hatten wir schlie\u00dflich unsere Neoprenanz\u00fcge mitgeschleppt?&nbsp; Gesagt, getan.&nbsp;&nbsp; Hier r\u00e4chte sich dann, dass wir schlecht vorbereitet waren, denn recht schnell ging das Seil aus und wir mussten erst mal Nachschub holen. Auch die Wegf\u00fchrung war etwas unklar, so dass wir einfach mal auf Gut Gl\u00fcck die H\u00f6hle erkundeten. Die Wassertemperatur war eisig (4-6\u00b0), aber zur Abwechslung mal ein wenig rumzuplanschen war ein toller Spa\u00df. Irgendwann entschlossen wir dann aufgrund zu hohen Wasserstands, akutem Seilmangel und drohender Unterk\u00fchlung den R\u00fcckzug anzutreten \ud83d\ude09 .&nbsp; Fotos gibt\u00b4s leider nicht viele, daf\u00fcr war es einfach zu na\u00df, aber: wir kommen wieder, mit dickerem Neopren und mehr Ausr\u00fcstung im Gep\u00e4ck.<\/p>\n<p style=\"text-align: center;\"><!-- default-view.php -->\n<div\n\tclass=\"ngg-galleryoverview default-view \"\n\tid=\"ngg-gallery-af4b8937cdb3822b7eaefa83cd89b707-1\">\n\n\t\t<!-- Thumbnails -->\n\t\t\t\t<div id=\"ngg-image-0\" class=\"ngg-gallery-thumbnail-box \" >\n\t\t\t\t        <div class=\"ngg-gallery-thumbnail\">\n            <a href=\"https:\/\/www.byter.de\/wordpress\/wp-content\/gallery\/ardeche-goule-de-foussoubie\/Foussoubie_EinstiegAndre_1000h.jpg\"\n               title=\"Der Einstieg\"\n               data-src=\"https:\/\/www.byter.de\/wordpress\/wp-content\/gallery\/ardeche-goule-de-foussoubie\/Foussoubie_EinstiegAndre_1000h.jpg\"\n               data-thumbnail=\"https:\/\/www.byter.de\/wordpress\/wp-content\/gallery\/ardeche-goule-de-foussoubie\/thumbs\/thumbs_Foussoubie_EinstiegAndre_1000h.jpg\"\n               data-image-id=\"864\"\n               data-title=\"Foussoubie_EinstiegAndre_1000h\"\n               data-description=\"Der Einstieg\"\n               data-image-slug=\"foussoubie_einstiegandre_1000h\"\n               class=\"ngg-fancybox\" rel=\"af4b8937cdb3822b7eaefa83cd89b707\">\n                <img\n                    title=\"Foussoubie_EinstiegAndre_1000h\"\n                    alt=\"Foussoubie_EinstiegAndre_1000h\"\n                    src=\"https:\/\/www.byter.de\/wordpress\/wp-content\/gallery\/ardeche-goule-de-foussoubie\/thumbs\/thumbs_Foussoubie_EinstiegAndre_1000h.jpg\"\n                    width=\"100\"\n                    height=\"75\"\n                    style=\"max-width:100%;\"\n                \/>\n            <\/a>\n        <\/div>\n\t\t\t\t\t\t\t<\/div> \n\t\t\t\n\t\t\t\t<div id=\"ngg-image-1\" class=\"ngg-gallery-thumbnail-box \" >\n\t\t\t\t        <div class=\"ngg-gallery-thumbnail\">\n            <a href=\"https:\/\/www.byter.de\/wordpress\/wp-content\/gallery\/ardeche-goule-de-foussoubie\/Foussoubie_Einstieg2_1000h.jpg\"\n               title=\"Blick zur\u00fcck ins Tageslicht...\"\n               data-src=\"https:\/\/www.byter.de\/wordpress\/wp-content\/gallery\/ardeche-goule-de-foussoubie\/Foussoubie_Einstieg2_1000h.jpg\"\n               data-thumbnail=\"https:\/\/www.byter.de\/wordpress\/wp-content\/gallery\/ardeche-goule-de-foussoubie\/thumbs\/thumbs_Foussoubie_Einstieg2_1000h.jpg\"\n               data-image-id=\"863\"\n               data-title=\"Foussoubie_Einstieg2_1000h\"\n               data-description=\"Blick zur\u00fcck ins Tageslicht...\"\n               data-image-slug=\"foussoubie_einstieg2_1000h\"\n               class=\"ngg-fancybox\" rel=\"af4b8937cdb3822b7eaefa83cd89b707\">\n                <img\n                    title=\"Foussoubie_Einstieg2_1000h\"\n                    alt=\"Foussoubie_Einstieg2_1000h\"\n                    src=\"https:\/\/www.byter.de\/wordpress\/wp-content\/gallery\/ardeche-goule-de-foussoubie\/thumbs\/thumbs_Foussoubie_Einstieg2_1000h.jpg\"\n                    width=\"100\"\n                    height=\"75\"\n                    style=\"max-width:100%;\"\n                \/>\n            <\/a>\n        <\/div>\n\t\t\t\t\t\t\t<\/div> \n\t\t\t\n\t\t\t\t<div id=\"ngg-image-2\" class=\"ngg-gallery-thumbnail-box \" >\n\t\t\t\t        <div class=\"ngg-gallery-thumbnail\">\n            <a href=\"https:\/\/www.byter.de\/wordpress\/wp-content\/gallery\/ardeche-goule-de-foussoubie\/Foussoubie_Gruppenbild1_1200.jpg\"\n               title=\"Gruppenbild in der Foussoubie\"\n               data-src=\"https:\/\/www.byter.de\/wordpress\/wp-content\/gallery\/ardeche-goule-de-foussoubie\/Foussoubie_Gruppenbild1_1200.jpg\"\n               data-thumbnail=\"https:\/\/www.byter.de\/wordpress\/wp-content\/gallery\/ardeche-goule-de-foussoubie\/thumbs\/thumbs_Foussoubie_Gruppenbild1_1200.jpg\"\n               data-image-id=\"865\"\n               data-title=\"Foussoubie_Gruppenbild1_1200\"\n               data-description=\"Gruppenbild in der Foussoubie\"\n               data-image-slug=\"foussoubie_gruppenbild1_1200\"\n               class=\"ngg-fancybox\" rel=\"af4b8937cdb3822b7eaefa83cd89b707\">\n                <img\n                    title=\"Foussoubie_Gruppenbild1_1200\"\n                    alt=\"Foussoubie_Gruppenbild1_1200\"\n                    src=\"https:\/\/www.byter.de\/wordpress\/wp-content\/gallery\/ardeche-goule-de-foussoubie\/thumbs\/thumbs_Foussoubie_Gruppenbild1_1200.jpg\"\n                    width=\"100\"\n                    height=\"75\"\n                    style=\"max-width:100%;\"\n                \/>\n            <\/a>\n        <\/div>\n\t\t\t\t\t\t\t<\/div> \n\t\t\t\n\t\t\t\t<div id=\"ngg-image-3\" class=\"ngg-gallery-thumbnail-box \" >\n\t\t\t\t        <div class=\"ngg-gallery-thumbnail\">\n            <a href=\"https:\/\/www.byter.de\/wordpress\/wp-content\/gallery\/ardeche-goule-de-foussoubie\/Foussoubie_Schlange1_1200.jpg\"\n               title=\"Getier unterwegs - kann schon mal einen Schrecken einjagen :)\"\n               data-src=\"https:\/\/www.byter.de\/wordpress\/wp-content\/gallery\/ardeche-goule-de-foussoubie\/Foussoubie_Schlange1_1200.jpg\"\n               data-thumbnail=\"https:\/\/www.byter.de\/wordpress\/wp-content\/gallery\/ardeche-goule-de-foussoubie\/thumbs\/thumbs_Foussoubie_Schlange1_1200.jpg\"\n               data-image-id=\"867\"\n               data-title=\"Foussoubie_Schlange1_1200\"\n               data-description=\"Getier unterwegs - kann schon mal einen Schrecken einjagen :)\"\n               data-image-slug=\"foussoubie_schlange1_1200\"\n               class=\"ngg-fancybox\" rel=\"af4b8937cdb3822b7eaefa83cd89b707\">\n                <img\n                    title=\"Foussoubie_Schlange1_1200\"\n                    alt=\"Foussoubie_Schlange1_1200\"\n                    src=\"https:\/\/www.byter.de\/wordpress\/wp-content\/gallery\/ardeche-goule-de-foussoubie\/thumbs\/thumbs_Foussoubie_Schlange1_1200.jpg\"\n                    width=\"100\"\n                    height=\"75\"\n                    style=\"max-width:100%;\"\n                \/>\n            <\/a>\n        <\/div>\n\t\t\t\t\t\t\t<\/div> \n\t\t\t\n\t\t\t\t<div id=\"ngg-image-4\" class=\"ngg-gallery-thumbnail-box \" >\n\t\t\t\t        <div class=\"ngg-gallery-thumbnail\">\n            <a href=\"https:\/\/www.byter.de\/wordpress\/wp-content\/gallery\/ardeche-goule-de-foussoubie\/Foussoubie_Mittendrin_1000h.jpg\"\n               title=\"Unterwegs\"\n               data-src=\"https:\/\/www.byter.de\/wordpress\/wp-content\/gallery\/ardeche-goule-de-foussoubie\/Foussoubie_Mittendrin_1000h.jpg\"\n               data-thumbnail=\"https:\/\/www.byter.de\/wordpress\/wp-content\/gallery\/ardeche-goule-de-foussoubie\/thumbs\/thumbs_Foussoubie_Mittendrin_1000h.jpg\"\n               data-image-id=\"866\"\n               data-title=\"Foussoubie_Mittendrin_1000h\"\n               data-description=\"Unterwegs\"\n               data-image-slug=\"foussoubie_mittendrin_1000h\"\n               class=\"ngg-fancybox\" rel=\"af4b8937cdb3822b7eaefa83cd89b707\">\n                <img\n                    title=\"Foussoubie_Mittendrin_1000h\"\n                    alt=\"Foussoubie_Mittendrin_1000h\"\n                    src=\"https:\/\/www.byter.de\/wordpress\/wp-content\/gallery\/ardeche-goule-de-foussoubie\/thumbs\/thumbs_Foussoubie_Mittendrin_1000h.jpg\"\n                    width=\"100\"\n                    height=\"75\"\n                    style=\"max-width:100%;\"\n                \/>\n            <\/a>\n        <\/div>\n\t\t\t\t\t\t\t<\/div> \n\t\t\t\n\t\n\t<br style=\"clear: both\" \/>\n\n\t\n\t\t<!-- Pagination -->\n\t<div class='ngg-clear'><\/div>\t<\/div>\n<\/p>\n<p style=\"text-align: center;\"><span style=\"color: #ffffff;\">.<\/span><\/p>\n<h3 style=\"text-align: left;\"><strong>Tag 6: Grotte de St. Marcel &#8211; Gallerie A<\/strong><\/h3>\n<p style=\"text-align: left;\">Zum Abschlu\u00df der Tour ging es am letzten Tag noch einmal in die <em>Grotte de St. Marcel<\/em>, da wir noch einmal den Schl\u00fcssel ergattern konnten und uns die H\u00f6hle bisher nie im Stich gelassen hat.&nbsp; Diesmal wurden als Ziele die Gallerien A-C (und noch einige andere&#8230;) auserkoren.&nbsp; Den Anfang kannten wir ja mittlerweile, aber kurz hinter dem &#8222;Labyrinthe&#8220; bogen wir ab Richtung <em>Gallerie A<\/em>&#8230;&nbsp;&nbsp;&nbsp; Nunja, was soll ich sagen?&nbsp; Die Tour entsprach nicht ganz dem, was wir sonst von der St. Marcel gewohnt waren und entpuppte sich als eine einzige Tortur&#8230; Die gesamte Wegstrecke war unglaublich eng, aufrechtes Gehen war nahezu nie m\u00f6glich, und bis auf vereinzelte Tropfsteine und einige ausgetrocknete Sinterbecken zeigte sich die Marcel hier nicht von ihrer sch\u00f6nen Seite&#8230; Zumindest im Nachgang hat die Etappe zwar trotzdem Spa\u00df gemacht, empfiehlt sich aber nicht unbedingt f\u00fcr eine Wiederholung oder Nachahmung, wie man auf den Bildern unschwer erkennen kann \ud83d\ude09<\/p>\n<p style=\"text-align: center;\"><!-- default-view.php -->\n<div\n\tclass=\"ngg-galleryoverview default-view \"\n\tid=\"ngg-gallery-6b374054585370e7f784dc96ca6cc9ee-1\">\n\n\t\t<!-- Thumbnails -->\n\t\t\t\t<div id=\"ngg-image-0\" class=\"ngg-gallery-thumbnail-box \" >\n\t\t\t\t        <div class=\"ngg-gallery-thumbnail\">\n            <a href=\"https:\/\/www.byter.de\/wordpress\/wp-content\/gallery\/ardeche-st-marcel-gallerie-a\/StMarcel_Gruppenschlufen1_1200l.jpg\"\n               title=\"Gruppenschlufen!\"\n               data-src=\"https:\/\/www.byter.de\/wordpress\/wp-content\/gallery\/ardeche-st-marcel-gallerie-a\/StMarcel_Gruppenschlufen1_1200l.jpg\"\n               data-thumbnail=\"https:\/\/www.byter.de\/wordpress\/wp-content\/gallery\/ardeche-st-marcel-gallerie-a\/thumbs\/thumbs_StMarcel_Gruppenschlufen1_1200l.jpg\"\n               data-image-id=\"842\"\n               data-title=\"StMarcel_Gruppenschlufen1_1200l\"\n               data-description=\"Gruppenschlufen!\"\n               data-image-slug=\"stmarcel_gruppenschlufen1_1200l\"\n               class=\"ngg-fancybox\" rel=\"6b374054585370e7f784dc96ca6cc9ee\">\n                <img\n                    title=\"StMarcel_Gruppenschlufen1_1200l\"\n                    alt=\"StMarcel_Gruppenschlufen1_1200l\"\n                    src=\"https:\/\/www.byter.de\/wordpress\/wp-content\/gallery\/ardeche-st-marcel-gallerie-a\/thumbs\/thumbs_StMarcel_Gruppenschlufen1_1200l.jpg\"\n                    width=\"100\"\n                    height=\"75\"\n                    style=\"max-width:100%;\"\n                \/>\n            <\/a>\n        <\/div>\n\t\t\t\t\t\t\t<\/div> \n\t\t\t\n\t\t\t\t<div id=\"ngg-image-1\" class=\"ngg-gallery-thumbnail-box \" >\n\t\t\t\t        <div class=\"ngg-gallery-thumbnail\">\n            <a href=\"https:\/\/www.byter.de\/wordpress\/wp-content\/gallery\/ardeche-st-marcel-gallerie-a\/StMarcel_SchlufAndre1_1200.jpg\"\n               title=\"Qu\u00e4lerei...\"\n               data-src=\"https:\/\/www.byter.de\/wordpress\/wp-content\/gallery\/ardeche-st-marcel-gallerie-a\/StMarcel_SchlufAndre1_1200.jpg\"\n               data-thumbnail=\"https:\/\/www.byter.de\/wordpress\/wp-content\/gallery\/ardeche-st-marcel-gallerie-a\/thumbs\/thumbs_StMarcel_SchlufAndre1_1200.jpg\"\n               data-image-id=\"843\"\n               data-title=\"StMarcel_SchlufAndre1_1200\"\n               data-description=\"Qu\u00e4lerei...\"\n               data-image-slug=\"stmarcel_schlufandre1_1200\"\n               class=\"ngg-fancybox\" rel=\"6b374054585370e7f784dc96ca6cc9ee\">\n                <img\n                    title=\"StMarcel_SchlufAndre1_1200\"\n                    alt=\"StMarcel_SchlufAndre1_1200\"\n                    src=\"https:\/\/www.byter.de\/wordpress\/wp-content\/gallery\/ardeche-st-marcel-gallerie-a\/thumbs\/thumbs_StMarcel_SchlufAndre1_1200.jpg\"\n                    width=\"100\"\n                    height=\"75\"\n                    style=\"max-width:100%;\"\n                \/>\n            <\/a>\n        <\/div>\n\t\t\t\t\t\t\t<\/div> \n\t\t\t\n\t\t\t\t<div id=\"ngg-image-2\" class=\"ngg-gallery-thumbnail-box \" >\n\t\t\t\t        <div class=\"ngg-gallery-thumbnail\">\n            <a href=\"https:\/\/www.byter.de\/wordpress\/wp-content\/gallery\/ardeche-st-marcel-gallerie-a\/StMarcel_SchlufBernhard1_1200.jpg\"\n               title=\"Eng ist\u00b4s hier \u00fcberall!\"\n               data-src=\"https:\/\/www.byter.de\/wordpress\/wp-content\/gallery\/ardeche-st-marcel-gallerie-a\/StMarcel_SchlufBernhard1_1200.jpg\"\n               data-thumbnail=\"https:\/\/www.byter.de\/wordpress\/wp-content\/gallery\/ardeche-st-marcel-gallerie-a\/thumbs\/thumbs_StMarcel_SchlufBernhard1_1200.jpg\"\n               data-image-id=\"844\"\n               data-title=\"StMarcel_SchlufBernhard1_1200\"\n               data-description=\"Eng ist\u00b4s hier \u00fcberall!\"\n               data-image-slug=\"stmarcel_schlufbernhard1_1200\"\n               class=\"ngg-fancybox\" rel=\"6b374054585370e7f784dc96ca6cc9ee\">\n                <img\n                    title=\"StMarcel_SchlufBernhard1_1200\"\n                    alt=\"StMarcel_SchlufBernhard1_1200\"\n                    src=\"https:\/\/www.byter.de\/wordpress\/wp-content\/gallery\/ardeche-st-marcel-gallerie-a\/thumbs\/thumbs_StMarcel_SchlufBernhard1_1200.jpg\"\n                    width=\"100\"\n                    height=\"75\"\n                    style=\"max-width:100%;\"\n                \/>\n            <\/a>\n        <\/div>\n\t\t\t\t\t\t\t<\/div> \n\t\t\t\n\t\t\t\t<div id=\"ngg-image-3\" class=\"ngg-gallery-thumbnail-box \" >\n\t\t\t\t        <div class=\"ngg-gallery-thumbnail\">\n            <a href=\"https:\/\/www.byter.de\/wordpress\/wp-content\/gallery\/ardeche-st-marcel-gallerie-a\/StMarcel_SchlufMarkus1_1200l.jpg\"\n               title=\"Blick zur\u00fcck...\"\n               data-src=\"https:\/\/www.byter.de\/wordpress\/wp-content\/gallery\/ardeche-st-marcel-gallerie-a\/StMarcel_SchlufMarkus1_1200l.jpg\"\n               data-thumbnail=\"https:\/\/www.byter.de\/wordpress\/wp-content\/gallery\/ardeche-st-marcel-gallerie-a\/thumbs\/thumbs_StMarcel_SchlufMarkus1_1200l.jpg\"\n               data-image-id=\"845\"\n               data-title=\"StMarcel_SchlufMarkus1_1200l\"\n               data-description=\"Blick zur\u00fcck...\"\n               data-image-slug=\"stmarcel_schlufmarkus1_1200l\"\n               class=\"ngg-fancybox\" rel=\"6b374054585370e7f784dc96ca6cc9ee\">\n                <img\n                    title=\"StMarcel_SchlufMarkus1_1200l\"\n                    alt=\"StMarcel_SchlufMarkus1_1200l\"\n                    src=\"https:\/\/www.byter.de\/wordpress\/wp-content\/gallery\/ardeche-st-marcel-gallerie-a\/thumbs\/thumbs_StMarcel_SchlufMarkus1_1200l.jpg\"\n                    width=\"100\"\n                    height=\"75\"\n                    style=\"max-width:100%;\"\n                \/>\n            <\/a>\n        <\/div>\n\t\t\t\t\t\t\t<\/div> \n\t\t\t\n\t\t\t\t<div id=\"ngg-image-4\" class=\"ngg-gallery-thumbnail-box \" >\n\t\t\t\t        <div class=\"ngg-gallery-thumbnail\">\n            <a href=\"https:\/\/www.byter.de\/wordpress\/wp-content\/gallery\/ardeche-st-marcel-gallerie-a\/StMarcel_SchlufMarkus2_1200.jpg\"\n               title=\"Endlich geschafft - es wird wieder breiter!\"\n               data-src=\"https:\/\/www.byter.de\/wordpress\/wp-content\/gallery\/ardeche-st-marcel-gallerie-a\/StMarcel_SchlufMarkus2_1200.jpg\"\n               data-thumbnail=\"https:\/\/www.byter.de\/wordpress\/wp-content\/gallery\/ardeche-st-marcel-gallerie-a\/thumbs\/thumbs_StMarcel_SchlufMarkus2_1200.jpg\"\n               data-image-id=\"846\"\n               data-title=\"StMarcel_SchlufMarkus2_1200\"\n               data-description=\"Endlich geschafft - es wird wieder breiter!\"\n               data-image-slug=\"stmarcel_schlufmarkus2_1200\"\n               class=\"ngg-fancybox\" rel=\"6b374054585370e7f784dc96ca6cc9ee\">\n                <img\n                    title=\"StMarcel_SchlufMarkus2_1200\"\n                    alt=\"StMarcel_SchlufMarkus2_1200\"\n                    src=\"https:\/\/www.byter.de\/wordpress\/wp-content\/gallery\/ardeche-st-marcel-gallerie-a\/thumbs\/thumbs_StMarcel_SchlufMarkus2_1200.jpg\"\n                    width=\"100\"\n                    height=\"75\"\n                    style=\"max-width:100%;\"\n                \/>\n            <\/a>\n        <\/div>\n\t\t\t\t\t\t\t<\/div> \n\t\t\t\n\t\t\t\t<div id=\"ngg-image-5\" class=\"ngg-gallery-thumbnail-box \" >\n\t\t\t\t        <div class=\"ngg-gallery-thumbnail\">\n            <a href=\"https:\/\/www.byter.de\/wordpress\/wp-content\/gallery\/ardeche-st-marcel-gallerie-a\/StMarcel_Gruppenbild1_1200.jpg\"\n               title=\"Gruppenbild am See. Viel Platz war nicht :)\"\n               data-src=\"https:\/\/www.byter.de\/wordpress\/wp-content\/gallery\/ardeche-st-marcel-gallerie-a\/StMarcel_Gruppenbild1_1200.jpg\"\n               data-thumbnail=\"https:\/\/www.byter.de\/wordpress\/wp-content\/gallery\/ardeche-st-marcel-gallerie-a\/thumbs\/thumbs_StMarcel_Gruppenbild1_1200.jpg\"\n               data-image-id=\"841\"\n               data-title=\"StMarcel_Gruppenbild1_1200\"\n               data-description=\"Gruppenbild am See. Viel Platz war nicht :)\"\n               data-image-slug=\"stmarcel_gruppenbild1_1200\"\n               class=\"ngg-fancybox\" rel=\"6b374054585370e7f784dc96ca6cc9ee\">\n                <img\n                    title=\"StMarcel_Gruppenbild1_1200\"\n                    alt=\"StMarcel_Gruppenbild1_1200\"\n                    src=\"https:\/\/www.byter.de\/wordpress\/wp-content\/gallery\/ardeche-st-marcel-gallerie-a\/thumbs\/thumbs_StMarcel_Gruppenbild1_1200.jpg\"\n                    width=\"100\"\n                    height=\"75\"\n                    style=\"max-width:100%;\"\n                \/>\n            <\/a>\n        <\/div>\n\t\t\t\t\t\t\t<\/div> \n\t\t\t\n\t\t\t\t<div id=\"ngg-image-6\" class=\"ngg-gallery-thumbnail-box \" >\n\t\t\t\t        <div class=\"ngg-gallery-thumbnail\">\n            <a href=\"https:\/\/www.byter.de\/wordpress\/wp-content\/gallery\/ardeche-st-marcel-gallerie-a\/StMarcel_SchlufWulf1_1200.jpg\"\n               title=\"Noch mehr Schlufferei\"\n               data-src=\"https:\/\/www.byter.de\/wordpress\/wp-content\/gallery\/ardeche-st-marcel-gallerie-a\/StMarcel_SchlufWulf1_1200.jpg\"\n               data-thumbnail=\"https:\/\/www.byter.de\/wordpress\/wp-content\/gallery\/ardeche-st-marcel-gallerie-a\/thumbs\/thumbs_StMarcel_SchlufWulf1_1200.jpg\"\n               data-image-id=\"848\"\n               data-title=\"StMarcel_SchlufWulf1_1200\"\n               data-description=\"Noch mehr Schlufferei\"\n               data-image-slug=\"stmarcel_schlufwulf1_1200\"\n               class=\"ngg-fancybox\" rel=\"6b374054585370e7f784dc96ca6cc9ee\">\n                <img\n                    title=\"StMarcel_SchlufWulf1_1200\"\n                    alt=\"StMarcel_SchlufWulf1_1200\"\n                    src=\"https:\/\/www.byter.de\/wordpress\/wp-content\/gallery\/ardeche-st-marcel-gallerie-a\/thumbs\/thumbs_StMarcel_SchlufWulf1_1200.jpg\"\n                    width=\"100\"\n                    height=\"75\"\n                    style=\"max-width:100%;\"\n                \/>\n            <\/a>\n        <\/div>\n\t\t\t\t\t\t\t<\/div> \n\t\t\t\n\t\t\t\t<div id=\"ngg-image-7\" class=\"ngg-gallery-thumbnail-box \" >\n\t\t\t\t        <div class=\"ngg-gallery-thumbnail\">\n            <a href=\"https:\/\/www.byter.de\/wordpress\/wp-content\/gallery\/ardeche-st-marcel-gallerie-a\/StMarcel_SchlufMarkus3_1200.jpg\"\n               title=\"Puh...\"\n               data-src=\"https:\/\/www.byter.de\/wordpress\/wp-content\/gallery\/ardeche-st-marcel-gallerie-a\/StMarcel_SchlufMarkus3_1200.jpg\"\n               data-thumbnail=\"https:\/\/www.byter.de\/wordpress\/wp-content\/gallery\/ardeche-st-marcel-gallerie-a\/thumbs\/thumbs_StMarcel_SchlufMarkus3_1200.jpg\"\n               data-image-id=\"847\"\n               data-title=\"StMarcel_SchlufMarkus3_1200\"\n               data-description=\"Puh...\"\n               data-image-slug=\"stmarcel_schlufmarkus3_1200\"\n               class=\"ngg-fancybox\" rel=\"6b374054585370e7f784dc96ca6cc9ee\">\n                <img\n                    title=\"StMarcel_SchlufMarkus3_1200\"\n                    alt=\"StMarcel_SchlufMarkus3_1200\"\n                    src=\"https:\/\/www.byter.de\/wordpress\/wp-content\/gallery\/ardeche-st-marcel-gallerie-a\/thumbs\/thumbs_StMarcel_SchlufMarkus3_1200.jpg\"\n                    width=\"100\"\n                    height=\"75\"\n                    style=\"max-width:100%;\"\n                \/>\n            <\/a>\n        <\/div>\n\t\t\t\t\t\t\t<\/div> \n\t\t\t\n\t\t\t\t<div id=\"ngg-image-8\" class=\"ngg-gallery-thumbnail-box \" >\n\t\t\t\t        <div class=\"ngg-gallery-thumbnail\">\n            <a href=\"https:\/\/www.byter.de\/wordpress\/wp-content\/gallery\/ardeche-st-marcel-gallerie-a\/StMarcel_Tropfsteine1_1200.jpg\"\n               title=\"Zwischendurch gab\u00b4s auch mal Tropfsteine...\"\n               data-src=\"https:\/\/www.byter.de\/wordpress\/wp-content\/gallery\/ardeche-st-marcel-gallerie-a\/StMarcel_Tropfsteine1_1200.jpg\"\n               data-thumbnail=\"https:\/\/www.byter.de\/wordpress\/wp-content\/gallery\/ardeche-st-marcel-gallerie-a\/thumbs\/thumbs_StMarcel_Tropfsteine1_1200.jpg\"\n               data-image-id=\"850\"\n               data-title=\"StMarcel_Tropfsteine1_1200\"\n               data-description=\"Zwischendurch gab\u00b4s auch mal Tropfsteine...\"\n               data-image-slug=\"stmarcel_tropfsteine1_1200\"\n               class=\"ngg-fancybox\" rel=\"6b374054585370e7f784dc96ca6cc9ee\">\n                <img\n                    title=\"StMarcel_Tropfsteine1_1200\"\n                    alt=\"StMarcel_Tropfsteine1_1200\"\n                    src=\"https:\/\/www.byter.de\/wordpress\/wp-content\/gallery\/ardeche-st-marcel-gallerie-a\/thumbs\/thumbs_StMarcel_Tropfsteine1_1200.jpg\"\n                    width=\"100\"\n                    height=\"75\"\n                    style=\"max-width:100%;\"\n                \/>\n            <\/a>\n        <\/div>\n\t\t\t\t\t\t\t<\/div> \n\t\t\t\n\t\t\t\t<div id=\"ngg-image-9\" class=\"ngg-gallery-thumbnail-box \" >\n\t\t\t\t        <div class=\"ngg-gallery-thumbnail\">\n            <a href=\"https:\/\/www.byter.de\/wordpress\/wp-content\/gallery\/ardeche-st-marcel-gallerie-a\/StMarcel_See1_1200.jpg\"\n               title=\"Am See - Pause!\"\n               data-src=\"https:\/\/www.byter.de\/wordpress\/wp-content\/gallery\/ardeche-st-marcel-gallerie-a\/StMarcel_See1_1200.jpg\"\n               data-thumbnail=\"https:\/\/www.byter.de\/wordpress\/wp-content\/gallery\/ardeche-st-marcel-gallerie-a\/thumbs\/thumbs_StMarcel_See1_1200.jpg\"\n               data-image-id=\"849\"\n               data-title=\"StMarcel_See1_1200\"\n               data-description=\"Am See - Pause!\"\n               data-image-slug=\"stmarcel_see1_1200\"\n               class=\"ngg-fancybox\" rel=\"6b374054585370e7f784dc96ca6cc9ee\">\n                <img\n                    title=\"StMarcel_See1_1200\"\n                    alt=\"StMarcel_See1_1200\"\n                    src=\"https:\/\/www.byter.de\/wordpress\/wp-content\/gallery\/ardeche-st-marcel-gallerie-a\/thumbs\/thumbs_StMarcel_See1_1200.jpg\"\n                    width=\"100\"\n                    height=\"75\"\n                    style=\"max-width:100%;\"\n                \/>\n            <\/a>\n        <\/div>\n\t\t\t\t\t\t\t<\/div> \n\t\t\t\n\t\n\t<br style=\"clear: both\" \/>\n\n\t\n\t\t<!-- Pagination -->\n\t<div class='ngg-clear'><\/div>\t<\/div>\n<\/p>\n<p style=\"text-align: center;\">Bilder-Gallerie St. Marcel &#8211; Gallerie A<\/p>\n<p style=\"text-align: left;\">Und so ging erneut eine tolle und erlebnisreiche Woche zu Ende&#8230; Frankreich ist immer wieder eine Reise wert und ich bin sicher, dass es nicht der letzte Abstecher ins Departement Ard\u00e8che war.&nbsp; Jungs, es war wir immer klasse mit Euch &#8211; vielen Dank!<\/p>\n<div id=\"attachment_1404\" style=\"width: 510px\" class=\"wp-caption aligncenter\"><img aria-describedby=\"caption-attachment-1404\" decoding=\"async\" loading=\"lazy\" class=\"size-full wp-image-1404\" src=\"https:\/\/www.byter.de\/wordpress\/wp-content\/uploads\/2015\/06\/StMarcel_Gruppenbild_500.jpg\" alt=\"Gruppenfoto :)\" width=\"500\" height=\"318\" srcset=\"https:\/\/www.byter.de\/wordpress\/wp-content\/uploads\/2015\/06\/StMarcel_Gruppenbild_500.jpg 500w, https:\/\/www.byter.de\/wordpress\/wp-content\/uploads\/2015\/06\/StMarcel_Gruppenbild_500-300x190.jpg 300w\" sizes=\"(max-width: 500px) 100vw, 500px\" \/><p id=\"caption-attachment-1404\" class=\"wp-caption-text\">Gruppenfoto eXentriX 2015 \ud83d\ude42<\/p><\/div>\n","protected":false},"excerpt":{"rendered":"<p>eXentriX Tour 2015 &#8211; Ard\u00e8che Auch in diesem Jahr ging\u00b4s mit der eXentriX-Truppe wieder auf WochenTour unter Tage &#8211; diesmal etwas fr\u00fcher als gew\u00f6hnlich schon im April. Das diesj\u00e4hrige Ziel war nach zwei Jahren Slowenien zur Abwechslung mal wieder das &hellip; <a href=\"https:\/\/www.byter.de\/wordpress\/?page_id=1320\">Weiterlesen <span class=\"meta-nav\">&rarr;<\/span><\/a><\/p>\n","protected":false},"author":1,"featured_media":0,"parent":644,"menu_order":1,"comment_status":"open","ping_status":"open","template":"","meta":{"ngg_post_thumbnail":0},"_links":{"self":[{"href":"https:\/\/www.byter.de\/wordpress\/index.php?rest_route=\/wp\/v2\/pages\/1320"}],"collection":[{"href":"https:\/\/www.byter.de\/wordpress\/index.php?rest_route=\/wp\/v2\/pages"}],"about":[{"href":"https:\/\/www.byter.de\/wordpress\/index.php?rest_route=\/wp\/v2\/types\/page"}],"author":[{"embeddable":true,"href":"https:\/\/www.byter.de\/wordpress\/index.php?rest_route=\/wp\/v2\/users\/1"}],"replies":[{"embeddable":true,"href":"https:\/\/www.byter.de\/wordpress\/index.php?rest_route=%2Fwp%2Fv2%2Fcomments&post=1320"}],"version-history":[{"count":28,"href":"https:\/\/www.byter.de\/wordpress\/index.php?rest_route=\/wp\/v2\/pages\/1320\/revisions"}],"predecessor-version":[{"id":2250,"href":"https:\/\/www.byter.de\/wordpress\/index.php?rest_route=\/wp\/v2\/pages\/1320\/revisions\/2250"}],"up":[{"embeddable":true,"href":"https:\/\/www.byter.de\/wordpress\/index.php?rest_route=\/wp\/v2\/pages\/644"}],"wp:attachment":[{"href":"https:\/\/www.byter.de\/wordpress\/index.php?rest_route=%2Fwp%2Fv2%2Fmedia&parent=1320"}],"curies":[{"name":"wp","href":"https:\/\/api.w.org\/{rel}","templated":true}]}}