{"id":1482,"date":"2015-07-21T10:30:22","date_gmt":"2015-07-21T09:30:22","guid":{"rendered":"http:\/\/www.byter.de\/wordpress\/?page_id=1482"},"modified":"2019-09-23T14:38:45","modified_gmt":"2019-09-23T13:38:45","slug":"alpenueberquerung-mit-dem-emtb","status":"publish","type":"page","link":"https:\/\/www.byter.de\/wordpress\/?page_id=1482","title":{"rendered":"TransAlp 2015 &#8211; Alpen\u00fcberquerung mit dem eMTB"},"content":{"rendered":"<p><img decoding=\"async\" loading=\"lazy\" class=\"aligncenter size-full wp-image-1484\" src=\"https:\/\/www.byter.de\/wordpress\/wp-content\/uploads\/2015\/07\/Venetalm_Auffahrt_500.jpg\" alt=\"Venetalm_Auffahrt_500\" width=\"500\" height=\"354\" srcset=\"https:\/\/www.byter.de\/wordpress\/wp-content\/uploads\/2015\/07\/Venetalm_Auffahrt_500.jpg 500w, https:\/\/www.byter.de\/wordpress\/wp-content\/uploads\/2015\/07\/Venetalm_Auffahrt_500-300x212.jpg 300w\" sizes=\"(max-width: 500px) 100vw, 500px\" \/><\/p>\n<h2 style=\"text-align: center;\">TransAlp 2015 &#8211; eine Alpen\u00fcberquerung mit dem eMTB<\/h2>\n<p style=\"text-align: left;\">Seit einiger Zeit bin ich Besitzer eines e-Mountainbikes, und schon relativ schnell nach den ersten gr\u00f6\u00dferen Tagestouren im Sauerland reifte die Idee, damit eine Alpen\u00fcberquerung anzugehen. Ja, an dieser Stelle kommen nat\u00fcrlich regelm\u00e4\u00dfig bl\u00f6de Spr\u00fcche ob der Unterst\u00fctzung (&#8222;Rentnermopped&#8220;), aber die lasse ich nur von Leuten gelten, die auch schon mal 2500 H\u00f6henmeter an einem Tag gefahren sind \ud83d\ude09&nbsp;&nbsp; Jedenfalls war es mir so m\u00f6glich, eine wirklich spektakul\u00e4re Tour zu planen und zu fahren, die ich ohne Unterst\u00fctzung wohl nicht gew\u00e4hlt h\u00e4tte&#8230;&nbsp; Aber genug der einleitenden Worte \ud83d\ude09<\/p>\n<p style=\"text-align: left;\"><span style=\"color: #ffffff;\">.<\/span><\/p>\n<h3 style=\"text-align: left;\"><strong>Garmisch &#8211; Gardasee in 6 Etappen<\/strong><\/h3>\n<p>Gew\u00e4hlt habe ich eine der &#8222;klassischen&#8220; Transalp-Routen: von <em>Garmisch-Partenkirchen<\/em> bzw. <em>Mittenwald<\/em> zum Gardasee. Das Ganze sollte in 6 Etappen erfolgen, aber ich war spontan unterwegs und habe die Unterk\u00fcnfte immer erst am Vortag gebucht (was erstaunlich gut geklappt hat). Ich wollte flexibel sein und bei Bedarf (Wetter, Fehleinsch\u00e4tzung, etc.) einfach die Pl\u00e4ne umwerfen k\u00f6nnen.&nbsp; Zum Gl\u00fcck war das nicht n\u00f6tig &#8211; das Wetter spielte mit und alles hat wie geplant geklappt \ud83d\ude09<\/p>\n<div id=\"attachment_1514\" style=\"width: 382px\" class=\"wp-caption aligncenter\"><img aria-describedby=\"caption-attachment-1514\" decoding=\"async\" loading=\"lazy\" class=\"wp-image-1514 size-full\" src=\"https:\/\/www.byter.de\/wordpress\/wp-content\/uploads\/2015\/07\/TransAlp-Route.jpg\" alt=\"Die Route\" width=\"372\" height=\"509\" srcset=\"https:\/\/www.byter.de\/wordpress\/wp-content\/uploads\/2015\/07\/TransAlp-Route.jpg 372w, https:\/\/www.byter.de\/wordpress\/wp-content\/uploads\/2015\/07\/TransAlp-Route-219x300.jpg 219w\" sizes=\"(max-width: 372px) 100vw, 372px\" \/><p id=\"caption-attachment-1514\" class=\"wp-caption-text\">Die Route<\/p><\/div>\n<p>Die erste Etappe f\u00fchrte mich von <em>Mittenwald<\/em> durch das wundersch\u00f6ne Leutascher Tal und das Geistal hoch zur <em>Ehrwalder Alm<\/em>. Nach einer kleinen St\u00e4rkung ging es von dort aus wieder abw\u00e4rts durch einen idyllischen L\u00e4rchenwald zur Fernpassh\u00f6he, wo ich das erste Mal auf der &#8222;<em>Via Claudia Augusta<\/em>&#8222;, der alten R\u00f6merstra\u00dfe \u00fcber die Alpen, gelandet bin. Auf herrlichen Panoramawegen ging es dann noch etwa 15km weiter zum ersten Etappenziel, nach <em>Imst<\/em>.<\/p>\n<p>Der zweite Tag sollte dann ein wenig fordernder werden &#8211; es ging direkt nach dem Fr\u00fchst\u00fcck einen 1000hm-Anstieg mit 12-20% Steigung rauf zur <em>Venetalm<\/em>, wo ich knapp 3 Stunden sp\u00e4ter mit einem tollen Panorama und leckerer H\u00fcttenkost belohnt wurde. Dass einem beim Essen neben Hunden, Katzen und H\u00fchnern auch noch zwei Hausschweine zwischen den F\u00fc\u00dfen rumlaufen erlebt man auch nicht alle Tage&#8230;&nbsp; Nach einer recht langen Schotterabfahrt ging es gleich wieder rauf, diesmal auf die <em>Pillerh\u00f6he<\/em>. Oben angekommen brannte die Sonne bei 33 Grad, weshalb ich mich ohne Pause gleich auf die folgende Asphalt-Abfahrt gest\u00fcrzt hab. 5km sp\u00e4ter war der erste Satz Bremsbel\u00e4ge hin\u00fcber \ud83d\ude09 und ich merkte mir f\u00fcr kommende Abfahrten, doch etwas besser zu dosieren und alle paar hundert H\u00f6henmeter eine kleine Pause einzulegen&#8230;&nbsp;&nbsp; Nach etwa 75km und 2000hm erreichte ich schlie\u00dflich mein Tagesziel <em>Pfunds<\/em>.<\/p>\n<p>Tag 3 sollte mich nach <em>Prad<\/em> am Stilfserjoch f\u00fchren. Zuvor aber stand das erste richtig gro\u00dfe Highlight auf dem Programm: eine Durchquerung der <em>Uinaschlucht<\/em> (<em>Val d`Uina<\/em>). Der spektakul\u00e4re Weg f\u00fchrt durch eine zur Seite hin offene, von Menschenhand in den Fels gehauene R\u00f6hre. Hier sollte man nicht nur trittsicher und schwindelfrei sein, auch sollte man das rechtzeitig per Schild ausgesprochene &#8222;Fahrverbot&#8220; beachten und das Rad hier besser nur schiebend vorw\u00e4rtsbewegen \ud83d\ude09<\/p>\n<div id=\"attachment_1486\" style=\"width: 432px\" class=\"wp-caption aligncenter\"><img aria-describedby=\"caption-attachment-1486\" decoding=\"async\" loading=\"lazy\" class=\"size-full wp-image-1486\" src=\"https:\/\/www.byter.de\/wordpress\/wp-content\/uploads\/2015\/07\/Uina1_500.jpg\" alt=\"In der Uinaschlucht\" width=\"422\" height=\"500\" srcset=\"https:\/\/www.byter.de\/wordpress\/wp-content\/uploads\/2015\/07\/Uina1_500.jpg 422w, https:\/\/www.byter.de\/wordpress\/wp-content\/uploads\/2015\/07\/Uina1_500-253x300.jpg 253w\" sizes=\"(max-width: 422px) 100vw, 422px\" \/><p id=\"caption-attachment-1486\" class=\"wp-caption-text\">In der Uinaschlucht<\/p><\/div>\n<p style=\"text-align: left;\">Die Kulisse ist jedenfalls atemberaubend und entsch\u00e4digt f\u00fcr die doch sehr steilen letzten Meter hinauf zur Schlucht&nbsp; (die erste Station, an der ich das schwere Bike dann doch verflucht und mir ein 15kg leichteres MTB ohne Gep\u00e4ck gew\u00fcnscht hab)&#8230;&nbsp;&nbsp; Hinter der Schlucht wartet eine wunderbare Almlandschaft &#8211; der folgende Singletrail ist recht t\u00fcckisch und gespickt mit vielen spitzen Felsen, die volle Aufmerksam erfordern. Zum Gl\u00fcck folgt 2km sp\u00e4ter die <em>Sesvenna H\u00fctte<\/em>, wo erst mal eine ausgiebige Pause angesagt war, bevor eine flotte Abfahrt hinab ins Vinschgau f\u00fchrte.&nbsp; Noch ein wenig Rollen durch Apfelplantagen und das Tagesziel <em>Prad<\/em> war erreicht.<\/p>\n<p style=\"text-align: left;\">Die 4. Tagesetappe f\u00fchrte zun\u00e4chst knapp 40km auf einem sehr sch\u00f6nen Radweg gem\u00fctlich durchs Vinschgau bis nach <em>Naturns<\/em>. Nach ein wenig Sightseeing folgte die nicht endend wollende Auffahrt zur <em>Naturnser Alm<\/em> &#8211; fast 17km kontiniuerlich bei &gt;10% Steigung, puh! Selten hat ein bleifreies Weizenbier besser geschmeckt als oben angekommen auf der Alm ;).&nbsp; Dort verlie\u00df ich die viel befahrene Route und schwenkte in Richtung <em>Hochwarth<\/em> \u00fcber das Hochplateau. Die Pfade waren zun\u00e4chst kaum noch auszumachen (ohne GPS w\u00e4re ich hier wohl aufgeschmissen gewesen) und kilometerweit war keine Menschenseele zu sehen&#8230; Wenig sp\u00e4ter ging der Weg \u00fcber in einen herrlichen, wenn auch sehr schmalen (und seitlich ziemlich steil abfallenden ;)) Singletrail. Der Weg hinab ins <em>Ultental<\/em> war dann zun\u00e4chst recht abenteuerlich &#8211; zu steil zum Fahren und eher ein schwarzer Wanderweg als MTB-Trail. 150hm sp\u00e4ter \u00e4nderte sich das gl\u00fccklichweise und eine rauschende Abfahrt ins Tal stand bevor.<\/p>\n<div id=\"attachment_1523\" style=\"width: 610px\" class=\"wp-caption aligncenter\"><img aria-describedby=\"caption-attachment-1523\" decoding=\"async\" loading=\"lazy\" class=\"size-full wp-image-1523\" src=\"https:\/\/www.byter.de\/wordpress\/wp-content\/uploads\/2015\/07\/Naturnseralm_Oberhalb_600p.jpg\" alt=\"Hochplateau jenseits der Naturnser Alm\" width=\"600\" height=\"195\" srcset=\"https:\/\/www.byter.de\/wordpress\/wp-content\/uploads\/2015\/07\/Naturnseralm_Oberhalb_600p.jpg 600w, https:\/\/www.byter.de\/wordpress\/wp-content\/uploads\/2015\/07\/Naturnseralm_Oberhalb_600p-300x98.jpg 300w\" sizes=\"(max-width: 600px) 100vw, 600px\" \/><p id=\"caption-attachment-1523\" class=\"wp-caption-text\">Hochplateau jenseits der Naturnser Alm<\/p><\/div>\n<p style=\"text-align: left;\">Laut Wegbeschreibung aus dem Internet h\u00e4tte es jetzt eigentlich nur noch bergab gehen sollen bis zum Tagesziel <em>St. Walburg \/ Kuppelwies<\/em>. Mittlerweile waren die 2000hm geknackt und die Strapazen des Tages machten sich ziemlich bemerkbar&#8230;&nbsp; Leider hatte wohl jemand in der Beschreibung vergessen, dass noch einmal gut 500hm Anstieg zu kurbeln waren (und die Strecke 15km l\u00e4nger war als angegeben), bevor die letzte Abfahrt endlich zum <em>Zoggeler Stausee<\/em> f\u00fchrte. So endete diese Tageetappe nach mehr als 90km und fast 2600hm nach mehr als 10h &#8211; selten war ich \u00e4hnlich fertig, aber daf\u00fcr schmeckten Pizza &amp; Bier dann auch besonders gut \ud83d\ude09<\/p>\n<p style=\"text-align: left;\">Mit Etappe 5 stand nach einem gem\u00fctlichen Start entlang eines Wald-Trails bis <em>St. Gertraud<\/em> ein weiteres Highlight auf dem Programm: eine \u00dcberquerung des <em>Rabbijochs<\/em> und gleichzeitig der h\u00f6chste Punkt der Tour auf 2500m. Die Auffahrt ist zun\u00e4chst noch gut zu bew\u00e4ltigen, aber die letzten 300 H\u00f6henmeter werden schlie\u00dflich so steil, dass man nur noch schiebend und tragend voran kommt. Vor dieser Passage graute mir etwas, r\u00e4chte sich hier doch wieder das deutliche Mehrgewicht meines Bikes, aber es war machbar &#8211; wenn auch sehr anstrengend. Auch hier wird man aber wieder mit spektakul\u00e4ren Kulissen belohnt und auch eine H\u00fctte ist nicht fern, wo \u00e4u\u00dferst leckere Pasta darauf wartet, hungrige Biker zu s\u00e4ttigen \ud83d\ude09<\/p>\n<div id=\"attachment_1525\" style=\"width: 510px\" class=\"wp-caption aligncenter\"><img aria-describedby=\"caption-attachment-1525\" decoding=\"async\" loading=\"lazy\" class=\"size-full wp-image-1525\" src=\"https:\/\/www.byter.de\/wordpress\/wp-content\/uploads\/2015\/07\/Rabbijoch_500.jpg\" alt=\"Am Rabbijoch\" width=\"500\" height=\"308\" srcset=\"https:\/\/www.byter.de\/wordpress\/wp-content\/uploads\/2015\/07\/Rabbijoch_500.jpg 500w, https:\/\/www.byter.de\/wordpress\/wp-content\/uploads\/2015\/07\/Rabbijoch_500-300x185.jpg 300w\" sizes=\"(max-width: 500px) 100vw, 500px\" \/><p id=\"caption-attachment-1525\" class=\"wp-caption-text\">Am Rabbijoch<\/p><\/div>\n<p style=\"text-align: left;\">Die Abfahrt ins <em>Val di Sole<\/em> ist legend\u00e4r und alle M\u00fchen wert, auch wenn ich einige Passagen geschoben bin, da sie mir alleine und mit schwerem Gep\u00e4ck dann doch etwas zu steil waren, aber es tat dem Erlebnis keinen Abbruch. Dankbar, dass die heutige Etappe nach &#8222;nur&#8220; 50km zu Ende war konnte ich dann noch in aller Ruhe <em>Dimaro<\/em> erkunden und es mir bei italienischer Gastfreundschaft gut gehen lassen&#8230;<\/p>\n<p style=\"text-align: left;\">Am 6. Tag ging es auf in Richtung <em>Madonna di Campiglio<\/em>. Geplant war eine sch\u00f6ne waldige Auffahrt zur <span class=\"st\"><em>Malga Mondifra<\/em>, aber eine Stra\u00dfensperrung mit Bauarbeiten machte einen Strich durch die Rechnung. Zum Gl\u00fcck war eine Alternativroute extra f\u00fcr MTBs ausgeschildert, die zwar knapp 200 zus\u00e4tzliche H\u00f6henmeter mit sich brachte, aber ebenfalls eine tolle Strecke bot.&nbsp; In <em>Madonna die Campiglio<\/em> angekommen erwartete mich ein typischer Touristenort mit viel Trubel, dem ich recht schnell wieder entflohen bin, indem ich mich an die laaaange Abfahrt nach <em>Tione<\/em> gemacht hab. Schlie\u00dflich galt es den letzten Pass der Tour, den <em>Passo di Durone<\/em>, zu \u00fcberqueren. Die Asphaltstrecke hinauf war wenig spektakul\u00e4r aber auch nicht sonderlich steil, und 10km entlang idyllischer Waldpfade sp\u00e4ter erblickte ich zum ersten Mal den Gardasee in der Ferne \ud83d\ude09 &nbsp; Es folgte noch eine rasante Abfahrt bis hinunter zur Altstadt von <em>Riva<\/em> und schlie\u00dflich war es geschafft &#8211; nach 414km um 12184hm &#8211; der Gardasee!<\/span><\/p>\n<div id=\"attachment_1487\" style=\"width: 510px\" class=\"wp-caption aligncenter\"><img aria-describedby=\"caption-attachment-1487\" decoding=\"async\" loading=\"lazy\" class=\"wp-image-1487 size-full\" src=\"https:\/\/www.byter.de\/wordpress\/wp-content\/uploads\/2015\/07\/Gardasee_Ankunft_500.jpg\" alt=\"Gardasee_Ankunft_500\" width=\"500\" height=\"352\" srcset=\"https:\/\/www.byter.de\/wordpress\/wp-content\/uploads\/2015\/07\/Gardasee_Ankunft_500.jpg 500w, https:\/\/www.byter.de\/wordpress\/wp-content\/uploads\/2015\/07\/Gardasee_Ankunft_500-300x211.jpg 300w\" sizes=\"(max-width: 500px) 100vw, 500px\" \/><p id=\"caption-attachment-1487\" class=\"wp-caption-text\">Ankunft am Gardasee<\/p><\/div>\n<p style=\"text-align: left;\">Eigentlich sollte man meinen, dass hier dann Feierabend war &#8211; aber da ich noch einen Tag Zeit hatte wollte ich unbedingt noch entlang der alten Ponalestra\u00dfe ein paar tolle Ausblicke auf den Gardasee erhaschen und einen letzten Anstieg zum <em>Lago di Ledro<\/em> hinaufradeln. Eine gute Entscheidung, denn zum einen war es ein landschaftlicher Traum und zum anderen war es tags\u00fcber in <em>Riva<\/em> mit 37 Grad dann einfach zu warm &#8211; der k\u00fchle und kristallklare Ledrosee war da um einiges angenehmer und lud im Gegensatz zum Gardasee auch zum Schwimmen ein \ud83d\ude09<\/p>\n<p style=\"text-align: left;\">Den letzten Abend genoss ich dann noch einmal bei leckerem Essen und Live-Musik in <em>Riva del Garda<\/em>, bevor es am n\u00e4chsten Morgen mit dem Bike-Shuttle zur\u00fcck \u00fcber den Brenner nach <em>Mittenwald<\/em> ging und diese traumhafte Tour leider viel zu fr\u00fch wieder zu Ende war (lediglich der Hintern begr\u00fc\u00dfte diese Entscheidung \ud83d\ude09 ).&nbsp;&nbsp;&nbsp; Fazit: Es war ein unvergessliches Erlebnis und sicher nicht die letzte Tour dieser Art!<\/p>\n<p style=\"text-align: left;\">Jetzt nach 3 Tagen w\u00fcrde ich am liebsten schon wieder losradeln&#8230; \ud83d\ude09<\/p>\n<p style=\"text-align: left;\">Bilder von unterwegs:<\/p>\n<p style=\"text-align: center;\"><!-- default-view.php -->\n<div\n\tclass=\"ngg-galleryoverview default-view \"\n\tid=\"ngg-gallery-899ec7d91458a77fe22f1f9d75a65f39-1\">\n\n\t\t<!-- Thumbnails -->\n\t\t\t\t<div id=\"ngg-image-0\" class=\"ngg-gallery-thumbnail-box \" >\n\t\t\t\t        <div class=\"ngg-gallery-thumbnail\">\n            <a href=\"https:\/\/www.byter.de\/wordpress\/wp-content\/gallery\/transalp-2015\/Mittenwald_Karwendel_1200.jpg\"\n               title=\"Start in Mittenwald mit Blick auf\u00b4s Karwendel\"\n               data-src=\"https:\/\/www.byter.de\/wordpress\/wp-content\/gallery\/transalp-2015\/Mittenwald_Karwendel_1200.jpg\"\n               data-thumbnail=\"https:\/\/www.byter.de\/wordpress\/wp-content\/gallery\/transalp-2015\/thumbs\/thumbs_Mittenwald_Karwendel_1200.jpg\"\n               data-image-id=\"894\"\n               data-title=\"Mittenwald_Karwendel_1200\"\n               data-description=\"Start in Mittenwald mit Blick auf\u00b4s Karwendel\"\n               data-image-slug=\"mittenwald_karwendel_1200\"\n               class=\"ngg-fancybox\" rel=\"899ec7d91458a77fe22f1f9d75a65f39\">\n                <img\n                    title=\"Mittenwald_Karwendel_1200\"\n                    alt=\"Mittenwald_Karwendel_1200\"\n                    src=\"https:\/\/www.byter.de\/wordpress\/wp-content\/gallery\/transalp-2015\/thumbs\/thumbs_Mittenwald_Karwendel_1200.jpg\"\n                    width=\"100\"\n                    height=\"75\"\n                    style=\"max-width:100%;\"\n                \/>\n            <\/a>\n        <\/div>\n\t\t\t\t\t\t\t<\/div> \n\t\t\t\n\t\t\t\t<div id=\"ngg-image-1\" class=\"ngg-gallery-thumbnail-box \" >\n\t\t\t\t        <div class=\"ngg-gallery-thumbnail\">\n            <a href=\"https:\/\/www.byter.de\/wordpress\/wp-content\/gallery\/transalp-2015\/Leutasch_Fluss_1200.jpg\"\n               title=\"Gem\u00fctliches Einrollen im Leutascher Tal\"\n               data-src=\"https:\/\/www.byter.de\/wordpress\/wp-content\/gallery\/transalp-2015\/Leutasch_Fluss_1200.jpg\"\n               data-thumbnail=\"https:\/\/www.byter.de\/wordpress\/wp-content\/gallery\/transalp-2015\/thumbs\/thumbs_Leutasch_Fluss_1200.jpg\"\n               data-image-id=\"893\"\n               data-title=\"Leutasch_Fluss_1200\"\n               data-description=\"Gem\u00fctliches Einrollen im Leutascher Tal\"\n               data-image-slug=\"leutasch_fluss_1200\"\n               class=\"ngg-fancybox\" rel=\"899ec7d91458a77fe22f1f9d75a65f39\">\n                <img\n                    title=\"Leutasch_Fluss_1200\"\n                    alt=\"Leutasch_Fluss_1200\"\n                    src=\"https:\/\/www.byter.de\/wordpress\/wp-content\/gallery\/transalp-2015\/thumbs\/thumbs_Leutasch_Fluss_1200.jpg\"\n                    width=\"100\"\n                    height=\"75\"\n                    style=\"max-width:100%;\"\n                \/>\n            <\/a>\n        <\/div>\n\t\t\t\t\t\t\t<\/div> \n\t\t\t\n\t\t\t\t<div id=\"ngg-image-2\" class=\"ngg-gallery-thumbnail-box \" >\n\t\t\t\t        <div class=\"ngg-gallery-thumbnail\">\n            <a href=\"https:\/\/www.byter.de\/wordpress\/wp-content\/gallery\/transalp-2015\/Venetalm_Auffahrt_1200.jpg\"\n               title=\"Uphill zur Venetalm\"\n               data-src=\"https:\/\/www.byter.de\/wordpress\/wp-content\/gallery\/transalp-2015\/Venetalm_Auffahrt_1200.jpg\"\n               data-thumbnail=\"https:\/\/www.byter.de\/wordpress\/wp-content\/gallery\/transalp-2015\/thumbs\/thumbs_Venetalm_Auffahrt_1200.jpg\"\n               data-image-id=\"906\"\n               data-title=\"Venetalm_Auffahrt_1200\"\n               data-description=\"Uphill zur Venetalm\"\n               data-image-slug=\"venetalm_auffahrt_1200\"\n               class=\"ngg-fancybox\" rel=\"899ec7d91458a77fe22f1f9d75a65f39\">\n                <img\n                    title=\"Venetalm_Auffahrt_1200\"\n                    alt=\"Venetalm_Auffahrt_1200\"\n                    src=\"https:\/\/www.byter.de\/wordpress\/wp-content\/gallery\/transalp-2015\/thumbs\/thumbs_Venetalm_Auffahrt_1200.jpg\"\n                    width=\"100\"\n                    height=\"75\"\n                    style=\"max-width:100%;\"\n                \/>\n            <\/a>\n        <\/div>\n\t\t\t\t\t\t\t<\/div> \n\t\t\t\n\t\t\t\t<div id=\"ngg-image-3\" class=\"ngg-gallery-thumbnail-box \" >\n\t\t\t\t        <div class=\"ngg-gallery-thumbnail\">\n            <a href=\"https:\/\/www.byter.de\/wordpress\/wp-content\/gallery\/transalp-2015\/Geistal_1000h.jpg\"\n               title=\"Im Geistal\"\n               data-src=\"https:\/\/www.byter.de\/wordpress\/wp-content\/gallery\/transalp-2015\/Geistal_1000h.jpg\"\n               data-thumbnail=\"https:\/\/www.byter.de\/wordpress\/wp-content\/gallery\/transalp-2015\/thumbs\/thumbs_Geistal_1000h.jpg\"\n               data-image-id=\"885\"\n               data-title=\"Geistal_1000h\"\n               data-description=\"Im Geistal\"\n               data-image-slug=\"geistal_1000h\"\n               class=\"ngg-fancybox\" rel=\"899ec7d91458a77fe22f1f9d75a65f39\">\n                <img\n                    title=\"Geistal_1000h\"\n                    alt=\"Geistal_1000h\"\n                    src=\"https:\/\/www.byter.de\/wordpress\/wp-content\/gallery\/transalp-2015\/thumbs\/thumbs_Geistal_1000h.jpg\"\n                    width=\"100\"\n                    height=\"75\"\n                    style=\"max-width:100%;\"\n                \/>\n            <\/a>\n        <\/div>\n\t\t\t\t\t\t\t<\/div> \n\t\t\t\n\t\t\t\t<div id=\"ngg-image-4\" class=\"ngg-gallery-thumbnail-box \" >\n\t\t\t\t        <div class=\"ngg-gallery-thumbnail\">\n            <a href=\"https:\/\/www.byter.de\/wordpress\/wp-content\/gallery\/transalp-2015\/Inntalblick_1000h.jpg\"\n               title=\"Herrlicher Blick auf\u00b4s Inntal\"\n               data-src=\"https:\/\/www.byter.de\/wordpress\/wp-content\/gallery\/transalp-2015\/Inntalblick_1000h.jpg\"\n               data-thumbnail=\"https:\/\/www.byter.de\/wordpress\/wp-content\/gallery\/transalp-2015\/thumbs\/thumbs_Inntalblick_1000h.jpg\"\n               data-image-id=\"887\"\n               data-title=\"Inntalblick_1000h\"\n               data-description=\"Herrlicher Blick auf\u00b4s Inntal\"\n               data-image-slug=\"inntalblick_1000h\"\n               class=\"ngg-fancybox\" rel=\"899ec7d91458a77fe22f1f9d75a65f39\">\n                <img\n                    title=\"Inntalblick_1000h\"\n                    alt=\"Inntalblick_1000h\"\n                    src=\"https:\/\/www.byter.de\/wordpress\/wp-content\/gallery\/transalp-2015\/thumbs\/thumbs_Inntalblick_1000h.jpg\"\n                    width=\"100\"\n                    height=\"75\"\n                    style=\"max-width:100%;\"\n                \/>\n            <\/a>\n        <\/div>\n\t\t\t\t\t\t\t<\/div> \n\t\t\t\n\t\t\t\t<div id=\"ngg-image-5\" class=\"ngg-gallery-thumbnail-box \" >\n\t\t\t\t        <div class=\"ngg-gallery-thumbnail\">\n            <a href=\"https:\/\/www.byter.de\/wordpress\/wp-content\/gallery\/transalp-2015\/L%C3%A4rchenwald1_1200.jpg\"\n               title=\"Unterwegs ein L\u00e4rchenwald\"\n               data-src=\"https:\/\/www.byter.de\/wordpress\/wp-content\/gallery\/transalp-2015\/L%C3%A4rchenwald1_1200.jpg\"\n               data-thumbnail=\"https:\/\/www.byter.de\/wordpress\/wp-content\/gallery\/transalp-2015\/thumbs\/thumbs_L%C3%A4rchenwald1_1200.jpg\"\n               data-image-id=\"892\"\n               data-title=\"L\u00e4rchenwald1_1200\"\n               data-description=\"Unterwegs ein L\u00e4rchenwald\"\n               data-image-slug=\"l%c3%a4rchenwald1_1200-1\"\n               class=\"ngg-fancybox\" rel=\"899ec7d91458a77fe22f1f9d75a65f39\">\n                <img\n                    title=\"L\u00e4rchenwald1_1200\"\n                    alt=\"L\u00e4rchenwald1_1200\"\n                    src=\"https:\/\/www.byter.de\/wordpress\/wp-content\/gallery\/transalp-2015\/thumbs\/thumbs_L%C3%A4rchenwald1_1200.jpg\"\n                    width=\"100\"\n                    height=\"75\"\n                    style=\"max-width:100%;\"\n                \/>\n            <\/a>\n        <\/div>\n\t\t\t\t\t\t\t<\/div> \n\t\t\t\n\t\t\t\t<div id=\"ngg-image-6\" class=\"ngg-gallery-thumbnail-box \" >\n\t\t\t\t        <div class=\"ngg-gallery-thumbnail\">\n            <a href=\"https:\/\/www.byter.de\/wordpress\/wp-content\/gallery\/transalp-2015\/Uinaschlucht_Auffahrt1_1200.jpg\"\n               title=\"Auffahrt zur UinaSchlucht (im Hintergrund ist weitere Weg bereits zu erahnen!)\"\n               data-src=\"https:\/\/www.byter.de\/wordpress\/wp-content\/gallery\/transalp-2015\/Uinaschlucht_Auffahrt1_1200.jpg\"\n               data-thumbnail=\"https:\/\/www.byter.de\/wordpress\/wp-content\/gallery\/transalp-2015\/thumbs\/thumbs_Uinaschlucht_Auffahrt1_1200.jpg\"\n               data-image-id=\"900\"\n               data-title=\"Uinaschlucht_Auffahrt1_1200\"\n               data-description=\"Auffahrt zur UinaSchlucht (im Hintergrund ist weitere Weg bereits zu erahnen!)\"\n               data-image-slug=\"uinaschlucht_auffahrt1_1200\"\n               class=\"ngg-fancybox\" rel=\"899ec7d91458a77fe22f1f9d75a65f39\">\n                <img\n                    title=\"Uinaschlucht_Auffahrt1_1200\"\n                    alt=\"Uinaschlucht_Auffahrt1_1200\"\n                    src=\"https:\/\/www.byter.de\/wordpress\/wp-content\/gallery\/transalp-2015\/thumbs\/thumbs_Uinaschlucht_Auffahrt1_1200.jpg\"\n                    width=\"100\"\n                    height=\"75\"\n                    style=\"max-width:100%;\"\n                \/>\n            <\/a>\n        <\/div>\n\t\t\t\t\t\t\t<\/div> \n\t\t\t\n\t\t\t\t<div id=\"ngg-image-7\" class=\"ngg-gallery-thumbnail-box \" >\n\t\t\t\t        <div class=\"ngg-gallery-thumbnail\">\n            <a href=\"https:\/\/www.byter.de\/wordpress\/wp-content\/gallery\/transalp-2015\/Uinaschlucht_Auffahrt2_1000hl.jpg\"\n               title=\"Am Eingang zur UinaSchlucht\"\n               data-src=\"https:\/\/www.byter.de\/wordpress\/wp-content\/gallery\/transalp-2015\/Uinaschlucht_Auffahrt2_1000hl.jpg\"\n               data-thumbnail=\"https:\/\/www.byter.de\/wordpress\/wp-content\/gallery\/transalp-2015\/thumbs\/thumbs_Uinaschlucht_Auffahrt2_1000hl.jpg\"\n               data-image-id=\"901\"\n               data-title=\"Uinaschlucht_Auffahrt2_1000hl\"\n               data-description=\"Am Eingang zur UinaSchlucht\"\n               data-image-slug=\"uinaschlucht_auffahrt2_1000hl\"\n               class=\"ngg-fancybox\" rel=\"899ec7d91458a77fe22f1f9d75a65f39\">\n                <img\n                    title=\"Uinaschlucht_Auffahrt2_1000hl\"\n                    alt=\"Uinaschlucht_Auffahrt2_1000hl\"\n                    src=\"https:\/\/www.byter.de\/wordpress\/wp-content\/gallery\/transalp-2015\/thumbs\/thumbs_Uinaschlucht_Auffahrt2_1000hl.jpg\"\n                    width=\"100\"\n                    height=\"75\"\n                    style=\"max-width:100%;\"\n                \/>\n            <\/a>\n        <\/div>\n\t\t\t\t\t\t\t<\/div> \n\t\t\t\n\t\t\t\t<div id=\"ngg-image-8\" class=\"ngg-gallery-thumbnail-box \" >\n\t\t\t\t        <div class=\"ngg-gallery-thumbnail\">\n            <a href=\"https:\/\/www.byter.de\/wordpress\/wp-content\/gallery\/transalp-2015\/Uinaschlucht1_1000h.jpg\"\n               title=\"In der Uinaschlucht - spektakul\u00e4re Wegf\u00fchrung\"\n               data-src=\"https:\/\/www.byter.de\/wordpress\/wp-content\/gallery\/transalp-2015\/Uinaschlucht1_1000h.jpg\"\n               data-thumbnail=\"https:\/\/www.byter.de\/wordpress\/wp-content\/gallery\/transalp-2015\/thumbs\/thumbs_Uinaschlucht1_1000h.jpg\"\n               data-image-id=\"902\"\n               data-title=\"Uinaschlucht1_1000h\"\n               data-description=\"In der Uinaschlucht - spektakul\u00e4re Wegf\u00fchrung\"\n               data-image-slug=\"uinaschlucht1_1000h\"\n               class=\"ngg-fancybox\" rel=\"899ec7d91458a77fe22f1f9d75a65f39\">\n                <img\n                    title=\"Uinaschlucht1_1000h\"\n                    alt=\"Uinaschlucht1_1000h\"\n                    src=\"https:\/\/www.byter.de\/wordpress\/wp-content\/gallery\/transalp-2015\/thumbs\/thumbs_Uinaschlucht1_1000h.jpg\"\n                    width=\"100\"\n                    height=\"75\"\n                    style=\"max-width:100%;\"\n                \/>\n            <\/a>\n        <\/div>\n\t\t\t\t\t\t\t<\/div> \n\t\t\t\n\t\t\t\t<div id=\"ngg-image-9\" class=\"ngg-gallery-thumbnail-box \" >\n\t\t\t\t        <div class=\"ngg-gallery-thumbnail\">\n            <a href=\"https:\/\/www.byter.de\/wordpress\/wp-content\/gallery\/transalp-2015\/Uinaschlucht2_1200.jpg\"\n               title=\"Gro\u00dfe Schlenker sollte man hier nicht machen - und schwindelfrei sein!\"\n               data-src=\"https:\/\/www.byter.de\/wordpress\/wp-content\/gallery\/transalp-2015\/Uinaschlucht2_1200.jpg\"\n               data-thumbnail=\"https:\/\/www.byter.de\/wordpress\/wp-content\/gallery\/transalp-2015\/thumbs\/thumbs_Uinaschlucht2_1200.jpg\"\n               data-image-id=\"903\"\n               data-title=\"Uinaschlucht2_1200\"\n               data-description=\"Gro\u00dfe Schlenker sollte man hier nicht machen - und schwindelfrei sein!\"\n               data-image-slug=\"uinaschlucht2_1200\"\n               class=\"ngg-fancybox\" rel=\"899ec7d91458a77fe22f1f9d75a65f39\">\n                <img\n                    title=\"Uinaschlucht2_1200\"\n                    alt=\"Uinaschlucht2_1200\"\n                    src=\"https:\/\/www.byter.de\/wordpress\/wp-content\/gallery\/transalp-2015\/thumbs\/thumbs_Uinaschlucht2_1200.jpg\"\n                    width=\"100\"\n                    height=\"75\"\n                    style=\"max-width:100%;\"\n                \/>\n            <\/a>\n        <\/div>\n\t\t\t\t\t\t\t<\/div> \n\t\t\t\n\t\t\t\t<div id=\"ngg-image-10\" class=\"ngg-gallery-thumbnail-box \" >\n\t\t\t\t        <div class=\"ngg-gallery-thumbnail\">\n            <a href=\"https:\/\/www.byter.de\/wordpress\/wp-content\/gallery\/transalp-2015\/Uinaschlucht3_1200.jpg\"\n               title=\"Ein atemberaubender Trail - und ein Highlight der Tour!\"\n               data-src=\"https:\/\/www.byter.de\/wordpress\/wp-content\/gallery\/transalp-2015\/Uinaschlucht3_1200.jpg\"\n               data-thumbnail=\"https:\/\/www.byter.de\/wordpress\/wp-content\/gallery\/transalp-2015\/thumbs\/thumbs_Uinaschlucht3_1200.jpg\"\n               data-image-id=\"904\"\n               data-title=\"Uinaschlucht3_1200\"\n               data-description=\"Ein atemberaubender Trail - und ein Highlight der Tour!\"\n               data-image-slug=\"uinaschlucht3_1200\"\n               class=\"ngg-fancybox\" rel=\"899ec7d91458a77fe22f1f9d75a65f39\">\n                <img\n                    title=\"Uinaschlucht3_1200\"\n                    alt=\"Uinaschlucht3_1200\"\n                    src=\"https:\/\/www.byter.de\/wordpress\/wp-content\/gallery\/transalp-2015\/thumbs\/thumbs_Uinaschlucht3_1200.jpg\"\n                    width=\"100\"\n                    height=\"75\"\n                    style=\"max-width:100%;\"\n                \/>\n            <\/a>\n        <\/div>\n\t\t\t\t\t\t\t<\/div> \n\t\t\t\n\t\t\t\t<div id=\"ngg-image-11\" class=\"ngg-gallery-thumbnail-box \" >\n\t\t\t\t        <div class=\"ngg-gallery-thumbnail\">\n            <a href=\"https:\/\/www.byter.de\/wordpress\/wp-content\/gallery\/transalp-2015\/VorSesvenna_Panorama_1600p.jpg\"\n               title=\"Oben angekommen - auf dem Weg zur Sesvenna-H\u00fctte\"\n               data-src=\"https:\/\/www.byter.de\/wordpress\/wp-content\/gallery\/transalp-2015\/VorSesvenna_Panorama_1600p.jpg\"\n               data-thumbnail=\"https:\/\/www.byter.de\/wordpress\/wp-content\/gallery\/transalp-2015\/thumbs\/thumbs_VorSesvenna_Panorama_1600p.jpg\"\n               data-image-id=\"908\"\n               data-title=\"VorSesvenna_Panorama_1600p\"\n               data-description=\"Oben angekommen - auf dem Weg zur Sesvenna-H\u00fctte\"\n               data-image-slug=\"vorsesvenna_panorama_1600p\"\n               class=\"ngg-fancybox\" rel=\"899ec7d91458a77fe22f1f9d75a65f39\">\n                <img\n                    title=\"VorSesvenna_Panorama_1600p\"\n                    alt=\"VorSesvenna_Panorama_1600p\"\n                    src=\"https:\/\/www.byter.de\/wordpress\/wp-content\/gallery\/transalp-2015\/thumbs\/thumbs_VorSesvenna_Panorama_1600p.jpg\"\n                    width=\"100\"\n                    height=\"75\"\n                    style=\"max-width:100%;\"\n                \/>\n            <\/a>\n        <\/div>\n\t\t\t\t\t\t\t<\/div> \n\t\t\t\n\t\t\t\t<div id=\"ngg-image-12\" class=\"ngg-gallery-thumbnail-box \" >\n\t\t\t\t        <div class=\"ngg-gallery-thumbnail\">\n            <a href=\"https:\/\/www.byter.de\/wordpress\/wp-content\/gallery\/transalp-2015\/Feierabend_in_Prad_1200.jpg\"\n               title=\"Feierabend bei Sonnenuntergang in Prad\"\n               data-src=\"https:\/\/www.byter.de\/wordpress\/wp-content\/gallery\/transalp-2015\/Feierabend_in_Prad_1200.jpg\"\n               data-thumbnail=\"https:\/\/www.byter.de\/wordpress\/wp-content\/gallery\/transalp-2015\/thumbs\/thumbs_Feierabend_in_Prad_1200.jpg\"\n               data-image-id=\"880\"\n               data-title=\"Feierabend_in_Prad_1200\"\n               data-description=\"Feierabend bei Sonnenuntergang in Prad\"\n               data-image-slug=\"feierabend_in_prad_1200\"\n               class=\"ngg-fancybox\" rel=\"899ec7d91458a77fe22f1f9d75a65f39\">\n                <img\n                    title=\"Feierabend_in_Prad_1200\"\n                    alt=\"Feierabend_in_Prad_1200\"\n                    src=\"https:\/\/www.byter.de\/wordpress\/wp-content\/gallery\/transalp-2015\/thumbs\/thumbs_Feierabend_in_Prad_1200.jpg\"\n                    width=\"100\"\n                    height=\"75\"\n                    style=\"max-width:100%;\"\n                \/>\n            <\/a>\n        <\/div>\n\t\t\t\t\t\t\t<\/div> \n\t\t\t\n\t\t\t\t<div id=\"ngg-image-13\" class=\"ngg-gallery-thumbnail-box \" >\n\t\t\t\t        <div class=\"ngg-gallery-thumbnail\">\n            <a href=\"https:\/\/www.byter.de\/wordpress\/wp-content\/gallery\/transalp-2015\/Kastell_1000h.jpg\"\n               title=\"Altes Kastell unterwegs\"\n               data-src=\"https:\/\/www.byter.de\/wordpress\/wp-content\/gallery\/transalp-2015\/Kastell_1000h.jpg\"\n               data-thumbnail=\"https:\/\/www.byter.de\/wordpress\/wp-content\/gallery\/transalp-2015\/thumbs\/thumbs_Kastell_1000h.jpg\"\n               data-image-id=\"888\"\n               data-title=\"Kastell_1000h\"\n               data-description=\"Altes Kastell unterwegs\"\n               data-image-slug=\"kastell_1000h\"\n               class=\"ngg-fancybox\" rel=\"899ec7d91458a77fe22f1f9d75a65f39\">\n                <img\n                    title=\"Kastell_1000h\"\n                    alt=\"Kastell_1000h\"\n                    src=\"https:\/\/www.byter.de\/wordpress\/wp-content\/gallery\/transalp-2015\/thumbs\/thumbs_Kastell_1000h.jpg\"\n                    width=\"100\"\n                    height=\"75\"\n                    style=\"max-width:100%;\"\n                \/>\n            <\/a>\n        <\/div>\n\t\t\t\t\t\t\t<\/div> \n\t\t\t\n\t\t\t\t<div id=\"ngg-image-14\" class=\"ngg-gallery-thumbnail-box \" >\n\t\t\t\t        <div class=\"ngg-gallery-thumbnail\">\n            <a href=\"https:\/\/www.byter.de\/wordpress\/wp-content\/gallery\/transalp-2015\/Naturnseralm_Oberhalb_Panorama_1600.jpg\"\n               title=\"Oberhalb der Naturnser Alm - traumhafte Aussicht und keine Menschenseele\"\n               data-src=\"https:\/\/www.byter.de\/wordpress\/wp-content\/gallery\/transalp-2015\/Naturnseralm_Oberhalb_Panorama_1600.jpg\"\n               data-thumbnail=\"https:\/\/www.byter.de\/wordpress\/wp-content\/gallery\/transalp-2015\/thumbs\/thumbs_Naturnseralm_Oberhalb_Panorama_1600.jpg\"\n               data-image-id=\"895\"\n               data-title=\"Naturnseralm_Oberhalb_Panorama_1600\"\n               data-description=\"Oberhalb der Naturnser Alm - traumhafte Aussicht und keine Menschenseele\"\n               data-image-slug=\"naturnseralm_oberhalb_panorama_1600\"\n               class=\"ngg-fancybox\" rel=\"899ec7d91458a77fe22f1f9d75a65f39\">\n                <img\n                    title=\"Naturnseralm_Oberhalb_Panorama_1600\"\n                    alt=\"Naturnseralm_Oberhalb_Panorama_1600\"\n                    src=\"https:\/\/www.byter.de\/wordpress\/wp-content\/gallery\/transalp-2015\/thumbs\/thumbs_Naturnseralm_Oberhalb_Panorama_1600.jpg\"\n                    width=\"100\"\n                    height=\"75\"\n                    style=\"max-width:100%;\"\n                \/>\n            <\/a>\n        <\/div>\n\t\t\t\t\t\t\t<\/div> \n\t\t\t\n\t\t\t\t<div id=\"ngg-image-15\" class=\"ngg-gallery-thumbnail-box \" >\n\t\t\t\t        <div class=\"ngg-gallery-thumbnail\">\n            <a href=\"https:\/\/www.byter.de\/wordpress\/wp-content\/gallery\/transalp-2015\/Hochwarth_Singletrail_Pano_1600.jpg\"\n               title=\"Fantastischer Singletrail am Hochwarth\"\n               data-src=\"https:\/\/www.byter.de\/wordpress\/wp-content\/gallery\/transalp-2015\/Hochwarth_Singletrail_Pano_1600.jpg\"\n               data-thumbnail=\"https:\/\/www.byter.de\/wordpress\/wp-content\/gallery\/transalp-2015\/thumbs\/thumbs_Hochwarth_Singletrail_Pano_1600.jpg\"\n               data-image-id=\"886\"\n               data-title=\"Hochwarth_Singletrail_Pano_1600\"\n               data-description=\"Fantastischer Singletrail am Hochwarth\"\n               data-image-slug=\"hochwarth_singletrail_pano_1600\"\n               class=\"ngg-fancybox\" rel=\"899ec7d91458a77fe22f1f9d75a65f39\">\n                <img\n                    title=\"Hochwarth_Singletrail_Pano_1600\"\n                    alt=\"Hochwarth_Singletrail_Pano_1600\"\n                    src=\"https:\/\/www.byter.de\/wordpress\/wp-content\/gallery\/transalp-2015\/thumbs\/thumbs_Hochwarth_Singletrail_Pano_1600.jpg\"\n                    width=\"100\"\n                    height=\"75\"\n                    style=\"max-width:100%;\"\n                \/>\n            <\/a>\n        <\/div>\n\t\t\t\t\t\t\t<\/div> \n\t\t\t\n\t\t\t\t<div id=\"ngg-image-16\" class=\"ngg-gallery-thumbnail-box \" >\n\t\t\t\t        <div class=\"ngg-gallery-thumbnail\">\n            <a href=\"https:\/\/www.byter.de\/wordpress\/wp-content\/gallery\/transalp-2015\/Zoggler_Stausee_1200.jpg\"\n               title=\"Am Zoggler Stausee\"\n               data-src=\"https:\/\/www.byter.de\/wordpress\/wp-content\/gallery\/transalp-2015\/Zoggler_Stausee_1200.jpg\"\n               data-thumbnail=\"https:\/\/www.byter.de\/wordpress\/wp-content\/gallery\/transalp-2015\/thumbs\/thumbs_Zoggler_Stausee_1200.jpg\"\n               data-image-id=\"910\"\n               data-title=\"Zoggler_Stausee_1200\"\n               data-description=\"Am Zoggler Stausee\"\n               data-image-slug=\"zoggler_stausee_1200\"\n               class=\"ngg-fancybox\" rel=\"899ec7d91458a77fe22f1f9d75a65f39\">\n                <img\n                    title=\"Zoggler_Stausee_1200\"\n                    alt=\"Zoggler_Stausee_1200\"\n                    src=\"https:\/\/www.byter.de\/wordpress\/wp-content\/gallery\/transalp-2015\/thumbs\/thumbs_Zoggler_Stausee_1200.jpg\"\n                    width=\"100\"\n                    height=\"75\"\n                    style=\"max-width:100%;\"\n                \/>\n            <\/a>\n        <\/div>\n\t\t\t\t\t\t\t<\/div> \n\t\t\t\n\t\t\t\t<div id=\"ngg-image-17\" class=\"ngg-gallery-thumbnail-box \" >\n\t\t\t\t        <div class=\"ngg-gallery-thumbnail\">\n            <a href=\"https:\/\/www.byter.de\/wordpress\/wp-content\/gallery\/transalp-2015\/Rabbijoch_Pano_1600.jpg\"\n               title=\"Kurz vorm Rabbijoch auf 2500m H\u00f6he\"\n               data-src=\"https:\/\/www.byter.de\/wordpress\/wp-content\/gallery\/transalp-2015\/Rabbijoch_Pano_1600.jpg\"\n               data-thumbnail=\"https:\/\/www.byter.de\/wordpress\/wp-content\/gallery\/transalp-2015\/thumbs\/thumbs_Rabbijoch_Pano_1600.jpg\"\n               data-image-id=\"899\"\n               data-title=\"Rabbijoch_Pano_1600\"\n               data-description=\"Kurz vorm Rabbijoch auf 2500m H\u00f6he\"\n               data-image-slug=\"rabbijoch_pano_1600\"\n               class=\"ngg-fancybox\" rel=\"899ec7d91458a77fe22f1f9d75a65f39\">\n                <img\n                    title=\"Rabbijoch_Pano_1600\"\n                    alt=\"Rabbijoch_Pano_1600\"\n                    src=\"https:\/\/www.byter.de\/wordpress\/wp-content\/gallery\/transalp-2015\/thumbs\/thumbs_Rabbijoch_Pano_1600.jpg\"\n                    width=\"100\"\n                    height=\"75\"\n                    style=\"max-width:100%;\"\n                \/>\n            <\/a>\n        <\/div>\n\t\t\t\t\t\t\t<\/div> \n\t\t\t\n\t\t\t\t<div id=\"ngg-image-18\" class=\"ngg-gallery-thumbnail-box \" >\n\t\t\t\t        <div class=\"ngg-gallery-thumbnail\">\n            <a href=\"https:\/\/www.byter.de\/wordpress\/wp-content\/gallery\/transalp-2015\/Rabbijoch_Abfahrt1_1200.jpg\"\n               title=\"Abfahrt vom Rabbijoch - ein TraumTrail!\"\n               data-src=\"https:\/\/www.byter.de\/wordpress\/wp-content\/gallery\/transalp-2015\/Rabbijoch_Abfahrt1_1200.jpg\"\n               data-thumbnail=\"https:\/\/www.byter.de\/wordpress\/wp-content\/gallery\/transalp-2015\/thumbs\/thumbs_Rabbijoch_Abfahrt1_1200.jpg\"\n               data-image-id=\"897\"\n               data-title=\"Rabbijoch_Abfahrt1_1200\"\n               data-description=\"Abfahrt vom Rabbijoch - ein TraumTrail!\"\n               data-image-slug=\"rabbijoch_abfahrt1_1200\"\n               class=\"ngg-fancybox\" rel=\"899ec7d91458a77fe22f1f9d75a65f39\">\n                <img\n                    title=\"Rabbijoch_Abfahrt1_1200\"\n                    alt=\"Rabbijoch_Abfahrt1_1200\"\n                    src=\"https:\/\/www.byter.de\/wordpress\/wp-content\/gallery\/transalp-2015\/thumbs\/thumbs_Rabbijoch_Abfahrt1_1200.jpg\"\n                    width=\"100\"\n                    height=\"75\"\n                    style=\"max-width:100%;\"\n                \/>\n            <\/a>\n        <\/div>\n\t\t\t\t\t\t\t<\/div> \n\t\t\t\n\t\t\t\t<div id=\"ngg-image-19\" class=\"ngg-gallery-thumbnail-box \" >\n\t\t\t\t        <div class=\"ngg-gallery-thumbnail\">\n            <a href=\"https:\/\/www.byter.de\/wordpress\/wp-content\/gallery\/transalp-2015\/Rabbijoch_Abfahrt2_1200.jpg\"\n               title=\"der Gleiche Trail in anderer Blickrichtung :)\"\n               data-src=\"https:\/\/www.byter.de\/wordpress\/wp-content\/gallery\/transalp-2015\/Rabbijoch_Abfahrt2_1200.jpg\"\n               data-thumbnail=\"https:\/\/www.byter.de\/wordpress\/wp-content\/gallery\/transalp-2015\/thumbs\/thumbs_Rabbijoch_Abfahrt2_1200.jpg\"\n               data-image-id=\"898\"\n               data-title=\"Rabbijoch_Abfahrt2_1200\"\n               data-description=\"der Gleiche Trail in anderer Blickrichtung :)\"\n               data-image-slug=\"rabbijoch_abfahrt2_1200\"\n               class=\"ngg-fancybox\" rel=\"899ec7d91458a77fe22f1f9d75a65f39\">\n                <img\n                    title=\"Rabbijoch_Abfahrt2_1200\"\n                    alt=\"Rabbijoch_Abfahrt2_1200\"\n                    src=\"https:\/\/www.byter.de\/wordpress\/wp-content\/gallery\/transalp-2015\/thumbs\/thumbs_Rabbijoch_Abfahrt2_1200.jpg\"\n                    width=\"100\"\n                    height=\"75\"\n                    style=\"max-width:100%;\"\n                \/>\n            <\/a>\n        <\/div>\n\t\t\t\t\t\t\t<\/div> \n\t\t\t\n\t\t\t\t<div id=\"ngg-image-20\" class=\"ngg-gallery-thumbnail-box \" >\n\t\t\t\t        <div class=\"ngg-gallery-thumbnail\">\n            <a href=\"https:\/\/www.byter.de\/wordpress\/wp-content\/gallery\/transalp-2015\/Kuehe_unterwegs_1200l.jpg\"\n               title=\"Zwangspause...\"\n               data-src=\"https:\/\/www.byter.de\/wordpress\/wp-content\/gallery\/transalp-2015\/Kuehe_unterwegs_1200l.jpg\"\n               data-thumbnail=\"https:\/\/www.byter.de\/wordpress\/wp-content\/gallery\/transalp-2015\/thumbs\/thumbs_Kuehe_unterwegs_1200l.jpg\"\n               data-image-id=\"889\"\n               data-title=\"Kuehe_unterwegs_1200l\"\n               data-description=\"Zwangspause...\"\n               data-image-slug=\"kuehe_unterwegs_1200l\"\n               class=\"ngg-fancybox\" rel=\"899ec7d91458a77fe22f1f9d75a65f39\">\n                <img\n                    title=\"Kuehe_unterwegs_1200l\"\n                    alt=\"Kuehe_unterwegs_1200l\"\n                    src=\"https:\/\/www.byter.de\/wordpress\/wp-content\/gallery\/transalp-2015\/thumbs\/thumbs_Kuehe_unterwegs_1200l.jpg\"\n                    width=\"100\"\n                    height=\"75\"\n                    style=\"max-width:100%;\"\n                \/>\n            <\/a>\n        <\/div>\n\t\t\t\t\t\t\t<\/div> \n\t\t\t\n\t\t\t\t<div id=\"ngg-image-21\" class=\"ngg-gallery-thumbnail-box \" >\n\t\t\t\t        <div class=\"ngg-gallery-thumbnail\">\n            <a href=\"https:\/\/www.byter.de\/wordpress\/wp-content\/gallery\/transalp-2015\/Vinschgau_Panorama_1600.jpg\"\n               title=\"Vinschgau-Panorama\"\n               data-src=\"https:\/\/www.byter.de\/wordpress\/wp-content\/gallery\/transalp-2015\/Vinschgau_Panorama_1600.jpg\"\n               data-thumbnail=\"https:\/\/www.byter.de\/wordpress\/wp-content\/gallery\/transalp-2015\/thumbs\/thumbs_Vinschgau_Panorama_1600.jpg\"\n               data-image-id=\"907\"\n               data-title=\"Vinschgau_Panorama_1600\"\n               data-description=\"Vinschgau-Panorama\"\n               data-image-slug=\"vinschgau_panorama_1600\"\n               class=\"ngg-fancybox\" rel=\"899ec7d91458a77fe22f1f9d75a65f39\">\n                <img\n                    title=\"Vinschgau_Panorama_1600\"\n                    alt=\"Vinschgau_Panorama_1600\"\n                    src=\"https:\/\/www.byter.de\/wordpress\/wp-content\/gallery\/transalp-2015\/thumbs\/thumbs_Vinschgau_Panorama_1600.jpg\"\n                    width=\"100\"\n                    height=\"75\"\n                    style=\"max-width:100%;\"\n                \/>\n            <\/a>\n        <\/div>\n\t\t\t\t\t\t\t<\/div> \n\t\t\t\n\t\t\t\t<div id=\"ngg-image-22\" class=\"ngg-gallery-thumbnail-box \" >\n\t\t\t\t        <div class=\"ngg-gallery-thumbnail\">\n            <a href=\"https:\/\/www.byter.de\/wordpress\/wp-content\/gallery\/transalp-2015\/Wasserfall_1000h.jpg\"\n               title=\"Alpen-Wasserfall\"\n               data-src=\"https:\/\/www.byter.de\/wordpress\/wp-content\/gallery\/transalp-2015\/Wasserfall_1000h.jpg\"\n               data-thumbnail=\"https:\/\/www.byter.de\/wordpress\/wp-content\/gallery\/transalp-2015\/thumbs\/thumbs_Wasserfall_1000h.jpg\"\n               data-image-id=\"909\"\n               data-title=\"Wasserfall_1000h\"\n               data-description=\"Alpen-Wasserfall\"\n               data-image-slug=\"wasserfall_1000h\"\n               class=\"ngg-fancybox\" rel=\"899ec7d91458a77fe22f1f9d75a65f39\">\n                <img\n                    title=\"Wasserfall_1000h\"\n                    alt=\"Wasserfall_1000h\"\n                    src=\"https:\/\/www.byter.de\/wordpress\/wp-content\/gallery\/transalp-2015\/thumbs\/thumbs_Wasserfall_1000h.jpg\"\n                    width=\"100\"\n                    height=\"75\"\n                    style=\"max-width:100%;\"\n                \/>\n            <\/a>\n        <\/div>\n\t\t\t\t\t\t\t<\/div> \n\t\t\t\n\t\t\t\t<div id=\"ngg-image-23\" class=\"ngg-gallery-thumbnail-box \" >\n\t\t\t\t        <div class=\"ngg-gallery-thumbnail\">\n            <a href=\"https:\/\/www.byter.de\/wordpress\/wp-content\/gallery\/transalp-2015\/ValDiBrenta_1200.jpg\"\n               title=\"Blick ins Val di Brenta (leider sehr tr\u00fcb heute)\"\n               data-src=\"https:\/\/www.byter.de\/wordpress\/wp-content\/gallery\/transalp-2015\/ValDiBrenta_1200.jpg\"\n               data-thumbnail=\"https:\/\/www.byter.de\/wordpress\/wp-content\/gallery\/transalp-2015\/thumbs\/thumbs_ValDiBrenta_1200.jpg\"\n               data-image-id=\"905\"\n               data-title=\"ValDiBrenta_1200\"\n               data-description=\"Blick ins Val di Brenta (leider sehr tr\u00fcb heute)\"\n               data-image-slug=\"valdibrenta_1200\"\n               class=\"ngg-fancybox\" rel=\"899ec7d91458a77fe22f1f9d75a65f39\">\n                <img\n                    title=\"ValDiBrenta_1200\"\n                    alt=\"ValDiBrenta_1200\"\n                    src=\"https:\/\/www.byter.de\/wordpress\/wp-content\/gallery\/transalp-2015\/thumbs\/thumbs_ValDiBrenta_1200.jpg\"\n                    width=\"100\"\n                    height=\"75\"\n                    style=\"max-width:100%;\"\n                \/>\n            <\/a>\n        <\/div>\n\t\t\t\t\t\t\t<\/div> \n\t\t\t\n\t\n\t<br style=\"clear: both\" \/>\n\n\t\n\t\t<!-- Pagination -->\n\t<div class='ngg-navigation'><span class='current'>1<\/span>\n<a class='page-numbers' data-pageid='2' href='https:\/\/www.byter.de\/wordpress\/index.php\/nggallery\/page\/2?page_id=1482'>2<\/a>\n<a class='prev' href='https:\/\/www.byter.de\/wordpress\/index.php\/nggallery\/page\/2?page_id=1482' data-pageid=2>&#9658;<\/a><\/div>\t<\/div>\n<\/p>\n<p style=\"text-align: center;\"><em>Entstanden im Juli 2015. <\/em><\/p>\n","protected":false},"excerpt":{"rendered":"<p>TransAlp 2015 &#8211; eine Alpen\u00fcberquerung mit dem eMTB Seit einiger Zeit bin ich Besitzer eines e-Mountainbikes, und schon relativ schnell nach den ersten gr\u00f6\u00dferen Tagestouren im Sauerland reifte die Idee, damit eine Alpen\u00fcberquerung anzugehen. Ja, an dieser Stelle kommen nat\u00fcrlich &hellip; <a href=\"https:\/\/www.byter.de\/wordpress\/?page_id=1482\">Weiterlesen <span class=\"meta-nav\">&rarr;<\/span><\/a><\/p>\n","protected":false},"author":1,"featured_media":0,"parent":2495,"menu_order":60,"comment_status":"open","ping_status":"open","template":"","meta":{"ngg_post_thumbnail":0},"_links":{"self":[{"href":"https:\/\/www.byter.de\/wordpress\/index.php?rest_route=\/wp\/v2\/pages\/1482"}],"collection":[{"href":"https:\/\/www.byter.de\/wordpress\/index.php?rest_route=\/wp\/v2\/pages"}],"about":[{"href":"https:\/\/www.byter.de\/wordpress\/index.php?rest_route=\/wp\/v2\/types\/page"}],"author":[{"embeddable":true,"href":"https:\/\/www.byter.de\/wordpress\/index.php?rest_route=\/wp\/v2\/users\/1"}],"replies":[{"embeddable":true,"href":"https:\/\/www.byter.de\/wordpress\/index.php?rest_route=%2Fwp%2Fv2%2Fcomments&post=1482"}],"version-history":[{"count":23,"href":"https:\/\/www.byter.de\/wordpress\/index.php?rest_route=\/wp\/v2\/pages\/1482\/revisions"}],"predecessor-version":[{"id":2074,"href":"https:\/\/www.byter.de\/wordpress\/index.php?rest_route=\/wp\/v2\/pages\/1482\/revisions\/2074"}],"up":[{"embeddable":true,"href":"https:\/\/www.byter.de\/wordpress\/index.php?rest_route=\/wp\/v2\/pages\/2495"}],"wp:attachment":[{"href":"https:\/\/www.byter.de\/wordpress\/index.php?rest_route=%2Fwp%2Fv2%2Fmedia&parent=1482"}],"curies":[{"name":"wp","href":"https:\/\/api.w.org\/{rel}","templated":true}]}}