{"id":2056,"date":"2017-07-23T20:29:25","date_gmt":"2017-07-23T19:29:25","guid":{"rendered":"http:\/\/www.byter.de\/wordpress\/?page_id=2056"},"modified":"2019-09-23T14:36:32","modified_gmt":"2019-09-23T13:36:32","slug":"la-reunion-2017","status":"publish","type":"page","link":"https:\/\/www.byter.de\/wordpress\/?page_id=2056","title":{"rendered":"La Reunion 2017"},"content":{"rendered":"<h2>Urlaub auf der Trauminsel<\/h2>\n<p><img decoding=\"async\" loading=\"lazy\" class=\"aligncenter size-full wp-image-2063\" src=\"https:\/\/www.byter.de\/wordpress\/wp-content\/uploads\/2017\/07\/PinPin_400.jpg\" alt=\"pinpin_400\" width=\"400\" height=\"504\" srcset=\"https:\/\/www.byter.de\/wordpress\/wp-content\/uploads\/2017\/07\/PinPin_400.jpg 400w, https:\/\/www.byter.de\/wordpress\/wp-content\/uploads\/2017\/07\/PinPin_400-238x300.jpg 238w\" sizes=\"(max-width: 400px) 100vw, 400px\" \/><\/p>\n<p>Nach einer anstrengenden H\u00f6hlenwoche mit den eXentriX (mehr dazu in K\u00fcrze \ud83d\ude09 ) ging\u00b4s im Juni 2017 f\u00fcr 2 1\/2 Wochen in den indischen Ozean &#8211; auf die Trauminsel <em>La R\u00e9union<\/em>. Viel hatten wir schon davon geh\u00f6rt, nicht zuletzt durch den begeisterten Bericht von Anja und Christian, die einige Monate zuvor dort waren &#8211; und viel gelesen. <em>La R\u00e9union<\/em> geh\u00f6rt, obwohl 10000km entfernt, tats\u00e4chlich noch zu Frankreich und damit zur EU. Die traumhaften Landschaften, die einzigartige Flora&amp;Fauna und der bunte kulturelle Mix aus indischen, chinesischen, afrikanischen und europ\u00e4ischen Einfl\u00fcssen l\u00e4sst einen aber ganz schnell vergessen, noch in Europa zu sein \ud83d\ude09<\/p>\n<p>Nach gut 11h Flug (ab Paris) holten wir fr\u00fch morgens unseren Mietwagen und machten uns auf nach <em>St. Pierre<\/em> in den S\u00fcden der Insel, wo wir unser Quartier f\u00fcr 16 Tage bezogen &#8211; ein schnuckeliges kleines Hotel direkt am Strand mit herrlichem Blick auf\u00b4s Meer. Auf dem Weg dorthin bekamen wir bereits einen Einblick, was uns die n\u00e4chsten 2 Wochen erwarten sollte &#8211; traumhafte Str\u00e4nde, imposante Gebirge &#8211; und Verkehrschaos \ud83d\ude09<\/p>\n<div id=\"attachment_2061\" style=\"width: 510px\" class=\"wp-caption aligncenter\"><img aria-describedby=\"caption-attachment-2061\" decoding=\"async\" loading=\"lazy\" class=\"size-full wp-image-2061\" src=\"https:\/\/www.byter.de\/wordpress\/wp-content\/uploads\/2017\/07\/Grand_Anse_500.jpg\" alt=\"Traumstrand Grand Anse\" width=\"500\" height=\"152\" srcset=\"https:\/\/www.byter.de\/wordpress\/wp-content\/uploads\/2017\/07\/Grand_Anse_500.jpg 500w, https:\/\/www.byter.de\/wordpress\/wp-content\/uploads\/2017\/07\/Grand_Anse_500-300x91.jpg 300w\" sizes=\"(max-width: 500px) 100vw, 500px\" \/><p id=\"caption-attachment-2061\" class=\"wp-caption-text\">Traumstrand Grand Anse<\/p><\/div>\n<p>Die n\u00e4chsten Tage erkundeten wir zun\u00e4chst ein wenig den S\u00fcden der Insel &#8211; erlebten das quirlige St\u00e4dtchen <em>St. Pierre<\/em>, traumhafte Str\u00e4nde wie den <em>Grand Anse <\/em>und wanderten entlang der Steilk\u00fcste auf schmalen Pfaden. Langsam akklimatisiert machten wir dann die ersten Abstecher ins innere der Insel, immer wieder ging es von Meeresh\u00f6he auf mehr als 2000 H\u00f6henmeter &#8211; eine ziemliche Kurverei. Nahezu jeder Fleck (inklusive der Bergh\u00e4nge) ist mit \u00fcppigem Gr\u00fcn \u00fcberwuchert, \u00fcberall bahnt sich das Wasser in teils spektakul\u00e4ren Wasserf\u00e4llen den Weg &#8211; keine Frage, wir sind in den Tropen \ud83d\ude42<\/p>\n<p>Das wilde Innere der Insel besteht u.a. aus drei gewaltigen Talkesseln: <em>Cirque de Salazie<\/em>, <em>Mafate<\/em> und <em>Cilaos<\/em>, die sich rund um den h\u00f6chsten Gipfel der Insel, dem <em>Piton de Neiges<\/em> anordnen. Diese Cirques waren urspr\u00fcnglich Teil eines Vulkanmassivs, das im Laufe der Zeit langsam zusammengesackt ist und so eine einzigartige Landschaft aus schroffen Schluchten, Steilw\u00e4nden, Gipfeln und Plateaus geschaffen hat &#8211; der Blick ist atemberaubend, fast egal von welcher Stelle aus man in die Cirques schaut:<\/p>\n<div id=\"attachment_2062\" style=\"width: 510px\" class=\"wp-caption aligncenter\"><img aria-describedby=\"caption-attachment-2062\" decoding=\"async\" loading=\"lazy\" class=\"wp-image-2062 size-full\" src=\"https:\/\/www.byter.de\/wordpress\/wp-content\/uploads\/2017\/07\/GrandBassin_500.jpg\" alt=\"grandbassin_500\" width=\"500\" height=\"210\" srcset=\"https:\/\/www.byter.de\/wordpress\/wp-content\/uploads\/2017\/07\/GrandBassin_500.jpg 500w, https:\/\/www.byter.de\/wordpress\/wp-content\/uploads\/2017\/07\/GrandBassin_500-300x126.jpg 300w\" sizes=\"(max-width: 500px) 100vw, 500px\" \/><p id=\"caption-attachment-2062\" class=\"wp-caption-text\">Grand Bassin<\/p><\/div>\n<p>Viele D\u00f6rfer innerhalb dieser Talkessel sind noch heute nur durch schmale, steile Wanderwege oder aus der Luft erreichbar &#8211; keine Stra\u00dfe f\u00fchrt dorthin und oft leben die Menschen dort vollkommen autark. Dennoch leben viele vom Tourismus. Auch wir hatten uns in Vorfeld eine wunschersch\u00f6ne Privatunterkunft gebucht, die v\u00f6llig abgeschieden nur nach einer mehrst\u00fcndigen Wanderung erreichbar war. Selten wurden wir so herzlich empfangen und unsere Gastgeberin verbrachte gut und gerne 4 Stunden damit, uns ein traditionelles kreolisches Abendessen auf dem Holzfeuer zuzubereiten. Abgerundet wurde der Abend durch tollen Wein, spannende Gespr\u00e4che (in interessanter Mischung aus Franz\u00f6sisch, Englisch und H\u00e4nden&amp;F\u00fc\u00dfen) und nat\u00fcrlich der inseltypischen Verkostung diverser Rhum Arrang\u00e9es \ud83d\ude09 &#8211; das wird uns sicher lange in Erinnerung bleiben!<\/p>\n<p>In den folgenden Tagen unternahmen wir noch etliche spannende, teils schwei\u00dftreibende Wanderungen in verschiedenen Teilen der Insel&#8230;&nbsp; Besondere Highlights waren neben den Cirques sicher die (\u00e4u\u00dferst anstrengende) Besteigung des <em>Piton de la Fournaise<\/em>, einem der aktivsten Vulkane der Welt. Aber auch eine Wanderung durch den dichten Regenwald durfte ebenso wenig fehlen wie ausgiebiges Schnorcheln am Strand von <em>L\u00b4Etang-Sal\u00e9-les-Bains<\/em>, wo eine unglaublich bunte Korallenwelt eine prima Alternative zum Sonnenbaden liefert \ud83d\ude09 &#8211; und wo man sich dank des vorgelagerten Korallenriffs ausnahmsweise keine Sorge um Haie machen muss&#8230;<\/p>\n<div id=\"attachment_2064\" style=\"width: 510px\" class=\"wp-caption aligncenter\"><img aria-describedby=\"caption-attachment-2064\" decoding=\"async\" loading=\"lazy\" class=\"size-full wp-image-2064\" src=\"https:\/\/www.byter.de\/wordpress\/wp-content\/uploads\/2017\/07\/Sharks_500.jpg\" alt=\"An vielen Str\u00e4nden: Vorsicht, Haie!\" width=\"500\" height=\"325\" srcset=\"https:\/\/www.byter.de\/wordpress\/wp-content\/uploads\/2017\/07\/Sharks_500.jpg 500w, https:\/\/www.byter.de\/wordpress\/wp-content\/uploads\/2017\/07\/Sharks_500-300x195.jpg 300w\" sizes=\"(max-width: 500px) 100vw, 500px\" \/><p id=\"caption-attachment-2064\" class=\"wp-caption-text\">An vielen Str\u00e4nden: Vorsicht, Haie!<\/p><\/div>\n<p>Als Fazit bleibt: La R\u00e9union ist eine Trauminsel mit einer unglaublichen Vielfalt. Weite Str\u00e4nde, hohe Berge, tiefe Schluchten, aktive Vulkane, Regenw\u00e4lder, Wasserf\u00e4lle &#8211; das ganze gepaart mit einer tollen offenen und gastfreundlichen Kultur, fantastischem kreolischem Essen und wohl einer der wenigen Flecken in &#8222;Europa&#8220;, wo es noch D\u00f6rfer gibt, die v\u00f6llig vom Stra\u00dfen- und Stromnetz abgeschieden sind&#8230;<\/p>\n<p style=\"text-align: center;\"><strong>Bildergallerie La R\u00e9union:<\/strong><\/p>\n<p style=\"text-align: center;\"><!-- default-view.php -->\n<div\n\tclass=\"ngg-galleryoverview default-view \"\n\tid=\"ngg-gallery-cdf1aa3b0b621b2be5dee7cf40dea31c-1\">\n\n\t\t<!-- Thumbnails -->\n\t\t\t\t<div id=\"ngg-image-0\" class=\"ngg-gallery-thumbnail-box \" >\n\t\t\t\t        <div class=\"ngg-gallery-thumbnail\">\n            <a href=\"https:\/\/www.byter.de\/wordpress\/wp-content\/gallery\/la-reunion-2017\/PinPin_Ausblick_1000ht.jpg\"\n               title=\"Blick auf\u00b4s Meer an der S\u00fcdk\u00fcste - mit PinPin :)\"\n               data-src=\"https:\/\/www.byter.de\/wordpress\/wp-content\/gallery\/la-reunion-2017\/PinPin_Ausblick_1000ht.jpg\"\n               data-thumbnail=\"https:\/\/www.byter.de\/wordpress\/wp-content\/gallery\/la-reunion-2017\/thumbs\/thumbs_PinPin_Ausblick_1000ht.jpg\"\n               data-image-id=\"1059\"\n               data-title=\"PinPin_Ausblick_1000ht\"\n               data-description=\"Blick auf\u00b4s Meer an der S\u00fcdk\u00fcste - mit PinPin :)\"\n               data-image-slug=\"pinpin_ausblick_1000ht\"\n               class=\"ngg-fancybox\" rel=\"cdf1aa3b0b621b2be5dee7cf40dea31c\">\n                <img\n                    title=\"PinPin_Ausblick_1000ht\"\n                    alt=\"PinPin_Ausblick_1000ht\"\n                    src=\"https:\/\/www.byter.de\/wordpress\/wp-content\/gallery\/la-reunion-2017\/thumbs\/thumbs_PinPin_Ausblick_1000ht.jpg\"\n                    width=\"100\"\n                    height=\"75\"\n                    style=\"max-width:100%;\"\n                \/>\n            <\/a>\n        <\/div>\n\t\t\t\t\t\t\t<\/div> \n\t\t\t\n\t\t\t\t<div id=\"ngg-image-1\" class=\"ngg-gallery-thumbnail-box \" >\n\t\t\t\t        <div class=\"ngg-gallery-thumbnail\">\n            <a href=\"https:\/\/www.byter.de\/wordpress\/wp-content\/gallery\/la-reunion-2017\/Grand_Bassin_Pano1_1500T.jpg\"\n               title=\"Blick ins Grand Bassin\"\n               data-src=\"https:\/\/www.byter.de\/wordpress\/wp-content\/gallery\/la-reunion-2017\/Grand_Bassin_Pano1_1500T.jpg\"\n               data-thumbnail=\"https:\/\/www.byter.de\/wordpress\/wp-content\/gallery\/la-reunion-2017\/thumbs\/thumbs_Grand_Bassin_Pano1_1500T.jpg\"\n               data-image-id=\"1050\"\n               data-title=\"Grand_Bassin_Pano1_1500T\"\n               data-description=\"Blick ins Grand Bassin\"\n               data-image-slug=\"grand_bassin_pano1_1500t\"\n               class=\"ngg-fancybox\" rel=\"cdf1aa3b0b621b2be5dee7cf40dea31c\">\n                <img\n                    title=\"Grand_Bassin_Pano1_1500T\"\n                    alt=\"Grand_Bassin_Pano1_1500T\"\n                    src=\"https:\/\/www.byter.de\/wordpress\/wp-content\/gallery\/la-reunion-2017\/thumbs\/thumbs_Grand_Bassin_Pano1_1500T.jpg\"\n                    width=\"100\"\n                    height=\"75\"\n                    style=\"max-width:100%;\"\n                \/>\n            <\/a>\n        <\/div>\n\t\t\t\t\t\t\t<\/div> \n\t\t\t\n\t\t\t\t<div id=\"ngg-image-2\" class=\"ngg-gallery-thumbnail-box \" >\n\t\t\t\t        <div class=\"ngg-gallery-thumbnail\">\n            <a href=\"https:\/\/www.byter.de\/wordpress\/wp-content\/gallery\/la-reunion-2017\/Grand_Bassin_Pano2_1500T.jpg\"\n               title=\"Wasserfall im Grand Bassin - unten angekommen!\"\n               data-src=\"https:\/\/www.byter.de\/wordpress\/wp-content\/gallery\/la-reunion-2017\/Grand_Bassin_Pano2_1500T.jpg\"\n               data-thumbnail=\"https:\/\/www.byter.de\/wordpress\/wp-content\/gallery\/la-reunion-2017\/thumbs\/thumbs_Grand_Bassin_Pano2_1500T.jpg\"\n               data-image-id=\"1051\"\n               data-title=\"Grand_Bassin_Pano2_1500T\"\n               data-description=\"Wasserfall im Grand Bassin - unten angekommen!\"\n               data-image-slug=\"grand_bassin_pano2_1500t\"\n               class=\"ngg-fancybox\" rel=\"cdf1aa3b0b621b2be5dee7cf40dea31c\">\n                <img\n                    title=\"Grand_Bassin_Pano2_1500T\"\n                    alt=\"Grand_Bassin_Pano2_1500T\"\n                    src=\"https:\/\/www.byter.de\/wordpress\/wp-content\/gallery\/la-reunion-2017\/thumbs\/thumbs_Grand_Bassin_Pano2_1500T.jpg\"\n                    width=\"100\"\n                    height=\"75\"\n                    style=\"max-width:100%;\"\n                \/>\n            <\/a>\n        <\/div>\n\t\t\t\t\t\t\t<\/div> \n\t\t\t\n\t\t\t\t<div id=\"ngg-image-3\" class=\"ngg-gallery-thumbnail-box \" >\n\t\t\t\t        <div class=\"ngg-gallery-thumbnail\">\n            <a href=\"https:\/\/www.byter.de\/wordpress\/wp-content\/gallery\/la-reunion-2017\/Grand_Anse_Pano1_1500t.jpg\"\n               title=\"Traumstrand Grand Anse\"\n               data-src=\"https:\/\/www.byter.de\/wordpress\/wp-content\/gallery\/la-reunion-2017\/Grand_Anse_Pano1_1500t.jpg\"\n               data-thumbnail=\"https:\/\/www.byter.de\/wordpress\/wp-content\/gallery\/la-reunion-2017\/thumbs\/thumbs_Grand_Anse_Pano1_1500t.jpg\"\n               data-image-id=\"1049\"\n               data-title=\"Grand_Anse_Pano1_1500t\"\n               data-description=\"Traumstrand Grand Anse\"\n               data-image-slug=\"grand_anse_pano1_1500t\"\n               class=\"ngg-fancybox\" rel=\"cdf1aa3b0b621b2be5dee7cf40dea31c\">\n                <img\n                    title=\"Grand_Anse_Pano1_1500t\"\n                    alt=\"Grand_Anse_Pano1_1500t\"\n                    src=\"https:\/\/www.byter.de\/wordpress\/wp-content\/gallery\/la-reunion-2017\/thumbs\/thumbs_Grand_Anse_Pano1_1500t.jpg\"\n                    width=\"100\"\n                    height=\"75\"\n                    style=\"max-width:100%;\"\n                \/>\n            <\/a>\n        <\/div>\n\t\t\t\t\t\t\t<\/div> \n\t\t\t\n\t\t\t\t<div id=\"ngg-image-4\" class=\"ngg-gallery-thumbnail-box \" >\n\t\t\t\t        <div class=\"ngg-gallery-thumbnail\">\n            <a href=\"https:\/\/www.byter.de\/wordpress\/wp-content\/gallery\/la-reunion-2017\/CapMechant_Fontaene_1200t.jpg\"\n               title=\"Wasserfont\u00e4ne am Cap Merchant\"\n               data-src=\"https:\/\/www.byter.de\/wordpress\/wp-content\/gallery\/la-reunion-2017\/CapMechant_Fontaene_1200t.jpg\"\n               data-thumbnail=\"https:\/\/www.byter.de\/wordpress\/wp-content\/gallery\/la-reunion-2017\/thumbs\/thumbs_CapMechant_Fontaene_1200t.jpg\"\n               data-image-id=\"1040\"\n               data-title=\"CapMechant_Fontaene_1200t\"\n               data-description=\"Wasserfont\u00e4ne am Cap Merchant\"\n               data-image-slug=\"capmechant_fontaene_1200t\"\n               class=\"ngg-fancybox\" rel=\"cdf1aa3b0b621b2be5dee7cf40dea31c\">\n                <img\n                    title=\"CapMechant_Fontaene_1200t\"\n                    alt=\"CapMechant_Fontaene_1200t\"\n                    src=\"https:\/\/www.byter.de\/wordpress\/wp-content\/gallery\/la-reunion-2017\/thumbs\/thumbs_CapMechant_Fontaene_1200t.jpg\"\n                    width=\"100\"\n                    height=\"75\"\n                    style=\"max-width:100%;\"\n                \/>\n            <\/a>\n        <\/div>\n\t\t\t\t\t\t\t<\/div> \n\t\t\t\n\t\t\t\t<div id=\"ngg-image-5\" class=\"ngg-gallery-thumbnail-box \" >\n\t\t\t\t        <div class=\"ngg-gallery-thumbnail\">\n            <a href=\"https:\/\/www.byter.de\/wordpress\/wp-content\/gallery\/la-reunion-2017\/Grand_Bassin_Pano3_1500T.jpg\"\n               title=\"Nochmal ein Blick ins Grand Bassin\"\n               data-src=\"https:\/\/www.byter.de\/wordpress\/wp-content\/gallery\/la-reunion-2017\/Grand_Bassin_Pano3_1500T.jpg\"\n               data-thumbnail=\"https:\/\/www.byter.de\/wordpress\/wp-content\/gallery\/la-reunion-2017\/thumbs\/thumbs_Grand_Bassin_Pano3_1500T.jpg\"\n               data-image-id=\"1052\"\n               data-title=\"Grand_Bassin_Pano3_1500T\"\n               data-description=\"Nochmal ein Blick ins Grand Bassin\"\n               data-image-slug=\"grand_bassin_pano3_1500t\"\n               class=\"ngg-fancybox\" rel=\"cdf1aa3b0b621b2be5dee7cf40dea31c\">\n                <img\n                    title=\"Grand_Bassin_Pano3_1500T\"\n                    alt=\"Grand_Bassin_Pano3_1500T\"\n                    src=\"https:\/\/www.byter.de\/wordpress\/wp-content\/gallery\/la-reunion-2017\/thumbs\/thumbs_Grand_Bassin_Pano3_1500T.jpg\"\n                    width=\"100\"\n                    height=\"75\"\n                    style=\"max-width:100%;\"\n                \/>\n            <\/a>\n        <\/div>\n\t\t\t\t\t\t\t<\/div> \n\t\t\t\n\t\t\t\t<div id=\"ngg-image-6\" class=\"ngg-gallery-thumbnail-box \" >\n\t\t\t\t        <div class=\"ngg-gallery-thumbnail\">\n            <a href=\"https:\/\/www.byter.de\/wordpress\/wp-content\/gallery\/la-reunion-2017\/Cilaos_Pano1_1500t.jpg\"\n               title=\"Cilaos\"\n               data-src=\"https:\/\/www.byter.de\/wordpress\/wp-content\/gallery\/la-reunion-2017\/Cilaos_Pano1_1500t.jpg\"\n               data-thumbnail=\"https:\/\/www.byter.de\/wordpress\/wp-content\/gallery\/la-reunion-2017\/thumbs\/thumbs_Cilaos_Pano1_1500t.jpg\"\n               data-image-id=\"1043\"\n               data-title=\"Cilaos_Pano1_1500t\"\n               data-description=\"Cilaos\"\n               data-image-slug=\"cilaos_pano1_1500t\"\n               class=\"ngg-fancybox\" rel=\"cdf1aa3b0b621b2be5dee7cf40dea31c\">\n                <img\n                    title=\"Cilaos_Pano1_1500t\"\n                    alt=\"Cilaos_Pano1_1500t\"\n                    src=\"https:\/\/www.byter.de\/wordpress\/wp-content\/gallery\/la-reunion-2017\/thumbs\/thumbs_Cilaos_Pano1_1500t.jpg\"\n                    width=\"100\"\n                    height=\"75\"\n                    style=\"max-width:100%;\"\n                \/>\n            <\/a>\n        <\/div>\n\t\t\t\t\t\t\t<\/div> \n\t\t\t\n\t\t\t\t<div id=\"ngg-image-7\" class=\"ngg-gallery-thumbnail-box \" >\n\t\t\t\t        <div class=\"ngg-gallery-thumbnail\">\n            <a href=\"https:\/\/www.byter.de\/wordpress\/wp-content\/gallery\/la-reunion-2017\/Cascades_Grand_Galet_1200t.jpg\"\n               title=\"Die Cascades du Grand Galet\"\n               data-src=\"https:\/\/www.byter.de\/wordpress\/wp-content\/gallery\/la-reunion-2017\/Cascades_Grand_Galet_1200t.jpg\"\n               data-thumbnail=\"https:\/\/www.byter.de\/wordpress\/wp-content\/gallery\/la-reunion-2017\/thumbs\/thumbs_Cascades_Grand_Galet_1200t.jpg\"\n               data-image-id=\"1041\"\n               data-title=\"Cascades_Grand_Galet_1200t\"\n               data-description=\"Die Cascades du Grand Galet\"\n               data-image-slug=\"cascades_grand_galet_1200t\"\n               class=\"ngg-fancybox\" rel=\"cdf1aa3b0b621b2be5dee7cf40dea31c\">\n                <img\n                    title=\"Cascades_Grand_Galet_1200t\"\n                    alt=\"Cascades_Grand_Galet_1200t\"\n                    src=\"https:\/\/www.byter.de\/wordpress\/wp-content\/gallery\/la-reunion-2017\/thumbs\/thumbs_Cascades_Grand_Galet_1200t.jpg\"\n                    width=\"100\"\n                    height=\"75\"\n                    style=\"max-width:100%;\"\n                \/>\n            <\/a>\n        <\/div>\n\t\t\t\t\t\t\t<\/div> \n\t\t\t\n\t\t\t\t<div id=\"ngg-image-8\" class=\"ngg-gallery-thumbnail-box \" >\n\t\t\t\t        <div class=\"ngg-gallery-thumbnail\">\n            <a href=\"https:\/\/www.byter.de\/wordpress\/wp-content\/gallery\/la-reunion-2017\/Bergpanorama_Sonnenuntergang_1500T.jpg\"\n               title=\"Bergpanorama bei Sonnenuntergang\"\n               data-src=\"https:\/\/www.byter.de\/wordpress\/wp-content\/gallery\/la-reunion-2017\/Bergpanorama_Sonnenuntergang_1500T.jpg\"\n               data-thumbnail=\"https:\/\/www.byter.de\/wordpress\/wp-content\/gallery\/la-reunion-2017\/thumbs\/thumbs_Bergpanorama_Sonnenuntergang_1500T.jpg\"\n               data-image-id=\"1034\"\n               data-title=\"Bergpanorama_Sonnenuntergang_1500T\"\n               data-description=\"Bergpanorama bei Sonnenuntergang\"\n               data-image-slug=\"bergpanorama_sonnenuntergang_1500t\"\n               class=\"ngg-fancybox\" rel=\"cdf1aa3b0b621b2be5dee7cf40dea31c\">\n                <img\n                    title=\"Bergpanorama_Sonnenuntergang_1500T\"\n                    alt=\"Bergpanorama_Sonnenuntergang_1500T\"\n                    src=\"https:\/\/www.byter.de\/wordpress\/wp-content\/gallery\/la-reunion-2017\/thumbs\/thumbs_Bergpanorama_Sonnenuntergang_1500T.jpg\"\n                    width=\"100\"\n                    height=\"75\"\n                    style=\"max-width:100%;\"\n                \/>\n            <\/a>\n        <\/div>\n\t\t\t\t\t\t\t<\/div> \n\t\t\t\n\t\t\t\t<div id=\"ngg-image-9\" class=\"ngg-gallery-thumbnail-box \" >\n\t\t\t\t        <div class=\"ngg-gallery-thumbnail\">\n            <a href=\"https:\/\/www.byter.de\/wordpress\/wp-content\/gallery\/la-reunion-2017\/Boote_1200.jpg\"\n               title=\"Fischerboote\"\n               data-src=\"https:\/\/www.byter.de\/wordpress\/wp-content\/gallery\/la-reunion-2017\/Boote_1200.jpg\"\n               data-thumbnail=\"https:\/\/www.byter.de\/wordpress\/wp-content\/gallery\/la-reunion-2017\/thumbs\/thumbs_Boote_1200.jpg\"\n               data-image-id=\"1035\"\n               data-title=\"Boote_1200\"\n               data-description=\"Fischerboote\"\n               data-image-slug=\"boote_1200\"\n               class=\"ngg-fancybox\" rel=\"cdf1aa3b0b621b2be5dee7cf40dea31c\">\n                <img\n                    title=\"Boote_1200\"\n                    alt=\"Boote_1200\"\n                    src=\"https:\/\/www.byter.de\/wordpress\/wp-content\/gallery\/la-reunion-2017\/thumbs\/thumbs_Boote_1200.jpg\"\n                    width=\"100\"\n                    height=\"75\"\n                    style=\"max-width:100%;\"\n                \/>\n            <\/a>\n        <\/div>\n\t\t\t\t\t\t\t<\/div> \n\t\t\t\n\t\t\t\t<div id=\"ngg-image-10\" class=\"ngg-gallery-thumbnail-box \" >\n\t\t\t\t        <div class=\"ngg-gallery-thumbnail\">\n            <a href=\"https:\/\/www.byter.de\/wordpress\/wp-content\/gallery\/la-reunion-2017\/Brandung_1200T.jpg\"\n               title=\"Starke Brandung im Abendlicht\"\n               data-src=\"https:\/\/www.byter.de\/wordpress\/wp-content\/gallery\/la-reunion-2017\/Brandung_1200T.jpg\"\n               data-thumbnail=\"https:\/\/www.byter.de\/wordpress\/wp-content\/gallery\/la-reunion-2017\/thumbs\/thumbs_Brandung_1200T.jpg\"\n               data-image-id=\"1036\"\n               data-title=\"Brandung_1200T\"\n               data-description=\"Starke Brandung im Abendlicht\"\n               data-image-slug=\"brandung_1200t\"\n               class=\"ngg-fancybox\" rel=\"cdf1aa3b0b621b2be5dee7cf40dea31c\">\n                <img\n                    title=\"Brandung_1200T\"\n                    alt=\"Brandung_1200T\"\n                    src=\"https:\/\/www.byter.de\/wordpress\/wp-content\/gallery\/la-reunion-2017\/thumbs\/thumbs_Brandung_1200T.jpg\"\n                    width=\"100\"\n                    height=\"75\"\n                    style=\"max-width:100%;\"\n                \/>\n            <\/a>\n        <\/div>\n\t\t\t\t\t\t\t<\/div> \n\t\t\t\n\t\t\t\t<div id=\"ngg-image-11\" class=\"ngg-gallery-thumbnail-box \" >\n\t\t\t\t        <div class=\"ngg-gallery-thumbnail\">\n            <a href=\"https:\/\/www.byter.de\/wordpress\/wp-content\/gallery\/la-reunion-2017\/Cap_Noir_Maik_1200T.jpg\"\n               title=\"Maik am Cap Noir\"\n               data-src=\"https:\/\/www.byter.de\/wordpress\/wp-content\/gallery\/la-reunion-2017\/Cap_Noir_Maik_1200T.jpg\"\n               data-thumbnail=\"https:\/\/www.byter.de\/wordpress\/wp-content\/gallery\/la-reunion-2017\/thumbs\/thumbs_Cap_Noir_Maik_1200T.jpg\"\n               data-image-id=\"1037\"\n               data-title=\"Cap_Noir_Maik_1200T\"\n               data-description=\"Maik am Cap Noir\"\n               data-image-slug=\"cap_noir_maik_1200t\"\n               class=\"ngg-fancybox\" rel=\"cdf1aa3b0b621b2be5dee7cf40dea31c\">\n                <img\n                    title=\"Cap_Noir_Maik_1200T\"\n                    alt=\"Cap_Noir_Maik_1200T\"\n                    src=\"https:\/\/www.byter.de\/wordpress\/wp-content\/gallery\/la-reunion-2017\/thumbs\/thumbs_Cap_Noir_Maik_1200T.jpg\"\n                    width=\"100\"\n                    height=\"75\"\n                    style=\"max-width:100%;\"\n                \/>\n            <\/a>\n        <\/div>\n\t\t\t\t\t\t\t<\/div> \n\t\t\t\n\t\t\t\t<div id=\"ngg-image-12\" class=\"ngg-gallery-thumbnail-box \" >\n\t\t\t\t        <div class=\"ngg-gallery-thumbnail\">\n            <a href=\"https:\/\/www.byter.de\/wordpress\/wp-content\/gallery\/la-reunion-2017\/Cap_Noir_MC_1200T.jpg\"\n               title=\"Maik &amp; Christine am Cap Noir :)\"\n               data-src=\"https:\/\/www.byter.de\/wordpress\/wp-content\/gallery\/la-reunion-2017\/Cap_Noir_MC_1200T.jpg\"\n               data-thumbnail=\"https:\/\/www.byter.de\/wordpress\/wp-content\/gallery\/la-reunion-2017\/thumbs\/thumbs_Cap_Noir_MC_1200T.jpg\"\n               data-image-id=\"1038\"\n               data-title=\"Cap_Noir_MC_1200T\"\n               data-description=\"Maik &amp; Christine am Cap Noir :)\"\n               data-image-slug=\"cap_noir_mc_1200t\"\n               class=\"ngg-fancybox\" rel=\"cdf1aa3b0b621b2be5dee7cf40dea31c\">\n                <img\n                    title=\"Cap_Noir_MC_1200T\"\n                    alt=\"Cap_Noir_MC_1200T\"\n                    src=\"https:\/\/www.byter.de\/wordpress\/wp-content\/gallery\/la-reunion-2017\/thumbs\/thumbs_Cap_Noir_MC_1200T.jpg\"\n                    width=\"100\"\n                    height=\"75\"\n                    style=\"max-width:100%;\"\n                \/>\n            <\/a>\n        <\/div>\n\t\t\t\t\t\t\t<\/div> \n\t\t\t\n\t\t\t\t<div id=\"ngg-image-13\" class=\"ngg-gallery-thumbnail-box \" >\n\t\t\t\t        <div class=\"ngg-gallery-thumbnail\">\n            <a href=\"https:\/\/www.byter.de\/wordpress\/wp-content\/gallery\/la-reunion-2017\/Cap_Noir1_1200T.jpg\"\n               title=\"Blick in den Mafate-Talkessel\"\n               data-src=\"https:\/\/www.byter.de\/wordpress\/wp-content\/gallery\/la-reunion-2017\/Cap_Noir1_1200T.jpg\"\n               data-thumbnail=\"https:\/\/www.byter.de\/wordpress\/wp-content\/gallery\/la-reunion-2017\/thumbs\/thumbs_Cap_Noir1_1200T.jpg\"\n               data-image-id=\"1039\"\n               data-title=\"Cap_Noir1_1200T\"\n               data-description=\"Blick in den Mafate-Talkessel\"\n               data-image-slug=\"cap_noir1_1200t\"\n               class=\"ngg-fancybox\" rel=\"cdf1aa3b0b621b2be5dee7cf40dea31c\">\n                <img\n                    title=\"Cap_Noir1_1200T\"\n                    alt=\"Cap_Noir1_1200T\"\n                    src=\"https:\/\/www.byter.de\/wordpress\/wp-content\/gallery\/la-reunion-2017\/thumbs\/thumbs_Cap_Noir1_1200T.jpg\"\n                    width=\"100\"\n                    height=\"75\"\n                    style=\"max-width:100%;\"\n                \/>\n            <\/a>\n        <\/div>\n\t\t\t\t\t\t\t<\/div> \n\t\t\t\n\t\t\t\t<div id=\"ngg-image-14\" class=\"ngg-gallery-thumbnail-box \" >\n\t\t\t\t        <div class=\"ngg-gallery-thumbnail\">\n            <a href=\"https:\/\/www.byter.de\/wordpress\/wp-content\/gallery\/la-reunion-2017\/Gekko2_1200T.jpg\"\n               title=\"Ein Reunion Gecko\"\n               data-src=\"https:\/\/www.byter.de\/wordpress\/wp-content\/gallery\/la-reunion-2017\/Gekko2_1200T.jpg\"\n               data-thumbnail=\"https:\/\/www.byter.de\/wordpress\/wp-content\/gallery\/la-reunion-2017\/thumbs\/thumbs_Gekko2_1200T.jpg\"\n               data-image-id=\"1046\"\n               data-title=\"Gekko2_1200T\"\n               data-description=\"Ein Reunion Gecko\"\n               data-image-slug=\"gekko2_1200t\"\n               class=\"ngg-fancybox\" rel=\"cdf1aa3b0b621b2be5dee7cf40dea31c\">\n                <img\n                    title=\"Gekko2_1200T\"\n                    alt=\"Gekko2_1200T\"\n                    src=\"https:\/\/www.byter.de\/wordpress\/wp-content\/gallery\/la-reunion-2017\/thumbs\/thumbs_Gekko2_1200T.jpg\"\n                    width=\"100\"\n                    height=\"75\"\n                    style=\"max-width:100%;\"\n                \/>\n            <\/a>\n        <\/div>\n\t\t\t\t\t\t\t<\/div> \n\t\t\t\n\t\t\t\t<div id=\"ngg-image-15\" class=\"ngg-gallery-thumbnail-box \" >\n\t\t\t\t        <div class=\"ngg-gallery-thumbnail\">\n            <a href=\"https:\/\/www.byter.de\/wordpress\/wp-content\/gallery\/la-reunion-2017\/Gekko3_1200T.jpg\"\n               title=\"Und noch einer ;)\"\n               data-src=\"https:\/\/www.byter.de\/wordpress\/wp-content\/gallery\/la-reunion-2017\/Gekko3_1200T.jpg\"\n               data-thumbnail=\"https:\/\/www.byter.de\/wordpress\/wp-content\/gallery\/la-reunion-2017\/thumbs\/thumbs_Gekko3_1200T.jpg\"\n               data-image-id=\"1047\"\n               data-title=\"Gekko3_1200T\"\n               data-description=\"Und noch einer ;)\"\n               data-image-slug=\"gekko3_1200t\"\n               class=\"ngg-fancybox\" rel=\"cdf1aa3b0b621b2be5dee7cf40dea31c\">\n                <img\n                    title=\"Gekko3_1200T\"\n                    alt=\"Gekko3_1200T\"\n                    src=\"https:\/\/www.byter.de\/wordpress\/wp-content\/gallery\/la-reunion-2017\/thumbs\/thumbs_Gekko3_1200T.jpg\"\n                    width=\"100\"\n                    height=\"75\"\n                    style=\"max-width:100%;\"\n                \/>\n            <\/a>\n        <\/div>\n\t\t\t\t\t\t\t<\/div> \n\t\t\t\n\t\t\t\t<div id=\"ngg-image-16\" class=\"ngg-gallery-thumbnail-box \" >\n\t\t\t\t        <div class=\"ngg-gallery-thumbnail\">\n            <a href=\"https:\/\/www.byter.de\/wordpress\/wp-content\/gallery\/la-reunion-2017\/Maido_PitonNeige_1200T.jpg\"\n               title=\"Blick auf den Piton Neige\"\n               data-src=\"https:\/\/www.byter.de\/wordpress\/wp-content\/gallery\/la-reunion-2017\/Maido_PitonNeige_1200T.jpg\"\n               data-thumbnail=\"https:\/\/www.byter.de\/wordpress\/wp-content\/gallery\/la-reunion-2017\/thumbs\/thumbs_Maido_PitonNeige_1200T.jpg\"\n               data-image-id=\"1055\"\n               data-title=\"Maido_PitonNeige_1200T\"\n               data-description=\"Blick auf den Piton Neige\"\n               data-image-slug=\"maido_pitonneige_1200t\"\n               class=\"ngg-fancybox\" rel=\"cdf1aa3b0b621b2be5dee7cf40dea31c\">\n                <img\n                    title=\"Maido_PitonNeige_1200T\"\n                    alt=\"Maido_PitonNeige_1200T\"\n                    src=\"https:\/\/www.byter.de\/wordpress\/wp-content\/gallery\/la-reunion-2017\/thumbs\/thumbs_Maido_PitonNeige_1200T.jpg\"\n                    width=\"100\"\n                    height=\"75\"\n                    style=\"max-width:100%;\"\n                \/>\n            <\/a>\n        <\/div>\n\t\t\t\t\t\t\t<\/div> \n\t\t\t\n\t\t\t\t<div id=\"ngg-image-17\" class=\"ngg-gallery-thumbnail-box \" >\n\t\t\t\t        <div class=\"ngg-gallery-thumbnail\">\n            <a href=\"https:\/\/www.byter.de\/wordpress\/wp-content\/gallery\/la-reunion-2017\/Maido_Pano1_Weg_1500T.jpg\"\n               title=\"Zu Fu\u00df unterwegs am Maido\"\n               data-src=\"https:\/\/www.byter.de\/wordpress\/wp-content\/gallery\/la-reunion-2017\/Maido_Pano1_Weg_1500T.jpg\"\n               data-thumbnail=\"https:\/\/www.byter.de\/wordpress\/wp-content\/gallery\/la-reunion-2017\/thumbs\/thumbs_Maido_Pano1_Weg_1500T.jpg\"\n               data-image-id=\"1054\"\n               data-title=\"Maido_Pano1_Weg_1500T\"\n               data-description=\"Zu Fu\u00df unterwegs am Maido\"\n               data-image-slug=\"maido_pano1_weg_1500t\"\n               class=\"ngg-fancybox\" rel=\"cdf1aa3b0b621b2be5dee7cf40dea31c\">\n                <img\n                    title=\"Maido_Pano1_Weg_1500T\"\n                    alt=\"Maido_Pano1_Weg_1500T\"\n                    src=\"https:\/\/www.byter.de\/wordpress\/wp-content\/gallery\/la-reunion-2017\/thumbs\/thumbs_Maido_Pano1_Weg_1500T.jpg\"\n                    width=\"100\"\n                    height=\"75\"\n                    style=\"max-width:100%;\"\n                \/>\n            <\/a>\n        <\/div>\n\t\t\t\t\t\t\t<\/div> \n\t\t\t\n\t\t\t\t<div id=\"ngg-image-18\" class=\"ngg-gallery-thumbnail-box \" >\n\t\t\t\t        <div class=\"ngg-gallery-thumbnail\">\n            <a href=\"https:\/\/www.byter.de\/wordpress\/wp-content\/gallery\/la-reunion-2017\/Maido_UeberdenWolken1_1200T.jpg\"\n               title=\"\u00dcber den Wolken...\"\n               data-src=\"https:\/\/www.byter.de\/wordpress\/wp-content\/gallery\/la-reunion-2017\/Maido_UeberdenWolken1_1200T.jpg\"\n               data-thumbnail=\"https:\/\/www.byter.de\/wordpress\/wp-content\/gallery\/la-reunion-2017\/thumbs\/thumbs_Maido_UeberdenWolken1_1200T.jpg\"\n               data-image-id=\"1057\"\n               data-title=\"Maido_UeberdenWolken1_1200T\"\n               data-description=\"\u00dcber den Wolken...\"\n               data-image-slug=\"maido_ueberdenwolken1_1200t\"\n               class=\"ngg-fancybox\" rel=\"cdf1aa3b0b621b2be5dee7cf40dea31c\">\n                <img\n                    title=\"Maido_UeberdenWolken1_1200T\"\n                    alt=\"Maido_UeberdenWolken1_1200T\"\n                    src=\"https:\/\/www.byter.de\/wordpress\/wp-content\/gallery\/la-reunion-2017\/thumbs\/thumbs_Maido_UeberdenWolken1_1200T.jpg\"\n                    width=\"100\"\n                    height=\"75\"\n                    style=\"max-width:100%;\"\n                \/>\n            <\/a>\n        <\/div>\n\t\t\t\t\t\t\t<\/div> \n\t\t\t\n\t\t\t\t<div id=\"ngg-image-19\" class=\"ngg-gallery-thumbnail-box \" >\n\t\t\t\t        <div class=\"ngg-gallery-thumbnail\">\n            <a href=\"https:\/\/www.byter.de\/wordpress\/wp-content\/gallery\/la-reunion-2017\/Cilaos_Markthalle_1200t.jpg\"\n               title=\"Markthalle in Cilaos\"\n               data-src=\"https:\/\/www.byter.de\/wordpress\/wp-content\/gallery\/la-reunion-2017\/Cilaos_Markthalle_1200t.jpg\"\n               data-thumbnail=\"https:\/\/www.byter.de\/wordpress\/wp-content\/gallery\/la-reunion-2017\/thumbs\/thumbs_Cilaos_Markthalle_1200t.jpg\"\n               data-image-id=\"1042\"\n               data-title=\"Cilaos_Markthalle_1200t\"\n               data-description=\"Markthalle in Cilaos\"\n               data-image-slug=\"cilaos_markthalle_1200t\"\n               class=\"ngg-fancybox\" rel=\"cdf1aa3b0b621b2be5dee7cf40dea31c\">\n                <img\n                    title=\"Cilaos_Markthalle_1200t\"\n                    alt=\"Cilaos_Markthalle_1200t\"\n                    src=\"https:\/\/www.byter.de\/wordpress\/wp-content\/gallery\/la-reunion-2017\/thumbs\/thumbs_Cilaos_Markthalle_1200t.jpg\"\n                    width=\"100\"\n                    height=\"75\"\n                    style=\"max-width:100%;\"\n                \/>\n            <\/a>\n        <\/div>\n\t\t\t\t\t\t\t<\/div> \n\t\t\t\n\t\t\t\t<div id=\"ngg-image-20\" class=\"ngg-gallery-thumbnail-box \" >\n\t\t\t\t        <div class=\"ngg-gallery-thumbnail\">\n            <a href=\"https:\/\/www.byter.de\/wordpress\/wp-content\/gallery\/la-reunion-2017\/Gekko4_1200T.jpg\"\n               title=\"Gekko, diesmal etwas gr\u00f6\u00dfer...\"\n               data-src=\"https:\/\/www.byter.de\/wordpress\/wp-content\/gallery\/la-reunion-2017\/Gekko4_1200T.jpg\"\n               data-thumbnail=\"https:\/\/www.byter.de\/wordpress\/wp-content\/gallery\/la-reunion-2017\/thumbs\/thumbs_Gekko4_1200T.jpg\"\n               data-image-id=\"1048\"\n               data-title=\"Gekko4_1200T\"\n               data-description=\"Gekko, diesmal etwas gr\u00f6\u00dfer...\"\n               data-image-slug=\"gekko4_1200t\"\n               class=\"ngg-fancybox\" rel=\"cdf1aa3b0b621b2be5dee7cf40dea31c\">\n                <img\n                    title=\"Gekko4_1200T\"\n                    alt=\"Gekko4_1200T\"\n                    src=\"https:\/\/www.byter.de\/wordpress\/wp-content\/gallery\/la-reunion-2017\/thumbs\/thumbs_Gekko4_1200T.jpg\"\n                    width=\"100\"\n                    height=\"75\"\n                    style=\"max-width:100%;\"\n                \/>\n            <\/a>\n        <\/div>\n\t\t\t\t\t\t\t<\/div> \n\t\t\t\n\t\t\t\t<div id=\"ngg-image-21\" class=\"ngg-gallery-thumbnail-box \" >\n\t\t\t\t        <div class=\"ngg-gallery-thumbnail\">\n            <a href=\"https:\/\/www.byter.de\/wordpress\/wp-content\/gallery\/la-reunion-2017\/Vulkan_Pano1_1500T.jpg\"\n               title=\"Der Vulkan\"\n               data-src=\"https:\/\/www.byter.de\/wordpress\/wp-content\/gallery\/la-reunion-2017\/Vulkan_Pano1_1500T.jpg\"\n               data-thumbnail=\"https:\/\/www.byter.de\/wordpress\/wp-content\/gallery\/la-reunion-2017\/thumbs\/thumbs_Vulkan_Pano1_1500T.jpg\"\n               data-image-id=\"1067\"\n               data-title=\"Vulkan_Pano1_1500T\"\n               data-description=\"Der Vulkan\"\n               data-image-slug=\"vulkan_pano1_1500t\"\n               class=\"ngg-fancybox\" rel=\"cdf1aa3b0b621b2be5dee7cf40dea31c\">\n                <img\n                    title=\"Vulkan_Pano1_1500T\"\n                    alt=\"Vulkan_Pano1_1500T\"\n                    src=\"https:\/\/www.byter.de\/wordpress\/wp-content\/gallery\/la-reunion-2017\/thumbs\/thumbs_Vulkan_Pano1_1500T.jpg\"\n                    width=\"100\"\n                    height=\"75\"\n                    style=\"max-width:100%;\"\n                \/>\n            <\/a>\n        <\/div>\n\t\t\t\t\t\t\t<\/div> \n\t\t\t\n\t\t\t\t<div id=\"ngg-image-22\" class=\"ngg-gallery-thumbnail-box \" >\n\t\t\t\t        <div class=\"ngg-gallery-thumbnail\">\n            <a href=\"https:\/\/www.byter.de\/wordpress\/wp-content\/gallery\/la-reunion-2017\/Vulkan_Kraterklein_1200T.jpg\"\n               title=\"Blick auf den kleinen Krater\"\n               data-src=\"https:\/\/www.byter.de\/wordpress\/wp-content\/gallery\/la-reunion-2017\/Vulkan_Kraterklein_1200T.jpg\"\n               data-thumbnail=\"https:\/\/www.byter.de\/wordpress\/wp-content\/gallery\/la-reunion-2017\/thumbs\/thumbs_Vulkan_Kraterklein_1200T.jpg\"\n               data-image-id=\"1066\"\n               data-title=\"Vulkan_Kraterklein_1200T\"\n               data-description=\"Blick auf den kleinen Krater\"\n               data-image-slug=\"vulkan_kraterklein_1200t\"\n               class=\"ngg-fancybox\" rel=\"cdf1aa3b0b621b2be5dee7cf40dea31c\">\n                <img\n                    title=\"Vulkan_Kraterklein_1200T\"\n                    alt=\"Vulkan_Kraterklein_1200T\"\n                    src=\"https:\/\/www.byter.de\/wordpress\/wp-content\/gallery\/la-reunion-2017\/thumbs\/thumbs_Vulkan_Kraterklein_1200T.jpg\"\n                    width=\"100\"\n                    height=\"75\"\n                    style=\"max-width:100%;\"\n                \/>\n            <\/a>\n        <\/div>\n\t\t\t\t\t\t\t<\/div> \n\t\t\t\n\t\t\t\t<div id=\"ngg-image-23\" class=\"ngg-gallery-thumbnail-box \" >\n\t\t\t\t        <div class=\"ngg-gallery-thumbnail\">\n            <a href=\"https:\/\/www.byter.de\/wordpress\/wp-content\/gallery\/la-reunion-2017\/Vulkan_Unterwegs_1200T.jpg\"\n               title=\"Unterwegs auf dem Weg zum Vulkangipfel\"\n               data-src=\"https:\/\/www.byter.de\/wordpress\/wp-content\/gallery\/la-reunion-2017\/Vulkan_Unterwegs_1200T.jpg\"\n               data-thumbnail=\"https:\/\/www.byter.de\/wordpress\/wp-content\/gallery\/la-reunion-2017\/thumbs\/thumbs_Vulkan_Unterwegs_1200T.jpg\"\n               data-image-id=\"1068\"\n               data-title=\"Vulkan_Unterwegs_1200T\"\n               data-description=\"Unterwegs auf dem Weg zum Vulkangipfel\"\n               data-image-slug=\"vulkan_unterwegs_1200t\"\n               class=\"ngg-fancybox\" rel=\"cdf1aa3b0b621b2be5dee7cf40dea31c\">\n                <img\n                    title=\"Vulkan_Unterwegs_1200T\"\n                    alt=\"Vulkan_Unterwegs_1200T\"\n                    src=\"https:\/\/www.byter.de\/wordpress\/wp-content\/gallery\/la-reunion-2017\/thumbs\/thumbs_Vulkan_Unterwegs_1200T.jpg\"\n                    width=\"100\"\n                    height=\"75\"\n                    style=\"max-width:100%;\"\n                \/>\n            <\/a>\n        <\/div>\n\t\t\t\t\t\t\t<\/div> \n\t\t\t\n\t\n\t<br style=\"clear: both\" \/>\n\n\t\n\t\t<!-- Pagination -->\n\t<div class='ngg-navigation'><span class='current'>1<\/span>\n<a class='page-numbers' data-pageid='2' href='https:\/\/www.byter.de\/wordpress\/index.php\/nggallery\/page\/2?page_id=2056'>2<\/a>\n<a class='prev' href='https:\/\/www.byter.de\/wordpress\/index.php\/nggallery\/page\/2?page_id=2056' data-pageid=2>&#9658;<\/a><\/div>\t<\/div>\n<\/p>\n<p style=\"text-align: center;\">Entstanden im Juni\/Juli 2017.<\/p>\n","protected":false},"excerpt":{"rendered":"<p>Urlaub auf der Trauminsel Nach einer anstrengenden H\u00f6hlenwoche mit den eXentriX (mehr dazu in K\u00fcrze \ud83d\ude09 ) ging\u00b4s im Juni 2017 f\u00fcr 2 1\/2 Wochen in den indischen Ozean &#8211; auf die Trauminsel La R\u00e9union. Viel hatten wir schon davon &hellip; <a href=\"https:\/\/www.byter.de\/wordpress\/?page_id=2056\">Weiterlesen <span class=\"meta-nav\">&rarr;<\/span><\/a><\/p>\n","protected":false},"author":1,"featured_media":0,"parent":2495,"menu_order":51,"comment_status":"open","ping_status":"open","template":"","meta":{"ngg_post_thumbnail":0},"_links":{"self":[{"href":"https:\/\/www.byter.de\/wordpress\/index.php?rest_route=\/wp\/v2\/pages\/2056"}],"collection":[{"href":"https:\/\/www.byter.de\/wordpress\/index.php?rest_route=\/wp\/v2\/pages"}],"about":[{"href":"https:\/\/www.byter.de\/wordpress\/index.php?rest_route=\/wp\/v2\/types\/page"}],"author":[{"embeddable":true,"href":"https:\/\/www.byter.de\/wordpress\/index.php?rest_route=\/wp\/v2\/users\/1"}],"replies":[{"embeddable":true,"href":"https:\/\/www.byter.de\/wordpress\/index.php?rest_route=%2Fwp%2Fv2%2Fcomments&post=2056"}],"version-history":[{"count":10,"href":"https:\/\/www.byter.de\/wordpress\/index.php?rest_route=\/wp\/v2\/pages\/2056\/revisions"}],"predecessor-version":[{"id":2071,"href":"https:\/\/www.byter.de\/wordpress\/index.php?rest_route=\/wp\/v2\/pages\/2056\/revisions\/2071"}],"up":[{"embeddable":true,"href":"https:\/\/www.byter.de\/wordpress\/index.php?rest_route=\/wp\/v2\/pages\/2495"}],"wp:attachment":[{"href":"https:\/\/www.byter.de\/wordpress\/index.php?rest_route=%2Fwp%2Fv2%2Fmedia&parent=2056"}],"curies":[{"name":"wp","href":"https:\/\/api.w.org\/{rel}","templated":true}]}}