{"id":2126,"date":"2018-08-27T15:21:10","date_gmt":"2018-08-27T14:21:10","guid":{"rendered":"http:\/\/www.byter.de\/wordpress\/?page_id=2126"},"modified":"2019-09-23T14:35:08","modified_gmt":"2019-09-23T13:35:08","slug":"balkan-2018-unterwegs-nach-montenegro","status":"publish","type":"page","link":"https:\/\/www.byter.de\/wordpress\/?page_id=2126","title":{"rendered":"Balkan Tour 2018 &#8211; Unterwegs nach Montenegro"},"content":{"rendered":"<h2>Etappe 1: Slowenien, Kroatien &amp; Bosnien<\/h2>\n<p><img decoding=\"async\" loading=\"lazy\" class=\"aligncenter wp-image-2130 size-full\" src=\"https:\/\/www.byter.de\/wordpress\/wp-content\/uploads\/2018\/05\/VelebitTunnel400h.jpg\" width=\"400\" height=\"529\" srcset=\"https:\/\/www.byter.de\/wordpress\/wp-content\/uploads\/2018\/05\/VelebitTunnel400h.jpg 400w, https:\/\/www.byter.de\/wordpress\/wp-content\/uploads\/2018\/05\/VelebitTunnel400h-227x300.jpg 227w\" sizes=\"(max-width: 400px) 100vw, 400px\" \/><\/p>\n<p>Mai 2018. Nachdem wir uns im letzten Jahr unser &#8222;Tr\u00fcmmerchen&#8220; zugelegt haben (einen Toyota Hilux Pickup mit kleiner Wohnkabine, der auch abseits des Asphalts zu Hause ist \ud83d\ude09 ),&nbsp; und ich den halben Winter daran herumgeschraubt und umgebaut habe, wurde es langsam Zeit f\u00fcr die erste gro\u00dfe Tour. Abseits der Touristenhochburgen, unber\u00fchrte Natur und das ganze am liebsten noch offroad, so war der Plan. Als Hauptziel hatten wir uns nach einiger Recherche Montenegro ausgeguckt, aber nat\u00fcrlich ist ein St\u00fcck weit auch der Weg das Ziel und so hie\u00df unser erstes Etappenziel &#8222;Triglav Nationalpark&#8220; in Slowenien, gefolgt von Kroatien und Bosnien.<\/p>\n<p>Der <em>Triglav Nationalpark<\/em> ist der einzige Nationalpark Sloweniens und liegt an der Grenze zu \u00d6sterreich und Italien in den julischen Alpen. Er ist benannt nach dem gleichnamigen h\u00f6chsten Berg Slowiens und bietet eine fantastische Bergkulisse mit unber\u00fchrter Natur. Hier entspringt auch der Fluss <em>Soca<\/em>, der schon an der Quelle seine verbl\u00fcffende T\u00fcrkisblaue Farbe zeigt, die im weiteren Verlauf noch intensiver und beeindruckender wird. \u00dcber den <em>Vrsic-Pass<\/em> f\u00fchrt eine kleine Stra\u00dfe \u00fcber ca. 40km entlang der<em> Soca<\/em> durch den Park, das Panorama ist wirklich eindrucksvoll: Hohe, schneebedeckte Berge ringsum und immer wieder herrliche Blicke auf die t\u00fcrkise <em>Soca<\/em>, die von Dutzenden kleinen H\u00e4ngebr\u00fccken \u00fcberspannt wird &#8211; ein echtes Wanderparadies. Beim n\u00e4chsten Besuch wird definitiv der Neopren-Anzug eingepackt, die zahlreichen Rafting-Touren dort sahen wirklich verlockend aus \ud83d\ude09<\/p>\n<p><img decoding=\"async\" loading=\"lazy\" class=\"aligncenter size-full wp-image-2131\" src=\"https:\/\/www.byter.de\/wordpress\/wp-content\/uploads\/2018\/05\/Soca500.jpg\" alt=\"soca500\" width=\"500\" height=\"375\" srcset=\"https:\/\/www.byter.de\/wordpress\/wp-content\/uploads\/2018\/05\/Soca500.jpg 500w, https:\/\/www.byter.de\/wordpress\/wp-content\/uploads\/2018\/05\/Soca500-300x225.jpg 300w\" sizes=\"(max-width: 500px) 100vw, 500px\" \/><\/p>\n<p>Wir wanderten einige Kilometer entlang der <em>Soca<\/em> zur Quelle, die nur \u00fcber einen kleinen einfachen Klettersteig zu erreichen ist, genossen die regionalen K\u00f6stlichkeiten (Sauerkrautsuppe mit Bohnen und P\u00f6kelfleisch &#8211; sehr zu empfehlen! \ud83d\ude09 ) und quartierten uns f\u00fcr eine Nacht im idyllischen <em>Camp Triglav<\/em> ein, wo wir Anfang Mai fast alleine waren. Auch wenn wir gerne noch l\u00e4nger geblieben w\u00e4ren, aber der Wetterbericht verhie\u00df nichts Gutes und da wir nicht gleich zu Beginn unserer Reise ins Tr\u00f6deln kommen wollten ging es am n\u00e4chsten Tag nach einem kurzen Abstecher zur <em>Fortress Kluze<\/em> weiter in Richtung Kroatien&#8230;&nbsp;<\/p>\n<p>Da wir f\u00fcr 100km Autobahn kein Slowenisches &#8222;Pickerl&#8220; kaufen wollten entschieden wir uns f\u00fcr die kurvenreiche Landstra\u00dfe, wo uns pl\u00f6tzlich der kleine Ort <em>Stanjel<\/em> ins Auge fiel &#8211; idyllisch auf einem Berg gelegen und schon aus der Ferne \u00e4u\u00dferst einladend anzusehen. Wie sich herausstellte zu Recht &#8211; ein wahres Kleinod am Wegesrand mit vertr\u00e4umten Gassen, alten Stadtmauern, den Resten einer Burg und wunderbaren Ausblicken&#8230;<\/p>\n<p style=\"text-align: center;\"><!-- default-view.php -->\n<div\n\tclass=\"ngg-galleryoverview default-view \"\n\tid=\"ngg-gallery-6da0161ea9d2d76f40d6d99172ea45de-1\">\n\n\t\t<!-- Thumbnails -->\n\t\t\t\t<div id=\"ngg-image-0\" class=\"ngg-gallery-thumbnail-box \" >\n\t\t\t\t        <div class=\"ngg-gallery-thumbnail\">\n            <a href=\"https:\/\/www.byter.de\/wordpress\/wp-content\/gallery\/balkan-tour-2018-slowenien\/Erste_Nacht_1200t.jpg\"\n               title=\"Zwischen\u00fcbernachtung im Gr\u00fcnen\"\n               data-src=\"https:\/\/www.byter.de\/wordpress\/wp-content\/gallery\/balkan-tour-2018-slowenien\/Erste_Nacht_1200t.jpg\"\n               data-thumbnail=\"https:\/\/www.byter.de\/wordpress\/wp-content\/gallery\/balkan-tour-2018-slowenien\/thumbs\/thumbs_Erste_Nacht_1200t.jpg\"\n               data-image-id=\"1072\"\n               data-title=\"Erste_Nacht_1200t\"\n               data-description=\"Zwischen\u00fcbernachtung im Gr\u00fcnen\"\n               data-image-slug=\"erste_nacht_1200t\"\n               class=\"ngg-fancybox\" rel=\"6da0161ea9d2d76f40d6d99172ea45de\">\n                <img\n                    title=\"Erste_Nacht_1200t\"\n                    alt=\"Erste_Nacht_1200t\"\n                    src=\"https:\/\/www.byter.de\/wordpress\/wp-content\/gallery\/balkan-tour-2018-slowenien\/thumbs\/thumbs_Erste_Nacht_1200t.jpg\"\n                    width=\"100\"\n                    height=\"75\"\n                    style=\"max-width:100%;\"\n                \/>\n            <\/a>\n        <\/div>\n\t\t\t\t\t\t\t<\/div> \n\t\t\t\n\t\t\t\t<div id=\"ngg-image-1\" class=\"ngg-gallery-thumbnail-box \" >\n\t\t\t\t        <div class=\"ngg-gallery-thumbnail\">\n            <a href=\"https:\/\/www.byter.de\/wordpress\/wp-content\/gallery\/balkan-tour-2018-slowenien\/Kranjska_Gora_Wurzenpass_1200t.jpg\"\n               title=\"Nach dem Wurzenpass in Kranjska Gora (SLO)\"\n               data-src=\"https:\/\/www.byter.de\/wordpress\/wp-content\/gallery\/balkan-tour-2018-slowenien\/Kranjska_Gora_Wurzenpass_1200t.jpg\"\n               data-thumbnail=\"https:\/\/www.byter.de\/wordpress\/wp-content\/gallery\/balkan-tour-2018-slowenien\/thumbs\/thumbs_Kranjska_Gora_Wurzenpass_1200t.jpg\"\n               data-image-id=\"1074\"\n               data-title=\"Kranjska_Gora_Wurzenpass_1200t\"\n               data-description=\"Nach dem Wurzenpass in Kranjska Gora (SLO)\"\n               data-image-slug=\"kranjska_gora_wurzenpass_1200t\"\n               class=\"ngg-fancybox\" rel=\"6da0161ea9d2d76f40d6d99172ea45de\">\n                <img\n                    title=\"Kranjska_Gora_Wurzenpass_1200t\"\n                    alt=\"Kranjska_Gora_Wurzenpass_1200t\"\n                    src=\"https:\/\/www.byter.de\/wordpress\/wp-content\/gallery\/balkan-tour-2018-slowenien\/thumbs\/thumbs_Kranjska_Gora_Wurzenpass_1200t.jpg\"\n                    width=\"100\"\n                    height=\"75\"\n                    style=\"max-width:100%;\"\n                \/>\n            <\/a>\n        <\/div>\n\t\t\t\t\t\t\t<\/div> \n\t\t\t\n\t\t\t\t<div id=\"ngg-image-2\" class=\"ngg-gallery-thumbnail-box \" >\n\t\t\t\t        <div class=\"ngg-gallery-thumbnail\">\n            <a href=\"https:\/\/www.byter.de\/wordpress\/wp-content\/gallery\/balkan-tour-2018-slowenien\/Vrsic_Kapelle_1000t.jpg\"\n               title=\"Russische Kapelle am Vrsic-Pass\"\n               data-src=\"https:\/\/www.byter.de\/wordpress\/wp-content\/gallery\/balkan-tour-2018-slowenien\/Vrsic_Kapelle_1000t.jpg\"\n               data-thumbnail=\"https:\/\/www.byter.de\/wordpress\/wp-content\/gallery\/balkan-tour-2018-slowenien\/thumbs\/thumbs_Vrsic_Kapelle_1000t.jpg\"\n               data-image-id=\"1086\"\n               data-title=\"Vrsic_Kapelle_1000t\"\n               data-description=\"Russische Kapelle am Vrsic-Pass\"\n               data-image-slug=\"vrsic_kapelle_1000t\"\n               class=\"ngg-fancybox\" rel=\"6da0161ea9d2d76f40d6d99172ea45de\">\n                <img\n                    title=\"Vrsic_Kapelle_1000t\"\n                    alt=\"Vrsic_Kapelle_1000t\"\n                    src=\"https:\/\/www.byter.de\/wordpress\/wp-content\/gallery\/balkan-tour-2018-slowenien\/thumbs\/thumbs_Vrsic_Kapelle_1000t.jpg\"\n                    width=\"100\"\n                    height=\"75\"\n                    style=\"max-width:100%;\"\n                \/>\n            <\/a>\n        <\/div>\n\t\t\t\t\t\t\t<\/div> \n\t\t\t\n\t\t\t\t<div id=\"ngg-image-3\" class=\"ngg-gallery-thumbnail-box \" >\n\t\t\t\t        <div class=\"ngg-gallery-thumbnail\">\n            <a href=\"https:\/\/www.byter.de\/wordpress\/wp-content\/gallery\/balkan-tour-2018-slowenien\/Vrsic_Pass_1200t.jpg\"\n               title=\"Vrsic - noch ziemlich frisch hier oben ;)\"\n               data-src=\"https:\/\/www.byter.de\/wordpress\/wp-content\/gallery\/balkan-tour-2018-slowenien\/Vrsic_Pass_1200t.jpg\"\n               data-thumbnail=\"https:\/\/www.byter.de\/wordpress\/wp-content\/gallery\/balkan-tour-2018-slowenien\/thumbs\/thumbs_Vrsic_Pass_1200t.jpg\"\n               data-image-id=\"1087\"\n               data-title=\"Vrsic_Pass_1200t\"\n               data-description=\"Vrsic - noch ziemlich frisch hier oben ;)\"\n               data-image-slug=\"vrsic_pass_1200t\"\n               class=\"ngg-fancybox\" rel=\"6da0161ea9d2d76f40d6d99172ea45de\">\n                <img\n                    title=\"Vrsic_Pass_1200t\"\n                    alt=\"Vrsic_Pass_1200t\"\n                    src=\"https:\/\/www.byter.de\/wordpress\/wp-content\/gallery\/balkan-tour-2018-slowenien\/thumbs\/thumbs_Vrsic_Pass_1200t.jpg\"\n                    width=\"100\"\n                    height=\"75\"\n                    style=\"max-width:100%;\"\n                \/>\n            <\/a>\n        <\/div>\n\t\t\t\t\t\t\t<\/div> \n\t\t\t\n\t\t\t\t<div id=\"ngg-image-4\" class=\"ngg-gallery-thumbnail-box \" >\n\t\t\t\t        <div class=\"ngg-gallery-thumbnail\">\n            <a href=\"https:\/\/www.byter.de\/wordpress\/wp-content\/gallery\/balkan-tour-2018-slowenien\/Triglav_SocaPot_1000hT.jpg\"\n               title=\"Im Triglav Nationalpark\"\n               data-src=\"https:\/\/www.byter.de\/wordpress\/wp-content\/gallery\/balkan-tour-2018-slowenien\/Triglav_SocaPot_1000hT.jpg\"\n               data-thumbnail=\"https:\/\/www.byter.de\/wordpress\/wp-content\/gallery\/balkan-tour-2018-slowenien\/thumbs\/thumbs_Triglav_SocaPot_1000hT.jpg\"\n               data-image-id=\"1084\"\n               data-title=\"Triglav_SocaPot_1000hT\"\n               data-description=\"Im Triglav Nationalpark\"\n               data-image-slug=\"triglav_socapot_1000ht\"\n               class=\"ngg-fancybox\" rel=\"6da0161ea9d2d76f40d6d99172ea45de\">\n                <img\n                    title=\"Triglav_SocaPot_1000hT\"\n                    alt=\"Triglav_SocaPot_1000hT\"\n                    src=\"https:\/\/www.byter.de\/wordpress\/wp-content\/gallery\/balkan-tour-2018-slowenien\/thumbs\/thumbs_Triglav_SocaPot_1000hT.jpg\"\n                    width=\"100\"\n                    height=\"75\"\n                    style=\"max-width:100%;\"\n                \/>\n            <\/a>\n        <\/div>\n\t\t\t\t\t\t\t<\/div> \n\t\t\t\n\t\t\t\t<div id=\"ngg-image-5\" class=\"ngg-gallery-thumbnail-box \" >\n\t\t\t\t        <div class=\"ngg-gallery-thumbnail\">\n            <a href=\"https:\/\/www.byter.de\/wordpress\/wp-content\/gallery\/balkan-tour-2018-slowenien\/Triglav_Fort_Pano1500T.jpg\"\n               title=\"Alte Festung mit Panorama am Triglav NP\"\n               data-src=\"https:\/\/www.byter.de\/wordpress\/wp-content\/gallery\/balkan-tour-2018-slowenien\/Triglav_Fort_Pano1500T.jpg\"\n               data-thumbnail=\"https:\/\/www.byter.de\/wordpress\/wp-content\/gallery\/balkan-tour-2018-slowenien\/thumbs\/thumbs_Triglav_Fort_Pano1500T.jpg\"\n               data-image-id=\"1082\"\n               data-title=\"Triglav_Fort_Pano1500T\"\n               data-description=\"Alte Festung mit Panorama am Triglav NP\"\n               data-image-slug=\"triglav_fort_pano1500t\"\n               class=\"ngg-fancybox\" rel=\"6da0161ea9d2d76f40d6d99172ea45de\">\n                <img\n                    title=\"Triglav_Fort_Pano1500T\"\n                    alt=\"Triglav_Fort_Pano1500T\"\n                    src=\"https:\/\/www.byter.de\/wordpress\/wp-content\/gallery\/balkan-tour-2018-slowenien\/thumbs\/thumbs_Triglav_Fort_Pano1500T.jpg\"\n                    width=\"100\"\n                    height=\"75\"\n                    style=\"max-width:100%;\"\n                \/>\n            <\/a>\n        <\/div>\n\t\t\t\t\t\t\t<\/div> \n\t\t\t\n\t\t\t\t<div id=\"ngg-image-6\" class=\"ngg-gallery-thumbnail-box \" >\n\t\t\t\t        <div class=\"ngg-gallery-thumbnail\">\n            <a href=\"https:\/\/www.byter.de\/wordpress\/wp-content\/gallery\/balkan-tour-2018-slowenien\/Triglav_SocaQuelle_1000hT.jpg\"\n               title=\"Die t\u00fcrkisblaue Soca-Quelle\"\n               data-src=\"https:\/\/www.byter.de\/wordpress\/wp-content\/gallery\/balkan-tour-2018-slowenien\/Triglav_SocaQuelle_1000hT.jpg\"\n               data-thumbnail=\"https:\/\/www.byter.de\/wordpress\/wp-content\/gallery\/balkan-tour-2018-slowenien\/thumbs\/thumbs_Triglav_SocaQuelle_1000hT.jpg\"\n               data-image-id=\"1085\"\n               data-title=\"Triglav_SocaQuelle_1000hT\"\n               data-description=\"Die t\u00fcrkisblaue Soca-Quelle\"\n               data-image-slug=\"triglav_socaquelle_1000ht\"\n               class=\"ngg-fancybox\" rel=\"6da0161ea9d2d76f40d6d99172ea45de\">\n                <img\n                    title=\"Triglav_SocaQuelle_1000hT\"\n                    alt=\"Triglav_SocaQuelle_1000hT\"\n                    src=\"https:\/\/www.byter.de\/wordpress\/wp-content\/gallery\/balkan-tour-2018-slowenien\/thumbs\/thumbs_Triglav_SocaQuelle_1000hT.jpg\"\n                    width=\"100\"\n                    height=\"75\"\n                    style=\"max-width:100%;\"\n                \/>\n            <\/a>\n        <\/div>\n\t\t\t\t\t\t\t<\/div> \n\t\t\t\n\t\t\t\t<div id=\"ngg-image-7\" class=\"ngg-gallery-thumbnail-box \" >\n\t\t\t\t        <div class=\"ngg-gallery-thumbnail\">\n            <a href=\"https:\/\/www.byter.de\/wordpress\/wp-content\/gallery\/balkan-tour-2018-slowenien\/Triglav_Soca_Pano1500T.jpg\"\n               title=\"Die Soca - die Farbe ist fantastisch...\"\n               data-src=\"https:\/\/www.byter.de\/wordpress\/wp-content\/gallery\/balkan-tour-2018-slowenien\/Triglav_Soca_Pano1500T.jpg\"\n               data-thumbnail=\"https:\/\/www.byter.de\/wordpress\/wp-content\/gallery\/balkan-tour-2018-slowenien\/thumbs\/thumbs_Triglav_Soca_Pano1500T.jpg\"\n               data-image-id=\"1083\"\n               data-title=\"Triglav_Soca_Pano1500T\"\n               data-description=\"Die Soca - die Farbe ist fantastisch...\"\n               data-image-slug=\"triglav_soca_pano1500t\"\n               class=\"ngg-fancybox\" rel=\"6da0161ea9d2d76f40d6d99172ea45de\">\n                <img\n                    title=\"Triglav_Soca_Pano1500T\"\n                    alt=\"Triglav_Soca_Pano1500T\"\n                    src=\"https:\/\/www.byter.de\/wordpress\/wp-content\/gallery\/balkan-tour-2018-slowenien\/thumbs\/thumbs_Triglav_Soca_Pano1500T.jpg\"\n                    width=\"100\"\n                    height=\"75\"\n                    style=\"max-width:100%;\"\n                \/>\n            <\/a>\n        <\/div>\n\t\t\t\t\t\t\t<\/div> \n\t\t\t\n\t\t\t\t<div id=\"ngg-image-8\" class=\"ngg-gallery-thumbnail-box \" >\n\t\t\t\t        <div class=\"ngg-gallery-thumbnail\">\n            <a href=\"https:\/\/www.byter.de\/wordpress\/wp-content\/gallery\/balkan-tour-2018-slowenien\/Kamp_Triglav_1200t.jpg\"\n               title=\"Idyllische \u00dcbernachtung im Triglav NP (Kamp Triglav)\"\n               data-src=\"https:\/\/www.byter.de\/wordpress\/wp-content\/gallery\/balkan-tour-2018-slowenien\/Kamp_Triglav_1200t.jpg\"\n               data-thumbnail=\"https:\/\/www.byter.de\/wordpress\/wp-content\/gallery\/balkan-tour-2018-slowenien\/thumbs\/thumbs_Kamp_Triglav_1200t.jpg\"\n               data-image-id=\"1073\"\n               data-title=\"Kamp_Triglav_1200t\"\n               data-description=\"Idyllische \u00dcbernachtung im Triglav NP (Kamp Triglav)\"\n               data-image-slug=\"kamp_triglav_1200t\"\n               class=\"ngg-fancybox\" rel=\"6da0161ea9d2d76f40d6d99172ea45de\">\n                <img\n                    title=\"Kamp_Triglav_1200t\"\n                    alt=\"Kamp_Triglav_1200t\"\n                    src=\"https:\/\/www.byter.de\/wordpress\/wp-content\/gallery\/balkan-tour-2018-slowenien\/thumbs\/thumbs_Kamp_Triglav_1200t.jpg\"\n                    width=\"100\"\n                    height=\"75\"\n                    style=\"max-width:100%;\"\n                \/>\n            <\/a>\n        <\/div>\n\t\t\t\t\t\t\t<\/div> \n\t\t\t\n\t\t\t\t<div id=\"ngg-image-9\" class=\"ngg-gallery-thumbnail-box \" >\n\t\t\t\t        <div class=\"ngg-gallery-thumbnail\">\n            <a href=\"https:\/\/www.byter.de\/wordpress\/wp-content\/gallery\/balkan-tour-2018-slowenien\/Triglav_Einfahrt_1200T.jpg\"\n               title=\"Triglav NP\"\n               data-src=\"https:\/\/www.byter.de\/wordpress\/wp-content\/gallery\/balkan-tour-2018-slowenien\/Triglav_Einfahrt_1200T.jpg\"\n               data-thumbnail=\"https:\/\/www.byter.de\/wordpress\/wp-content\/gallery\/balkan-tour-2018-slowenien\/thumbs\/thumbs_Triglav_Einfahrt_1200T.jpg\"\n               data-image-id=\"1081\"\n               data-title=\"Triglav_Einfahrt_1200T\"\n               data-description=\"Triglav NP\"\n               data-image-slug=\"triglav_einfahrt_1200t\"\n               class=\"ngg-fancybox\" rel=\"6da0161ea9d2d76f40d6d99172ea45de\">\n                <img\n                    title=\"Triglav_Einfahrt_1200T\"\n                    alt=\"Triglav_Einfahrt_1200T\"\n                    src=\"https:\/\/www.byter.de\/wordpress\/wp-content\/gallery\/balkan-tour-2018-slowenien\/thumbs\/thumbs_Triglav_Einfahrt_1200T.jpg\"\n                    width=\"100\"\n                    height=\"75\"\n                    style=\"max-width:100%;\"\n                \/>\n            <\/a>\n        <\/div>\n\t\t\t\t\t\t\t<\/div> \n\t\t\t\n\t\t\t\t<div id=\"ngg-image-10\" class=\"ngg-gallery-thumbnail-box \" >\n\t\t\t\t        <div class=\"ngg-gallery-thumbnail\">\n            <a href=\"https:\/\/www.byter.de\/wordpress\/wp-content\/gallery\/balkan-tour-2018-slowenien\/Stanjel_Kirche1_1000hT.jpg\"\n               title=\"Kirche in Stanjel\"\n               data-src=\"https:\/\/www.byter.de\/wordpress\/wp-content\/gallery\/balkan-tour-2018-slowenien\/Stanjel_Kirche1_1000hT.jpg\"\n               data-thumbnail=\"https:\/\/www.byter.de\/wordpress\/wp-content\/gallery\/balkan-tour-2018-slowenien\/thumbs\/thumbs_Stanjel_Kirche1_1000hT.jpg\"\n               data-image-id=\"1079\"\n               data-title=\"Stanjel_Kirche1_1000hT\"\n               data-description=\"Kirche in Stanjel\"\n               data-image-slug=\"stanjel_kirche1_1000ht\"\n               class=\"ngg-fancybox\" rel=\"6da0161ea9d2d76f40d6d99172ea45de\">\n                <img\n                    title=\"Stanjel_Kirche1_1000hT\"\n                    alt=\"Stanjel_Kirche1_1000hT\"\n                    src=\"https:\/\/www.byter.de\/wordpress\/wp-content\/gallery\/balkan-tour-2018-slowenien\/thumbs\/thumbs_Stanjel_Kirche1_1000hT.jpg\"\n                    width=\"100\"\n                    height=\"75\"\n                    style=\"max-width:100%;\"\n                \/>\n            <\/a>\n        <\/div>\n\t\t\t\t\t\t\t<\/div> \n\t\t\t\n\t\t\t\t<div id=\"ngg-image-11\" class=\"ngg-gallery-thumbnail-box \" >\n\t\t\t\t        <div class=\"ngg-gallery-thumbnail\">\n            <a href=\"https:\/\/www.byter.de\/wordpress\/wp-content\/gallery\/balkan-tour-2018-slowenien\/Stanjel_Ausblick1_1200T.jpg\"\n               title=\"Ausblick von den Stadtmauern in Stanjel\"\n               data-src=\"https:\/\/www.byter.de\/wordpress\/wp-content\/gallery\/balkan-tour-2018-slowenien\/Stanjel_Ausblick1_1200T.jpg\"\n               data-thumbnail=\"https:\/\/www.byter.de\/wordpress\/wp-content\/gallery\/balkan-tour-2018-slowenien\/thumbs\/thumbs_Stanjel_Ausblick1_1200T.jpg\"\n               data-image-id=\"1075\"\n               data-title=\"Stanjel_Ausblick1_1200T\"\n               data-description=\"Ausblick von den Stadtmauern in Stanjel\"\n               data-image-slug=\"stanjel_ausblick1_1200t\"\n               class=\"ngg-fancybox\" rel=\"6da0161ea9d2d76f40d6d99172ea45de\">\n                <img\n                    title=\"Stanjel_Ausblick1_1200T\"\n                    alt=\"Stanjel_Ausblick1_1200T\"\n                    src=\"https:\/\/www.byter.de\/wordpress\/wp-content\/gallery\/balkan-tour-2018-slowenien\/thumbs\/thumbs_Stanjel_Ausblick1_1200T.jpg\"\n                    width=\"100\"\n                    height=\"75\"\n                    style=\"max-width:100%;\"\n                \/>\n            <\/a>\n        <\/div>\n\t\t\t\t\t\t\t<\/div> \n\t\t\t\n\t\t\t\t<div id=\"ngg-image-12\" class=\"ngg-gallery-thumbnail-box \" >\n\t\t\t\t        <div class=\"ngg-gallery-thumbnail\">\n            <a href=\"https:\/\/www.byter.de\/wordpress\/wp-content\/gallery\/balkan-tour-2018-slowenien\/Stanjel_Gartenzwerg_1200t.jpg\"\n               title=\"Kleine Gassen...\"\n               data-src=\"https:\/\/www.byter.de\/wordpress\/wp-content\/gallery\/balkan-tour-2018-slowenien\/Stanjel_Gartenzwerg_1200t.jpg\"\n               data-thumbnail=\"https:\/\/www.byter.de\/wordpress\/wp-content\/gallery\/balkan-tour-2018-slowenien\/thumbs\/thumbs_Stanjel_Gartenzwerg_1200t.jpg\"\n               data-image-id=\"1078\"\n               data-title=\"Stanjel_Gartenzwerg_1200t\"\n               data-description=\"Kleine Gassen...\"\n               data-image-slug=\"stanjel_gartenzwerg_1200t\"\n               class=\"ngg-fancybox\" rel=\"6da0161ea9d2d76f40d6d99172ea45de\">\n                <img\n                    title=\"Stanjel_Gartenzwerg_1200t\"\n                    alt=\"Stanjel_Gartenzwerg_1200t\"\n                    src=\"https:\/\/www.byter.de\/wordpress\/wp-content\/gallery\/balkan-tour-2018-slowenien\/thumbs\/thumbs_Stanjel_Gartenzwerg_1200t.jpg\"\n                    width=\"100\"\n                    height=\"75\"\n                    style=\"max-width:100%;\"\n                \/>\n            <\/a>\n        <\/div>\n\t\t\t\t\t\t\t<\/div> \n\t\t\t\n\t\t\t\t<div id=\"ngg-image-13\" class=\"ngg-gallery-thumbnail-box \" >\n\t\t\t\t        <div class=\"ngg-gallery-thumbnail\">\n            <a href=\"https:\/\/www.byter.de\/wordpress\/wp-content\/gallery\/balkan-tour-2018-slowenien\/Stanjel_BlaueTuer_1000hT.jpg\"\n               title=\"...mit reichlich Deko...\"\n               data-src=\"https:\/\/www.byter.de\/wordpress\/wp-content\/gallery\/balkan-tour-2018-slowenien\/Stanjel_BlaueTuer_1000hT.jpg\"\n               data-thumbnail=\"https:\/\/www.byter.de\/wordpress\/wp-content\/gallery\/balkan-tour-2018-slowenien\/thumbs\/thumbs_Stanjel_BlaueTuer_1000hT.jpg\"\n               data-image-id=\"1076\"\n               data-title=\"Stanjel_BlaueTuer_1000hT\"\n               data-description=\"...mit reichlich Deko...\"\n               data-image-slug=\"stanjel_blauetuer_1000ht\"\n               class=\"ngg-fancybox\" rel=\"6da0161ea9d2d76f40d6d99172ea45de\">\n                <img\n                    title=\"Stanjel_BlaueTuer_1000hT\"\n                    alt=\"Stanjel_BlaueTuer_1000hT\"\n                    src=\"https:\/\/www.byter.de\/wordpress\/wp-content\/gallery\/balkan-tour-2018-slowenien\/thumbs\/thumbs_Stanjel_BlaueTuer_1000hT.jpg\"\n                    width=\"100\"\n                    height=\"75\"\n                    style=\"max-width:100%;\"\n                \/>\n            <\/a>\n        <\/div>\n\t\t\t\t\t\t\t<\/div> \n\t\t\t\n\t\t\t\t<div id=\"ngg-image-14\" class=\"ngg-gallery-thumbnail-box \" >\n\t\t\t\t        <div class=\"ngg-gallery-thumbnail\">\n            <a href=\"https:\/\/www.byter.de\/wordpress\/wp-content\/gallery\/balkan-tour-2018-slowenien\/Stanjel_Brunnen_1200T.jpg\"\n               title=\"...und historischen \u00dcberbleibseln in Stanjel\"\n               data-src=\"https:\/\/www.byter.de\/wordpress\/wp-content\/gallery\/balkan-tour-2018-slowenien\/Stanjel_Brunnen_1200T.jpg\"\n               data-thumbnail=\"https:\/\/www.byter.de\/wordpress\/wp-content\/gallery\/balkan-tour-2018-slowenien\/thumbs\/thumbs_Stanjel_Brunnen_1200T.jpg\"\n               data-image-id=\"1077\"\n               data-title=\"Stanjel_Brunnen_1200T\"\n               data-description=\"...und historischen \u00dcberbleibseln in Stanjel\"\n               data-image-slug=\"stanjel_brunnen_1200t\"\n               class=\"ngg-fancybox\" rel=\"6da0161ea9d2d76f40d6d99172ea45de\">\n                <img\n                    title=\"Stanjel_Brunnen_1200T\"\n                    alt=\"Stanjel_Brunnen_1200T\"\n                    src=\"https:\/\/www.byter.de\/wordpress\/wp-content\/gallery\/balkan-tour-2018-slowenien\/thumbs\/thumbs_Stanjel_Brunnen_1200T.jpg\"\n                    width=\"100\"\n                    height=\"75\"\n                    style=\"max-width:100%;\"\n                \/>\n            <\/a>\n        <\/div>\n\t\t\t\t\t\t\t<\/div> \n\t\t\t\n\t\t\t\t<div id=\"ngg-image-15\" class=\"ngg-gallery-thumbnail-box \" >\n\t\t\t\t        <div class=\"ngg-gallery-thumbnail\">\n            <a href=\"https:\/\/www.byter.de\/wordpress\/wp-content\/gallery\/balkan-tour-2018-slowenien\/Stanjel_Restaurant_1000hT.jpg\"\n               title=\"Ausblick vom Restaurant\"\n               data-src=\"https:\/\/www.byter.de\/wordpress\/wp-content\/gallery\/balkan-tour-2018-slowenien\/Stanjel_Restaurant_1000hT.jpg\"\n               data-thumbnail=\"https:\/\/www.byter.de\/wordpress\/wp-content\/gallery\/balkan-tour-2018-slowenien\/thumbs\/thumbs_Stanjel_Restaurant_1000hT.jpg\"\n               data-image-id=\"1080\"\n               data-title=\"Stanjel_Restaurant_1000hT\"\n               data-description=\"Ausblick vom Restaurant\"\n               data-image-slug=\"stanjel_restaurant_1000ht\"\n               class=\"ngg-fancybox\" rel=\"6da0161ea9d2d76f40d6d99172ea45de\">\n                <img\n                    title=\"Stanjel_Restaurant_1000hT\"\n                    alt=\"Stanjel_Restaurant_1000hT\"\n                    src=\"https:\/\/www.byter.de\/wordpress\/wp-content\/gallery\/balkan-tour-2018-slowenien\/thumbs\/thumbs_Stanjel_Restaurant_1000hT.jpg\"\n                    width=\"100\"\n                    height=\"75\"\n                    style=\"max-width:100%;\"\n                \/>\n            <\/a>\n        <\/div>\n\t\t\t\t\t\t\t<\/div> \n\t\t\t\n\t\t\t\t<div id=\"ngg-image-16\" class=\"ngg-gallery-thumbnail-box \" >\n\t\t\t\t        <div class=\"ngg-gallery-thumbnail\">\n            <a href=\"https:\/\/www.byter.de\/wordpress\/wp-content\/gallery\/balkan-tour-2018-slowenien\/Dujceva_Kamp_1200T.jpg\"\n               title=\"Zwischenstop f\u00fcr die Nacht unweit von Triest\"\n               data-src=\"https:\/\/www.byter.de\/wordpress\/wp-content\/gallery\/balkan-tour-2018-slowenien\/Dujceva_Kamp_1200T.jpg\"\n               data-thumbnail=\"https:\/\/www.byter.de\/wordpress\/wp-content\/gallery\/balkan-tour-2018-slowenien\/thumbs\/thumbs_Dujceva_Kamp_1200T.jpg\"\n               data-image-id=\"1071\"\n               data-title=\"Dujceva_Kamp_1200T\"\n               data-description=\"Zwischenstop f\u00fcr die Nacht unweit von Triest\"\n               data-image-slug=\"dujceva_kamp_1200t\"\n               class=\"ngg-fancybox\" rel=\"6da0161ea9d2d76f40d6d99172ea45de\">\n                <img\n                    title=\"Dujceva_Kamp_1200T\"\n                    alt=\"Dujceva_Kamp_1200T\"\n                    src=\"https:\/\/www.byter.de\/wordpress\/wp-content\/gallery\/balkan-tour-2018-slowenien\/thumbs\/thumbs_Dujceva_Kamp_1200T.jpg\"\n                    width=\"100\"\n                    height=\"75\"\n                    style=\"max-width:100%;\"\n                \/>\n            <\/a>\n        <\/div>\n\t\t\t\t\t\t\t<\/div> \n\t\t\t\n\t\n\t<br style=\"clear: both\" \/>\n\n\t\n\t\t<!-- Pagination -->\n\t<div class='ngg-clear'><\/div>\t<\/div>\n<\/p>\n<p>Am n\u00e4chsten Morgen fuhren wir \u00fcber sch\u00f6ne Landstra\u00dfen mautfrei nach Kroatien und spulten anschlie\u00dfend erst mal einige Kilometer auf der Autobahn ab. Das erste Ziel in Kroatien war das <em>Velebit<\/em>-Gebirge &#8211; ein Nationalpark, in dem u.a. auch die Winnetou-Filme gedreht wurden.&nbsp; Hier ging es das erste Mal offroad &#8211; zun\u00e4chst gut 50km \u00fcber Forst- und Waldwege, anschlie\u00dfend entlang einer abenteuerlichen Schotterpiste durchs Gebirge&#8230; Die Strecke erwies sich als relativ einfach, aber es war trotzdem sch\u00f6n, endlich mal wieder abseits des Asphalts unterwegs zu sein &#8211; noch dazu in solch einer grandiosen Landschaft!<\/p>\n<p><img decoding=\"async\" loading=\"lazy\" class=\"aligncenter size-full wp-image-2144\" src=\"https:\/\/www.byter.de\/wordpress\/wp-content\/uploads\/2018\/08\/Velebit_Pano600.jpg\" alt=\"velebit_pano600\" width=\"600\" height=\"227\" srcset=\"https:\/\/www.byter.de\/wordpress\/wp-content\/uploads\/2018\/08\/Velebit_Pano600.jpg 600w, https:\/\/www.byter.de\/wordpress\/wp-content\/uploads\/2018\/08\/Velebit_Pano600-300x114.jpg 300w\" sizes=\"(max-width: 600px) 100vw, 600px\" \/><\/p>\n<p>Bei <em>Karlobag<\/em> schwenkten wir nach guten 5h Offroad auf die K\u00fcstenstra\u00dfe und hielten Ausschau nach einer Unterkunft f\u00fcr die Nacht. F\u00fcndig wurden wir im<em> &#8222;Camp Stine&#8220;<\/em>, einem sympatischen Platz direkt am Meer. Die Zufahrt war bereits so steil und abenteuerlich, dass gr\u00f6\u00dfere Wohnmobile hier sicher nicht anzutreffen waren und so verbrachten wir gleich zwei ruhige Tage fast alleine, nur in bester Gesellschaft einiger anderer Overlander.<\/p>\n<p>Am folgenden Tag gab es zum Ausgleich ein wenig Touristen-Programm: Zuerst besuchten wir <em>Trogir<\/em> &#8211; ein sch\u00f6nes St\u00e4dtchen mit toller Altstadt, was aber v\u00f6llig \u00fcberlaufen ist (es gibt in der ganzen Stadt wohl kaum einen Quadratzentimeter, wo keine Tische\/St\u00fchle auf Touristen warten) und sich auch gleich das Pr\u00e4dikat &#8222;Touristenabzocke Nr.1&#8220; einhandelte: pro Stunde sollten wir hier schlappe 10\u20ac Parkgeb\u00fchren als Wohnmobil bezahlen. Entsprechend kurz fiel der Besuch aus und wir wir bummelten weiter die K\u00fcste gen S\u00fcden entlang und besuchten unterwegs noch einige mehr oder weniger verschlafene Fischerd\u00f6rfchen und Kastelle. Dass die Fahrt gen S\u00fcden pl\u00f6tzlich durch den Grenz\u00fcbergang zu Bosnien unterbrochen wird, nur um wenig sp\u00e4ter wieder in Kroatien zu m\u00fcnden war eine willkommene Abwechslung &#8211; und dank des g\u00fcnstigen Sprits in Bosnien auch der ideale Tankstop \ud83d\ude09<\/p>\n<p>So richtig konnte uns Kroatien nicht in seinen Bann ziehen (oft war es uns einfach zu touristisch und \u00fcberlaufen) und so entschieden wir uns, Dubrovnik f\u00fcr den R\u00fcckweg aufzuheben (nur einen Blick von oben gab es auf die historische Altstadt) und z\u00fcgig weiter Richtung Montenegro zu fahren.&nbsp; Schlie\u00dflich war dies das Hauptziel unserer Balkanreise und dort sollte das Abenteuer Offroad dann richtig losgehen&#8230;<\/p>\n<p style=\"text-align: center;\"><!-- default-view.php -->\n<div\n\tclass=\"ngg-galleryoverview default-view \"\n\tid=\"ngg-gallery-447729d887def63d3b49c1719ad1ae4d-1\">\n\n\t\t<!-- Thumbnails -->\n\t\t\t\t<div id=\"ngg-image-0\" class=\"ngg-gallery-thumbnail-box \" >\n\t\t\t\t        <div class=\"ngg-gallery-thumbnail\">\n            <a href=\"https:\/\/www.byter.de\/wordpress\/wp-content\/gallery\/balkan-tour-2018-kroatien-1\/Velebit_Tunnel_1000ht.jpg\"\n               title=\"Spektakul\u00e4rer Tunnel im Velebit-Gebirge\"\n               data-src=\"https:\/\/www.byter.de\/wordpress\/wp-content\/gallery\/balkan-tour-2018-kroatien-1\/Velebit_Tunnel_1000ht.jpg\"\n               data-thumbnail=\"https:\/\/www.byter.de\/wordpress\/wp-content\/gallery\/balkan-tour-2018-kroatien-1\/thumbs\/thumbs_Velebit_Tunnel_1000ht.jpg\"\n               data-image-id=\"1092\"\n               data-title=\"Velebit_Tunnel_1000ht\"\n               data-description=\"Spektakul\u00e4rer Tunnel im Velebit-Gebirge\"\n               data-image-slug=\"velebit_tunnel_1000ht\"\n               class=\"ngg-fancybox\" rel=\"447729d887def63d3b49c1719ad1ae4d\">\n                <img\n                    title=\"Velebit_Tunnel_1000ht\"\n                    alt=\"Velebit_Tunnel_1000ht\"\n                    src=\"https:\/\/www.byter.de\/wordpress\/wp-content\/gallery\/balkan-tour-2018-kroatien-1\/thumbs\/thumbs_Velebit_Tunnel_1000ht.jpg\"\n                    width=\"100\"\n                    height=\"75\"\n                    style=\"max-width:100%;\"\n                \/>\n            <\/a>\n        <\/div>\n\t\t\t\t\t\t\t<\/div> \n\t\t\t\n\t\t\t\t<div id=\"ngg-image-1\" class=\"ngg-gallery-thumbnail-box \" >\n\t\t\t\t        <div class=\"ngg-gallery-thumbnail\">\n            <a href=\"https:\/\/www.byter.de\/wordpress\/wp-content\/gallery\/balkan-tour-2018-kroatien-1\/Velebit_AusblickInseln_1200t.jpg\"\n               title=\"Ausblick vom Velebit\"\n               data-src=\"https:\/\/www.byter.de\/wordpress\/wp-content\/gallery\/balkan-tour-2018-kroatien-1\/Velebit_AusblickInseln_1200t.jpg\"\n               data-thumbnail=\"https:\/\/www.byter.de\/wordpress\/wp-content\/gallery\/balkan-tour-2018-kroatien-1\/thumbs\/thumbs_Velebit_AusblickInseln_1200t.jpg\"\n               data-image-id=\"1090\"\n               data-title=\"Velebit_AusblickInseln_1200t\"\n               data-description=\"Ausblick vom Velebit\"\n               data-image-slug=\"velebit_ausblickinseln_1200t\"\n               class=\"ngg-fancybox\" rel=\"447729d887def63d3b49c1719ad1ae4d\">\n                <img\n                    title=\"Velebit_AusblickInseln_1200t\"\n                    alt=\"Velebit_AusblickInseln_1200t\"\n                    src=\"https:\/\/www.byter.de\/wordpress\/wp-content\/gallery\/balkan-tour-2018-kroatien-1\/thumbs\/thumbs_Velebit_AusblickInseln_1200t.jpg\"\n                    width=\"100\"\n                    height=\"75\"\n                    style=\"max-width:100%;\"\n                \/>\n            <\/a>\n        <\/div>\n\t\t\t\t\t\t\t<\/div> \n\t\t\t\n\t\t\t\t<div id=\"ngg-image-2\" class=\"ngg-gallery-thumbnail-box \" >\n\t\t\t\t        <div class=\"ngg-gallery-thumbnail\">\n            <a href=\"https:\/\/www.byter.de\/wordpress\/wp-content\/gallery\/balkan-tour-2018-kroatien-1\/Velebit_Pano1500t.jpg\"\n               title=\"Schotterstra\u00dfe im Gebirge - Leitplanken sind f\u00fcr Weicheier ;)\"\n               data-src=\"https:\/\/www.byter.de\/wordpress\/wp-content\/gallery\/balkan-tour-2018-kroatien-1\/Velebit_Pano1500t.jpg\"\n               data-thumbnail=\"https:\/\/www.byter.de\/wordpress\/wp-content\/gallery\/balkan-tour-2018-kroatien-1\/thumbs\/thumbs_Velebit_Pano1500t.jpg\"\n               data-image-id=\"1091\"\n               data-title=\"Velebit_Pano1500t\"\n               data-description=\"Schotterstra\u00dfe im Gebirge - Leitplanken sind f\u00fcr Weicheier ;)\"\n               data-image-slug=\"velebit_pano1500t\"\n               class=\"ngg-fancybox\" rel=\"447729d887def63d3b49c1719ad1ae4d\">\n                <img\n                    title=\"Velebit_Pano1500t\"\n                    alt=\"Velebit_Pano1500t\"\n                    src=\"https:\/\/www.byter.de\/wordpress\/wp-content\/gallery\/balkan-tour-2018-kroatien-1\/thumbs\/thumbs_Velebit_Pano1500t.jpg\"\n                    width=\"100\"\n                    height=\"75\"\n                    style=\"max-width:100%;\"\n                \/>\n            <\/a>\n        <\/div>\n\t\t\t\t\t\t\t<\/div> \n\t\t\t\n\t\t\t\t<div id=\"ngg-image-3\" class=\"ngg-gallery-thumbnail-box \" >\n\t\t\t\t        <div class=\"ngg-gallery-thumbnail\">\n            <a href=\"https:\/\/www.byter.de\/wordpress\/wp-content\/gallery\/balkan-tour-2018-kroatien-1\/CampStine_Stellplatz_1200t.jpg\"\n               title=\"Idyllischer Stellplatz in der K\u00fcste (Camp Stine)\"\n               data-src=\"https:\/\/www.byter.de\/wordpress\/wp-content\/gallery\/balkan-tour-2018-kroatien-1\/CampStine_Stellplatz_1200t.jpg\"\n               data-thumbnail=\"https:\/\/www.byter.de\/wordpress\/wp-content\/gallery\/balkan-tour-2018-kroatien-1\/thumbs\/thumbs_CampStine_Stellplatz_1200t.jpg\"\n               data-image-id=\"1088\"\n               data-title=\"CampStine_Stellplatz_1200t\"\n               data-description=\"Idyllischer Stellplatz in der K\u00fcste (Camp Stine)\"\n               data-image-slug=\"campstine_stellplatz_1200t\"\n               class=\"ngg-fancybox\" rel=\"447729d887def63d3b49c1719ad1ae4d\">\n                <img\n                    title=\"CampStine_Stellplatz_1200t\"\n                    alt=\"CampStine_Stellplatz_1200t\"\n                    src=\"https:\/\/www.byter.de\/wordpress\/wp-content\/gallery\/balkan-tour-2018-kroatien-1\/thumbs\/thumbs_CampStine_Stellplatz_1200t.jpg\"\n                    width=\"100\"\n                    height=\"75\"\n                    style=\"max-width:100%;\"\n                \/>\n            <\/a>\n        <\/div>\n\t\t\t\t\t\t\t<\/div> \n\t\t\t\n\t\t\t\t<div id=\"ngg-image-4\" class=\"ngg-gallery-thumbnail-box \" >\n\t\t\t\t        <div class=\"ngg-gallery-thumbnail\">\n            <a href=\"https:\/\/www.byter.de\/wordpress\/wp-content\/gallery\/balkan-tour-2018-kroatien-1\/Ogre_1000h.jpg\"\n               title=\"Beware!\"\n               data-src=\"https:\/\/www.byter.de\/wordpress\/wp-content\/gallery\/balkan-tour-2018-kroatien-1\/Ogre_1000h.jpg\"\n               data-thumbnail=\"https:\/\/www.byter.de\/wordpress\/wp-content\/gallery\/balkan-tour-2018-kroatien-1\/thumbs\/thumbs_Ogre_1000h.jpg\"\n               data-image-id=\"1089\"\n               data-title=\"Ogre_1000h\"\n               data-description=\"Beware!\"\n               data-image-slug=\"ogre_1000h\"\n               class=\"ngg-fancybox\" rel=\"447729d887def63d3b49c1719ad1ae4d\">\n                <img\n                    title=\"Ogre_1000h\"\n                    alt=\"Ogre_1000h\"\n                    src=\"https:\/\/www.byter.de\/wordpress\/wp-content\/gallery\/balkan-tour-2018-kroatien-1\/thumbs\/thumbs_Ogre_1000h.jpg\"\n                    width=\"100\"\n                    height=\"75\"\n                    style=\"max-width:100%;\"\n                \/>\n            <\/a>\n        <\/div>\n\t\t\t\t\t\t\t<\/div> \n\t\t\t\n\t\t\t\t<div id=\"ngg-image-5\" class=\"ngg-gallery-thumbnail-box \" >\n\t\t\t\t        <div class=\"ngg-gallery-thumbnail\">\n            <a href=\"https:\/\/www.byter.de\/wordpress\/wp-content\/gallery\/balkan-tour-2018-kroatien-1\/Kroatien_KuestenPano_1500t.jpg\"\n               title=\"K\u00fcstenpanorama\"\n               data-src=\"https:\/\/www.byter.de\/wordpress\/wp-content\/gallery\/balkan-tour-2018-kroatien-1\/Kroatien_KuestenPano_1500t.jpg\"\n               data-thumbnail=\"https:\/\/www.byter.de\/wordpress\/wp-content\/gallery\/balkan-tour-2018-kroatien-1\/thumbs\/thumbs_Kroatien_KuestenPano_1500t.jpg\"\n               data-image-id=\"1093\"\n               data-title=\"Kroatien_KuestenPano_1500t\"\n               data-description=\"K\u00fcstenpanorama\"\n               data-image-slug=\"kroatien_kuestenpano_1500t\"\n               class=\"ngg-fancybox\" rel=\"447729d887def63d3b49c1719ad1ae4d\">\n                <img\n                    title=\"Kroatien_KuestenPano_1500t\"\n                    alt=\"Kroatien_KuestenPano_1500t\"\n                    src=\"https:\/\/www.byter.de\/wordpress\/wp-content\/gallery\/balkan-tour-2018-kroatien-1\/thumbs\/thumbs_Kroatien_KuestenPano_1500t.jpg\"\n                    width=\"100\"\n                    height=\"75\"\n                    style=\"max-width:100%;\"\n                \/>\n            <\/a>\n        <\/div>\n\t\t\t\t\t\t\t<\/div> \n\t\t\t\n\t\t\t\t<div id=\"ngg-image-6\" class=\"ngg-gallery-thumbnail-box \" >\n\t\t\t\t        <div class=\"ngg-gallery-thumbnail\">\n            <a href=\"https:\/\/www.byter.de\/wordpress\/wp-content\/gallery\/balkan-tour-2018-kroatien-1\/Trogir_Gasse1_1000hT.jpg\"\n               title=\"Eine der wenigen Gassen in Trogir, in der keine Tische und St\u00fchle stehen...\"\n               data-src=\"https:\/\/www.byter.de\/wordpress\/wp-content\/gallery\/balkan-tour-2018-kroatien-1\/Trogir_Gasse1_1000hT.jpg\"\n               data-thumbnail=\"https:\/\/www.byter.de\/wordpress\/wp-content\/gallery\/balkan-tour-2018-kroatien-1\/thumbs\/thumbs_Trogir_Gasse1_1000hT.jpg\"\n               data-image-id=\"1094\"\n               data-title=\"Trogir_Gasse1_1000hT\"\n               data-description=\"Eine der wenigen Gassen in Trogir, in der keine Tische und St\u00fchle stehen...\"\n               data-image-slug=\"trogir_gasse1_1000ht\"\n               class=\"ngg-fancybox\" rel=\"447729d887def63d3b49c1719ad1ae4d\">\n                <img\n                    title=\"Trogir_Gasse1_1000hT\"\n                    alt=\"Trogir_Gasse1_1000hT\"\n                    src=\"https:\/\/www.byter.de\/wordpress\/wp-content\/gallery\/balkan-tour-2018-kroatien-1\/thumbs\/thumbs_Trogir_Gasse1_1000hT.jpg\"\n                    width=\"100\"\n                    height=\"75\"\n                    style=\"max-width:100%;\"\n                \/>\n            <\/a>\n        <\/div>\n\t\t\t\t\t\t\t<\/div> \n\t\t\t\n\t\t\t\t<div id=\"ngg-image-7\" class=\"ngg-gallery-thumbnail-box \" >\n\t\t\t\t        <div class=\"ngg-gallery-thumbnail\">\n            <a href=\"https:\/\/www.byter.de\/wordpress\/wp-content\/gallery\/balkan-tour-2018-kroatien-1\/Trogir_Platz_1200T.jpg\"\n               title=\"Promenade in Trogir\"\n               data-src=\"https:\/\/www.byter.de\/wordpress\/wp-content\/gallery\/balkan-tour-2018-kroatien-1\/Trogir_Platz_1200T.jpg\"\n               data-thumbnail=\"https:\/\/www.byter.de\/wordpress\/wp-content\/gallery\/balkan-tour-2018-kroatien-1\/thumbs\/thumbs_Trogir_Platz_1200T.jpg\"\n               data-image-id=\"1095\"\n               data-title=\"Trogir_Platz_1200T\"\n               data-description=\"Promenade in Trogir\"\n               data-image-slug=\"trogir_platz_1200t\"\n               class=\"ngg-fancybox\" rel=\"447729d887def63d3b49c1719ad1ae4d\">\n                <img\n                    title=\"Trogir_Platz_1200T\"\n                    alt=\"Trogir_Platz_1200T\"\n                    src=\"https:\/\/www.byter.de\/wordpress\/wp-content\/gallery\/balkan-tour-2018-kroatien-1\/thumbs\/thumbs_Trogir_Platz_1200T.jpg\"\n                    width=\"100\"\n                    height=\"75\"\n                    style=\"max-width:100%;\"\n                \/>\n            <\/a>\n        <\/div>\n\t\t\t\t\t\t\t<\/div> \n\t\t\t\n\t\t\t\t<div id=\"ngg-image-8\" class=\"ngg-gallery-thumbnail-box \" >\n\t\t\t\t        <div class=\"ngg-gallery-thumbnail\">\n            <a href=\"https:\/\/www.byter.de\/wordpress\/wp-content\/gallery\/balkan-tour-2018-kroatien-1\/Kastel_Gomilica_1200T.jpg\"\n               title=\"Kastel Gomilica\"\n               data-src=\"https:\/\/www.byter.de\/wordpress\/wp-content\/gallery\/balkan-tour-2018-kroatien-1\/Kastel_Gomilica_1200T.jpg\"\n               data-thumbnail=\"https:\/\/www.byter.de\/wordpress\/wp-content\/gallery\/balkan-tour-2018-kroatien-1\/thumbs\/thumbs_Kastel_Gomilica_1200T.jpg\"\n               data-image-id=\"1098\"\n               data-title=\"Kastel_Gomilica_1200T\"\n               data-description=\"Kastel Gomilica\"\n               data-image-slug=\"kastel_gomilica_1200t\"\n               class=\"ngg-fancybox\" rel=\"447729d887def63d3b49c1719ad1ae4d\">\n                <img\n                    title=\"Kastel_Gomilica_1200T\"\n                    alt=\"Kastel_Gomilica_1200T\"\n                    src=\"https:\/\/www.byter.de\/wordpress\/wp-content\/gallery\/balkan-tour-2018-kroatien-1\/thumbs\/thumbs_Kastel_Gomilica_1200T.jpg\"\n                    width=\"100\"\n                    height=\"75\"\n                    style=\"max-width:100%;\"\n                \/>\n            <\/a>\n        <\/div>\n\t\t\t\t\t\t\t<\/div> \n\t\t\t\n\t\t\t\t<div id=\"ngg-image-9\" class=\"ngg-gallery-thumbnail-box \" >\n\t\t\t\t        <div class=\"ngg-gallery-thumbnail\">\n            <a href=\"https:\/\/www.byter.de\/wordpress\/wp-content\/gallery\/balkan-tour-2018-kroatien-1\/Muschelhaus_1200T.jpg\"\n               title=\"Blumenk\u00fcbel mediteran :)\"\n               data-src=\"https:\/\/www.byter.de\/wordpress\/wp-content\/gallery\/balkan-tour-2018-kroatien-1\/Muschelhaus_1200T.jpg\"\n               data-thumbnail=\"https:\/\/www.byter.de\/wordpress\/wp-content\/gallery\/balkan-tour-2018-kroatien-1\/thumbs\/thumbs_Muschelhaus_1200T.jpg\"\n               data-image-id=\"1100\"\n               data-title=\"Muschelhaus_1200T\"\n               data-description=\"Blumenk\u00fcbel mediteran :)\"\n               data-image-slug=\"muschelhaus_1200t\"\n               class=\"ngg-fancybox\" rel=\"447729d887def63d3b49c1719ad1ae4d\">\n                <img\n                    title=\"Muschelhaus_1200T\"\n                    alt=\"Muschelhaus_1200T\"\n                    src=\"https:\/\/www.byter.de\/wordpress\/wp-content\/gallery\/balkan-tour-2018-kroatien-1\/thumbs\/thumbs_Muschelhaus_1200T.jpg\"\n                    width=\"100\"\n                    height=\"75\"\n                    style=\"max-width:100%;\"\n                \/>\n            <\/a>\n        <\/div>\n\t\t\t\t\t\t\t<\/div> \n\t\t\t\n\t\t\t\t<div id=\"ngg-image-10\" class=\"ngg-gallery-thumbnail-box \" >\n\t\t\t\t        <div class=\"ngg-gallery-thumbnail\">\n            <a href=\"https:\/\/www.byter.de\/wordpress\/wp-content\/gallery\/balkan-tour-2018-kroatien-1\/Bucht_BHZG_1200t.jpg\"\n               title=\"Bucht kurz vor der Grenze zu Bosnien\"\n               data-src=\"https:\/\/www.byter.de\/wordpress\/wp-content\/gallery\/balkan-tour-2018-kroatien-1\/Bucht_BHZG_1200t.jpg\"\n               data-thumbnail=\"https:\/\/www.byter.de\/wordpress\/wp-content\/gallery\/balkan-tour-2018-kroatien-1\/thumbs\/thumbs_Bucht_BHZG_1200t.jpg\"\n               data-image-id=\"1096\"\n               data-title=\"Bucht_BHZG_1200t\"\n               data-description=\"Bucht kurz vor der Grenze zu Bosnien\"\n               data-image-slug=\"bucht_bhzg_1200t\"\n               class=\"ngg-fancybox\" rel=\"447729d887def63d3b49c1719ad1ae4d\">\n                <img\n                    title=\"Bucht_BHZG_1200t\"\n                    alt=\"Bucht_BHZG_1200t\"\n                    src=\"https:\/\/www.byter.de\/wordpress\/wp-content\/gallery\/balkan-tour-2018-kroatien-1\/thumbs\/thumbs_Bucht_BHZG_1200t.jpg\"\n                    width=\"100\"\n                    height=\"75\"\n                    style=\"max-width:100%;\"\n                \/>\n            <\/a>\n        <\/div>\n\t\t\t\t\t\t\t<\/div> \n\t\t\t\n\t\t\t\t<div id=\"ngg-image-11\" class=\"ngg-gallery-thumbnail-box \" >\n\t\t\t\t        <div class=\"ngg-gallery-thumbnail\">\n            <a href=\"https:\/\/www.byter.de\/wordpress\/wp-content\/gallery\/balkan-tour-2018-kroatien-1\/Dubrovnik_Blickvonoben_1200t.jpg\"\n               title=\"Blick auf Dubrovnik\"\n               data-src=\"https:\/\/www.byter.de\/wordpress\/wp-content\/gallery\/balkan-tour-2018-kroatien-1\/Dubrovnik_Blickvonoben_1200t.jpg\"\n               data-thumbnail=\"https:\/\/www.byter.de\/wordpress\/wp-content\/gallery\/balkan-tour-2018-kroatien-1\/thumbs\/thumbs_Dubrovnik_Blickvonoben_1200t.jpg\"\n               data-image-id=\"1097\"\n               data-title=\"Dubrovnik_Blickvonoben_1200t\"\n               data-description=\"Blick auf Dubrovnik\"\n               data-image-slug=\"dubrovnik_blickvonoben_1200t\"\n               class=\"ngg-fancybox\" rel=\"447729d887def63d3b49c1719ad1ae4d\">\n                <img\n                    title=\"Dubrovnik_Blickvonoben_1200t\"\n                    alt=\"Dubrovnik_Blickvonoben_1200t\"\n                    src=\"https:\/\/www.byter.de\/wordpress\/wp-content\/gallery\/balkan-tour-2018-kroatien-1\/thumbs\/thumbs_Dubrovnik_Blickvonoben_1200t.jpg\"\n                    width=\"100\"\n                    height=\"75\"\n                    style=\"max-width:100%;\"\n                \/>\n            <\/a>\n        <\/div>\n\t\t\t\t\t\t\t<\/div> \n\t\t\t\n\t\t\t\t<div id=\"ngg-image-12\" class=\"ngg-gallery-thumbnail-box \" >\n\t\t\t\t        <div class=\"ngg-gallery-thumbnail\">\n            <a href=\"https:\/\/www.byter.de\/wordpress\/wp-content\/gallery\/balkan-tour-2018-kroatien-1\/Kriegsdenkmal_1000h.jpg\"\n               title=\"Kriegsdenkmal in Bosnien\"\n               data-src=\"https:\/\/www.byter.de\/wordpress\/wp-content\/gallery\/balkan-tour-2018-kroatien-1\/Kriegsdenkmal_1000h.jpg\"\n               data-thumbnail=\"https:\/\/www.byter.de\/wordpress\/wp-content\/gallery\/balkan-tour-2018-kroatien-1\/thumbs\/thumbs_Kriegsdenkmal_1000h.jpg\"\n               data-image-id=\"1099\"\n               data-title=\"Kriegsdenkmal_1000h\"\n               data-description=\"Kriegsdenkmal in Bosnien\"\n               data-image-slug=\"kriegsdenkmal_1000h\"\n               class=\"ngg-fancybox\" rel=\"447729d887def63d3b49c1719ad1ae4d\">\n                <img\n                    title=\"Kriegsdenkmal_1000h\"\n                    alt=\"Kriegsdenkmal_1000h\"\n                    src=\"https:\/\/www.byter.de\/wordpress\/wp-content\/gallery\/balkan-tour-2018-kroatien-1\/thumbs\/thumbs_Kriegsdenkmal_1000h.jpg\"\n                    width=\"100\"\n                    height=\"75\"\n                    style=\"max-width:100%;\"\n                \/>\n            <\/a>\n        <\/div>\n\t\t\t\t\t\t\t<\/div> \n\t\t\t\n\t\n\t<br style=\"clear: both\" \/>\n\n\t\n\t\t<!-- Pagination -->\n\t<div class='ngg-clear'><\/div>\t<\/div>\n<\/p>\n<p style=\"text-align: center;\"><em>Aufgenommen im Mai 2018.<\/em><\/p>\n<p><a href=\"https:\/\/www.byter.de\/wordpress\/?page_id=2297\">Hier geht\u00b4s zum zweiten Teil&#8230;<\/a><\/p>\n<p>&nbsp;<\/p>\n","protected":false},"excerpt":{"rendered":"<p>Etappe 1: Slowenien, Kroatien &amp; Bosnien Mai 2018. Nachdem wir uns im letzten Jahr unser &#8222;Tr\u00fcmmerchen&#8220; zugelegt haben (einen Toyota Hilux Pickup mit kleiner Wohnkabine, der auch abseits des Asphalts zu Hause ist \ud83d\ude09 ),&nbsp; und ich den halben Winter &hellip; <a href=\"https:\/\/www.byter.de\/wordpress\/?page_id=2126\">Weiterlesen <span class=\"meta-nav\">&rarr;<\/span><\/a><\/p>\n","protected":false},"author":1,"featured_media":0,"parent":2495,"menu_order":49,"comment_status":"open","ping_status":"open","template":"","meta":{"ngg_post_thumbnail":0},"_links":{"self":[{"href":"https:\/\/www.byter.de\/wordpress\/index.php?rest_route=\/wp\/v2\/pages\/2126"}],"collection":[{"href":"https:\/\/www.byter.de\/wordpress\/index.php?rest_route=\/wp\/v2\/pages"}],"about":[{"href":"https:\/\/www.byter.de\/wordpress\/index.php?rest_route=\/wp\/v2\/types\/page"}],"author":[{"embeddable":true,"href":"https:\/\/www.byter.de\/wordpress\/index.php?rest_route=\/wp\/v2\/users\/1"}],"replies":[{"embeddable":true,"href":"https:\/\/www.byter.de\/wordpress\/index.php?rest_route=%2Fwp%2Fv2%2Fcomments&post=2126"}],"version-history":[{"count":24,"href":"https:\/\/www.byter.de\/wordpress\/index.php?rest_route=\/wp\/v2\/pages\/2126\/revisions"}],"predecessor-version":[{"id":2432,"href":"https:\/\/www.byter.de\/wordpress\/index.php?rest_route=\/wp\/v2\/pages\/2126\/revisions\/2432"}],"up":[{"embeddable":true,"href":"https:\/\/www.byter.de\/wordpress\/index.php?rest_route=\/wp\/v2\/pages\/2495"}],"wp:attachment":[{"href":"https:\/\/www.byter.de\/wordpress\/index.php?rest_route=%2Fwp%2Fv2%2Fmedia&parent=2126"}],"curies":[{"name":"wp","href":"https:\/\/api.w.org\/{rel}","templated":true}]}}