{"id":2297,"date":"2019-01-27T19:45:55","date_gmt":"2019-01-27T18:45:55","guid":{"rendered":"http:\/\/www.byter.de\/wordpress\/?page_id=2297"},"modified":"2019-09-23T14:34:35","modified_gmt":"2019-09-23T13:34:35","slug":"balkan-tour-2018-etappe-2-montenegro-albanien","status":"publish","type":"page","link":"https:\/\/www.byter.de\/wordpress\/?page_id=2297","title":{"rendered":"Balkan Tour 2018 &#8211; Etappe 2: Montenegro &#038; Albanien"},"content":{"rendered":"<p>(Fortsetzung von <a href=\"https:\/\/www.byter.de\/wordpress\/?page_id=2126\">Teil 1<\/a>)<\/p>\n<p><img decoding=\"async\" loading=\"lazy\" class=\"aligncenter wp-image-2385 size-full\" src=\"https:\/\/www.byter.de\/wordpress\/wp-content\/uploads\/2019\/01\/Kotor500.jpg\" alt=\"\" width=\"500\" height=\"271\" srcset=\"https:\/\/www.byter.de\/wordpress\/wp-content\/uploads\/2019\/01\/Kotor500.jpg 500w, https:\/\/www.byter.de\/wordpress\/wp-content\/uploads\/2019\/01\/Kotor500-300x163.jpg 300w\" sizes=\"(max-width: 500px) 100vw, 500px\" \/><\/p>\n<p>Das erste &#8211; und gleichzeitig wohl bekannteste &#8211; Ziel in Montenegro war die <em>Bucht von Kotor<\/em>, die man von Norden kommend zwangsl\u00e4ufig passieren muss und die wohl die touristisch am meisten besuchte Region Montenegros ist. Das lassen schon die gigantischen Kreuzfahrtschiffe erahnen, die in malerischer Kulisse vor Anker lagen&#8230;&nbsp; Da es schon relativ sp\u00e4t war, als wir Kotor erreichten, entschieden wir uns zun\u00e4chst noch weiter zur Halbinsel <em>Lustica<\/em> zu fahren, wo wir uns einen einsamen Stellplatz fernab aller Touristen ausgeguckt hatten. Die letzten Kilometer dorthin waren abenteurlich, auf Schotterpisten und durch einen alten Steinbruch, aber entsch\u00e4digt wurden wir mit einem tollen Blick auf\u00b4s Meer und absoluter Ruhe in der Nacht. Und direkt nebenan gab\u00b4s noch einige Bunkeranlage aus dem 2. Weltkrieg zu bestaunen, die frei zug\u00e4nglich waren&#8230;<\/p>\n<p><img decoding=\"async\" loading=\"lazy\" class=\"aligncenter wp-image-2439 size-full\" src=\"https:\/\/www.byter.de\/wordpress\/wp-content\/uploads\/2019\/01\/BunkerPano600.jpg\" alt=\"\" width=\"600\" height=\"235\" srcset=\"https:\/\/www.byter.de\/wordpress\/wp-content\/uploads\/2019\/01\/BunkerPano600.jpg 600w, https:\/\/www.byter.de\/wordpress\/wp-content\/uploads\/2019\/01\/BunkerPano600-300x118.jpg 300w\" sizes=\"(max-width: 600px) 100vw, 600px\" \/><\/p>\n<p>Am n\u00e4chsten Morgen machten wir uns dann in aller Fr\u00fche auf nach <em>Kotor<\/em> &#8211; wie sich herausstellte genau die richtige Strategie, denn sp\u00e4testens ab 11 Uhr wird <em>Kotor<\/em> \u00fcberflutet von Touristenmassen. So konnten wir in aller Ruhe auf dem Marktplatz fr\u00fchst\u00fccken und den Charme des St\u00e4dtchens zumindest ein wenig vor dem gro\u00dfen Trubel genie\u00dfen&#8230;&nbsp; Abgerundet durch den Besuch des regionales Marktes machten wir uns dann nach Mittag auf in Richtung Berge und ins Montenegrinische Hinterland.<\/p>\n<p>Wir erklommen zun\u00e4chst die alte Passstra\u00dfe P1 &#8211; die sogenannten <em>Kotor-Serpentinen<\/em> (eine einspurige, abenteuerliche Panorama-Stra\u00dfe mit 16 Haardnadel-Serpentinen) bis zum <em>Krstac-Pass<\/em> und machten uns dann auf abgelegenen Pfaden Richtung Norden auf. Bevor wir ins <em>Durmitor<\/em>-Gebirge fuhren besuchten wir unterwegs noch das eindrucksvolle <em>Olong<\/em>-Kloster, das erhaben in eine Felswand gebaut wurde und verbrachten eine kalte Nacht auf einem einsamen Campingplatz in den Bergen.<\/p>\n<p style=\"text-align: center;\"><!-- default-view.php -->\n<div\n\tclass=\"ngg-galleryoverview default-view \"\n\tid=\"ngg-gallery-eac6cb25582a52d3ad067d3114b05868-1\">\n\n\t\t<!-- Thumbnails -->\n\t\t\t\t<div id=\"ngg-image-0\" class=\"ngg-gallery-thumbnail-box \" >\n\t\t\t\t        <div class=\"ngg-gallery-thumbnail\">\n            <a href=\"https:\/\/www.byter.de\/wordpress\/wp-content\/gallery\/balkan-tour-2018-montenegro-1\/Kotor_Bucht2_1200t.jpg\"\n               title=\"\"\n               data-src=\"https:\/\/www.byter.de\/wordpress\/wp-content\/gallery\/balkan-tour-2018-montenegro-1\/Kotor_Bucht2_1200t.jpg\"\n               data-thumbnail=\"https:\/\/www.byter.de\/wordpress\/wp-content\/gallery\/balkan-tour-2018-montenegro-1\/thumbs\/thumbs_Kotor_Bucht2_1200t.jpg\"\n               data-image-id=\"1123\"\n               data-title=\"Kotor_Bucht2_1200t\"\n               data-description=\"\"\n               data-image-slug=\"kotor_bucht2_1200t\"\n               class=\"ngg-fancybox\" rel=\"eac6cb25582a52d3ad067d3114b05868\">\n                <img\n                    title=\"Kotor_Bucht2_1200t\"\n                    alt=\"Kotor_Bucht2_1200t\"\n                    src=\"https:\/\/www.byter.de\/wordpress\/wp-content\/gallery\/balkan-tour-2018-montenegro-1\/thumbs\/thumbs_Kotor_Bucht2_1200t.jpg\"\n                    width=\"100\"\n                    height=\"75\"\n                    style=\"max-width:100%;\"\n                \/>\n            <\/a>\n        <\/div>\n\t\t\t\t\t\t\t<\/div> \n\t\t\t\n\t\t\t\t<div id=\"ngg-image-1\" class=\"ngg-gallery-thumbnail-box \" >\n\t\t\t\t        <div class=\"ngg-gallery-thumbnail\">\n            <a href=\"https:\/\/www.byter.de\/wordpress\/wp-content\/gallery\/balkan-tour-2018-montenegro-1\/Kotor_BuchtPano1_1500t.jpg\"\n               title=\"\"\n               data-src=\"https:\/\/www.byter.de\/wordpress\/wp-content\/gallery\/balkan-tour-2018-montenegro-1\/Kotor_BuchtPano1_1500t.jpg\"\n               data-thumbnail=\"https:\/\/www.byter.de\/wordpress\/wp-content\/gallery\/balkan-tour-2018-montenegro-1\/thumbs\/thumbs_Kotor_BuchtPano1_1500t.jpg\"\n               data-image-id=\"1124\"\n               data-title=\"Kotor_BuchtPano1_1500t\"\n               data-description=\"\"\n               data-image-slug=\"kotor_buchtpano1_1500t\"\n               class=\"ngg-fancybox\" rel=\"eac6cb25582a52d3ad067d3114b05868\">\n                <img\n                    title=\"Kotor_BuchtPano1_1500t\"\n                    alt=\"Kotor_BuchtPano1_1500t\"\n                    src=\"https:\/\/www.byter.de\/wordpress\/wp-content\/gallery\/balkan-tour-2018-montenegro-1\/thumbs\/thumbs_Kotor_BuchtPano1_1500t.jpg\"\n                    width=\"100\"\n                    height=\"75\"\n                    style=\"max-width:100%;\"\n                \/>\n            <\/a>\n        <\/div>\n\t\t\t\t\t\t\t<\/div> \n\t\t\t\n\t\t\t\t<div id=\"ngg-image-2\" class=\"ngg-gallery-thumbnail-box \" >\n\t\t\t\t        <div class=\"ngg-gallery-thumbnail\">\n            <a href=\"https:\/\/www.byter.de\/wordpress\/wp-content\/gallery\/balkan-tour-2018-montenegro-1\/KotorBucht_Insel1_1200t.jpg\"\n               title=\"\"\n               data-src=\"https:\/\/www.byter.de\/wordpress\/wp-content\/gallery\/balkan-tour-2018-montenegro-1\/KotorBucht_Insel1_1200t.jpg\"\n               data-thumbnail=\"https:\/\/www.byter.de\/wordpress\/wp-content\/gallery\/balkan-tour-2018-montenegro-1\/thumbs\/thumbs_KotorBucht_Insel1_1200t.jpg\"\n               data-image-id=\"1127\"\n               data-title=\"KotorBucht_Insel1_1200t\"\n               data-description=\"\"\n               data-image-slug=\"kotorbucht_insel1_1200t\"\n               class=\"ngg-fancybox\" rel=\"eac6cb25582a52d3ad067d3114b05868\">\n                <img\n                    title=\"KotorBucht_Insel1_1200t\"\n                    alt=\"KotorBucht_Insel1_1200t\"\n                    src=\"https:\/\/www.byter.de\/wordpress\/wp-content\/gallery\/balkan-tour-2018-montenegro-1\/thumbs\/thumbs_KotorBucht_Insel1_1200t.jpg\"\n                    width=\"100\"\n                    height=\"75\"\n                    style=\"max-width:100%;\"\n                \/>\n            <\/a>\n        <\/div>\n\t\t\t\t\t\t\t<\/div> \n\t\t\t\n\t\t\t\t<div id=\"ngg-image-3\" class=\"ngg-gallery-thumbnail-box \" >\n\t\t\t\t        <div class=\"ngg-gallery-thumbnail\">\n            <a href=\"https:\/\/www.byter.de\/wordpress\/wp-content\/gallery\/balkan-tour-2018-montenegro-1\/Lustica_CampingPano_1500t.jpg\"\n               title=\"\"\n               data-src=\"https:\/\/www.byter.de\/wordpress\/wp-content\/gallery\/balkan-tour-2018-montenegro-1\/Lustica_CampingPano_1500t.jpg\"\n               data-thumbnail=\"https:\/\/www.byter.de\/wordpress\/wp-content\/gallery\/balkan-tour-2018-montenegro-1\/thumbs\/thumbs_Lustica_CampingPano_1500t.jpg\"\n               data-image-id=\"1130\"\n               data-title=\"Lustica_CampingPano_1500t\"\n               data-description=\"\"\n               data-image-slug=\"lustica_campingpano_1500t\"\n               class=\"ngg-fancybox\" rel=\"eac6cb25582a52d3ad067d3114b05868\">\n                <img\n                    title=\"Lustica_CampingPano_1500t\"\n                    alt=\"Lustica_CampingPano_1500t\"\n                    src=\"https:\/\/www.byter.de\/wordpress\/wp-content\/gallery\/balkan-tour-2018-montenegro-1\/thumbs\/thumbs_Lustica_CampingPano_1500t.jpg\"\n                    width=\"100\"\n                    height=\"75\"\n                    style=\"max-width:100%;\"\n                \/>\n            <\/a>\n        <\/div>\n\t\t\t\t\t\t\t<\/div> \n\t\t\t\n\t\t\t\t<div id=\"ngg-image-4\" class=\"ngg-gallery-thumbnail-box \" >\n\t\t\t\t        <div class=\"ngg-gallery-thumbnail\">\n            <a href=\"https:\/\/www.byter.de\/wordpress\/wp-content\/gallery\/balkan-tour-2018-montenegro-1\/KotorBucht_Sonnenspiel_1200t.jpg\"\n               title=\"\"\n               data-src=\"https:\/\/www.byter.de\/wordpress\/wp-content\/gallery\/balkan-tour-2018-montenegro-1\/KotorBucht_Sonnenspiel_1200t.jpg\"\n               data-thumbnail=\"https:\/\/www.byter.de\/wordpress\/wp-content\/gallery\/balkan-tour-2018-montenegro-1\/thumbs\/thumbs_KotorBucht_Sonnenspiel_1200t.jpg\"\n               data-image-id=\"1129\"\n               data-title=\"KotorBucht_Sonnenspiel_1200t\"\n               data-description=\"\"\n               data-image-slug=\"kotorbucht_sonnenspiel_1200t\"\n               class=\"ngg-fancybox\" rel=\"eac6cb25582a52d3ad067d3114b05868\">\n                <img\n                    title=\"KotorBucht_Sonnenspiel_1200t\"\n                    alt=\"KotorBucht_Sonnenspiel_1200t\"\n                    src=\"https:\/\/www.byter.de\/wordpress\/wp-content\/gallery\/balkan-tour-2018-montenegro-1\/thumbs\/thumbs_KotorBucht_Sonnenspiel_1200t.jpg\"\n                    width=\"100\"\n                    height=\"75\"\n                    style=\"max-width:100%;\"\n                \/>\n            <\/a>\n        <\/div>\n\t\t\t\t\t\t\t<\/div> \n\t\t\t\n\t\t\t\t<div id=\"ngg-image-5\" class=\"ngg-gallery-thumbnail-box \" >\n\t\t\t\t        <div class=\"ngg-gallery-thumbnail\">\n            <a href=\"https:\/\/www.byter.de\/wordpress\/wp-content\/gallery\/balkan-tour-2018-montenegro-1\/Kotor_Kirche1_1000hT.jpg\"\n               title=\"\"\n               data-src=\"https:\/\/www.byter.de\/wordpress\/wp-content\/gallery\/balkan-tour-2018-montenegro-1\/Kotor_Kirche1_1000hT.jpg\"\n               data-thumbnail=\"https:\/\/www.byter.de\/wordpress\/wp-content\/gallery\/balkan-tour-2018-montenegro-1\/thumbs\/thumbs_Kotor_Kirche1_1000hT.jpg\"\n               data-image-id=\"1126\"\n               data-title=\"Kotor_Kirche1_1000hT\"\n               data-description=\"\"\n               data-image-slug=\"kotor_kirche1_1000ht\"\n               class=\"ngg-fancybox\" rel=\"eac6cb25582a52d3ad067d3114b05868\">\n                <img\n                    title=\"Kotor_Kirche1_1000hT\"\n                    alt=\"Kotor_Kirche1_1000hT\"\n                    src=\"https:\/\/www.byter.de\/wordpress\/wp-content\/gallery\/balkan-tour-2018-montenegro-1\/thumbs\/thumbs_Kotor_Kirche1_1000hT.jpg\"\n                    width=\"100\"\n                    height=\"75\"\n                    style=\"max-width:100%;\"\n                \/>\n            <\/a>\n        <\/div>\n\t\t\t\t\t\t\t<\/div> \n\t\t\t\n\t\t\t\t<div id=\"ngg-image-6\" class=\"ngg-gallery-thumbnail-box \" >\n\t\t\t\t        <div class=\"ngg-gallery-thumbnail\">\n            <a href=\"https:\/\/www.byter.de\/wordpress\/wp-content\/gallery\/balkan-tour-2018-montenegro-1\/Kotor_Gasse1_1000hT.jpg\"\n               title=\"\"\n               data-src=\"https:\/\/www.byter.de\/wordpress\/wp-content\/gallery\/balkan-tour-2018-montenegro-1\/Kotor_Gasse1_1000hT.jpg\"\n               data-thumbnail=\"https:\/\/www.byter.de\/wordpress\/wp-content\/gallery\/balkan-tour-2018-montenegro-1\/thumbs\/thumbs_Kotor_Gasse1_1000hT.jpg\"\n               data-image-id=\"1125\"\n               data-title=\"Kotor_Gasse1_1000hT\"\n               data-description=\"\"\n               data-image-slug=\"kotor_gasse1_1000ht\"\n               class=\"ngg-fancybox\" rel=\"eac6cb25582a52d3ad067d3114b05868\">\n                <img\n                    title=\"Kotor_Gasse1_1000hT\"\n                    alt=\"Kotor_Gasse1_1000hT\"\n                    src=\"https:\/\/www.byter.de\/wordpress\/wp-content\/gallery\/balkan-tour-2018-montenegro-1\/thumbs\/thumbs_Kotor_Gasse1_1000hT.jpg\"\n                    width=\"100\"\n                    height=\"75\"\n                    style=\"max-width:100%;\"\n                \/>\n            <\/a>\n        <\/div>\n\t\t\t\t\t\t\t<\/div> \n\t\t\t\n\t\t\t\t<div id=\"ngg-image-7\" class=\"ngg-gallery-thumbnail-box \" >\n\t\t\t\t        <div class=\"ngg-gallery-thumbnail\">\n            <a href=\"https:\/\/www.byter.de\/wordpress\/wp-content\/gallery\/balkan-tour-2018-montenegro-1\/KotorBucht_Insel2_1200t.jpg\"\n               title=\"\"\n               data-src=\"https:\/\/www.byter.de\/wordpress\/wp-content\/gallery\/balkan-tour-2018-montenegro-1\/KotorBucht_Insel2_1200t.jpg\"\n               data-thumbnail=\"https:\/\/www.byter.de\/wordpress\/wp-content\/gallery\/balkan-tour-2018-montenegro-1\/thumbs\/thumbs_KotorBucht_Insel2_1200t.jpg\"\n               data-image-id=\"1128\"\n               data-title=\"KotorBucht_Insel2_1200t\"\n               data-description=\"\"\n               data-image-slug=\"kotorbucht_insel2_1200t\"\n               class=\"ngg-fancybox\" rel=\"eac6cb25582a52d3ad067d3114b05868\">\n                <img\n                    title=\"KotorBucht_Insel2_1200t\"\n                    alt=\"KotorBucht_Insel2_1200t\"\n                    src=\"https:\/\/www.byter.de\/wordpress\/wp-content\/gallery\/balkan-tour-2018-montenegro-1\/thumbs\/thumbs_KotorBucht_Insel2_1200t.jpg\"\n                    width=\"100\"\n                    height=\"75\"\n                    style=\"max-width:100%;\"\n                \/>\n            <\/a>\n        <\/div>\n\t\t\t\t\t\t\t<\/div> \n\t\t\t\n\t\t\t\t<div id=\"ngg-image-8\" class=\"ngg-gallery-thumbnail-box \" >\n\t\t\t\t        <div class=\"ngg-gallery-thumbnail\">\n            <a href=\"https:\/\/www.byter.de\/wordpress\/wp-content\/gallery\/balkan-tour-2018-montenegro-1\/Durmitor_Pano1_1500T.jpg\"\n               title=\"\"\n               data-src=\"https:\/\/www.byter.de\/wordpress\/wp-content\/gallery\/balkan-tour-2018-montenegro-1\/Durmitor_Pano1_1500T.jpg\"\n               data-thumbnail=\"https:\/\/www.byter.de\/wordpress\/wp-content\/gallery\/balkan-tour-2018-montenegro-1\/thumbs\/thumbs_Durmitor_Pano1_1500T.jpg\"\n               data-image-id=\"1132\"\n               data-title=\"Durmitor_Pano1_1500T\"\n               data-description=\"\"\n               data-image-slug=\"durmitor_pano1_1500t\"\n               class=\"ngg-fancybox\" rel=\"eac6cb25582a52d3ad067d3114b05868\">\n                <img\n                    title=\"Durmitor_Pano1_1500T\"\n                    alt=\"Durmitor_Pano1_1500T\"\n                    src=\"https:\/\/www.byter.de\/wordpress\/wp-content\/gallery\/balkan-tour-2018-montenegro-1\/thumbs\/thumbs_Durmitor_Pano1_1500T.jpg\"\n                    width=\"100\"\n                    height=\"75\"\n                    style=\"max-width:100%;\"\n                \/>\n            <\/a>\n        <\/div>\n\t\t\t\t\t\t\t<\/div> \n\t\t\t\n\t\t\t\t<div id=\"ngg-image-9\" class=\"ngg-gallery-thumbnail-box \" >\n\t\t\t\t        <div class=\"ngg-gallery-thumbnail\">\n            <a href=\"https:\/\/www.byter.de\/wordpress\/wp-content\/gallery\/balkan-tour-2018-montenegro-1\/Kloster_Ostrog1_1000hT.jpg\"\n               title=\"\"\n               data-src=\"https:\/\/www.byter.de\/wordpress\/wp-content\/gallery\/balkan-tour-2018-montenegro-1\/Kloster_Ostrog1_1000hT.jpg\"\n               data-thumbnail=\"https:\/\/www.byter.de\/wordpress\/wp-content\/gallery\/balkan-tour-2018-montenegro-1\/thumbs\/thumbs_Kloster_Ostrog1_1000hT.jpg\"\n               data-image-id=\"1176\"\n               data-title=\"Kloster_Ostrog1_1000hT\"\n               data-description=\"\"\n               data-image-slug=\"kloster_ostrog1_1000ht\"\n               class=\"ngg-fancybox\" rel=\"eac6cb25582a52d3ad067d3114b05868\">\n                <img\n                    title=\"Kloster_Ostrog1_1000hT\"\n                    alt=\"Kloster_Ostrog1_1000hT\"\n                    src=\"https:\/\/www.byter.de\/wordpress\/wp-content\/gallery\/balkan-tour-2018-montenegro-1\/thumbs\/thumbs_Kloster_Ostrog1_1000hT.jpg\"\n                    width=\"100\"\n                    height=\"75\"\n                    style=\"max-width:100%;\"\n                \/>\n            <\/a>\n        <\/div>\n\t\t\t\t\t\t\t<\/div> \n\t\t\t\n\t\n\t<br style=\"clear: both\" \/>\n\n\t\n\t\t<!-- Pagination -->\n\t<div class='ngg-clear'><\/div>\t<\/div>\n<\/p>\n<p>Im <em>Durmitor<\/em>-Nationalpark angekommen mussten wir schnell feststellen, dass wir doch noch etwas fr\u00fch im Jahr unterwegs waren.&nbsp; Die geplante Fahrt quer durch das Gebirge auf einer kleinen Panorama-Stra\u00dfe war schnell vorbei &#8211; die Stra\u00dfe war durch eine Schneelawine seit Wochen gesperrt. Also \u00e4nderten wir unsere Pl\u00e4ne und schwenkten auf die erste Offroad-Strecke ein, die uns \u00fcber gut 30km Piste ans Ufer des wundersch\u00f6nen Flusses <em>Tara<\/em> bringen sollte. Hier kamen wir das erste mal richtig ins Schwitzen, denn die eigentlich relativ gut fahrbare Tour war einfach nicht f\u00fcr unsere H\u00f6he gedacht &#8211; immer wieder mussten wir anhalten, um \u00c4ste auf dem Weg zu schneiden und grobes Gestr\u00fcpp von der Piste zu r\u00e4umen. Irgendwann kamen wir aber tats\u00e4chlich unten an und verbrachten eine wunderbare Nacht in v\u00f6lliger Einsamkeit am Ufer der <em>Tara<\/em>.<\/p>\n<p>Nach dem R\u00fcckweg am n\u00e4chsten Tag (der um einiges schneller ging, jetzt wo alles freiger\u00e4umt war \ud83d\ude09 ) entschieden wir uns f\u00fcr eine Wanderung am <em>\u0160kr\u010dko Jezero<\/em>, einem idyllischen Bergsee mit etlichen gut erschlossenen Rundwegen. Auch hier machte sich die Jahreszeit bemerkbar &#8211; aufgrund der Schneeschmelze mussten wir etliche B\u00e4che und Wasserf\u00e4lle durchqueren &#8211; trockenen Fu\u00dfes unm\u00f6glich. Das musste auch eine Gruppe Japaner einsehen, mit der wir letztlich viel Spa\u00df hatten, alle Hindernisse feuchtfr\u00f6hlich zu \u00fcberwinden \ud83d\ude42<\/p>\n<p><img decoding=\"async\" loading=\"lazy\" class=\"aligncenter size-full wp-image-2399\" src=\"https:\/\/www.byter.de\/wordpress\/wp-content\/uploads\/2019\/01\/GebirgeOffr500.jpg\" alt=\"\" width=\"500\" height=\"299\" srcset=\"https:\/\/www.byter.de\/wordpress\/wp-content\/uploads\/2019\/01\/GebirgeOffr500.jpg 500w, https:\/\/www.byter.de\/wordpress\/wp-content\/uploads\/2019\/01\/GebirgeOffr500-300x179.jpg 300w\" sizes=\"(max-width: 500px) 100vw, 500px\" \/><\/p>\n<p>Auch unsere n\u00e4chste geplante Offroad-Strecke &#8211; eine gut 60km lange Tour zwischen <em>Zabljak<\/em> und <em>Mojkovac<\/em> &#8211; mussten wir nach gut 30km abbrechen, weil ein Schneefeld uns die Weiterfahrt unm\u00f6glich machte. Wir kamen wieder m\u00e4chtig ins Schwitzen, da ein Umdrehen auf der engen und steilen Schotterpiste nicht m\u00f6glich war. So waren wir gezwungen, die Offroad-Piste ein gutes St\u00fcck r\u00fcckw\u00e4rts zu fahren. Feuertaufe f\u00fcr unser Tr\u00fcmmerchen sozusagen \ud83d\ude09&nbsp;&nbsp;&nbsp; Ein paar Einheimische auf Quads bestaunten das Spektakel und zollten uns Respekt, dass wir \u00fcberhaupt mit unserem Gef\u00e4hrt bis hierher gekommen waren&#8230;<\/p>\n<p style=\"text-align: center;\"><!-- default-view.php -->\n<div\n\tclass=\"ngg-galleryoverview default-view \"\n\tid=\"ngg-gallery-e9a7c067ad5a24d169e0793e12f1518b-1\">\n\n\t\t<!-- Thumbnails -->\n\t\t\t\t<div id=\"ngg-image-0\" class=\"ngg-gallery-thumbnail-box \" >\n\t\t\t\t        <div class=\"ngg-gallery-thumbnail\">\n            <a href=\"https:\/\/www.byter.de\/wordpress\/wp-content\/gallery\/balkan-tour-2018-montenegro-2\/Durmitor_NP1_1200T.jpg\"\n               title=\"Im Durmitor-Gebirge\"\n               data-src=\"https:\/\/www.byter.de\/wordpress\/wp-content\/gallery\/balkan-tour-2018-montenegro-2\/Durmitor_NP1_1200T.jpg\"\n               data-thumbnail=\"https:\/\/www.byter.de\/wordpress\/wp-content\/gallery\/balkan-tour-2018-montenegro-2\/thumbs\/thumbs_Durmitor_NP1_1200T.jpg\"\n               data-image-id=\"1145\"\n               data-title=\"Durmitor_NP1_1200T\"\n               data-description=\"Im Durmitor-Gebirge\"\n               data-image-slug=\"durmitor_np1_1200t\"\n               class=\"ngg-fancybox\" rel=\"e9a7c067ad5a24d169e0793e12f1518b\">\n                <img\n                    title=\"Durmitor_NP1_1200T\"\n                    alt=\"Durmitor_NP1_1200T\"\n                    src=\"https:\/\/www.byter.de\/wordpress\/wp-content\/gallery\/balkan-tour-2018-montenegro-2\/thumbs\/thumbs_Durmitor_NP1_1200T.jpg\"\n                    width=\"100\"\n                    height=\"75\"\n                    style=\"max-width:100%;\"\n                \/>\n            <\/a>\n        <\/div>\n\t\t\t\t\t\t\t<\/div> \n\t\t\t\n\t\t\t\t<div id=\"ngg-image-1\" class=\"ngg-gallery-thumbnail-box \" >\n\t\t\t\t        <div class=\"ngg-gallery-thumbnail\">\n            <a href=\"https:\/\/www.byter.de\/wordpress\/wp-content\/gallery\/balkan-tour-2018-montenegro-2\/Offroad_Gebirge_Pano2_1500T.jpg\"\n               title=\"Ausblick auf dem Weg zur Tara\"\n               data-src=\"https:\/\/www.byter.de\/wordpress\/wp-content\/gallery\/balkan-tour-2018-montenegro-2\/Offroad_Gebirge_Pano2_1500T.jpg\"\n               data-thumbnail=\"https:\/\/www.byter.de\/wordpress\/wp-content\/gallery\/balkan-tour-2018-montenegro-2\/thumbs\/thumbs_Offroad_Gebirge_Pano2_1500T.jpg\"\n               data-image-id=\"1170\"\n               data-title=\"Offroad_Gebirge_Pano2_1500T\"\n               data-description=\"Ausblick auf dem Weg zur Tara\"\n               data-image-slug=\"offroad_gebirge_pano2_1500t\"\n               class=\"ngg-fancybox\" rel=\"e9a7c067ad5a24d169e0793e12f1518b\">\n                <img\n                    title=\"Offroad_Gebirge_Pano2_1500T\"\n                    alt=\"Offroad_Gebirge_Pano2_1500T\"\n                    src=\"https:\/\/www.byter.de\/wordpress\/wp-content\/gallery\/balkan-tour-2018-montenegro-2\/thumbs\/thumbs_Offroad_Gebirge_Pano2_1500T.jpg\"\n                    width=\"100\"\n                    height=\"75\"\n                    style=\"max-width:100%;\"\n                \/>\n            <\/a>\n        <\/div>\n\t\t\t\t\t\t\t<\/div> \n\t\t\t\n\t\t\t\t<div id=\"ngg-image-2\" class=\"ngg-gallery-thumbnail-box \" >\n\t\t\t\t        <div class=\"ngg-gallery-thumbnail\">\n            <a href=\"https:\/\/www.byter.de\/wordpress\/wp-content\/gallery\/balkan-tour-2018-montenegro-2\/Offroad_Tara_Pano1_1500T.jpg\"\n               title=\"Camping an der wilden Tara\"\n               data-src=\"https:\/\/www.byter.de\/wordpress\/wp-content\/gallery\/balkan-tour-2018-montenegro-2\/Offroad_Tara_Pano1_1500T.jpg\"\n               data-thumbnail=\"https:\/\/www.byter.de\/wordpress\/wp-content\/gallery\/balkan-tour-2018-montenegro-2\/thumbs\/thumbs_Offroad_Tara_Pano1_1500T.jpg\"\n               data-image-id=\"1148\"\n               data-title=\"Offroad_Tara_Pano1_1500T\"\n               data-description=\"Camping an der wilden Tara\"\n               data-image-slug=\"offroad_tara_pano1_1500t\"\n               class=\"ngg-fancybox\" rel=\"e9a7c067ad5a24d169e0793e12f1518b\">\n                <img\n                    title=\"Offroad_Tara_Pano1_1500T\"\n                    alt=\"Offroad_Tara_Pano1_1500T\"\n                    src=\"https:\/\/www.byter.de\/wordpress\/wp-content\/gallery\/balkan-tour-2018-montenegro-2\/thumbs\/thumbs_Offroad_Tara_Pano1_1500T.jpg\"\n                    width=\"100\"\n                    height=\"75\"\n                    style=\"max-width:100%;\"\n                \/>\n            <\/a>\n        <\/div>\n\t\t\t\t\t\t\t<\/div> \n\t\t\t\n\t\t\t\t<div id=\"ngg-image-3\" class=\"ngg-gallery-thumbnail-box \" >\n\t\t\t\t        <div class=\"ngg-gallery-thumbnail\">\n            <a href=\"https:\/\/www.byter.de\/wordpress\/wp-content\/gallery\/balkan-tour-2018-montenegro-2\/Montenegro_Hinterland_Pano1_1500T.jpg\"\n               title=\"Offroad im Hinterland\"\n               data-src=\"https:\/\/www.byter.de\/wordpress\/wp-content\/gallery\/balkan-tour-2018-montenegro-2\/Montenegro_Hinterland_Pano1_1500T.jpg\"\n               data-thumbnail=\"https:\/\/www.byter.de\/wordpress\/wp-content\/gallery\/balkan-tour-2018-montenegro-2\/thumbs\/thumbs_Montenegro_Hinterland_Pano1_1500T.jpg\"\n               data-image-id=\"1147\"\n               data-title=\"Montenegro_Hinterland_Pano1_1500T\"\n               data-description=\"Offroad im Hinterland\"\n               data-image-slug=\"montenegro_hinterland_pano1_1500t\"\n               class=\"ngg-fancybox\" rel=\"e9a7c067ad5a24d169e0793e12f1518b\">\n                <img\n                    title=\"Montenegro_Hinterland_Pano1_1500T\"\n                    alt=\"Montenegro_Hinterland_Pano1_1500T\"\n                    src=\"https:\/\/www.byter.de\/wordpress\/wp-content\/gallery\/balkan-tour-2018-montenegro-2\/thumbs\/thumbs_Montenegro_Hinterland_Pano1_1500T.jpg\"\n                    width=\"100\"\n                    height=\"75\"\n                    style=\"max-width:100%;\"\n                \/>\n            <\/a>\n        <\/div>\n\t\t\t\t\t\t\t<\/div> \n\t\t\t\n\t\t\t\t<div id=\"ngg-image-4\" class=\"ngg-gallery-thumbnail-box \" >\n\t\t\t\t        <div class=\"ngg-gallery-thumbnail\">\n            <a href=\"https:\/\/www.byter.de\/wordpress\/wp-content\/gallery\/balkan-tour-2018-montenegro-2\/Montenegro_BergeOffroad_Pano1_1500T.jpg\"\n               title=\"Erste Bew\u00e4hrungsprobe f\u00fcr Tr\u00fcmmerchen...\"\n               data-src=\"https:\/\/www.byter.de\/wordpress\/wp-content\/gallery\/balkan-tour-2018-montenegro-2\/Montenegro_BergeOffroad_Pano1_1500T.jpg\"\n               data-thumbnail=\"https:\/\/www.byter.de\/wordpress\/wp-content\/gallery\/balkan-tour-2018-montenegro-2\/thumbs\/thumbs_Montenegro_BergeOffroad_Pano1_1500T.jpg\"\n               data-image-id=\"1159\"\n               data-title=\"Montenegro_BergeOffroad_Pano1_1500T\"\n               data-description=\"Erste Bew\u00e4hrungsprobe f\u00fcr Tr\u00fcmmerchen...\"\n               data-image-slug=\"montenegro_bergeoffroad_pano1_1500t\"\n               class=\"ngg-fancybox\" rel=\"e9a7c067ad5a24d169e0793e12f1518b\">\n                <img\n                    title=\"Montenegro_BergeOffroad_Pano1_1500T\"\n                    alt=\"Montenegro_BergeOffroad_Pano1_1500T\"\n                    src=\"https:\/\/www.byter.de\/wordpress\/wp-content\/gallery\/balkan-tour-2018-montenegro-2\/thumbs\/thumbs_Montenegro_BergeOffroad_Pano1_1500T.jpg\"\n                    width=\"100\"\n                    height=\"75\"\n                    style=\"max-width:100%;\"\n                \/>\n            <\/a>\n        <\/div>\n\t\t\t\t\t\t\t<\/div> \n\t\t\t\n\t\t\t\t<div id=\"ngg-image-5\" class=\"ngg-gallery-thumbnail-box \" >\n\t\t\t\t        <div class=\"ngg-gallery-thumbnail\">\n            <a href=\"https:\/\/www.byter.de\/wordpress\/wp-content\/gallery\/balkan-tour-2018-montenegro-2\/Schneestop_Pano1_1500T.jpg\"\n               title=\"Feierabend - nach 30km war Schluss\"\n               data-src=\"https:\/\/www.byter.de\/wordpress\/wp-content\/gallery\/balkan-tour-2018-montenegro-2\/Schneestop_Pano1_1500T.jpg\"\n               data-thumbnail=\"https:\/\/www.byter.de\/wordpress\/wp-content\/gallery\/balkan-tour-2018-montenegro-2\/thumbs\/thumbs_Schneestop_Pano1_1500T.jpg\"\n               data-image-id=\"1149\"\n               data-title=\"Schneestop_Pano1_1500T\"\n               data-description=\"Feierabend - nach 30km war Schluss\"\n               data-image-slug=\"schneestop_pano1_1500t\"\n               class=\"ngg-fancybox\" rel=\"e9a7c067ad5a24d169e0793e12f1518b\">\n                <img\n                    title=\"Schneestop_Pano1_1500T\"\n                    alt=\"Schneestop_Pano1_1500T\"\n                    src=\"https:\/\/www.byter.de\/wordpress\/wp-content\/gallery\/balkan-tour-2018-montenegro-2\/thumbs\/thumbs_Schneestop_Pano1_1500T.jpg\"\n                    width=\"100\"\n                    height=\"75\"\n                    style=\"max-width:100%;\"\n                \/>\n            <\/a>\n        <\/div>\n\t\t\t\t\t\t\t<\/div> \n\t\t\t\n\t\t\t\t<div id=\"ngg-image-6\" class=\"ngg-gallery-thumbnail-box \" >\n\t\t\t\t        <div class=\"ngg-gallery-thumbnail\">\n            <a href=\"https:\/\/www.byter.de\/wordpress\/wp-content\/gallery\/balkan-tour-2018-montenegro-2\/Wanderung_Wasserfall_1200T.jpg\"\n               title=\"Spa\u00df beim Wandern - ab durch die Wasserf\u00e4lle :)\"\n               data-src=\"https:\/\/www.byter.de\/wordpress\/wp-content\/gallery\/balkan-tour-2018-montenegro-2\/Wanderung_Wasserfall_1200T.jpg\"\n               data-thumbnail=\"https:\/\/www.byter.de\/wordpress\/wp-content\/gallery\/balkan-tour-2018-montenegro-2\/thumbs\/thumbs_Wanderung_Wasserfall_1200T.jpg\"\n               data-image-id=\"1175\"\n               data-title=\"Wanderung_Wasserfall_1200T\"\n               data-description=\"Spa\u00df beim Wandern - ab durch die Wasserf\u00e4lle :)\"\n               data-image-slug=\"wanderung_wasserfall_1200t\"\n               class=\"ngg-fancybox\" rel=\"e9a7c067ad5a24d169e0793e12f1518b\">\n                <img\n                    title=\"Wanderung_Wasserfall_1200T\"\n                    alt=\"Wanderung_Wasserfall_1200T\"\n                    src=\"https:\/\/www.byter.de\/wordpress\/wp-content\/gallery\/balkan-tour-2018-montenegro-2\/thumbs\/thumbs_Wanderung_Wasserfall_1200T.jpg\"\n                    width=\"100\"\n                    height=\"75\"\n                    style=\"max-width:100%;\"\n                \/>\n            <\/a>\n        <\/div>\n\t\t\t\t\t\t\t<\/div> \n\t\t\t\n\t\t\t\t<div id=\"ngg-image-7\" class=\"ngg-gallery-thumbnail-box \" >\n\t\t\t\t        <div class=\"ngg-gallery-thumbnail\">\n            <a href=\"https:\/\/www.byter.de\/wordpress\/wp-content\/gallery\/balkan-tour-2018-montenegro-2\/Offroad_Gebirge_Pano3_1500T.jpg\"\n               title=\"Unterwegs im Hinterland von Montenegro\"\n               data-src=\"https:\/\/www.byter.de\/wordpress\/wp-content\/gallery\/balkan-tour-2018-montenegro-2\/Offroad_Gebirge_Pano3_1500T.jpg\"\n               data-thumbnail=\"https:\/\/www.byter.de\/wordpress\/wp-content\/gallery\/balkan-tour-2018-montenegro-2\/thumbs\/thumbs_Offroad_Gebirge_Pano3_1500T.jpg\"\n               data-image-id=\"1171\"\n               data-title=\"Offroad_Gebirge_Pano3_1500T\"\n               data-description=\"Unterwegs im Hinterland von Montenegro\"\n               data-image-slug=\"offroad_gebirge_pano3_1500t\"\n               class=\"ngg-fancybox\" rel=\"e9a7c067ad5a24d169e0793e12f1518b\">\n                <img\n                    title=\"Offroad_Gebirge_Pano3_1500T\"\n                    alt=\"Offroad_Gebirge_Pano3_1500T\"\n                    src=\"https:\/\/www.byter.de\/wordpress\/wp-content\/gallery\/balkan-tour-2018-montenegro-2\/thumbs\/thumbs_Offroad_Gebirge_Pano3_1500T.jpg\"\n                    width=\"100\"\n                    height=\"75\"\n                    style=\"max-width:100%;\"\n                \/>\n            <\/a>\n        <\/div>\n\t\t\t\t\t\t\t<\/div> \n\t\t\t\n\t\t\t\t<div id=\"ngg-image-8\" class=\"ngg-gallery-thumbnail-box \" >\n\t\t\t\t        <div class=\"ngg-gallery-thumbnail\">\n            <a href=\"https:\/\/www.byter.de\/wordpress\/wp-content\/gallery\/balkan-tour-2018-montenegro-2\/Montenegro_BergeOffroad2_1000hT.jpg\"\n               title=\"Buckelpiste\"\n               data-src=\"https:\/\/www.byter.de\/wordpress\/wp-content\/gallery\/balkan-tour-2018-montenegro-2\/Montenegro_BergeOffroad2_1000hT.jpg\"\n               data-thumbnail=\"https:\/\/www.byter.de\/wordpress\/wp-content\/gallery\/balkan-tour-2018-montenegro-2\/thumbs\/thumbs_Montenegro_BergeOffroad2_1000hT.jpg\"\n               data-image-id=\"1162\"\n               data-title=\"Montenegro_BergeOffroad2_1000hT\"\n               data-description=\"Buckelpiste\"\n               data-image-slug=\"montenegro_bergeoffroad2_1000ht\"\n               class=\"ngg-fancybox\" rel=\"e9a7c067ad5a24d169e0793e12f1518b\">\n                <img\n                    title=\"Montenegro_BergeOffroad2_1000hT\"\n                    alt=\"Montenegro_BergeOffroad2_1000hT\"\n                    src=\"https:\/\/www.byter.de\/wordpress\/wp-content\/gallery\/balkan-tour-2018-montenegro-2\/thumbs\/thumbs_Montenegro_BergeOffroad2_1000hT.jpg\"\n                    width=\"100\"\n                    height=\"75\"\n                    style=\"max-width:100%;\"\n                \/>\n            <\/a>\n        <\/div>\n\t\t\t\t\t\t\t<\/div> \n\t\t\t\n\t\t\t\t<div id=\"ngg-image-9\" class=\"ngg-gallery-thumbnail-box \" >\n\t\t\t\t        <div class=\"ngg-gallery-thumbnail\">\n            <a href=\"https:\/\/www.byter.de\/wordpress\/wp-content\/gallery\/balkan-tour-2018-montenegro-2\/Montenegro_BergeOffroad_Pano2Schnee_1500T.jpg\"\n               title=\"Und wieder Feierabend...\"\n               data-src=\"https:\/\/www.byter.de\/wordpress\/wp-content\/gallery\/balkan-tour-2018-montenegro-2\/Montenegro_BergeOffroad_Pano2Schnee_1500T.jpg\"\n               data-thumbnail=\"https:\/\/www.byter.de\/wordpress\/wp-content\/gallery\/balkan-tour-2018-montenegro-2\/thumbs\/thumbs_Montenegro_BergeOffroad_Pano2Schnee_1500T.jpg\"\n               data-image-id=\"1160\"\n               data-title=\"Montenegro_BergeOffroad_Pano2Schnee_1500T\"\n               data-description=\"Und wieder Feierabend...\"\n               data-image-slug=\"montenegro_bergeoffroad_pano2schnee_1500t\"\n               class=\"ngg-fancybox\" rel=\"e9a7c067ad5a24d169e0793e12f1518b\">\n                <img\n                    title=\"Montenegro_BergeOffroad_Pano2Schnee_1500T\"\n                    alt=\"Montenegro_BergeOffroad_Pano2Schnee_1500T\"\n                    src=\"https:\/\/www.byter.de\/wordpress\/wp-content\/gallery\/balkan-tour-2018-montenegro-2\/thumbs\/thumbs_Montenegro_BergeOffroad_Pano2Schnee_1500T.jpg\"\n                    width=\"100\"\n                    height=\"75\"\n                    style=\"max-width:100%;\"\n                \/>\n            <\/a>\n        <\/div>\n\t\t\t\t\t\t\t<\/div> \n\t\t\t\n\t\t\t\t<div id=\"ngg-image-10\" class=\"ngg-gallery-thumbnail-box \" >\n\t\t\t\t        <div class=\"ngg-gallery-thumbnail\">\n            <a href=\"https:\/\/www.byter.de\/wordpress\/wp-content\/gallery\/balkan-tour-2018-montenegro-2\/Montenegro_KuestenPano1_1500T.jpg\"\n               title=\"\"\n               data-src=\"https:\/\/www.byter.de\/wordpress\/wp-content\/gallery\/balkan-tour-2018-montenegro-2\/Montenegro_KuestenPano1_1500T.jpg\"\n               data-thumbnail=\"https:\/\/www.byter.de\/wordpress\/wp-content\/gallery\/balkan-tour-2018-montenegro-2\/thumbs\/thumbs_Montenegro_KuestenPano1_1500T.jpg\"\n               data-image-id=\"1185\"\n               data-title=\"Montenegro_KuestenPano1_1500T\"\n               data-description=\"\"\n               data-image-slug=\"montenegro_kuestenpano1_1500t\"\n               class=\"ngg-fancybox\" rel=\"e9a7c067ad5a24d169e0793e12f1518b\">\n                <img\n                    title=\"Montenegro_KuestenPano1_1500T\"\n                    alt=\"Montenegro_KuestenPano1_1500T\"\n                    src=\"https:\/\/www.byter.de\/wordpress\/wp-content\/gallery\/balkan-tour-2018-montenegro-2\/thumbs\/thumbs_Montenegro_KuestenPano1_1500T.jpg\"\n                    width=\"100\"\n                    height=\"75\"\n                    style=\"max-width:100%;\"\n                \/>\n            <\/a>\n        <\/div>\n\t\t\t\t\t\t\t<\/div> \n\t\t\t\n\t\n\t<br style=\"clear: both\" \/>\n\n\t\n\t\t<!-- Pagination -->\n\t<div class='ngg-clear'><\/div>\t<\/div>\n<\/p>\n<p>Uns blieb also nicht viel &#8211; wir mussten die Tour abbrechen. Da wir aber mittlerweile im &#8222;Offroad-Modus&#8220; waren hatten wir noch keine Lust zur\u00fcck in die Zivilisation zu fahren und entschieden, die n\u00e4chste Offroad-Strecke zu wagen. Die zuvor recherchierte Strecke trug den netten Namen &#8222;Almpanorama&#8220; und zog sich gute 65km durch die Berge, vorbei an einsamen Bergd\u00f6rfern (die meist nur aus 3-4 H\u00fctten bestanden) und immer wieder mit herrlichen Fernblicken, auch wenn das Wetter leider nicht ganz mitspielte.&nbsp;<\/p>\n<p style=\"text-align: center;\"><img decoding=\"async\" loading=\"lazy\" class=\"aligncenter size-full wp-image-2401\" src=\"https:\/\/www.byter.de\/wordpress\/wp-content\/uploads\/2019\/01\/LagerfeuerMontenegro_500.jpg\" alt=\"\" width=\"500\" height=\"375\" srcset=\"https:\/\/www.byter.de\/wordpress\/wp-content\/uploads\/2019\/01\/LagerfeuerMontenegro_500.jpg 500w, https:\/\/www.byter.de\/wordpress\/wp-content\/uploads\/2019\/01\/LagerfeuerMontenegro_500-300x225.jpg 300w\" sizes=\"(max-width: 500px) 100vw, 500px\" \/><\/p>\n<p>Unterwegs hielten wir f\u00fcr die Nacht und genossen die Stille bei gem\u00fctlichem Lagerfeuer &#8211; bis das Gewitter \u00fcber uns hereinbrach \ud83d\ude09<\/p>\n<p>Nach der Tour hatten wir dann f\u00fcr\u00b4s Erste genug vom Offroad-Fahren und vor allem genug von der K\u00e4lte in den Bergen und wir sehnten uns nach 28 Grad am Meer. So fanden wir uns dann drei Stunden sp\u00e4ter an der K\u00fcste wieder (die Entfernungen in Montenegro sind zum Gl\u00fcck \u00fcberschaubar), wo wir erst mal zwei Tage Sonne tankten, um anschlie\u00dfend zu einem Abstecher nach Albanien aufzubrechen&#8230;<\/p>\n<p>F\u00fcr eine ausgiebige Erkundung des Landes reichte unsere Zeit nat\u00fcrlich nicht, aber wir wollten zumindest ein wenig albanische Luft schnuppern und schauen, wie uns das Land gef\u00e4llt. Das erste Ziel war die quirlige Stadt <em>Shkodra<\/em> kurz hinter der Grenze. Man merkt sofort hinter der Grenze, dass man hier definitiv Europa verlassen hat &#8211; alles ist lebendiger, chaotischer (Verkehrsregeln? Gibt\u00b4s hier maximal auf dem Papier!) und einen Hauch exotischer. Der Trubel der Stadt wurde uns aber schnell zu viel und so machten wir uns auf Richtung Norden &#8211; Ziel war <em>Vermosh<\/em>, das n\u00f6rdlichste Dorf Albaniens, das abgeschieden zwischen zwei Gebirgsp\u00e4ssen liegt. Noch vor wenigen Jahren war Vermosh ein beliebtes Offroad-Ziel &#8211; leider ist die Strecke mittlerweile asphaltiert, aber noch immer sehr beeindruckend und definitiv eine Reise wert!<\/p>\n<p><img decoding=\"async\" loading=\"lazy\" class=\"aligncenter size-full wp-image-2419\" src=\"https:\/\/www.byter.de\/wordpress\/wp-content\/uploads\/2019\/01\/albanien400h.jpg\" alt=\"\" width=\"384\" height=\"400\" srcset=\"https:\/\/www.byter.de\/wordpress\/wp-content\/uploads\/2019\/01\/albanien400h.jpg 384w, https:\/\/www.byter.de\/wordpress\/wp-content\/uploads\/2019\/01\/albanien400h-288x300.jpg 288w\" sizes=\"(max-width: 384px) 100vw, 384px\" \/><\/p>\n<p>Wir \u00fcbernachteten in <em>Vermosh<\/em> bei einer albanischen Gastfamilie, die einen kleinen Campingplatz im Garten betreibt&#8230; Selten wurden wir so gastfreundlich empfangen (auch wenn die Kommunikation fast nur mit H\u00e4nden und F\u00fc\u00dfen ablief \ud83d\ude09 ) und das Abendessen von &#8222;Mutti&#8220; werden wir wohl lange in Erinnerung behalten. Ebenso wie den abenteuerlichen Grenz\u00fcbergang zur\u00fcck nach Montenegro, den man besser nicht mit einem tiefergelegten PKW angehen sollte&#8230; Der Grenz\u00fcbergang selber ist asphaltiert, aber 300m sp\u00e4ter ist es auch schon vorbei \ud83d\ude09<\/p>\n<p style=\"text-align: center;\"><!-- default-view.php -->\n<div\n\tclass=\"ngg-galleryoverview default-view \"\n\tid=\"ngg-gallery-f593de7aded753e92d31d71fed51aea7-1\">\n\n\t\t<!-- Thumbnails -->\n\t\t\t\t<div id=\"ngg-image-0\" class=\"ngg-gallery-thumbnail-box \" >\n\t\t\t\t        <div class=\"ngg-gallery-thumbnail\">\n            <a href=\"https:\/\/www.byter.de\/wordpress\/wp-content\/gallery\/balkan-tour-2018-albanien\/Montenegro_BergeOffroad1_1200T.jpg\"\n               title=\"Blick auf die Berge Albaniens\"\n               data-src=\"https:\/\/www.byter.de\/wordpress\/wp-content\/gallery\/balkan-tour-2018-albanien\/Montenegro_BergeOffroad1_1200T.jpg\"\n               data-thumbnail=\"https:\/\/www.byter.de\/wordpress\/wp-content\/gallery\/balkan-tour-2018-albanien\/thumbs\/thumbs_Montenegro_BergeOffroad1_1200T.jpg\"\n               data-image-id=\"1183\"\n               data-title=\"Montenegro_BergeOffroad1_1200T\"\n               data-description=\"Blick auf die Berge Albaniens\"\n               data-image-slug=\"montenegro_bergeoffroad1_1200t-1\"\n               class=\"ngg-fancybox\" rel=\"f593de7aded753e92d31d71fed51aea7\">\n                <img\n                    title=\"Montenegro_BergeOffroad1_1200T\"\n                    alt=\"Montenegro_BergeOffroad1_1200T\"\n                    src=\"https:\/\/www.byter.de\/wordpress\/wp-content\/gallery\/balkan-tour-2018-albanien\/thumbs\/thumbs_Montenegro_BergeOffroad1_1200T.jpg\"\n                    width=\"100\"\n                    height=\"75\"\n                    style=\"max-width:100%;\"\n                \/>\n            <\/a>\n        <\/div>\n\t\t\t\t\t\t\t<\/div> \n\t\t\t\n\t\t\t\t<div id=\"ngg-image-1\" class=\"ngg-gallery-thumbnail-box \" >\n\t\t\t\t        <div class=\"ngg-gallery-thumbnail\">\n            <a href=\"https:\/\/www.byter.de\/wordpress\/wp-content\/gallery\/balkan-tour-2018-albanien\/Albanien_Grenze_1000hT.jpg\"\n               title=\"An der albanischen Grenze\"\n               data-src=\"https:\/\/www.byter.de\/wordpress\/wp-content\/gallery\/balkan-tour-2018-albanien\/Albanien_Grenze_1000hT.jpg\"\n               data-thumbnail=\"https:\/\/www.byter.de\/wordpress\/wp-content\/gallery\/balkan-tour-2018-albanien\/thumbs\/thumbs_Albanien_Grenze_1000hT.jpg\"\n               data-image-id=\"1177\"\n               data-title=\"Albanien_Grenze_1000hT\"\n               data-description=\"An der albanischen Grenze\"\n               data-image-slug=\"albanien_grenze_1000ht-1\"\n               class=\"ngg-fancybox\" rel=\"f593de7aded753e92d31d71fed51aea7\">\n                <img\n                    title=\"Albanien_Grenze_1000hT\"\n                    alt=\"Albanien_Grenze_1000hT\"\n                    src=\"https:\/\/www.byter.de\/wordpress\/wp-content\/gallery\/balkan-tour-2018-albanien\/thumbs\/thumbs_Albanien_Grenze_1000hT.jpg\"\n                    width=\"100\"\n                    height=\"75\"\n                    style=\"max-width:100%;\"\n                \/>\n            <\/a>\n        <\/div>\n\t\t\t\t\t\t\t<\/div> \n\t\t\t\n\t\t\t\t<div id=\"ngg-image-2\" class=\"ngg-gallery-thumbnail-box \" >\n\t\t\t\t        <div class=\"ngg-gallery-thumbnail\">\n            <a href=\"https:\/\/www.byter.de\/wordpress\/wp-content\/gallery\/balkan-tour-2018-albanien\/Albanien_VermoshAbfahrt_Pano1500T.jpg\"\n               title=\"Abfahrt ins Tal von Vermosh\"\n               data-src=\"https:\/\/www.byter.de\/wordpress\/wp-content\/gallery\/balkan-tour-2018-albanien\/Albanien_VermoshAbfahrt_Pano1500T.jpg\"\n               data-thumbnail=\"https:\/\/www.byter.de\/wordpress\/wp-content\/gallery\/balkan-tour-2018-albanien\/thumbs\/thumbs_Albanien_VermoshAbfahrt_Pano1500T.jpg\"\n               data-image-id=\"1180\"\n               data-title=\"Albanien_VermoshAbfahrt_Pano1500T\"\n               data-description=\"Abfahrt ins Tal von Vermosh\"\n               data-image-slug=\"albanien_vermoshabfahrt_pano1500t-1\"\n               class=\"ngg-fancybox\" rel=\"f593de7aded753e92d31d71fed51aea7\">\n                <img\n                    title=\"Albanien_VermoshAbfahrt_Pano1500T\"\n                    alt=\"Albanien_VermoshAbfahrt_Pano1500T\"\n                    src=\"https:\/\/www.byter.de\/wordpress\/wp-content\/gallery\/balkan-tour-2018-albanien\/thumbs\/thumbs_Albanien_VermoshAbfahrt_Pano1500T.jpg\"\n                    width=\"100\"\n                    height=\"75\"\n                    style=\"max-width:100%;\"\n                \/>\n            <\/a>\n        <\/div>\n\t\t\t\t\t\t\t<\/div> \n\t\t\t\n\t\t\t\t<div id=\"ngg-image-3\" class=\"ngg-gallery-thumbnail-box \" >\n\t\t\t\t        <div class=\"ngg-gallery-thumbnail\">\n            <a href=\"https:\/\/www.byter.de\/wordpress\/wp-content\/gallery\/balkan-tour-2018-albanien\/Vermosh_AbfahrtPano_1500T.jpg\"\n               title=\"Noch vor wenigen Jahren war dies eine abenteuerliche Offroad-Piste... Leider mittlerweile asphaltiert, aber trotzdem lohnenswert!\"\n               data-src=\"https:\/\/www.byter.de\/wordpress\/wp-content\/gallery\/balkan-tour-2018-albanien\/Vermosh_AbfahrtPano_1500T.jpg\"\n               data-thumbnail=\"https:\/\/www.byter.de\/wordpress\/wp-content\/gallery\/balkan-tour-2018-albanien\/thumbs\/thumbs_Vermosh_AbfahrtPano_1500T.jpg\"\n               data-image-id=\"1184\"\n               data-title=\"Vermosh_AbfahrtPano_1500T\"\n               data-description=\"Noch vor wenigen Jahren war dies eine abenteuerliche Offroad-Piste... Leider mittlerweile asphaltiert, aber trotzdem lohnenswert!\"\n               data-image-slug=\"vermosh_abfahrtpano_1500t-1\"\n               class=\"ngg-fancybox\" rel=\"f593de7aded753e92d31d71fed51aea7\">\n                <img\n                    title=\"Vermosh_AbfahrtPano_1500T\"\n                    alt=\"Vermosh_AbfahrtPano_1500T\"\n                    src=\"https:\/\/www.byter.de\/wordpress\/wp-content\/gallery\/balkan-tour-2018-albanien\/thumbs\/thumbs_Vermosh_AbfahrtPano_1500T.jpg\"\n                    width=\"100\"\n                    height=\"75\"\n                    style=\"max-width:100%;\"\n                \/>\n            <\/a>\n        <\/div>\n\t\t\t\t\t\t\t<\/div> \n\t\t\t\n\t\t\t\t<div id=\"ngg-image-4\" class=\"ngg-gallery-thumbnail-box \" >\n\t\t\t\t        <div class=\"ngg-gallery-thumbnail\">\n            <a href=\"https:\/\/www.byter.de\/wordpress\/wp-content\/gallery\/balkan-tour-2018-albanien\/Albanien_Vermosh_1200T.jpg\"\n               title=\"Im Tal von Vermosh, Albanien\"\n               data-src=\"https:\/\/www.byter.de\/wordpress\/wp-content\/gallery\/balkan-tour-2018-albanien\/Albanien_Vermosh_1200T.jpg\"\n               data-thumbnail=\"https:\/\/www.byter.de\/wordpress\/wp-content\/gallery\/balkan-tour-2018-albanien\/thumbs\/thumbs_Albanien_Vermosh_1200T.jpg\"\n               data-image-id=\"1179\"\n               data-title=\"Albanien_Vermosh_1200T\"\n               data-description=\"Im Tal von Vermosh, Albanien\"\n               data-image-slug=\"albanien_vermosh_1200t-1\"\n               class=\"ngg-fancybox\" rel=\"f593de7aded753e92d31d71fed51aea7\">\n                <img\n                    title=\"Albanien_Vermosh_1200T\"\n                    alt=\"Albanien_Vermosh_1200T\"\n                    src=\"https:\/\/www.byter.de\/wordpress\/wp-content\/gallery\/balkan-tour-2018-albanien\/thumbs\/thumbs_Albanien_Vermosh_1200T.jpg\"\n                    width=\"100\"\n                    height=\"75\"\n                    style=\"max-width:100%;\"\n                \/>\n            <\/a>\n        <\/div>\n\t\t\t\t\t\t\t<\/div> \n\t\t\t\n\t\t\t\t<div id=\"ngg-image-5\" class=\"ngg-gallery-thumbnail-box \" >\n\t\t\t\t        <div class=\"ngg-gallery-thumbnail\">\n            <a href=\"https:\/\/www.byter.de\/wordpress\/wp-content\/gallery\/balkan-tour-2018-albanien\/Albanien_Kirche_1200T.jpg\"\n               title=\"Kirche in Vermosh\"\n               data-src=\"https:\/\/www.byter.de\/wordpress\/wp-content\/gallery\/balkan-tour-2018-albanien\/Albanien_Kirche_1200T.jpg\"\n               data-thumbnail=\"https:\/\/www.byter.de\/wordpress\/wp-content\/gallery\/balkan-tour-2018-albanien\/thumbs\/thumbs_Albanien_Kirche_1200T.jpg\"\n               data-image-id=\"1178\"\n               data-title=\"Albanien_Kirche_1200T\"\n               data-description=\"Kirche in Vermosh\"\n               data-image-slug=\"albanien_kirche_1200t-1\"\n               class=\"ngg-fancybox\" rel=\"f593de7aded753e92d31d71fed51aea7\">\n                <img\n                    title=\"Albanien_Kirche_1200T\"\n                    alt=\"Albanien_Kirche_1200T\"\n                    src=\"https:\/\/www.byter.de\/wordpress\/wp-content\/gallery\/balkan-tour-2018-albanien\/thumbs\/thumbs_Albanien_Kirche_1200T.jpg\"\n                    width=\"100\"\n                    height=\"75\"\n                    style=\"max-width:100%;\"\n                \/>\n            <\/a>\n        <\/div>\n\t\t\t\t\t\t\t<\/div> \n\t\t\t\n\t\t\t\t<div id=\"ngg-image-6\" class=\"ngg-gallery-thumbnail-box \" >\n\t\t\t\t        <div class=\"ngg-gallery-thumbnail\">\n            <a href=\"https:\/\/www.byter.de\/wordpress\/wp-content\/gallery\/balkan-tour-2018-albanien\/Engel_Albanien1_1200T.jpg\"\n               title=\"Christliche Relikte in Albaniens Westen\"\n               data-src=\"https:\/\/www.byter.de\/wordpress\/wp-content\/gallery\/balkan-tour-2018-albanien\/Engel_Albanien1_1200T.jpg\"\n               data-thumbnail=\"https:\/\/www.byter.de\/wordpress\/wp-content\/gallery\/balkan-tour-2018-albanien\/thumbs\/thumbs_Engel_Albanien1_1200T.jpg\"\n               data-image-id=\"1182\"\n               data-title=\"Engel_Albanien1_1200T\"\n               data-description=\"Christliche Relikte in Albaniens Westen\"\n               data-image-slug=\"engel_albanien1_1200t-1\"\n               class=\"ngg-fancybox\" rel=\"f593de7aded753e92d31d71fed51aea7\">\n                <img\n                    title=\"Engel_Albanien1_1200T\"\n                    alt=\"Engel_Albanien1_1200T\"\n                    src=\"https:\/\/www.byter.de\/wordpress\/wp-content\/gallery\/balkan-tour-2018-albanien\/thumbs\/thumbs_Engel_Albanien1_1200T.jpg\"\n                    width=\"100\"\n                    height=\"75\"\n                    style=\"max-width:100%;\"\n                \/>\n            <\/a>\n        <\/div>\n\t\t\t\t\t\t\t<\/div> \n\t\t\t\n\t\t\t\t<div id=\"ngg-image-7\" class=\"ngg-gallery-thumbnail-box \" >\n\t\t\t\t        <div class=\"ngg-gallery-thumbnail\">\n            <a href=\"https:\/\/www.byter.de\/wordpress\/wp-content\/gallery\/balkan-tour-2018-albanien\/Albanien_vorGrenze_1200T.jpg\"\n               title=\"So sieht die Stra\u00dfe 500m vorm offiziellen Grenz\u00fcbergang aus!\"\n               data-src=\"https:\/\/www.byter.de\/wordpress\/wp-content\/gallery\/balkan-tour-2018-albanien\/Albanien_vorGrenze_1200T.jpg\"\n               data-thumbnail=\"https:\/\/www.byter.de\/wordpress\/wp-content\/gallery\/balkan-tour-2018-albanien\/thumbs\/thumbs_Albanien_vorGrenze_1200T.jpg\"\n               data-image-id=\"1181\"\n               data-title=\"Albanien_vorGrenze_1200T\"\n               data-description=\"So sieht die Stra\u00dfe 500m vorm offiziellen Grenz\u00fcbergang aus!\"\n               data-image-slug=\"albanien_vorgrenze_1200t-1\"\n               class=\"ngg-fancybox\" rel=\"f593de7aded753e92d31d71fed51aea7\">\n                <img\n                    title=\"Albanien_vorGrenze_1200T\"\n                    alt=\"Albanien_vorGrenze_1200T\"\n                    src=\"https:\/\/www.byter.de\/wordpress\/wp-content\/gallery\/balkan-tour-2018-albanien\/thumbs\/thumbs_Albanien_vorGrenze_1200T.jpg\"\n                    width=\"100\"\n                    height=\"75\"\n                    style=\"max-width:100%;\"\n                \/>\n            <\/a>\n        <\/div>\n\t\t\t\t\t\t\t<\/div> \n\t\t\t\n\t\n\t<br style=\"clear: both\" \/>\n\n\t\n\t\t<!-- Pagination -->\n\t<div class='ngg-clear'><\/div>\t<\/div>\n<\/p>\n<p>Zur\u00fcck in Montenegro erkundeten wir anschlie\u00dfend den <em>Skutarisee<\/em>, den gr\u00f6\u00dften See des Balkans. Am S\u00fcdufer schl\u00e4ngelt sich eine schmale Piste an kleinen D\u00f6rfern und Kl\u00f6stern entlang &#8211; gerade breit genug f\u00fcr ein Auto, so dass es hier h\u00e4ufig zu abenteuerlichen und brenzligen Situationen kommt: trifft man auf Gegenverkehr, muss zwangsl\u00e4ufig einer den R\u00fcckw\u00e4rtsgang einlegen und einige hundert Meter zur n\u00e4chsten Ausbuchtung zur\u00fccklegen. Die Ausblicke sind jedoch alle M\u00fchen wert und die idyllische Klosterinsel <em>Beska<\/em> und das Fischerd\u00f6rfchen <em>Munici<\/em> laden zum Verweilen am Strand &#8211; was wir dann auch 2 weitere Tage taten \ud83d\ude09<\/p>\n<p>Ausgeruht und vollgetankt mit Sonne verschlug es uns danach noch ein weiteres Mal in die Berge Montenegros. Die <em>Schlucht von Mrtvica<\/em> wurde sowohl im Netz als auch im Wanderf\u00fchrer angepriesen als eine der sch\u00f6nsten des Landes &#8211; und noch weitgehend unbekannt und touristisch unerschlossen.&nbsp; Zu Recht, wie sich herausstellte! Die Schlucht ist atemberaubend sch\u00f6n und die Wanderung traumhaft, entlang eines t\u00fcrkisblauen Flusses, durch einen unber\u00fchrten Urwald und entlang eines spektakul\u00e4r in den senkrechten Fels gesprengten Felsbandes.<\/p>\n<p><img decoding=\"async\" loading=\"lazy\" class=\"aligncenter size-full wp-image-2418\" src=\"https:\/\/www.byter.de\/wordpress\/wp-content\/uploads\/2019\/01\/Mrtvica_Tor_Maik400h.jpg\" alt=\"\" width=\"300\" height=\"400\" srcset=\"https:\/\/www.byter.de\/wordpress\/wp-content\/uploads\/2019\/01\/Mrtvica_Tor_Maik400h.jpg 300w, https:\/\/www.byter.de\/wordpress\/wp-content\/uploads\/2019\/01\/Mrtvica_Tor_Maik400h-225x300.jpg 225w\" sizes=\"(max-width: 300px) 100vw, 300px\" \/><\/p>\n<p>Einziger Wermutstropfen war der abgestochene Reifen, der uns nach anstrengendem 14km Marsch erwartete &#8211; zum Gl\u00fcck war das Reserverad an Board und auch unter widrigen Bedingungen relativ schnell gewechselt &#8211; unser Parkplatz war alles andere als gut zu erreichen und es w\u00e4re sicher eine Odyssee geworden, hier Ersatz zu beschaffen.<\/p>\n<p style=\"text-align: center;\"><!-- default-view.php -->\n<div\n\tclass=\"ngg-galleryoverview default-view \"\n\tid=\"ngg-gallery-8db66ff8cf269be9cdda85d480f26e54-1\">\n\n\t\t<!-- Thumbnails -->\n\t\t\t\t<div id=\"ngg-image-0\" class=\"ngg-gallery-thumbnail-box \" >\n\t\t\t\t        <div class=\"ngg-gallery-thumbnail\">\n            <a href=\"https:\/\/www.byter.de\/wordpress\/wp-content\/gallery\/balkan-tour-2018-montenegro-3\/KlosterBeska_Schiff_1200T.jpg\"\n               title=\"Bootstour zur Klosterinsel\"\n               data-src=\"https:\/\/www.byter.de\/wordpress\/wp-content\/gallery\/balkan-tour-2018-montenegro-3\/KlosterBeska_Schiff_1200T.jpg\"\n               data-thumbnail=\"https:\/\/www.byter.de\/wordpress\/wp-content\/gallery\/balkan-tour-2018-montenegro-3\/thumbs\/thumbs_KlosterBeska_Schiff_1200T.jpg\"\n               data-image-id=\"1188\"\n               data-title=\"KlosterBeska_Schiff_1200T\"\n               data-description=\"Bootstour zur Klosterinsel\"\n               data-image-slug=\"klosterbeska_schiff_1200t\"\n               class=\"ngg-fancybox\" rel=\"8db66ff8cf269be9cdda85d480f26e54\">\n                <img\n                    title=\"KlosterBeska_Schiff_1200T\"\n                    alt=\"KlosterBeska_Schiff_1200T\"\n                    src=\"https:\/\/www.byter.de\/wordpress\/wp-content\/gallery\/balkan-tour-2018-montenegro-3\/thumbs\/thumbs_KlosterBeska_Schiff_1200T.jpg\"\n                    width=\"100\"\n                    height=\"75\"\n                    style=\"max-width:100%;\"\n                \/>\n            <\/a>\n        <\/div>\n\t\t\t\t\t\t\t<\/div> \n\t\t\t\n\t\t\t\t<div id=\"ngg-image-1\" class=\"ngg-gallery-thumbnail-box \" >\n\t\t\t\t        <div class=\"ngg-gallery-thumbnail\">\n            <a href=\"https:\/\/www.byter.de\/wordpress\/wp-content\/gallery\/balkan-tour-2018-montenegro-3\/KlosterBeska_Pano1_1500T.jpg\"\n               title=\"Blick von der Klosterinsel Beska\"\n               data-src=\"https:\/\/www.byter.de\/wordpress\/wp-content\/gallery\/balkan-tour-2018-montenegro-3\/KlosterBeska_Pano1_1500T.jpg\"\n               data-thumbnail=\"https:\/\/www.byter.de\/wordpress\/wp-content\/gallery\/balkan-tour-2018-montenegro-3\/thumbs\/thumbs_KlosterBeska_Pano1_1500T.jpg\"\n               data-image-id=\"1187\"\n               data-title=\"KlosterBeska_Pano1_1500T\"\n               data-description=\"Blick von der Klosterinsel Beska\"\n               data-image-slug=\"klosterbeska_pano1_1500t\"\n               class=\"ngg-fancybox\" rel=\"8db66ff8cf269be9cdda85d480f26e54\">\n                <img\n                    title=\"KlosterBeska_Pano1_1500T\"\n                    alt=\"KlosterBeska_Pano1_1500T\"\n                    src=\"https:\/\/www.byter.de\/wordpress\/wp-content\/gallery\/balkan-tour-2018-montenegro-3\/thumbs\/thumbs_KlosterBeska_Pano1_1500T.jpg\"\n                    width=\"100\"\n                    height=\"75\"\n                    style=\"max-width:100%;\"\n                \/>\n            <\/a>\n        <\/div>\n\t\t\t\t\t\t\t<\/div> \n\t\t\t\n\t\t\t\t<div id=\"ngg-image-2\" class=\"ngg-gallery-thumbnail-box \" >\n\t\t\t\t        <div class=\"ngg-gallery-thumbnail\">\n            <a href=\"https:\/\/www.byter.de\/wordpress\/wp-content\/gallery\/balkan-tour-2018-montenegro-3\/Mrtvica_Canyon1_1200T.jpg\"\n               title=\"Blick in den Canyon - da wollen wir hin!\"\n               data-src=\"https:\/\/www.byter.de\/wordpress\/wp-content\/gallery\/balkan-tour-2018-montenegro-3\/Mrtvica_Canyon1_1200T.jpg\"\n               data-thumbnail=\"https:\/\/www.byter.de\/wordpress\/wp-content\/gallery\/balkan-tour-2018-montenegro-3\/thumbs\/thumbs_Mrtvica_Canyon1_1200T.jpg\"\n               data-image-id=\"1191\"\n               data-title=\"Mrtvica_Canyon1_1200T\"\n               data-description=\"Blick in den Canyon - da wollen wir hin!\"\n               data-image-slug=\"mrtvica_canyon1_1200t\"\n               class=\"ngg-fancybox\" rel=\"8db66ff8cf269be9cdda85d480f26e54\">\n                <img\n                    title=\"Mrtvica_Canyon1_1200T\"\n                    alt=\"Mrtvica_Canyon1_1200T\"\n                    src=\"https:\/\/www.byter.de\/wordpress\/wp-content\/gallery\/balkan-tour-2018-montenegro-3\/thumbs\/thumbs_Mrtvica_Canyon1_1200T.jpg\"\n                    width=\"100\"\n                    height=\"75\"\n                    style=\"max-width:100%;\"\n                \/>\n            <\/a>\n        <\/div>\n\t\t\t\t\t\t\t<\/div> \n\t\t\t\n\t\t\t\t<div id=\"ngg-image-3\" class=\"ngg-gallery-thumbnail-box \" >\n\t\t\t\t        <div class=\"ngg-gallery-thumbnail\">\n            <a href=\"https:\/\/www.byter.de\/wordpress\/wp-content\/gallery\/balkan-tour-2018-montenegro-3\/Mrtvica_Bruecke1_1000hT.jpg\"\n               title=\"Br\u00fccke \u00fcber die Mrtvica-Schlucht\"\n               data-src=\"https:\/\/www.byter.de\/wordpress\/wp-content\/gallery\/balkan-tour-2018-montenegro-3\/Mrtvica_Bruecke1_1000hT.jpg\"\n               data-thumbnail=\"https:\/\/www.byter.de\/wordpress\/wp-content\/gallery\/balkan-tour-2018-montenegro-3\/thumbs\/thumbs_Mrtvica_Bruecke1_1000hT.jpg\"\n               data-image-id=\"1189\"\n               data-title=\"Mrtvica_Bruecke1_1000hT\"\n               data-description=\"Br\u00fccke \u00fcber die Mrtvica-Schlucht\"\n               data-image-slug=\"mrtvica_bruecke1_1000ht\"\n               class=\"ngg-fancybox\" rel=\"8db66ff8cf269be9cdda85d480f26e54\">\n                <img\n                    title=\"Mrtvica_Bruecke1_1000hT\"\n                    alt=\"Mrtvica_Bruecke1_1000hT\"\n                    src=\"https:\/\/www.byter.de\/wordpress\/wp-content\/gallery\/balkan-tour-2018-montenegro-3\/thumbs\/thumbs_Mrtvica_Bruecke1_1000hT.jpg\"\n                    width=\"100\"\n                    height=\"75\"\n                    style=\"max-width:100%;\"\n                \/>\n            <\/a>\n        <\/div>\n\t\t\t\t\t\t\t<\/div> \n\t\t\t\n\t\t\t\t<div id=\"ngg-image-4\" class=\"ngg-gallery-thumbnail-box \" >\n\t\t\t\t        <div class=\"ngg-gallery-thumbnail\">\n            <a href=\"https:\/\/www.byter.de\/wordpress\/wp-content\/gallery\/balkan-tour-2018-montenegro-3\/Mrtvica_Tor1_1000hT.jpg\"\n               title=\"Das Tor der W\u00fcnsche (Mrtvica)\"\n               data-src=\"https:\/\/www.byter.de\/wordpress\/wp-content\/gallery\/balkan-tour-2018-montenegro-3\/Mrtvica_Tor1_1000hT.jpg\"\n               data-thumbnail=\"https:\/\/www.byter.de\/wordpress\/wp-content\/gallery\/balkan-tour-2018-montenegro-3\/thumbs\/thumbs_Mrtvica_Tor1_1000hT.jpg\"\n               data-image-id=\"1194\"\n               data-title=\"Mrtvica_Tor1_1000hT\"\n               data-description=\"Das Tor der W\u00fcnsche (Mrtvica)\"\n               data-image-slug=\"mrtvica_tor1_1000ht\"\n               class=\"ngg-fancybox\" rel=\"8db66ff8cf269be9cdda85d480f26e54\">\n                <img\n                    title=\"Mrtvica_Tor1_1000hT\"\n                    alt=\"Mrtvica_Tor1_1000hT\"\n                    src=\"https:\/\/www.byter.de\/wordpress\/wp-content\/gallery\/balkan-tour-2018-montenegro-3\/thumbs\/thumbs_Mrtvica_Tor1_1000hT.jpg\"\n                    width=\"100\"\n                    height=\"75\"\n                    style=\"max-width:100%;\"\n                \/>\n            <\/a>\n        <\/div>\n\t\t\t\t\t\t\t<\/div> \n\t\t\t\n\t\t\t\t<div id=\"ngg-image-5\" class=\"ngg-gallery-thumbnail-box \" >\n\t\t\t\t        <div class=\"ngg-gallery-thumbnail\">\n            <a href=\"https:\/\/www.byter.de\/wordpress\/wp-content\/gallery\/balkan-tour-2018-montenegro-3\/Mrtvica_Canyon2_1200T.jpg\"\n               title=\"Wer genau hinschaut findet die Wandersfrau :)\"\n               data-src=\"https:\/\/www.byter.de\/wordpress\/wp-content\/gallery\/balkan-tour-2018-montenegro-3\/Mrtvica_Canyon2_1200T.jpg\"\n               data-thumbnail=\"https:\/\/www.byter.de\/wordpress\/wp-content\/gallery\/balkan-tour-2018-montenegro-3\/thumbs\/thumbs_Mrtvica_Canyon2_1200T.jpg\"\n               data-image-id=\"1192\"\n               data-title=\"Mrtvica_Canyon2_1200T\"\n               data-description=\"Wer genau hinschaut findet die Wandersfrau :)\"\n               data-image-slug=\"mrtvica_canyon2_1200t\"\n               class=\"ngg-fancybox\" rel=\"8db66ff8cf269be9cdda85d480f26e54\">\n                <img\n                    title=\"Mrtvica_Canyon2_1200T\"\n                    alt=\"Mrtvica_Canyon2_1200T\"\n                    src=\"https:\/\/www.byter.de\/wordpress\/wp-content\/gallery\/balkan-tour-2018-montenegro-3\/thumbs\/thumbs_Mrtvica_Canyon2_1200T.jpg\"\n                    width=\"100\"\n                    height=\"75\"\n                    style=\"max-width:100%;\"\n                \/>\n            <\/a>\n        <\/div>\n\t\t\t\t\t\t\t<\/div> \n\t\t\t\n\t\t\t\t<div id=\"ngg-image-6\" class=\"ngg-gallery-thumbnail-box \" >\n\t\t\t\t        <div class=\"ngg-gallery-thumbnail\">\n            <a href=\"https:\/\/www.byter.de\/wordpress\/wp-content\/gallery\/balkan-tour-2018-montenegro-3\/Mrtvica_Canyon3_Pano1500T.jpg\"\n               title=\"Mrtvica Canyon\"\n               data-src=\"https:\/\/www.byter.de\/wordpress\/wp-content\/gallery\/balkan-tour-2018-montenegro-3\/Mrtvica_Canyon3_Pano1500T.jpg\"\n               data-thumbnail=\"https:\/\/www.byter.de\/wordpress\/wp-content\/gallery\/balkan-tour-2018-montenegro-3\/thumbs\/thumbs_Mrtvica_Canyon3_Pano1500T.jpg\"\n               data-image-id=\"1193\"\n               data-title=\"Mrtvica_Canyon3_Pano1500T\"\n               data-description=\"Mrtvica Canyon\"\n               data-image-slug=\"mrtvica_canyon3_pano1500t\"\n               class=\"ngg-fancybox\" rel=\"8db66ff8cf269be9cdda85d480f26e54\">\n                <img\n                    title=\"Mrtvica_Canyon3_Pano1500T\"\n                    alt=\"Mrtvica_Canyon3_Pano1500T\"\n                    src=\"https:\/\/www.byter.de\/wordpress\/wp-content\/gallery\/balkan-tour-2018-montenegro-3\/thumbs\/thumbs_Mrtvica_Canyon3_Pano1500T.jpg\"\n                    width=\"100\"\n                    height=\"75\"\n                    style=\"max-width:100%;\"\n                \/>\n            <\/a>\n        <\/div>\n\t\t\t\t\t\t\t<\/div> \n\t\t\t\n\t\t\t\t<div id=\"ngg-image-7\" class=\"ngg-gallery-thumbnail-box \" >\n\t\t\t\t        <div class=\"ngg-gallery-thumbnail\">\n            <a href=\"https:\/\/www.byter.de\/wordpress\/wp-content\/gallery\/balkan-tour-2018-montenegro-3\/Mrtvica_Bruecke2_1000hT.jpg\"\n               title=\"In der Mrtvica-Schlucht\"\n               data-src=\"https:\/\/www.byter.de\/wordpress\/wp-content\/gallery\/balkan-tour-2018-montenegro-3\/Mrtvica_Bruecke2_1000hT.jpg\"\n               data-thumbnail=\"https:\/\/www.byter.de\/wordpress\/wp-content\/gallery\/balkan-tour-2018-montenegro-3\/thumbs\/thumbs_Mrtvica_Bruecke2_1000hT.jpg\"\n               data-image-id=\"1190\"\n               data-title=\"Mrtvica_Bruecke2_1000hT\"\n               data-description=\"In der Mrtvica-Schlucht\"\n               data-image-slug=\"mrtvica_bruecke2_1000ht\"\n               class=\"ngg-fancybox\" rel=\"8db66ff8cf269be9cdda85d480f26e54\">\n                <img\n                    title=\"Mrtvica_Bruecke2_1000hT\"\n                    alt=\"Mrtvica_Bruecke2_1000hT\"\n                    src=\"https:\/\/www.byter.de\/wordpress\/wp-content\/gallery\/balkan-tour-2018-montenegro-3\/thumbs\/thumbs_Mrtvica_Bruecke2_1000hT.jpg\"\n                    width=\"100\"\n                    height=\"75\"\n                    style=\"max-width:100%;\"\n                \/>\n            <\/a>\n        <\/div>\n\t\t\t\t\t\t\t<\/div> \n\t\t\t\n\t\t\t\t<div id=\"ngg-image-8\" class=\"ngg-gallery-thumbnail-box \" >\n\t\t\t\t        <div class=\"ngg-gallery-thumbnail\">\n            <a href=\"https:\/\/www.byter.de\/wordpress\/wp-content\/gallery\/balkan-tour-2018-montenegro-3\/Skutarisee1_1200T.jpg\"\n               title=\"Blick auf den Skutarisee\"\n               data-src=\"https:\/\/www.byter.de\/wordpress\/wp-content\/gallery\/balkan-tour-2018-montenegro-3\/Skutarisee1_1200T.jpg\"\n               data-thumbnail=\"https:\/\/www.byter.de\/wordpress\/wp-content\/gallery\/balkan-tour-2018-montenegro-3\/thumbs\/thumbs_Skutarisee1_1200T.jpg\"\n               data-image-id=\"1195\"\n               data-title=\"Skutarisee1_1200T\"\n               data-description=\"Blick auf den Skutarisee\"\n               data-image-slug=\"skutarisee1_1200t\"\n               class=\"ngg-fancybox\" rel=\"8db66ff8cf269be9cdda85d480f26e54\">\n                <img\n                    title=\"Skutarisee1_1200T\"\n                    alt=\"Skutarisee1_1200T\"\n                    src=\"https:\/\/www.byter.de\/wordpress\/wp-content\/gallery\/balkan-tour-2018-montenegro-3\/thumbs\/thumbs_Skutarisee1_1200T.jpg\"\n                    width=\"100\"\n                    height=\"75\"\n                    style=\"max-width:100%;\"\n                \/>\n            <\/a>\n        <\/div>\n\t\t\t\t\t\t\t<\/div> \n\t\t\t\n\t\t\t\t<div id=\"ngg-image-9\" class=\"ngg-gallery-thumbnail-box \" >\n\t\t\t\t        <div class=\"ngg-gallery-thumbnail\">\n            <a href=\"https:\/\/www.byter.de\/wordpress\/wp-content\/gallery\/balkan-tour-2018-montenegro-3\/Skutarisee2_1200T.jpg\"\n               title=\"Sonnenuntergang am Skutarisee\"\n               data-src=\"https:\/\/www.byter.de\/wordpress\/wp-content\/gallery\/balkan-tour-2018-montenegro-3\/Skutarisee2_1200T.jpg\"\n               data-thumbnail=\"https:\/\/www.byter.de\/wordpress\/wp-content\/gallery\/balkan-tour-2018-montenegro-3\/thumbs\/thumbs_Skutarisee2_1200T.jpg\"\n               data-image-id=\"1196\"\n               data-title=\"Skutarisee2_1200T\"\n               data-description=\"Sonnenuntergang am Skutarisee\"\n               data-image-slug=\"skutarisee2_1200t\"\n               class=\"ngg-fancybox\" rel=\"8db66ff8cf269be9cdda85d480f26e54\">\n                <img\n                    title=\"Skutarisee2_1200T\"\n                    alt=\"Skutarisee2_1200T\"\n                    src=\"https:\/\/www.byter.de\/wordpress\/wp-content\/gallery\/balkan-tour-2018-montenegro-3\/thumbs\/thumbs_Skutarisee2_1200T.jpg\"\n                    width=\"100\"\n                    height=\"75\"\n                    style=\"max-width:100%;\"\n                \/>\n            <\/a>\n        <\/div>\n\t\t\t\t\t\t\t<\/div> \n\t\t\t\n\t\t\t\t<div id=\"ngg-image-10\" class=\"ngg-gallery-thumbnail-box \" >\n\t\t\t\t        <div class=\"ngg-gallery-thumbnail\">\n            <a href=\"https:\/\/www.byter.de\/wordpress\/wp-content\/gallery\/balkan-tour-2018-montenegro-3\/Flussdurchquerung_1200t.jpg\"\n               title=\"Flussdurchquerung\"\n               data-src=\"https:\/\/www.byter.de\/wordpress\/wp-content\/gallery\/balkan-tour-2018-montenegro-3\/Flussdurchquerung_1200t.jpg\"\n               data-thumbnail=\"https:\/\/www.byter.de\/wordpress\/wp-content\/gallery\/balkan-tour-2018-montenegro-3\/thumbs\/thumbs_Flussdurchquerung_1200t.jpg\"\n               data-image-id=\"1186\"\n               data-title=\"Flussdurchquerung_1200t\"\n               data-description=\"Flussdurchquerung\"\n               data-image-slug=\"flussdurchquerung_1200t\"\n               class=\"ngg-fancybox\" rel=\"8db66ff8cf269be9cdda85d480f26e54\">\n                <img\n                    title=\"Flussdurchquerung_1200t\"\n                    alt=\"Flussdurchquerung_1200t\"\n                    src=\"https:\/\/www.byter.de\/wordpress\/wp-content\/gallery\/balkan-tour-2018-montenegro-3\/thumbs\/thumbs_Flussdurchquerung_1200t.jpg\"\n                    width=\"100\"\n                    height=\"75\"\n                    style=\"max-width:100%;\"\n                \/>\n            <\/a>\n        <\/div>\n\t\t\t\t\t\t\t<\/div> \n\t\t\t\n\t\t\t\t<div id=\"ngg-image-11\" class=\"ngg-gallery-thumbnail-box \" >\n\t\t\t\t        <div class=\"ngg-gallery-thumbnail\">\n            <a href=\"https:\/\/www.byter.de\/wordpress\/wp-content\/gallery\/balkan-tour-2018-montenegro-3\/Dubrovnik_Mauern1_1200T.jpg\"\n               title=\"Stadtmauer von Dubrovnik\"\n               data-src=\"https:\/\/www.byter.de\/wordpress\/wp-content\/gallery\/balkan-tour-2018-montenegro-3\/Dubrovnik_Mauern1_1200T.jpg\"\n               data-thumbnail=\"https:\/\/www.byter.de\/wordpress\/wp-content\/gallery\/balkan-tour-2018-montenegro-3\/thumbs\/thumbs_Dubrovnik_Mauern1_1200T.jpg\"\n               data-image-id=\"1197\"\n               data-title=\"Dubrovnik_Mauern1_1200T\"\n               data-description=\"Stadtmauer von Dubrovnik\"\n               data-image-slug=\"dubrovnik_mauern1_1200t\"\n               class=\"ngg-fancybox\" rel=\"8db66ff8cf269be9cdda85d480f26e54\">\n                <img\n                    title=\"Dubrovnik_Mauern1_1200T\"\n                    alt=\"Dubrovnik_Mauern1_1200T\"\n                    src=\"https:\/\/www.byter.de\/wordpress\/wp-content\/gallery\/balkan-tour-2018-montenegro-3\/thumbs\/thumbs_Dubrovnik_Mauern1_1200T.jpg\"\n                    width=\"100\"\n                    height=\"75\"\n                    style=\"max-width:100%;\"\n                \/>\n            <\/a>\n        <\/div>\n\t\t\t\t\t\t\t<\/div> \n\t\t\t\n\t\t\t\t<div id=\"ngg-image-12\" class=\"ngg-gallery-thumbnail-box \" >\n\t\t\t\t        <div class=\"ngg-gallery-thumbnail\">\n            <a href=\"https:\/\/www.byter.de\/wordpress\/wp-content\/gallery\/balkan-tour-2018-montenegro-3\/Dubrovnik_Nachtpano1_1500T.jpg\"\n               title=\"Dubrovnik bei Nacht\"\n               data-src=\"https:\/\/www.byter.de\/wordpress\/wp-content\/gallery\/balkan-tour-2018-montenegro-3\/Dubrovnik_Nachtpano1_1500T.jpg\"\n               data-thumbnail=\"https:\/\/www.byter.de\/wordpress\/wp-content\/gallery\/balkan-tour-2018-montenegro-3\/thumbs\/thumbs_Dubrovnik_Nachtpano1_1500T.jpg\"\n               data-image-id=\"1199\"\n               data-title=\"Dubrovnik_Nachtpano1_1500T\"\n               data-description=\"Dubrovnik bei Nacht\"\n               data-image-slug=\"dubrovnik_nachtpano1_1500t\"\n               class=\"ngg-fancybox\" rel=\"8db66ff8cf269be9cdda85d480f26e54\">\n                <img\n                    title=\"Dubrovnik_Nachtpano1_1500T\"\n                    alt=\"Dubrovnik_Nachtpano1_1500T\"\n                    src=\"https:\/\/www.byter.de\/wordpress\/wp-content\/gallery\/balkan-tour-2018-montenegro-3\/thumbs\/thumbs_Dubrovnik_Nachtpano1_1500T.jpg\"\n                    width=\"100\"\n                    height=\"75\"\n                    style=\"max-width:100%;\"\n                \/>\n            <\/a>\n        <\/div>\n\t\t\t\t\t\t\t<\/div> \n\t\t\t\n\t\t\t\t<div id=\"ngg-image-13\" class=\"ngg-gallery-thumbnail-box \" >\n\t\t\t\t        <div class=\"ngg-gallery-thumbnail\">\n            <a href=\"https:\/\/www.byter.de\/wordpress\/wp-content\/gallery\/balkan-tour-2018-montenegro-3\/Dubrovnik_NachtOben_1200T.jpg\"\n               title=\"Blick auf Dubrovnik bei Nacht\"\n               data-src=\"https:\/\/www.byter.de\/wordpress\/wp-content\/gallery\/balkan-tour-2018-montenegro-3\/Dubrovnik_NachtOben_1200T.jpg\"\n               data-thumbnail=\"https:\/\/www.byter.de\/wordpress\/wp-content\/gallery\/balkan-tour-2018-montenegro-3\/thumbs\/thumbs_Dubrovnik_NachtOben_1200T.jpg\"\n               data-image-id=\"1198\"\n               data-title=\"Dubrovnik_NachtOben_1200T\"\n               data-description=\"Blick auf Dubrovnik bei Nacht\"\n               data-image-slug=\"dubrovnik_nachtoben_1200t\"\n               class=\"ngg-fancybox\" rel=\"8db66ff8cf269be9cdda85d480f26e54\">\n                <img\n                    title=\"Dubrovnik_NachtOben_1200T\"\n                    alt=\"Dubrovnik_NachtOben_1200T\"\n                    src=\"https:\/\/www.byter.de\/wordpress\/wp-content\/gallery\/balkan-tour-2018-montenegro-3\/thumbs\/thumbs_Dubrovnik_NachtOben_1200T.jpg\"\n                    width=\"100\"\n                    height=\"75\"\n                    style=\"max-width:100%;\"\n                \/>\n            <\/a>\n        <\/div>\n\t\t\t\t\t\t\t<\/div> \n\t\t\t\n\t\n\t<br style=\"clear: both\" \/>\n\n\t\n\t\t<!-- Pagination -->\n\t<div class='ngg-clear'><\/div>\t<\/div>\n<\/p>\n<p>Total erledigt machten wir uns auf die Suche nach einem \u00dcbernachtungsplatz, was sich entlang der malerischen Strecke zwischen <em>Podgorica<\/em> und <em>Kolasin<\/em> als ziemlich schwierig herausstellte, da die komplette Strecke fast nur aus Tunneln und schmaler Stra\u00dfe besteht. Auf einem Parkplatz an vielbefahrener Stra\u00dfe wollten wir nicht bleiben und so landeten wir schlie\u00dflich nach weiteren 50km in einem Eco-Camp, das wir \u00fcber die iOverlander-App fanden.&nbsp; Hier gab\u00b4s nicht nur einen Stellplatz samt hei\u00df ersehnter (Eco-)Dusche, sondern auch Essen komplett aus eigener Herstellung &#8211; vom Gem\u00fcse \u00fcber K\u00e4se bis zur Wurst. Nur das Bier war nicht aus eigener Herstellung, schmeckte aber trotzdem fantastisch \ud83d\ude09<\/p>\n<p>Langsam aber sicher mussten wir nun an den Heimweg denken und es ging zur\u00fcck Richtung Kroatien &#8211; auf dem R\u00fcckweg erwartete uns noch das zuvor ausgelassene <em>Dubrovnik<\/em>, wo wir einen tollen Tag und tollen Abend in der Altstadt verbrachten. <em>Dubrovnik<\/em> ist zwar Touristenabzocke in Vollendung, aber trotzdem erliegt man dem Charm dieser tollen Stadt und der Abstecher ist mehr als lohnend.<\/p>\n<p><img decoding=\"async\" loading=\"lazy\" class=\"aligncenter size-full wp-image-2426\" src=\"https:\/\/www.byter.de\/wordpress\/wp-content\/uploads\/2019\/01\/Dubrovnik500.jpg\" alt=\"\" width=\"500\" height=\"331\" srcset=\"https:\/\/www.byter.de\/wordpress\/wp-content\/uploads\/2019\/01\/Dubrovnik500.jpg 500w, https:\/\/www.byter.de\/wordpress\/wp-content\/uploads\/2019\/01\/Dubrovnik500-300x199.jpg 300w\" sizes=\"(max-width: 500px) 100vw, 500px\" \/><\/p>\n<p>Ein letzter Tag am Meer, danach ging es mit Bleifu\u00df zur <em>Abenteuer Allrad<\/em> in Bad Kissingen, die der letzte Programmpunkt unseres Urlaubs war&#8230;<\/p>\n<p>Eins ist sicher:&nbsp; Wir kommen wieder! Insbesondere der Abstecher nach Albanien hat den Wunsch geweckt, das Land noch intensiver zu erkunden. Mal schauen, wann es uns dort wieder hinzieht&#8230;<\/p>\n<p>&nbsp;<\/p>\n\n\n<p><\/p>\n\n\n\n<p><\/p>\n","protected":false},"excerpt":{"rendered":"<p>(Fortsetzung von Teil 1) Das erste &#8211; und gleichzeitig wohl bekannteste &#8211; Ziel in Montenegro war die Bucht von Kotor, die man von Norden kommend zwangsl\u00e4ufig passieren muss und die wohl die touristisch am meisten besuchte Region Montenegros ist. Das &hellip; <a href=\"https:\/\/www.byter.de\/wordpress\/?page_id=2297\">Weiterlesen <span class=\"meta-nav\">&rarr;<\/span><\/a><\/p>\n","protected":false},"author":1,"featured_media":2385,"parent":2495,"menu_order":50,"comment_status":"open","ping_status":"closed","template":"","meta":{"ngg_post_thumbnail":0},"_links":{"self":[{"href":"https:\/\/www.byter.de\/wordpress\/index.php?rest_route=\/wp\/v2\/pages\/2297"}],"collection":[{"href":"https:\/\/www.byter.de\/wordpress\/index.php?rest_route=\/wp\/v2\/pages"}],"about":[{"href":"https:\/\/www.byter.de\/wordpress\/index.php?rest_route=\/wp\/v2\/types\/page"}],"author":[{"embeddable":true,"href":"https:\/\/www.byter.de\/wordpress\/index.php?rest_route=\/wp\/v2\/users\/1"}],"replies":[{"embeddable":true,"href":"https:\/\/www.byter.de\/wordpress\/index.php?rest_route=%2Fwp%2Fv2%2Fcomments&post=2297"}],"version-history":[{"count":20,"href":"https:\/\/www.byter.de\/wordpress\/index.php?rest_route=\/wp\/v2\/pages\/2297\/revisions"}],"predecessor-version":[{"id":2441,"href":"https:\/\/www.byter.de\/wordpress\/index.php?rest_route=\/wp\/v2\/pages\/2297\/revisions\/2441"}],"up":[{"embeddable":true,"href":"https:\/\/www.byter.de\/wordpress\/index.php?rest_route=\/wp\/v2\/pages\/2495"}],"wp:featuredmedia":[{"embeddable":true,"href":"https:\/\/www.byter.de\/wordpress\/index.php?rest_route=\/wp\/v2\/media\/2385"}],"wp:attachment":[{"href":"https:\/\/www.byter.de\/wordpress\/index.php?rest_route=%2Fwp%2Fv2%2Fmedia&parent=2297"}],"curies":[{"name":"wp","href":"https:\/\/api.w.org\/{rel}","templated":true}]}}