{"id":425,"date":"2011-07-17T19:14:51","date_gmt":"2011-07-17T18:14:51","guid":{"rendered":"http:\/\/gc.x3.net\/wordpress\/?page_id=425"},"modified":"2019-09-23T14:40:29","modified_gmt":"2019-09-23T13:40:29","slug":"portugal-algarve","status":"publish","type":"page","link":"https:\/\/www.byter.de\/wordpress\/?page_id=425","title":{"rendered":"Portugal &#8211; Algarve 2011"},"content":{"rendered":"<p>Juli 2011. Anl\u00e4\u00dflich eines runden Geburtstages (nein, nicht meiner \ud83d\ude09 ) in der Familie ging es f\u00fcr einen 6-t\u00e4gigen Kurzurlaub nach Portugal an die Algarve. Neben Feiern und ein wenig die Seele baumeln lassen stand nat\u00fcrlich auch etwas Fotografieren und der ein oder andere Cache auf dem Programm&#8230;<\/p>\n<div id=\"attachment_426\" style=\"width: 510px\" class=\"wp-caption aligncenter\"><a title=\"Leuchtturm\" href=\"\/wordpress\/wp-content\/gallery\/portugal-algarve\/leuchtturm2-1200.jpg\" target=\"_blank\" rel=\"noopener noreferrer\"><img aria-describedby=\"caption-attachment-426\" decoding=\"async\" loading=\"lazy\" class=\"size-full wp-image-426\" title=\"leuchtturm2-500\" src=\"https:\/\/www.byter.de\/wordpress\/wp-content\/uploads\/2011\/07\/leuchtturm2-500.jpg\" alt=\"Leuchtturm\" width=\"500\" height=\"325\" srcset=\"https:\/\/www.byter.de\/wordpress\/wp-content\/uploads\/2011\/07\/leuchtturm2-500.jpg 500w, https:\/\/www.byter.de\/wordpress\/wp-content\/uploads\/2011\/07\/leuchtturm2-500-300x195.jpg 300w\" sizes=\"(max-width: 500px) 100vw, 500px\" \/><\/a><p id=\"caption-attachment-426\" class=\"wp-caption-text\">Leuchtturm an den Klippen (bei GC1F6RX)<\/p><\/div>\n<p>Selten hat mich ein Land bzw. eine Region so begeistert. Die Region bietet eine unglaubliche Vielfalt &#8211; wo eben noch \u00fcppige Vegetation herrscht gibt es wenig sp\u00e4ter ausged\u00f6rrtes \u00d6dand. Und nur wenige Kilometer von Sandstr\u00e4nden und Steilk\u00fcsten entfernt findet man sich pl\u00f6tzlich im Gebirge wieder&#8230;<\/p>\n<p>Nat\u00fcrlich hat der Tourismus viele Gebiete vor allem an der S\u00fcdk\u00fcste fest im Griff. Unser Quartier befand sich in Olhos de Agua, nahe Albufeira &#8211; in einem absolut traumhaften RIU-Hotel &#8211; wo sich wie in vielen s\u00fcdl\u00e4ndischen Urlaubsgebieten die Touristen-Orte und -str\u00e4nde die Klinke in die Hand geben&#8230;&nbsp; Dennoch haben auch diese Orte durchaus Ihren Charme&#8230;<\/p>\n<div id=\"attachment_427\" style=\"width: 510px\" class=\"wp-caption aligncenter\"><a title=\"Touriboot\" href=\"https:\/\/www.byter.de\/wordpress\/wp-content\/gallery\/portugal-algarve\/boot1-1400.jpg\" target=\"_blank\" rel=\"noopener noreferrer\"><img aria-describedby=\"caption-attachment-427\" decoding=\"async\" loading=\"lazy\" class=\"size-full wp-image-427 \" title=\"Touristenboot 500\" src=\"https:\/\/www.byter.de\/wordpress\/wp-content\/uploads\/2011\/07\/boot-500.jpg\" alt=\"Touristenboot\" width=\"500\" height=\"333\" srcset=\"https:\/\/www.byter.de\/wordpress\/wp-content\/uploads\/2011\/07\/boot-500.jpg 500w, https:\/\/www.byter.de\/wordpress\/wp-content\/uploads\/2011\/07\/boot-500-300x199.jpg 300w\" sizes=\"(max-width: 500px) 100vw, 500px\" \/><\/a><p id=\"caption-attachment-427\" class=\"wp-caption-text\">Touristenboot an der S\u00fcdk\u00fcste (bei GCWKCV)<\/p><\/div>\n<p>Und f\u00fcr das leibliche Wohl muss nat\u00fcrlich auch irgendwo gesorgt werden, insbesondere abends \ud83d\ude09<\/p>\n<div id=\"attachment_443\" style=\"width: 510px\" class=\"wp-caption aligncenter\"><a title=\"Mondbier\" href=\"\/wordpress\/wp-content\/gallery\/portugal-algarve\/sagres-1200.jpg\" target=\"_blank\" rel=\"noopener noreferrer\"><img aria-describedby=\"caption-attachment-443\" decoding=\"async\" loading=\"lazy\" class=\"size-full wp-image-443\" title=\"sagres-500\" src=\"https:\/\/www.byter.de\/wordpress\/wp-content\/uploads\/2011\/07\/sagres-500.jpg\" alt=\"Einheimisches Bier bei Vollmond :)\" width=\"500\" height=\"332\" srcset=\"https:\/\/www.byter.de\/wordpress\/wp-content\/uploads\/2011\/07\/sagres-500.jpg 500w, https:\/\/www.byter.de\/wordpress\/wp-content\/uploads\/2011\/07\/sagres-500-300x199.jpg 300w\" sizes=\"(max-width: 500px) 100vw, 500px\" \/><\/a><p id=\"caption-attachment-443\" class=\"wp-caption-text\">Einheimisches Bier bei Vollmond \ud83d\ude00<\/p><\/div>\n<p>&nbsp;<\/p>\n<p>Besonders interessant wurde es aber etwas abseits der \u00fcblichen Touristenattraktionen. Hier kam nat\u00fcrlich der ein oder andere Cache ins Spiel \ud83d\ude09 Schon im Vorfeld hatte ich mir einen kleinen \u00dcberblick verschafft und wie so oft im Ausland ist die Cache-Dichte in Portugal noch sehr \u00fcberschaubar (zum Gl\u00fcck!). Im Umkreis von 100km gibt es gerade mal ca. 500 Caches, von denen viele auch noch gut bewertet und toll beschrieben sind. Hier liegen die Caches wirklich noch an sehenswerten und au\u00dfergew\u00f6hnlichen Stellen, die allerdings nicht immer ganz leicht zug\u00e4nglich sind. Aber das macht schlie\u00dflich den Reiz aus&#8230; 8)<\/p>\n<div id=\"attachment_429\" style=\"width: 510px\" class=\"wp-caption aligncenter\"><a title=\"Sackgasse\" href=\"\/wordpress\/wp-content\/gallery\/portugal-algarve\/sackgasse.jpg\" target=\"_blank\" rel=\"noopener noreferrer\"><img aria-describedby=\"caption-attachment-429\" decoding=\"async\" loading=\"lazy\" class=\"size-full wp-image-429\" title=\"sackgasse-500\" src=\"https:\/\/www.byter.de\/wordpress\/wp-content\/uploads\/2011\/07\/sackgasse-500.jpg\" alt=\"Sackgasse!\" width=\"500\" height=\"379\" srcset=\"https:\/\/www.byter.de\/wordpress\/wp-content\/uploads\/2011\/07\/sackgasse-500.jpg 500w, https:\/\/www.byter.de\/wordpress\/wp-content\/uploads\/2011\/07\/sackgasse-500-300x227.jpg 300w\" sizes=\"(max-width: 500px) 100vw, 500px\" \/><\/a><p id=\"caption-attachment-429\" class=\"wp-caption-text\">Sackgasse auf Portugiesisch!<\/p><\/div>\n<p>Der herausragendste Cache (&#8222;<a href=\"http:\/\/coord.info\/GCED51\">The Nest of Jonathan Livingston Seagul (GCED51)<\/a>&#8222;) f\u00fchrte mich in eine entlegene Gegend an die Westk\u00fcste Portugals&#8230;&nbsp; Zun\u00e4chst galt es, mit einem Fiat Punto die knapp 7km abenteuerliche Berg-Schotterpiste zu bew\u00e4ltigen \ud83d\ude2f &nbsp; &#8211; zum Gl\u00fcck war das nicht mein Wagen und bei der Mietwagen-R\u00fcckgabe wird ja auch selten auf den Unterboden geguckt&#8230; \ud83d\ude09<\/p>\n<div id=\"attachment_430\" style=\"width: 510px\" class=\"wp-caption aligncenter\"><a title=\"Schotterpiste\" href=\"\/wordpress\/wp-content\/gallery\/portugal-algarve\/schotterpiste-1200.jpg\" target=\"_blank\" rel=\"noopener noreferrer\"><img aria-describedby=\"caption-attachment-430\" decoding=\"async\" loading=\"lazy\" class=\"size-full wp-image-430\" title=\"schotterpiste-500\" src=\"https:\/\/www.byter.de\/wordpress\/wp-content\/uploads\/2011\/07\/schotterpiste-500.jpg\" alt=\"Schotterpiste\" width=\"500\" height=\"320\" srcset=\"https:\/\/www.byter.de\/wordpress\/wp-content\/uploads\/2011\/07\/schotterpiste-500.jpg 500w, https:\/\/www.byter.de\/wordpress\/wp-content\/uploads\/2011\/07\/schotterpiste-500-300x192.jpg 300w\" sizes=\"(max-width: 500px) 100vw, 500px\" \/><\/a><p id=\"caption-attachment-430\" class=\"wp-caption-text\">Schotterpiste (hier noch der gut &#8222;ausgebaute&#8220; Teil&#8230;)<\/p><\/div>\n<p>Letztlich kam ich bis auf etwa 1km an den Cache heran, den Rest &#8211; inklusive etwa 100 H\u00f6henmeter &#8211; ging es zu Fu\u00df weiter. Was mich erwartete war ein Strand mit Fels- und Klippenlandschaft wie aus dem Bilderbuch, schon beim ersten Anblick gab\u00b4s G\u00e4nsehaut! Die Bilder k\u00f6nnen es nicht wirklich einfangen, aber zumindest einen Eindruck geben.<\/p>\n<div id=\"attachment_431\" style=\"width: 510px\" class=\"wp-caption aligncenter\"><a title=\"Traumstrand\" href=\"\/wordpress\/wp-content\/gallery\/portugal-algarve\/traumstrand1-1400.jpg\" target=\"_blank\" rel=\"noopener noreferrer\"><img aria-describedby=\"caption-attachment-431\" decoding=\"async\" loading=\"lazy\" class=\"size-full wp-image-431\" title=\"traumstrand-500\" src=\"https:\/\/www.byter.de\/wordpress\/wp-content\/uploads\/2011\/07\/traumstrand-500.jpg\" alt=\"The Nest of Jonathan Livingston Seagul\" width=\"500\" height=\"333\" srcset=\"https:\/\/www.byter.de\/wordpress\/wp-content\/uploads\/2011\/07\/traumstrand-500.jpg 500w, https:\/\/www.byter.de\/wordpress\/wp-content\/uploads\/2011\/07\/traumstrand-500-300x199.jpg 300w\" sizes=\"(max-width: 500px) 100vw, 500px\" \/><\/a><p id=\"caption-attachment-431\" class=\"wp-caption-text\">The Nest of Jonathan Livingston Seagul (GCED51) &#8211; im Vollbild anschauen!<\/p><\/div>\n<div id=\"attachment_432\" style=\"width: 428px\" class=\"wp-caption alignleft\"><a href=\"https:\/\/www.byter.de\/wordpress\/wp-content\/uploads\/2011\/07\/traumstrand2-600h.jpg\"><img aria-describedby=\"caption-attachment-432\" decoding=\"async\" loading=\"lazy\" class=\"size-full wp-image-432\" title=\"traumstrand2-600h\" src=\"https:\/\/www.byter.de\/wordpress\/wp-content\/uploads\/2011\/07\/traumstrand2-600h.jpg\" alt=\"The Nest of Jonathan Livingston Seagul\" width=\"418\" height=\"600\" srcset=\"https:\/\/www.byter.de\/wordpress\/wp-content\/uploads\/2011\/07\/traumstrand2-600h.jpg 418w, https:\/\/www.byter.de\/wordpress\/wp-content\/uploads\/2011\/07\/traumstrand2-600h-209x300.jpg 209w\" sizes=\"(max-width: 418px) 100vw, 418px\" \/><\/a><p id=\"caption-attachment-432\" class=\"wp-caption-text\">The Nest of Jonathan Livingston Seagul<\/p><\/div>\n<p>&nbsp;<\/p>\n<p>Mit ein wenig Fantasie kann man auf der rechten Seite den schmalen Weg zum Cache erkennen, der sich bis an die vordere Spitze der Klippen schl\u00e4ngelt&#8230;<\/p>\n<p>&nbsp;<\/p>\n<p>Um den Cache zu erreichen ist schlie\u00dflich noch ein wenig Kraxelei an der s\u00fcdliche Spitze n\u00f6tig &#8211; die T4,5 sind v\u00f6llig berechtigt, zumal einem hier ein rauer Atlantikwind mit Windst\u00e4rken 7-8 um die Ohren fegt. \ud83d\ude09<\/p>\n<p>&nbsp;<\/p>\n<p>&nbsp;<\/p>\n<p>Weit und breit war hier keine Menschenseele auszumachen und erst recht kein Tourist &#8211; kein Wunder bei 7km Entfernung zur n\u00e4chsten asphaltierten Stra\u00dfe&#8230;&nbsp; Ein einsamer Traumstrand, der mit seinen meterhohen rauhen Atlantikwellen problemlos Mittelpunkt jedes Surf-Movies sein k\u00f6nnte&#8230;<\/p>\n<div id=\"attachment_433\" style=\"width: 590px\" class=\"wp-caption alignleft\"><a title=\"Traumstrand\" href=\"\/wordpress\/wp-content\/gallery\/portugal-algarve\/traumstrand5-1400.jpg\" target=\"_blank\" rel=\"noopener noreferrer\"><img aria-describedby=\"caption-attachment-433\" decoding=\"async\" loading=\"lazy\" class=\"size-full wp-image-433\" title=\"traumstrand4-600\" src=\"https:\/\/www.byter.de\/wordpress\/wp-content\/uploads\/2011\/07\/traumstrand4-600.jpg\" alt=\"Einsamer Traumstrand\" width=\"580\" height=\"372\" srcset=\"https:\/\/www.byter.de\/wordpress\/wp-content\/uploads\/2011\/07\/traumstrand4-600.jpg 580w, https:\/\/www.byter.de\/wordpress\/wp-content\/uploads\/2011\/07\/traumstrand4-600-300x192.jpg 300w\" sizes=\"(max-width: 580px) 100vw, 580px\" \/><\/a><p id=\"caption-attachment-433\" class=\"wp-caption-text\">Einsamer Traumstrand<\/p><\/div>\n<p>&nbsp;<\/p>\n<p>&nbsp;<\/p>\n<p>&nbsp;<\/p>\n<p>&nbsp;<\/p>\n<p>&nbsp;<\/p>\n<p>&nbsp;<\/p>\n<p>&nbsp;<\/p>\n<p>&nbsp;<\/p>\n<p>&nbsp;<\/p>\n<p>Etwas verkehrsg\u00fcnstiger gelegen und definitiv eine weitere Cache-Empfehlung ist der Earth-Cache &#8222;<a href=\"http:\/\/coord.info\/GC1HVEE\">The secret of limestone (GC1HVEE)<\/a>&#8220; (\u00fcbrigens vom deutschen Ownerpaar &#8222;road runner and susi&#8220;, von denen auch The Dark Dome und der Falkensteiner Absacker sind). Auch hier werden zumindest die letzten Meter recht Terrain-lastig (T4), die Ausblicke sind aber ebenfalls spektakul\u00e4r:<\/p>\n<div id=\"attachment_435\" style=\"width: 610px\" class=\"wp-caption aligncenter\"><a title=\"Limestone\" href=\"https:\/\/www.byter.de\/wordpress\/wp-content\/gallery\/portugal-algarve\/leuchtturm3-1200.jpg\" target=\"_blank\" rel=\"noopener noreferrer\"><img aria-describedby=\"caption-attachment-435\" decoding=\"async\" loading=\"lazy\" class=\"size-full wp-image-435\" title=\"Limestone1\" src=\"https:\/\/www.byter.de\/wordpress\/wp-content\/uploads\/2011\/07\/Limestone1.jpg\" alt=\"The secret of limestone (GC1HVEE)\" width=\"600\" height=\"389\" srcset=\"https:\/\/www.byter.de\/wordpress\/wp-content\/uploads\/2011\/07\/Limestone1.jpg 600w, https:\/\/www.byter.de\/wordpress\/wp-content\/uploads\/2011\/07\/Limestone1-300x194.jpg 300w\" sizes=\"(max-width: 600px) 100vw, 600px\" \/><\/a><p id=\"caption-attachment-435\" class=\"wp-caption-text\">The secret of limestone (GC1HVEE)<\/p><\/div>\n<p>Aber auch abseits der K\u00fcste gab es einiges zu entdecken &#8211; von entlegenen Bergkapellen wie der&nbsp;<a href=\"http:\/\/coord.info\/GC1NQAC\">Ermida de Sant&#8217;Ana<\/a> (ebenfalls nur \u00fcber recht \u00fcble Schotterpisten samt Flu\u00dfdurchquerung zu erreichen)&#8230;<\/p>\n<div id=\"attachment_442\" style=\"width: 376px\" class=\"wp-caption aligncenter\"><a title=\"Kapelle\" href=\"\/wordpress\/wp-content\/gallery\/portugal-algarve\/bergkapelle-1000h.jpg\" target=\"_blank\" rel=\"noopener noreferrer\"><img aria-describedby=\"caption-attachment-442\" decoding=\"async\" loading=\"lazy\" class=\"size-full wp-image-442\" title=\"bergkapelle-500h\" src=\"https:\/\/www.byter.de\/wordpress\/wp-content\/uploads\/2011\/07\/bergkapelle-500h.jpg\" alt=\"Bergkapelle\" width=\"366\" height=\"500\" srcset=\"https:\/\/www.byter.de\/wordpress\/wp-content\/uploads\/2011\/07\/bergkapelle-500h.jpg 366w, https:\/\/www.byter.de\/wordpress\/wp-content\/uploads\/2011\/07\/bergkapelle-500h-219x300.jpg 219w\" sizes=\"(max-width: 366px) 100vw, 366px\" \/><\/a><p id=\"caption-attachment-442\" class=\"wp-caption-text\">Bergkapelle (bei&nbsp;GC1NQAC)<\/p><\/div>\n<p>&#8230;bis hin zu Wasserf\u00e4llen im Landesinneren (<a href=\"http:\/\/coord.info\/GCZ85M\">Alt\u00e9 l\u00e1 baixo, GCZ85M<\/a>) &#8211; Vielfalt pur.<\/p>\n<div id=\"attachment_444\" style=\"width: 510px\" class=\"wp-caption aligncenter\"><a title=\"Wasserfall\" href=\"\/wordpress\/wp-content\/gallery\/portugal-algarve\/wasserfall1-1200.jpg\" target=\"_blank\" rel=\"noopener noreferrer\"><img aria-describedby=\"caption-attachment-444\" decoding=\"async\" loading=\"lazy\" class=\"size-full wp-image-444\" title=\"wasserfall1-500\" src=\"https:\/\/www.byter.de\/wordpress\/wp-content\/uploads\/2011\/07\/wasserfall1-500.jpg\" alt=\"Wasserfall in Alte (GCZ85M)\" width=\"500\" height=\"322\" srcset=\"https:\/\/www.byter.de\/wordpress\/wp-content\/uploads\/2011\/07\/wasserfall1-500.jpg 500w, https:\/\/www.byter.de\/wordpress\/wp-content\/uploads\/2011\/07\/wasserfall1-500-300x193.jpg 300w\" sizes=\"(max-width: 500px) 100vw, 500px\" \/><\/a><p id=\"caption-attachment-444\" class=\"wp-caption-text\">Wasserfall in Alte (GCZ85M)<\/p><\/div>\n<p>Last but not least stand nat\u00fcrlich auch ein Besuch in Sagres auf dem Programm, dem s\u00fcdwestlichsten Zipfel Europas &#8211; &#8222;<a href=\"http:\/\/coord.info\/GC12CRJ\">The End of the World (GC12CRJ)<\/a>&#8222;.<\/p>\n<p>Alles in Allem ein wirklich traumhafter Urlaub in einer herrlichen und abwechslungsreichen Landschaft. Leider etwas kurz, aber ein Grund mehr, noch einmal wieder zu kommen&#8230;<\/p>\n<p>Hier noch ein paar weitere fotografische Eindr\u00fccke:<\/p>\n<p style=\"text-align: center;\">&nbsp;<strong><!-- default-view.php -->\n<div\n\tclass=\"ngg-galleryoverview default-view \"\n\tid=\"ngg-gallery-918a51dcb57dd240f985943b365ff37b-1\">\n\n\t\t<!-- Thumbnails -->\n\t\t\t\t<div id=\"ngg-image-0\" class=\"ngg-gallery-thumbnail-box \" >\n\t\t\t\t        <div class=\"ngg-gallery-thumbnail\">\n            <a href=\"https:\/\/www.byter.de\/wordpress\/wp-content\/gallery\/portugal-algarve\/leuchtturm2-1200.jpg\"\n               title=\"Leuchtturm in grandioser Kulisse\"\n               data-src=\"https:\/\/www.byter.de\/wordpress\/wp-content\/gallery\/portugal-algarve\/leuchtturm2-1200.jpg\"\n               data-thumbnail=\"https:\/\/www.byter.de\/wordpress\/wp-content\/gallery\/portugal-algarve\/thumbs\/thumbs_leuchtturm2-1200.jpg\"\n               data-image-id=\"304\"\n               data-title=\"leuchtturm2-1200\"\n               data-description=\"Leuchtturm in grandioser Kulisse\"\n               data-image-slug=\"leuchtturm2-1200\"\n               class=\"ngg-fancybox\" rel=\"918a51dcb57dd240f985943b365ff37b\">\n                <img\n                    title=\"leuchtturm2-1200\"\n                    alt=\"leuchtturm2-1200\"\n                    src=\"https:\/\/www.byter.de\/wordpress\/wp-content\/gallery\/portugal-algarve\/thumbs\/thumbs_leuchtturm2-1200.jpg\"\n                    width=\"100\"\n                    height=\"75\"\n                    style=\"max-width:100%;\"\n                \/>\n            <\/a>\n        <\/div>\n\t\t\t\t\t\t\t<\/div> \n\t\t\t\n\t\t\t\t<div id=\"ngg-image-1\" class=\"ngg-gallery-thumbnail-box \" >\n\t\t\t\t        <div class=\"ngg-gallery-thumbnail\">\n            <a href=\"https:\/\/www.byter.de\/wordpress\/wp-content\/gallery\/portugal-algarve\/felsenkueste1-1000h.jpg\"\n               title=\"Malerische K\u00fcste vor Lagos\"\n               data-src=\"https:\/\/www.byter.de\/wordpress\/wp-content\/gallery\/portugal-algarve\/felsenkueste1-1000h.jpg\"\n               data-thumbnail=\"https:\/\/www.byter.de\/wordpress\/wp-content\/gallery\/portugal-algarve\/thumbs\/thumbs_felsenkueste1-1000h.jpg\"\n               data-image-id=\"300\"\n               data-title=\"felsenkueste1-1000h\"\n               data-description=\"Malerische K\u00fcste vor Lagos\"\n               data-image-slug=\"felsenkueste1-1000h\"\n               class=\"ngg-fancybox\" rel=\"918a51dcb57dd240f985943b365ff37b\">\n                <img\n                    title=\"felsenkueste1-1000h\"\n                    alt=\"felsenkueste1-1000h\"\n                    src=\"https:\/\/www.byter.de\/wordpress\/wp-content\/gallery\/portugal-algarve\/thumbs\/thumbs_felsenkueste1-1000h.jpg\"\n                    width=\"100\"\n                    height=\"75\"\n                    style=\"max-width:100%;\"\n                \/>\n            <\/a>\n        <\/div>\n\t\t\t\t\t\t\t<\/div> \n\t\t\t\n\t\t\t\t<div id=\"ngg-image-2\" class=\"ngg-gallery-thumbnail-box \" >\n\t\t\t\t        <div class=\"ngg-gallery-thumbnail\">\n            <a href=\"https:\/\/www.byter.de\/wordpress\/wp-content\/gallery\/portugal-algarve\/boot1-1400.jpg\"\n               title=\"Segelboot vor der K\u00fcste von Carvoeiro\"\n               data-src=\"https:\/\/www.byter.de\/wordpress\/wp-content\/gallery\/portugal-algarve\/boot1-1400.jpg\"\n               data-thumbnail=\"https:\/\/www.byter.de\/wordpress\/wp-content\/gallery\/portugal-algarve\/thumbs\/thumbs_boot1-1400.jpg\"\n               data-image-id=\"299\"\n               data-title=\"boot1-1400\"\n               data-description=\"Segelboot vor der K\u00fcste von Carvoeiro\"\n               data-image-slug=\"boot1-1400\"\n               class=\"ngg-fancybox\" rel=\"918a51dcb57dd240f985943b365ff37b\">\n                <img\n                    title=\"boot1-1400\"\n                    alt=\"boot1-1400\"\n                    src=\"https:\/\/www.byter.de\/wordpress\/wp-content\/gallery\/portugal-algarve\/thumbs\/thumbs_boot1-1400.jpg\"\n                    width=\"100\"\n                    height=\"75\"\n                    style=\"max-width:100%;\"\n                \/>\n            <\/a>\n        <\/div>\n\t\t\t\t\t\t\t<\/div> \n\t\t\t\n\t\t\t\t<div id=\"ngg-image-3\" class=\"ngg-gallery-thumbnail-box \" >\n\t\t\t\t        <div class=\"ngg-gallery-thumbnail\">\n            <a href=\"https:\/\/www.byter.de\/wordpress\/wp-content\/gallery\/portugal-algarve\/frau_treppe_1000h.jpg\"\n               title=\"Impressionen aus Silves\"\n               data-src=\"https:\/\/www.byter.de\/wordpress\/wp-content\/gallery\/portugal-algarve\/frau_treppe_1000h.jpg\"\n               data-thumbnail=\"https:\/\/www.byter.de\/wordpress\/wp-content\/gallery\/portugal-algarve\/thumbs\/thumbs_frau_treppe_1000h.jpg\"\n               data-image-id=\"301\"\n               data-title=\"frau_treppe_1000h\"\n               data-description=\"Impressionen aus Silves\"\n               data-image-slug=\"frau_treppe_1000h\"\n               class=\"ngg-fancybox\" rel=\"918a51dcb57dd240f985943b365ff37b\">\n                <img\n                    title=\"frau_treppe_1000h\"\n                    alt=\"frau_treppe_1000h\"\n                    src=\"https:\/\/www.byter.de\/wordpress\/wp-content\/gallery\/portugal-algarve\/thumbs\/thumbs_frau_treppe_1000h.jpg\"\n                    width=\"100\"\n                    height=\"75\"\n                    style=\"max-width:100%;\"\n                \/>\n            <\/a>\n        <\/div>\n\t\t\t\t\t\t\t<\/div> \n\t\t\t\n\t\t\t\t<div id=\"ngg-image-4\" class=\"ngg-gallery-thumbnail-box \" >\n\t\t\t\t        <div class=\"ngg-gallery-thumbnail\">\n            <a href=\"https:\/\/www.byter.de\/wordpress\/wp-content\/gallery\/portugal-algarve\/kaktus-1000h.jpg\"\n               title=\"Vegetation\"\n               data-src=\"https:\/\/www.byter.de\/wordpress\/wp-content\/gallery\/portugal-algarve\/kaktus-1000h.jpg\"\n               data-thumbnail=\"https:\/\/www.byter.de\/wordpress\/wp-content\/gallery\/portugal-algarve\/thumbs\/thumbs_kaktus-1000h.jpg\"\n               data-image-id=\"316\"\n               data-title=\"kaktus-1000h\"\n               data-description=\"Vegetation\"\n               data-image-slug=\"kaktus-1000h\"\n               class=\"ngg-fancybox\" rel=\"918a51dcb57dd240f985943b365ff37b\">\n                <img\n                    title=\"kaktus-1000h\"\n                    alt=\"kaktus-1000h\"\n                    src=\"https:\/\/www.byter.de\/wordpress\/wp-content\/gallery\/portugal-algarve\/thumbs\/thumbs_kaktus-1000h.jpg\"\n                    width=\"100\"\n                    height=\"75\"\n                    style=\"max-width:100%;\"\n                \/>\n            <\/a>\n        <\/div>\n\t\t\t\t\t\t\t<\/div> \n\t\t\t\n\t\t\t\t<div id=\"ngg-image-5\" class=\"ngg-gallery-thumbnail-box \" >\n\t\t\t\t        <div class=\"ngg-gallery-thumbnail\">\n            <a href=\"https:\/\/www.byter.de\/wordpress\/wp-content\/gallery\/portugal-algarve\/leuchtturm1-1000h.jpg\"\n               title=\"Leuchtturm in grandioser Kulisse\"\n               data-src=\"https:\/\/www.byter.de\/wordpress\/wp-content\/gallery\/portugal-algarve\/leuchtturm1-1000h.jpg\"\n               data-thumbnail=\"https:\/\/www.byter.de\/wordpress\/wp-content\/gallery\/portugal-algarve\/thumbs\/thumbs_leuchtturm1-1000h.jpg\"\n               data-image-id=\"303\"\n               data-title=\"leuchtturm1-1000h\"\n               data-description=\"Leuchtturm in grandioser Kulisse\"\n               data-image-slug=\"leuchtturm1-1000h\"\n               class=\"ngg-fancybox\" rel=\"918a51dcb57dd240f985943b365ff37b\">\n                <img\n                    title=\"leuchtturm1-1000h\"\n                    alt=\"leuchtturm1-1000h\"\n                    src=\"https:\/\/www.byter.de\/wordpress\/wp-content\/gallery\/portugal-algarve\/thumbs\/thumbs_leuchtturm1-1000h.jpg\"\n                    width=\"100\"\n                    height=\"75\"\n                    style=\"max-width:100%;\"\n                \/>\n            <\/a>\n        <\/div>\n\t\t\t\t\t\t\t<\/div> \n\t\t\t\n\t\t\t\t<div id=\"ngg-image-6\" class=\"ngg-gallery-thumbnail-box \" >\n\t\t\t\t        <div class=\"ngg-gallery-thumbnail\">\n            <a href=\"https:\/\/www.byter.de\/wordpress\/wp-content\/gallery\/portugal-algarve\/strand-see-boden-1200.jpg\"\n               title=\"Meerblick\"\n               data-src=\"https:\/\/www.byter.de\/wordpress\/wp-content\/gallery\/portugal-algarve\/strand-see-boden-1200.jpg\"\n               data-thumbnail=\"https:\/\/www.byter.de\/wordpress\/wp-content\/gallery\/portugal-algarve\/thumbs\/thumbs_strand-see-boden-1200.jpg\"\n               data-image-id=\"337\"\n               data-title=\"strand-see-boden-1200\"\n               data-description=\"Meerblick\"\n               data-image-slug=\"strand-see-boden-1200\"\n               class=\"ngg-fancybox\" rel=\"918a51dcb57dd240f985943b365ff37b\">\n                <img\n                    title=\"strand-see-boden-1200\"\n                    alt=\"strand-see-boden-1200\"\n                    src=\"https:\/\/www.byter.de\/wordpress\/wp-content\/gallery\/portugal-algarve\/thumbs\/thumbs_strand-see-boden-1200.jpg\"\n                    width=\"100\"\n                    height=\"75\"\n                    style=\"max-width:100%;\"\n                \/>\n            <\/a>\n        <\/div>\n\t\t\t\t\t\t\t<\/div> \n\t\t\t\n\t\t\t\t<div id=\"ngg-image-7\" class=\"ngg-gallery-thumbnail-box \" >\n\t\t\t\t        <div class=\"ngg-gallery-thumbnail\">\n            <a href=\"https:\/\/www.byter.de\/wordpress\/wp-content\/gallery\/portugal-algarve\/leuchtturm3-1200.jpg\"\n               title=\"Fantastische Ausblicke\"\n               data-src=\"https:\/\/www.byter.de\/wordpress\/wp-content\/gallery\/portugal-algarve\/leuchtturm3-1200.jpg\"\n               data-thumbnail=\"https:\/\/www.byter.de\/wordpress\/wp-content\/gallery\/portugal-algarve\/thumbs\/thumbs_leuchtturm3-1200.jpg\"\n               data-image-id=\"305\"\n               data-title=\"leuchtturm3-1200\"\n               data-description=\"Fantastische Ausblicke\"\n               data-image-slug=\"leuchtturm3-1200\"\n               class=\"ngg-fancybox\" rel=\"918a51dcb57dd240f985943b365ff37b\">\n                <img\n                    title=\"leuchtturm3-1200\"\n                    alt=\"leuchtturm3-1200\"\n                    src=\"https:\/\/www.byter.de\/wordpress\/wp-content\/gallery\/portugal-algarve\/thumbs\/thumbs_leuchtturm3-1200.jpg\"\n                    width=\"100\"\n                    height=\"75\"\n                    style=\"max-width:100%;\"\n                \/>\n            <\/a>\n        <\/div>\n\t\t\t\t\t\t\t<\/div> \n\t\t\t\n\t\t\t\t<div id=\"ngg-image-8\" class=\"ngg-gallery-thumbnail-box \" >\n\t\t\t\t        <div class=\"ngg-gallery-thumbnail\">\n            <a href=\"https:\/\/www.byter.de\/wordpress\/wp-content\/gallery\/portugal-algarve\/sackgasse.jpg\"\n               title=\"Sackgasse! (Auf dem Weg zu Jonathan...)\"\n               data-src=\"https:\/\/www.byter.de\/wordpress\/wp-content\/gallery\/portugal-algarve\/sackgasse.jpg\"\n               data-thumbnail=\"https:\/\/www.byter.de\/wordpress\/wp-content\/gallery\/portugal-algarve\/thumbs\/thumbs_sackgasse.jpg\"\n               data-image-id=\"332\"\n               data-title=\"sackgasse\"\n               data-description=\"Sackgasse! (Auf dem Weg zu Jonathan...)\"\n               data-image-slug=\"sackgasse\"\n               class=\"ngg-fancybox\" rel=\"918a51dcb57dd240f985943b365ff37b\">\n                <img\n                    title=\"sackgasse\"\n                    alt=\"sackgasse\"\n                    src=\"https:\/\/www.byter.de\/wordpress\/wp-content\/gallery\/portugal-algarve\/thumbs\/thumbs_sackgasse.jpg\"\n                    width=\"100\"\n                    height=\"75\"\n                    style=\"max-width:100%;\"\n                \/>\n            <\/a>\n        <\/div>\n\t\t\t\t\t\t\t<\/div> \n\t\t\t\n\t\t\t\t<div id=\"ngg-image-9\" class=\"ngg-gallery-thumbnail-box \" >\n\t\t\t\t        <div class=\"ngg-gallery-thumbnail\">\n            <a href=\"https:\/\/www.byter.de\/wordpress\/wp-content\/gallery\/portugal-algarve\/schotterpiste-1200.jpg\"\n               title=\"Bergpiste (Auf dem Weg zu Jonathan...)\"\n               data-src=\"https:\/\/www.byter.de\/wordpress\/wp-content\/gallery\/portugal-algarve\/schotterpiste-1200.jpg\"\n               data-thumbnail=\"https:\/\/www.byter.de\/wordpress\/wp-content\/gallery\/portugal-algarve\/thumbs\/thumbs_schotterpiste-1200.jpg\"\n               data-image-id=\"334\"\n               data-title=\"schotterpiste-1200\"\n               data-description=\"Bergpiste (Auf dem Weg zu Jonathan...)\"\n               data-image-slug=\"schotterpiste-1200\"\n               class=\"ngg-fancybox\" rel=\"918a51dcb57dd240f985943b365ff37b\">\n                <img\n                    title=\"schotterpiste-1200\"\n                    alt=\"schotterpiste-1200\"\n                    src=\"https:\/\/www.byter.de\/wordpress\/wp-content\/gallery\/portugal-algarve\/thumbs\/thumbs_schotterpiste-1200.jpg\"\n                    width=\"100\"\n                    height=\"75\"\n                    style=\"max-width:100%;\"\n                \/>\n            <\/a>\n        <\/div>\n\t\t\t\t\t\t\t<\/div> \n\t\t\t\n\t\t\t\t<div id=\"ngg-image-10\" class=\"ngg-gallery-thumbnail-box \" >\n\t\t\t\t        <div class=\"ngg-gallery-thumbnail\">\n            <a href=\"https:\/\/www.byter.de\/wordpress\/wp-content\/gallery\/portugal-algarve\/traumstrand1-1400.jpg\"\n               title=\"Ein Traumstrand wie er sch\u00f6ner nicht sein k\u00f6nnte...\r\nThe Nest of Jonathan Livingston Seagul\"\n               data-src=\"https:\/\/www.byter.de\/wordpress\/wp-content\/gallery\/portugal-algarve\/traumstrand1-1400.jpg\"\n               data-thumbnail=\"https:\/\/www.byter.de\/wordpress\/wp-content\/gallery\/portugal-algarve\/thumbs\/thumbs_traumstrand1-1400.jpg\"\n               data-image-id=\"338\"\n               data-title=\"traumstrand1-1400\"\n               data-description=\"Ein Traumstrand wie er sch\u00f6ner nicht sein k\u00f6nnte...\r\nThe Nest of Jonathan Livingston Seagul\"\n               data-image-slug=\"traumstrand1-1400\"\n               class=\"ngg-fancybox\" rel=\"918a51dcb57dd240f985943b365ff37b\">\n                <img\n                    title=\"traumstrand1-1400\"\n                    alt=\"traumstrand1-1400\"\n                    src=\"https:\/\/www.byter.de\/wordpress\/wp-content\/gallery\/portugal-algarve\/thumbs\/thumbs_traumstrand1-1400.jpg\"\n                    width=\"100\"\n                    height=\"75\"\n                    style=\"max-width:100%;\"\n                \/>\n            <\/a>\n        <\/div>\n\t\t\t\t\t\t\t<\/div> \n\t\t\t\n\t\t\t\t<div id=\"ngg-image-11\" class=\"ngg-gallery-thumbnail-box \" >\n\t\t\t\t        <div class=\"ngg-gallery-thumbnail\">\n            <a href=\"https:\/\/www.byter.de\/wordpress\/wp-content\/gallery\/portugal-algarve\/traumstrand2-1400.jpg\"\n               title=\"Traumstrand - The Nest of Jonathan Livingston Seagul\"\n               data-src=\"https:\/\/www.byter.de\/wordpress\/wp-content\/gallery\/portugal-algarve\/traumstrand2-1400.jpg\"\n               data-thumbnail=\"https:\/\/www.byter.de\/wordpress\/wp-content\/gallery\/portugal-algarve\/thumbs\/thumbs_traumstrand2-1400.jpg\"\n               data-image-id=\"339\"\n               data-title=\"traumstrand2-1400\"\n               data-description=\"Traumstrand - The Nest of Jonathan Livingston Seagul\"\n               data-image-slug=\"traumstrand2-1400\"\n               class=\"ngg-fancybox\" rel=\"918a51dcb57dd240f985943b365ff37b\">\n                <img\n                    title=\"traumstrand2-1400\"\n                    alt=\"traumstrand2-1400\"\n                    src=\"https:\/\/www.byter.de\/wordpress\/wp-content\/gallery\/portugal-algarve\/thumbs\/thumbs_traumstrand2-1400.jpg\"\n                    width=\"100\"\n                    height=\"75\"\n                    style=\"max-width:100%;\"\n                \/>\n            <\/a>\n        <\/div>\n\t\t\t\t\t\t\t<\/div> \n\t\t\t\n\t\t\t\t<div id=\"ngg-image-12\" class=\"ngg-gallery-thumbnail-box \" >\n\t\t\t\t        <div class=\"ngg-gallery-thumbnail\">\n            <a href=\"https:\/\/www.byter.de\/wordpress\/wp-content\/gallery\/portugal-algarve\/traumstrand3-1000h.jpg\"\n               title=\"Traumstrand - The Nest of Jonathan Livingston Seagul\"\n               data-src=\"https:\/\/www.byter.de\/wordpress\/wp-content\/gallery\/portugal-algarve\/traumstrand3-1000h.jpg\"\n               data-thumbnail=\"https:\/\/www.byter.de\/wordpress\/wp-content\/gallery\/portugal-algarve\/thumbs\/thumbs_traumstrand3-1000h.jpg\"\n               data-image-id=\"340\"\n               data-title=\"traumstrand3-1000h\"\n               data-description=\"Traumstrand - The Nest of Jonathan Livingston Seagul\"\n               data-image-slug=\"traumstrand3-1000h\"\n               class=\"ngg-fancybox\" rel=\"918a51dcb57dd240f985943b365ff37b\">\n                <img\n                    title=\"traumstrand3-1000h\"\n                    alt=\"traumstrand3-1000h\"\n                    src=\"https:\/\/www.byter.de\/wordpress\/wp-content\/gallery\/portugal-algarve\/thumbs\/thumbs_traumstrand3-1000h.jpg\"\n                    width=\"100\"\n                    height=\"75\"\n                    style=\"max-width:100%;\"\n                \/>\n            <\/a>\n        <\/div>\n\t\t\t\t\t\t\t<\/div> \n\t\t\t\n\t\t\t\t<div id=\"ngg-image-13\" class=\"ngg-gallery-thumbnail-box \" >\n\t\t\t\t        <div class=\"ngg-gallery-thumbnail\">\n            <a href=\"https:\/\/www.byter.de\/wordpress\/wp-content\/gallery\/portugal-algarve\/lost_kapelle_1000h.jpg\"\n               title=\"\\&quot;Lost\\&quot; Kapelle am Wegesrand\"\n               data-src=\"https:\/\/www.byter.de\/wordpress\/wp-content\/gallery\/portugal-algarve\/lost_kapelle_1000h.jpg\"\n               data-thumbnail=\"https:\/\/www.byter.de\/wordpress\/wp-content\/gallery\/portugal-algarve\/thumbs\/thumbs_lost_kapelle_1000h.jpg\"\n               data-image-id=\"322\"\n               data-title=\"lost_kapelle_1000h\"\n               data-description=\"&quot;Lost&quot; Kapelle am Wegesrand\"\n               data-image-slug=\"lost_kapelle_1000h\"\n               class=\"ngg-fancybox\" rel=\"918a51dcb57dd240f985943b365ff37b\">\n                <img\n                    title=\"lost_kapelle_1000h\"\n                    alt=\"lost_kapelle_1000h\"\n                    src=\"https:\/\/www.byter.de\/wordpress\/wp-content\/gallery\/portugal-algarve\/thumbs\/thumbs_lost_kapelle_1000h.jpg\"\n                    width=\"100\"\n                    height=\"75\"\n                    style=\"max-width:100%;\"\n                \/>\n            <\/a>\n        <\/div>\n\t\t\t\t\t\t\t<\/div> \n\t\t\t\n\t\t\t\t<div id=\"ngg-image-14\" class=\"ngg-gallery-thumbnail-box \" >\n\t\t\t\t        <div class=\"ngg-gallery-thumbnail\">\n            <a href=\"https:\/\/www.byter.de\/wordpress\/wp-content\/gallery\/portugal-algarve\/haken_1000h.jpg\"\n               title=\"Hafeneindr\u00fccke, Lagos\"\n               data-src=\"https:\/\/www.byter.de\/wordpress\/wp-content\/gallery\/portugal-algarve\/haken_1000h.jpg\"\n               data-thumbnail=\"https:\/\/www.byter.de\/wordpress\/wp-content\/gallery\/portugal-algarve\/thumbs\/thumbs_haken_1000h.jpg\"\n               data-image-id=\"315\"\n               data-title=\"haken_1000h\"\n               data-description=\"Hafeneindr\u00fccke, Lagos\"\n               data-image-slug=\"haken_1000h\"\n               class=\"ngg-fancybox\" rel=\"918a51dcb57dd240f985943b365ff37b\">\n                <img\n                    title=\"haken_1000h\"\n                    alt=\"haken_1000h\"\n                    src=\"https:\/\/www.byter.de\/wordpress\/wp-content\/gallery\/portugal-algarve\/thumbs\/thumbs_haken_1000h.jpg\"\n                    width=\"100\"\n                    height=\"75\"\n                    style=\"max-width:100%;\"\n                \/>\n            <\/a>\n        <\/div>\n\t\t\t\t\t\t\t<\/div> \n\t\t\t\n\t\t\t\t<div id=\"ngg-image-15\" class=\"ngg-gallery-thumbnail-box \" >\n\t\t\t\t        <div class=\"ngg-gallery-thumbnail\">\n            <a href=\"https:\/\/www.byter.de\/wordpress\/wp-content\/gallery\/portugal-algarve\/gasse1-1000h.jpg\"\n               title=\"G\u00e4sschen in Loul\u00e9\"\n               data-src=\"https:\/\/www.byter.de\/wordpress\/wp-content\/gallery\/portugal-algarve\/gasse1-1000h.jpg\"\n               data-thumbnail=\"https:\/\/www.byter.de\/wordpress\/wp-content\/gallery\/portugal-algarve\/thumbs\/thumbs_gasse1-1000h.jpg\"\n               data-image-id=\"302\"\n               data-title=\"gasse1-1000h\"\n               data-description=\"G\u00e4sschen in Loul\u00e9\"\n               data-image-slug=\"gasse1-1000h\"\n               class=\"ngg-fancybox\" rel=\"918a51dcb57dd240f985943b365ff37b\">\n                <img\n                    title=\"gasse1-1000h\"\n                    alt=\"gasse1-1000h\"\n                    src=\"https:\/\/www.byter.de\/wordpress\/wp-content\/gallery\/portugal-algarve\/thumbs\/thumbs_gasse1-1000h.jpg\"\n                    width=\"100\"\n                    height=\"75\"\n                    style=\"max-width:100%;\"\n                \/>\n            <\/a>\n        <\/div>\n\t\t\t\t\t\t\t<\/div> \n\t\t\t\n\t\t\t\t<div id=\"ngg-image-16\" class=\"ngg-gallery-thumbnail-box \" >\n\t\t\t\t        <div class=\"ngg-gallery-thumbnail\">\n            <a href=\"https:\/\/www.byter.de\/wordpress\/wp-content\/gallery\/portugal-algarve\/alte-1200.jpg\"\n               title=\"Fluss in Alt\u00e9\"\n               data-src=\"https:\/\/www.byter.de\/wordpress\/wp-content\/gallery\/portugal-algarve\/alte-1200.jpg\"\n               data-thumbnail=\"https:\/\/www.byter.de\/wordpress\/wp-content\/gallery\/portugal-algarve\/thumbs\/thumbs_alte-1200.jpg\"\n               data-image-id=\"306\"\n               data-title=\"alte-1200\"\n               data-description=\"Fluss in Alt\u00e9\"\n               data-image-slug=\"alte-1200\"\n               class=\"ngg-fancybox\" rel=\"918a51dcb57dd240f985943b365ff37b\">\n                <img\n                    title=\"alte-1200\"\n                    alt=\"alte-1200\"\n                    src=\"https:\/\/www.byter.de\/wordpress\/wp-content\/gallery\/portugal-algarve\/thumbs\/thumbs_alte-1200.jpg\"\n                    width=\"100\"\n                    height=\"75\"\n                    style=\"max-width:100%;\"\n                \/>\n            <\/a>\n        <\/div>\n\t\t\t\t\t\t\t<\/div> \n\t\t\t\n\t\t\t\t<div id=\"ngg-image-17\" class=\"ngg-gallery-thumbnail-box \" >\n\t\t\t\t        <div class=\"ngg-gallery-thumbnail\">\n            <a href=\"https:\/\/www.byter.de\/wordpress\/wp-content\/gallery\/portugal-algarve\/alte2-1000h.jpg\"\n               title=\"Alt\u00e9\"\n               data-src=\"https:\/\/www.byter.de\/wordpress\/wp-content\/gallery\/portugal-algarve\/alte2-1000h.jpg\"\n               data-thumbnail=\"https:\/\/www.byter.de\/wordpress\/wp-content\/gallery\/portugal-algarve\/thumbs\/thumbs_alte2-1000h.jpg\"\n               data-image-id=\"307\"\n               data-title=\"alte2-1000h\"\n               data-description=\"Alt\u00e9\"\n               data-image-slug=\"alte2-1000h\"\n               class=\"ngg-fancybox\" rel=\"918a51dcb57dd240f985943b365ff37b\">\n                <img\n                    title=\"alte2-1000h\"\n                    alt=\"alte2-1000h\"\n                    src=\"https:\/\/www.byter.de\/wordpress\/wp-content\/gallery\/portugal-algarve\/thumbs\/thumbs_alte2-1000h.jpg\"\n                    width=\"100\"\n                    height=\"75\"\n                    style=\"max-width:100%;\"\n                \/>\n            <\/a>\n        <\/div>\n\t\t\t\t\t\t\t<\/div> \n\t\t\t\n\t\t\t\t<div id=\"ngg-image-18\" class=\"ngg-gallery-thumbnail-box \" >\n\t\t\t\t        <div class=\"ngg-gallery-thumbnail\">\n            <a href=\"https:\/\/www.byter.de\/wordpress\/wp-content\/gallery\/portugal-algarve\/alte3-mosaik-1200.jpg\"\n               title=\"Sympathische Keramik in Alt\u00e9 ;)\"\n               data-src=\"https:\/\/www.byter.de\/wordpress\/wp-content\/gallery\/portugal-algarve\/alte3-mosaik-1200.jpg\"\n               data-thumbnail=\"https:\/\/www.byter.de\/wordpress\/wp-content\/gallery\/portugal-algarve\/thumbs\/thumbs_alte3-mosaik-1200.jpg\"\n               data-image-id=\"308\"\n               data-title=\"alte3-mosaik-1200\"\n               data-description=\"Sympathische Keramik in Alt\u00e9 ;)\"\n               data-image-slug=\"alte3-mosaik-1200\"\n               class=\"ngg-fancybox\" rel=\"918a51dcb57dd240f985943b365ff37b\">\n                <img\n                    title=\"alte3-mosaik-1200\"\n                    alt=\"alte3-mosaik-1200\"\n                    src=\"https:\/\/www.byter.de\/wordpress\/wp-content\/gallery\/portugal-algarve\/thumbs\/thumbs_alte3-mosaik-1200.jpg\"\n                    width=\"100\"\n                    height=\"75\"\n                    style=\"max-width:100%;\"\n                \/>\n            <\/a>\n        <\/div>\n\t\t\t\t\t\t\t<\/div> \n\t\t\t\n\t\t\t\t<div id=\"ngg-image-19\" class=\"ngg-gallery-thumbnail-box \" >\n\t\t\t\t        <div class=\"ngg-gallery-thumbnail\">\n            <a href=\"https:\/\/www.byter.de\/wordpress\/wp-content\/gallery\/portugal-algarve\/blumen1-1200.jpg\"\n               title=\"Blumenpracht in Lagos\"\n               data-src=\"https:\/\/www.byter.de\/wordpress\/wp-content\/gallery\/portugal-algarve\/blumen1-1200.jpg\"\n               data-thumbnail=\"https:\/\/www.byter.de\/wordpress\/wp-content\/gallery\/portugal-algarve\/thumbs\/thumbs_blumen1-1200.jpg\"\n               data-image-id=\"310\"\n               data-title=\"blumen1-1200\"\n               data-description=\"Blumenpracht in Lagos\"\n               data-image-slug=\"blumen1-1200\"\n               class=\"ngg-fancybox\" rel=\"918a51dcb57dd240f985943b365ff37b\">\n                <img\n                    title=\"blumen1-1200\"\n                    alt=\"blumen1-1200\"\n                    src=\"https:\/\/www.byter.de\/wordpress\/wp-content\/gallery\/portugal-algarve\/thumbs\/thumbs_blumen1-1200.jpg\"\n                    width=\"100\"\n                    height=\"75\"\n                    style=\"max-width:100%;\"\n                \/>\n            <\/a>\n        <\/div>\n\t\t\t\t\t\t\t<\/div> \n\t\t\t\n\t\t\t\t<div id=\"ngg-image-20\" class=\"ngg-gallery-thumbnail-box \" >\n\t\t\t\t        <div class=\"ngg-gallery-thumbnail\">\n            <a href=\"https:\/\/www.byter.de\/wordpress\/wp-content\/gallery\/portugal-algarve\/bergkapelle-1000h.jpg\"\n               title=\"Ermida de Sant\\&#039;Ana\"\n               data-src=\"https:\/\/www.byter.de\/wordpress\/wp-content\/gallery\/portugal-algarve\/bergkapelle-1000h.jpg\"\n               data-thumbnail=\"https:\/\/www.byter.de\/wordpress\/wp-content\/gallery\/portugal-algarve\/thumbs\/thumbs_bergkapelle-1000h.jpg\"\n               data-image-id=\"309\"\n               data-title=\"bergkapelle-1000h\"\n               data-description=\"Ermida de Sant&#039;Ana\"\n               data-image-slug=\"bergkapelle-1000h\"\n               class=\"ngg-fancybox\" rel=\"918a51dcb57dd240f985943b365ff37b\">\n                <img\n                    title=\"bergkapelle-1000h\"\n                    alt=\"bergkapelle-1000h\"\n                    src=\"https:\/\/www.byter.de\/wordpress\/wp-content\/gallery\/portugal-algarve\/thumbs\/thumbs_bergkapelle-1000h.jpg\"\n                    width=\"100\"\n                    height=\"75\"\n                    style=\"max-width:100%;\"\n                \/>\n            <\/a>\n        <\/div>\n\t\t\t\t\t\t\t<\/div> \n\t\t\t\n\t\t\t\t<div id=\"ngg-image-21\" class=\"ngg-gallery-thumbnail-box \" >\n\t\t\t\t        <div class=\"ngg-gallery-thumbnail\">\n            <a href=\"https:\/\/www.byter.de\/wordpress\/wp-content\/gallery\/portugal-algarve\/boot_mondschein-1000h.jpg\"\n               title=\"Fischerboot im Mondschein\"\n               data-src=\"https:\/\/www.byter.de\/wordpress\/wp-content\/gallery\/portugal-algarve\/boot_mondschein-1000h.jpg\"\n               data-thumbnail=\"https:\/\/www.byter.de\/wordpress\/wp-content\/gallery\/portugal-algarve\/thumbs\/thumbs_boot_mondschein-1000h.jpg\"\n               data-image-id=\"311\"\n               data-title=\"boot_mondschein-1000h\"\n               data-description=\"Fischerboot im Mondschein\"\n               data-image-slug=\"boot_mondschein-1000h\"\n               class=\"ngg-fancybox\" rel=\"918a51dcb57dd240f985943b365ff37b\">\n                <img\n                    title=\"boot_mondschein-1000h\"\n                    alt=\"boot_mondschein-1000h\"\n                    src=\"https:\/\/www.byter.de\/wordpress\/wp-content\/gallery\/portugal-algarve\/thumbs\/thumbs_boot_mondschein-1000h.jpg\"\n                    width=\"100\"\n                    height=\"75\"\n                    style=\"max-width:100%;\"\n                \/>\n            <\/a>\n        <\/div>\n\t\t\t\t\t\t\t<\/div> \n\t\t\t\n\t\t\t\t<div id=\"ngg-image-22\" class=\"ngg-gallery-thumbnail-box \" >\n\t\t\t\t        <div class=\"ngg-gallery-thumbnail\">\n            <a href=\"https:\/\/www.byter.de\/wordpress\/wp-content\/gallery\/portugal-algarve\/einsamer-strand-1200.jpg\"\n               title=\"Touris? N\u00f6! - Einsamer Sandstrand abseits der Touristenmeilen\"\n               data-src=\"https:\/\/www.byter.de\/wordpress\/wp-content\/gallery\/portugal-algarve\/einsamer-strand-1200.jpg\"\n               data-thumbnail=\"https:\/\/www.byter.de\/wordpress\/wp-content\/gallery\/portugal-algarve\/thumbs\/thumbs_einsamer-strand-1200.jpg\"\n               data-image-id=\"312\"\n               data-title=\"einsamer-strand-1200\"\n               data-description=\"Touris? N\u00f6! - Einsamer Sandstrand abseits der Touristenmeilen\"\n               data-image-slug=\"einsamer-strand-1200\"\n               class=\"ngg-fancybox\" rel=\"918a51dcb57dd240f985943b365ff37b\">\n                <img\n                    title=\"einsamer-strand-1200\"\n                    alt=\"einsamer-strand-1200\"\n                    src=\"https:\/\/www.byter.de\/wordpress\/wp-content\/gallery\/portugal-algarve\/thumbs\/thumbs_einsamer-strand-1200.jpg\"\n                    width=\"100\"\n                    height=\"75\"\n                    style=\"max-width:100%;\"\n                \/>\n            <\/a>\n        <\/div>\n\t\t\t\t\t\t\t<\/div> \n\t\t\t\n\t\t\t\t<div id=\"ngg-image-23\" class=\"ngg-gallery-thumbnail-box \" >\n\t\t\t\t        <div class=\"ngg-gallery-thumbnail\">\n            <a href=\"https:\/\/www.byter.de\/wordpress\/wp-content\/gallery\/portugal-algarve\/einsamer-strand2-1000h.jpg\"\n               title=\"Herrliche Buchten - Strand mit Schatten, genial!\"\n               data-src=\"https:\/\/www.byter.de\/wordpress\/wp-content\/gallery\/portugal-algarve\/einsamer-strand2-1000h.jpg\"\n               data-thumbnail=\"https:\/\/www.byter.de\/wordpress\/wp-content\/gallery\/portugal-algarve\/thumbs\/thumbs_einsamer-strand2-1000h.jpg\"\n               data-image-id=\"313\"\n               data-title=\"einsamer-strand2-1000h\"\n               data-description=\"Herrliche Buchten - Strand mit Schatten, genial!\"\n               data-image-slug=\"einsamer-strand2-1000h\"\n               class=\"ngg-fancybox\" rel=\"918a51dcb57dd240f985943b365ff37b\">\n                <img\n                    title=\"einsamer-strand2-1000h\"\n                    alt=\"einsamer-strand2-1000h\"\n                    src=\"https:\/\/www.byter.de\/wordpress\/wp-content\/gallery\/portugal-algarve\/thumbs\/thumbs_einsamer-strand2-1000h.jpg\"\n                    width=\"100\"\n                    height=\"75\"\n                    style=\"max-width:100%;\"\n                \/>\n            <\/a>\n        <\/div>\n\t\t\t\t\t\t\t<\/div> \n\t\t\t\n\t\n\t<br style=\"clear: both\" \/>\n\n\t\n\t\t<!-- Pagination -->\n\t<div class='ngg-navigation'><span class='current'>1<\/span>\n<a class='page-numbers' data-pageid='2' href='https:\/\/www.byter.de\/wordpress\/index.php\/nggallery\/page\/2?page_id=425'>2<\/a>\n<a class='prev' href='https:\/\/www.byter.de\/wordpress\/index.php\/nggallery\/page\/2?page_id=425' data-pageid=2>&#9658;<\/a><\/div>\t<\/div>\n<\/strong><\/p>\n<p>&nbsp;<\/p>\n","protected":false},"excerpt":{"rendered":"<p>Juli 2011. Anl\u00e4\u00dflich eines runden Geburtstages (nein, nicht meiner \ud83d\ude09 ) in der Familie ging es f\u00fcr einen 6-t\u00e4gigen Kurzurlaub nach Portugal an die Algarve. Neben Feiern und ein wenig die Seele baumeln lassen stand nat\u00fcrlich auch etwas Fotografieren und &hellip; <a href=\"https:\/\/www.byter.de\/wordpress\/?page_id=425\">Weiterlesen <span class=\"meta-nav\">&rarr;<\/span><\/a><\/p>\n","protected":false},"author":1,"featured_media":426,"parent":2495,"menu_order":67,"comment_status":"open","ping_status":"open","template":"","meta":{"ngg_post_thumbnail":0},"_links":{"self":[{"href":"https:\/\/www.byter.de\/wordpress\/index.php?rest_route=\/wp\/v2\/pages\/425"}],"collection":[{"href":"https:\/\/www.byter.de\/wordpress\/index.php?rest_route=\/wp\/v2\/pages"}],"about":[{"href":"https:\/\/www.byter.de\/wordpress\/index.php?rest_route=\/wp\/v2\/types\/page"}],"author":[{"embeddable":true,"href":"https:\/\/www.byter.de\/wordpress\/index.php?rest_route=\/wp\/v2\/users\/1"}],"replies":[{"embeddable":true,"href":"https:\/\/www.byter.de\/wordpress\/index.php?rest_route=%2Fwp%2Fv2%2Fcomments&post=425"}],"version-history":[{"count":32,"href":"https:\/\/www.byter.de\/wordpress\/index.php?rest_route=\/wp\/v2\/pages\/425\/revisions"}],"predecessor-version":[{"id":2501,"href":"https:\/\/www.byter.de\/wordpress\/index.php?rest_route=\/wp\/v2\/pages\/425\/revisions\/2501"}],"up":[{"embeddable":true,"href":"https:\/\/www.byter.de\/wordpress\/index.php?rest_route=\/wp\/v2\/pages\/2495"}],"wp:featuredmedia":[{"embeddable":true,"href":"https:\/\/www.byter.de\/wordpress\/index.php?rest_route=\/wp\/v2\/media\/426"}],"wp:attachment":[{"href":"https:\/\/www.byter.de\/wordpress\/index.php?rest_route=%2Fwp%2Fv2%2Fmedia&parent=425"}],"curies":[{"name":"wp","href":"https:\/\/api.w.org\/{rel}","templated":true}]}}