{"id":476,"date":"2011-08-14T22:03:18","date_gmt":"2011-08-14T21:03:18","guid":{"rendered":"http:\/\/gc.x3.net\/wordpress\/?page_id=476"},"modified":"2011-08-14T22:03:18","modified_gmt":"2011-08-14T21:03:18","slug":"die-reha-klinik","status":"publish","type":"page","link":"https:\/\/www.byter.de\/wordpress\/?page_id=476","title":{"rendered":"Die Reha-Klinik"},"content":{"rendered":"<p>W\u00e4hrend im Hintergrund schon die Abriss-Bagger aktiv waren (zum Gl\u00fcck waren die zun\u00e4chst nur mit dem Gr\u00fcnzeug besch\u00e4ftigt \ud83d\ude09 ), konnten wir die wohl wirklich letzten Tage einer ehemaligen Reha-Klinik in einigen Fotos festhalten&#8230;<\/p>\n<p>Trotz des recht starken Verfalls und Vandalismus war noch erstaunlich viel Inventar vorhanden &#8211; und das ein oder andere Motiv:<\/p>\n<p style=\"text-align: center;\"><!-- default-view.php -->\n<div\n\tclass=\"ngg-galleryoverview default-view \"\n\tid=\"ngg-gallery-14c66e396060323ea4bdd10d4e5aac3b-1\">\n\n\t\t<!-- Thumbnails -->\n\t\t\t\t<div id=\"ngg-image-0\" class=\"ngg-gallery-thumbnail-box \" >\n\t\t\t\t        <div class=\"ngg-gallery-thumbnail\">\n            <a href=\"https:\/\/www.byter.de\/wordpress\/wp-content\/gallery\/reha-klinik\/spitzen1-1200.jpg\"\n               title=\"Spitze Hinterlassenschaften\"\n               data-src=\"https:\/\/www.byter.de\/wordpress\/wp-content\/gallery\/reha-klinik\/spitzen1-1200.jpg\"\n               data-thumbnail=\"https:\/\/www.byter.de\/wordpress\/wp-content\/gallery\/reha-klinik\/thumbs\/thumbs_spitzen1-1200.jpg\"\n               data-image-id=\"363\"\n               data-title=\"spitzen1-1200\"\n               data-description=\"Spitze Hinterlassenschaften\"\n               data-image-slug=\"spitzen1-1200\"\n               class=\"ngg-fancybox\" rel=\"14c66e396060323ea4bdd10d4e5aac3b\">\n                <img\n                    title=\"spitzen1-1200\"\n                    alt=\"spitzen1-1200\"\n                    src=\"https:\/\/www.byter.de\/wordpress\/wp-content\/gallery\/reha-klinik\/thumbs\/thumbs_spitzen1-1200.jpg\"\n                    width=\"100\"\n                    height=\"75\"\n                    style=\"max-width:100%;\"\n                \/>\n            <\/a>\n        <\/div>\n\t\t\t\t\t\t\t<\/div> \n\t\t\t\n\t\t\t\t<div id=\"ngg-image-1\" class=\"ngg-gallery-thumbnail-box \" >\n\t\t\t\t        <div class=\"ngg-gallery-thumbnail\">\n            <a href=\"https:\/\/www.byter.de\/wordpress\/wp-content\/gallery\/reha-klinik\/patientendaten1-1200.jpg\"\n               title=\"Patientendaten...\"\n               data-src=\"https:\/\/www.byter.de\/wordpress\/wp-content\/gallery\/reha-klinik\/patientendaten1-1200.jpg\"\n               data-thumbnail=\"https:\/\/www.byter.de\/wordpress\/wp-content\/gallery\/reha-klinik\/thumbs\/thumbs_patientendaten1-1200.jpg\"\n               data-image-id=\"357\"\n               data-title=\"patientendaten1-1200\"\n               data-description=\"Patientendaten...\"\n               data-image-slug=\"patientendaten1-1200\"\n               class=\"ngg-fancybox\" rel=\"14c66e396060323ea4bdd10d4e5aac3b\">\n                <img\n                    title=\"patientendaten1-1200\"\n                    alt=\"patientendaten1-1200\"\n                    src=\"https:\/\/www.byter.de\/wordpress\/wp-content\/gallery\/reha-klinik\/thumbs\/thumbs_patientendaten1-1200.jpg\"\n                    width=\"100\"\n                    height=\"75\"\n                    style=\"max-width:100%;\"\n                \/>\n            <\/a>\n        <\/div>\n\t\t\t\t\t\t\t<\/div> \n\t\t\t\n\t\t\t\t<div id=\"ngg-image-2\" class=\"ngg-gallery-thumbnail-box \" >\n\t\t\t\t        <div class=\"ngg-gallery-thumbnail\">\n            <a href=\"https:\/\/www.byter.de\/wordpress\/wp-content\/gallery\/reha-klinik\/biohazard-1200.jpg\"\n               title=\"Biohazard\"\n               data-src=\"https:\/\/www.byter.de\/wordpress\/wp-content\/gallery\/reha-klinik\/biohazard-1200.jpg\"\n               data-thumbnail=\"https:\/\/www.byter.de\/wordpress\/wp-content\/gallery\/reha-klinik\/thumbs\/thumbs_biohazard-1200.jpg\"\n               data-image-id=\"349\"\n               data-title=\"biohazard-1200\"\n               data-description=\"Biohazard\"\n               data-image-slug=\"biohazard-1200\"\n               class=\"ngg-fancybox\" rel=\"14c66e396060323ea4bdd10d4e5aac3b\">\n                <img\n                    title=\"biohazard-1200\"\n                    alt=\"biohazard-1200\"\n                    src=\"https:\/\/www.byter.de\/wordpress\/wp-content\/gallery\/reha-klinik\/thumbs\/thumbs_biohazard-1200.jpg\"\n                    width=\"100\"\n                    height=\"75\"\n                    style=\"max-width:100%;\"\n                \/>\n            <\/a>\n        <\/div>\n\t\t\t\t\t\t\t<\/div> \n\t\t\t\n\t\t\t\t<div id=\"ngg-image-3\" class=\"ngg-gallery-thumbnail-box \" >\n\t\t\t\t        <div class=\"ngg-gallery-thumbnail\">\n            <a href=\"https:\/\/www.byter.de\/wordpress\/wp-content\/gallery\/reha-klinik\/schwimmbad1-try1entzerr-1400.jpg\"\n               title=\"Schwimbad I\"\n               data-src=\"https:\/\/www.byter.de\/wordpress\/wp-content\/gallery\/reha-klinik\/schwimmbad1-try1entzerr-1400.jpg\"\n               data-thumbnail=\"https:\/\/www.byter.de\/wordpress\/wp-content\/gallery\/reha-klinik\/thumbs\/thumbs_schwimmbad1-try1entzerr-1400.jpg\"\n               data-image-id=\"361\"\n               data-title=\"schwimmbad1-try1entzerr-1400\"\n               data-description=\"Schwimbad I\"\n               data-image-slug=\"schwimmbad1-try1entzerr-1400\"\n               class=\"ngg-fancybox\" rel=\"14c66e396060323ea4bdd10d4e5aac3b\">\n                <img\n                    title=\"schwimmbad1-try1entzerr-1400\"\n                    alt=\"schwimmbad1-try1entzerr-1400\"\n                    src=\"https:\/\/www.byter.de\/wordpress\/wp-content\/gallery\/reha-klinik\/thumbs\/thumbs_schwimmbad1-try1entzerr-1400.jpg\"\n                    width=\"100\"\n                    height=\"75\"\n                    style=\"max-width:100%;\"\n                \/>\n            <\/a>\n        <\/div>\n\t\t\t\t\t\t\t<\/div> \n\t\t\t\n\t\t\t\t<div id=\"ngg-image-4\" class=\"ngg-gallery-thumbnail-box \" >\n\t\t\t\t        <div class=\"ngg-gallery-thumbnail\">\n            <a href=\"https:\/\/www.byter.de\/wordpress\/wp-content\/gallery\/reha-klinik\/schwimmbad2-try1-ents1200.jpg\"\n               title=\"Schwimmbad II\"\n               data-src=\"https:\/\/www.byter.de\/wordpress\/wp-content\/gallery\/reha-klinik\/schwimmbad2-try1-ents1200.jpg\"\n               data-thumbnail=\"https:\/\/www.byter.de\/wordpress\/wp-content\/gallery\/reha-klinik\/thumbs\/thumbs_schwimmbad2-try1-ents1200.jpg\"\n               data-image-id=\"362\"\n               data-title=\"schwimmbad2-try1-ents1200\"\n               data-description=\"Schwimmbad II\"\n               data-image-slug=\"schwimmbad2-try1-ents1200\"\n               class=\"ngg-fancybox\" rel=\"14c66e396060323ea4bdd10d4e5aac3b\">\n                <img\n                    title=\"schwimmbad2-try1-ents1200\"\n                    alt=\"schwimmbad2-try1-ents1200\"\n                    src=\"https:\/\/www.byter.de\/wordpress\/wp-content\/gallery\/reha-klinik\/thumbs\/thumbs_schwimmbad2-try1-ents1200.jpg\"\n                    width=\"100\"\n                    height=\"75\"\n                    style=\"max-width:100%;\"\n                \/>\n            <\/a>\n        <\/div>\n\t\t\t\t\t\t\t<\/div> \n\t\t\t\n\t\t\t\t<div id=\"ngg-image-5\" class=\"ngg-gallery-thumbnail-box \" >\n\t\t\t\t        <div class=\"ngg-gallery-thumbnail\">\n            <a href=\"https:\/\/www.byter.de\/wordpress\/wp-content\/gallery\/reha-klinik\/schwimmbad-chemikalien-1000h.jpg\"\n               title=\"Chemikalien\"\n               data-src=\"https:\/\/www.byter.de\/wordpress\/wp-content\/gallery\/reha-klinik\/schwimmbad-chemikalien-1000h.jpg\"\n               data-thumbnail=\"https:\/\/www.byter.de\/wordpress\/wp-content\/gallery\/reha-klinik\/thumbs\/thumbs_schwimmbad-chemikalien-1000h.jpg\"\n               data-image-id=\"360\"\n               data-title=\"schwimmbad-chemikalien-1000h\"\n               data-description=\"Chemikalien\"\n               data-image-slug=\"schwimmbad-chemikalien-1000h\"\n               class=\"ngg-fancybox\" rel=\"14c66e396060323ea4bdd10d4e5aac3b\">\n                <img\n                    title=\"schwimmbad-chemikalien-1000h\"\n                    alt=\"schwimmbad-chemikalien-1000h\"\n                    src=\"https:\/\/www.byter.de\/wordpress\/wp-content\/gallery\/reha-klinik\/thumbs\/thumbs_schwimmbad-chemikalien-1000h.jpg\"\n                    width=\"100\"\n                    height=\"75\"\n                    style=\"max-width:100%;\"\n                \/>\n            <\/a>\n        <\/div>\n\t\t\t\t\t\t\t<\/div> \n\t\t\t\n\t\t\t\t<div id=\"ngg-image-6\" class=\"ngg-gallery-thumbnail-box \" >\n\t\t\t\t        <div class=\"ngg-gallery-thumbnail\">\n            <a href=\"https:\/\/www.byter.de\/wordpress\/wp-content\/gallery\/reha-klinik\/rotes-kreuz-1000h.jpg\"\n               title=\"Hypochlorit\"\n               data-src=\"https:\/\/www.byter.de\/wordpress\/wp-content\/gallery\/reha-klinik\/rotes-kreuz-1000h.jpg\"\n               data-thumbnail=\"https:\/\/www.byter.de\/wordpress\/wp-content\/gallery\/reha-klinik\/thumbs\/thumbs_rotes-kreuz-1000h.jpg\"\n               data-image-id=\"359\"\n               data-title=\"rotes-kreuz-1000h\"\n               data-description=\"Hypochlorit\"\n               data-image-slug=\"rotes-kreuz-1000h\"\n               class=\"ngg-fancybox\" rel=\"14c66e396060323ea4bdd10d4e5aac3b\">\n                <img\n                    title=\"rotes-kreuz-1000h\"\n                    alt=\"rotes-kreuz-1000h\"\n                    src=\"https:\/\/www.byter.de\/wordpress\/wp-content\/gallery\/reha-klinik\/thumbs\/thumbs_rotes-kreuz-1000h.jpg\"\n                    width=\"100\"\n                    height=\"75\"\n                    style=\"max-width:100%;\"\n                \/>\n            <\/a>\n        <\/div>\n\t\t\t\t\t\t\t<\/div> \n\t\t\t\n\t\t\t\t<div id=\"ngg-image-7\" class=\"ngg-gallery-thumbnail-box \" >\n\t\t\t\t        <div class=\"ngg-gallery-thumbnail\">\n            <a href=\"https:\/\/www.byter.de\/wordpress\/wp-content\/gallery\/reha-klinik\/badewanne2-try2-1200.jpg\"\n               title=\"Therapie?\"\n               data-src=\"https:\/\/www.byter.de\/wordpress\/wp-content\/gallery\/reha-klinik\/badewanne2-try2-1200.jpg\"\n               data-thumbnail=\"https:\/\/www.byter.de\/wordpress\/wp-content\/gallery\/reha-klinik\/thumbs\/thumbs_badewanne2-try2-1200.jpg\"\n               data-image-id=\"348\"\n               data-title=\"badewanne2-try2-1200\"\n               data-description=\"Therapie?\"\n               data-image-slug=\"badewanne2-try2-1200\"\n               class=\"ngg-fancybox\" rel=\"14c66e396060323ea4bdd10d4e5aac3b\">\n                <img\n                    title=\"badewanne2-try2-1200\"\n                    alt=\"badewanne2-try2-1200\"\n                    src=\"https:\/\/www.byter.de\/wordpress\/wp-content\/gallery\/reha-klinik\/thumbs\/thumbs_badewanne2-try2-1200.jpg\"\n                    width=\"100\"\n                    height=\"75\"\n                    style=\"max-width:100%;\"\n                \/>\n            <\/a>\n        <\/div>\n\t\t\t\t\t\t\t<\/div> \n\t\t\t\n\t\t\t\t<div id=\"ngg-image-8\" class=\"ngg-gallery-thumbnail-box \" >\n\t\t\t\t        <div class=\"ngg-gallery-thumbnail\">\n            <a href=\"https:\/\/www.byter.de\/wordpress\/wp-content\/gallery\/reha-klinik\/umkleide-1000h.jpg\"\n               title=\"Umkleiden\"\n               data-src=\"https:\/\/www.byter.de\/wordpress\/wp-content\/gallery\/reha-klinik\/umkleide-1000h.jpg\"\n               data-thumbnail=\"https:\/\/www.byter.de\/wordpress\/wp-content\/gallery\/reha-klinik\/thumbs\/thumbs_umkleide-1000h.jpg\"\n               data-image-id=\"366\"\n               data-title=\"umkleide-1000h\"\n               data-description=\"Umkleiden\"\n               data-image-slug=\"umkleide-1000h\"\n               class=\"ngg-fancybox\" rel=\"14c66e396060323ea4bdd10d4e5aac3b\">\n                <img\n                    title=\"umkleide-1000h\"\n                    alt=\"umkleide-1000h\"\n                    src=\"https:\/\/www.byter.de\/wordpress\/wp-content\/gallery\/reha-klinik\/thumbs\/thumbs_umkleide-1000h.jpg\"\n                    width=\"100\"\n                    height=\"75\"\n                    style=\"max-width:100%;\"\n                \/>\n            <\/a>\n        <\/div>\n\t\t\t\t\t\t\t<\/div> \n\t\t\t\n\t\t\t\t<div id=\"ngg-image-9\" class=\"ngg-gallery-thumbnail-box \" >\n\t\t\t\t        <div class=\"ngg-gallery-thumbnail\">\n            <a href=\"https:\/\/www.byter.de\/wordpress\/wp-content\/gallery\/reha-klinik\/armaturen1-1200.jpg\"\n               title=\"Armaturen\"\n               data-src=\"https:\/\/www.byter.de\/wordpress\/wp-content\/gallery\/reha-klinik\/armaturen1-1200.jpg\"\n               data-thumbnail=\"https:\/\/www.byter.de\/wordpress\/wp-content\/gallery\/reha-klinik\/thumbs\/thumbs_armaturen1-1200.jpg\"\n               data-image-id=\"346\"\n               data-title=\"armaturen1-1200\"\n               data-description=\"Armaturen\"\n               data-image-slug=\"armaturen1-1200\"\n               class=\"ngg-fancybox\" rel=\"14c66e396060323ea4bdd10d4e5aac3b\">\n                <img\n                    title=\"armaturen1-1200\"\n                    alt=\"armaturen1-1200\"\n                    src=\"https:\/\/www.byter.de\/wordpress\/wp-content\/gallery\/reha-klinik\/thumbs\/thumbs_armaturen1-1200.jpg\"\n                    width=\"100\"\n                    height=\"75\"\n                    style=\"max-width:100%;\"\n                \/>\n            <\/a>\n        <\/div>\n\t\t\t\t\t\t\t<\/div> \n\t\t\t\n\t\t\t\t<div id=\"ngg-image-10\" class=\"ngg-gallery-thumbnail-box \" >\n\t\t\t\t        <div class=\"ngg-gallery-thumbnail\">\n            <a href=\"https:\/\/www.byter.de\/wordpress\/wp-content\/gallery\/reha-klinik\/total_krank-1200.jpg\"\n               title=\"Aber total!\"\n               data-src=\"https:\/\/www.byter.de\/wordpress\/wp-content\/gallery\/reha-klinik\/total_krank-1200.jpg\"\n               data-thumbnail=\"https:\/\/www.byter.de\/wordpress\/wp-content\/gallery\/reha-klinik\/thumbs\/thumbs_total_krank-1200.jpg\"\n               data-image-id=\"365\"\n               data-title=\"total_krank-1200\"\n               data-description=\"Aber total!\"\n               data-image-slug=\"total_krank-1200\"\n               class=\"ngg-fancybox\" rel=\"14c66e396060323ea4bdd10d4e5aac3b\">\n                <img\n                    title=\"total_krank-1200\"\n                    alt=\"total_krank-1200\"\n                    src=\"https:\/\/www.byter.de\/wordpress\/wp-content\/gallery\/reha-klinik\/thumbs\/thumbs_total_krank-1200.jpg\"\n                    width=\"100\"\n                    height=\"75\"\n                    style=\"max-width:100%;\"\n                \/>\n            <\/a>\n        <\/div>\n\t\t\t\t\t\t\t<\/div> \n\t\t\t\n\t\t\t\t<div id=\"ngg-image-11\" class=\"ngg-gallery-thumbnail-box \" >\n\t\t\t\t        <div class=\"ngg-gallery-thumbnail\">\n            <a href=\"https:\/\/www.byter.de\/wordpress\/wp-content\/gallery\/reha-klinik\/arzneischrank-1200.jpg\"\n               title=\"Goldene Regeln f\u00fcr Patienten mit Herzschw\u00e4che...\"\n               data-src=\"https:\/\/www.byter.de\/wordpress\/wp-content\/gallery\/reha-klinik\/arzneischrank-1200.jpg\"\n               data-thumbnail=\"https:\/\/www.byter.de\/wordpress\/wp-content\/gallery\/reha-klinik\/thumbs\/thumbs_arzneischrank-1200.jpg\"\n               data-image-id=\"347\"\n               data-title=\"arzneischrank-1200\"\n               data-description=\"Goldene Regeln f\u00fcr Patienten mit Herzschw\u00e4che...\"\n               data-image-slug=\"arzneischrank-1200\"\n               class=\"ngg-fancybox\" rel=\"14c66e396060323ea4bdd10d4e5aac3b\">\n                <img\n                    title=\"arzneischrank-1200\"\n                    alt=\"arzneischrank-1200\"\n                    src=\"https:\/\/www.byter.de\/wordpress\/wp-content\/gallery\/reha-klinik\/thumbs\/thumbs_arzneischrank-1200.jpg\"\n                    width=\"100\"\n                    height=\"75\"\n                    style=\"max-width:100%;\"\n                \/>\n            <\/a>\n        <\/div>\n\t\t\t\t\t\t\t<\/div> \n\t\t\t\n\t\t\t\t<div id=\"ngg-image-12\" class=\"ngg-gallery-thumbnail-box \" >\n\t\t\t\t        <div class=\"ngg-gallery-thumbnail\">\n            <a href=\"https:\/\/www.byter.de\/wordpress\/wp-content\/gallery\/reha-klinik\/elektroden1-1200.jpg\"\n               title=\"Elektroden\"\n               data-src=\"https:\/\/www.byter.de\/wordpress\/wp-content\/gallery\/reha-klinik\/elektroden1-1200.jpg\"\n               data-thumbnail=\"https:\/\/www.byter.de\/wordpress\/wp-content\/gallery\/reha-klinik\/thumbs\/thumbs_elektroden1-1200.jpg\"\n               data-image-id=\"350\"\n               data-title=\"elektroden1-1200\"\n               data-description=\"Elektroden\"\n               data-image-slug=\"elektroden1-1200\"\n               class=\"ngg-fancybox\" rel=\"14c66e396060323ea4bdd10d4e5aac3b\">\n                <img\n                    title=\"elektroden1-1200\"\n                    alt=\"elektroden1-1200\"\n                    src=\"https:\/\/www.byter.de\/wordpress\/wp-content\/gallery\/reha-klinik\/thumbs\/thumbs_elektroden1-1200.jpg\"\n                    width=\"100\"\n                    height=\"75\"\n                    style=\"max-width:100%;\"\n                \/>\n            <\/a>\n        <\/div>\n\t\t\t\t\t\t\t<\/div> \n\t\t\t\n\t\t\t\t<div id=\"ngg-image-13\" class=\"ngg-gallery-thumbnail-box \" >\n\t\t\t\t        <div class=\"ngg-gallery-thumbnail\">\n            <a href=\"https:\/\/www.byter.de\/wordpress\/wp-content\/gallery\/reha-klinik\/elektrotherapie-1200.jpg\"\n               title=\"Interessante Kombination\"\n               data-src=\"https:\/\/www.byter.de\/wordpress\/wp-content\/gallery\/reha-klinik\/elektrotherapie-1200.jpg\"\n               data-thumbnail=\"https:\/\/www.byter.de\/wordpress\/wp-content\/gallery\/reha-klinik\/thumbs\/thumbs_elektrotherapie-1200.jpg\"\n               data-image-id=\"351\"\n               data-title=\"elektrotherapie-1200\"\n               data-description=\"Interessante Kombination\"\n               data-image-slug=\"elektrotherapie-1200\"\n               class=\"ngg-fancybox\" rel=\"14c66e396060323ea4bdd10d4e5aac3b\">\n                <img\n                    title=\"elektrotherapie-1200\"\n                    alt=\"elektrotherapie-1200\"\n                    src=\"https:\/\/www.byter.de\/wordpress\/wp-content\/gallery\/reha-klinik\/thumbs\/thumbs_elektrotherapie-1200.jpg\"\n                    width=\"100\"\n                    height=\"75\"\n                    style=\"max-width:100%;\"\n                \/>\n            <\/a>\n        <\/div>\n\t\t\t\t\t\t\t<\/div> \n\t\t\t\n\t\t\t\t<div id=\"ngg-image-14\" class=\"ngg-gallery-thumbnail-box \" >\n\t\t\t\t        <div class=\"ngg-gallery-thumbnail\">\n            <a href=\"https:\/\/www.byter.de\/wordpress\/wp-content\/gallery\/reha-klinik\/liege-1200.jpg\"\n               title=\"Folterbank\"\n               data-src=\"https:\/\/www.byter.de\/wordpress\/wp-content\/gallery\/reha-klinik\/liege-1200.jpg\"\n               data-thumbnail=\"https:\/\/www.byter.de\/wordpress\/wp-content\/gallery\/reha-klinik\/thumbs\/thumbs_liege-1200.jpg\"\n               data-image-id=\"356\"\n               data-title=\"liege-1200\"\n               data-description=\"Folterbank\"\n               data-image-slug=\"liege-1200\"\n               class=\"ngg-fancybox\" rel=\"14c66e396060323ea4bdd10d4e5aac3b\">\n                <img\n                    title=\"liege-1200\"\n                    alt=\"liege-1200\"\n                    src=\"https:\/\/www.byter.de\/wordpress\/wp-content\/gallery\/reha-klinik\/thumbs\/thumbs_liege-1200.jpg\"\n                    width=\"100\"\n                    height=\"75\"\n                    style=\"max-width:100%;\"\n                \/>\n            <\/a>\n        <\/div>\n\t\t\t\t\t\t\t<\/div> \n\t\t\t\n\t\t\t\t<div id=\"ngg-image-15\" class=\"ngg-gallery-thumbnail-box \" >\n\t\t\t\t        <div class=\"ngg-gallery-thumbnail\">\n            <a href=\"https:\/\/www.byter.de\/wordpress\/wp-content\/gallery\/reha-klinik\/falafel-1200.jpg\"\n               title=\"Falafel im Fladenbrot ;)\"\n               data-src=\"https:\/\/www.byter.de\/wordpress\/wp-content\/gallery\/reha-klinik\/falafel-1200.jpg\"\n               data-thumbnail=\"https:\/\/www.byter.de\/wordpress\/wp-content\/gallery\/reha-klinik\/thumbs\/thumbs_falafel-1200.jpg\"\n               data-image-id=\"352\"\n               data-title=\"falafel-1200\"\n               data-description=\"Falafel im Fladenbrot ;)\"\n               data-image-slug=\"falafel-1200\"\n               class=\"ngg-fancybox\" rel=\"14c66e396060323ea4bdd10d4e5aac3b\">\n                <img\n                    title=\"falafel-1200\"\n                    alt=\"falafel-1200\"\n                    src=\"https:\/\/www.byter.de\/wordpress\/wp-content\/gallery\/reha-klinik\/thumbs\/thumbs_falafel-1200.jpg\"\n                    width=\"100\"\n                    height=\"75\"\n                    style=\"max-width:100%;\"\n                \/>\n            <\/a>\n        <\/div>\n\t\t\t\t\t\t\t<\/div> \n\t\t\t\n\t\t\t\t<div id=\"ngg-image-16\" class=\"ngg-gallery-thumbnail-box \" >\n\t\t\t\t        <div class=\"ngg-gallery-thumbnail\">\n            <a href=\"https:\/\/www.byter.de\/wordpress\/wp-content\/gallery\/reha-klinik\/karteiklavier-ckey-1200.jpg\"\n               title=\"...\"\n               data-src=\"https:\/\/www.byter.de\/wordpress\/wp-content\/gallery\/reha-klinik\/karteiklavier-ckey-1200.jpg\"\n               data-thumbnail=\"https:\/\/www.byter.de\/wordpress\/wp-content\/gallery\/reha-klinik\/thumbs\/thumbs_karteiklavier-ckey-1200.jpg\"\n               data-image-id=\"355\"\n               data-title=\"karteiklavier-ckey-1200\"\n               data-description=\"...\"\n               data-image-slug=\"karteiklavier-ckey-1200\"\n               class=\"ngg-fancybox\" rel=\"14c66e396060323ea4bdd10d4e5aac3b\">\n                <img\n                    title=\"karteiklavier-ckey-1200\"\n                    alt=\"karteiklavier-ckey-1200\"\n                    src=\"https:\/\/www.byter.de\/wordpress\/wp-content\/gallery\/reha-klinik\/thumbs\/thumbs_karteiklavier-ckey-1200.jpg\"\n                    width=\"100\"\n                    height=\"75\"\n                    style=\"max-width:100%;\"\n                \/>\n            <\/a>\n        <\/div>\n\t\t\t\t\t\t\t<\/div> \n\t\t\t\n\t\t\t\t<div id=\"ngg-image-17\" class=\"ngg-gallery-thumbnail-box \" >\n\t\t\t\t        <div class=\"ngg-gallery-thumbnail\">\n            <a href=\"https:\/\/www.byter.de\/wordpress\/wp-content\/gallery\/reha-klinik\/flaschen-1200.jpg\"\n               title=\"Prost\"\n               data-src=\"https:\/\/www.byter.de\/wordpress\/wp-content\/gallery\/reha-klinik\/flaschen-1200.jpg\"\n               data-thumbnail=\"https:\/\/www.byter.de\/wordpress\/wp-content\/gallery\/reha-klinik\/thumbs\/thumbs_flaschen-1200.jpg\"\n               data-image-id=\"353\"\n               data-title=\"flaschen-1200\"\n               data-description=\"Prost\"\n               data-image-slug=\"flaschen-1200\"\n               class=\"ngg-fancybox\" rel=\"14c66e396060323ea4bdd10d4e5aac3b\">\n                <img\n                    title=\"flaschen-1200\"\n                    alt=\"flaschen-1200\"\n                    src=\"https:\/\/www.byter.de\/wordpress\/wp-content\/gallery\/reha-klinik\/thumbs\/thumbs_flaschen-1200.jpg\"\n                    width=\"100\"\n                    height=\"75\"\n                    style=\"max-width:100%;\"\n                \/>\n            <\/a>\n        <\/div>\n\t\t\t\t\t\t\t<\/div> \n\t\t\t\n\t\t\t\t<div id=\"ngg-image-18\" class=\"ngg-gallery-thumbnail-box \" >\n\t\t\t\t        <div class=\"ngg-gallery-thumbnail\">\n            <a href=\"https:\/\/www.byter.de\/wordpress\/wp-content\/gallery\/reha-klinik\/roentgen1-1000h.jpg\"\n               title=\"R\u00f6ntgen-Apparatur\"\n               data-src=\"https:\/\/www.byter.de\/wordpress\/wp-content\/gallery\/reha-klinik\/roentgen1-1000h.jpg\"\n               data-thumbnail=\"https:\/\/www.byter.de\/wordpress\/wp-content\/gallery\/reha-klinik\/thumbs\/thumbs_roentgen1-1000h.jpg\"\n               data-image-id=\"358\"\n               data-title=\"roentgen1-1000h\"\n               data-description=\"R\u00f6ntgen-Apparatur\"\n               data-image-slug=\"roentgen1-1000h\"\n               class=\"ngg-fancybox\" rel=\"14c66e396060323ea4bdd10d4e5aac3b\">\n                <img\n                    title=\"roentgen1-1000h\"\n                    alt=\"roentgen1-1000h\"\n                    src=\"https:\/\/www.byter.de\/wordpress\/wp-content\/gallery\/reha-klinik\/thumbs\/thumbs_roentgen1-1000h.jpg\"\n                    width=\"100\"\n                    height=\"75\"\n                    style=\"max-width:100%;\"\n                \/>\n            <\/a>\n        <\/div>\n\t\t\t\t\t\t\t<\/div> \n\t\t\t\n\t\t\t\t<div id=\"ngg-image-19\" class=\"ngg-gallery-thumbnail-box \" >\n\t\t\t\t        <div class=\"ngg-gallery-thumbnail\">\n            <a href=\"https:\/\/www.byter.de\/wordpress\/wp-content\/gallery\/reha-klinik\/idealstandard-1000h.jpg\"\n               title=\"Ideal Standard\"\n               data-src=\"https:\/\/www.byter.de\/wordpress\/wp-content\/gallery\/reha-klinik\/idealstandard-1000h.jpg\"\n               data-thumbnail=\"https:\/\/www.byter.de\/wordpress\/wp-content\/gallery\/reha-klinik\/thumbs\/thumbs_idealstandard-1000h.jpg\"\n               data-image-id=\"354\"\n               data-title=\"idealstandard-1000h\"\n               data-description=\"Ideal Standard\"\n               data-image-slug=\"idealstandard-1000h\"\n               class=\"ngg-fancybox\" rel=\"14c66e396060323ea4bdd10d4e5aac3b\">\n                <img\n                    title=\"idealstandard-1000h\"\n                    alt=\"idealstandard-1000h\"\n                    src=\"https:\/\/www.byter.de\/wordpress\/wp-content\/gallery\/reha-klinik\/thumbs\/thumbs_idealstandard-1000h.jpg\"\n                    width=\"100\"\n                    height=\"75\"\n                    style=\"max-width:100%;\"\n                \/>\n            <\/a>\n        <\/div>\n\t\t\t\t\t\t\t<\/div> \n\t\t\t\n\t\t\t\t<div id=\"ngg-image-20\" class=\"ngg-gallery-thumbnail-box \" >\n\t\t\t\t        <div class=\"ngg-gallery-thumbnail\">\n            <a href=\"https:\/\/www.byter.de\/wordpress\/wp-content\/gallery\/reha-klinik\/spitzen2-1000h.jpg\"\n               title=\"Medikamente\"\n               data-src=\"https:\/\/www.byter.de\/wordpress\/wp-content\/gallery\/reha-klinik\/spitzen2-1000h.jpg\"\n               data-thumbnail=\"https:\/\/www.byter.de\/wordpress\/wp-content\/gallery\/reha-klinik\/thumbs\/thumbs_spitzen2-1000h.jpg\"\n               data-image-id=\"364\"\n               data-title=\"spitzen2-1000h\"\n               data-description=\"Medikamente\"\n               data-image-slug=\"spitzen2-1000h\"\n               class=\"ngg-fancybox\" rel=\"14c66e396060323ea4bdd10d4e5aac3b\">\n                <img\n                    title=\"spitzen2-1000h\"\n                    alt=\"spitzen2-1000h\"\n                    src=\"https:\/\/www.byter.de\/wordpress\/wp-content\/gallery\/reha-klinik\/thumbs\/thumbs_spitzen2-1000h.jpg\"\n                    width=\"100\"\n                    height=\"75\"\n                    style=\"max-width:100%;\"\n                \/>\n            <\/a>\n        <\/div>\n\t\t\t\t\t\t\t<\/div> \n\t\t\t\n\t\t\t\t<div id=\"ngg-image-21\" class=\"ngg-gallery-thumbnail-box \" >\n\t\t\t\t        <div class=\"ngg-gallery-thumbnail\">\n            <a href=\"https:\/\/www.byter.de\/wordpress\/wp-content\/gallery\/reha-klinik\/zentrifuge1-1200.jpg\"\n               title=\"Zentrifuge\"\n               data-src=\"https:\/\/www.byter.de\/wordpress\/wp-content\/gallery\/reha-klinik\/zentrifuge1-1200.jpg\"\n               data-thumbnail=\"https:\/\/www.byter.de\/wordpress\/wp-content\/gallery\/reha-klinik\/thumbs\/thumbs_zentrifuge1-1200.jpg\"\n               data-image-id=\"368\"\n               data-title=\"zentrifuge1-1200\"\n               data-description=\"Zentrifuge\"\n               data-image-slug=\"zentrifuge1-1200\"\n               class=\"ngg-fancybox\" rel=\"14c66e396060323ea4bdd10d4e5aac3b\">\n                <img\n                    title=\"zentrifuge1-1200\"\n                    alt=\"zentrifuge1-1200\"\n                    src=\"https:\/\/www.byter.de\/wordpress\/wp-content\/gallery\/reha-klinik\/thumbs\/thumbs_zentrifuge1-1200.jpg\"\n                    width=\"100\"\n                    height=\"75\"\n                    style=\"max-width:100%;\"\n                \/>\n            <\/a>\n        <\/div>\n\t\t\t\t\t\t\t<\/div> \n\t\t\t\n\t\t\t\t<div id=\"ngg-image-22\" class=\"ngg-gallery-thumbnail-box \" >\n\t\t\t\t        <div class=\"ngg-gallery-thumbnail\">\n            <a href=\"https:\/\/www.byter.de\/wordpress\/wp-content\/gallery\/reha-klinik\/waage-1000h.jpg\"\n               title=\"Waage\"\n               data-src=\"https:\/\/www.byter.de\/wordpress\/wp-content\/gallery\/reha-klinik\/waage-1000h.jpg\"\n               data-thumbnail=\"https:\/\/www.byter.de\/wordpress\/wp-content\/gallery\/reha-klinik\/thumbs\/thumbs_waage-1000h.jpg\"\n               data-image-id=\"367\"\n               data-title=\"waage-1000h\"\n               data-description=\"Waage\"\n               data-image-slug=\"waage-1000h\"\n               class=\"ngg-fancybox\" rel=\"14c66e396060323ea4bdd10d4e5aac3b\">\n                <img\n                    title=\"waage-1000h\"\n                    alt=\"waage-1000h\"\n                    src=\"https:\/\/www.byter.de\/wordpress\/wp-content\/gallery\/reha-klinik\/thumbs\/thumbs_waage-1000h.jpg\"\n                    width=\"100\"\n                    height=\"75\"\n                    style=\"max-width:100%;\"\n                \/>\n            <\/a>\n        <\/div>\n\t\t\t\t\t\t\t<\/div> \n\t\t\t\n\t\n\t<br style=\"clear: both\" \/>\n\n\t\n\t\t<!-- Pagination -->\n\t<div class='ngg-clear'><\/div>\t<\/div>\n<\/p>\n<p style=\"text-align: center;\">Entstanden im August 2011.<\/p>\n","protected":false},"excerpt":{"rendered":"<p>W\u00e4hrend im Hintergrund schon die Abriss-Bagger aktiv waren (zum Gl\u00fcck waren die zun\u00e4chst nur mit dem Gr\u00fcnzeug besch\u00e4ftigt \ud83d\ude09 ), konnten wir die wohl wirklich letzten Tage einer ehemaligen Reha-Klinik in einigen Fotos festhalten&#8230; Trotz des recht starken Verfalls und &hellip; <a href=\"https:\/\/www.byter.de\/wordpress\/?page_id=476\">Weiterlesen <span class=\"meta-nav\">&rarr;<\/span><\/a><\/p>\n","protected":false},"author":1,"featured_media":0,"parent":45,"menu_order":24,"comment_status":"open","ping_status":"open","template":"","meta":{"ngg_post_thumbnail":0},"_links":{"self":[{"href":"https:\/\/www.byter.de\/wordpress\/index.php?rest_route=\/wp\/v2\/pages\/476"}],"collection":[{"href":"https:\/\/www.byter.de\/wordpress\/index.php?rest_route=\/wp\/v2\/pages"}],"about":[{"href":"https:\/\/www.byter.de\/wordpress\/index.php?rest_route=\/wp\/v2\/types\/page"}],"author":[{"embeddable":true,"href":"https:\/\/www.byter.de\/wordpress\/index.php?rest_route=\/wp\/v2\/users\/1"}],"replies":[{"embeddable":true,"href":"https:\/\/www.byter.de\/wordpress\/index.php?rest_route=%2Fwp%2Fv2%2Fcomments&post=476"}],"version-history":[{"count":5,"href":"https:\/\/www.byter.de\/wordpress\/index.php?rest_route=\/wp\/v2\/pages\/476\/revisions"}],"predecessor-version":[{"id":490,"href":"https:\/\/www.byter.de\/wordpress\/index.php?rest_route=\/wp\/v2\/pages\/476\/revisions\/490"}],"up":[{"embeddable":true,"href":"https:\/\/www.byter.de\/wordpress\/index.php?rest_route=\/wp\/v2\/pages\/45"}],"wp:attachment":[{"href":"https:\/\/www.byter.de\/wordpress\/index.php?rest_route=%2Fwp%2Fv2%2Fmedia&parent=476"}],"curies":[{"name":"wp","href":"https:\/\/api.w.org\/{rel}","templated":true}]}}