{"id":499,"date":"2011-09-18T19:13:55","date_gmt":"2011-09-18T18:13:55","guid":{"rendered":"http:\/\/gc.x3.net\/wordpress\/?page_id=499"},"modified":"2011-09-18T19:22:29","modified_gmt":"2011-09-18T18:22:29","slug":"die-teigwarenfabrik","status":"publish","type":"page","link":"https:\/\/www.byter.de\/wordpress\/?page_id=499","title":{"rendered":"Die Backwarenfabrik"},"content":{"rendered":"<p>Noch vor weniger als 10 Jahren soll hier ein sehr bekanntes B\u00e4ckerei-Produkt entstanden sein, bevor die Produktion in den Osten verlagert und das Werk aufgegeben wurde.\u00a0 Schwer vorstellbar, dass einige wenige Jahre einen solchen Verfall mit sich bringen k\u00f6nnen&#8230;<\/p>\n<p>Auch wenn der riesige Industrie-Komplex am Rande des Ruhrgebiets zum Gro\u00dfteil aus leeren Hallen\/Stockwerken besteht, so gibt es doch noch einige \u00dcberreste der einstigen Produktionsanlagen und auch sonst eine F\u00fclle an Motiven &#8211; Pr\u00e4dikat: besonders sehenswert! \ud83d\ude09<\/p>\n<p>Hier sind einige fotografische Eindr\u00fccke, entstanden im September 2011:<\/p>\n<p>&nbsp;<\/p>\n<p style=\"text-align: center;\"><!-- default-view.php -->\n<div\n\tclass=\"ngg-galleryoverview default-view \"\n\tid=\"ngg-gallery-a3723a813f05d40c64b4a59aaebcb719-1\">\n\n\t\t<!-- Thumbnails -->\n\t\t\t\t<div id=\"ngg-image-0\" class=\"ngg-gallery-thumbnail-box \" >\n\t\t\t\t        <div class=\"ngg-gallery-thumbnail\">\n            <a href=\"https:\/\/www.byter.de\/wordpress\/wp-content\/gallery\/teigwarenfabrik\/ruehrmaschinen2-2-1200.jpg\"\n               title=\"Teigknetmaschinen? :)\"\n               data-src=\"https:\/\/www.byter.de\/wordpress\/wp-content\/gallery\/teigwarenfabrik\/ruehrmaschinen2-2-1200.jpg\"\n               data-thumbnail=\"https:\/\/www.byter.de\/wordpress\/wp-content\/gallery\/teigwarenfabrik\/thumbs\/thumbs_ruehrmaschinen2-2-1200.jpg\"\n               data-image-id=\"387\"\n               data-title=\"ruehrmaschinen2-2-1200\"\n               data-description=\"Teigknetmaschinen? :)\"\n               data-image-slug=\"ruehrmaschinen2-2-1200\"\n               class=\"ngg-fancybox\" rel=\"a3723a813f05d40c64b4a59aaebcb719\">\n                <img\n                    title=\"ruehrmaschinen2-2-1200\"\n                    alt=\"ruehrmaschinen2-2-1200\"\n                    src=\"https:\/\/www.byter.de\/wordpress\/wp-content\/gallery\/teigwarenfabrik\/thumbs\/thumbs_ruehrmaschinen2-2-1200.jpg\"\n                    width=\"100\"\n                    height=\"75\"\n                    style=\"max-width:100%;\"\n                \/>\n            <\/a>\n        <\/div>\n\t\t\t\t\t\t\t<\/div> \n\t\t\t\n\t\t\t\t<div id=\"ngg-image-1\" class=\"ngg-gallery-thumbnail-box \" >\n\t\t\t\t        <div class=\"ngg-gallery-thumbnail\">\n            <a href=\"https:\/\/www.byter.de\/wordpress\/wp-content\/gallery\/teigwarenfabrik\/foerderband3-1200.jpg\"\n               title=\"F\u00f6rderband\"\n               data-src=\"https:\/\/www.byter.de\/wordpress\/wp-content\/gallery\/teigwarenfabrik\/foerderband3-1200.jpg\"\n               data-thumbnail=\"https:\/\/www.byter.de\/wordpress\/wp-content\/gallery\/teigwarenfabrik\/thumbs\/thumbs_foerderband3-1200.jpg\"\n               data-image-id=\"370\"\n               data-title=\"foerderband3-1200\"\n               data-description=\"F\u00f6rderband\"\n               data-image-slug=\"foerderband3-1200\"\n               class=\"ngg-fancybox\" rel=\"a3723a813f05d40c64b4a59aaebcb719\">\n                <img\n                    title=\"foerderband3-1200\"\n                    alt=\"foerderband3-1200\"\n                    src=\"https:\/\/www.byter.de\/wordpress\/wp-content\/gallery\/teigwarenfabrik\/thumbs\/thumbs_foerderband3-1200.jpg\"\n                    width=\"100\"\n                    height=\"75\"\n                    style=\"max-width:100%;\"\n                \/>\n            <\/a>\n        <\/div>\n\t\t\t\t\t\t\t<\/div> \n\t\t\t\n\t\t\t\t<div id=\"ngg-image-2\" class=\"ngg-gallery-thumbnail-box \" >\n\t\t\t\t        <div class=\"ngg-gallery-thumbnail\">\n            <a href=\"https:\/\/www.byter.de\/wordpress\/wp-content\/gallery\/teigwarenfabrik\/umkleideraum-1000h.jpg\"\n               title=\"Umkleideraum f\u00fcr Schichtf\u00fchrerinnen, jawoll!\"\n               data-src=\"https:\/\/www.byter.de\/wordpress\/wp-content\/gallery\/teigwarenfabrik\/umkleideraum-1000h.jpg\"\n               data-thumbnail=\"https:\/\/www.byter.de\/wordpress\/wp-content\/gallery\/teigwarenfabrik\/thumbs\/thumbs_umkleideraum-1000h.jpg\"\n               data-image-id=\"396\"\n               data-title=\"umkleideraum-1000h\"\n               data-description=\"Umkleideraum f\u00fcr Schichtf\u00fchrerinnen, jawoll!\"\n               data-image-slug=\"umkleideraum-1000h\"\n               class=\"ngg-fancybox\" rel=\"a3723a813f05d40c64b4a59aaebcb719\">\n                <img\n                    title=\"umkleideraum-1000h\"\n                    alt=\"umkleideraum-1000h\"\n                    src=\"https:\/\/www.byter.de\/wordpress\/wp-content\/gallery\/teigwarenfabrik\/thumbs\/thumbs_umkleideraum-1000h.jpg\"\n                    width=\"100\"\n                    height=\"75\"\n                    style=\"max-width:100%;\"\n                \/>\n            <\/a>\n        <\/div>\n\t\t\t\t\t\t\t<\/div> \n\t\t\t\n\t\t\t\t<div id=\"ngg-image-3\" class=\"ngg-gallery-thumbnail-box \" >\n\t\t\t\t        <div class=\"ngg-gallery-thumbnail\">\n            <a href=\"https:\/\/www.byter.de\/wordpress\/wp-content\/gallery\/teigwarenfabrik\/briefsendungen-1200.jpg\"\n               title=\"Einlieferungsbuch\"\n               data-src=\"https:\/\/www.byter.de\/wordpress\/wp-content\/gallery\/teigwarenfabrik\/briefsendungen-1200.jpg\"\n               data-thumbnail=\"https:\/\/www.byter.de\/wordpress\/wp-content\/gallery\/teigwarenfabrik\/thumbs\/thumbs_briefsendungen-1200.jpg\"\n               data-image-id=\"371\"\n               data-title=\"briefsendungen-1200\"\n               data-description=\"Einlieferungsbuch\"\n               data-image-slug=\"briefsendungen-1200\"\n               class=\"ngg-fancybox\" rel=\"a3723a813f05d40c64b4a59aaebcb719\">\n                <img\n                    title=\"briefsendungen-1200\"\n                    alt=\"briefsendungen-1200\"\n                    src=\"https:\/\/www.byter.de\/wordpress\/wp-content\/gallery\/teigwarenfabrik\/thumbs\/thumbs_briefsendungen-1200.jpg\"\n                    width=\"100\"\n                    height=\"75\"\n                    style=\"max-width:100%;\"\n                \/>\n            <\/a>\n        <\/div>\n\t\t\t\t\t\t\t<\/div> \n\t\t\t\n\t\t\t\t<div id=\"ngg-image-4\" class=\"ngg-gallery-thumbnail-box \" >\n\t\t\t\t        <div class=\"ngg-gallery-thumbnail\">\n            <a href=\"https:\/\/www.byter.de\/wordpress\/wp-content\/gallery\/teigwarenfabrik\/schaltschrank-ckey-1000h.jpg\"\n               title=\"Schaltschrank\"\n               data-src=\"https:\/\/www.byter.de\/wordpress\/wp-content\/gallery\/teigwarenfabrik\/schaltschrank-ckey-1000h.jpg\"\n               data-thumbnail=\"https:\/\/www.byter.de\/wordpress\/wp-content\/gallery\/teigwarenfabrik\/thumbs\/thumbs_schaltschrank-ckey-1000h.jpg\"\n               data-image-id=\"390\"\n               data-title=\"schaltschrank-ckey-1000h\"\n               data-description=\"Schaltschrank\"\n               data-image-slug=\"schaltschrank-ckey-1000h\"\n               class=\"ngg-fancybox\" rel=\"a3723a813f05d40c64b4a59aaebcb719\">\n                <img\n                    title=\"schaltschrank-ckey-1000h\"\n                    alt=\"schaltschrank-ckey-1000h\"\n                    src=\"https:\/\/www.byter.de\/wordpress\/wp-content\/gallery\/teigwarenfabrik\/thumbs\/thumbs_schaltschrank-ckey-1000h.jpg\"\n                    width=\"100\"\n                    height=\"75\"\n                    style=\"max-width:100%;\"\n                \/>\n            <\/a>\n        <\/div>\n\t\t\t\t\t\t\t<\/div> \n\t\t\t\n\t\t\t\t<div id=\"ngg-image-5\" class=\"ngg-gallery-thumbnail-box \" >\n\t\t\t\t        <div class=\"ngg-gallery-thumbnail\">\n            <a href=\"https:\/\/www.byter.de\/wordpress\/wp-content\/gallery\/teigwarenfabrik\/buegeleisen1-1200.jpg\"\n               title=\"B\u00fcgeleisen in einer Teigwarenfabrik?!\"\n               data-src=\"https:\/\/www.byter.de\/wordpress\/wp-content\/gallery\/teigwarenfabrik\/buegeleisen1-1200.jpg\"\n               data-thumbnail=\"https:\/\/www.byter.de\/wordpress\/wp-content\/gallery\/teigwarenfabrik\/thumbs\/thumbs_buegeleisen1-1200.jpg\"\n               data-image-id=\"372\"\n               data-title=\"buegeleisen1-1200\"\n               data-description=\"B\u00fcgeleisen in einer Teigwarenfabrik?!\"\n               data-image-slug=\"buegeleisen1-1200\"\n               class=\"ngg-fancybox\" rel=\"a3723a813f05d40c64b4a59aaebcb719\">\n                <img\n                    title=\"buegeleisen1-1200\"\n                    alt=\"buegeleisen1-1200\"\n                    src=\"https:\/\/www.byter.de\/wordpress\/wp-content\/gallery\/teigwarenfabrik\/thumbs\/thumbs_buegeleisen1-1200.jpg\"\n                    width=\"100\"\n                    height=\"75\"\n                    style=\"max-width:100%;\"\n                \/>\n            <\/a>\n        <\/div>\n\t\t\t\t\t\t\t<\/div> \n\t\t\t\n\t\t\t\t<div id=\"ngg-image-6\" class=\"ngg-gallery-thumbnail-box \" >\n\t\t\t\t        <div class=\"ngg-gallery-thumbnail\">\n            <a href=\"https:\/\/www.byter.de\/wordpress\/wp-content\/gallery\/teigwarenfabrik\/calcium_chloratum-1200.jpg\"\n               title=\"Calcium Chloratum Purum!\"\n               data-src=\"https:\/\/www.byter.de\/wordpress\/wp-content\/gallery\/teigwarenfabrik\/calcium_chloratum-1200.jpg\"\n               data-thumbnail=\"https:\/\/www.byter.de\/wordpress\/wp-content\/gallery\/teigwarenfabrik\/thumbs\/thumbs_calcium_chloratum-1200.jpg\"\n               data-image-id=\"373\"\n               data-title=\"calcium_chloratum-1200\"\n               data-description=\"Calcium Chloratum Purum!\"\n               data-image-slug=\"calcium_chloratum-1200\"\n               class=\"ngg-fancybox\" rel=\"a3723a813f05d40c64b4a59aaebcb719\">\n                <img\n                    title=\"calcium_chloratum-1200\"\n                    alt=\"calcium_chloratum-1200\"\n                    src=\"https:\/\/www.byter.de\/wordpress\/wp-content\/gallery\/teigwarenfabrik\/thumbs\/thumbs_calcium_chloratum-1200.jpg\"\n                    width=\"100\"\n                    height=\"75\"\n                    style=\"max-width:100%;\"\n                \/>\n            <\/a>\n        <\/div>\n\t\t\t\t\t\t\t<\/div> \n\t\t\t\n\t\t\t\t<div id=\"ngg-image-7\" class=\"ngg-gallery-thumbnail-box \" >\n\t\t\t\t        <div class=\"ngg-gallery-thumbnail\">\n            <a href=\"https:\/\/www.byter.de\/wordpress\/wp-content\/gallery\/teigwarenfabrik\/chemikalien-ckey2-1200.jpg\"\n               title=\"Giftige Hinterlassenschaften...\"\n               data-src=\"https:\/\/www.byter.de\/wordpress\/wp-content\/gallery\/teigwarenfabrik\/chemikalien-ckey2-1200.jpg\"\n               data-thumbnail=\"https:\/\/www.byter.de\/wordpress\/wp-content\/gallery\/teigwarenfabrik\/thumbs\/thumbs_chemikalien-ckey2-1200.jpg\"\n               data-image-id=\"374\"\n               data-title=\"chemikalien-ckey2-1200\"\n               data-description=\"Giftige Hinterlassenschaften...\"\n               data-image-slug=\"chemikalien-ckey2-1200\"\n               class=\"ngg-fancybox\" rel=\"a3723a813f05d40c64b4a59aaebcb719\">\n                <img\n                    title=\"chemikalien-ckey2-1200\"\n                    alt=\"chemikalien-ckey2-1200\"\n                    src=\"https:\/\/www.byter.de\/wordpress\/wp-content\/gallery\/teigwarenfabrik\/thumbs\/thumbs_chemikalien-ckey2-1200.jpg\"\n                    width=\"100\"\n                    height=\"75\"\n                    style=\"max-width:100%;\"\n                \/>\n            <\/a>\n        <\/div>\n\t\t\t\t\t\t\t<\/div> \n\t\t\t\n\t\t\t\t<div id=\"ngg-image-8\" class=\"ngg-gallery-thumbnail-box \" >\n\t\t\t\t        <div class=\"ngg-gallery-thumbnail\">\n            <a href=\"https:\/\/www.byter.de\/wordpress\/wp-content\/gallery\/teigwarenfabrik\/foerderband1-1200.jpg\"\n               title=\"F\u00f6rderband\"\n               data-src=\"https:\/\/www.byter.de\/wordpress\/wp-content\/gallery\/teigwarenfabrik\/foerderband1-1200.jpg\"\n               data-thumbnail=\"https:\/\/www.byter.de\/wordpress\/wp-content\/gallery\/teigwarenfabrik\/thumbs\/thumbs_foerderband1-1200.jpg\"\n               data-image-id=\"376\"\n               data-title=\"foerderband1-1200\"\n               data-description=\"F\u00f6rderband\"\n               data-image-slug=\"foerderband1-1200\"\n               class=\"ngg-fancybox\" rel=\"a3723a813f05d40c64b4a59aaebcb719\">\n                <img\n                    title=\"foerderband1-1200\"\n                    alt=\"foerderband1-1200\"\n                    src=\"https:\/\/www.byter.de\/wordpress\/wp-content\/gallery\/teigwarenfabrik\/thumbs\/thumbs_foerderband1-1200.jpg\"\n                    width=\"100\"\n                    height=\"75\"\n                    style=\"max-width:100%;\"\n                \/>\n            <\/a>\n        <\/div>\n\t\t\t\t\t\t\t<\/div> \n\t\t\t\n\t\t\t\t<div id=\"ngg-image-9\" class=\"ngg-gallery-thumbnail-box \" >\n\t\t\t\t        <div class=\"ngg-gallery-thumbnail\">\n            <a href=\"https:\/\/www.byter.de\/wordpress\/wp-content\/gallery\/teigwarenfabrik\/foerderband2-1200.jpg\"\n               title=\"F\u00f6rderband in einer Verbindungsbr\u00fccke\"\n               data-src=\"https:\/\/www.byter.de\/wordpress\/wp-content\/gallery\/teigwarenfabrik\/foerderband2-1200.jpg\"\n               data-thumbnail=\"https:\/\/www.byter.de\/wordpress\/wp-content\/gallery\/teigwarenfabrik\/thumbs\/thumbs_foerderband2-1200.jpg\"\n               data-image-id=\"377\"\n               data-title=\"foerderband2-1200\"\n               data-description=\"F\u00f6rderband in einer Verbindungsbr\u00fccke\"\n               data-image-slug=\"foerderband2-1200\"\n               class=\"ngg-fancybox\" rel=\"a3723a813f05d40c64b4a59aaebcb719\">\n                <img\n                    title=\"foerderband2-1200\"\n                    alt=\"foerderband2-1200\"\n                    src=\"https:\/\/www.byter.de\/wordpress\/wp-content\/gallery\/teigwarenfabrik\/thumbs\/thumbs_foerderband2-1200.jpg\"\n                    width=\"100\"\n                    height=\"75\"\n                    style=\"max-width:100%;\"\n                \/>\n            <\/a>\n        <\/div>\n\t\t\t\t\t\t\t<\/div> \n\t\t\t\n\t\t\t\t<div id=\"ngg-image-10\" class=\"ngg-gallery-thumbnail-box \" >\n\t\t\t\t        <div class=\"ngg-gallery-thumbnail\">\n            <a href=\"https:\/\/www.byter.de\/wordpress\/wp-content\/gallery\/teigwarenfabrik\/karren-1000h.jpg\"\n               title=\"Schubkarren :)\"\n               data-src=\"https:\/\/www.byter.de\/wordpress\/wp-content\/gallery\/teigwarenfabrik\/karren-1000h.jpg\"\n               data-thumbnail=\"https:\/\/www.byter.de\/wordpress\/wp-content\/gallery\/teigwarenfabrik\/thumbs\/thumbs_karren-1000h.jpg\"\n               data-image-id=\"378\"\n               data-title=\"karren-1000h\"\n               data-description=\"Schubkarren :)\"\n               data-image-slug=\"karren-1000h\"\n               class=\"ngg-fancybox\" rel=\"a3723a813f05d40c64b4a59aaebcb719\">\n                <img\n                    title=\"karren-1000h\"\n                    alt=\"karren-1000h\"\n                    src=\"https:\/\/www.byter.de\/wordpress\/wp-content\/gallery\/teigwarenfabrik\/thumbs\/thumbs_karren-1000h.jpg\"\n                    width=\"100\"\n                    height=\"75\"\n                    style=\"max-width:100%;\"\n                \/>\n            <\/a>\n        <\/div>\n\t\t\t\t\t\t\t<\/div> \n\t\t\t\n\t\t\t\t<div id=\"ngg-image-11\" class=\"ngg-gallery-thumbnail-box \" >\n\t\t\t\t        <div class=\"ngg-gallery-thumbnail\">\n            <a href=\"https:\/\/www.byter.de\/wordpress\/wp-content\/gallery\/teigwarenfabrik\/maschinenstrasse1-1200.jpg\"\n               title=\"Backstra\u00dfe\"\n               data-src=\"https:\/\/www.byter.de\/wordpress\/wp-content\/gallery\/teigwarenfabrik\/maschinenstrasse1-1200.jpg\"\n               data-thumbnail=\"https:\/\/www.byter.de\/wordpress\/wp-content\/gallery\/teigwarenfabrik\/thumbs\/thumbs_maschinenstrasse1-1200.jpg\"\n               data-image-id=\"381\"\n               data-title=\"maschinenstrasse1-1200\"\n               data-description=\"Backstra\u00dfe\"\n               data-image-slug=\"maschinenstrasse1-1200\"\n               class=\"ngg-fancybox\" rel=\"a3723a813f05d40c64b4a59aaebcb719\">\n                <img\n                    title=\"maschinenstrasse1-1200\"\n                    alt=\"maschinenstrasse1-1200\"\n                    src=\"https:\/\/www.byter.de\/wordpress\/wp-content\/gallery\/teigwarenfabrik\/thumbs\/thumbs_maschinenstrasse1-1200.jpg\"\n                    width=\"100\"\n                    height=\"75\"\n                    style=\"max-width:100%;\"\n                \/>\n            <\/a>\n        <\/div>\n\t\t\t\t\t\t\t<\/div> \n\t\t\t\n\t\t\t\t<div id=\"ngg-image-12\" class=\"ngg-gallery-thumbnail-box \" >\n\t\t\t\t        <div class=\"ngg-gallery-thumbnail\">\n            <a href=\"https:\/\/www.byter.de\/wordpress\/wp-content\/gallery\/teigwarenfabrik\/karren2-hof-1000h.jpg\"\n               title=\"Karren im Hof\"\n               data-src=\"https:\/\/www.byter.de\/wordpress\/wp-content\/gallery\/teigwarenfabrik\/karren2-hof-1000h.jpg\"\n               data-thumbnail=\"https:\/\/www.byter.de\/wordpress\/wp-content\/gallery\/teigwarenfabrik\/thumbs\/thumbs_karren2-hof-1000h.jpg\"\n               data-image-id=\"379\"\n               data-title=\"karren2-hof-1000h\"\n               data-description=\"Karren im Hof\"\n               data-image-slug=\"karren2-hof-1000h\"\n               class=\"ngg-fancybox\" rel=\"a3723a813f05d40c64b4a59aaebcb719\">\n                <img\n                    title=\"karren2-hof-1000h\"\n                    alt=\"karren2-hof-1000h\"\n                    src=\"https:\/\/www.byter.de\/wordpress\/wp-content\/gallery\/teigwarenfabrik\/thumbs\/thumbs_karren2-hof-1000h.jpg\"\n                    width=\"100\"\n                    height=\"75\"\n                    style=\"max-width:100%;\"\n                \/>\n            <\/a>\n        <\/div>\n\t\t\t\t\t\t\t<\/div> \n\t\t\t\n\t\t\t\t<div id=\"ngg-image-13\" class=\"ngg-gallery-thumbnail-box \" >\n\t\t\t\t        <div class=\"ngg-gallery-thumbnail\">\n            <a href=\"https:\/\/www.byter.de\/wordpress\/wp-content\/gallery\/teigwarenfabrik\/maschinenraum1-1200.jpg\"\n               title=\"Der Maschinenraum\"\n               data-src=\"https:\/\/www.byter.de\/wordpress\/wp-content\/gallery\/teigwarenfabrik\/maschinenraum1-1200.jpg\"\n               data-thumbnail=\"https:\/\/www.byter.de\/wordpress\/wp-content\/gallery\/teigwarenfabrik\/thumbs\/thumbs_maschinenraum1-1200.jpg\"\n               data-image-id=\"380\"\n               data-title=\"maschinenraum1-1200\"\n               data-description=\"Der Maschinenraum\"\n               data-image-slug=\"maschinenraum1-1200\"\n               class=\"ngg-fancybox\" rel=\"a3723a813f05d40c64b4a59aaebcb719\">\n                <img\n                    title=\"maschinenraum1-1200\"\n                    alt=\"maschinenraum1-1200\"\n                    src=\"https:\/\/www.byter.de\/wordpress\/wp-content\/gallery\/teigwarenfabrik\/thumbs\/thumbs_maschinenraum1-1200.jpg\"\n                    width=\"100\"\n                    height=\"75\"\n                    style=\"max-width:100%;\"\n                \/>\n            <\/a>\n        <\/div>\n\t\t\t\t\t\t\t<\/div> \n\t\t\t\n\t\t\t\t<div id=\"ngg-image-14\" class=\"ngg-gallery-thumbnail-box \" >\n\t\t\t\t        <div class=\"ngg-gallery-thumbnail\">\n            <a href=\"https:\/\/www.byter.de\/wordpress\/wp-content\/gallery\/teigwarenfabrik\/oropax-1200.jpg\"\n               title=\"Ohropax - besser ist das!\"\n               data-src=\"https:\/\/www.byter.de\/wordpress\/wp-content\/gallery\/teigwarenfabrik\/oropax-1200.jpg\"\n               data-thumbnail=\"https:\/\/www.byter.de\/wordpress\/wp-content\/gallery\/teigwarenfabrik\/thumbs\/thumbs_oropax-1200.jpg\"\n               data-image-id=\"382\"\n               data-title=\"oropax-1200\"\n               data-description=\"Ohropax - besser ist das!\"\n               data-image-slug=\"oropax-1200\"\n               class=\"ngg-fancybox\" rel=\"a3723a813f05d40c64b4a59aaebcb719\">\n                <img\n                    title=\"oropax-1200\"\n                    alt=\"oropax-1200\"\n                    src=\"https:\/\/www.byter.de\/wordpress\/wp-content\/gallery\/teigwarenfabrik\/thumbs\/thumbs_oropax-1200.jpg\"\n                    width=\"100\"\n                    height=\"75\"\n                    style=\"max-width:100%;\"\n                \/>\n            <\/a>\n        <\/div>\n\t\t\t\t\t\t\t<\/div> \n\t\t\t\n\t\t\t\t<div id=\"ngg-image-15\" class=\"ngg-gallery-thumbnail-box \" >\n\t\t\t\t        <div class=\"ngg-gallery-thumbnail\">\n            <a href=\"https:\/\/www.byter.de\/wordpress\/wp-content\/gallery\/teigwarenfabrik\/pwp-1000h.jpg\"\n               title=\"PWP\"\n               data-src=\"https:\/\/www.byter.de\/wordpress\/wp-content\/gallery\/teigwarenfabrik\/pwp-1000h.jpg\"\n               data-thumbnail=\"https:\/\/www.byter.de\/wordpress\/wp-content\/gallery\/teigwarenfabrik\/thumbs\/thumbs_pwp-1000h.jpg\"\n               data-image-id=\"384\"\n               data-title=\"pwp-1000h\"\n               data-description=\"PWP\"\n               data-image-slug=\"pwp-1000h\"\n               class=\"ngg-fancybox\" rel=\"a3723a813f05d40c64b4a59aaebcb719\">\n                <img\n                    title=\"pwp-1000h\"\n                    alt=\"pwp-1000h\"\n                    src=\"https:\/\/www.byter.de\/wordpress\/wp-content\/gallery\/teigwarenfabrik\/thumbs\/thumbs_pwp-1000h.jpg\"\n                    width=\"100\"\n                    height=\"75\"\n                    style=\"max-width:100%;\"\n                \/>\n            <\/a>\n        <\/div>\n\t\t\t\t\t\t\t<\/div> \n\t\t\t\n\t\t\t\t<div id=\"ngg-image-16\" class=\"ngg-gallery-thumbnail-box \" >\n\t\t\t\t        <div class=\"ngg-gallery-thumbnail\">\n            <a href=\"https:\/\/www.byter.de\/wordpress\/wp-content\/gallery\/teigwarenfabrik\/pressluft-1200.jpg\"\n               title=\"Immer dran denken...\"\n               data-src=\"https:\/\/www.byter.de\/wordpress\/wp-content\/gallery\/teigwarenfabrik\/pressluft-1200.jpg\"\n               data-thumbnail=\"https:\/\/www.byter.de\/wordpress\/wp-content\/gallery\/teigwarenfabrik\/thumbs\/thumbs_pressluft-1200.jpg\"\n               data-image-id=\"383\"\n               data-title=\"pressluft-1200\"\n               data-description=\"Immer dran denken...\"\n               data-image-slug=\"pressluft-1200\"\n               class=\"ngg-fancybox\" rel=\"a3723a813f05d40c64b4a59aaebcb719\">\n                <img\n                    title=\"pressluft-1200\"\n                    alt=\"pressluft-1200\"\n                    src=\"https:\/\/www.byter.de\/wordpress\/wp-content\/gallery\/teigwarenfabrik\/thumbs\/thumbs_pressluft-1200.jpg\"\n                    width=\"100\"\n                    height=\"75\"\n                    style=\"max-width:100%;\"\n                \/>\n            <\/a>\n        <\/div>\n\t\t\t\t\t\t\t<\/div> \n\t\t\t\n\t\t\t\t<div id=\"ngg-image-17\" class=\"ngg-gallery-thumbnail-box \" >\n\t\t\t\t        <div class=\"ngg-gallery-thumbnail\">\n            <a href=\"https:\/\/www.byter.de\/wordpress\/wp-content\/gallery\/teigwarenfabrik\/rohre_und_loecher-1200.jpg\"\n               title=\"Vorsicht, L\u00f6cher im Boden...\"\n               data-src=\"https:\/\/www.byter.de\/wordpress\/wp-content\/gallery\/teigwarenfabrik\/rohre_und_loecher-1200.jpg\"\n               data-thumbnail=\"https:\/\/www.byter.de\/wordpress\/wp-content\/gallery\/teigwarenfabrik\/thumbs\/thumbs_rohre_und_loecher-1200.jpg\"\n               data-image-id=\"385\"\n               data-title=\"rohre_und_loecher-1200\"\n               data-description=\"Vorsicht, L\u00f6cher im Boden...\"\n               data-image-slug=\"rohre_und_loecher-1200\"\n               class=\"ngg-fancybox\" rel=\"a3723a813f05d40c64b4a59aaebcb719\">\n                <img\n                    title=\"rohre_und_loecher-1200\"\n                    alt=\"rohre_und_loecher-1200\"\n                    src=\"https:\/\/www.byter.de\/wordpress\/wp-content\/gallery\/teigwarenfabrik\/thumbs\/thumbs_rohre_und_loecher-1200.jpg\"\n                    width=\"100\"\n                    height=\"75\"\n                    style=\"max-width:100%;\"\n                \/>\n            <\/a>\n        <\/div>\n\t\t\t\t\t\t\t<\/div> \n\t\t\t\n\t\t\t\t<div id=\"ngg-image-18\" class=\"ngg-gallery-thumbnail-box \" >\n\t\t\t\t        <div class=\"ngg-gallery-thumbnail\">\n            <a href=\"https:\/\/www.byter.de\/wordpress\/wp-content\/gallery\/teigwarenfabrik\/ruehrmaschinen3-1200.jpg\"\n               title=\"R\u00fchrmaschinen\"\n               data-src=\"https:\/\/www.byter.de\/wordpress\/wp-content\/gallery\/teigwarenfabrik\/ruehrmaschinen3-1200.jpg\"\n               data-thumbnail=\"https:\/\/www.byter.de\/wordpress\/wp-content\/gallery\/teigwarenfabrik\/thumbs\/thumbs_ruehrmaschinen3-1200.jpg\"\n               data-image-id=\"388\"\n               data-title=\"ruehrmaschinen3-1200\"\n               data-description=\"R\u00fchrmaschinen\"\n               data-image-slug=\"ruehrmaschinen3-1200\"\n               class=\"ngg-fancybox\" rel=\"a3723a813f05d40c64b4a59aaebcb719\">\n                <img\n                    title=\"ruehrmaschinen3-1200\"\n                    alt=\"ruehrmaschinen3-1200\"\n                    src=\"https:\/\/www.byter.de\/wordpress\/wp-content\/gallery\/teigwarenfabrik\/thumbs\/thumbs_ruehrmaschinen3-1200.jpg\"\n                    width=\"100\"\n                    height=\"75\"\n                    style=\"max-width:100%;\"\n                \/>\n            <\/a>\n        <\/div>\n\t\t\t\t\t\t\t<\/div> \n\t\t\t\n\t\t\t\t<div id=\"ngg-image-19\" class=\"ngg-gallery-thumbnail-box \" >\n\t\t\t\t        <div class=\"ngg-gallery-thumbnail\">\n            <a href=\"https:\/\/www.byter.de\/wordpress\/wp-content\/gallery\/teigwarenfabrik\/ruehrmaschinen4-1200.jpg\"\n               title=\"R\u00fchrmaschinen\"\n               data-src=\"https:\/\/www.byter.de\/wordpress\/wp-content\/gallery\/teigwarenfabrik\/ruehrmaschinen4-1200.jpg\"\n               data-thumbnail=\"https:\/\/www.byter.de\/wordpress\/wp-content\/gallery\/teigwarenfabrik\/thumbs\/thumbs_ruehrmaschinen4-1200.jpg\"\n               data-image-id=\"389\"\n               data-title=\"ruehrmaschinen4-1200\"\n               data-description=\"R\u00fchrmaschinen\"\n               data-image-slug=\"ruehrmaschinen4-1200\"\n               class=\"ngg-fancybox\" rel=\"a3723a813f05d40c64b4a59aaebcb719\">\n                <img\n                    title=\"ruehrmaschinen4-1200\"\n                    alt=\"ruehrmaschinen4-1200\"\n                    src=\"https:\/\/www.byter.de\/wordpress\/wp-content\/gallery\/teigwarenfabrik\/thumbs\/thumbs_ruehrmaschinen4-1200.jpg\"\n                    width=\"100\"\n                    height=\"75\"\n                    style=\"max-width:100%;\"\n                \/>\n            <\/a>\n        <\/div>\n\t\t\t\t\t\t\t<\/div> \n\t\t\t\n\t\t\t\t<div id=\"ngg-image-20\" class=\"ngg-gallery-thumbnail-box \" >\n\t\t\t\t        <div class=\"ngg-gallery-thumbnail\">\n            <a href=\"https:\/\/www.byter.de\/wordpress\/wp-content\/gallery\/teigwarenfabrik\/schirm-1000h.jpg\"\n               title=\"Einsamer Schirm\"\n               data-src=\"https:\/\/www.byter.de\/wordpress\/wp-content\/gallery\/teigwarenfabrik\/schirm-1000h.jpg\"\n               data-thumbnail=\"https:\/\/www.byter.de\/wordpress\/wp-content\/gallery\/teigwarenfabrik\/thumbs\/thumbs_schirm-1000h.jpg\"\n               data-image-id=\"391\"\n               data-title=\"schirm-1000h\"\n               data-description=\"Einsamer Schirm\"\n               data-image-slug=\"schirm-1000h\"\n               class=\"ngg-fancybox\" rel=\"a3723a813f05d40c64b4a59aaebcb719\">\n                <img\n                    title=\"schirm-1000h\"\n                    alt=\"schirm-1000h\"\n                    src=\"https:\/\/www.byter.de\/wordpress\/wp-content\/gallery\/teigwarenfabrik\/thumbs\/thumbs_schirm-1000h.jpg\"\n                    width=\"100\"\n                    height=\"75\"\n                    style=\"max-width:100%;\"\n                \/>\n            <\/a>\n        <\/div>\n\t\t\t\t\t\t\t<\/div> \n\t\t\t\n\t\t\t\t<div id=\"ngg-image-21\" class=\"ngg-gallery-thumbnail-box \" >\n\t\t\t\t        <div class=\"ngg-gallery-thumbnail\">\n            <a href=\"https:\/\/www.byter.de\/wordpress\/wp-content\/gallery\/teigwarenfabrik\/stofflager-1200.jpg\"\n               title=\"Stofflager (wozu auch immer)\"\n               data-src=\"https:\/\/www.byter.de\/wordpress\/wp-content\/gallery\/teigwarenfabrik\/stofflager-1200.jpg\"\n               data-thumbnail=\"https:\/\/www.byter.de\/wordpress\/wp-content\/gallery\/teigwarenfabrik\/thumbs\/thumbs_stofflager-1200.jpg\"\n               data-image-id=\"393\"\n               data-title=\"stofflager-1200\"\n               data-description=\"Stofflager (wozu auch immer)\"\n               data-image-slug=\"stofflager-1200\"\n               class=\"ngg-fancybox\" rel=\"a3723a813f05d40c64b4a59aaebcb719\">\n                <img\n                    title=\"stofflager-1200\"\n                    alt=\"stofflager-1200\"\n                    src=\"https:\/\/www.byter.de\/wordpress\/wp-content\/gallery\/teigwarenfabrik\/thumbs\/thumbs_stofflager-1200.jpg\"\n                    width=\"100\"\n                    height=\"75\"\n                    style=\"max-width:100%;\"\n                \/>\n            <\/a>\n        <\/div>\n\t\t\t\t\t\t\t<\/div> \n\t\t\t\n\t\t\t\t<div id=\"ngg-image-22\" class=\"ngg-gallery-thumbnail-box \" >\n\t\t\t\t        <div class=\"ngg-gallery-thumbnail\">\n            <a href=\"https:\/\/www.byter.de\/wordpress\/wp-content\/gallery\/teigwarenfabrik\/sherry-europa-1200.jpg\"\n               title=\"Europa 1984 - Prost!\"\n               data-src=\"https:\/\/www.byter.de\/wordpress\/wp-content\/gallery\/teigwarenfabrik\/sherry-europa-1200.jpg\"\n               data-thumbnail=\"https:\/\/www.byter.de\/wordpress\/wp-content\/gallery\/teigwarenfabrik\/thumbs\/thumbs_sherry-europa-1200.jpg\"\n               data-image-id=\"392\"\n               data-title=\"sherry-europa-1200\"\n               data-description=\"Europa 1984 - Prost!\"\n               data-image-slug=\"sherry-europa-1200\"\n               class=\"ngg-fancybox\" rel=\"a3723a813f05d40c64b4a59aaebcb719\">\n                <img\n                    title=\"sherry-europa-1200\"\n                    alt=\"sherry-europa-1200\"\n                    src=\"https:\/\/www.byter.de\/wordpress\/wp-content\/gallery\/teigwarenfabrik\/thumbs\/thumbs_sherry-europa-1200.jpg\"\n                    width=\"100\"\n                    height=\"75\"\n                    style=\"max-width:100%;\"\n                \/>\n            <\/a>\n        <\/div>\n\t\t\t\t\t\t\t<\/div> \n\t\t\t\n\t\t\t\t<div id=\"ngg-image-23\" class=\"ngg-gallery-thumbnail-box \" >\n\t\t\t\t        <div class=\"ngg-gallery-thumbnail\">\n            <a href=\"https:\/\/www.byter.de\/wordpress\/wp-content\/gallery\/teigwarenfabrik\/tuer_schloss-1000h.jpg\"\n               title=\"Nicht verschlossen - zum Gl\u00fcck\"\n               data-src=\"https:\/\/www.byter.de\/wordpress\/wp-content\/gallery\/teigwarenfabrik\/tuer_schloss-1000h.jpg\"\n               data-thumbnail=\"https:\/\/www.byter.de\/wordpress\/wp-content\/gallery\/teigwarenfabrik\/thumbs\/thumbs_tuer_schloss-1000h.jpg\"\n               data-image-id=\"395\"\n               data-title=\"tuer_schloss-1000h\"\n               data-description=\"Nicht verschlossen - zum Gl\u00fcck\"\n               data-image-slug=\"tuer_schloss-1000h\"\n               class=\"ngg-fancybox\" rel=\"a3723a813f05d40c64b4a59aaebcb719\">\n                <img\n                    title=\"tuer_schloss-1000h\"\n                    alt=\"tuer_schloss-1000h\"\n                    src=\"https:\/\/www.byter.de\/wordpress\/wp-content\/gallery\/teigwarenfabrik\/thumbs\/thumbs_tuer_schloss-1000h.jpg\"\n                    width=\"100\"\n                    height=\"75\"\n                    style=\"max-width:100%;\"\n                \/>\n            <\/a>\n        <\/div>\n\t\t\t\t\t\t\t<\/div> \n\t\t\t\n\t\n\t<br style=\"clear: both\" \/>\n\n\t\n\t\t<!-- Pagination -->\n\t<div class='ngg-navigation'><span class='current'>1<\/span>\n<a class='page-numbers' data-pageid='2' href='https:\/\/www.byter.de\/wordpress\/index.php\/nggallery\/page\/2?page_id=499'>2<\/a>\n<a class='prev' href='https:\/\/www.byter.de\/wordpress\/index.php\/nggallery\/page\/2?page_id=499' data-pageid=2>&#9658;<\/a><\/div>\t<\/div>\n<\/p>\n<p style=\"text-align: center;\">\n","protected":false},"excerpt":{"rendered":"<p>Noch vor weniger als 10 Jahren soll hier ein sehr bekanntes B\u00e4ckerei-Produkt entstanden sein, bevor die Produktion in den Osten verlagert und das Werk aufgegeben wurde.\u00a0 Schwer vorstellbar, dass einige wenige Jahre einen solchen Verfall mit sich bringen k\u00f6nnen&#8230; Auch &hellip; <a href=\"https:\/\/www.byter.de\/wordpress\/?page_id=499\">Weiterlesen <span class=\"meta-nav\">&rarr;<\/span><\/a><\/p>\n","protected":false},"author":1,"featured_media":0,"parent":45,"menu_order":23,"comment_status":"open","ping_status":"open","template":"","meta":{"ngg_post_thumbnail":0},"_links":{"self":[{"href":"https:\/\/www.byter.de\/wordpress\/index.php?rest_route=\/wp\/v2\/pages\/499"}],"collection":[{"href":"https:\/\/www.byter.de\/wordpress\/index.php?rest_route=\/wp\/v2\/pages"}],"about":[{"href":"https:\/\/www.byter.de\/wordpress\/index.php?rest_route=\/wp\/v2\/types\/page"}],"author":[{"embeddable":true,"href":"https:\/\/www.byter.de\/wordpress\/index.php?rest_route=\/wp\/v2\/users\/1"}],"replies":[{"embeddable":true,"href":"https:\/\/www.byter.de\/wordpress\/index.php?rest_route=%2Fwp%2Fv2%2Fcomments&post=499"}],"version-history":[{"count":8,"href":"https:\/\/www.byter.de\/wordpress\/index.php?rest_route=\/wp\/v2\/pages\/499\/revisions"}],"predecessor-version":[{"id":512,"href":"https:\/\/www.byter.de\/wordpress\/index.php?rest_route=\/wp\/v2\/pages\/499\/revisions\/512"}],"up":[{"embeddable":true,"href":"https:\/\/www.byter.de\/wordpress\/index.php?rest_route=\/wp\/v2\/pages\/45"}],"wp:attachment":[{"href":"https:\/\/www.byter.de\/wordpress\/index.php?rest_route=%2Fwp%2Fv2%2Fmedia&parent=499"}],"curies":[{"name":"wp","href":"https:\/\/api.w.org\/{rel}","templated":true}]}}