{"id":671,"date":"2012-06-04T18:33:03","date_gmt":"2012-06-04T17:33:03","guid":{"rendered":"http:\/\/www.byter.de\/wordpress\/?page_id=671"},"modified":"2015-04-06T19:27:44","modified_gmt":"2015-04-06T18:27:44","slug":"exentrix-tour-2012-ardeche-st-marcel-aven-a","status":"publish","type":"page","link":"https:\/\/www.byter.de\/wordpress\/?page_id=671","title":{"rendered":"eXentriX Tour 2012 &#8211; Ard\u00e8che &#8211; St. Marcel &#038; Aven A."},"content":{"rendered":"<h2><strong>H\u00f6hlentour Ard\u00e8che, S\u00fcdfrankreich &#8211; Teil I<br \/>\n<\/strong><\/h2>\n<p>\u00dcber Pfingsten ging es in diesem Jahr f\u00fcr 7 Tage nach S\u00fcdfrankreich in das D\u00e9partement <a href=\"http:\/\/de.wikipedia.org\/wiki\/Ard%C3%A8che_%28Fluss%29\">Ard\u00e8che<\/a> auf gro\u00dfe H\u00f6hlentour ;). In der Region rund um Vallon-Pont-d\u2019Arc gibt es zahlreiche beeindruckende H\u00f6hlen und H\u00f6hlensysteme, die wohl das Herz eines jeden H\u00f6hlenbegeisterten h\u00f6her schlagen lassen, u.a. die mit derzeit ca. 53km erforschter Gesamtgangl\u00e4nge zweitgr\u00f6\u00dfte H\u00f6hle Frankreichs, die Grotte de St. Marcel.<\/p>\n<p>F\u00fcr mich war es der erste Besuch und die erste H\u00f6hlentour in dieser wundersch\u00f6nen Gegend, w\u00e4hrend ein Teil des Teams bereits zum 3. Mal angereist ist und so schon einiges an Erfahrung und Ortskenntnis mitbrachte &#8211; sehr zum Vorteil, sparte uns das doch die ein oder andere Suche nach den versteckten Eing\u00e4ngen \ud83d\ude09<\/p>\n<p>Hauptziele der diesj\u00e4hrigen Tour im Team mit 8 Mann waren eine Befahrung der Aven de Noel und die Durchquerung der Grotte St. Marcel von\/zur Aven Despeysse. Zun\u00e4chst wollten am 1. Tag aber mehr als 1100km Autofahrt \u00fcberstanden werden und unsere Unterkunft, ein gem\u00fctliches kleines Ferienhaus mitten im franz\u00f6sischen Nirgendwo, bezogen werden.<\/p>\n<div id=\"attachment_688\" style=\"width: 510px\" class=\"wp-caption aligncenter\"><img aria-describedby=\"caption-attachment-688\" decoding=\"async\" loading=\"lazy\" class=\"size-full wp-image-688\" title=\"Autos am Ferienhaus\" src=\"https:\/\/www.byter.de\/wordpress\/wp-content\/uploads\/2012\/06\/Autos_Haus_500.jpg\" alt=\"\" width=\"500\" height=\"285\" srcset=\"https:\/\/www.byter.de\/wordpress\/wp-content\/uploads\/2012\/06\/Autos_Haus_500.jpg 500w, https:\/\/www.byter.de\/wordpress\/wp-content\/uploads\/2012\/06\/Autos_Haus_500-300x171.jpg 300w\" sizes=\"(max-width: 500px) 100vw, 500px\" \/><p id=\"caption-attachment-688\" class=\"wp-caption-text\">Angekommen! Mit 670 Metern(!) Seil im Gep\u00e4ck&#8230;<\/p><\/div>\n<h3><\/h3>\n<h3>Tag 2: Aven de A.<\/h3>\n<p>Urspr\u00fcnglich stand f\u00fcr den ersten Tag vor Ort eine Befahrung der <a href=\"http:\/\/speleoressac.free.fr\/cavites\/salamandre\/salamandre1.htm\" target=\"_blank\">Aven de la Salamandre <\/a>auf dem Programm. Als allerdings die H\u00e4lfte des Teams bereits in den Schlazen steckte und die Ausr\u00fcstung geschultert hatte, hielt pl\u00f6tzlich ein kleiner Jeep vor unserer Truppe und wir wurden von zwei Offiziellen des Nationalpark Gard darauf hingewiesen, dass eine Befahrung nur noch mit Genehmigung erlaubt ist, da die H\u00f6hle derzeit zu einer Schauh\u00f6hle umgebaut wird &#8211; darauf waren wir leider nicht vorbereitet \ud83d\ude41<\/p>\n<p>Zum Gl\u00fcck hatten wir genug Alternativpl\u00e4ne und entschieden uns so, stattdessen die nahegelegene Aven de A. zu befahren.\u00a0 Einige aus dem Team kannten die absolut beeindruckende H\u00f6hle bereits, waren aber sofort bereit, den 45m tiefen Einstiegsschacht (P45\/C70) erneut in Kauf zu nehmen und die H\u00f6hle zum zweiten Mal zu erkunden. Kein Wunder, denn die H\u00f6hle ist \u00fcber und \u00fcber gespickt mit atemberaubenden Tropfsteinen und abertausenden von <a href=\"http:\/\/de.wikipedia.org\/wiki\/Excentrique\" target=\"_blank\">Excentriques<\/a> &#8211; im ersten Moment ist man einfach nur sprachlos von so viel unterirdischer Sch\u00f6nheit.<\/p>\n<p style=\"text-align: center;\">Bildergallerie Aven A.:<\/p>\n<p style=\"text-align: center;\"><!-- default-view.php -->\n<div\n\tclass=\"ngg-galleryoverview default-view \"\n\tid=\"ngg-gallery-fada0cfb5681cd4ea31e26ae56a18bf1-1\">\n\n\t\t<!-- Thumbnails -->\n\t\t\t\t<div id=\"ngg-image-0\" class=\"ngg-gallery-thumbnail-box \" >\n\t\t\t\t        <div class=\"ngg-gallery-thumbnail\">\n            <a href=\"https:\/\/www.byter.de\/wordpress\/wp-content\/gallery\/ardeche-aven-de-a\/abstieg1_1100h_txt.jpg\"\n               title=\"Einflug in die Eingangshalle der Aven A.\"\n               data-src=\"https:\/\/www.byter.de\/wordpress\/wp-content\/gallery\/ardeche-aven-de-a\/abstieg1_1100h_txt.jpg\"\n               data-thumbnail=\"https:\/\/www.byter.de\/wordpress\/wp-content\/gallery\/ardeche-aven-de-a\/thumbs\/thumbs_abstieg1_1100h_txt.jpg\"\n               data-image-id=\"531\"\n               data-title=\"abstieg1_1100h_txt\"\n               data-description=\"Einflug in die Eingangshalle der Aven A.\"\n               data-image-slug=\"abstieg1_1100h_txt\"\n               class=\"ngg-fancybox\" rel=\"fada0cfb5681cd4ea31e26ae56a18bf1\">\n                <img\n                    title=\"abstieg1_1100h_txt\"\n                    alt=\"abstieg1_1100h_txt\"\n                    src=\"https:\/\/www.byter.de\/wordpress\/wp-content\/gallery\/ardeche-aven-de-a\/thumbs\/thumbs_abstieg1_1100h_txt.jpg\"\n                    width=\"100\"\n                    height=\"75\"\n                    style=\"max-width:100%;\"\n                \/>\n            <\/a>\n        <\/div>\n\t\t\t\t\t\t\t<\/div> \n\t\t\t\n\t\t\t\t<div id=\"ngg-image-1\" class=\"ngg-gallery-thumbnail-box \" >\n\t\t\t\t        <div class=\"ngg-gallery-thumbnail\">\n            <a href=\"https:\/\/www.byter.de\/wordpress\/wp-content\/gallery\/ardeche-aven-de-a\/andre_ecentriques1_1200_txt.jpg\"\n               title=\"Ecentriques en masse...\"\n               data-src=\"https:\/\/www.byter.de\/wordpress\/wp-content\/gallery\/ardeche-aven-de-a\/andre_ecentriques1_1200_txt.jpg\"\n               data-thumbnail=\"https:\/\/www.byter.de\/wordpress\/wp-content\/gallery\/ardeche-aven-de-a\/thumbs\/thumbs_andre_ecentriques1_1200_txt.jpg\"\n               data-image-id=\"532\"\n               data-title=\"andre_ecentriques1_1200_txt\"\n               data-description=\"Ecentriques en masse...\"\n               data-image-slug=\"andre_ecentriques1_1200_txt\"\n               class=\"ngg-fancybox\" rel=\"fada0cfb5681cd4ea31e26ae56a18bf1\">\n                <img\n                    title=\"andre_ecentriques1_1200_txt\"\n                    alt=\"andre_ecentriques1_1200_txt\"\n                    src=\"https:\/\/www.byter.de\/wordpress\/wp-content\/gallery\/ardeche-aven-de-a\/thumbs\/thumbs_andre_ecentriques1_1200_txt.jpg\"\n                    width=\"100\"\n                    height=\"75\"\n                    style=\"max-width:100%;\"\n                \/>\n            <\/a>\n        <\/div>\n\t\t\t\t\t\t\t<\/div> \n\t\t\t\n\t\t\t\t<div id=\"ngg-image-2\" class=\"ngg-gallery-thumbnail-box \" >\n\t\t\t\t        <div class=\"ngg-gallery-thumbnail\">\n            <a href=\"https:\/\/www.byter.de\/wordpress\/wp-content\/gallery\/ardeche-aven-de-a\/sinter2_50mm_1_1200_txt.jpg\"\n               title=\"Einfach nur beeindruckend\"\n               data-src=\"https:\/\/www.byter.de\/wordpress\/wp-content\/gallery\/ardeche-aven-de-a\/sinter2_50mm_1_1200_txt.jpg\"\n               data-thumbnail=\"https:\/\/www.byter.de\/wordpress\/wp-content\/gallery\/ardeche-aven-de-a\/thumbs\/thumbs_sinter2_50mm_1_1200_txt.jpg\"\n               data-image-id=\"546\"\n               data-title=\"sinter2_50mm_1_1200_txt\"\n               data-description=\"Einfach nur beeindruckend\"\n               data-image-slug=\"sinter2_50mm_1_1200_txt\"\n               class=\"ngg-fancybox\" rel=\"fada0cfb5681cd4ea31e26ae56a18bf1\">\n                <img\n                    title=\"sinter2_50mm_1_1200_txt\"\n                    alt=\"sinter2_50mm_1_1200_txt\"\n                    src=\"https:\/\/www.byter.de\/wordpress\/wp-content\/gallery\/ardeche-aven-de-a\/thumbs\/thumbs_sinter2_50mm_1_1200_txt.jpg\"\n                    width=\"100\"\n                    height=\"75\"\n                    style=\"max-width:100%;\"\n                \/>\n            <\/a>\n        <\/div>\n\t\t\t\t\t\t\t<\/div> \n\t\t\t\n\t\t\t\t<div id=\"ngg-image-3\" class=\"ngg-gallery-thumbnail-box \" >\n\t\t\t\t        <div class=\"ngg-gallery-thumbnail\">\n            <a href=\"https:\/\/www.byter.de\/wordpress\/wp-content\/gallery\/ardeche-aven-de-a\/markus_ecentriques_1200_txt.jpg\"\n               title=\"Aven A.\"\n               data-src=\"https:\/\/www.byter.de\/wordpress\/wp-content\/gallery\/ardeche-aven-de-a\/markus_ecentriques_1200_txt.jpg\"\n               data-thumbnail=\"https:\/\/www.byter.de\/wordpress\/wp-content\/gallery\/ardeche-aven-de-a\/thumbs\/thumbs_markus_ecentriques_1200_txt.jpg\"\n               data-image-id=\"543\"\n               data-title=\"markus_ecentriques_1200_txt\"\n               data-description=\"Aven A.\"\n               data-image-slug=\"markus_ecentriques_1200_txt\"\n               class=\"ngg-fancybox\" rel=\"fada0cfb5681cd4ea31e26ae56a18bf1\">\n                <img\n                    title=\"markus_ecentriques_1200_txt\"\n                    alt=\"markus_ecentriques_1200_txt\"\n                    src=\"https:\/\/www.byter.de\/wordpress\/wp-content\/gallery\/ardeche-aven-de-a\/thumbs\/thumbs_markus_ecentriques_1200_txt.jpg\"\n                    width=\"100\"\n                    height=\"74\"\n                    style=\"max-width:100%;\"\n                \/>\n            <\/a>\n        <\/div>\n\t\t\t\t\t\t\t<\/div> \n\t\t\t\n\t\t\t\t<div id=\"ngg-image-4\" class=\"ngg-gallery-thumbnail-box \" >\n\t\t\t\t        <div class=\"ngg-gallery-thumbnail\">\n            <a href=\"https:\/\/www.byter.de\/wordpress\/wp-content\/gallery\/ardeche-aven-de-a\/markus_ecentriques3_1200_txt.jpg\"\n               title=\"Markus staunt...\"\n               data-src=\"https:\/\/www.byter.de\/wordpress\/wp-content\/gallery\/ardeche-aven-de-a\/markus_ecentriques3_1200_txt.jpg\"\n               data-thumbnail=\"https:\/\/www.byter.de\/wordpress\/wp-content\/gallery\/ardeche-aven-de-a\/thumbs\/thumbs_markus_ecentriques3_1200_txt.jpg\"\n               data-image-id=\"542\"\n               data-title=\"markus_ecentriques3_1200_txt\"\n               data-description=\"Markus staunt...\"\n               data-image-slug=\"markus_ecentriques3_1200_txt\"\n               class=\"ngg-fancybox\" rel=\"fada0cfb5681cd4ea31e26ae56a18bf1\">\n                <img\n                    title=\"markus_ecentriques3_1200_txt\"\n                    alt=\"markus_ecentriques3_1200_txt\"\n                    src=\"https:\/\/www.byter.de\/wordpress\/wp-content\/gallery\/ardeche-aven-de-a\/thumbs\/thumbs_markus_ecentriques3_1200_txt.jpg\"\n                    width=\"100\"\n                    height=\"75\"\n                    style=\"max-width:100%;\"\n                \/>\n            <\/a>\n        <\/div>\n\t\t\t\t\t\t\t<\/div> \n\t\t\t\n\t\t\t\t<div id=\"ngg-image-5\" class=\"ngg-gallery-thumbnail-box \" >\n\t\t\t\t        <div class=\"ngg-gallery-thumbnail\">\n            <a href=\"https:\/\/www.byter.de\/wordpress\/wp-content\/gallery\/ardeche-aven-de-a\/christian_ecentriques_1200_txt.jpg\"\n               title=\"Relaxing Christian\"\n               data-src=\"https:\/\/www.byter.de\/wordpress\/wp-content\/gallery\/ardeche-aven-de-a\/christian_ecentriques_1200_txt.jpg\"\n               data-thumbnail=\"https:\/\/www.byter.de\/wordpress\/wp-content\/gallery\/ardeche-aven-de-a\/thumbs\/thumbs_christian_ecentriques_1200_txt.jpg\"\n               data-image-id=\"534\"\n               data-title=\"christian_ecentriques_1200_txt\"\n               data-description=\"Relaxing Christian\"\n               data-image-slug=\"christian_ecentriques_1200_txt\"\n               class=\"ngg-fancybox\" rel=\"fada0cfb5681cd4ea31e26ae56a18bf1\">\n                <img\n                    title=\"christian_ecentriques_1200_txt\"\n                    alt=\"christian_ecentriques_1200_txt\"\n                    src=\"https:\/\/www.byter.de\/wordpress\/wp-content\/gallery\/ardeche-aven-de-a\/thumbs\/thumbs_christian_ecentriques_1200_txt.jpg\"\n                    width=\"100\"\n                    height=\"75\"\n                    style=\"max-width:100%;\"\n                \/>\n            <\/a>\n        <\/div>\n\t\t\t\t\t\t\t<\/div> \n\t\t\t\n\t\t\t\t<div id=\"ngg-image-6\" class=\"ngg-gallery-thumbnail-box \" >\n\t\t\t\t        <div class=\"ngg-gallery-thumbnail\">\n            <a href=\"https:\/\/www.byter.de\/wordpress\/wp-content\/gallery\/ardeche-aven-de-a\/ecentriques1_1200_txt.jpg\"\n               title=\"Aven A.\"\n               data-src=\"https:\/\/www.byter.de\/wordpress\/wp-content\/gallery\/ardeche-aven-de-a\/ecentriques1_1200_txt.jpg\"\n               data-thumbnail=\"https:\/\/www.byter.de\/wordpress\/wp-content\/gallery\/ardeche-aven-de-a\/thumbs\/thumbs_ecentriques1_1200_txt.jpg\"\n               data-image-id=\"535\"\n               data-title=\"ecentriques1_1200_txt\"\n               data-description=\"Aven A.\"\n               data-image-slug=\"ecentriques1_1200_txt\"\n               class=\"ngg-fancybox\" rel=\"fada0cfb5681cd4ea31e26ae56a18bf1\">\n                <img\n                    title=\"ecentriques1_1200_txt\"\n                    alt=\"ecentriques1_1200_txt\"\n                    src=\"https:\/\/www.byter.de\/wordpress\/wp-content\/gallery\/ardeche-aven-de-a\/thumbs\/thumbs_ecentriques1_1200_txt.jpg\"\n                    width=\"100\"\n                    height=\"74\"\n                    style=\"max-width:100%;\"\n                \/>\n            <\/a>\n        <\/div>\n\t\t\t\t\t\t\t<\/div> \n\t\t\t\n\t\t\t\t<div id=\"ngg-image-7\" class=\"ngg-gallery-thumbnail-box \" >\n\t\t\t\t        <div class=\"ngg-gallery-thumbnail\">\n            <a href=\"https:\/\/www.byter.de\/wordpress\/wp-content\/gallery\/ardeche-aven-de-a\/ecentriques3_1100h_txt.jpg\"\n               title=\"Aven A.\"\n               data-src=\"https:\/\/www.byter.de\/wordpress\/wp-content\/gallery\/ardeche-aven-de-a\/ecentriques3_1100h_txt.jpg\"\n               data-thumbnail=\"https:\/\/www.byter.de\/wordpress\/wp-content\/gallery\/ardeche-aven-de-a\/thumbs\/thumbs_ecentriques3_1100h_txt.jpg\"\n               data-image-id=\"537\"\n               data-title=\"ecentriques3_1100h_txt\"\n               data-description=\"Aven A.\"\n               data-image-slug=\"ecentriques3_1100h_txt\"\n               class=\"ngg-fancybox\" rel=\"fada0cfb5681cd4ea31e26ae56a18bf1\">\n                <img\n                    title=\"ecentriques3_1100h_txt\"\n                    alt=\"ecentriques3_1100h_txt\"\n                    src=\"https:\/\/www.byter.de\/wordpress\/wp-content\/gallery\/ardeche-aven-de-a\/thumbs\/thumbs_ecentriques3_1100h_txt.jpg\"\n                    width=\"100\"\n                    height=\"75\"\n                    style=\"max-width:100%;\"\n                \/>\n            <\/a>\n        <\/div>\n\t\t\t\t\t\t\t<\/div> \n\t\t\t\n\t\t\t\t<div id=\"ngg-image-8\" class=\"ngg-gallery-thumbnail-box \" >\n\t\t\t\t        <div class=\"ngg-gallery-thumbnail\">\n            <a href=\"https:\/\/www.byter.de\/wordpress\/wp-content\/gallery\/ardeche-aven-de-a\/gruppenbild1_1200_txt.jpg\"\n               title=\"Die Truppe :)\"\n               data-src=\"https:\/\/www.byter.de\/wordpress\/wp-content\/gallery\/ardeche-aven-de-a\/gruppenbild1_1200_txt.jpg\"\n               data-thumbnail=\"https:\/\/www.byter.de\/wordpress\/wp-content\/gallery\/ardeche-aven-de-a\/thumbs\/thumbs_gruppenbild1_1200_txt.jpg\"\n               data-image-id=\"538\"\n               data-title=\"gruppenbild1_1200_txt\"\n               data-description=\"Die Truppe :)\"\n               data-image-slug=\"gruppenbild1_1200_txt\"\n               class=\"ngg-fancybox\" rel=\"fada0cfb5681cd4ea31e26ae56a18bf1\">\n                <img\n                    title=\"gruppenbild1_1200_txt\"\n                    alt=\"gruppenbild1_1200_txt\"\n                    src=\"https:\/\/www.byter.de\/wordpress\/wp-content\/gallery\/ardeche-aven-de-a\/thumbs\/thumbs_gruppenbild1_1200_txt.jpg\"\n                    width=\"100\"\n                    height=\"75\"\n                    style=\"max-width:100%;\"\n                \/>\n            <\/a>\n        <\/div>\n\t\t\t\t\t\t\t<\/div> \n\t\t\t\n\t\t\t\t<div id=\"ngg-image-9\" class=\"ngg-gallery-thumbnail-box \" >\n\t\t\t\t        <div class=\"ngg-gallery-thumbnail\">\n            <a href=\"https:\/\/www.byter.de\/wordpress\/wp-content\/gallery\/ardeche-aven-de-a\/halle_aufstieg1_1200_txt.jpg\"\n               title=\"Die Eingangshalle\"\n               data-src=\"https:\/\/www.byter.de\/wordpress\/wp-content\/gallery\/ardeche-aven-de-a\/halle_aufstieg1_1200_txt.jpg\"\n               data-thumbnail=\"https:\/\/www.byter.de\/wordpress\/wp-content\/gallery\/ardeche-aven-de-a\/thumbs\/thumbs_halle_aufstieg1_1200_txt.jpg\"\n               data-image-id=\"539\"\n               data-title=\"halle_aufstieg1_1200_txt\"\n               data-description=\"Die Eingangshalle\"\n               data-image-slug=\"halle_aufstieg1_1200_txt\"\n               class=\"ngg-fancybox\" rel=\"fada0cfb5681cd4ea31e26ae56a18bf1\">\n                <img\n                    title=\"halle_aufstieg1_1200_txt\"\n                    alt=\"halle_aufstieg1_1200_txt\"\n                    src=\"https:\/\/www.byter.de\/wordpress\/wp-content\/gallery\/ardeche-aven-de-a\/thumbs\/thumbs_halle_aufstieg1_1200_txt.jpg\"\n                    width=\"100\"\n                    height=\"75\"\n                    style=\"max-width:100%;\"\n                \/>\n            <\/a>\n        <\/div>\n\t\t\t\t\t\t\t<\/div> \n\t\t\t\n\t\t\t\t<div id=\"ngg-image-10\" class=\"ngg-gallery-thumbnail-box \" >\n\t\t\t\t        <div class=\"ngg-gallery-thumbnail\">\n            <a href=\"https:\/\/www.byter.de\/wordpress\/wp-content\/gallery\/ardeche-aven-de-a\/jens_durchgang_1200_txt.jpg\"\n               title=\"Jens im Durchgang zum hinteren Teil der H\u00f6hle\"\n               data-src=\"https:\/\/www.byter.de\/wordpress\/wp-content\/gallery\/ardeche-aven-de-a\/jens_durchgang_1200_txt.jpg\"\n               data-thumbnail=\"https:\/\/www.byter.de\/wordpress\/wp-content\/gallery\/ardeche-aven-de-a\/thumbs\/thumbs_jens_durchgang_1200_txt.jpg\"\n               data-image-id=\"540\"\n               data-title=\"jens_durchgang_1200_txt\"\n               data-description=\"Jens im Durchgang zum hinteren Teil der H\u00f6hle\"\n               data-image-slug=\"jens_durchgang_1200_txt\"\n               class=\"ngg-fancybox\" rel=\"fada0cfb5681cd4ea31e26ae56a18bf1\">\n                <img\n                    title=\"jens_durchgang_1200_txt\"\n                    alt=\"jens_durchgang_1200_txt\"\n                    src=\"https:\/\/www.byter.de\/wordpress\/wp-content\/gallery\/ardeche-aven-de-a\/thumbs\/thumbs_jens_durchgang_1200_txt.jpg\"\n                    width=\"100\"\n                    height=\"75\"\n                    style=\"max-width:100%;\"\n                \/>\n            <\/a>\n        <\/div>\n\t\t\t\t\t\t\t<\/div> \n\t\t\t\n\t\t\t\t<div id=\"ngg-image-11\" class=\"ngg-gallery-thumbnail-box \" >\n\t\t\t\t        <div class=\"ngg-gallery-thumbnail\">\n            <a href=\"https:\/\/www.byter.de\/wordpress\/wp-content\/gallery\/ardeche-aven-de-a\/markus_ecentriques2_1200_txt.jpg\"\n               title=\"Aven A.\"\n               data-src=\"https:\/\/www.byter.de\/wordpress\/wp-content\/gallery\/ardeche-aven-de-a\/markus_ecentriques2_1200_txt.jpg\"\n               data-thumbnail=\"https:\/\/www.byter.de\/wordpress\/wp-content\/gallery\/ardeche-aven-de-a\/thumbs\/thumbs_markus_ecentriques2_1200_txt.jpg\"\n               data-image-id=\"541\"\n               data-title=\"markus_ecentriques2_1200_txt\"\n               data-description=\"Aven A.\"\n               data-image-slug=\"markus_ecentriques2_1200_txt\"\n               class=\"ngg-fancybox\" rel=\"fada0cfb5681cd4ea31e26ae56a18bf1\">\n                <img\n                    title=\"markus_ecentriques2_1200_txt\"\n                    alt=\"markus_ecentriques2_1200_txt\"\n                    src=\"https:\/\/www.byter.de\/wordpress\/wp-content\/gallery\/ardeche-aven-de-a\/thumbs\/thumbs_markus_ecentriques2_1200_txt.jpg\"\n                    width=\"100\"\n                    height=\"75\"\n                    style=\"max-width:100%;\"\n                \/>\n            <\/a>\n        <\/div>\n\t\t\t\t\t\t\t<\/div> \n\t\t\t\n\t\t\t\t<div id=\"ngg-image-12\" class=\"ngg-gallery-thumbnail-box \" >\n\t\t\t\t        <div class=\"ngg-gallery-thumbnail\">\n            <a href=\"https:\/\/www.byter.de\/wordpress\/wp-content\/gallery\/ardeche-aven-de-a\/sinter1_1200_txtl.jpg\"\n               title=\"Aven A.\"\n               data-src=\"https:\/\/www.byter.de\/wordpress\/wp-content\/gallery\/ardeche-aven-de-a\/sinter1_1200_txtl.jpg\"\n               data-thumbnail=\"https:\/\/www.byter.de\/wordpress\/wp-content\/gallery\/ardeche-aven-de-a\/thumbs\/thumbs_sinter1_1200_txtl.jpg\"\n               data-image-id=\"544\"\n               data-title=\"sinter1_1200_txtl\"\n               data-description=\"Aven A.\"\n               data-image-slug=\"sinter1_1200_txtl\"\n               class=\"ngg-fancybox\" rel=\"fada0cfb5681cd4ea31e26ae56a18bf1\">\n                <img\n                    title=\"sinter1_1200_txtl\"\n                    alt=\"sinter1_1200_txtl\"\n                    src=\"https:\/\/www.byter.de\/wordpress\/wp-content\/gallery\/ardeche-aven-de-a\/thumbs\/thumbs_sinter1_1200_txtl.jpg\"\n                    width=\"100\"\n                    height=\"75\"\n                    style=\"max-width:100%;\"\n                \/>\n            <\/a>\n        <\/div>\n\t\t\t\t\t\t\t<\/div> \n\t\t\t\n\t\t\t\t<div id=\"ngg-image-13\" class=\"ngg-gallery-thumbnail-box \" >\n\t\t\t\t        <div class=\"ngg-gallery-thumbnail\">\n            <a href=\"https:\/\/www.byter.de\/wordpress\/wp-content\/gallery\/ardeche-aven-de-a\/sinter2_1200_txt.jpg\"\n               title=\"Aven A.\"\n               data-src=\"https:\/\/www.byter.de\/wordpress\/wp-content\/gallery\/ardeche-aven-de-a\/sinter2_1200_txt.jpg\"\n               data-thumbnail=\"https:\/\/www.byter.de\/wordpress\/wp-content\/gallery\/ardeche-aven-de-a\/thumbs\/thumbs_sinter2_1200_txt.jpg\"\n               data-image-id=\"545\"\n               data-title=\"sinter2_1200_txt\"\n               data-description=\"Aven A.\"\n               data-image-slug=\"sinter2_1200_txt-2\"\n               class=\"ngg-fancybox\" rel=\"fada0cfb5681cd4ea31e26ae56a18bf1\">\n                <img\n                    title=\"sinter2_1200_txt\"\n                    alt=\"sinter2_1200_txt\"\n                    src=\"https:\/\/www.byter.de\/wordpress\/wp-content\/gallery\/ardeche-aven-de-a\/thumbs\/thumbs_sinter2_1200_txt.jpg\"\n                    width=\"100\"\n                    height=\"75\"\n                    style=\"max-width:100%;\"\n                \/>\n            <\/a>\n        <\/div>\n\t\t\t\t\t\t\t<\/div> \n\t\t\t\n\t\t\t\t<div id=\"ngg-image-14\" class=\"ngg-gallery-thumbnail-box \" >\n\t\t\t\t        <div class=\"ngg-gallery-thumbnail\">\n            <a href=\"https:\/\/www.byter.de\/wordpress\/wp-content\/gallery\/ardeche-aven-de-a\/ecentriques2_1200_txt.jpg\"\n               title=\"Beleuchtungsspiele...\"\n               data-src=\"https:\/\/www.byter.de\/wordpress\/wp-content\/gallery\/ardeche-aven-de-a\/ecentriques2_1200_txt.jpg\"\n               data-thumbnail=\"https:\/\/www.byter.de\/wordpress\/wp-content\/gallery\/ardeche-aven-de-a\/thumbs\/thumbs_ecentriques2_1200_txt.jpg\"\n               data-image-id=\"536\"\n               data-title=\"ecentriques2_1200_txt\"\n               data-description=\"Beleuchtungsspiele...\"\n               data-image-slug=\"ecentriques2_1200_txt\"\n               class=\"ngg-fancybox\" rel=\"fada0cfb5681cd4ea31e26ae56a18bf1\">\n                <img\n                    title=\"ecentriques2_1200_txt\"\n                    alt=\"ecentriques2_1200_txt\"\n                    src=\"https:\/\/www.byter.de\/wordpress\/wp-content\/gallery\/ardeche-aven-de-a\/thumbs\/thumbs_ecentriques2_1200_txt.jpg\"\n                    width=\"100\"\n                    height=\"75\"\n                    style=\"max-width:100%;\"\n                \/>\n            <\/a>\n        <\/div>\n\t\t\t\t\t\t\t<\/div> \n\t\t\t\n\t\t\t\t<div id=\"ngg-image-15\" class=\"ngg-gallery-thumbnail-box \" >\n\t\t\t\t        <div class=\"ngg-gallery-thumbnail\">\n            <a href=\"https:\/\/www.byter.de\/wordpress\/wp-content\/gallery\/ardeche-aven-de-a\/aufstieg2_1100h_txt.jpg\"\n               title=\"Aufw\u00e4rts... und tsch\u00fc\u00df, Aven A.!\"\n               data-src=\"https:\/\/www.byter.de\/wordpress\/wp-content\/gallery\/ardeche-aven-de-a\/aufstieg2_1100h_txt.jpg\"\n               data-thumbnail=\"https:\/\/www.byter.de\/wordpress\/wp-content\/gallery\/ardeche-aven-de-a\/thumbs\/thumbs_aufstieg2_1100h_txt.jpg\"\n               data-image-id=\"533\"\n               data-title=\"aufstieg2_1100h_txt\"\n               data-description=\"Aufw\u00e4rts... und tsch\u00fc\u00df, Aven A.!\"\n               data-image-slug=\"aufstieg2_1100h_txt\"\n               class=\"ngg-fancybox\" rel=\"fada0cfb5681cd4ea31e26ae56a18bf1\">\n                <img\n                    title=\"aufstieg2_1100h_txt\"\n                    alt=\"aufstieg2_1100h_txt\"\n                    src=\"https:\/\/www.byter.de\/wordpress\/wp-content\/gallery\/ardeche-aven-de-a\/thumbs\/thumbs_aufstieg2_1100h_txt.jpg\"\n                    width=\"100\"\n                    height=\"75\"\n                    style=\"max-width:100%;\"\n                \/>\n            <\/a>\n        <\/div>\n\t\t\t\t\t\t\t<\/div> \n\t\t\t\n\t\n\t<br style=\"clear: both\" \/>\n\n\t\n\t\t<!-- Pagination -->\n\t<div class='ngg-clear'><\/div>\t<\/div>\n<\/p>\n<p>Was f\u00fcr ein Auftakt!\u00a0 Die mit Abstand sch\u00f6nste H\u00f6hle, die ich bisher gesehen habe&#8230;<\/p>\n<p>&nbsp;<\/p>\n<h3>Tag 3: Grotte de St. Marcel, Galerie Du Lac<\/h3>\n<p style=\"text-align: left;\">Am 3. Tag stand eine gem\u00fctliche Erkundung eines der Resseaus der Grotte de St. Marcel auf dem Programm &#8211; ausnahmsweise eine Tour ganz ohne Seil und Kletterausr\u00fcstung, so dass hier ausgiebig Zeit f\u00fcr Fotos war und sich die mitgebrachte DSLR wirklich gelohnt hat. Gleichzeitig sollte die Tour zur Vorbereitung des geplanten Durchstiegs zur Aven de Despeysse dienen (dazu mehr an Tag 5) und uns &#8222;Neulingen&#8220; erste Eindr\u00fccke von der St. Marcel liefern.<\/p>\n<div id=\"attachment_692\" style=\"width: 296px\" class=\"wp-caption aligncenter\"><a href=\"https:\/\/www.byter.de\/wordpress\/wp-content\/gallery\/ardeche-st-marcel-galerie-du-lac\/thron_kai_try1_1200h.jpg\"><img aria-describedby=\"caption-attachment-692\" decoding=\"async\" loading=\"lazy\" class=\"size-full wp-image-692\" title=\"Auf dem Thron\" src=\"https:\/\/www.byter.de\/wordpress\/wp-content\/uploads\/2012\/06\/Thron_400h1.jpg\" alt=\"\" width=\"286\" height=\"400\" srcset=\"https:\/\/www.byter.de\/wordpress\/wp-content\/uploads\/2012\/06\/Thron_400h1.jpg 286w, https:\/\/www.byter.de\/wordpress\/wp-content\/uploads\/2012\/06\/Thron_400h1-214x300.jpg 214w\" sizes=\"(max-width: 286px) 100vw, 286px\" \/><\/a><p id=\"caption-attachment-692\" class=\"wp-caption-text\">St. Marcel &#8211; Galerie Du Lac<\/p><\/div>\n<p style=\"text-align: left;\">Eine Besonderheit der H\u00f6hle ist, dass ein kleiner Teil der H\u00f6hle als Schauh\u00f6hle ausgebaut ist. Trotzdem kann und darf man (mit entsprechender Erlaubnis, die man zur Befahrung der H\u00f6hle aber sowieso ben\u00f6tigt) als erkundendes Team die Schauh\u00f6hle quasi &#8222;von hinten&#8220; betreten und sogar durchqueren. Es ist schon recht am\u00fcsant, wenn man in voller Schlaz-Montur durch die H\u00f6hle streift, pl\u00f6tzlich ein Licht angeht und eine Touristenf\u00fchrung auf der benachbarten Gallerie entlanggef\u00fchrt wird \ud83d\ude09\u00a0\u00a0 Der Schauh\u00f6hlenteil macht allerdings nur einen SEHR kleinen Teil der H\u00f6hle aus, und nat\u00fcrlich haben wir uns auf den touristisch nicht erschlossenen Bereich konzentriert&#8230;<\/p>\n<p style=\"text-align: center;\">Bildergallerie Grotte de St. Marcel &#8211; Galerie Du Lac:<\/p>\n<p style=\"text-align: center;\"><!-- default-view.php -->\n<div\n\tclass=\"ngg-galleryoverview default-view \"\n\tid=\"ngg-gallery-947fc5a8b2c7cafd6c00a0002b399c7f-1\">\n\n\t\t<!-- Thumbnails -->\n\t\t\t\t<div id=\"ngg-image-0\" class=\"ngg-gallery-thumbnail-box \" >\n\t\t\t\t        <div class=\"ngg-gallery-thumbnail\">\n            <a href=\"https:\/\/www.byter.de\/wordpress\/wp-content\/gallery\/ardeche-st-marcel-galerie-du-lac\/thron_kai_try2_1200-2.jpg\"\n               title=\"Kai auf dem Thron I\"\n               data-src=\"https:\/\/www.byter.de\/wordpress\/wp-content\/gallery\/ardeche-st-marcel-galerie-du-lac\/thron_kai_try2_1200-2.jpg\"\n               data-thumbnail=\"https:\/\/www.byter.de\/wordpress\/wp-content\/gallery\/ardeche-st-marcel-galerie-du-lac\/thumbs\/thumbs_thron_kai_try2_1200-2.jpg\"\n               data-image-id=\"515\"\n               data-title=\"thron_kai_try2_1200-2\"\n               data-description=\"Kai auf dem Thron I\"\n               data-image-slug=\"thron_kai_try2_1200-2\"\n               class=\"ngg-fancybox\" rel=\"947fc5a8b2c7cafd6c00a0002b399c7f\">\n                <img\n                    title=\"thron_kai_try2_1200-2\"\n                    alt=\"thron_kai_try2_1200-2\"\n                    src=\"https:\/\/www.byter.de\/wordpress\/wp-content\/gallery\/ardeche-st-marcel-galerie-du-lac\/thumbs\/thumbs_thron_kai_try2_1200-2.jpg\"\n                    width=\"100\"\n                    height=\"75\"\n                    style=\"max-width:100%;\"\n                \/>\n            <\/a>\n        <\/div>\n\t\t\t\t\t\t\t<\/div> \n\t\t\t\n\t\t\t\t<div id=\"ngg-image-1\" class=\"ngg-gallery-thumbnail-box \" >\n\t\t\t\t        <div class=\"ngg-gallery-thumbnail\">\n            <a href=\"https:\/\/www.byter.de\/wordpress\/wp-content\/gallery\/ardeche-st-marcel-galerie-du-lac\/sinter2_1200_txt.jpg\"\n               title=\"Gallerie Du Lac\"\n               data-src=\"https:\/\/www.byter.de\/wordpress\/wp-content\/gallery\/ardeche-st-marcel-galerie-du-lac\/sinter2_1200_txt.jpg\"\n               data-thumbnail=\"https:\/\/www.byter.de\/wordpress\/wp-content\/gallery\/ardeche-st-marcel-galerie-du-lac\/thumbs\/thumbs_sinter2_1200_txt.jpg\"\n               data-image-id=\"525\"\n               data-title=\"sinter2_1200_txt\"\n               data-description=\"Gallerie Du Lac\"\n               data-image-slug=\"sinter2_1200_txt\"\n               class=\"ngg-fancybox\" rel=\"947fc5a8b2c7cafd6c00a0002b399c7f\">\n                <img\n                    title=\"sinter2_1200_txt\"\n                    alt=\"sinter2_1200_txt\"\n                    src=\"https:\/\/www.byter.de\/wordpress\/wp-content\/gallery\/ardeche-st-marcel-galerie-du-lac\/thumbs\/thumbs_sinter2_1200_txt.jpg\"\n                    width=\"100\"\n                    height=\"74\"\n                    style=\"max-width:100%;\"\n                \/>\n            <\/a>\n        <\/div>\n\t\t\t\t\t\t\t<\/div> \n\t\t\t\n\t\t\t\t<div id=\"ngg-image-2\" class=\"ngg-gallery-thumbnail-box \" >\n\t\t\t\t        <div class=\"ngg-gallery-thumbnail\">\n            <a href=\"https:\/\/www.byter.de\/wordpress\/wp-content\/gallery\/ardeche-st-marcel-galerie-du-lac\/sinter1_1100h_txt.jpg\"\n               title=\"Gallerie Du Lac\"\n               data-src=\"https:\/\/www.byter.de\/wordpress\/wp-content\/gallery\/ardeche-st-marcel-galerie-du-lac\/sinter1_1100h_txt.jpg\"\n               data-thumbnail=\"https:\/\/www.byter.de\/wordpress\/wp-content\/gallery\/ardeche-st-marcel-galerie-du-lac\/thumbs\/thumbs_sinter1_1100h_txt.jpg\"\n               data-image-id=\"524\"\n               data-title=\"sinter1_1100h_txt\"\n               data-description=\"Gallerie Du Lac\"\n               data-image-slug=\"sinter1_1100h_txt\"\n               class=\"ngg-fancybox\" rel=\"947fc5a8b2c7cafd6c00a0002b399c7f\">\n                <img\n                    title=\"sinter1_1100h_txt\"\n                    alt=\"sinter1_1100h_txt\"\n                    src=\"https:\/\/www.byter.de\/wordpress\/wp-content\/gallery\/ardeche-st-marcel-galerie-du-lac\/thumbs\/thumbs_sinter1_1100h_txt.jpg\"\n                    width=\"100\"\n                    height=\"75\"\n                    style=\"max-width:100%;\"\n                \/>\n            <\/a>\n        <\/div>\n\t\t\t\t\t\t\t<\/div> \n\t\t\t\n\t\t\t\t<div id=\"ngg-image-3\" class=\"ngg-gallery-thumbnail-box \" >\n\t\t\t\t        <div class=\"ngg-gallery-thumbnail\">\n            <a href=\"https:\/\/www.byter.de\/wordpress\/wp-content\/gallery\/ardeche-st-marcel-galerie-du-lac\/andre_im_gang1_1200_txt.jpg\"\n               title=\"Auf dem Weg durch die Galerie\"\n               data-src=\"https:\/\/www.byter.de\/wordpress\/wp-content\/gallery\/ardeche-st-marcel-galerie-du-lac\/andre_im_gang1_1200_txt.jpg\"\n               data-thumbnail=\"https:\/\/www.byter.de\/wordpress\/wp-content\/gallery\/ardeche-st-marcel-galerie-du-lac\/thumbs\/thumbs_andre_im_gang1_1200_txt.jpg\"\n               data-image-id=\"516\"\n               data-title=\"andre_im_gang1_1200_txt\"\n               data-description=\"Auf dem Weg durch die Galerie\"\n               data-image-slug=\"andre_im_gang1_1200_txt\"\n               class=\"ngg-fancybox\" rel=\"947fc5a8b2c7cafd6c00a0002b399c7f\">\n                <img\n                    title=\"andre_im_gang1_1200_txt\"\n                    alt=\"andre_im_gang1_1200_txt\"\n                    src=\"https:\/\/www.byter.de\/wordpress\/wp-content\/gallery\/ardeche-st-marcel-galerie-du-lac\/thumbs\/thumbs_andre_im_gang1_1200_txt.jpg\"\n                    width=\"100\"\n                    height=\"75\"\n                    style=\"max-width:100%;\"\n                \/>\n            <\/a>\n        <\/div>\n\t\t\t\t\t\t\t<\/div> \n\t\t\t\n\t\t\t\t<div id=\"ngg-image-4\" class=\"ngg-gallery-thumbnail-box \" >\n\t\t\t\t        <div class=\"ngg-gallery-thumbnail\">\n            <a href=\"https:\/\/www.byter.de\/wordpress\/wp-content\/gallery\/ardeche-st-marcel-galerie-du-lac\/andre_pause1-1200_txt.jpg\"\n               title=\"Andre macht Pause...\"\n               data-src=\"https:\/\/www.byter.de\/wordpress\/wp-content\/gallery\/ardeche-st-marcel-galerie-du-lac\/andre_pause1-1200_txt.jpg\"\n               data-thumbnail=\"https:\/\/www.byter.de\/wordpress\/wp-content\/gallery\/ardeche-st-marcel-galerie-du-lac\/thumbs\/thumbs_andre_pause1-1200_txt.jpg\"\n               data-image-id=\"517\"\n               data-title=\"andre_pause1-1200_txt\"\n               data-description=\"Andre macht Pause...\"\n               data-image-slug=\"andre_pause1-1200_txt\"\n               class=\"ngg-fancybox\" rel=\"947fc5a8b2c7cafd6c00a0002b399c7f\">\n                <img\n                    title=\"andre_pause1-1200_txt\"\n                    alt=\"andre_pause1-1200_txt\"\n                    src=\"https:\/\/www.byter.de\/wordpress\/wp-content\/gallery\/ardeche-st-marcel-galerie-du-lac\/thumbs\/thumbs_andre_pause1-1200_txt.jpg\"\n                    width=\"100\"\n                    height=\"75\"\n                    style=\"max-width:100%;\"\n                \/>\n            <\/a>\n        <\/div>\n\t\t\t\t\t\t\t<\/div> \n\t\t\t\n\t\t\t\t<div id=\"ngg-image-5\" class=\"ngg-gallery-thumbnail-box \" >\n\t\t\t\t        <div class=\"ngg-gallery-thumbnail\">\n            <a href=\"https:\/\/www.byter.de\/wordpress\/wp-content\/gallery\/ardeche-st-marcel-galerie-du-lac\/buddajens1_1200.jpg\"\n               title=\"Meditationspause\"\n               data-src=\"https:\/\/www.byter.de\/wordpress\/wp-content\/gallery\/ardeche-st-marcel-galerie-du-lac\/buddajens1_1200.jpg\"\n               data-thumbnail=\"https:\/\/www.byter.de\/wordpress\/wp-content\/gallery\/ardeche-st-marcel-galerie-du-lac\/thumbs\/thumbs_buddajens1_1200.jpg\"\n               data-image-id=\"518\"\n               data-title=\"buddajens1_1200\"\n               data-description=\"Meditationspause\"\n               data-image-slug=\"buddajens1_1200\"\n               class=\"ngg-fancybox\" rel=\"947fc5a8b2c7cafd6c00a0002b399c7f\">\n                <img\n                    title=\"buddajens1_1200\"\n                    alt=\"buddajens1_1200\"\n                    src=\"https:\/\/www.byter.de\/wordpress\/wp-content\/gallery\/ardeche-st-marcel-galerie-du-lac\/thumbs\/thumbs_buddajens1_1200.jpg\"\n                    width=\"100\"\n                    height=\"75\"\n                    style=\"max-width:100%;\"\n                \/>\n            <\/a>\n        <\/div>\n\t\t\t\t\t\t\t<\/div> \n\t\t\t\n\t\t\t\t<div id=\"ngg-image-6\" class=\"ngg-gallery-thumbnail-box \" >\n\t\t\t\t        <div class=\"ngg-gallery-thumbnail\">\n            <a href=\"https:\/\/www.byter.de\/wordpress\/wp-content\/gallery\/ardeche-st-marcel-galerie-du-lac\/engstelle_jens_1200.jpg\"\n               title=\"Zwischendurch wurde es auch mal eng...\"\n               data-src=\"https:\/\/www.byter.de\/wordpress\/wp-content\/gallery\/ardeche-st-marcel-galerie-du-lac\/engstelle_jens_1200.jpg\"\n               data-thumbnail=\"https:\/\/www.byter.de\/wordpress\/wp-content\/gallery\/ardeche-st-marcel-galerie-du-lac\/thumbs\/thumbs_engstelle_jens_1200.jpg\"\n               data-image-id=\"519\"\n               data-title=\"engstelle_jens_1200\"\n               data-description=\"Zwischendurch wurde es auch mal eng...\"\n               data-image-slug=\"engstelle_jens_1200\"\n               class=\"ngg-fancybox\" rel=\"947fc5a8b2c7cafd6c00a0002b399c7f\">\n                <img\n                    title=\"engstelle_jens_1200\"\n                    alt=\"engstelle_jens_1200\"\n                    src=\"https:\/\/www.byter.de\/wordpress\/wp-content\/gallery\/ardeche-st-marcel-galerie-du-lac\/thumbs\/thumbs_engstelle_jens_1200.jpg\"\n                    width=\"100\"\n                    height=\"75\"\n                    style=\"max-width:100%;\"\n                \/>\n            <\/a>\n        <\/div>\n\t\t\t\t\t\t\t<\/div> \n\t\t\t\n\t\t\t\t<div id=\"ngg-image-7\" class=\"ngg-gallery-thumbnail-box \" >\n\t\t\t\t        <div class=\"ngg-gallery-thumbnail\">\n            <a href=\"https:\/\/www.byter.de\/wordpress\/wp-content\/gallery\/ardeche-st-marcel-galerie-du-lac\/sinter4_1200.jpg\"\n               title=\"Gallerie Du Lac\"\n               data-src=\"https:\/\/www.byter.de\/wordpress\/wp-content\/gallery\/ardeche-st-marcel-galerie-du-lac\/sinter4_1200.jpg\"\n               data-thumbnail=\"https:\/\/www.byter.de\/wordpress\/wp-content\/gallery\/ardeche-st-marcel-galerie-du-lac\/thumbs\/thumbs_sinter4_1200.jpg\"\n               data-image-id=\"527\"\n               data-title=\"sinter4_1200\"\n               data-description=\"Gallerie Du Lac\"\n               data-image-slug=\"sinter4_1200\"\n               class=\"ngg-fancybox\" rel=\"947fc5a8b2c7cafd6c00a0002b399c7f\">\n                <img\n                    title=\"sinter4_1200\"\n                    alt=\"sinter4_1200\"\n                    src=\"https:\/\/www.byter.de\/wordpress\/wp-content\/gallery\/ardeche-st-marcel-galerie-du-lac\/thumbs\/thumbs_sinter4_1200.jpg\"\n                    width=\"100\"\n                    height=\"75\"\n                    style=\"max-width:100%;\"\n                \/>\n            <\/a>\n        <\/div>\n\t\t\t\t\t\t\t<\/div> \n\t\t\t\n\t\t\t\t<div id=\"ngg-image-8\" class=\"ngg-gallery-thumbnail-box \" >\n\t\t\t\t        <div class=\"ngg-gallery-thumbnail\">\n            <a href=\"https:\/\/www.byter.de\/wordpress\/wp-content\/gallery\/ardeche-st-marcel-galerie-du-lac\/sinter5_1100h.jpg\"\n               title=\"Gallerie Du Lac\"\n               data-src=\"https:\/\/www.byter.de\/wordpress\/wp-content\/gallery\/ardeche-st-marcel-galerie-du-lac\/sinter5_1100h.jpg\"\n               data-thumbnail=\"https:\/\/www.byter.de\/wordpress\/wp-content\/gallery\/ardeche-st-marcel-galerie-du-lac\/thumbs\/thumbs_sinter5_1100h.jpg\"\n               data-image-id=\"528\"\n               data-title=\"sinter5_1100h\"\n               data-description=\"Gallerie Du Lac\"\n               data-image-slug=\"sinter5_1100h\"\n               class=\"ngg-fancybox\" rel=\"947fc5a8b2c7cafd6c00a0002b399c7f\">\n                <img\n                    title=\"sinter5_1100h\"\n                    alt=\"sinter5_1100h\"\n                    src=\"https:\/\/www.byter.de\/wordpress\/wp-content\/gallery\/ardeche-st-marcel-galerie-du-lac\/thumbs\/thumbs_sinter5_1100h.jpg\"\n                    width=\"100\"\n                    height=\"75\"\n                    style=\"max-width:100%;\"\n                \/>\n            <\/a>\n        <\/div>\n\t\t\t\t\t\t\t<\/div> \n\t\t\t\n\t\t\t\t<div id=\"ngg-image-9\" class=\"ngg-gallery-thumbnail-box \" >\n\t\t\t\t        <div class=\"ngg-gallery-thumbnail\">\n            <a href=\"https:\/\/www.byter.de\/wordpress\/wp-content\/gallery\/ardeche-st-marcel-galerie-du-lac\/engstellen_christian_1200.jpg\"\n               title=\"Geht\u00b4s hier weiter??\"\n               data-src=\"https:\/\/www.byter.de\/wordpress\/wp-content\/gallery\/ardeche-st-marcel-galerie-du-lac\/engstellen_christian_1200.jpg\"\n               data-thumbnail=\"https:\/\/www.byter.de\/wordpress\/wp-content\/gallery\/ardeche-st-marcel-galerie-du-lac\/thumbs\/thumbs_engstellen_christian_1200.jpg\"\n               data-image-id=\"520\"\n               data-title=\"engstellen_christian_1200\"\n               data-description=\"Geht\u00b4s hier weiter??\"\n               data-image-slug=\"engstellen_christian_1200\"\n               class=\"ngg-fancybox\" rel=\"947fc5a8b2c7cafd6c00a0002b399c7f\">\n                <img\n                    title=\"engstellen_christian_1200\"\n                    alt=\"engstellen_christian_1200\"\n                    src=\"https:\/\/www.byter.de\/wordpress\/wp-content\/gallery\/ardeche-st-marcel-galerie-du-lac\/thumbs\/thumbs_engstellen_christian_1200.jpg\"\n                    width=\"100\"\n                    height=\"75\"\n                    style=\"max-width:100%;\"\n                \/>\n            <\/a>\n        <\/div>\n\t\t\t\t\t\t\t<\/div> \n\t\t\t\n\t\t\t\t<div id=\"ngg-image-10\" class=\"ngg-gallery-thumbnail-box \" >\n\t\t\t\t        <div class=\"ngg-gallery-thumbnail\">\n            <a href=\"https:\/\/www.byter.de\/wordpress\/wp-content\/gallery\/ardeche-st-marcel-galerie-du-lac\/sinter6_1100h.jpg\"\n               title=\"Gallerie Du Lac\"\n               data-src=\"https:\/\/www.byter.de\/wordpress\/wp-content\/gallery\/ardeche-st-marcel-galerie-du-lac\/sinter6_1100h.jpg\"\n               data-thumbnail=\"https:\/\/www.byter.de\/wordpress\/wp-content\/gallery\/ardeche-st-marcel-galerie-du-lac\/thumbs\/thumbs_sinter6_1100h.jpg\"\n               data-image-id=\"529\"\n               data-title=\"sinter6_1100h\"\n               data-description=\"Gallerie Du Lac\"\n               data-image-slug=\"sinter6_1100h\"\n               class=\"ngg-fancybox\" rel=\"947fc5a8b2c7cafd6c00a0002b399c7f\">\n                <img\n                    title=\"sinter6_1100h\"\n                    alt=\"sinter6_1100h\"\n                    src=\"https:\/\/www.byter.de\/wordpress\/wp-content\/gallery\/ardeche-st-marcel-galerie-du-lac\/thumbs\/thumbs_sinter6_1100h.jpg\"\n                    width=\"100\"\n                    height=\"74\"\n                    style=\"max-width:100%;\"\n                \/>\n            <\/a>\n        <\/div>\n\t\t\t\t\t\t\t<\/div> \n\t\t\t\n\t\t\t\t<div id=\"ngg-image-11\" class=\"ngg-gallery-thumbnail-box \" >\n\t\t\t\t        <div class=\"ngg-gallery-thumbnail\">\n            <a href=\"https:\/\/www.byter.de\/wordpress\/wp-content\/gallery\/ardeche-st-marcel-galerie-du-lac\/jens_kai_thronoben_1100h_txt.jpg\"\n               title=\"Gallerie Du Lac\"\n               data-src=\"https:\/\/www.byter.de\/wordpress\/wp-content\/gallery\/ardeche-st-marcel-galerie-du-lac\/jens_kai_thronoben_1100h_txt.jpg\"\n               data-thumbnail=\"https:\/\/www.byter.de\/wordpress\/wp-content\/gallery\/ardeche-st-marcel-galerie-du-lac\/thumbs\/thumbs_jens_kai_thronoben_1100h_txt.jpg\"\n               data-image-id=\"521\"\n               data-title=\"jens_kai_thronoben_1100h_txt\"\n               data-description=\"Gallerie Du Lac\"\n               data-image-slug=\"jens_kai_thronoben_1100h_txt\"\n               class=\"ngg-fancybox\" rel=\"947fc5a8b2c7cafd6c00a0002b399c7f\">\n                <img\n                    title=\"jens_kai_thronoben_1100h_txt\"\n                    alt=\"jens_kai_thronoben_1100h_txt\"\n                    src=\"https:\/\/www.byter.de\/wordpress\/wp-content\/gallery\/ardeche-st-marcel-galerie-du-lac\/thumbs\/thumbs_jens_kai_thronoben_1100h_txt.jpg\"\n                    width=\"100\"\n                    height=\"75\"\n                    style=\"max-width:100%;\"\n                \/>\n            <\/a>\n        <\/div>\n\t\t\t\t\t\t\t<\/div> \n\t\t\t\n\t\t\t\t<div id=\"ngg-image-12\" class=\"ngg-gallery-thumbnail-box \" >\n\t\t\t\t        <div class=\"ngg-gallery-thumbnail\">\n            <a href=\"https:\/\/www.byter.de\/wordpress\/wp-content\/gallery\/ardeche-st-marcel-galerie-du-lac\/kai_aufstieg_try1_1100h_txt.jpg\"\n               title=\"Kai beim Aufstieg\"\n               data-src=\"https:\/\/www.byter.de\/wordpress\/wp-content\/gallery\/ardeche-st-marcel-galerie-du-lac\/kai_aufstieg_try1_1100h_txt.jpg\"\n               data-thumbnail=\"https:\/\/www.byter.de\/wordpress\/wp-content\/gallery\/ardeche-st-marcel-galerie-du-lac\/thumbs\/thumbs_kai_aufstieg_try1_1100h_txt.jpg\"\n               data-image-id=\"522\"\n               data-title=\"kai_aufstieg_try1_1100h_txt\"\n               data-description=\"Kai beim Aufstieg\"\n               data-image-slug=\"kai_aufstieg_try1_1100h_txt\"\n               class=\"ngg-fancybox\" rel=\"947fc5a8b2c7cafd6c00a0002b399c7f\">\n                <img\n                    title=\"kai_aufstieg_try1_1100h_txt\"\n                    alt=\"kai_aufstieg_try1_1100h_txt\"\n                    src=\"https:\/\/www.byter.de\/wordpress\/wp-content\/gallery\/ardeche-st-marcel-galerie-du-lac\/thumbs\/thumbs_kai_aufstieg_try1_1100h_txt.jpg\"\n                    width=\"100\"\n                    height=\"75\"\n                    style=\"max-width:100%;\"\n                \/>\n            <\/a>\n        <\/div>\n\t\t\t\t\t\t\t<\/div> \n\t\t\t\n\t\t\t\t<div id=\"ngg-image-13\" class=\"ngg-gallery-thumbnail-box \" >\n\t\t\t\t        <div class=\"ngg-gallery-thumbnail\">\n            <a href=\"https:\/\/www.byter.de\/wordpress\/wp-content\/gallery\/ardeche-st-marcel-galerie-du-lac\/la_cathedrale1_1100_txt.jpg\"\n               title=\"In &quot;La Cathedrale&quot;, am Rande der Schauh\u00f6hle\"\n               data-src=\"https:\/\/www.byter.de\/wordpress\/wp-content\/gallery\/ardeche-st-marcel-galerie-du-lac\/la_cathedrale1_1100_txt.jpg\"\n               data-thumbnail=\"https:\/\/www.byter.de\/wordpress\/wp-content\/gallery\/ardeche-st-marcel-galerie-du-lac\/thumbs\/thumbs_la_cathedrale1_1100_txt.jpg\"\n               data-image-id=\"523\"\n               data-title=\"la_cathedrale1_1100_txt\"\n               data-description=\"In &quot;La Cathedrale&quot;, am Rande der Schauh\u00f6hle\"\n               data-image-slug=\"la_cathedrale1_1100_txt\"\n               class=\"ngg-fancybox\" rel=\"947fc5a8b2c7cafd6c00a0002b399c7f\">\n                <img\n                    title=\"la_cathedrale1_1100_txt\"\n                    alt=\"la_cathedrale1_1100_txt\"\n                    src=\"https:\/\/www.byter.de\/wordpress\/wp-content\/gallery\/ardeche-st-marcel-galerie-du-lac\/thumbs\/thumbs_la_cathedrale1_1100_txt.jpg\"\n                    width=\"100\"\n                    height=\"75\"\n                    style=\"max-width:100%;\"\n                \/>\n            <\/a>\n        <\/div>\n\t\t\t\t\t\t\t<\/div> \n\t\t\t\n\t\t\t\t<div id=\"ngg-image-14\" class=\"ngg-gallery-thumbnail-box \" >\n\t\t\t\t        <div class=\"ngg-gallery-thumbnail\">\n            <a href=\"https:\/\/www.byter.de\/wordpress\/wp-content\/gallery\/ardeche-st-marcel-galerie-du-lac\/thron_kai_try1_1200h.jpg\"\n               title=\"Kai triumphiert :-)\"\n               data-src=\"https:\/\/www.byter.de\/wordpress\/wp-content\/gallery\/ardeche-st-marcel-galerie-du-lac\/thron_kai_try1_1200h.jpg\"\n               data-thumbnail=\"https:\/\/www.byter.de\/wordpress\/wp-content\/gallery\/ardeche-st-marcel-galerie-du-lac\/thumbs\/thumbs_thron_kai_try1_1200h.jpg\"\n               data-image-id=\"530\"\n               data-title=\"thron_kai_try1_1200h\"\n               data-description=\"Kai triumphiert :-)\"\n               data-image-slug=\"thron_kai_try1_1200h\"\n               class=\"ngg-fancybox\" rel=\"947fc5a8b2c7cafd6c00a0002b399c7f\">\n                <img\n                    title=\"thron_kai_try1_1200h\"\n                    alt=\"thron_kai_try1_1200h\"\n                    src=\"https:\/\/www.byter.de\/wordpress\/wp-content\/gallery\/ardeche-st-marcel-galerie-du-lac\/thumbs\/thumbs_thron_kai_try1_1200h.jpg\"\n                    width=\"100\"\n                    height=\"75\"\n                    style=\"max-width:100%;\"\n                \/>\n            <\/a>\n        <\/div>\n\t\t\t\t\t\t\t<\/div> \n\t\t\t\n\t\t\t\t<div id=\"ngg-image-15\" class=\"ngg-gallery-thumbnail-box \" >\n\t\t\t\t        <div class=\"ngg-gallery-thumbnail\">\n            <a href=\"https:\/\/www.byter.de\/wordpress\/wp-content\/gallery\/ardeche-st-marcel-galerie-du-lac\/sinter3_1200_txt.jpg\"\n               title=\"Sinter unterwegs - Galerie Du Lac\"\n               data-src=\"https:\/\/www.byter.de\/wordpress\/wp-content\/gallery\/ardeche-st-marcel-galerie-du-lac\/sinter3_1200_txt.jpg\"\n               data-thumbnail=\"https:\/\/www.byter.de\/wordpress\/wp-content\/gallery\/ardeche-st-marcel-galerie-du-lac\/thumbs\/thumbs_sinter3_1200_txt.jpg\"\n               data-image-id=\"526\"\n               data-title=\"sinter3_1200_txt\"\n               data-description=\"Sinter unterwegs - Galerie Du Lac\"\n               data-image-slug=\"sinter3_1200_txt\"\n               class=\"ngg-fancybox\" rel=\"947fc5a8b2c7cafd6c00a0002b399c7f\">\n                <img\n                    title=\"sinter3_1200_txt\"\n                    alt=\"sinter3_1200_txt\"\n                    src=\"https:\/\/www.byter.de\/wordpress\/wp-content\/gallery\/ardeche-st-marcel-galerie-du-lac\/thumbs\/thumbs_sinter3_1200_txt.jpg\"\n                    width=\"100\"\n                    height=\"75\"\n                    style=\"max-width:100%;\"\n                \/>\n            <\/a>\n        <\/div>\n\t\t\t\t\t\t\t<\/div> \n\t\t\t\n\t\n\t<br style=\"clear: both\" \/>\n\n\t\n\t\t<!-- Pagination -->\n\t<div class='ngg-clear'><\/div>\t<\/div>\n<\/p>\n<p>Nach diesen fantastischen Eindr\u00fccken stand auf dem R\u00fcckweg noch etwas Sightseeing auf dem Programm, denn die Ard\u00e8che-Schlucht ist nicht nur untertage sehenswert \ud83d\ude09<\/p>\n<div id=\"attachment_693\" style=\"width: 510px\" class=\"wp-caption aligncenter\"><img aria-describedby=\"caption-attachment-693\" decoding=\"async\" loading=\"lazy\" class=\"size-full wp-image-693\" title=\"Ardeche\" src=\"https:\/\/www.byter.de\/wordpress\/wp-content\/uploads\/2012\/06\/Ardeche_500.jpg\" alt=\"\" width=\"500\" height=\"330\" srcset=\"https:\/\/www.byter.de\/wordpress\/wp-content\/uploads\/2012\/06\/Ardeche_500.jpg 500w, https:\/\/www.byter.de\/wordpress\/wp-content\/uploads\/2012\/06\/Ardeche_500-300x198.jpg 300w\" sizes=\"(max-width: 500px) 100vw, 500px\" \/><p id=\"caption-attachment-693\" class=\"wp-caption-text\">Die Ard\u00e8che-Schlucht<\/p><\/div>\n<p>Der Rest des Tages wurde dann ganz gem\u00fctlich bei Bier, Wein, K\u00e4se, Oliven und ausgiebigem Grillen dazu genutzt, die erste richtig gro\u00dfe Herausforderung am n\u00e4chsten Tag zu planen: Die Befahrung der Aven de Noel&#8230;<\/p>\n<p style=\"text-align: right;\"><a href=\"https:\/\/www.byter.de\/wordpress\/?page_id=718\">\u00a0<\/a><em><a href=\"https:\/\/www.byter.de\/wordpress\/?page_id=718\">Zum 2. Teil des Tourberichts&#8230;<\/a><br \/>\n<\/em><\/p>\n","protected":false},"excerpt":{"rendered":"<p>H\u00f6hlentour Ard\u00e8che, S\u00fcdfrankreich &#8211; Teil I \u00dcber Pfingsten ging es in diesem Jahr f\u00fcr 7 Tage nach S\u00fcdfrankreich in das D\u00e9partement Ard\u00e8che auf gro\u00dfe H\u00f6hlentour ;). In der Region rund um Vallon-Pont-d\u2019Arc gibt es zahlreiche beeindruckende H\u00f6hlen und H\u00f6hlensysteme, die &hellip; <a href=\"https:\/\/www.byter.de\/wordpress\/?page_id=671\">Weiterlesen <span class=\"meta-nav\">&rarr;<\/span><\/a><\/p>\n","protected":false},"author":1,"featured_media":0,"parent":644,"menu_order":19,"comment_status":"open","ping_status":"open","template":"","meta":{"ngg_post_thumbnail":0},"_links":{"self":[{"href":"https:\/\/www.byter.de\/wordpress\/index.php?rest_route=\/wp\/v2\/pages\/671"}],"collection":[{"href":"https:\/\/www.byter.de\/wordpress\/index.php?rest_route=\/wp\/v2\/pages"}],"about":[{"href":"https:\/\/www.byter.de\/wordpress\/index.php?rest_route=\/wp\/v2\/types\/page"}],"author":[{"embeddable":true,"href":"https:\/\/www.byter.de\/wordpress\/index.php?rest_route=\/wp\/v2\/users\/1"}],"replies":[{"embeddable":true,"href":"https:\/\/www.byter.de\/wordpress\/index.php?rest_route=%2Fwp%2Fv2%2Fcomments&post=671"}],"version-history":[{"count":40,"href":"https:\/\/www.byter.de\/wordpress\/index.php?rest_route=\/wp\/v2\/pages\/671\/revisions"}],"predecessor-version":[{"id":1220,"href":"https:\/\/www.byter.de\/wordpress\/index.php?rest_route=\/wp\/v2\/pages\/671\/revisions\/1220"}],"up":[{"embeddable":true,"href":"https:\/\/www.byter.de\/wordpress\/index.php?rest_route=\/wp\/v2\/pages\/644"}],"wp:attachment":[{"href":"https:\/\/www.byter.de\/wordpress\/index.php?rest_route=%2Fwp%2Fv2%2Fmedia&parent=671"}],"curies":[{"name":"wp","href":"https:\/\/api.w.org\/{rel}","templated":true}]}}