{"id":718,"date":"2012-06-05T21:45:02","date_gmt":"2012-06-05T20:45:02","guid":{"rendered":"http:\/\/www.byter.de\/wordpress\/?page_id=718"},"modified":"2015-04-06T19:27:27","modified_gmt":"2015-04-06T18:27:27","slug":"exentrix-tour-2012-ardeche-aven-noel-traversee-despeysse","status":"publish","type":"page","link":"https:\/\/www.byter.de\/wordpress\/?page_id=718","title":{"rendered":"eXentriX Tour 2012 &#8211; Ard\u00e8che &#8211; Aven de Noel &#038; Traversee Despeysse"},"content":{"rendered":"<h2><strong>H\u00f6hlentour Ard\u00e8che, S\u00fcdfrankreich \u2013 Teil II<\/strong><\/h2>\n<h3>Tag 4 &#8211; Aven de No\u00ebl<\/h3>\n<p>Nach dem eher entspannten <a href=\"https:\/\/www.byter.de\/wordpress\/?page_id=671\">ersten Teil<\/a> der Tour wurde es am 4. Tag richtig sportlich, es galt die <a href=\"http:\/\/speleoressac.free.fr\/cavites\/noel\/noel1.htm\" target=\"_blank\">Aven de No\u00ebl<\/a> zu bezwingen&#8230;\u00a0 Vor dieser Befahrung hatte ich gro\u00dfen Respekt, der Einstiegsschacht ist mehr als 120m tief: 8 Umstiegsstellen, die letzten 90 Meter senkrecht in die Tiefe (P90), 45m davon freih\u00e4ngend. Wir entschieden uns, hier mit jeweils zwei Seilen pro Strecke zu arbeiten und verbauten insgesamt 375m Seil&#8230;<\/p>\n<p>Das Gef\u00fchl, 120m in die dunkle Tiefe abzuseilen, ist schon etwas besonderes&#8230; Auch wenn einem angesichts des R\u00fcckwegs ein wenig mulmig zumute ist, sind die letzten 45m freih\u00e4ngend in der gigantischen, \u00fcber und \u00fcber mit Sinter geschm\u00fcckten Halle ein fantastisches Erlebnis.<\/p>\n<div id=\"attachment_725\" style=\"width: 337px\" class=\"wp-caption aligncenter\"><a href=\"https:\/\/www.byter.de\/wordpress\/wp-content\/gallery\/ardeche-aven-de-noel\/p90-schacht_1000h.jpg\"><img aria-describedby=\"caption-attachment-725\" decoding=\"async\" loading=\"lazy\" class=\"size-full wp-image-725 \" title=\"P90-Schacht Aven de Noel\" src=\"https:\/\/www.byter.de\/wordpress\/wp-content\/uploads\/2012\/06\/P90-Schacht_500h.jpg\" alt=\"\" width=\"327\" height=\"500\" srcset=\"https:\/\/www.byter.de\/wordpress\/wp-content\/uploads\/2012\/06\/P90-Schacht_500h.jpg 327w, https:\/\/www.byter.de\/wordpress\/wp-content\/uploads\/2012\/06\/P90-Schacht_500h-196x300.jpg 196w\" sizes=\"(max-width: 327px) 100vw, 327px\" \/><\/a><p id=\"caption-attachment-725\" class=\"wp-caption-text\">Abseilen im 90m Schacht der Aven de Noel &#8211; man kann die Dimensionen nur erahnen&#8230;<\/p><\/div>\n<p>Die Aven de Noel auf Ihren 120m Schacht zu reduzieren w\u00fcrde ihr aber bei Weitem nicht gerecht, denn unten angekommen erwarten einen kilometerlange, ger\u00e4umige Wegstrecken und eine unglaubliche Vielfalt an Eindr\u00fccken. Riesige Tropfsteine und Sinterformationen, Ecentriques der unterschiedlichsten Formen, Kristalle, Sinterbecken und nat\u00fcrlich die\u00a0 versinterte Fledermaus im &#8222;Bat Rift&#8220;. So verbrachten wir gut 3 Stunden mit Staunen, Wandern und Fotografieren, bevor es f\u00fcr die ersten an den anstrengenden Aufstieg zur\u00fcck an die Oberfl\u00e4che ging&#8230;<\/p>\n<p>Die Spiegelreflex hab ich bei dieser Tour im Auto gelassen, aber dank Wulfs kleiner Canon\u00a0 sind doch einige sch\u00f6ne Eindr\u00fccke entstanden:<\/p>\n<p style=\"text-align: center;\"><!-- default-view.php -->\n<div\n\tclass=\"ngg-galleryoverview default-view \"\n\tid=\"ngg-gallery-b191ce34e5666141fbe1cfdc6aef8c5f-1\">\n\n\t\t<!-- Thumbnails -->\n\t\t\t\t<div id=\"ngg-image-0\" class=\"ngg-gallery-thumbnail-box \" >\n\t\t\t\t        <div class=\"ngg-gallery-thumbnail\">\n            <a href=\"https:\/\/www.byter.de\/wordpress\/wp-content\/gallery\/ardeche-aven-de-noel\/eingang_noel_1200.jpg\"\n               title=\"Abh\u00e4ngen am Einstieg\"\n               data-src=\"https:\/\/www.byter.de\/wordpress\/wp-content\/gallery\/ardeche-aven-de-noel\/eingang_noel_1200.jpg\"\n               data-thumbnail=\"https:\/\/www.byter.de\/wordpress\/wp-content\/gallery\/ardeche-aven-de-noel\/thumbs\/thumbs_eingang_noel_1200.jpg\"\n               data-image-id=\"578\"\n               data-title=\"eingang_noel_1200\"\n               data-description=\"Abh\u00e4ngen am Einstieg\"\n               data-image-slug=\"eingang_noel_1200\"\n               class=\"ngg-fancybox\" rel=\"b191ce34e5666141fbe1cfdc6aef8c5f\">\n                <img\n                    title=\"eingang_noel_1200\"\n                    alt=\"eingang_noel_1200\"\n                    src=\"https:\/\/www.byter.de\/wordpress\/wp-content\/gallery\/ardeche-aven-de-noel\/thumbs\/thumbs_eingang_noel_1200.jpg\"\n                    width=\"100\"\n                    height=\"75\"\n                    style=\"max-width:100%;\"\n                \/>\n            <\/a>\n        <\/div>\n\t\t\t\t\t\t\t<\/div> \n\t\t\t\n\t\t\t\t<div id=\"ngg-image-1\" class=\"ngg-gallery-thumbnail-box \" >\n\t\t\t\t        <div class=\"ngg-gallery-thumbnail\">\n            <a href=\"https:\/\/www.byter.de\/wordpress\/wp-content\/gallery\/ardeche-aven-de-noel\/p90-schacht_1000h.jpg\"\n               title=\"Abseilen im 90m Schacht - die beiden Lichtpunkte sind zwei Mann beim Abseilen :)\"\n               data-src=\"https:\/\/www.byter.de\/wordpress\/wp-content\/gallery\/ardeche-aven-de-noel\/p90-schacht_1000h.jpg\"\n               data-thumbnail=\"https:\/\/www.byter.de\/wordpress\/wp-content\/gallery\/ardeche-aven-de-noel\/thumbs\/thumbs_p90-schacht_1000h.jpg\"\n               data-image-id=\"554\"\n               data-title=\"p90-schacht_1000h\"\n               data-description=\"Abseilen im 90m Schacht - die beiden Lichtpunkte sind zwei Mann beim Abseilen :)\"\n               data-image-slug=\"p90-schacht_1000h\"\n               class=\"ngg-fancybox\" rel=\"b191ce34e5666141fbe1cfdc6aef8c5f\">\n                <img\n                    title=\"p90-schacht_1000h\"\n                    alt=\"p90-schacht_1000h\"\n                    src=\"https:\/\/www.byter.de\/wordpress\/wp-content\/gallery\/ardeche-aven-de-noel\/thumbs\/thumbs_p90-schacht_1000h.jpg\"\n                    width=\"100\"\n                    height=\"75\"\n                    style=\"max-width:100%;\"\n                \/>\n            <\/a>\n        <\/div>\n\t\t\t\t\t\t\t<\/div> \n\t\t\t\n\t\t\t\t<div id=\"ngg-image-2\" class=\"ngg-gallery-thumbnail-box \" >\n\t\t\t\t        <div class=\"ngg-gallery-thumbnail\">\n            <a href=\"https:\/\/www.byter.de\/wordpress\/wp-content\/gallery\/ardeche-aven-de-noel\/schacht1_1100h.jpg\"\n               title=\"Irgendwo im 1. Schacht-Teil\"\n               data-src=\"https:\/\/www.byter.de\/wordpress\/wp-content\/gallery\/ardeche-aven-de-noel\/schacht1_1100h.jpg\"\n               data-thumbnail=\"https:\/\/www.byter.de\/wordpress\/wp-content\/gallery\/ardeche-aven-de-noel\/thumbs\/thumbs_schacht1_1100h.jpg\"\n               data-image-id=\"555\"\n               data-title=\"schacht1_1100h\"\n               data-description=\"Irgendwo im 1. Schacht-Teil\"\n               data-image-slug=\"schacht1_1100h\"\n               class=\"ngg-fancybox\" rel=\"b191ce34e5666141fbe1cfdc6aef8c5f\">\n                <img\n                    title=\"schacht1_1100h\"\n                    alt=\"schacht1_1100h\"\n                    src=\"https:\/\/www.byter.de\/wordpress\/wp-content\/gallery\/ardeche-aven-de-noel\/thumbs\/thumbs_schacht1_1100h.jpg\"\n                    width=\"100\"\n                    height=\"74\"\n                    style=\"max-width:100%;\"\n                \/>\n            <\/a>\n        <\/div>\n\t\t\t\t\t\t\t<\/div> \n\t\t\t\n\t\t\t\t<div id=\"ngg-image-3\" class=\"ngg-gallery-thumbnail-box \" >\n\t\t\t\t        <div class=\"ngg-gallery-thumbnail\">\n            <a href=\"https:\/\/www.byter.de\/wordpress\/wp-content\/gallery\/ardeche-aven-de-noel\/galerie_superiore1_1200.jpg\"\n               title=\"Gallerie Superiore\"\n               data-src=\"https:\/\/www.byter.de\/wordpress\/wp-content\/gallery\/ardeche-aven-de-noel\/galerie_superiore1_1200.jpg\"\n               data-thumbnail=\"https:\/\/www.byter.de\/wordpress\/wp-content\/gallery\/ardeche-aven-de-noel\/thumbs\/thumbs_galerie_superiore1_1200.jpg\"\n               data-image-id=\"551\"\n               data-title=\"galerie_superiore1_1200\"\n               data-description=\"Gallerie Superiore\"\n               data-image-slug=\"galerie_superiore1_1200\"\n               class=\"ngg-fancybox\" rel=\"b191ce34e5666141fbe1cfdc6aef8c5f\">\n                <img\n                    title=\"galerie_superiore1_1200\"\n                    alt=\"galerie_superiore1_1200\"\n                    src=\"https:\/\/www.byter.de\/wordpress\/wp-content\/gallery\/ardeche-aven-de-noel\/thumbs\/thumbs_galerie_superiore1_1200.jpg\"\n                    width=\"100\"\n                    height=\"75\"\n                    style=\"max-width:100%;\"\n                \/>\n            <\/a>\n        <\/div>\n\t\t\t\t\t\t\t<\/div> \n\t\t\t\n\t\t\t\t<div id=\"ngg-image-4\" class=\"ngg-gallery-thumbnail-box \" >\n\t\t\t\t        <div class=\"ngg-gallery-thumbnail\">\n            <a href=\"https:\/\/www.byter.de\/wordpress\/wp-content\/gallery\/ardeche-aven-de-noel\/andre_sinter1_1200_txt.jpg\"\n               title=\"Andre im Hauptgang\"\n               data-src=\"https:\/\/www.byter.de\/wordpress\/wp-content\/gallery\/ardeche-aven-de-noel\/andre_sinter1_1200_txt.jpg\"\n               data-thumbnail=\"https:\/\/www.byter.de\/wordpress\/wp-content\/gallery\/ardeche-aven-de-noel\/thumbs\/thumbs_andre_sinter1_1200_txt.jpg\"\n               data-image-id=\"547\"\n               data-title=\"andre_sinter1_1200_txt\"\n               data-description=\"Andre im Hauptgang\"\n               data-image-slug=\"andre_sinter1_1200_txt\"\n               class=\"ngg-fancybox\" rel=\"b191ce34e5666141fbe1cfdc6aef8c5f\">\n                <img\n                    title=\"andre_sinter1_1200_txt\"\n                    alt=\"andre_sinter1_1200_txt\"\n                    src=\"https:\/\/www.byter.de\/wordpress\/wp-content\/gallery\/ardeche-aven-de-noel\/thumbs\/thumbs_andre_sinter1_1200_txt.jpg\"\n                    width=\"100\"\n                    height=\"75\"\n                    style=\"max-width:100%;\"\n                \/>\n            <\/a>\n        <\/div>\n\t\t\t\t\t\t\t<\/div> \n\t\t\t\n\t\t\t\t<div id=\"ngg-image-5\" class=\"ngg-gallery-thumbnail-box \" >\n\t\t\t\t        <div class=\"ngg-gallery-thumbnail\">\n            <a href=\"https:\/\/www.byter.de\/wordpress\/wp-content\/gallery\/ardeche-aven-de-noel\/ecentriques1_1200.jpg\"\n               title=\"Gallerie Superiore\"\n               data-src=\"https:\/\/www.byter.de\/wordpress\/wp-content\/gallery\/ardeche-aven-de-noel\/ecentriques1_1200.jpg\"\n               data-thumbnail=\"https:\/\/www.byter.de\/wordpress\/wp-content\/gallery\/ardeche-aven-de-noel\/thumbs\/thumbs_ecentriques1_1200.jpg\"\n               data-image-id=\"548\"\n               data-title=\"ecentriques1_1200\"\n               data-description=\"Gallerie Superiore\"\n               data-image-slug=\"ecentriques1_1200\"\n               class=\"ngg-fancybox\" rel=\"b191ce34e5666141fbe1cfdc6aef8c5f\">\n                <img\n                    title=\"ecentriques1_1200\"\n                    alt=\"ecentriques1_1200\"\n                    src=\"https:\/\/www.byter.de\/wordpress\/wp-content\/gallery\/ardeche-aven-de-noel\/thumbs\/thumbs_ecentriques1_1200.jpg\"\n                    width=\"100\"\n                    height=\"75\"\n                    style=\"max-width:100%;\"\n                \/>\n            <\/a>\n        <\/div>\n\t\t\t\t\t\t\t<\/div> \n\t\t\t\n\t\t\t\t<div id=\"ngg-image-6\" class=\"ngg-gallery-thumbnail-box \" >\n\t\t\t\t        <div class=\"ngg-gallery-thumbnail\">\n            <a href=\"https:\/\/www.byter.de\/wordpress\/wp-content\/gallery\/ardeche-aven-de-noel\/ecentriques2_1200.jpg\"\n               title=\"Excentriques auf der Gallerie Superiore\"\n               data-src=\"https:\/\/www.byter.de\/wordpress\/wp-content\/gallery\/ardeche-aven-de-noel\/ecentriques2_1200.jpg\"\n               data-thumbnail=\"https:\/\/www.byter.de\/wordpress\/wp-content\/gallery\/ardeche-aven-de-noel\/thumbs\/thumbs_ecentriques2_1200.jpg\"\n               data-image-id=\"549\"\n               data-title=\"ecentriques2_1200\"\n               data-description=\"Excentriques auf der Gallerie Superiore\"\n               data-image-slug=\"ecentriques2_1200\"\n               class=\"ngg-fancybox\" rel=\"b191ce34e5666141fbe1cfdc6aef8c5f\">\n                <img\n                    title=\"ecentriques2_1200\"\n                    alt=\"ecentriques2_1200\"\n                    src=\"https:\/\/www.byter.de\/wordpress\/wp-content\/gallery\/ardeche-aven-de-noel\/thumbs\/thumbs_ecentriques2_1200.jpg\"\n                    width=\"100\"\n                    height=\"75\"\n                    style=\"max-width:100%;\"\n                \/>\n            <\/a>\n        <\/div>\n\t\t\t\t\t\t\t<\/div> \n\t\t\t\n\t\t\t\t<div id=\"ngg-image-7\" class=\"ngg-gallery-thumbnail-box \" >\n\t\t\t\t        <div class=\"ngg-gallery-thumbnail\">\n            <a href=\"https:\/\/www.byter.de\/wordpress\/wp-content\/gallery\/ardeche-aven-de-noel\/maik_sinter1_1200.jpg\"\n               title=\"Aven de Noel\"\n               data-src=\"https:\/\/www.byter.de\/wordpress\/wp-content\/gallery\/ardeche-aven-de-noel\/maik_sinter1_1200.jpg\"\n               data-thumbnail=\"https:\/\/www.byter.de\/wordpress\/wp-content\/gallery\/ardeche-aven-de-noel\/thumbs\/thumbs_maik_sinter1_1200.jpg\"\n               data-image-id=\"553\"\n               data-title=\"maik_sinter1_1200\"\n               data-description=\"Aven de Noel\"\n               data-image-slug=\"maik_sinter1_1200\"\n               class=\"ngg-fancybox\" rel=\"b191ce34e5666141fbe1cfdc6aef8c5f\">\n                <img\n                    title=\"maik_sinter1_1200\"\n                    alt=\"maik_sinter1_1200\"\n                    src=\"https:\/\/www.byter.de\/wordpress\/wp-content\/gallery\/ardeche-aven-de-noel\/thumbs\/thumbs_maik_sinter1_1200.jpg\"\n                    width=\"100\"\n                    height=\"74\"\n                    style=\"max-width:100%;\"\n                \/>\n            <\/a>\n        <\/div>\n\t\t\t\t\t\t\t<\/div> \n\t\t\t\n\t\t\t\t<div id=\"ngg-image-8\" class=\"ngg-gallery-thumbnail-box \" >\n\t\t\t\t        <div class=\"ngg-gallery-thumbnail\">\n            <a href=\"https:\/\/www.byter.de\/wordpress\/wp-content\/gallery\/ardeche-aven-de-noel\/sinterknubbel_1200_txt.jpg\"\n               title=\"Bizarre Gebilde am Wegesrand...\"\n               data-src=\"https:\/\/www.byter.de\/wordpress\/wp-content\/gallery\/ardeche-aven-de-noel\/sinterknubbel_1200_txt.jpg\"\n               data-thumbnail=\"https:\/\/www.byter.de\/wordpress\/wp-content\/gallery\/ardeche-aven-de-noel\/thumbs\/thumbs_sinterknubbel_1200_txt.jpg\"\n               data-image-id=\"557\"\n               data-title=\"sinterknubbel_1200_txt\"\n               data-description=\"Bizarre Gebilde am Wegesrand...\"\n               data-image-slug=\"sinterknubbel_1200_txt\"\n               class=\"ngg-fancybox\" rel=\"b191ce34e5666141fbe1cfdc6aef8c5f\">\n                <img\n                    title=\"sinterknubbel_1200_txt\"\n                    alt=\"sinterknubbel_1200_txt\"\n                    src=\"https:\/\/www.byter.de\/wordpress\/wp-content\/gallery\/ardeche-aven-de-noel\/thumbs\/thumbs_sinterknubbel_1200_txt.jpg\"\n                    width=\"100\"\n                    height=\"75\"\n                    style=\"max-width:100%;\"\n                \/>\n            <\/a>\n        <\/div>\n\t\t\t\t\t\t\t<\/div> \n\t\t\t\n\t\t\t\t<div id=\"ngg-image-9\" class=\"ngg-gallery-thumbnail-box \" >\n\t\t\t\t        <div class=\"ngg-gallery-thumbnail\">\n            <a href=\"https:\/\/www.byter.de\/wordpress\/wp-content\/gallery\/ardeche-aven-de-noel\/formationen1_1200.jpg\"\n               title=\"Kristallformationen\"\n               data-src=\"https:\/\/www.byter.de\/wordpress\/wp-content\/gallery\/ardeche-aven-de-noel\/formationen1_1200.jpg\"\n               data-thumbnail=\"https:\/\/www.byter.de\/wordpress\/wp-content\/gallery\/ardeche-aven-de-noel\/thumbs\/thumbs_formationen1_1200.jpg\"\n               data-image-id=\"550\"\n               data-title=\"formationen1_1200\"\n               data-description=\"Kristallformationen\"\n               data-image-slug=\"formationen1_1200\"\n               class=\"ngg-fancybox\" rel=\"b191ce34e5666141fbe1cfdc6aef8c5f\">\n                <img\n                    title=\"formationen1_1200\"\n                    alt=\"formationen1_1200\"\n                    src=\"https:\/\/www.byter.de\/wordpress\/wp-content\/gallery\/ardeche-aven-de-noel\/thumbs\/thumbs_formationen1_1200.jpg\"\n                    width=\"100\"\n                    height=\"75\"\n                    style=\"max-width:100%;\"\n                \/>\n            <\/a>\n        <\/div>\n\t\t\t\t\t\t\t<\/div> \n\t\t\t\n\t\t\t\t<div id=\"ngg-image-10\" class=\"ngg-gallery-thumbnail-box \" >\n\t\t\t\t        <div class=\"ngg-gallery-thumbnail\">\n            <a href=\"https:\/\/www.byter.de\/wordpress\/wp-content\/gallery\/ardeche-aven-de-noel\/ecentriques3_1200.jpg\"\n               title=\"Excentriques\"\n               data-src=\"https:\/\/www.byter.de\/wordpress\/wp-content\/gallery\/ardeche-aven-de-noel\/ecentriques3_1200.jpg\"\n               data-thumbnail=\"https:\/\/www.byter.de\/wordpress\/wp-content\/gallery\/ardeche-aven-de-noel\/thumbs\/thumbs_ecentriques3_1200.jpg\"\n               data-image-id=\"558\"\n               data-title=\"ecentriques3_1200\"\n               data-description=\"Excentriques\"\n               data-image-slug=\"ecentriques3_1200\"\n               class=\"ngg-fancybox\" rel=\"b191ce34e5666141fbe1cfdc6aef8c5f\">\n                <img\n                    title=\"ecentriques3_1200\"\n                    alt=\"ecentriques3_1200\"\n                    src=\"https:\/\/www.byter.de\/wordpress\/wp-content\/gallery\/ardeche-aven-de-noel\/thumbs\/thumbs_ecentriques3_1200.jpg\"\n                    width=\"100\"\n                    height=\"74\"\n                    style=\"max-width:100%;\"\n                \/>\n            <\/a>\n        <\/div>\n\t\t\t\t\t\t\t<\/div> \n\t\t\t\n\t\t\t\t<div id=\"ngg-image-11\" class=\"ngg-gallery-thumbnail-box \" >\n\t\t\t\t        <div class=\"ngg-gallery-thumbnail\">\n            <a href=\"https:\/\/www.byter.de\/wordpress\/wp-content\/gallery\/ardeche-aven-de-noel\/sinterfledermaus1_1200.jpg\"\n               title=\"Versinterte Fledermaus im \\&quot;Bat Rift\\&quot;\"\n               data-src=\"https:\/\/www.byter.de\/wordpress\/wp-content\/gallery\/ardeche-aven-de-noel\/sinterfledermaus1_1200.jpg\"\n               data-thumbnail=\"https:\/\/www.byter.de\/wordpress\/wp-content\/gallery\/ardeche-aven-de-noel\/thumbs\/thumbs_sinterfledermaus1_1200.jpg\"\n               data-image-id=\"556\"\n               data-title=\"sinterfledermaus1_1200\"\n               data-description=\"Versinterte Fledermaus im &quot;Bat Rift&quot;\"\n               data-image-slug=\"sinterfledermaus1_1200\"\n               class=\"ngg-fancybox\" rel=\"b191ce34e5666141fbe1cfdc6aef8c5f\">\n                <img\n                    title=\"sinterfledermaus1_1200\"\n                    alt=\"sinterfledermaus1_1200\"\n                    src=\"https:\/\/www.byter.de\/wordpress\/wp-content\/gallery\/ardeche-aven-de-noel\/thumbs\/thumbs_sinterfledermaus1_1200.jpg\"\n                    width=\"100\"\n                    height=\"75\"\n                    style=\"max-width:100%;\"\n                \/>\n            <\/a>\n        <\/div>\n\t\t\t\t\t\t\t<\/div> \n\t\t\t\n\t\t\t\t<div id=\"ngg-image-12\" class=\"ngg-gallery-thumbnail-box \" >\n\t\t\t\t        <div class=\"ngg-gallery-thumbnail\">\n            <a href=\"https:\/\/www.byter.de\/wordpress\/wp-content\/gallery\/ardeche-aven-de-noel\/gang1_1200.jpg\"\n               title=\"Der Hautpgang\"\n               data-src=\"https:\/\/www.byter.de\/wordpress\/wp-content\/gallery\/ardeche-aven-de-noel\/gang1_1200.jpg\"\n               data-thumbnail=\"https:\/\/www.byter.de\/wordpress\/wp-content\/gallery\/ardeche-aven-de-noel\/thumbs\/thumbs_gang1_1200.jpg\"\n               data-image-id=\"559\"\n               data-title=\"gang1_1200\"\n               data-description=\"Der Hautpgang\"\n               data-image-slug=\"gang1_1200\"\n               class=\"ngg-fancybox\" rel=\"b191ce34e5666141fbe1cfdc6aef8c5f\">\n                <img\n                    title=\"gang1_1200\"\n                    alt=\"gang1_1200\"\n                    src=\"https:\/\/www.byter.de\/wordpress\/wp-content\/gallery\/ardeche-aven-de-noel\/thumbs\/thumbs_gang1_1200.jpg\"\n                    width=\"100\"\n                    height=\"75\"\n                    style=\"max-width:100%;\"\n                \/>\n            <\/a>\n        <\/div>\n\t\t\t\t\t\t\t<\/div> \n\t\t\t\n\t\t\t\t<div id=\"ngg-image-13\" class=\"ngg-gallery-thumbnail-box \" >\n\t\t\t\t        <div class=\"ngg-gallery-thumbnail\">\n            <a href=\"https:\/\/www.byter.de\/wordpress\/wp-content\/gallery\/ardeche-aven-de-noel\/grosse_halle1_1200_entrauscht_txt.jpg\"\n               title=\"Unterwegs auf der Hauptgallerie\"\n               data-src=\"https:\/\/www.byter.de\/wordpress\/wp-content\/gallery\/ardeche-aven-de-noel\/grosse_halle1_1200_entrauscht_txt.jpg\"\n               data-thumbnail=\"https:\/\/www.byter.de\/wordpress\/wp-content\/gallery\/ardeche-aven-de-noel\/thumbs\/thumbs_grosse_halle1_1200_entrauscht_txt.jpg\"\n               data-image-id=\"561\"\n               data-title=\"grosse_halle1_1200_entrauscht_txt\"\n               data-description=\"Unterwegs auf der Hauptgallerie\"\n               data-image-slug=\"grosse_halle1_1200_entrauscht_txt\"\n               class=\"ngg-fancybox\" rel=\"b191ce34e5666141fbe1cfdc6aef8c5f\">\n                <img\n                    title=\"grosse_halle1_1200_entrauscht_txt\"\n                    alt=\"grosse_halle1_1200_entrauscht_txt\"\n                    src=\"https:\/\/www.byter.de\/wordpress\/wp-content\/gallery\/ardeche-aven-de-noel\/thumbs\/thumbs_grosse_halle1_1200_entrauscht_txt.jpg\"\n                    width=\"100\"\n                    height=\"75\"\n                    style=\"max-width:100%;\"\n                \/>\n            <\/a>\n        <\/div>\n\t\t\t\t\t\t\t<\/div> \n\t\t\t\n\t\t\t\t<div id=\"ngg-image-14\" class=\"ngg-gallery-thumbnail-box \" >\n\t\t\t\t        <div class=\"ngg-gallery-thumbnail\">\n            <a href=\"https:\/\/www.byter.de\/wordpress\/wp-content\/gallery\/ardeche-aven-de-noel\/stalag1_1000h.jpg\"\n               title=\"Aven de Noel\"\n               data-src=\"https:\/\/www.byter.de\/wordpress\/wp-content\/gallery\/ardeche-aven-de-noel\/stalag1_1000h.jpg\"\n               data-thumbnail=\"https:\/\/www.byter.de\/wordpress\/wp-content\/gallery\/ardeche-aven-de-noel\/thumbs\/thumbs_stalag1_1000h.jpg\"\n               data-image-id=\"560\"\n               data-title=\"stalag1_1000h\"\n               data-description=\"Aven de Noel\"\n               data-image-slug=\"stalag1_1000h\"\n               class=\"ngg-fancybox\" rel=\"b191ce34e5666141fbe1cfdc6aef8c5f\">\n                <img\n                    title=\"stalag1_1000h\"\n                    alt=\"stalag1_1000h\"\n                    src=\"https:\/\/www.byter.de\/wordpress\/wp-content\/gallery\/ardeche-aven-de-noel\/thumbs\/thumbs_stalag1_1000h.jpg\"\n                    width=\"100\"\n                    height=\"75\"\n                    style=\"max-width:100%;\"\n                \/>\n            <\/a>\n        <\/div>\n\t\t\t\t\t\t\t<\/div> \n\t\t\t\n\t\t\t\t<div id=\"ngg-image-15\" class=\"ngg-gallery-thumbnail-box \" >\n\t\t\t\t        <div class=\"ngg-gallery-thumbnail\">\n            <a href=\"https:\/\/www.byter.de\/wordpress\/wp-content\/gallery\/ardeche-aven-de-noel\/aven_de_noel_riggingplan2.jpg\"\n               title=\"Rigging-Plan f\u00fcr den Seileinbau\"\n               data-src=\"https:\/\/www.byter.de\/wordpress\/wp-content\/gallery\/ardeche-aven-de-noel\/aven_de_noel_riggingplan2.jpg\"\n               data-thumbnail=\"https:\/\/www.byter.de\/wordpress\/wp-content\/gallery\/ardeche-aven-de-noel\/thumbs\/thumbs_aven_de_noel_riggingplan2.jpg\"\n               data-image-id=\"562\"\n               data-title=\"aven_de_noel_riggingplan2\"\n               data-description=\"Rigging-Plan f\u00fcr den Seileinbau\"\n               data-image-slug=\"aven_de_noel_riggingplan2\"\n               class=\"ngg-fancybox\" rel=\"b191ce34e5666141fbe1cfdc6aef8c5f\">\n                <img\n                    title=\"aven_de_noel_riggingplan2\"\n                    alt=\"aven_de_noel_riggingplan2\"\n                    src=\"https:\/\/www.byter.de\/wordpress\/wp-content\/gallery\/ardeche-aven-de-noel\/thumbs\/thumbs_aven_de_noel_riggingplan2.jpg\"\n                    width=\"100\"\n                    height=\"75\"\n                    style=\"max-width:100%;\"\n                \/>\n            <\/a>\n        <\/div>\n\t\t\t\t\t\t\t<\/div> \n\t\t\t\n\t\n\t<br style=\"clear: both\" \/>\n\n\t\n\t\t<!-- Pagination -->\n\t<div class='ngg-clear'><\/div>\t<\/div>\n<\/p>\n<p style=\"text-align: left;\">Nach mehr als 12h kam schlie\u00dflich auch der letzte wieder an der frischen Luft an &#8211; die 120m Aufstieg waren anstrengend, aber weniger dramatisch als erwartet. Auf jeden Fall ein unvergessliches Erlebnis&#8230;<\/p>\n<h3><\/h3>\n<h3>Tag 5 &#8211; Hohlraumpause<\/h3>\n<p>Nach den Strapazen der Noel entschieden wir uns am 5. Tag mal auf H\u00f6hlen zu verzichten und etwas zu entspannen&#8230; Ein Teil des Teams nutzte die Gelegenheit f\u00fcr eine Kanu-Tour auf der Ard\u00e8che, der Rest erkundete ein wenig das malerische franz\u00f6sische Nachbardorf.<\/p>\n<div id=\"attachment_731\" style=\"width: 355px\" class=\"wp-caption aligncenter\"><img aria-describedby=\"caption-attachment-731\" decoding=\"async\" loading=\"lazy\" class=\"size-full wp-image-731\" title=\"La Bastide de Virac\" src=\"https:\/\/www.byter.de\/wordpress\/wp-content\/uploads\/2012\/06\/La_Bastide_500h.jpg\" alt=\"\" width=\"345\" height=\"500\" srcset=\"https:\/\/www.byter.de\/wordpress\/wp-content\/uploads\/2012\/06\/La_Bastide_500h.jpg 345w, https:\/\/www.byter.de\/wordpress\/wp-content\/uploads\/2012\/06\/La_Bastide_500h-207x300.jpg 207w\" sizes=\"(max-width: 345px) 100vw, 345px\" \/><p id=\"caption-attachment-731\" class=\"wp-caption-text\">Malerischer Ort: La Bastide de Virac<\/p><\/div>\n<p>Auch so ein Pool ist nicht zu verachten \ud83d\ude09 \u00a0 Der Abend stand dann ganz im Zeichen der Planung f\u00fcr den n\u00e4chsten Tag, denn die zweite gro\u00dfe Herausforderung der Tour wollte ebenfalls noch gemeistert werden&#8230;<\/p>\n<p>&nbsp;<\/p>\n<h3>Tag 6 &#8211; Travers\u00e9e Aven Despeysee \/ Grotte de St. Marcel<\/h3>\n<p>Einer der Gr\u00fcnde, warum wir im relativ gro\u00dfen Team mit 8 Mann zu dieser Tour gestartet sind war das Vorhaben, die Grotte de St. Marcel zur Aven Despeysee zu durchqueren. Die beiden H\u00f6hlen sind durch mehr als 4.2km G\u00e4nge miteinander verbunden und wir wollten in zwei 4er Teams von je einer Seite starten und uns unterwegs treffen.<\/p>\n<p>Ein 4er Team startete am Eingang der Aven Despeysse &#8211; hier galt es, erneut fast 300m Seile f\u00fcr den mehr als 130m tiefen Abstieg (und sp\u00e4teren Aufstieg) \u00fcber etliche Sch\u00e4chte, Rampen und Traversen einzubauen, und so den Weg f\u00fcr das zweite Team vorzubereiten, welches am nat\u00fcrlichen Eingang der Grotte St. Marcel startete und nach den 4km Durchquerung die Seile auf dem R\u00fcckweg &amp; Aufstieg wieder ausbauen sollte.<\/p>\n<div id=\"attachment_752\" style=\"width: 410px\" class=\"wp-caption aligncenter\"><img aria-describedby=\"caption-attachment-752\" decoding=\"async\" loading=\"lazy\" class=\"size-full wp-image-752\" title=\"Wulf beim Einbau\" src=\"https:\/\/www.byter.de\/wordpress\/wp-content\/uploads\/2012\/06\/EinbauWulf_400.jpg\" alt=\"\" width=\"400\" height=\"365\" srcset=\"https:\/\/www.byter.de\/wordpress\/wp-content\/uploads\/2012\/06\/EinbauWulf_400.jpg 400w, https:\/\/www.byter.de\/wordpress\/wp-content\/uploads\/2012\/06\/EinbauWulf_400-300x273.jpg 300w\" sizes=\"(max-width: 400px) 100vw, 400px\" \/><p id=\"caption-attachment-752\" class=\"wp-caption-text\">Wulf &#8211; Unser Meister des Seileinbaus \ud83d\ude42<\/p><\/div>\n<p>Nach guten 4 Stunden hatte das Einbau-Team den Boden erreicht und eine knappe Stunde sp\u00e4ter trafen sich auch tats\u00e4chlich beide Gruppen wie geplant kurz vorm Salle Blanche \ud83d\ude42<\/p>\n<p>Die 4km lange Wegstrecke erwies sich als sehr abwechslungsreich, aber auch anspruchsvoller als erwartet: immer wieder mussten kleinere Seilstrecken (senkrechte Passagen und waagerechte Traversen) an schlammigen Seilen \u00fcberwunden werden und etliche hundert Meter ging es nur kriechend, teils sogar liegend vorw\u00e4rts. Zum Gl\u00fcck wurde es aber immer wieder ger\u00e4umig und belohnt wurden wir auch hier mit einzigartigen Eindr\u00fccken und Erlebnissen:<\/p>\n<p style=\"text-align: center;\"><!-- default-view.php -->\n<div\n\tclass=\"ngg-galleryoverview default-view \"\n\tid=\"ngg-gallery-ed47a493b66d57642e201931923d0a3e-1\">\n\n\t\t<!-- Thumbnails -->\n\t\t\t\t<div id=\"ngg-image-0\" class=\"ngg-gallery-thumbnail-box \" >\n\t\t\t\t        <div class=\"ngg-gallery-thumbnail\">\n            <a href=\"https:\/\/www.byter.de\/wordpress\/wp-content\/gallery\/ardeche-traversee-aven-despeysse\/wulf_einbau1_1000h.jpg\"\n               title=\"Wulf beim Einbau der Seile\"\n               data-src=\"https:\/\/www.byter.de\/wordpress\/wp-content\/gallery\/ardeche-traversee-aven-despeysse\/wulf_einbau1_1000h.jpg\"\n               data-thumbnail=\"https:\/\/www.byter.de\/wordpress\/wp-content\/gallery\/ardeche-traversee-aven-despeysse\/thumbs\/thumbs_wulf_einbau1_1000h.jpg\"\n               data-image-id=\"572\"\n               data-title=\"wulf_einbau1_1000h\"\n               data-description=\"Wulf beim Einbau der Seile\"\n               data-image-slug=\"wulf_einbau1_1000h\"\n               class=\"ngg-fancybox\" rel=\"ed47a493b66d57642e201931923d0a3e\">\n                <img\n                    title=\"wulf_einbau1_1000h\"\n                    alt=\"wulf_einbau1_1000h\"\n                    src=\"https:\/\/www.byter.de\/wordpress\/wp-content\/gallery\/ardeche-traversee-aven-despeysse\/thumbs\/thumbs_wulf_einbau1_1000h.jpg\"\n                    width=\"100\"\n                    height=\"75\"\n                    style=\"max-width:100%;\"\n                \/>\n            <\/a>\n        <\/div>\n\t\t\t\t\t\t\t<\/div> \n\t\t\t\n\t\t\t\t<div id=\"ngg-image-1\" class=\"ngg-gallery-thumbnail-box \" >\n\t\t\t\t        <div class=\"ngg-gallery-thumbnail\">\n            <a href=\"https:\/\/www.byter.de\/wordpress\/wp-content\/gallery\/ardeche-traversee-aven-despeysse\/kai_abwaerts1_1000h.jpg\"\n               title=\"Abw\u00e4rts in die Tiefe...\"\n               data-src=\"https:\/\/www.byter.de\/wordpress\/wp-content\/gallery\/ardeche-traversee-aven-despeysse\/kai_abwaerts1_1000h.jpg\"\n               data-thumbnail=\"https:\/\/www.byter.de\/wordpress\/wp-content\/gallery\/ardeche-traversee-aven-despeysse\/thumbs\/thumbs_kai_abwaerts1_1000h.jpg\"\n               data-image-id=\"564\"\n               data-title=\"kai_abwaerts1_1000h\"\n               data-description=\"Abw\u00e4rts in die Tiefe...\"\n               data-image-slug=\"kai_abwaerts1_1000h\"\n               class=\"ngg-fancybox\" rel=\"ed47a493b66d57642e201931923d0a3e\">\n                <img\n                    title=\"kai_abwaerts1_1000h\"\n                    alt=\"kai_abwaerts1_1000h\"\n                    src=\"https:\/\/www.byter.de\/wordpress\/wp-content\/gallery\/ardeche-traversee-aven-despeysse\/thumbs\/thumbs_kai_abwaerts1_1000h.jpg\"\n                    width=\"100\"\n                    height=\"75\"\n                    style=\"max-width:100%;\"\n                \/>\n            <\/a>\n        <\/div>\n\t\t\t\t\t\t\t<\/div> \n\t\t\t\n\t\t\t\t<div id=\"ngg-image-2\" class=\"ngg-gallery-thumbnail-box \" >\n\t\t\t\t        <div class=\"ngg-gallery-thumbnail\">\n            <a href=\"https:\/\/www.byter.de\/wordpress\/wp-content\/gallery\/ardeche-traversee-aven-despeysse\/kai_traverse1_1000h.jpg\"\n               title=\"Kai beim Einbau der Traverse - die schwierigste Passage\"\n               data-src=\"https:\/\/www.byter.de\/wordpress\/wp-content\/gallery\/ardeche-traversee-aven-despeysse\/kai_traverse1_1000h.jpg\"\n               data-thumbnail=\"https:\/\/www.byter.de\/wordpress\/wp-content\/gallery\/ardeche-traversee-aven-despeysse\/thumbs\/thumbs_kai_traverse1_1000h.jpg\"\n               data-image-id=\"565\"\n               data-title=\"kai_traverse1_1000h\"\n               data-description=\"Kai beim Einbau der Traverse - die schwierigste Passage\"\n               data-image-slug=\"kai_traverse1_1000h\"\n               class=\"ngg-fancybox\" rel=\"ed47a493b66d57642e201931923d0a3e\">\n                <img\n                    title=\"kai_traverse1_1000h\"\n                    alt=\"kai_traverse1_1000h\"\n                    src=\"https:\/\/www.byter.de\/wordpress\/wp-content\/gallery\/ardeche-traversee-aven-despeysse\/thumbs\/thumbs_kai_traverse1_1000h.jpg\"\n                    width=\"100\"\n                    height=\"75\"\n                    style=\"max-width:100%;\"\n                \/>\n            <\/a>\n        <\/div>\n\t\t\t\t\t\t\t<\/div> \n\t\t\t\n\t\t\t\t<div id=\"ngg-image-3\" class=\"ngg-gallery-thumbnail-box \" >\n\t\t\t\t        <div class=\"ngg-gallery-thumbnail\">\n            <a href=\"https:\/\/www.byter.de\/wordpress\/wp-content\/gallery\/ardeche-traversee-aven-despeysse\/gruppenbild_despeysee_1000.jpg\"\n               title=\"Alle sind happy - beide Gruppen haben sich tats\u00e4chlich getroffen ;-)\"\n               data-src=\"https:\/\/www.byter.de\/wordpress\/wp-content\/gallery\/ardeche-traversee-aven-despeysse\/gruppenbild_despeysee_1000.jpg\"\n               data-thumbnail=\"https:\/\/www.byter.de\/wordpress\/wp-content\/gallery\/ardeche-traversee-aven-despeysse\/thumbs\/thumbs_gruppenbild_despeysee_1000.jpg\"\n               data-image-id=\"563\"\n               data-title=\"gruppenbild_despeysee_1000\"\n               data-description=\"Alle sind happy - beide Gruppen haben sich tats\u00e4chlich getroffen ;-)\"\n               data-image-slug=\"gruppenbild_despeysee_1000\"\n               class=\"ngg-fancybox\" rel=\"ed47a493b66d57642e201931923d0a3e\">\n                <img\n                    title=\"gruppenbild_despeysee_1000\"\n                    alt=\"gruppenbild_despeysee_1000\"\n                    src=\"https:\/\/www.byter.de\/wordpress\/wp-content\/gallery\/ardeche-traversee-aven-despeysse\/thumbs\/thumbs_gruppenbild_despeysee_1000.jpg\"\n                    width=\"100\"\n                    height=\"75\"\n                    style=\"max-width:100%;\"\n                \/>\n            <\/a>\n        <\/div>\n\t\t\t\t\t\t\t<\/div> \n\t\t\t\n\t\t\t\t<div id=\"ngg-image-4\" class=\"ngg-gallery-thumbnail-box \" >\n\t\t\t\t        <div class=\"ngg-gallery-thumbnail\">\n            <a href=\"https:\/\/www.byter.de\/wordpress\/wp-content\/gallery\/ardeche-traversee-aven-despeysse\/unterwegs1_1200.jpg\"\n               title=\"Eindr\u00fccke unterwegs I\"\n               data-src=\"https:\/\/www.byter.de\/wordpress\/wp-content\/gallery\/ardeche-traversee-aven-despeysse\/unterwegs1_1200.jpg\"\n               data-thumbnail=\"https:\/\/www.byter.de\/wordpress\/wp-content\/gallery\/ardeche-traversee-aven-despeysse\/thumbs\/thumbs_unterwegs1_1200.jpg\"\n               data-image-id=\"567\"\n               data-title=\"unterwegs1_1200\"\n               data-description=\"Eindr\u00fccke unterwegs I\"\n               data-image-slug=\"unterwegs1_1200\"\n               class=\"ngg-fancybox\" rel=\"ed47a493b66d57642e201931923d0a3e\">\n                <img\n                    title=\"unterwegs1_1200\"\n                    alt=\"unterwegs1_1200\"\n                    src=\"https:\/\/www.byter.de\/wordpress\/wp-content\/gallery\/ardeche-traversee-aven-despeysse\/thumbs\/thumbs_unterwegs1_1200.jpg\"\n                    width=\"100\"\n                    height=\"75\"\n                    style=\"max-width:100%;\"\n                \/>\n            <\/a>\n        <\/div>\n\t\t\t\t\t\t\t<\/div> \n\t\t\t\n\t\t\t\t<div id=\"ngg-image-5\" class=\"ngg-gallery-thumbnail-box \" >\n\t\t\t\t        <div class=\"ngg-gallery-thumbnail\">\n            <a href=\"https:\/\/www.byter.de\/wordpress\/wp-content\/gallery\/ardeche-traversee-aven-despeysse\/unterwegs2_1200.jpg\"\n               title=\"Eindr\u00fccke unterwegs II\"\n               data-src=\"https:\/\/www.byter.de\/wordpress\/wp-content\/gallery\/ardeche-traversee-aven-despeysse\/unterwegs2_1200.jpg\"\n               data-thumbnail=\"https:\/\/www.byter.de\/wordpress\/wp-content\/gallery\/ardeche-traversee-aven-despeysse\/thumbs\/thumbs_unterwegs2_1200.jpg\"\n               data-image-id=\"568\"\n               data-title=\"unterwegs2_1200\"\n               data-description=\"Eindr\u00fccke unterwegs II\"\n               data-image-slug=\"unterwegs2_1200\"\n               class=\"ngg-fancybox\" rel=\"ed47a493b66d57642e201931923d0a3e\">\n                <img\n                    title=\"unterwegs2_1200\"\n                    alt=\"unterwegs2_1200\"\n                    src=\"https:\/\/www.byter.de\/wordpress\/wp-content\/gallery\/ardeche-traversee-aven-despeysse\/thumbs\/thumbs_unterwegs2_1200.jpg\"\n                    width=\"100\"\n                    height=\"75\"\n                    style=\"max-width:100%;\"\n                \/>\n            <\/a>\n        <\/div>\n\t\t\t\t\t\t\t<\/div> \n\t\t\t\n\t\t\t\t<div id=\"ngg-image-6\" class=\"ngg-gallery-thumbnail-box \" >\n\t\t\t\t        <div class=\"ngg-gallery-thumbnail\">\n            <a href=\"https:\/\/www.byter.de\/wordpress\/wp-content\/gallery\/ardeche-traversee-aven-despeysse\/wasser1_1200.jpg\"\n               title=\"Eindr\u00fccke unterwegs III\"\n               data-src=\"https:\/\/www.byter.de\/wordpress\/wp-content\/gallery\/ardeche-traversee-aven-despeysse\/wasser1_1200.jpg\"\n               data-thumbnail=\"https:\/\/www.byter.de\/wordpress\/wp-content\/gallery\/ardeche-traversee-aven-despeysse\/thumbs\/thumbs_wasser1_1200.jpg\"\n               data-image-id=\"571\"\n               data-title=\"wasser1_1200\"\n               data-description=\"Eindr\u00fccke unterwegs III\"\n               data-image-slug=\"wasser1_1200\"\n               class=\"ngg-fancybox\" rel=\"ed47a493b66d57642e201931923d0a3e\">\n                <img\n                    title=\"wasser1_1200\"\n                    alt=\"wasser1_1200\"\n                    src=\"https:\/\/www.byter.de\/wordpress\/wp-content\/gallery\/ardeche-traversee-aven-despeysse\/thumbs\/thumbs_wasser1_1200.jpg\"\n                    width=\"100\"\n                    height=\"75\"\n                    style=\"max-width:100%;\"\n                \/>\n            <\/a>\n        <\/div>\n\t\t\t\t\t\t\t<\/div> \n\t\t\t\n\t\t\t\t<div id=\"ngg-image-7\" class=\"ngg-gallery-thumbnail-box \" >\n\t\t\t\t        <div class=\"ngg-gallery-thumbnail\">\n            <a href=\"https:\/\/www.byter.de\/wordpress\/wp-content\/gallery\/ardeche-traversee-aven-despeysse\/unterwegs3_1200.jpg\"\n               title=\"Eindr\u00fccke unterwegs IV (Foto: WB)\"\n               data-src=\"https:\/\/www.byter.de\/wordpress\/wp-content\/gallery\/ardeche-traversee-aven-despeysse\/unterwegs3_1200.jpg\"\n               data-thumbnail=\"https:\/\/www.byter.de\/wordpress\/wp-content\/gallery\/ardeche-traversee-aven-despeysse\/thumbs\/thumbs_unterwegs3_1200.jpg\"\n               data-image-id=\"569\"\n               data-title=\"unterwegs3_1200\"\n               data-description=\"Eindr\u00fccke unterwegs IV (Foto: WB)\"\n               data-image-slug=\"unterwegs3_1200\"\n               class=\"ngg-fancybox\" rel=\"ed47a493b66d57642e201931923d0a3e\">\n                <img\n                    title=\"unterwegs3_1200\"\n                    alt=\"unterwegs3_1200\"\n                    src=\"https:\/\/www.byter.de\/wordpress\/wp-content\/gallery\/ardeche-traversee-aven-despeysse\/thumbs\/thumbs_unterwegs3_1200.jpg\"\n                    width=\"100\"\n                    height=\"75\"\n                    style=\"max-width:100%;\"\n                \/>\n            <\/a>\n        <\/div>\n\t\t\t\t\t\t\t<\/div> \n\t\t\t\n\t\t\t\t<div id=\"ngg-image-8\" class=\"ngg-gallery-thumbnail-box \" >\n\t\t\t\t        <div class=\"ngg-gallery-thumbnail\">\n            <a href=\"https:\/\/www.byter.de\/wordpress\/wp-content\/gallery\/ardeche-traversee-aven-despeysse\/unterwegs4_1200.jpg\"\n               title=\"Eindr\u00fccke unterwegs V (Foto: WB)\"\n               data-src=\"https:\/\/www.byter.de\/wordpress\/wp-content\/gallery\/ardeche-traversee-aven-despeysse\/unterwegs4_1200.jpg\"\n               data-thumbnail=\"https:\/\/www.byter.de\/wordpress\/wp-content\/gallery\/ardeche-traversee-aven-despeysse\/thumbs\/thumbs_unterwegs4_1200.jpg\"\n               data-image-id=\"570\"\n               data-title=\"unterwegs4_1200\"\n               data-description=\"Eindr\u00fccke unterwegs V (Foto: WB)\"\n               data-image-slug=\"unterwegs4_1200\"\n               class=\"ngg-fancybox\" rel=\"ed47a493b66d57642e201931923d0a3e\">\n                <img\n                    title=\"unterwegs4_1200\"\n                    alt=\"unterwegs4_1200\"\n                    src=\"https:\/\/www.byter.de\/wordpress\/wp-content\/gallery\/ardeche-traversee-aven-despeysse\/thumbs\/thumbs_unterwegs4_1200.jpg\"\n                    width=\"100\"\n                    height=\"75\"\n                    style=\"max-width:100%;\"\n                \/>\n            <\/a>\n        <\/div>\n\t\t\t\t\t\t\t<\/div> \n\t\t\t\n\t\t\t\t<div id=\"ngg-image-9\" class=\"ngg-gallery-thumbnail-box \" >\n\t\t\t\t        <div class=\"ngg-gallery-thumbnail\">\n            <a href=\"https:\/\/www.byter.de\/wordpress\/wp-content\/gallery\/ardeche-traversee-aven-despeysse\/wassersinter_1200.jpg\"\n               title=\"Eindr\u00fccke unterwegs VI\"\n               data-src=\"https:\/\/www.byter.de\/wordpress\/wp-content\/gallery\/ardeche-traversee-aven-despeysse\/wassersinter_1200.jpg\"\n               data-thumbnail=\"https:\/\/www.byter.de\/wordpress\/wp-content\/gallery\/ardeche-traversee-aven-despeysse\/thumbs\/thumbs_wassersinter_1200.jpg\"\n               data-image-id=\"582\"\n               data-title=\"wassersinter_1200\"\n               data-description=\"Eindr\u00fccke unterwegs VI\"\n               data-image-slug=\"wassersinter_1200\"\n               class=\"ngg-fancybox\" rel=\"ed47a493b66d57642e201931923d0a3e\">\n                <img\n                    title=\"wassersinter_1200\"\n                    alt=\"wassersinter_1200\"\n                    src=\"https:\/\/www.byter.de\/wordpress\/wp-content\/gallery\/ardeche-traversee-aven-despeysse\/thumbs\/thumbs_wassersinter_1200.jpg\"\n                    width=\"100\"\n                    height=\"75\"\n                    style=\"max-width:100%;\"\n                \/>\n            <\/a>\n        <\/div>\n\t\t\t\t\t\t\t<\/div> \n\t\t\t\n\t\t\t\t<div id=\"ngg-image-10\" class=\"ngg-gallery-thumbnail-box \" >\n\t\t\t\t        <div class=\"ngg-gallery-thumbnail\">\n            <a href=\"https:\/\/www.byter.de\/wordpress\/wp-content\/gallery\/ardeche-traversee-aven-despeysse\/eng_unterwegs_1200.jpg\"\n               title=\"Leider war\u00b4s nicht immer so ger\u00e4umig unterwegs...\"\n               data-src=\"https:\/\/www.byter.de\/wordpress\/wp-content\/gallery\/ardeche-traversee-aven-despeysse\/eng_unterwegs_1200.jpg\"\n               data-thumbnail=\"https:\/\/www.byter.de\/wordpress\/wp-content\/gallery\/ardeche-traversee-aven-despeysse\/thumbs\/thumbs_eng_unterwegs_1200.jpg\"\n               data-image-id=\"575\"\n               data-title=\"eng_unterwegs_1200\"\n               data-description=\"Leider war\u00b4s nicht immer so ger\u00e4umig unterwegs...\"\n               data-image-slug=\"eng_unterwegs_1200\"\n               class=\"ngg-fancybox\" rel=\"ed47a493b66d57642e201931923d0a3e\">\n                <img\n                    title=\"eng_unterwegs_1200\"\n                    alt=\"eng_unterwegs_1200\"\n                    src=\"https:\/\/www.byter.de\/wordpress\/wp-content\/gallery\/ardeche-traversee-aven-despeysse\/thumbs\/thumbs_eng_unterwegs_1200.jpg\"\n                    width=\"100\"\n                    height=\"75\"\n                    style=\"max-width:100%;\"\n                \/>\n            <\/a>\n        <\/div>\n\t\t\t\t\t\t\t<\/div> \n\t\t\t\n\t\t\t\t<div id=\"ngg-image-11\" class=\"ngg-gallery-thumbnail-box \" >\n\t\t\t\t        <div class=\"ngg-gallery-thumbnail\">\n            <a href=\"https:\/\/www.byter.de\/wordpress\/wp-content\/gallery\/ardeche-traversee-aven-despeysse\/unterwegs5_1200.jpg\"\n               title=\"Eindr\u00fccke unterwegs VII (Foto: Andre A.)\"\n               data-src=\"https:\/\/www.byter.de\/wordpress\/wp-content\/gallery\/ardeche-traversee-aven-despeysse\/unterwegs5_1200.jpg\"\n               data-thumbnail=\"https:\/\/www.byter.de\/wordpress\/wp-content\/gallery\/ardeche-traversee-aven-despeysse\/thumbs\/thumbs_unterwegs5_1200.jpg\"\n               data-image-id=\"573\"\n               data-title=\"unterwegs5_1200\"\n               data-description=\"Eindr\u00fccke unterwegs VII (Foto: Andre A.)\"\n               data-image-slug=\"unterwegs5_1200\"\n               class=\"ngg-fancybox\" rel=\"ed47a493b66d57642e201931923d0a3e\">\n                <img\n                    title=\"unterwegs5_1200\"\n                    alt=\"unterwegs5_1200\"\n                    src=\"https:\/\/www.byter.de\/wordpress\/wp-content\/gallery\/ardeche-traversee-aven-despeysse\/thumbs\/thumbs_unterwegs5_1200.jpg\"\n                    width=\"100\"\n                    height=\"75\"\n                    style=\"max-width:100%;\"\n                \/>\n            <\/a>\n        <\/div>\n\t\t\t\t\t\t\t<\/div> \n\t\t\t\n\t\t\t\t<div id=\"ngg-image-12\" class=\"ngg-gallery-thumbnail-box \" >\n\t\t\t\t        <div class=\"ngg-gallery-thumbnail\">\n            <a href=\"https:\/\/www.byter.de\/wordpress\/wp-content\/gallery\/ardeche-traversee-aven-despeysse\/unterwegs6_1200.jpg\"\n               title=\"Eindr\u00fccke unterwegs VII\"\n               data-src=\"https:\/\/www.byter.de\/wordpress\/wp-content\/gallery\/ardeche-traversee-aven-despeysse\/unterwegs6_1200.jpg\"\n               data-thumbnail=\"https:\/\/www.byter.de\/wordpress\/wp-content\/gallery\/ardeche-traversee-aven-despeysse\/thumbs\/thumbs_unterwegs6_1200.jpg\"\n               data-image-id=\"574\"\n               data-title=\"unterwegs6_1200\"\n               data-description=\"Eindr\u00fccke unterwegs VII\"\n               data-image-slug=\"unterwegs6_1200\"\n               class=\"ngg-fancybox\" rel=\"ed47a493b66d57642e201931923d0a3e\">\n                <img\n                    title=\"unterwegs6_1200\"\n                    alt=\"unterwegs6_1200\"\n                    src=\"https:\/\/www.byter.de\/wordpress\/wp-content\/gallery\/ardeche-traversee-aven-despeysse\/thumbs\/thumbs_unterwegs6_1200.jpg\"\n                    width=\"100\"\n                    height=\"75\"\n                    style=\"max-width:100%;\"\n                \/>\n            <\/a>\n        <\/div>\n\t\t\t\t\t\t\t<\/div> \n\t\t\t\n\t\t\t\t<div id=\"ngg-image-13\" class=\"ngg-gallery-thumbnail-box \" >\n\t\t\t\t        <div class=\"ngg-gallery-thumbnail\">\n            <a href=\"https:\/\/www.byter.de\/wordpress\/wp-content\/gallery\/ardeche-traversee-aven-despeysse\/plan_1200h.jpg\"\n               title=\"Der Durchstiegsplan...\"\n               data-src=\"https:\/\/www.byter.de\/wordpress\/wp-content\/gallery\/ardeche-traversee-aven-despeysse\/plan_1200h.jpg\"\n               data-thumbnail=\"https:\/\/www.byter.de\/wordpress\/wp-content\/gallery\/ardeche-traversee-aven-despeysse\/thumbs\/thumbs_plan_1200h.jpg\"\n               data-image-id=\"566\"\n               data-title=\"plan_1200h\"\n               data-description=\"Der Durchstiegsplan...\"\n               data-image-slug=\"plan_1200h\"\n               class=\"ngg-fancybox\" rel=\"ed47a493b66d57642e201931923d0a3e\">\n                <img\n                    title=\"plan_1200h\"\n                    alt=\"plan_1200h\"\n                    src=\"https:\/\/www.byter.de\/wordpress\/wp-content\/gallery\/ardeche-traversee-aven-despeysse\/thumbs\/thumbs_plan_1200h.jpg\"\n                    width=\"100\"\n                    height=\"75\"\n                    style=\"max-width:100%;\"\n                \/>\n            <\/a>\n        <\/div>\n\t\t\t\t\t\t\t<\/div> \n\t\t\t\n\t\n\t<br style=\"clear: both\" \/>\n\n\t\n\t\t<!-- Pagination -->\n\t<div class='ngg-clear'><\/div>\t<\/div>\n<\/p>\n<p>&nbsp;<\/p>\n<p>Das &#8222;Einbau-Team&#8220; war erwartungsgem\u00e4\u00df etwas schneller wieder am Tageslicht, konnte so f\u00fcr kaltes Bier sorgen und das &#8222;Ausbau-Team&#8220; am Eingang der Despeysse geb\u00fchrend in Empfang nehmen \ud83d\ude09<\/p>\n<div id=\"attachment_736\" style=\"width: 510px\" class=\"wp-caption aligncenter\"><img aria-describedby=\"caption-attachment-736\" decoding=\"async\" loading=\"lazy\" class=\"size-full wp-image-736\" title=\"Ausgang Aven Despeysse\" src=\"https:\/\/www.byter.de\/wordpress\/wp-content\/uploads\/2012\/06\/Oberfl\u00e4che_Heineken_500.jpg\" alt=\"\" width=\"500\" height=\"281\" srcset=\"https:\/\/www.byter.de\/wordpress\/wp-content\/uploads\/2012\/06\/Oberfl\u00e4che_Heineken_500.jpg 500w, https:\/\/www.byter.de\/wordpress\/wp-content\/uploads\/2012\/06\/Oberfl\u00e4che_Heineken_500-300x168.jpg 300w\" sizes=\"(max-width: 500px) 100vw, 500px\" \/><p id=\"caption-attachment-736\" class=\"wp-caption-text\">Gl\u00fccklich wieder an der Oberfl\u00e4che!<\/p><\/div>\n<p>So ging die bisher wohl anspruchsvollste H\u00f6hlentour f\u00fcr die meisten im Team zu Ende &#8211; einem Team, das wirklich SUPER funktioniert hat, Chapeau!<\/p>\n<p>Am letzten Tag stand dann nur noch ein wenig relaxen, sortieren und ein gem\u00fctliches Ausklingen der tollen Tour auf dem Plan&#8230;<\/p>\n<div id=\"attachment_754\" style=\"width: 510px\" class=\"wp-caption aligncenter\"><img aria-describedby=\"caption-attachment-754\" decoding=\"async\" loading=\"lazy\" class=\"size-full wp-image-754\" title=\"M\u00e4nnerordnung\" src=\"https:\/\/www.byter.de\/wordpress\/wp-content\/uploads\/2012\/06\/Maennerordnung_500.jpg\" alt=\"\" width=\"500\" height=\"338\" srcset=\"https:\/\/www.byter.de\/wordpress\/wp-content\/uploads\/2012\/06\/Maennerordnung_500.jpg 500w, https:\/\/www.byter.de\/wordpress\/wp-content\/uploads\/2012\/06\/Maennerordnung_500-300x202.jpg 300w\" sizes=\"(max-width: 500px) 100vw, 500px\" \/><p id=\"caption-attachment-754\" class=\"wp-caption-text\">Die Terasse &#8211; 8 M\u00e4nner unter sich \ud83d\ude09<\/p><\/div>\n<p>Auch an dieser Stelle nochmal meinen ganz herzlichen Dank an alle Beteiligten f\u00fcr die geniale Woche und ein ebenso dickes Dankesch\u00f6n an den Hans, der uns die Befahrungen der St. Marcel und der Aven de Noel erst erm\u00f6glicht hat! Es war klasse!<\/p>\n<p>Ard\u00e9che, Juni 2012.<\/p>\n","protected":false},"excerpt":{"rendered":"<p>H\u00f6hlentour Ard\u00e8che, S\u00fcdfrankreich \u2013 Teil II Tag 4 &#8211; Aven de No\u00ebl Nach dem eher entspannten ersten Teil der Tour wurde es am 4. Tag richtig sportlich, es galt die Aven de No\u00ebl zu bezwingen&#8230;\u00a0 Vor dieser Befahrung hatte ich &hellip; <a href=\"https:\/\/www.byter.de\/wordpress\/?page_id=718\">Weiterlesen <span class=\"meta-nav\">&rarr;<\/span><\/a><\/p>\n","protected":false},"author":1,"featured_media":0,"parent":644,"menu_order":20,"comment_status":"open","ping_status":"open","template":"","meta":{"ngg_post_thumbnail":0},"_links":{"self":[{"href":"https:\/\/www.byter.de\/wordpress\/index.php?rest_route=\/wp\/v2\/pages\/718"}],"collection":[{"href":"https:\/\/www.byter.de\/wordpress\/index.php?rest_route=\/wp\/v2\/pages"}],"about":[{"href":"https:\/\/www.byter.de\/wordpress\/index.php?rest_route=\/wp\/v2\/types\/page"}],"author":[{"embeddable":true,"href":"https:\/\/www.byter.de\/wordpress\/index.php?rest_route=\/wp\/v2\/users\/1"}],"replies":[{"embeddable":true,"href":"https:\/\/www.byter.de\/wordpress\/index.php?rest_route=%2Fwp%2Fv2%2Fcomments&post=718"}],"version-history":[{"count":36,"href":"https:\/\/www.byter.de\/wordpress\/index.php?rest_route=\/wp\/v2\/pages\/718\/revisions"}],"predecessor-version":[{"id":1218,"href":"https:\/\/www.byter.de\/wordpress\/index.php?rest_route=\/wp\/v2\/pages\/718\/revisions\/1218"}],"up":[{"embeddable":true,"href":"https:\/\/www.byter.de\/wordpress\/index.php?rest_route=\/wp\/v2\/pages\/644"}],"wp:attachment":[{"href":"https:\/\/www.byter.de\/wordpress\/index.php?rest_route=%2Fwp%2Fv2%2Fmedia&parent=718"}],"curies":[{"name":"wp","href":"https:\/\/api.w.org\/{rel}","templated":true}]}}