{"id":780,"date":"2013-01-15T20:29:45","date_gmt":"2013-01-15T19:29:45","guid":{"rendered":"http:\/\/www.byter.de\/wordpress\/?page_id=780"},"modified":"2019-09-23T14:39:44","modified_gmt":"2019-09-23T13:39:44","slug":"rugen-2012","status":"publish","type":"page","link":"https:\/\/www.byter.de\/wordpress\/?page_id=780","title":{"rendered":"R\u00fcgen 2012"},"content":{"rendered":"<p>Ein paar Urlaubs-Eindr\u00fccke von R\u00fcgen &#8211; eine Insel, die herrlich abwechslungsreich und vielseitig ist. Zu den (touristischen) Highlights geh\u00f6ren u.a. Die <a href=\"http:\/\/de.wikipedia.org\/wiki\/Seebad_Prora\" target=\"_blank\" rel=\"noopener noreferrer\">Ruinen von Prora<\/a>, die Kreidek\u00fcste am <a href=\"http:\/\/de.wikipedia.org\/wiki\/Kap_Arkona\" target=\"_blank\" rel=\"noopener noreferrer\">Kap Arkona<\/a>, moderne Strandorte wie <a href=\"http:\/\/de.wikipedia.org\/wiki\/Binz\" target=\"_blank\" rel=\"noopener noreferrer\">Binz<\/a> oder einfach nur kleine Sehensw\u00fcrdigkeiten wie die <a href=\"http:\/\/de.wikipedia.org\/wiki\/Feuersteinfelder\" target=\"_blank\" rel=\"noopener noreferrer\">Feuersteinfelder<\/a>&#8230;<\/p>\n<p>Eine Insel, die definitiv einen &#8211; oder mehrere &#8211; Besuch(e) wert ist.<\/p>\n<p>Entstanden im August 2012.<\/p>\n<p style=\"text-align: center;\">&nbsp;<!-- default-view.php -->\n<div\n\tclass=\"ngg-galleryoverview default-view \"\n\tid=\"ngg-gallery-0ad0947b0032eb4c99deeecd855591f6-1\">\n\n\t\t<!-- Thumbnails -->\n\t\t\t\t<div id=\"ngg-image-0\" class=\"ngg-gallery-thumbnail-box \" >\n\t\t\t\t        <div class=\"ngg-gallery-thumbnail\">\n            <a href=\"https:\/\/www.byter.de\/wordpress\/wp-content\/gallery\/ruegen-2012\/arkona1_moewen.jpg\"\n               title=\"M\u00f6wen am Kap Arkona\"\n               data-src=\"https:\/\/www.byter.de\/wordpress\/wp-content\/gallery\/ruegen-2012\/arkona1_moewen.jpg\"\n               data-thumbnail=\"https:\/\/www.byter.de\/wordpress\/wp-content\/gallery\/ruegen-2012\/thumbs\/thumbs_arkona1_moewen.jpg\"\n               data-image-id=\"620\"\n               data-title=\"arkona1_moewen\"\n               data-description=\"M\u00f6wen am Kap Arkona\"\n               data-image-slug=\"arkona1_moewen\"\n               class=\"ngg-fancybox\" rel=\"0ad0947b0032eb4c99deeecd855591f6\">\n                <img\n                    title=\"arkona1_moewen\"\n                    alt=\"arkona1_moewen\"\n                    src=\"https:\/\/www.byter.de\/wordpress\/wp-content\/gallery\/ruegen-2012\/thumbs\/thumbs_arkona1_moewen.jpg\"\n                    width=\"100\"\n                    height=\"75\"\n                    style=\"max-width:100%;\"\n                \/>\n            <\/a>\n        <\/div>\n\t\t\t\t\t\t\t<\/div> \n\t\t\t\n\t\t\t\t<div id=\"ngg-image-1\" class=\"ngg-gallery-thumbnail-box \" >\n\t\t\t\t        <div class=\"ngg-gallery-thumbnail\">\n            <a href=\"https:\/\/www.byter.de\/wordpress\/wp-content\/gallery\/ruegen-2012\/arkona2.jpg\"\n               title=\"Kap Arkona\"\n               data-src=\"https:\/\/www.byter.de\/wordpress\/wp-content\/gallery\/ruegen-2012\/arkona2.jpg\"\n               data-thumbnail=\"https:\/\/www.byter.de\/wordpress\/wp-content\/gallery\/ruegen-2012\/thumbs\/thumbs_arkona2.jpg\"\n               data-image-id=\"595\"\n               data-title=\"arkona2\"\n               data-description=\"Kap Arkona\"\n               data-image-slug=\"arkona2\"\n               class=\"ngg-fancybox\" rel=\"0ad0947b0032eb4c99deeecd855591f6\">\n                <img\n                    title=\"arkona2\"\n                    alt=\"arkona2\"\n                    src=\"https:\/\/www.byter.de\/wordpress\/wp-content\/gallery\/ruegen-2012\/thumbs\/thumbs_arkona2.jpg\"\n                    width=\"100\"\n                    height=\"75\"\n                    style=\"max-width:100%;\"\n                \/>\n            <\/a>\n        <\/div>\n\t\t\t\t\t\t\t<\/div> \n\t\t\t\n\t\t\t\t<div id=\"ngg-image-2\" class=\"ngg-gallery-thumbnail-box \" >\n\t\t\t\t        <div class=\"ngg-gallery-thumbnail\">\n            <a href=\"https:\/\/www.byter.de\/wordpress\/wp-content\/gallery\/ruegen-2012\/strand9_strandkorb.jpg\"\n               title=\"Strandkorb :)\"\n               data-src=\"https:\/\/www.byter.de\/wordpress\/wp-content\/gallery\/ruegen-2012\/strand9_strandkorb.jpg\"\n               data-thumbnail=\"https:\/\/www.byter.de\/wordpress\/wp-content\/gallery\/ruegen-2012\/thumbs\/thumbs_strand9_strandkorb.jpg\"\n               data-image-id=\"619\"\n               data-title=\"strand9_strandkorb\"\n               data-description=\"Strandkorb :)\"\n               data-image-slug=\"strand9_strandkorb\"\n               class=\"ngg-fancybox\" rel=\"0ad0947b0032eb4c99deeecd855591f6\">\n                <img\n                    title=\"strand9_strandkorb\"\n                    alt=\"strand9_strandkorb\"\n                    src=\"https:\/\/www.byter.de\/wordpress\/wp-content\/gallery\/ruegen-2012\/thumbs\/thumbs_strand9_strandkorb.jpg\"\n                    width=\"100\"\n                    height=\"75\"\n                    style=\"max-width:100%;\"\n                \/>\n            <\/a>\n        <\/div>\n\t\t\t\t\t\t\t<\/div> \n\t\t\t\n\t\t\t\t<div id=\"ngg-image-3\" class=\"ngg-gallery-thumbnail-box \" >\n\t\t\t\t        <div class=\"ngg-gallery-thumbnail\">\n            <a href=\"https:\/\/www.byter.de\/wordpress\/wp-content\/gallery\/ruegen-2012\/binz_bei_nacht1.jpg\"\n               title=\"Binz bei Nacht 1\"\n               data-src=\"https:\/\/www.byter.de\/wordpress\/wp-content\/gallery\/ruegen-2012\/binz_bei_nacht1.jpg\"\n               data-thumbnail=\"https:\/\/www.byter.de\/wordpress\/wp-content\/gallery\/ruegen-2012\/thumbs\/thumbs_binz_bei_nacht1.jpg\"\n               data-image-id=\"597\"\n               data-title=\"binz_bei_nacht1\"\n               data-description=\"Binz bei Nacht 1\"\n               data-image-slug=\"binz_bei_nacht1\"\n               class=\"ngg-fancybox\" rel=\"0ad0947b0032eb4c99deeecd855591f6\">\n                <img\n                    title=\"binz_bei_nacht1\"\n                    alt=\"binz_bei_nacht1\"\n                    src=\"https:\/\/www.byter.de\/wordpress\/wp-content\/gallery\/ruegen-2012\/thumbs\/thumbs_binz_bei_nacht1.jpg\"\n                    width=\"100\"\n                    height=\"75\"\n                    style=\"max-width:100%;\"\n                \/>\n            <\/a>\n        <\/div>\n\t\t\t\t\t\t\t<\/div> \n\t\t\t\n\t\t\t\t<div id=\"ngg-image-4\" class=\"ngg-gallery-thumbnail-box \" >\n\t\t\t\t        <div class=\"ngg-gallery-thumbnail\">\n            <a href=\"https:\/\/www.byter.de\/wordpress\/wp-content\/gallery\/ruegen-2012\/binz_bei_nacht2.jpg\"\n               title=\"Binz bei Nacht 2\"\n               data-src=\"https:\/\/www.byter.de\/wordpress\/wp-content\/gallery\/ruegen-2012\/binz_bei_nacht2.jpg\"\n               data-thumbnail=\"https:\/\/www.byter.de\/wordpress\/wp-content\/gallery\/ruegen-2012\/thumbs\/thumbs_binz_bei_nacht2.jpg\"\n               data-image-id=\"598\"\n               data-title=\"binz_bei_nacht2\"\n               data-description=\"Binz bei Nacht 2\"\n               data-image-slug=\"binz_bei_nacht2\"\n               class=\"ngg-fancybox\" rel=\"0ad0947b0032eb4c99deeecd855591f6\">\n                <img\n                    title=\"binz_bei_nacht2\"\n                    alt=\"binz_bei_nacht2\"\n                    src=\"https:\/\/www.byter.de\/wordpress\/wp-content\/gallery\/ruegen-2012\/thumbs\/thumbs_binz_bei_nacht2.jpg\"\n                    width=\"100\"\n                    height=\"75\"\n                    style=\"max-width:100%;\"\n                \/>\n            <\/a>\n        <\/div>\n\t\t\t\t\t\t\t<\/div> \n\t\t\t\n\t\t\t\t<div id=\"ngg-image-5\" class=\"ngg-gallery-thumbnail-box \" >\n\t\t\t\t        <div class=\"ngg-gallery-thumbnail\">\n            <a href=\"https:\/\/www.byter.de\/wordpress\/wp-content\/gallery\/ruegen-2012\/binz_bei_nacht3.jpg\"\n               title=\"Binz bei Nacht 3\"\n               data-src=\"https:\/\/www.byter.de\/wordpress\/wp-content\/gallery\/ruegen-2012\/binz_bei_nacht3.jpg\"\n               data-thumbnail=\"https:\/\/www.byter.de\/wordpress\/wp-content\/gallery\/ruegen-2012\/thumbs\/thumbs_binz_bei_nacht3.jpg\"\n               data-image-id=\"599\"\n               data-title=\"binz_bei_nacht3\"\n               data-description=\"Binz bei Nacht 3\"\n               data-image-slug=\"binz_bei_nacht3\"\n               class=\"ngg-fancybox\" rel=\"0ad0947b0032eb4c99deeecd855591f6\">\n                <img\n                    title=\"binz_bei_nacht3\"\n                    alt=\"binz_bei_nacht3\"\n                    src=\"https:\/\/www.byter.de\/wordpress\/wp-content\/gallery\/ruegen-2012\/thumbs\/thumbs_binz_bei_nacht3.jpg\"\n                    width=\"100\"\n                    height=\"75\"\n                    style=\"max-width:100%;\"\n                \/>\n            <\/a>\n        <\/div>\n\t\t\t\t\t\t\t<\/div> \n\t\t\t\n\t\t\t\t<div id=\"ngg-image-6\" class=\"ngg-gallery-thumbnail-box \" >\n\t\t\t\t        <div class=\"ngg-gallery-thumbnail\">\n            <a href=\"https:\/\/www.byter.de\/wordpress\/wp-content\/gallery\/ruegen-2012\/binz_bei_nacht5.jpg\"\n               title=\"Sonnenuntergang am Meer\"\n               data-src=\"https:\/\/www.byter.de\/wordpress\/wp-content\/gallery\/ruegen-2012\/binz_bei_nacht5.jpg\"\n               data-thumbnail=\"https:\/\/www.byter.de\/wordpress\/wp-content\/gallery\/ruegen-2012\/thumbs\/thumbs_binz_bei_nacht5.jpg\"\n               data-image-id=\"600\"\n               data-title=\"binz_bei_nacht5\"\n               data-description=\"Sonnenuntergang am Meer\"\n               data-image-slug=\"binz_bei_nacht5\"\n               class=\"ngg-fancybox\" rel=\"0ad0947b0032eb4c99deeecd855591f6\">\n                <img\n                    title=\"binz_bei_nacht5\"\n                    alt=\"binz_bei_nacht5\"\n                    src=\"https:\/\/www.byter.de\/wordpress\/wp-content\/gallery\/ruegen-2012\/thumbs\/thumbs_binz_bei_nacht5.jpg\"\n                    width=\"100\"\n                    height=\"75\"\n                    style=\"max-width:100%;\"\n                \/>\n            <\/a>\n        <\/div>\n\t\t\t\t\t\t\t<\/div> \n\t\t\t\n\t\t\t\t<div id=\"ngg-image-7\" class=\"ngg-gallery-thumbnail-box \" >\n\t\t\t\t        <div class=\"ngg-gallery-thumbnail\">\n            <a href=\"https:\/\/www.byter.de\/wordpress\/wp-content\/gallery\/ruegen-2012\/feuersteinfelder1.jpg\"\n               title=\"Feuersteinfelder\"\n               data-src=\"https:\/\/www.byter.de\/wordpress\/wp-content\/gallery\/ruegen-2012\/feuersteinfelder1.jpg\"\n               data-thumbnail=\"https:\/\/www.byter.de\/wordpress\/wp-content\/gallery\/ruegen-2012\/thumbs\/thumbs_feuersteinfelder1.jpg\"\n               data-image-id=\"601\"\n               data-title=\"feuersteinfelder1\"\n               data-description=\"Feuersteinfelder\"\n               data-image-slug=\"feuersteinfelder1\"\n               class=\"ngg-fancybox\" rel=\"0ad0947b0032eb4c99deeecd855591f6\">\n                <img\n                    title=\"feuersteinfelder1\"\n                    alt=\"feuersteinfelder1\"\n                    src=\"https:\/\/www.byter.de\/wordpress\/wp-content\/gallery\/ruegen-2012\/thumbs\/thumbs_feuersteinfelder1.jpg\"\n                    width=\"100\"\n                    height=\"75\"\n                    style=\"max-width:100%;\"\n                \/>\n            <\/a>\n        <\/div>\n\t\t\t\t\t\t\t<\/div> \n\t\t\t\n\t\t\t\t<div id=\"ngg-image-8\" class=\"ngg-gallery-thumbnail-box \" >\n\t\t\t\t        <div class=\"ngg-gallery-thumbnail\">\n            <a href=\"https:\/\/www.byter.de\/wordpress\/wp-content\/gallery\/ruegen-2012\/arkona4.jpg\"\n               title=\"Kap Arkona 2\"\n               data-src=\"https:\/\/www.byter.de\/wordpress\/wp-content\/gallery\/ruegen-2012\/arkona4.jpg\"\n               data-thumbnail=\"https:\/\/www.byter.de\/wordpress\/wp-content\/gallery\/ruegen-2012\/thumbs\/thumbs_arkona4.jpg\"\n               data-image-id=\"596\"\n               data-title=\"arkona4\"\n               data-description=\"Kap Arkona 2\"\n               data-image-slug=\"arkona4\"\n               class=\"ngg-fancybox\" rel=\"0ad0947b0032eb4c99deeecd855591f6\">\n                <img\n                    title=\"arkona4\"\n                    alt=\"arkona4\"\n                    src=\"https:\/\/www.byter.de\/wordpress\/wp-content\/gallery\/ruegen-2012\/thumbs\/thumbs_arkona4.jpg\"\n                    width=\"100\"\n                    height=\"75\"\n                    style=\"max-width:100%;\"\n                \/>\n            <\/a>\n        <\/div>\n\t\t\t\t\t\t\t<\/div> \n\t\t\t\n\t\t\t\t<div id=\"ngg-image-9\" class=\"ngg-gallery-thumbnail-box \" >\n\t\t\t\t        <div class=\"ngg-gallery-thumbnail\">\n            <a href=\"https:\/\/www.byter.de\/wordpress\/wp-content\/gallery\/ruegen-2012\/prora1.jpg\"\n               title=\"PRORA\"\n               data-src=\"https:\/\/www.byter.de\/wordpress\/wp-content\/gallery\/ruegen-2012\/prora1.jpg\"\n               data-thumbnail=\"https:\/\/www.byter.de\/wordpress\/wp-content\/gallery\/ruegen-2012\/thumbs\/thumbs_prora1.jpg\"\n               data-image-id=\"602\"\n               data-title=\"prora1\"\n               data-description=\"PRORA\"\n               data-image-slug=\"prora1\"\n               class=\"ngg-fancybox\" rel=\"0ad0947b0032eb4c99deeecd855591f6\">\n                <img\n                    title=\"prora1\"\n                    alt=\"prora1\"\n                    src=\"https:\/\/www.byter.de\/wordpress\/wp-content\/gallery\/ruegen-2012\/thumbs\/thumbs_prora1.jpg\"\n                    width=\"100\"\n                    height=\"75\"\n                    style=\"max-width:100%;\"\n                \/>\n            <\/a>\n        <\/div>\n\t\t\t\t\t\t\t<\/div> \n\t\t\t\n\t\t\t\t<div id=\"ngg-image-10\" class=\"ngg-gallery-thumbnail-box \" >\n\t\t\t\t        <div class=\"ngg-gallery-thumbnail\">\n            <a href=\"https:\/\/www.byter.de\/wordpress\/wp-content\/gallery\/ruegen-2012\/prora4_soldat.jpg\"\n               title=\"H\u00f6lzerner Soldat vor Prora\"\n               data-src=\"https:\/\/www.byter.de\/wordpress\/wp-content\/gallery\/ruegen-2012\/prora4_soldat.jpg\"\n               data-thumbnail=\"https:\/\/www.byter.de\/wordpress\/wp-content\/gallery\/ruegen-2012\/thumbs\/thumbs_prora4_soldat.jpg\"\n               data-image-id=\"605\"\n               data-title=\"prora4_soldat\"\n               data-description=\"H\u00f6lzerner Soldat vor Prora\"\n               data-image-slug=\"prora4_soldat\"\n               class=\"ngg-fancybox\" rel=\"0ad0947b0032eb4c99deeecd855591f6\">\n                <img\n                    title=\"prora4_soldat\"\n                    alt=\"prora4_soldat\"\n                    src=\"https:\/\/www.byter.de\/wordpress\/wp-content\/gallery\/ruegen-2012\/thumbs\/thumbs_prora4_soldat.jpg\"\n                    width=\"100\"\n                    height=\"75\"\n                    style=\"max-width:100%;\"\n                \/>\n            <\/a>\n        <\/div>\n\t\t\t\t\t\t\t<\/div> \n\t\t\t\n\t\t\t\t<div id=\"ngg-image-11\" class=\"ngg-gallery-thumbnail-box \" >\n\t\t\t\t        <div class=\"ngg-gallery-thumbnail\">\n            <a href=\"https:\/\/www.byter.de\/wordpress\/wp-content\/gallery\/ruegen-2012\/prora6_innen1.jpg\"\n               title=\"Prora Inneneindr\u00fccke 1\"\n               data-src=\"https:\/\/www.byter.de\/wordpress\/wp-content\/gallery\/ruegen-2012\/prora6_innen1.jpg\"\n               data-thumbnail=\"https:\/\/www.byter.de\/wordpress\/wp-content\/gallery\/ruegen-2012\/thumbs\/thumbs_prora6_innen1.jpg\"\n               data-image-id=\"606\"\n               data-title=\"prora6_innen1\"\n               data-description=\"Prora Inneneindr\u00fccke 1\"\n               data-image-slug=\"prora6_innen1\"\n               class=\"ngg-fancybox\" rel=\"0ad0947b0032eb4c99deeecd855591f6\">\n                <img\n                    title=\"prora6_innen1\"\n                    alt=\"prora6_innen1\"\n                    src=\"https:\/\/www.byter.de\/wordpress\/wp-content\/gallery\/ruegen-2012\/thumbs\/thumbs_prora6_innen1.jpg\"\n                    width=\"100\"\n                    height=\"75\"\n                    style=\"max-width:100%;\"\n                \/>\n            <\/a>\n        <\/div>\n\t\t\t\t\t\t\t<\/div> \n\t\t\t\n\t\t\t\t<div id=\"ngg-image-12\" class=\"ngg-gallery-thumbnail-box \" >\n\t\t\t\t        <div class=\"ngg-gallery-thumbnail\">\n            <a href=\"https:\/\/www.byter.de\/wordpress\/wp-content\/gallery\/ruegen-2012\/prora6_innen2.jpg\"\n               title=\"Prora Inneneindr\u00fccke 2\"\n               data-src=\"https:\/\/www.byter.de\/wordpress\/wp-content\/gallery\/ruegen-2012\/prora6_innen2.jpg\"\n               data-thumbnail=\"https:\/\/www.byter.de\/wordpress\/wp-content\/gallery\/ruegen-2012\/thumbs\/thumbs_prora6_innen2.jpg\"\n               data-image-id=\"607\"\n               data-title=\"prora6_innen2\"\n               data-description=\"Prora Inneneindr\u00fccke 2\"\n               data-image-slug=\"prora6_innen2\"\n               class=\"ngg-fancybox\" rel=\"0ad0947b0032eb4c99deeecd855591f6\">\n                <img\n                    title=\"prora6_innen2\"\n                    alt=\"prora6_innen2\"\n                    src=\"https:\/\/www.byter.de\/wordpress\/wp-content\/gallery\/ruegen-2012\/thumbs\/thumbs_prora6_innen2.jpg\"\n                    width=\"100\"\n                    height=\"75\"\n                    style=\"max-width:100%;\"\n                \/>\n            <\/a>\n        <\/div>\n\t\t\t\t\t\t\t<\/div> \n\t\t\t\n\t\t\t\t<div id=\"ngg-image-13\" class=\"ngg-gallery-thumbnail-box \" >\n\t\t\t\t        <div class=\"ngg-gallery-thumbnail\">\n            <a href=\"https:\/\/www.byter.de\/wordpress\/wp-content\/gallery\/ruegen-2012\/prora2_baer.jpg\"\n               title=\"Prora\"\n               data-src=\"https:\/\/www.byter.de\/wordpress\/wp-content\/gallery\/ruegen-2012\/prora2_baer.jpg\"\n               data-thumbnail=\"https:\/\/www.byter.de\/wordpress\/wp-content\/gallery\/ruegen-2012\/thumbs\/thumbs_prora2_baer.jpg\"\n               data-image-id=\"621\"\n               data-title=\"prora2_baer\"\n               data-description=\"Prora\"\n               data-image-slug=\"prora2_baer\"\n               class=\"ngg-fancybox\" rel=\"0ad0947b0032eb4c99deeecd855591f6\">\n                <img\n                    title=\"prora2_baer\"\n                    alt=\"prora2_baer\"\n                    src=\"https:\/\/www.byter.de\/wordpress\/wp-content\/gallery\/ruegen-2012\/thumbs\/thumbs_prora2_baer.jpg\"\n                    width=\"100\"\n                    height=\"75\"\n                    style=\"max-width:100%;\"\n                \/>\n            <\/a>\n        <\/div>\n\t\t\t\t\t\t\t<\/div> \n\t\t\t\n\t\t\t\t<div id=\"ngg-image-14\" class=\"ngg-gallery-thumbnail-box \" >\n\t\t\t\t        <div class=\"ngg-gallery-thumbnail\">\n            <a href=\"https:\/\/www.byter.de\/wordpress\/wp-content\/gallery\/ruegen-2012\/prora10.jpg\"\n               title=\"Prora Promenade\"\n               data-src=\"https:\/\/www.byter.de\/wordpress\/wp-content\/gallery\/ruegen-2012\/prora10.jpg\"\n               data-thumbnail=\"https:\/\/www.byter.de\/wordpress\/wp-content\/gallery\/ruegen-2012\/thumbs\/thumbs_prora10.jpg\"\n               data-image-id=\"603\"\n               data-title=\"prora10\"\n               data-description=\"Prora Promenade\"\n               data-image-slug=\"prora10\"\n               class=\"ngg-fancybox\" rel=\"0ad0947b0032eb4c99deeecd855591f6\">\n                <img\n                    title=\"prora10\"\n                    alt=\"prora10\"\n                    src=\"https:\/\/www.byter.de\/wordpress\/wp-content\/gallery\/ruegen-2012\/thumbs\/thumbs_prora10.jpg\"\n                    width=\"100\"\n                    height=\"75\"\n                    style=\"max-width:100%;\"\n                \/>\n            <\/a>\n        <\/div>\n\t\t\t\t\t\t\t<\/div> \n\t\t\t\n\t\t\t\t<div id=\"ngg-image-15\" class=\"ngg-gallery-thumbnail-box \" >\n\t\t\t\t        <div class=\"ngg-gallery-thumbnail\">\n            <a href=\"https:\/\/www.byter.de\/wordpress\/wp-content\/gallery\/ruegen-2012\/prora8_innen3.jpg\"\n               title=\"Prora Inneneindr\u00fccke 3\"\n               data-src=\"https:\/\/www.byter.de\/wordpress\/wp-content\/gallery\/ruegen-2012\/prora8_innen3.jpg\"\n               data-thumbnail=\"https:\/\/www.byter.de\/wordpress\/wp-content\/gallery\/ruegen-2012\/thumbs\/thumbs_prora8_innen3.jpg\"\n               data-image-id=\"608\"\n               data-title=\"prora8_innen3\"\n               data-description=\"Prora Inneneindr\u00fccke 3\"\n               data-image-slug=\"prora8_innen3\"\n               class=\"ngg-fancybox\" rel=\"0ad0947b0032eb4c99deeecd855591f6\">\n                <img\n                    title=\"prora8_innen3\"\n                    alt=\"prora8_innen3\"\n                    src=\"https:\/\/www.byter.de\/wordpress\/wp-content\/gallery\/ruegen-2012\/thumbs\/thumbs_prora8_innen3.jpg\"\n                    width=\"100\"\n                    height=\"75\"\n                    style=\"max-width:100%;\"\n                \/>\n            <\/a>\n        <\/div>\n\t\t\t\t\t\t\t<\/div> \n\t\t\t\n\t\t\t\t<div id=\"ngg-image-16\" class=\"ngg-gallery-thumbnail-box \" >\n\t\t\t\t        <div class=\"ngg-gallery-thumbnail\">\n            <a href=\"https:\/\/www.byter.de\/wordpress\/wp-content\/gallery\/ruegen-2012\/prora9.jpg\"\n               title=\"Nochmal Prora...\"\n               data-src=\"https:\/\/www.byter.de\/wordpress\/wp-content\/gallery\/ruegen-2012\/prora9.jpg\"\n               data-thumbnail=\"https:\/\/www.byter.de\/wordpress\/wp-content\/gallery\/ruegen-2012\/thumbs\/thumbs_prora9.jpg\"\n               data-image-id=\"609\"\n               data-title=\"prora9\"\n               data-description=\"Nochmal Prora...\"\n               data-image-slug=\"prora9\"\n               class=\"ngg-fancybox\" rel=\"0ad0947b0032eb4c99deeecd855591f6\">\n                <img\n                    title=\"prora9\"\n                    alt=\"prora9\"\n                    src=\"https:\/\/www.byter.de\/wordpress\/wp-content\/gallery\/ruegen-2012\/thumbs\/thumbs_prora9.jpg\"\n                    width=\"100\"\n                    height=\"75\"\n                    style=\"max-width:100%;\"\n                \/>\n            <\/a>\n        <\/div>\n\t\t\t\t\t\t\t<\/div> \n\t\t\t\n\t\t\t\t<div id=\"ngg-image-17\" class=\"ngg-gallery-thumbnail-box \" >\n\t\t\t\t        <div class=\"ngg-gallery-thumbnail\">\n            <a href=\"https:\/\/www.byter.de\/wordpress\/wp-content\/gallery\/ruegen-2012\/strand3_prora_kaimauer.jpg\"\n               title=\"Kaimauer...\"\n               data-src=\"https:\/\/www.byter.de\/wordpress\/wp-content\/gallery\/ruegen-2012\/strand3_prora_kaimauer.jpg\"\n               data-thumbnail=\"https:\/\/www.byter.de\/wordpress\/wp-content\/gallery\/ruegen-2012\/thumbs\/thumbs_strand3_prora_kaimauer.jpg\"\n               data-image-id=\"614\"\n               data-title=\"strand3_prora_kaimauer\"\n               data-description=\"Kaimauer...\"\n               data-image-slug=\"strand3_prora_kaimauer\"\n               class=\"ngg-fancybox\" rel=\"0ad0947b0032eb4c99deeecd855591f6\">\n                <img\n                    title=\"strand3_prora_kaimauer\"\n                    alt=\"strand3_prora_kaimauer\"\n                    src=\"https:\/\/www.byter.de\/wordpress\/wp-content\/gallery\/ruegen-2012\/thumbs\/thumbs_strand3_prora_kaimauer.jpg\"\n                    width=\"100\"\n                    height=\"75\"\n                    style=\"max-width:100%;\"\n                \/>\n            <\/a>\n        <\/div>\n\t\t\t\t\t\t\t<\/div> \n\t\t\t\n\t\t\t\t<div id=\"ngg-image-18\" class=\"ngg-gallery-thumbnail-box \" >\n\t\t\t\t        <div class=\"ngg-gallery-thumbnail\">\n            <a href=\"https:\/\/www.byter.de\/wordpress\/wp-content\/gallery\/ruegen-2012\/sassnitz3.jpg\"\n               title=\"Sassnitzer Meerblick\"\n               data-src=\"https:\/\/www.byter.de\/wordpress\/wp-content\/gallery\/ruegen-2012\/sassnitz3.jpg\"\n               data-thumbnail=\"https:\/\/www.byter.de\/wordpress\/wp-content\/gallery\/ruegen-2012\/thumbs\/thumbs_sassnitz3.jpg\"\n               data-image-id=\"610\"\n               data-title=\"sassnitz3\"\n               data-description=\"Sassnitzer Meerblick\"\n               data-image-slug=\"sassnitz3\"\n               class=\"ngg-fancybox\" rel=\"0ad0947b0032eb4c99deeecd855591f6\">\n                <img\n                    title=\"sassnitz3\"\n                    alt=\"sassnitz3\"\n                    src=\"https:\/\/www.byter.de\/wordpress\/wp-content\/gallery\/ruegen-2012\/thumbs\/thumbs_sassnitz3.jpg\"\n                    width=\"100\"\n                    height=\"75\"\n                    style=\"max-width:100%;\"\n                \/>\n            <\/a>\n        <\/div>\n\t\t\t\t\t\t\t<\/div> \n\t\t\t\n\t\t\t\t<div id=\"ngg-image-19\" class=\"ngg-gallery-thumbnail-box \" >\n\t\t\t\t        <div class=\"ngg-gallery-thumbnail\">\n            <a href=\"https:\/\/www.byter.de\/wordpress\/wp-content\/gallery\/ruegen-2012\/sassnitz4.jpg\"\n               title=\"Sassnitzer Meerblick 2\"\n               data-src=\"https:\/\/www.byter.de\/wordpress\/wp-content\/gallery\/ruegen-2012\/sassnitz4.jpg\"\n               data-thumbnail=\"https:\/\/www.byter.de\/wordpress\/wp-content\/gallery\/ruegen-2012\/thumbs\/thumbs_sassnitz4.jpg\"\n               data-image-id=\"611\"\n               data-title=\"sassnitz4\"\n               data-description=\"Sassnitzer Meerblick 2\"\n               data-image-slug=\"sassnitz4\"\n               class=\"ngg-fancybox\" rel=\"0ad0947b0032eb4c99deeecd855591f6\">\n                <img\n                    title=\"sassnitz4\"\n                    alt=\"sassnitz4\"\n                    src=\"https:\/\/www.byter.de\/wordpress\/wp-content\/gallery\/ruegen-2012\/thumbs\/thumbs_sassnitz4.jpg\"\n                    width=\"100\"\n                    height=\"75\"\n                    style=\"max-width:100%;\"\n                \/>\n            <\/a>\n        <\/div>\n\t\t\t\t\t\t\t<\/div> \n\t\t\t\n\t\t\t\t<div id=\"ngg-image-20\" class=\"ngg-gallery-thumbnail-box \" >\n\t\t\t\t        <div class=\"ngg-gallery-thumbnail\">\n            <a href=\"https:\/\/www.byter.de\/wordpress\/wp-content\/gallery\/ruegen-2012\/sassnitz5.jpg\"\n               title=\"Sassnitz\"\n               data-src=\"https:\/\/www.byter.de\/wordpress\/wp-content\/gallery\/ruegen-2012\/sassnitz5.jpg\"\n               data-thumbnail=\"https:\/\/www.byter.de\/wordpress\/wp-content\/gallery\/ruegen-2012\/thumbs\/thumbs_sassnitz5.jpg\"\n               data-image-id=\"612\"\n               data-title=\"sassnitz5\"\n               data-description=\"Sassnitz\"\n               data-image-slug=\"sassnitz5\"\n               class=\"ngg-fancybox\" rel=\"0ad0947b0032eb4c99deeecd855591f6\">\n                <img\n                    title=\"sassnitz5\"\n                    alt=\"sassnitz5\"\n                    src=\"https:\/\/www.byter.de\/wordpress\/wp-content\/gallery\/ruegen-2012\/thumbs\/thumbs_sassnitz5.jpg\"\n                    width=\"100\"\n                    height=\"75\"\n                    style=\"max-width:100%;\"\n                \/>\n            <\/a>\n        <\/div>\n\t\t\t\t\t\t\t<\/div> \n\t\t\t\n\t\t\t\t<div id=\"ngg-image-21\" class=\"ngg-gallery-thumbnail-box \" >\n\t\t\t\t        <div class=\"ngg-gallery-thumbnail\">\n            <a href=\"https:\/\/www.byter.de\/wordpress\/wp-content\/gallery\/ruegen-2012\/schiff1_1200.jpg\"\n               title=\"Fischerboot\"\n               data-src=\"https:\/\/www.byter.de\/wordpress\/wp-content\/gallery\/ruegen-2012\/schiff1_1200.jpg\"\n               data-thumbnail=\"https:\/\/www.byter.de\/wordpress\/wp-content\/gallery\/ruegen-2012\/thumbs\/thumbs_schiff1_1200.jpg\"\n               data-image-id=\"613\"\n               data-title=\"schiff1_1200\"\n               data-description=\"Fischerboot\"\n               data-image-slug=\"schiff1_1200\"\n               class=\"ngg-fancybox\" rel=\"0ad0947b0032eb4c99deeecd855591f6\">\n                <img\n                    title=\"schiff1_1200\"\n                    alt=\"schiff1_1200\"\n                    src=\"https:\/\/www.byter.de\/wordpress\/wp-content\/gallery\/ruegen-2012\/thumbs\/thumbs_schiff1_1200.jpg\"\n                    width=\"100\"\n                    height=\"75\"\n                    style=\"max-width:100%;\"\n                \/>\n            <\/a>\n        <\/div>\n\t\t\t\t\t\t\t<\/div> \n\t\t\t\n\t\t\t\t<div id=\"ngg-image-22\" class=\"ngg-gallery-thumbnail-box \" >\n\t\t\t\t        <div class=\"ngg-gallery-thumbnail\">\n            <a href=\"https:\/\/www.byter.de\/wordpress\/wp-content\/gallery\/ruegen-2012\/strand5_moewen3.jpg\"\n               title=\"M\u00f6wenf\u00fctterung I\"\n               data-src=\"https:\/\/www.byter.de\/wordpress\/wp-content\/gallery\/ruegen-2012\/strand5_moewen3.jpg\"\n               data-thumbnail=\"https:\/\/www.byter.de\/wordpress\/wp-content\/gallery\/ruegen-2012\/thumbs\/thumbs_strand5_moewen3.jpg\"\n               data-image-id=\"624\"\n               data-title=\"strand5_moewen3\"\n               data-description=\"M\u00f6wenf\u00fctterung I\"\n               data-image-slug=\"strand5_moewen3\"\n               class=\"ngg-fancybox\" rel=\"0ad0947b0032eb4c99deeecd855591f6\">\n                <img\n                    title=\"strand5_moewen3\"\n                    alt=\"strand5_moewen3\"\n                    src=\"https:\/\/www.byter.de\/wordpress\/wp-content\/gallery\/ruegen-2012\/thumbs\/thumbs_strand5_moewen3.jpg\"\n                    width=\"100\"\n                    height=\"75\"\n                    style=\"max-width:100%;\"\n                \/>\n            <\/a>\n        <\/div>\n\t\t\t\t\t\t\t<\/div> \n\t\t\t\n\t\t\t\t<div id=\"ngg-image-23\" class=\"ngg-gallery-thumbnail-box \" >\n\t\t\t\t        <div class=\"ngg-gallery-thumbnail\">\n            <a href=\"https:\/\/www.byter.de\/wordpress\/wp-content\/gallery\/ruegen-2012\/strand5_moewen2.jpg\"\n               title=\"M\u00f6wenf\u00fctterung II\"\n               data-src=\"https:\/\/www.byter.de\/wordpress\/wp-content\/gallery\/ruegen-2012\/strand5_moewen2.jpg\"\n               data-thumbnail=\"https:\/\/www.byter.de\/wordpress\/wp-content\/gallery\/ruegen-2012\/thumbs\/thumbs_strand5_moewen2.jpg\"\n               data-image-id=\"623\"\n               data-title=\"strand5_moewen2\"\n               data-description=\"M\u00f6wenf\u00fctterung II\"\n               data-image-slug=\"strand5_moewen2\"\n               class=\"ngg-fancybox\" rel=\"0ad0947b0032eb4c99deeecd855591f6\">\n                <img\n                    title=\"strand5_moewen2\"\n                    alt=\"strand5_moewen2\"\n                    src=\"https:\/\/www.byter.de\/wordpress\/wp-content\/gallery\/ruegen-2012\/thumbs\/thumbs_strand5_moewen2.jpg\"\n                    width=\"100\"\n                    height=\"75\"\n                    style=\"max-width:100%;\"\n                \/>\n            <\/a>\n        <\/div>\n\t\t\t\t\t\t\t<\/div> \n\t\t\t\n\t\n\t<br style=\"clear: both\" \/>\n\n\t\n\t\t<!-- Pagination -->\n\t<div class='ngg-navigation'><span class='current'>1<\/span>\n<a class='page-numbers' data-pageid='2' href='https:\/\/www.byter.de\/wordpress\/index.php\/nggallery\/page\/2?page_id=780'>2<\/a>\n<a class='prev' href='https:\/\/www.byter.de\/wordpress\/index.php\/nggallery\/page\/2?page_id=780' data-pageid=2>&#9658;<\/a><\/div>\t<\/div>\n<\/p>\n<p style=\"text-align: center;\">\n","protected":false},"excerpt":{"rendered":"<p>Ein paar Urlaubs-Eindr\u00fccke von R\u00fcgen &#8211; eine Insel, die herrlich abwechslungsreich und vielseitig ist. Zu den (touristischen) Highlights geh\u00f6ren u.a. Die Ruinen von Prora, die Kreidek\u00fcste am Kap Arkona, moderne Strandorte wie Binz oder einfach nur kleine Sehensw\u00fcrdigkeiten wie die &hellip; <a href=\"https:\/\/www.byter.de\/wordpress\/?page_id=780\">Weiterlesen <span class=\"meta-nav\">&rarr;<\/span><\/a><\/p>\n","protected":false},"author":1,"featured_media":0,"parent":2495,"menu_order":65,"comment_status":"open","ping_status":"open","template":"","meta":{"ngg_post_thumbnail":0},"_links":{"self":[{"href":"https:\/\/www.byter.de\/wordpress\/index.php?rest_route=\/wp\/v2\/pages\/780"}],"collection":[{"href":"https:\/\/www.byter.de\/wordpress\/index.php?rest_route=\/wp\/v2\/pages"}],"about":[{"href":"https:\/\/www.byter.de\/wordpress\/index.php?rest_route=\/wp\/v2\/types\/page"}],"author":[{"embeddable":true,"href":"https:\/\/www.byter.de\/wordpress\/index.php?rest_route=\/wp\/v2\/users\/1"}],"replies":[{"embeddable":true,"href":"https:\/\/www.byter.de\/wordpress\/index.php?rest_route=%2Fwp%2Fv2%2Fcomments&post=780"}],"version-history":[{"count":8,"href":"https:\/\/www.byter.de\/wordpress\/index.php?rest_route=\/wp\/v2\/pages\/780\/revisions"}],"predecessor-version":[{"id":2500,"href":"https:\/\/www.byter.de\/wordpress\/index.php?rest_route=\/wp\/v2\/pages\/780\/revisions\/2500"}],"up":[{"embeddable":true,"href":"https:\/\/www.byter.de\/wordpress\/index.php?rest_route=\/wp\/v2\/pages\/2495"}],"wp:attachment":[{"href":"https:\/\/www.byter.de\/wordpress\/index.php?rest_route=%2Fwp%2Fv2%2Fmedia&parent=780"}],"curies":[{"name":"wp","href":"https:\/\/api.w.org\/{rel}","templated":true}]}}