{"id":818,"date":"2013-06-04T19:40:14","date_gmt":"2013-06-04T18:40:14","guid":{"rendered":"http:\/\/www.byter.de\/wordpress\/?page_id=818"},"modified":"2015-04-06T19:28:26","modified_gmt":"2015-04-06T18:28:26","slug":"exentrix-tour-2013-slowenien-teil-1","status":"publish","type":"page","link":"https:\/\/www.byter.de\/wordpress\/?page_id=818","title":{"rendered":"Slowenien 2013 &#8211; Zelske Jama, Grotta del Paranco, Medvedjak"},"content":{"rendered":"<h2><img decoding=\"async\" loading=\"lazy\" class=\"aligncenter size-full wp-image-843\" src=\"https:\/\/www.byter.de\/wordpress\/wp-content\/uploads\/2013\/06\/Medvedjak_Gruppe_500.jpg\" alt=\"Medvedjak_Gruppe_500\" width=\"500\" height=\"396\" srcset=\"https:\/\/www.byter.de\/wordpress\/wp-content\/uploads\/2013\/06\/Medvedjak_Gruppe_500.jpg 500w, https:\/\/www.byter.de\/wordpress\/wp-content\/uploads\/2013\/06\/Medvedjak_Gruppe_500-300x237.jpg 300w\" sizes=\"(max-width: 500px) 100vw, 500px\" \/><\/h2>\n<h2 style=\"text-align: center;\">eXentriX Tour 2013 &#8211; Slowenien<\/h2>\n<p style=\"text-align: center;\"><strong><em>Tourbericht, Teil 1<\/em><\/strong><\/p>\n<p>Fast schon zur Tradition geworden ist die j\u00e4hrliche H\u00f6hlentour zu Pfingsten &#8211; und so ging es auch in diesem Jahr wieder unter die Erde, diesmal ins ferne Slowenien (kombiniert mit ein wenig Italien ;)). Unsere Ziele waren die klassischen slowenischen Karstgebiete bei Ljubljana, aber auch der Triester Karst im nahen Italien&#8230;<\/p>\n<p><strong>Tag 0 &#8211; Anreise<\/strong><\/p>\n<p>Mit zwei bis unter die D\u00e4cher (und Dachboxen) bepackten Autos und 7 Mann ging es am (sehr) fr\u00fchen Samstag Morgen los &#8211; 1200km Wegstrecke wollten bezwungen werden. Diesmal mussten neben einigen hundert Metern Seil und der \u00fcblichen Ausr\u00fcstung auch Neopren und Boote mit ins Gep\u00e4ck, denn es standen mehrere wasserf\u00fchrende H\u00f6hlen auf dem Programm. Irgendwie passte auch tats\u00e4chlich alles in die Autos und gegen 7 Uhr bezogen wir unsere frisch renovierte, luxuri\u00f6se Unterkunft ;).\u00a0 Die lag zwar etwas Abseits, aber daf\u00fcr wurden wir prompt mit regionalen K\u00f6stlichkeiten und gro\u00dfartiger slowenischer Gastfreunschaft begr\u00fc\u00dft.<\/p>\n<p><strong>Tag 1 &#8211; Zelske Jama<\/strong><\/p>\n<p>Am ersten Tag stand die <em>Zelske Jama<\/em> auf dem Programm. Die aktive Wasserh\u00f6hle wird vom Fluss Rak durchflossen und liegt im beeindruckenden Rakov Skocjanske Naturpark. Schon die Kulisse bei der Ankunft ist atemberaubend, denn man blickt von einer 60m hohen nat\u00fcrlichen Felsbr\u00fccke auf den H\u00f6hleneingang. 60m freih\u00e4ngend in solch einer Kulisse seilt man nicht jeden Tag ab &#8211; also flugs die Seile eingebaut und ab ging\u00b4s nach unten:<\/p>\n<div id=\"attachment_823\" style=\"width: 510px\" class=\"wp-caption aligncenter\"><img aria-describedby=\"caption-attachment-823\" decoding=\"async\" loading=\"lazy\" class=\"size-full wp-image-823\" src=\"https:\/\/www.byter.de\/wordpress\/wp-content\/uploads\/2013\/05\/Abseiler_500.jpg\" alt=\"60m Abseilen zur Zelske Jama\" width=\"500\" height=\"397\" srcset=\"https:\/\/www.byter.de\/wordpress\/wp-content\/uploads\/2013\/05\/Abseiler_500.jpg 500w, https:\/\/www.byter.de\/wordpress\/wp-content\/uploads\/2013\/05\/Abseiler_500-300x238.jpg 300w\" sizes=\"(max-width: 500px) 100vw, 500px\" \/><p id=\"caption-attachment-823\" class=\"wp-caption-text\">60m Abseilen zur Zelske Jama<\/p><\/div>\n<p style=\"text-align: left;\">Hier trafen wir auf ein weiteres einheimisches Team, das bereits die Boote startklar machte und quasi zeitgleich mit uns einfuhr&#8230;<\/p>\n<p style=\"text-align: left;\">Uns erwartete eine wirklich spannende Befahrung &#8211; da wir aus Deutschland bisher nur die Falkensteiner H\u00f6hle mit aktivem Fluss kannten, wurden wir von der hier herrschenden Str\u00f6mung ziemlich \u00fcberrascht (zumal es die Wochen vorher stark geregnet hatte). Was urspr\u00fcnglich als kleiner Badeausflug mit Neopren und Beiboot geplant war, wurde eine ziemlich schwei\u00dftreibende Angelenheit, bis wir den ersten seitlichen Abzweig der <em>Zelske Jama<\/em> erreichten. Mit Neopren gegen die Str\u00f6mung anzuschwimmen stellte sich als nahezu unm\u00f6glich heraus, auch unser 3-Mann-Boot schaffte es kaum, sich von der Stelle zu bewegen, und &#8222;mal eben&#8220; die Seiten zu wechseln erwies sich als echtes Abenteuer.<\/p>\n<div id=\"attachment_837\" style=\"width: 510px\" class=\"wp-caption aligncenter\"><img aria-describedby=\"caption-attachment-837\" decoding=\"async\" loading=\"lazy\" class=\"size-full wp-image-837\" src=\"https:\/\/www.byter.de\/wordpress\/wp-content\/uploads\/2013\/06\/Zelske_Boot_500.jpg\" alt=\"Querung mit Boot...\" width=\"500\" height=\"295\" srcset=\"https:\/\/www.byter.de\/wordpress\/wp-content\/uploads\/2013\/06\/Zelske_Boot_500.jpg 500w, https:\/\/www.byter.de\/wordpress\/wp-content\/uploads\/2013\/06\/Zelske_Boot_500-300x177.jpg 300w\" sizes=\"(max-width: 500px) 100vw, 500px\" \/><p id=\"caption-attachment-837\" class=\"wp-caption-text\">Querung mit Boot&#8230;<\/p><\/div>\n<p style=\"text-align: left;\">Noch dazu entwich schon nach kurzer Zeit kontinuierlich die Luft aus der Hauptkammer des Bootes, so dass nur eine Kombination aus Paddeln, Schwimmen und &#8222;irgendwie an der Wand langhangeln&#8220; schlie\u00dflich ans Ziel f\u00fchrte: Dem ersten und gr\u00f6\u00dften &#8222;trockenen&#8220; Abzweig der H\u00f6hle, von wo aus es zu Fu\u00df weiterging.<\/p>\n<p style=\"text-align: left;\">&#8222;Trocken&#8220; ist hier allerdings relativ: auch wenn die H\u00f6hle wirklich sch\u00f6ne Passagen mit tollem Sinter zu bieten hat, so ist sie auch eines der schlammigsten L\u00f6cher, in denen ich bisher rumgekrochen bin \ud83d\ude09\u00a0 Aus diesem Grunde blieb die Kamera auch die meiste Zeit im (wasserdichten) Rucksack und die Bildausbeute ist minimal &#8211; aber es war auf jeden Fall ein gro\u00dfer Spa\u00df und ein toller Auftakt der Tour!<\/p>\n<p style=\"text-align: center;\"><!-- default-view.php -->\n<div\n\tclass=\"ngg-galleryoverview default-view \"\n\tid=\"ngg-gallery-0675379104e1bdab5452c85f6d44c0df-1\">\n\n\t\t<!-- Thumbnails -->\n\t\t\t\t<div id=\"ngg-image-0\" class=\"ngg-gallery-thumbnail-box \" >\n\t\t\t\t        <div class=\"ngg-gallery-thumbnail\">\n            <a href=\"https:\/\/www.byter.de\/wordpress\/wp-content\/gallery\/slowenien-zelske-jama\/abseiler_chrismarkus_2_1000.jpg\"\n               title=\"Abseilen in malerischer Umgebung\"\n               data-src=\"https:\/\/www.byter.de\/wordpress\/wp-content\/gallery\/slowenien-zelske-jama\/abseiler_chrismarkus_2_1000.jpg\"\n               data-thumbnail=\"https:\/\/www.byter.de\/wordpress\/wp-content\/gallery\/slowenien-zelske-jama\/thumbs\/thumbs_abseiler_chrismarkus_2_1000.jpg\"\n               data-image-id=\"638\"\n               data-title=\"abseiler_chrismarkus_2_1000\"\n               data-description=\"Abseilen in malerischer Umgebung\"\n               data-image-slug=\"abseiler_chrismarkus_2_1000\"\n               class=\"ngg-fancybox\" rel=\"0675379104e1bdab5452c85f6d44c0df\">\n                <img\n                    title=\"abseiler_chrismarkus_2_1000\"\n                    alt=\"abseiler_chrismarkus_2_1000\"\n                    src=\"https:\/\/www.byter.de\/wordpress\/wp-content\/gallery\/slowenien-zelske-jama\/thumbs\/thumbs_abseiler_chrismarkus_2_1000.jpg\"\n                    width=\"100\"\n                    height=\"75\"\n                    style=\"max-width:100%;\"\n                \/>\n            <\/a>\n        <\/div>\n\t\t\t\t\t\t\t<\/div> \n\t\t\t\n\t\t\t\t<div id=\"ngg-image-1\" class=\"ngg-gallery-thumbnail-box \" >\n\t\t\t\t        <div class=\"ngg-gallery-thumbnail\">\n            <a href=\"https:\/\/www.byter.de\/wordpress\/wp-content\/gallery\/slowenien-zelske-jama\/abseiler_jensandre_1_1200.jpg\"\n               title=\"Grandiose Felskulisse\"\n               data-src=\"https:\/\/www.byter.de\/wordpress\/wp-content\/gallery\/slowenien-zelske-jama\/abseiler_jensandre_1_1200.jpg\"\n               data-thumbnail=\"https:\/\/www.byter.de\/wordpress\/wp-content\/gallery\/slowenien-zelske-jama\/thumbs\/thumbs_abseiler_jensandre_1_1200.jpg\"\n               data-image-id=\"639\"\n               data-title=\"abseiler_jensandre_1_1200\"\n               data-description=\"Grandiose Felskulisse\"\n               data-image-slug=\"abseiler_jensandre_1_1200\"\n               class=\"ngg-fancybox\" rel=\"0675379104e1bdab5452c85f6d44c0df\">\n                <img\n                    title=\"abseiler_jensandre_1_1200\"\n                    alt=\"abseiler_jensandre_1_1200\"\n                    src=\"https:\/\/www.byter.de\/wordpress\/wp-content\/gallery\/slowenien-zelske-jama\/thumbs\/thumbs_abseiler_jensandre_1_1200.jpg\"\n                    width=\"100\"\n                    height=\"75\"\n                    style=\"max-width:100%;\"\n                \/>\n            <\/a>\n        <\/div>\n\t\t\t\t\t\t\t<\/div> \n\t\t\t\n\t\t\t\t<div id=\"ngg-image-2\" class=\"ngg-gallery-thumbnail-box \" >\n\t\t\t\t        <div class=\"ngg-gallery-thumbnail\">\n            <a href=\"https:\/\/www.byter.de\/wordpress\/wp-content\/gallery\/slowenien-zelske-jama\/abseiler_jensandre_3_1000h.jpg\"\n               title=\"Blick nach oben\"\n               data-src=\"https:\/\/www.byter.de\/wordpress\/wp-content\/gallery\/slowenien-zelske-jama\/abseiler_jensandre_3_1000h.jpg\"\n               data-thumbnail=\"https:\/\/www.byter.de\/wordpress\/wp-content\/gallery\/slowenien-zelske-jama\/thumbs\/thumbs_abseiler_jensandre_3_1000h.jpg\"\n               data-image-id=\"640\"\n               data-title=\"abseiler_jensandre_3_1000h\"\n               data-description=\"Blick nach oben\"\n               data-image-slug=\"abseiler_jensandre_3_1000h\"\n               class=\"ngg-fancybox\" rel=\"0675379104e1bdab5452c85f6d44c0df\">\n                <img\n                    title=\"abseiler_jensandre_3_1000h\"\n                    alt=\"abseiler_jensandre_3_1000h\"\n                    src=\"https:\/\/www.byter.de\/wordpress\/wp-content\/gallery\/slowenien-zelske-jama\/thumbs\/thumbs_abseiler_jensandre_3_1000h.jpg\"\n                    width=\"100\"\n                    height=\"75\"\n                    style=\"max-width:100%;\"\n                \/>\n            <\/a>\n        <\/div>\n\t\t\t\t\t\t\t<\/div> \n\t\t\t\n\t\t\t\t<div id=\"ngg-image-3\" class=\"ngg-gallery-thumbnail-box \" >\n\t\t\t\t        <div class=\"ngg-gallery-thumbnail\">\n            <a href=\"https:\/\/www.byter.de\/wordpress\/wp-content\/gallery\/slowenien-zelske-jama\/zelse_einschiffen_1000.jpg\"\n               title=\"Einschiffen :)\"\n               data-src=\"https:\/\/www.byter.de\/wordpress\/wp-content\/gallery\/slowenien-zelske-jama\/zelse_einschiffen_1000.jpg\"\n               data-thumbnail=\"https:\/\/www.byter.de\/wordpress\/wp-content\/gallery\/slowenien-zelske-jama\/thumbs\/thumbs_zelse_einschiffen_1000.jpg\"\n               data-image-id=\"676\"\n               data-title=\"zelse_einschiffen_1000\"\n               data-description=\"Einschiffen :)\"\n               data-image-slug=\"zelse_einschiffen_1000\"\n               class=\"ngg-fancybox\" rel=\"0675379104e1bdab5452c85f6d44c0df\">\n                <img\n                    title=\"zelse_einschiffen_1000\"\n                    alt=\"zelse_einschiffen_1000\"\n                    src=\"https:\/\/www.byter.de\/wordpress\/wp-content\/gallery\/slowenien-zelske-jama\/thumbs\/thumbs_zelse_einschiffen_1000.jpg\"\n                    width=\"100\"\n                    height=\"75\"\n                    style=\"max-width:100%;\"\n                \/>\n            <\/a>\n        <\/div>\n\t\t\t\t\t\t\t<\/div> \n\t\t\t\n\t\t\t\t<div id=\"ngg-image-4\" class=\"ngg-gallery-thumbnail-box \" >\n\t\t\t\t        <div class=\"ngg-gallery-thumbnail\">\n            <a href=\"https:\/\/www.byter.de\/wordpress\/wp-content\/gallery\/slowenien-zelske-jama\/zelske_wasserkampf_1200.jpg\"\n               title=\"M\u00fchsames Vorw\u00e4rtskommen!\"\n               data-src=\"https:\/\/www.byter.de\/wordpress\/wp-content\/gallery\/slowenien-zelske-jama\/zelske_wasserkampf_1200.jpg\"\n               data-thumbnail=\"https:\/\/www.byter.de\/wordpress\/wp-content\/gallery\/slowenien-zelske-jama\/thumbs\/thumbs_zelske_wasserkampf_1200.jpg\"\n               data-image-id=\"642\"\n               data-title=\"zelske_wasserkampf_1200\"\n               data-description=\"M\u00fchsames Vorw\u00e4rtskommen!\"\n               data-image-slug=\"zelske_wasserkampf_1200\"\n               class=\"ngg-fancybox\" rel=\"0675379104e1bdab5452c85f6d44c0df\">\n                <img\n                    title=\"zelske_wasserkampf_1200\"\n                    alt=\"zelske_wasserkampf_1200\"\n                    src=\"https:\/\/www.byter.de\/wordpress\/wp-content\/gallery\/slowenien-zelske-jama\/thumbs\/thumbs_zelske_wasserkampf_1200.jpg\"\n                    width=\"100\"\n                    height=\"75\"\n                    style=\"max-width:100%;\"\n                \/>\n            <\/a>\n        <\/div>\n\t\t\t\t\t\t\t<\/div> \n\t\t\t\n\t\t\t\t<div id=\"ngg-image-5\" class=\"ngg-gallery-thumbnail-box \" >\n\t\t\t\t        <div class=\"ngg-gallery-thumbnail\">\n            <a href=\"https:\/\/www.byter.de\/wordpress\/wp-content\/gallery\/slowenien-zelske-jama\/zelske_boot_1_1200.jpg\"\n               title=\"Unterwegs mit Boot\"\n               data-src=\"https:\/\/www.byter.de\/wordpress\/wp-content\/gallery\/slowenien-zelske-jama\/zelske_boot_1_1200.jpg\"\n               data-thumbnail=\"https:\/\/www.byter.de\/wordpress\/wp-content\/gallery\/slowenien-zelske-jama\/thumbs\/thumbs_zelske_boot_1_1200.jpg\"\n               data-image-id=\"641\"\n               data-title=\"zelske_boot_1_1200\"\n               data-description=\"Unterwegs mit Boot\"\n               data-image-slug=\"zelske_boot_1_1200\"\n               class=\"ngg-fancybox\" rel=\"0675379104e1bdab5452c85f6d44c0df\">\n                <img\n                    title=\"zelske_boot_1_1200\"\n                    alt=\"zelske_boot_1_1200\"\n                    src=\"https:\/\/www.byter.de\/wordpress\/wp-content\/gallery\/slowenien-zelske-jama\/thumbs\/thumbs_zelske_boot_1_1200.jpg\"\n                    width=\"100\"\n                    height=\"75\"\n                    style=\"max-width:100%;\"\n                \/>\n            <\/a>\n        <\/div>\n\t\t\t\t\t\t\t<\/div> \n\t\t\t\n\t\t\t\t<div id=\"ngg-image-6\" class=\"ngg-gallery-thumbnail-box \" >\n\t\t\t\t        <div class=\"ngg-gallery-thumbnail\">\n            <a href=\"https:\/\/www.byter.de\/wordpress\/wp-content\/gallery\/slowenien-zelske-jama\/zelske_bootuebersetzen_900.jpg\"\n               title=\"\u00dcberquerung des rei\u00dfenden Flusses\"\n               data-src=\"https:\/\/www.byter.de\/wordpress\/wp-content\/gallery\/slowenien-zelske-jama\/zelske_bootuebersetzen_900.jpg\"\n               data-thumbnail=\"https:\/\/www.byter.de\/wordpress\/wp-content\/gallery\/slowenien-zelske-jama\/thumbs\/thumbs_zelske_bootuebersetzen_900.jpg\"\n               data-image-id=\"643\"\n               data-title=\"zelske_bootuebersetzen_900\"\n               data-description=\"\u00dcberquerung des rei\u00dfenden Flusses\"\n               data-image-slug=\"zelske_bootuebersetzen_900\"\n               class=\"ngg-fancybox\" rel=\"0675379104e1bdab5452c85f6d44c0df\">\n                <img\n                    title=\"zelske_bootuebersetzen_900\"\n                    alt=\"zelske_bootuebersetzen_900\"\n                    src=\"https:\/\/www.byter.de\/wordpress\/wp-content\/gallery\/slowenien-zelske-jama\/thumbs\/thumbs_zelske_bootuebersetzen_900.jpg\"\n                    width=\"100\"\n                    height=\"75\"\n                    style=\"max-width:100%;\"\n                \/>\n            <\/a>\n        <\/div>\n\t\t\t\t\t\t\t<\/div> \n\t\t\t\n\t\t\t\t<div id=\"ngg-image-7\" class=\"ngg-gallery-thumbnail-box \" >\n\t\t\t\t        <div class=\"ngg-gallery-thumbnail\">\n            <a href=\"https:\/\/www.byter.de\/wordpress\/wp-content\/gallery\/slowenien-zelske-jama\/zelske_gruppenbild2_schlamm_900.jpg\"\n               title=\"Gruppenbild im Schlammbad :)\"\n               data-src=\"https:\/\/www.byter.de\/wordpress\/wp-content\/gallery\/slowenien-zelske-jama\/zelske_gruppenbild2_schlamm_900.jpg\"\n               data-thumbnail=\"https:\/\/www.byter.de\/wordpress\/wp-content\/gallery\/slowenien-zelske-jama\/thumbs\/thumbs_zelske_gruppenbild2_schlamm_900.jpg\"\n               data-image-id=\"644\"\n               data-title=\"zelske_gruppenbild2_schlamm_900\"\n               data-description=\"Gruppenbild im Schlammbad :)\"\n               data-image-slug=\"zelske_gruppenbild2_schlamm_900\"\n               class=\"ngg-fancybox\" rel=\"0675379104e1bdab5452c85f6d44c0df\">\n                <img\n                    title=\"zelske_gruppenbild2_schlamm_900\"\n                    alt=\"zelske_gruppenbild2_schlamm_900\"\n                    src=\"https:\/\/www.byter.de\/wordpress\/wp-content\/gallery\/slowenien-zelske-jama\/thumbs\/thumbs_zelske_gruppenbild2_schlamm_900.jpg\"\n                    width=\"100\"\n                    height=\"75\"\n                    style=\"max-width:100%;\"\n                \/>\n            <\/a>\n        <\/div>\n\t\t\t\t\t\t\t<\/div> \n\t\t\t\n\t\t\t\t<div id=\"ngg-image-8\" class=\"ngg-gallery-thumbnail-box \" >\n\t\t\t\t        <div class=\"ngg-gallery-thumbnail\">\n            <a href=\"https:\/\/www.byter.de\/wordpress\/wp-content\/gallery\/slowenien-zelske-jama\/zelske_gruppenbild1_1200.jpg\"\n               title=\"Gruppenbild am Ende des ersten trockenen Quergangs\"\n               data-src=\"https:\/\/www.byter.de\/wordpress\/wp-content\/gallery\/slowenien-zelske-jama\/zelske_gruppenbild1_1200.jpg\"\n               data-thumbnail=\"https:\/\/www.byter.de\/wordpress\/wp-content\/gallery\/slowenien-zelske-jama\/thumbs\/thumbs_zelske_gruppenbild1_1200.jpg\"\n               data-image-id=\"667\"\n               data-title=\"zelske_gruppenbild1_1200\"\n               data-description=\"Gruppenbild am Ende des ersten trockenen Quergangs\"\n               data-image-slug=\"zelske_gruppenbild1_1200\"\n               class=\"ngg-fancybox\" rel=\"0675379104e1bdab5452c85f6d44c0df\">\n                <img\n                    title=\"zelske_gruppenbild1_1200\"\n                    alt=\"zelske_gruppenbild1_1200\"\n                    src=\"https:\/\/www.byter.de\/wordpress\/wp-content\/gallery\/slowenien-zelske-jama\/thumbs\/thumbs_zelske_gruppenbild1_1200.jpg\"\n                    width=\"100\"\n                    height=\"75\"\n                    style=\"max-width:100%;\"\n                \/>\n            <\/a>\n        <\/div>\n\t\t\t\t\t\t\t<\/div> \n\t\t\t\n\t\n\t<br style=\"clear: both\" \/>\n\n\t\n\t\t<!-- Pagination -->\n\t<div class='ngg-clear'><\/div>\t<\/div>\n<\/p>\n<p><strong>Tag 2 &#8211; <del>Medvedjak<\/del> &#8211; Grotta del Paranco<\/strong><\/p>\n<p>F\u00fcr den zweiten Tag hatten wir uns die <em>Medvedjak<\/em> als tagesf\u00fcllendes Ziel herausgepickt. Nach einiger Suche fand sich auch tats\u00e4chlich ein der Beschreibung entsprechender Parkplatz und nach einem weiteren 1km Marsch in str\u00f6mendem Regen standen wir einige Zeit sp\u00e4ter tats\u00e4chlich vor einem tiefen Loch, das nach unserem Ziel aussah. Wenig sp\u00e4ter war das Seil eingebaut, die Vorhut verschwunden und einige Zeit sp\u00e4ter erschallte ein lapidares &#8222;das Seil reicht nicht&#8220; aus den Tiefen&#8230; Nat\u00fcrlich hatten wir ungef\u00e4hr 800m Seil in der Unterkunft, aber wozu mitnehmen, wenn die Beschreibung doch meint, dass 50m reichen? (&#8222;Hast Du noch ein Seil eingepackt?&#8220; &#8222;N\u00f6, ich dachte Du&#8230;&#8220;) Zwar hatten wir noch ein Handseil zur Verl\u00e4ngerung, aber das h\u00e4tte uns wenig sp\u00e4ter in der Medvedjak gefehlt &#8211; nunja&#8230;<\/p>\n<p>Wir entschlossen uns zu einer Plan\u00e4nderung &#8211; die Medvedjak wurde samt Seil auf den n\u00e4chsten Tag verschoben und wir besuchten stattdessen die <em>Grotta del Paranco<\/em> im nahen Italien (Triester Karst).\u00a0 Die Paranco weist zwar auch eine H\u00f6hendifferenz von 40m auf, l\u00e4sst sich aber komplett ohne Seil erklettern, ist leicht zu finden und eine wahre Augenweide. Fantastische Sinterformationen, gro\u00dfe Hallen und gigantische Tropfsteine erwarteten uns &#8211; ein Paradies f\u00fcr die Kamera, die zum ersten Mal hei\u00df laufen durfte \ud83d\ude09<\/p>\n<h3 style=\"text-align: center;\"><em>Bildergallerie Grotta del Paranco &#8211; Mai 2013:<\/em><!-- default-view.php -->\n<div\n\tclass=\"ngg-galleryoverview default-view \"\n\tid=\"ngg-gallery-582b87b107f4b28a7cd411a6356bb857-1\">\n\n\t\t<!-- Thumbnails -->\n\t\t\t\t<div id=\"ngg-image-0\" class=\"ngg-gallery-thumbnail-box \" >\n\t\t\t\t        <div class=\"ngg-gallery-thumbnail\">\n            <a href=\"https:\/\/www.byter.de\/wordpress\/wp-content\/gallery\/grotta-del-paranco\/paranco_grhalle_1_1200.jpg\"\n               title=\"Die erste Halle der Paranco!\"\n               data-src=\"https:\/\/www.byter.de\/wordpress\/wp-content\/gallery\/grotta-del-paranco\/paranco_grhalle_1_1200.jpg\"\n               data-thumbnail=\"https:\/\/www.byter.de\/wordpress\/wp-content\/gallery\/grotta-del-paranco\/thumbs\/thumbs_paranco_grhalle_1_1200.jpg\"\n               data-image-id=\"652\"\n               data-title=\"paranco_grhalle_1_1200\"\n               data-description=\"Die erste Halle der Paranco!\"\n               data-image-slug=\"paranco_grhalle_1_1200\"\n               class=\"ngg-fancybox\" rel=\"582b87b107f4b28a7cd411a6356bb857\">\n                <img\n                    title=\"paranco_grhalle_1_1200\"\n                    alt=\"paranco_grhalle_1_1200\"\n                    src=\"https:\/\/www.byter.de\/wordpress\/wp-content\/gallery\/grotta-del-paranco\/thumbs\/thumbs_paranco_grhalle_1_1200.jpg\"\n                    width=\"100\"\n                    height=\"75\"\n                    style=\"max-width:100%;\"\n                \/>\n            <\/a>\n        <\/div>\n\t\t\t\t\t\t\t<\/div> \n\t\t\t\n\t\t\t\t<div id=\"ngg-image-1\" class=\"ngg-gallery-thumbnail-box \" >\n\t\t\t\t        <div class=\"ngg-gallery-thumbnail\">\n            <a href=\"https:\/\/www.byter.de\/wordpress\/wp-content\/gallery\/grotta-del-paranco\/paranco_halle1_1_1200.jpg\"\n               title=\"Entspanntes Pausieren - und Staunen!\"\n               data-src=\"https:\/\/www.byter.de\/wordpress\/wp-content\/gallery\/grotta-del-paranco\/paranco_halle1_1_1200.jpg\"\n               data-thumbnail=\"https:\/\/www.byter.de\/wordpress\/wp-content\/gallery\/grotta-del-paranco\/thumbs\/thumbs_paranco_halle1_1_1200.jpg\"\n               data-image-id=\"647\"\n               data-title=\"paranco_halle1_1_1200\"\n               data-description=\"Entspanntes Pausieren - und Staunen!\"\n               data-image-slug=\"paranco_halle1_1_1200\"\n               class=\"ngg-fancybox\" rel=\"582b87b107f4b28a7cd411a6356bb857\">\n                <img\n                    title=\"paranco_halle1_1_1200\"\n                    alt=\"paranco_halle1_1_1200\"\n                    src=\"https:\/\/www.byter.de\/wordpress\/wp-content\/gallery\/grotta-del-paranco\/thumbs\/thumbs_paranco_halle1_1_1200.jpg\"\n                    width=\"100\"\n                    height=\"75\"\n                    style=\"max-width:100%;\"\n                \/>\n            <\/a>\n        <\/div>\n\t\t\t\t\t\t\t<\/div> \n\t\t\t\n\t\t\t\t<div id=\"ngg-image-2\" class=\"ngg-gallery-thumbnail-box \" >\n\t\t\t\t        <div class=\"ngg-gallery-thumbnail\">\n            <a href=\"https:\/\/www.byter.de\/wordpress\/wp-content\/gallery\/grotta-del-paranco\/paranco_grtropfst_1_1000h.jpg\"\n               title=\"Gro\u00dfer Stalagnat in der gro\u00dfen Halle...\"\n               data-src=\"https:\/\/www.byter.de\/wordpress\/wp-content\/gallery\/grotta-del-paranco\/paranco_grtropfst_1_1000h.jpg\"\n               data-thumbnail=\"https:\/\/www.byter.de\/wordpress\/wp-content\/gallery\/grotta-del-paranco\/thumbs\/thumbs_paranco_grtropfst_1_1000h.jpg\"\n               data-image-id=\"645\"\n               data-title=\"paranco_grtropfst_1_1000h\"\n               data-description=\"Gro\u00dfer Stalagnat in der gro\u00dfen Halle...\"\n               data-image-slug=\"paranco_grtropfst_1_1000h\"\n               class=\"ngg-fancybox\" rel=\"582b87b107f4b28a7cd411a6356bb857\">\n                <img\n                    title=\"paranco_grtropfst_1_1000h\"\n                    alt=\"paranco_grtropfst_1_1000h\"\n                    src=\"https:\/\/www.byter.de\/wordpress\/wp-content\/gallery\/grotta-del-paranco\/thumbs\/thumbs_paranco_grtropfst_1_1000h.jpg\"\n                    width=\"100\"\n                    height=\"75\"\n                    style=\"max-width:100%;\"\n                \/>\n            <\/a>\n        <\/div>\n\t\t\t\t\t\t\t<\/div> \n\t\t\t\n\t\t\t\t<div id=\"ngg-image-3\" class=\"ngg-gallery-thumbnail-box \" >\n\t\t\t\t        <div class=\"ngg-gallery-thumbnail\">\n            <a href=\"https:\/\/www.byter.de\/wordpress\/wp-content\/gallery\/grotta-del-paranco\/paranco_grtropfst_2_1200.jpg\"\n               title=\"Stalagnat II\"\n               data-src=\"https:\/\/www.byter.de\/wordpress\/wp-content\/gallery\/grotta-del-paranco\/paranco_grtropfst_2_1200.jpg\"\n               data-thumbnail=\"https:\/\/www.byter.de\/wordpress\/wp-content\/gallery\/grotta-del-paranco\/thumbs\/thumbs_paranco_grtropfst_2_1200.jpg\"\n               data-image-id=\"659\"\n               data-title=\"paranco_grtropfst_2_1200\"\n               data-description=\"Stalagnat II\"\n               data-image-slug=\"paranco_grtropfst_2_1200\"\n               class=\"ngg-fancybox\" rel=\"582b87b107f4b28a7cd411a6356bb857\">\n                <img\n                    title=\"paranco_grtropfst_2_1200\"\n                    alt=\"paranco_grtropfst_2_1200\"\n                    src=\"https:\/\/www.byter.de\/wordpress\/wp-content\/gallery\/grotta-del-paranco\/thumbs\/thumbs_paranco_grtropfst_2_1200.jpg\"\n                    width=\"100\"\n                    height=\"75\"\n                    style=\"max-width:100%;\"\n                \/>\n            <\/a>\n        <\/div>\n\t\t\t\t\t\t\t<\/div> \n\t\t\t\n\t\t\t\t<div id=\"ngg-image-4\" class=\"ngg-gallery-thumbnail-box \" >\n\t\t\t\t        <div class=\"ngg-gallery-thumbnail\">\n            <a href=\"https:\/\/www.byter.de\/wordpress\/wp-content\/gallery\/grotta-del-paranco\/paranco_halle1_2_1200.jpg\"\n               title=\"Zweite Halle\"\n               data-src=\"https:\/\/www.byter.de\/wordpress\/wp-content\/gallery\/grotta-del-paranco\/paranco_halle1_2_1200.jpg\"\n               data-thumbnail=\"https:\/\/www.byter.de\/wordpress\/wp-content\/gallery\/grotta-del-paranco\/thumbs\/thumbs_paranco_halle1_2_1200.jpg\"\n               data-image-id=\"649\"\n               data-title=\"paranco_halle1_2_1200\"\n               data-description=\"Zweite Halle\"\n               data-image-slug=\"paranco_halle1_2_1200\"\n               class=\"ngg-fancybox\" rel=\"582b87b107f4b28a7cd411a6356bb857\">\n                <img\n                    title=\"paranco_halle1_2_1200\"\n                    alt=\"paranco_halle1_2_1200\"\n                    src=\"https:\/\/www.byter.de\/wordpress\/wp-content\/gallery\/grotta-del-paranco\/thumbs\/thumbs_paranco_halle1_2_1200.jpg\"\n                    width=\"100\"\n                    height=\"75\"\n                    style=\"max-width:100%;\"\n                \/>\n            <\/a>\n        <\/div>\n\t\t\t\t\t\t\t<\/div> \n\t\t\t\n\t\t\t\t<div id=\"ngg-image-5\" class=\"ngg-gallery-thumbnail-box \" >\n\t\t\t\t        <div class=\"ngg-gallery-thumbnail\">\n            <a href=\"https:\/\/www.byter.de\/wordpress\/wp-content\/gallery\/grotta-del-paranco\/paranco_tropfsteine_1_1200.jpg\"\n               title=\"Tropfsteinformationen...\"\n               data-src=\"https:\/\/www.byter.de\/wordpress\/wp-content\/gallery\/grotta-del-paranco\/paranco_tropfsteine_1_1200.jpg\"\n               data-thumbnail=\"https:\/\/www.byter.de\/wordpress\/wp-content\/gallery\/grotta-del-paranco\/thumbs\/thumbs_paranco_tropfsteine_1_1200.jpg\"\n               data-image-id=\"653\"\n               data-title=\"paranco_tropfsteine_1_1200\"\n               data-description=\"Tropfsteinformationen...\"\n               data-image-slug=\"paranco_tropfsteine_1_1200\"\n               class=\"ngg-fancybox\" rel=\"582b87b107f4b28a7cd411a6356bb857\">\n                <img\n                    title=\"paranco_tropfsteine_1_1200\"\n                    alt=\"paranco_tropfsteine_1_1200\"\n                    src=\"https:\/\/www.byter.de\/wordpress\/wp-content\/gallery\/grotta-del-paranco\/thumbs\/thumbs_paranco_tropfsteine_1_1200.jpg\"\n                    width=\"100\"\n                    height=\"75\"\n                    style=\"max-width:100%;\"\n                \/>\n            <\/a>\n        <\/div>\n\t\t\t\t\t\t\t<\/div> \n\t\t\t\n\t\t\t\t<div id=\"ngg-image-6\" class=\"ngg-gallery-thumbnail-box \" >\n\t\t\t\t        <div class=\"ngg-gallery-thumbnail\">\n            <a href=\"https:\/\/www.byter.de\/wordpress\/wp-content\/gallery\/grotta-del-paranco\/paranco_tropfsteine_2_1200.jpg\"\n               title=\"Noch mehr Tropfsteinformationen...\"\n               data-src=\"https:\/\/www.byter.de\/wordpress\/wp-content\/gallery\/grotta-del-paranco\/paranco_tropfsteine_2_1200.jpg\"\n               data-thumbnail=\"https:\/\/www.byter.de\/wordpress\/wp-content\/gallery\/grotta-del-paranco\/thumbs\/thumbs_paranco_tropfsteine_2_1200.jpg\"\n               data-image-id=\"655\"\n               data-title=\"paranco_tropfsteine_2_1200\"\n               data-description=\"Noch mehr Tropfsteinformationen...\"\n               data-image-slug=\"paranco_tropfsteine_2_1200\"\n               class=\"ngg-fancybox\" rel=\"582b87b107f4b28a7cd411a6356bb857\">\n                <img\n                    title=\"paranco_tropfsteine_2_1200\"\n                    alt=\"paranco_tropfsteine_2_1200\"\n                    src=\"https:\/\/www.byter.de\/wordpress\/wp-content\/gallery\/grotta-del-paranco\/thumbs\/thumbs_paranco_tropfsteine_2_1200.jpg\"\n                    width=\"100\"\n                    height=\"75\"\n                    style=\"max-width:100%;\"\n                \/>\n            <\/a>\n        <\/div>\n\t\t\t\t\t\t\t<\/div> \n\t\t\t\n\t\t\t\t<div id=\"ngg-image-7\" class=\"ngg-gallery-thumbnail-box \" >\n\t\t\t\t        <div class=\"ngg-gallery-thumbnail\">\n            <a href=\"https:\/\/www.byter.de\/wordpress\/wp-content\/gallery\/grotta-del-paranco\/paranco_halle3_1_1000h.jpg\"\n               title=\"Kurz vorm Ende eine weitere Halle - und Jens posiert :)\"\n               data-src=\"https:\/\/www.byter.de\/wordpress\/wp-content\/gallery\/grotta-del-paranco\/paranco_halle3_1_1000h.jpg\"\n               data-thumbnail=\"https:\/\/www.byter.de\/wordpress\/wp-content\/gallery\/grotta-del-paranco\/thumbs\/thumbs_paranco_halle3_1_1000h.jpg\"\n               data-image-id=\"654\"\n               data-title=\"paranco_halle3_1_1000h\"\n               data-description=\"Kurz vorm Ende eine weitere Halle - und Jens posiert :)\"\n               data-image-slug=\"paranco_halle3_1_1000h\"\n               class=\"ngg-fancybox\" rel=\"582b87b107f4b28a7cd411a6356bb857\">\n                <img\n                    title=\"paranco_halle3_1_1000h\"\n                    alt=\"paranco_halle3_1_1000h\"\n                    src=\"https:\/\/www.byter.de\/wordpress\/wp-content\/gallery\/grotta-del-paranco\/thumbs\/thumbs_paranco_halle3_1_1000h.jpg\"\n                    width=\"100\"\n                    height=\"75\"\n                    style=\"max-width:100%;\"\n                \/>\n            <\/a>\n        <\/div>\n\t\t\t\t\t\t\t<\/div> \n\t\t\t\n\t\t\t\t<div id=\"ngg-image-8\" class=\"ngg-gallery-thumbnail-box \" >\n\t\t\t\t        <div class=\"ngg-gallery-thumbnail\">\n            <a href=\"https:\/\/www.byter.de\/wordpress\/wp-content\/gallery\/grotta-del-paranco\/paranco_grhalle_2_1000h.jpg\"\n               title=\"In der gro\u00dfen Halle\"\n               data-src=\"https:\/\/www.byter.de\/wordpress\/wp-content\/gallery\/grotta-del-paranco\/paranco_grhalle_2_1000h.jpg\"\n               data-thumbnail=\"https:\/\/www.byter.de\/wordpress\/wp-content\/gallery\/grotta-del-paranco\/thumbs\/thumbs_paranco_grhalle_2_1000h.jpg\"\n               data-image-id=\"656\"\n               data-title=\"paranco_grhalle_2_1000h\"\n               data-description=\"In der gro\u00dfen Halle\"\n               data-image-slug=\"paranco_grhalle_2_1000h\"\n               class=\"ngg-fancybox\" rel=\"582b87b107f4b28a7cd411a6356bb857\">\n                <img\n                    title=\"paranco_grhalle_2_1000h\"\n                    alt=\"paranco_grhalle_2_1000h\"\n                    src=\"https:\/\/www.byter.de\/wordpress\/wp-content\/gallery\/grotta-del-paranco\/thumbs\/thumbs_paranco_grhalle_2_1000h.jpg\"\n                    width=\"100\"\n                    height=\"75\"\n                    style=\"max-width:100%;\"\n                \/>\n            <\/a>\n        <\/div>\n\t\t\t\t\t\t\t<\/div> \n\t\t\t\n\t\t\t\t<div id=\"ngg-image-9\" class=\"ngg-gallery-thumbnail-box \" >\n\t\t\t\t        <div class=\"ngg-gallery-thumbnail\">\n            <a href=\"https:\/\/www.byter.de\/wordpress\/wp-content\/gallery\/grotta-del-paranco\/paranco_halle1_3_1200.jpg\"\n               title=\"Andre staunt...\"\n               data-src=\"https:\/\/www.byter.de\/wordpress\/wp-content\/gallery\/grotta-del-paranco\/paranco_halle1_3_1200.jpg\"\n               data-thumbnail=\"https:\/\/www.byter.de\/wordpress\/wp-content\/gallery\/grotta-del-paranco\/thumbs\/thumbs_paranco_halle1_3_1200.jpg\"\n               data-image-id=\"651\"\n               data-title=\"paranco_halle1_3_1200\"\n               data-description=\"Andre staunt...\"\n               data-image-slug=\"paranco_halle1_3_1200\"\n               class=\"ngg-fancybox\" rel=\"582b87b107f4b28a7cd411a6356bb857\">\n                <img\n                    title=\"paranco_halle1_3_1200\"\n                    alt=\"paranco_halle1_3_1200\"\n                    src=\"https:\/\/www.byter.de\/wordpress\/wp-content\/gallery\/grotta-del-paranco\/thumbs\/thumbs_paranco_halle1_3_1200.jpg\"\n                    width=\"100\"\n                    height=\"75\"\n                    style=\"max-width:100%;\"\n                \/>\n            <\/a>\n        <\/div>\n\t\t\t\t\t\t\t<\/div> \n\t\t\t\n\t\t\t\t<div id=\"ngg-image-10\" class=\"ngg-gallery-thumbnail-box \" >\n\t\t\t\t        <div class=\"ngg-gallery-thumbnail\">\n            <a href=\"https:\/\/www.byter.de\/wordpress\/wp-content\/gallery\/grotta-del-paranco\/paranco_halle3_2_1000h.jpg\"\n               title=\"Grotta del Paranco\"\n               data-src=\"https:\/\/www.byter.de\/wordpress\/wp-content\/gallery\/grotta-del-paranco\/paranco_halle3_2_1000h.jpg\"\n               data-thumbnail=\"https:\/\/www.byter.de\/wordpress\/wp-content\/gallery\/grotta-del-paranco\/thumbs\/thumbs_paranco_halle3_2_1000h.jpg\"\n               data-image-id=\"658\"\n               data-title=\"paranco_halle3_2_1000h\"\n               data-description=\"Grotta del Paranco\"\n               data-image-slug=\"paranco_halle3_2_1000h\"\n               class=\"ngg-fancybox\" rel=\"582b87b107f4b28a7cd411a6356bb857\">\n                <img\n                    title=\"paranco_halle3_2_1000h\"\n                    alt=\"paranco_halle3_2_1000h\"\n                    src=\"https:\/\/www.byter.de\/wordpress\/wp-content\/gallery\/grotta-del-paranco\/thumbs\/thumbs_paranco_halle3_2_1000h.jpg\"\n                    width=\"100\"\n                    height=\"75\"\n                    style=\"max-width:100%;\"\n                \/>\n            <\/a>\n        <\/div>\n\t\t\t\t\t\t\t<\/div> \n\t\t\t\n\t\t\t\t<div id=\"ngg-image-11\" class=\"ngg-gallery-thumbnail-box \" >\n\t\t\t\t        <div class=\"ngg-gallery-thumbnail\">\n            <a href=\"https:\/\/www.byter.de\/wordpress\/wp-content\/gallery\/grotta-del-paranco\/paranco_gruppenbild1_1200.jpg\"\n               title=\"Gruppenbild in der Grotta del Paranco\"\n               data-src=\"https:\/\/www.byter.de\/wordpress\/wp-content\/gallery\/grotta-del-paranco\/paranco_gruppenbild1_1200.jpg\"\n               data-thumbnail=\"https:\/\/www.byter.de\/wordpress\/wp-content\/gallery\/grotta-del-paranco\/thumbs\/thumbs_paranco_gruppenbild1_1200.jpg\"\n               data-image-id=\"657\"\n               data-title=\"paranco_gruppenbild1_1200\"\n               data-description=\"Gruppenbild in der Grotta del Paranco\"\n               data-image-slug=\"paranco_gruppenbild1_1200\"\n               class=\"ngg-fancybox\" rel=\"582b87b107f4b28a7cd411a6356bb857\">\n                <img\n                    title=\"paranco_gruppenbild1_1200\"\n                    alt=\"paranco_gruppenbild1_1200\"\n                    src=\"https:\/\/www.byter.de\/wordpress\/wp-content\/gallery\/grotta-del-paranco\/thumbs\/thumbs_paranco_gruppenbild1_1200.jpg\"\n                    width=\"100\"\n                    height=\"75\"\n                    style=\"max-width:100%;\"\n                \/>\n            <\/a>\n        <\/div>\n\t\t\t\t\t\t\t<\/div> \n\t\t\t\n\t\n\t<br style=\"clear: both\" \/>\n\n\t\n\t\t<!-- Pagination -->\n\t<div class='ngg-clear'><\/div>\t<\/div>\n<\/h3>\n<p style=\"text-align: left;\">Mit weniger als 500m Gesamtl\u00e4nge ist die Grotta del Paranco zwar nicht sonderlich gro\u00df, aber wir verbrachten trotzdem knapp 3h mit Staunen und Fotografieren, bevor wir noch einen Abstecher nach Triest machten, um den Tag bei Pizza und Bier ausklingen zu lassen&#8230;<\/p>\n<p><strong>Tag 3 &#8211; Medvedjak<\/strong><\/p>\n<p>Am 3. Tag packten wir dann ein paar Meter mehr Seil ein \ud83d\ude09 und machten uns erneut auf zur Medvedjak.\u00a0 Am Vortag waren uns auf dem R\u00fcckweg noch weitere L\u00f6cher aufgefallen, die der Beschreibung des Einstiegs entsprachen und nur einige Dutzend Meter vom zuvor gefundenen Einstieg entfernt lagen&#8230; Die Recherche ergab, dass wir am Vortag tats\u00e4chlich wohl das falsche Loch gew\u00e4hlt hatten. Zum einen aus Neugier, zum anderen um die Wartezeit zu verk\u00fcrzen teilten wir das Team auf und erkundeten gleich beide Hohlr\u00e4ume.<\/p>\n<div id=\"attachment_834\" style=\"width: 510px\" class=\"wp-caption aligncenter\"><img aria-describedby=\"caption-attachment-834\" decoding=\"async\" loading=\"lazy\" class=\"size-full wp-image-834\" src=\"https:\/\/www.byter.de\/wordpress\/wp-content\/uploads\/2013\/06\/Medvedjak_Abwaerts_500.jpg\" alt=\"Einstieg in die Medvedjak\" width=\"500\" height=\"405\" srcset=\"https:\/\/www.byter.de\/wordpress\/wp-content\/uploads\/2013\/06\/Medvedjak_Abwaerts_500.jpg 500w, https:\/\/www.byter.de\/wordpress\/wp-content\/uploads\/2013\/06\/Medvedjak_Abwaerts_500-300x243.jpg 300w\" sizes=\"(max-width: 500px) 100vw, 500px\" \/><p id=\"caption-attachment-834\" class=\"wp-caption-text\">Einstieg in die Medvedjak<\/p><\/div>\n<p>W\u00e4hrend sich der eine als 60m tiefe Sackgasse erwies, f\u00fchrte der andere Abstieg bereits nach 15m in die wahrlich beeindruckende erste Halle der Medvedjak, wo es nochmal etwa 35m freih\u00e4ngend in die Tiefe ging&#8230;\u00a0 Unser 50m Seil reichte nat\u00fcrlich wieder nicht und endete 3m \u00fcber dem H\u00f6hlenboden, aber diesmal gab es zum Gl\u00fcck genug Verl\u00e4ngerungen \ud83d\ude09<\/p>\n<p>Die Dimensionen in der H\u00f6hle waren gigantisch und erinnerten uns an die H\u00f6hlen S\u00fcdfrankreichs. 40-50m hohe Hallen mit riesigen Tropfsteinen und Sinterfahnen wohin man nur blickte&#8230;\u00a0 Vom Einstiegspunkt ging es in zwei Richtungen, wo wir zun\u00e4chst &#8222;bergauf&#8220; in einer kleinere Gallerie vordrangen, die uns zuvor als sch\u00f6nster Teil der H\u00f6hle beschrieben wurde &#8211; zu Recht. Aber auch der &#8222;untere&#8220;, deutlich gr\u00f6\u00dfere Teil der H\u00f6hle bot viel Abwechslung: Kletterpassagen, noch mehr gigantische Tropfsteine, einige lehmige Passagen und sogar eine Engstelle \ud83d\ude09<\/p>\n<div id=\"attachment_835\" style=\"width: 510px\" class=\"wp-caption aligncenter\"><img aria-describedby=\"caption-attachment-835\" decoding=\"async\" loading=\"lazy\" class=\"size-full wp-image-835\" src=\"https:\/\/www.byter.de\/wordpress\/wp-content\/uploads\/2013\/06\/Medvedjak_Engstelle_500.jpg\" alt=\"Markus in der Engstelle\" width=\"500\" height=\"366\" srcset=\"https:\/\/www.byter.de\/wordpress\/wp-content\/uploads\/2013\/06\/Medvedjak_Engstelle_500.jpg 500w, https:\/\/www.byter.de\/wordpress\/wp-content\/uploads\/2013\/06\/Medvedjak_Engstelle_500-300x219.jpg 300w\" sizes=\"(max-width: 500px) 100vw, 500px\" \/><p id=\"caption-attachment-835\" class=\"wp-caption-text\">Markus in der Engstelle<\/p><\/div>\n<p>Auch hier wurde ausgiebig geknipst, gestaunt und posiert, bevor es an zur\u00fcck an den Aufstieg ging&#8230; Vorher wurde nat\u00fcrlich ausgiebig fotografiert und es sind ein paar wie ich finde wirklich beeindruckende Bilder entstanden:<\/p>\n<h3 style=\"text-align: center;\"><em>Bildergallerie Medvedjak &#8211; Mai 2013:<\/em><!-- default-view.php -->\n<div\n\tclass=\"ngg-galleryoverview default-view \"\n\tid=\"ngg-gallery-603fd5af0511723d71a550481740ec90-1\">\n\n\t\t<!-- Thumbnails -->\n\t\t\t\t<div id=\"ngg-image-0\" class=\"ngg-gallery-thumbnail-box \" >\n\t\t\t\t        <div class=\"ngg-gallery-thumbnail\">\n            <a href=\"https:\/\/www.byter.de\/wordpress\/wp-content\/gallery\/medvedjak\/medvedjak_abseiler1_1000h.jpg\"\n               title=\"Abseilen in die gro\u00dfe Einstiegshalle (50m)\"\n               data-src=\"https:\/\/www.byter.de\/wordpress\/wp-content\/gallery\/medvedjak\/medvedjak_abseiler1_1000h.jpg\"\n               data-thumbnail=\"https:\/\/www.byter.de\/wordpress\/wp-content\/gallery\/medvedjak\/thumbs\/thumbs_medvedjak_abseiler1_1000h.jpg\"\n               data-image-id=\"660\"\n               data-title=\"medvedjak_abseiler1_1000h\"\n               data-description=\"Abseilen in die gro\u00dfe Einstiegshalle (50m)\"\n               data-image-slug=\"medvedjak_abseiler1_1000h\"\n               class=\"ngg-fancybox\" rel=\"603fd5af0511723d71a550481740ec90\">\n                <img\n                    title=\"medvedjak_abseiler1_1000h\"\n                    alt=\"medvedjak_abseiler1_1000h\"\n                    src=\"https:\/\/www.byter.de\/wordpress\/wp-content\/gallery\/medvedjak\/thumbs\/thumbs_medvedjak_abseiler1_1000h.jpg\"\n                    width=\"100\"\n                    height=\"75\"\n                    style=\"max-width:100%;\"\n                \/>\n            <\/a>\n        <\/div>\n\t\t\t\t\t\t\t<\/div> \n\t\t\t\n\t\t\t\t<div id=\"ngg-image-1\" class=\"ngg-gallery-thumbnail-box \" >\n\t\t\t\t        <div class=\"ngg-gallery-thumbnail\">\n            <a href=\"https:\/\/www.byter.de\/wordpress\/wp-content\/gallery\/medvedjak\/medvedjak_grhalle_2_1000h.jpg\"\n               title=\"Beeindruckend - die riesige Einstiegshalle\"\n               data-src=\"https:\/\/www.byter.de\/wordpress\/wp-content\/gallery\/medvedjak\/medvedjak_grhalle_2_1000h.jpg\"\n               data-thumbnail=\"https:\/\/www.byter.de\/wordpress\/wp-content\/gallery\/medvedjak\/thumbs\/thumbs_medvedjak_grhalle_2_1000h.jpg\"\n               data-image-id=\"662\"\n               data-title=\"medvedjak_grhalle_2_1000h\"\n               data-description=\"Beeindruckend - die riesige Einstiegshalle\"\n               data-image-slug=\"medvedjak_grhalle_2_1000h\"\n               class=\"ngg-fancybox\" rel=\"603fd5af0511723d71a550481740ec90\">\n                <img\n                    title=\"medvedjak_grhalle_2_1000h\"\n                    alt=\"medvedjak_grhalle_2_1000h\"\n                    src=\"https:\/\/www.byter.de\/wordpress\/wp-content\/gallery\/medvedjak\/thumbs\/thumbs_medvedjak_grhalle_2_1000h.jpg\"\n                    width=\"100\"\n                    height=\"75\"\n                    style=\"max-width:100%;\"\n                \/>\n            <\/a>\n        <\/div>\n\t\t\t\t\t\t\t<\/div> \n\t\t\t\n\t\t\t\t<div id=\"ngg-image-2\" class=\"ngg-gallery-thumbnail-box \" >\n\t\t\t\t        <div class=\"ngg-gallery-thumbnail\">\n            <a href=\"https:\/\/www.byter.de\/wordpress\/wp-content\/gallery\/medvedjak\/medvedjak_gallerieoben_1_1200.jpg\"\n               title=\"In der oberen Gallerie\"\n               data-src=\"https:\/\/www.byter.de\/wordpress\/wp-content\/gallery\/medvedjak\/medvedjak_gallerieoben_1_1200.jpg\"\n               data-thumbnail=\"https:\/\/www.byter.de\/wordpress\/wp-content\/gallery\/medvedjak\/thumbs\/thumbs_medvedjak_gallerieoben_1_1200.jpg\"\n               data-image-id=\"663\"\n               data-title=\"medvedjak_gallerieoben_1_1200\"\n               data-description=\"In der oberen Gallerie\"\n               data-image-slug=\"medvedjak_gallerieoben_1_1200\"\n               class=\"ngg-fancybox\" rel=\"603fd5af0511723d71a550481740ec90\">\n                <img\n                    title=\"medvedjak_gallerieoben_1_1200\"\n                    alt=\"medvedjak_gallerieoben_1_1200\"\n                    src=\"https:\/\/www.byter.de\/wordpress\/wp-content\/gallery\/medvedjak\/thumbs\/thumbs_medvedjak_gallerieoben_1_1200.jpg\"\n                    width=\"100\"\n                    height=\"75\"\n                    style=\"max-width:100%;\"\n                \/>\n            <\/a>\n        <\/div>\n\t\t\t\t\t\t\t<\/div> \n\t\t\t\n\t\t\t\t<div id=\"ngg-image-3\" class=\"ngg-gallery-thumbnail-box \" >\n\t\t\t\t        <div class=\"ngg-gallery-thumbnail\">\n            <a href=\"https:\/\/www.byter.de\/wordpress\/wp-content\/gallery\/medvedjak\/medvedjak_tropfstgallerie2_1200.jpg\"\n               title=\"Staunen - im \\&quot;unteren\\&quot; Teil der H\u00f6hle\"\n               data-src=\"https:\/\/www.byter.de\/wordpress\/wp-content\/gallery\/medvedjak\/medvedjak_tropfstgallerie2_1200.jpg\"\n               data-thumbnail=\"https:\/\/www.byter.de\/wordpress\/wp-content\/gallery\/medvedjak\/thumbs\/thumbs_medvedjak_tropfstgallerie2_1200.jpg\"\n               data-image-id=\"675\"\n               data-title=\"medvedjak_tropfstgallerie2_1200\"\n               data-description=\"Staunen - im &quot;unteren&quot; Teil der H\u00f6hle\"\n               data-image-slug=\"medvedjak_tropfstgallerie2_1200\"\n               class=\"ngg-fancybox\" rel=\"603fd5af0511723d71a550481740ec90\">\n                <img\n                    title=\"medvedjak_tropfstgallerie2_1200\"\n                    alt=\"medvedjak_tropfstgallerie2_1200\"\n                    src=\"https:\/\/www.byter.de\/wordpress\/wp-content\/gallery\/medvedjak\/thumbs\/thumbs_medvedjak_tropfstgallerie2_1200.jpg\"\n                    width=\"100\"\n                    height=\"75\"\n                    style=\"max-width:100%;\"\n                \/>\n            <\/a>\n        <\/div>\n\t\t\t\t\t\t\t<\/div> \n\t\t\t\n\t\t\t\t<div id=\"ngg-image-4\" class=\"ngg-gallery-thumbnail-box \" >\n\t\t\t\t        <div class=\"ngg-gallery-thumbnail\">\n            <a href=\"https:\/\/www.byter.de\/wordpress\/wp-content\/gallery\/medvedjak\/medvedjak_gallerieoben_2_1200.jpg\"\n               title=\"Tropfsteine in der oberen Gallerie\"\n               data-src=\"https:\/\/www.byter.de\/wordpress\/wp-content\/gallery\/medvedjak\/medvedjak_gallerieoben_2_1200.jpg\"\n               data-thumbnail=\"https:\/\/www.byter.de\/wordpress\/wp-content\/gallery\/medvedjak\/thumbs\/thumbs_medvedjak_gallerieoben_2_1200.jpg\"\n               data-image-id=\"664\"\n               data-title=\"medvedjak_gallerieoben_2_1200\"\n               data-description=\"Tropfsteine in der oberen Gallerie\"\n               data-image-slug=\"medvedjak_gallerieoben_2_1200\"\n               class=\"ngg-fancybox\" rel=\"603fd5af0511723d71a550481740ec90\">\n                <img\n                    title=\"medvedjak_gallerieoben_2_1200\"\n                    alt=\"medvedjak_gallerieoben_2_1200\"\n                    src=\"https:\/\/www.byter.de\/wordpress\/wp-content\/gallery\/medvedjak\/thumbs\/thumbs_medvedjak_gallerieoben_2_1200.jpg\"\n                    width=\"100\"\n                    height=\"75\"\n                    style=\"max-width:100%;\"\n                \/>\n            <\/a>\n        <\/div>\n\t\t\t\t\t\t\t<\/div> \n\t\t\t\n\t\t\t\t<div id=\"ngg-image-5\" class=\"ngg-gallery-thumbnail-box \" >\n\t\t\t\t        <div class=\"ngg-gallery-thumbnail\">\n            <a href=\"https:\/\/www.byter.de\/wordpress\/wp-content\/gallery\/medvedjak\/medvedjak_grhalle_1_1000h.jpg\"\n               title=\"Gigantische Dimensionen...\"\n               data-src=\"https:\/\/www.byter.de\/wordpress\/wp-content\/gallery\/medvedjak\/medvedjak_grhalle_1_1000h.jpg\"\n               data-thumbnail=\"https:\/\/www.byter.de\/wordpress\/wp-content\/gallery\/medvedjak\/thumbs\/thumbs_medvedjak_grhalle_1_1000h.jpg\"\n               data-image-id=\"661\"\n               data-title=\"medvedjak_grhalle_1_1000h\"\n               data-description=\"Gigantische Dimensionen...\"\n               data-image-slug=\"medvedjak_grhalle_1_1000h\"\n               class=\"ngg-fancybox\" rel=\"603fd5af0511723d71a550481740ec90\">\n                <img\n                    title=\"medvedjak_grhalle_1_1000h\"\n                    alt=\"medvedjak_grhalle_1_1000h\"\n                    src=\"https:\/\/www.byter.de\/wordpress\/wp-content\/gallery\/medvedjak\/thumbs\/thumbs_medvedjak_grhalle_1_1000h.jpg\"\n                    width=\"100\"\n                    height=\"75\"\n                    style=\"max-width:100%;\"\n                \/>\n            <\/a>\n        <\/div>\n\t\t\t\t\t\t\t<\/div> \n\t\t\t\n\t\t\t\t<div id=\"ngg-image-6\" class=\"ngg-gallery-thumbnail-box \" >\n\t\t\t\t        <div class=\"ngg-gallery-thumbnail\">\n            <a href=\"https:\/\/www.byter.de\/wordpress\/wp-content\/gallery\/medvedjak\/medvedjak_gallerieoben_3_1200.jpg\"\n               title=\"Noch mehr Tropfsteine...\"\n               data-src=\"https:\/\/www.byter.de\/wordpress\/wp-content\/gallery\/medvedjak\/medvedjak_gallerieoben_3_1200.jpg\"\n               data-thumbnail=\"https:\/\/www.byter.de\/wordpress\/wp-content\/gallery\/medvedjak\/thumbs\/thumbs_medvedjak_gallerieoben_3_1200.jpg\"\n               data-image-id=\"665\"\n               data-title=\"medvedjak_gallerieoben_3_1200\"\n               data-description=\"Noch mehr Tropfsteine...\"\n               data-image-slug=\"medvedjak_gallerieoben_3_1200\"\n               class=\"ngg-fancybox\" rel=\"603fd5af0511723d71a550481740ec90\">\n                <img\n                    title=\"medvedjak_gallerieoben_3_1200\"\n                    alt=\"medvedjak_gallerieoben_3_1200\"\n                    src=\"https:\/\/www.byter.de\/wordpress\/wp-content\/gallery\/medvedjak\/thumbs\/thumbs_medvedjak_gallerieoben_3_1200.jpg\"\n                    width=\"100\"\n                    height=\"75\"\n                    style=\"max-width:100%;\"\n                \/>\n            <\/a>\n        <\/div>\n\t\t\t\t\t\t\t<\/div> \n\t\t\t\n\t\t\t\t<div id=\"ngg-image-7\" class=\"ngg-gallery-thumbnail-box \" >\n\t\t\t\t        <div class=\"ngg-gallery-thumbnail\">\n            <a href=\"https:\/\/www.byter.de\/wordpress\/wp-content\/gallery\/medvedjak\/medvedjak_grhalle_3_1000h.jpg\"\n               title=\"Dimensionen - sucht den Markus... :)\"\n               data-src=\"https:\/\/www.byter.de\/wordpress\/wp-content\/gallery\/medvedjak\/medvedjak_grhalle_3_1000h.jpg\"\n               data-thumbnail=\"https:\/\/www.byter.de\/wordpress\/wp-content\/gallery\/medvedjak\/thumbs\/thumbs_medvedjak_grhalle_3_1000h.jpg\"\n               data-image-id=\"666\"\n               data-title=\"medvedjak_grhalle_3_1000h\"\n               data-description=\"Dimensionen - sucht den Markus... :)\"\n               data-image-slug=\"medvedjak_grhalle_3_1000h\"\n               class=\"ngg-fancybox\" rel=\"603fd5af0511723d71a550481740ec90\">\n                <img\n                    title=\"medvedjak_grhalle_3_1000h\"\n                    alt=\"medvedjak_grhalle_3_1000h\"\n                    src=\"https:\/\/www.byter.de\/wordpress\/wp-content\/gallery\/medvedjak\/thumbs\/thumbs_medvedjak_grhalle_3_1000h.jpg\"\n                    width=\"100\"\n                    height=\"75\"\n                    style=\"max-width:100%;\"\n                \/>\n            <\/a>\n        <\/div>\n\t\t\t\t\t\t\t<\/div> \n\t\t\t\n\t\t\t\t<div id=\"ngg-image-8\" class=\"ngg-gallery-thumbnail-box \" >\n\t\t\t\t        <div class=\"ngg-gallery-thumbnail\">\n            <a href=\"https:\/\/www.byter.de\/wordpress\/wp-content\/gallery\/medvedjak\/medvedjak_gallerieoben_4_1200.jpg\"\n               title=\"Oberhalb der gro\u00dfen Halle\"\n               data-src=\"https:\/\/www.byter.de\/wordpress\/wp-content\/gallery\/medvedjak\/medvedjak_gallerieoben_4_1200.jpg\"\n               data-thumbnail=\"https:\/\/www.byter.de\/wordpress\/wp-content\/gallery\/medvedjak\/thumbs\/thumbs_medvedjak_gallerieoben_4_1200.jpg\"\n               data-image-id=\"668\"\n               data-title=\"medvedjak_gallerieoben_4_1200\"\n               data-description=\"Oberhalb der gro\u00dfen Halle\"\n               data-image-slug=\"medvedjak_gallerieoben_4_1200\"\n               class=\"ngg-fancybox\" rel=\"603fd5af0511723d71a550481740ec90\">\n                <img\n                    title=\"medvedjak_gallerieoben_4_1200\"\n                    alt=\"medvedjak_gallerieoben_4_1200\"\n                    src=\"https:\/\/www.byter.de\/wordpress\/wp-content\/gallery\/medvedjak\/thumbs\/thumbs_medvedjak_gallerieoben_4_1200.jpg\"\n                    width=\"100\"\n                    height=\"75\"\n                    style=\"max-width:100%;\"\n                \/>\n            <\/a>\n        <\/div>\n\t\t\t\t\t\t\t<\/div> \n\t\t\t\n\t\t\t\t<div id=\"ngg-image-9\" class=\"ngg-gallery-thumbnail-box \" >\n\t\t\t\t        <div class=\"ngg-gallery-thumbnail\">\n            <a href=\"https:\/\/www.byter.de\/wordpress\/wp-content\/gallery\/medvedjak\/medvedjak_gallerieoben_5_1200.jpg\"\n               title=\"Schattenspiele...\"\n               data-src=\"https:\/\/www.byter.de\/wordpress\/wp-content\/gallery\/medvedjak\/medvedjak_gallerieoben_5_1200.jpg\"\n               data-thumbnail=\"https:\/\/www.byter.de\/wordpress\/wp-content\/gallery\/medvedjak\/thumbs\/thumbs_medvedjak_gallerieoben_5_1200.jpg\"\n               data-image-id=\"669\"\n               data-title=\"medvedjak_gallerieoben_5_1200\"\n               data-description=\"Schattenspiele...\"\n               data-image-slug=\"medvedjak_gallerieoben_5_1200\"\n               class=\"ngg-fancybox\" rel=\"603fd5af0511723d71a550481740ec90\">\n                <img\n                    title=\"medvedjak_gallerieoben_5_1200\"\n                    alt=\"medvedjak_gallerieoben_5_1200\"\n                    src=\"https:\/\/www.byter.de\/wordpress\/wp-content\/gallery\/medvedjak\/thumbs\/thumbs_medvedjak_gallerieoben_5_1200.jpg\"\n                    width=\"100\"\n                    height=\"75\"\n                    style=\"max-width:100%;\"\n                \/>\n            <\/a>\n        <\/div>\n\t\t\t\t\t\t\t<\/div> \n\t\t\t\n\t\t\t\t<div id=\"ngg-image-10\" class=\"ngg-gallery-thumbnail-box \" >\n\t\t\t\t        <div class=\"ngg-gallery-thumbnail\">\n            <a href=\"https:\/\/www.byter.de\/wordpress\/wp-content\/gallery\/medvedjak\/medvedjak_klhalle1_1200.jpg\"\n               title=\"Ausruhen und Innehalten...\"\n               data-src=\"https:\/\/www.byter.de\/wordpress\/wp-content\/gallery\/medvedjak\/medvedjak_klhalle1_1200.jpg\"\n               data-thumbnail=\"https:\/\/www.byter.de\/wordpress\/wp-content\/gallery\/medvedjak\/thumbs\/thumbs_medvedjak_klhalle1_1200.jpg\"\n               data-image-id=\"671\"\n               data-title=\"medvedjak_klhalle1_1200\"\n               data-description=\"Ausruhen und Innehalten...\"\n               data-image-slug=\"medvedjak_klhalle1_1200\"\n               class=\"ngg-fancybox\" rel=\"603fd5af0511723d71a550481740ec90\">\n                <img\n                    title=\"medvedjak_klhalle1_1200\"\n                    alt=\"medvedjak_klhalle1_1200\"\n                    src=\"https:\/\/www.byter.de\/wordpress\/wp-content\/gallery\/medvedjak\/thumbs\/thumbs_medvedjak_klhalle1_1200.jpg\"\n                    width=\"100\"\n                    height=\"75\"\n                    style=\"max-width:100%;\"\n                \/>\n            <\/a>\n        <\/div>\n\t\t\t\t\t\t\t<\/div> \n\t\t\t\n\t\t\t\t<div id=\"ngg-image-11\" class=\"ngg-gallery-thumbnail-box \" >\n\t\t\t\t        <div class=\"ngg-gallery-thumbnail\">\n            <a href=\"https:\/\/www.byter.de\/wordpress\/wp-content\/gallery\/medvedjak\/medvedjak_tropfsteinwasser_1000h.jpg\"\n               title=\"Tropfsteinformation im Wasser\"\n               data-src=\"https:\/\/www.byter.de\/wordpress\/wp-content\/gallery\/medvedjak\/medvedjak_tropfsteinwasser_1000h.jpg\"\n               data-thumbnail=\"https:\/\/www.byter.de\/wordpress\/wp-content\/gallery\/medvedjak\/thumbs\/thumbs_medvedjak_tropfsteinwasser_1000h.jpg\"\n               data-image-id=\"673\"\n               data-title=\"medvedjak_tropfsteinwasser_1000h\"\n               data-description=\"Tropfsteinformation im Wasser\"\n               data-image-slug=\"medvedjak_tropfsteinwasser_1000h\"\n               class=\"ngg-fancybox\" rel=\"603fd5af0511723d71a550481740ec90\">\n                <img\n                    title=\"medvedjak_tropfsteinwasser_1000h\"\n                    alt=\"medvedjak_tropfsteinwasser_1000h\"\n                    src=\"https:\/\/www.byter.de\/wordpress\/wp-content\/gallery\/medvedjak\/thumbs\/thumbs_medvedjak_tropfsteinwasser_1000h.jpg\"\n                    width=\"100\"\n                    height=\"75\"\n                    style=\"max-width:100%;\"\n                \/>\n            <\/a>\n        <\/div>\n\t\t\t\t\t\t\t<\/div> \n\t\t\t\n\t\t\t\t<div id=\"ngg-image-12\" class=\"ngg-gallery-thumbnail-box \" >\n\t\t\t\t        <div class=\"ngg-gallery-thumbnail\">\n            <a href=\"https:\/\/www.byter.de\/wordpress\/wp-content\/gallery\/medvedjak\/medvedjak_tropfstgallerie1_1200.jpg\"\n               title=\"Jens in der Tropfsteingallerie\"\n               data-src=\"https:\/\/www.byter.de\/wordpress\/wp-content\/gallery\/medvedjak\/medvedjak_tropfstgallerie1_1200.jpg\"\n               data-thumbnail=\"https:\/\/www.byter.de\/wordpress\/wp-content\/gallery\/medvedjak\/thumbs\/thumbs_medvedjak_tropfstgallerie1_1200.jpg\"\n               data-image-id=\"674\"\n               data-title=\"medvedjak_tropfstgallerie1_1200\"\n               data-description=\"Jens in der Tropfsteingallerie\"\n               data-image-slug=\"medvedjak_tropfstgallerie1_1200\"\n               class=\"ngg-fancybox\" rel=\"603fd5af0511723d71a550481740ec90\">\n                <img\n                    title=\"medvedjak_tropfstgallerie1_1200\"\n                    alt=\"medvedjak_tropfstgallerie1_1200\"\n                    src=\"https:\/\/www.byter.de\/wordpress\/wp-content\/gallery\/medvedjak\/thumbs\/thumbs_medvedjak_tropfstgallerie1_1200.jpg\"\n                    width=\"100\"\n                    height=\"75\"\n                    style=\"max-width:100%;\"\n                \/>\n            <\/a>\n        <\/div>\n\t\t\t\t\t\t\t<\/div> \n\t\t\t\n\t\t\t\t<div id=\"ngg-image-13\" class=\"ngg-gallery-thumbnail-box \" >\n\t\t\t\t        <div class=\"ngg-gallery-thumbnail\">\n            <a href=\"https:\/\/www.byter.de\/wordpress\/wp-content\/gallery\/medvedjak\/medvedjak_klhalle2_1200.jpg\"\n               title=\"Medvedjak\"\n               data-src=\"https:\/\/www.byter.de\/wordpress\/wp-content\/gallery\/medvedjak\/medvedjak_klhalle2_1200.jpg\"\n               data-thumbnail=\"https:\/\/www.byter.de\/wordpress\/wp-content\/gallery\/medvedjak\/thumbs\/thumbs_medvedjak_klhalle2_1200.jpg\"\n               data-image-id=\"672\"\n               data-title=\"medvedjak_klhalle2_1200\"\n               data-description=\"Medvedjak\"\n               data-image-slug=\"medvedjak_klhalle2_1200\"\n               class=\"ngg-fancybox\" rel=\"603fd5af0511723d71a550481740ec90\">\n                <img\n                    title=\"medvedjak_klhalle2_1200\"\n                    alt=\"medvedjak_klhalle2_1200\"\n                    src=\"https:\/\/www.byter.de\/wordpress\/wp-content\/gallery\/medvedjak\/thumbs\/thumbs_medvedjak_klhalle2_1200.jpg\"\n                    width=\"100\"\n                    height=\"75\"\n                    style=\"max-width:100%;\"\n                \/>\n            <\/a>\n        <\/div>\n\t\t\t\t\t\t\t<\/div> \n\t\t\t\n\t\t\t\t<div id=\"ngg-image-14\" class=\"ngg-gallery-thumbnail-box \" >\n\t\t\t\t        <div class=\"ngg-gallery-thumbnail\">\n            <a href=\"https:\/\/www.byter.de\/wordpress\/wp-content\/gallery\/medvedjak\/medvedjak_gruppenbild1_1200.jpg\"\n               title=\"Gruppenbild :)\"\n               data-src=\"https:\/\/www.byter.de\/wordpress\/wp-content\/gallery\/medvedjak\/medvedjak_gruppenbild1_1200.jpg\"\n               data-thumbnail=\"https:\/\/www.byter.de\/wordpress\/wp-content\/gallery\/medvedjak\/thumbs\/thumbs_medvedjak_gruppenbild1_1200.jpg\"\n               data-image-id=\"670\"\n               data-title=\"medvedjak_gruppenbild1_1200\"\n               data-description=\"Gruppenbild :)\"\n               data-image-slug=\"medvedjak_gruppenbild1_1200\"\n               class=\"ngg-fancybox\" rel=\"603fd5af0511723d71a550481740ec90\">\n                <img\n                    title=\"medvedjak_gruppenbild1_1200\"\n                    alt=\"medvedjak_gruppenbild1_1200\"\n                    src=\"https:\/\/www.byter.de\/wordpress\/wp-content\/gallery\/medvedjak\/thumbs\/thumbs_medvedjak_gruppenbild1_1200.jpg\"\n                    width=\"100\"\n                    height=\"75\"\n                    style=\"max-width:100%;\"\n                \/>\n            <\/a>\n        <\/div>\n\t\t\t\t\t\t\t<\/div> \n\t\t\t\n\t\n\t<br style=\"clear: both\" \/>\n\n\t\n\t\t<!-- Pagination -->\n\t<div class='ngg-clear'><\/div>\t<\/div>\n<\/h3>\n<p>Mittlerweile war auch der zweite Teil des Teams unten angekomen, der zuvor die benachbarte Doline erkundet und gleich mit frischen Spits best\u00fcckt hatte. Aufgrund der fortgeschrittenen Zeit verzichteten wir aber darauf, dort noch abzusteigen und sorgten stattdessen f\u00fcr kaltes Bier und hei\u00dfe Steaks \ud83d\ude09<\/p>\n<p>Am n\u00e4chsten Tag sollte der sportlichste Teil der Tour folgen &#8211; eine Befahrung der <em>Jama pri Sv. Treh Kraljih<\/em>&#8230;<\/p>\n<p style=\"text-align: center;\"><em>Hier geht es weiter zum <a href=\"https:\/\/www.byter.de\/wordpress\/?page_id=875\">2. Teil des Tourberichts<\/a>.<br \/>\n<\/em><\/p>\n<p><em>Weitere Bilder werden nach und nach noch erg\u00e4nzt&#8230;<\/em><\/p>\n<p>&nbsp;<\/p>\n","protected":false},"excerpt":{"rendered":"<p>eXentriX Tour 2013 &#8211; Slowenien Tourbericht, Teil 1 Fast schon zur Tradition geworden ist die j\u00e4hrliche H\u00f6hlentour zu Pfingsten &#8211; und so ging es auch in diesem Jahr wieder unter die Erde, diesmal ins ferne Slowenien (kombiniert mit ein wenig &hellip; <a href=\"https:\/\/www.byter.de\/wordpress\/?page_id=818\">Weiterlesen <span class=\"meta-nav\">&rarr;<\/span><\/a><\/p>\n","protected":false},"author":1,"featured_media":843,"parent":644,"menu_order":18,"comment_status":"open","ping_status":"open","template":"","meta":{"ngg_post_thumbnail":0},"_links":{"self":[{"href":"https:\/\/www.byter.de\/wordpress\/index.php?rest_route=\/wp\/v2\/pages\/818"}],"collection":[{"href":"https:\/\/www.byter.de\/wordpress\/index.php?rest_route=\/wp\/v2\/pages"}],"about":[{"href":"https:\/\/www.byter.de\/wordpress\/index.php?rest_route=\/wp\/v2\/types\/page"}],"author":[{"embeddable":true,"href":"https:\/\/www.byter.de\/wordpress\/index.php?rest_route=\/wp\/v2\/users\/1"}],"replies":[{"embeddable":true,"href":"https:\/\/www.byter.de\/wordpress\/index.php?rest_route=%2Fwp%2Fv2%2Fcomments&post=818"}],"version-history":[{"count":42,"href":"https:\/\/www.byter.de\/wordpress\/index.php?rest_route=\/wp\/v2\/pages\/818\/revisions"}],"predecessor-version":[{"id":1222,"href":"https:\/\/www.byter.de\/wordpress\/index.php?rest_route=\/wp\/v2\/pages\/818\/revisions\/1222"}],"up":[{"embeddable":true,"href":"https:\/\/www.byter.de\/wordpress\/index.php?rest_route=\/wp\/v2\/pages\/644"}],"wp:featuredmedia":[{"embeddable":true,"href":"https:\/\/www.byter.de\/wordpress\/index.php?rest_route=\/wp\/v2\/media\/843"}],"wp:attachment":[{"href":"https:\/\/www.byter.de\/wordpress\/index.php?rest_route=%2Fwp%2Fv2%2Fmedia&parent=818"}],"curies":[{"name":"wp","href":"https:\/\/api.w.org\/{rel}","templated":true}]}}