{"id":875,"date":"2013-06-14T14:23:36","date_gmt":"2013-06-14T13:23:36","guid":{"rendered":"http:\/\/www.byter.de\/wordpress\/?page_id=875"},"modified":"2015-04-06T19:28:47","modified_gmt":"2015-04-06T18:28:47","slug":"slowenien-jama-pri-sv-treh-kraljih-markov-spodmol-skocjanske-jame","status":"publish","type":"page","link":"https:\/\/www.byter.de\/wordpress\/?page_id=875","title":{"rendered":"Slowenien 2013 &#8211; Jama pri Sv. Treh Kraljih, Markov Spodmol, Skocjanske Jame"},"content":{"rendered":"<p><a href=\"https:\/\/www.byter.de\/wordpress\/wp-content\/uploads\/2013\/06\/Spodmol_600.jpg\"><img decoding=\"async\" loading=\"lazy\" class=\"size-full wp-image-874 aligncenter\" src=\"https:\/\/www.byter.de\/wordpress\/wp-content\/uploads\/2013\/06\/Spodmol_600.jpg\" alt=\"Spodmol_600\" width=\"600\" height=\"436\" srcset=\"https:\/\/www.byter.de\/wordpress\/wp-content\/uploads\/2013\/06\/Spodmol_600.jpg 600w, https:\/\/www.byter.de\/wordpress\/wp-content\/uploads\/2013\/06\/Spodmol_600-300x218.jpg 300w\" sizes=\"(max-width: 600px) 100vw, 600px\" \/><\/a><\/p>\n<h2 style=\"text-align: center;\">eXentriX Tour 2013 &#8211; Slowenien<\/h2>\n<p style=\"text-align: center;\"><strong><em>Tourbericht, Teil 2<\/em><\/strong><\/p>\n<p>Urspr\u00fcnglich stand f\u00fcr den Mittwoch eine Befahrung der <em>Kacna Jama<\/em> auf unserem Programm &#8211; mit mehr als 200m senkrechter Seilstrecke und gem\u00fctlichen 14 Umstiegsstellen im Einstiegsschacht. Nach den Erfahrungen der ersten Tage, der Tatsache, dass dort unten 14km G\u00e4nge auf Erkundung warten und nicht zuletzt auf Anraten von Ortskundigen haben wir dann aber doch eingesehen, dass die Aktion f\u00fcr einen Tag viel zu optimistisch geplant und einfach unrealistisch war. Das ganze wird nachgeholt, dann aber in einer Mehrtagestour im n\u00e4chsten Jahr \ud83d\ude09<\/p>\n<h3>Tag 4 &#8211; Jama pri Sv. Treh Kraljih<\/h3>\n<p>Stattdessen lud uns Peer, ein ortskundiger befreundeter H\u00f6hli aus \u00d6sterreich (der schon bei der Zelske Jama mit im Boot war ;)) ein, mit ihm die <em>Jama pri Sv. Treh Kraljih<\/em>, auch Dreik\u00f6nigsh\u00f6hle genannt, zu befahren. Das sollte ein recht sportliches Unterfangen werden, denn es handelt sich um eine Durchstiegsh\u00f6hle, die so ziemlich alles zu bieten hat: senkrechte Passagen am Seil, waagerechte Querungen, Canyons, Kletterstellen, Engstellen, gro\u00dfe Hallen&#8230; zudem ist die H\u00f6hle ein wahres Labyrinth, das sich \u00fcber mehrere Ebenen erstreckt.<\/p>\n<div id=\"attachment_900\" style=\"width: 510px\" class=\"wp-caption aligncenter\"><img aria-describedby=\"caption-attachment-900\" decoding=\"async\" loading=\"lazy\" class=\"size-full wp-image-900\" src=\"https:\/\/www.byter.de\/wordpress\/wp-content\/uploads\/2013\/06\/Jama_pri_500.jpg\" alt=\"Sportliche Herausforderungen...\" width=\"500\" height=\"388\" srcset=\"https:\/\/www.byter.de\/wordpress\/wp-content\/uploads\/2013\/06\/Jama_pri_500.jpg 500w, https:\/\/www.byter.de\/wordpress\/wp-content\/uploads\/2013\/06\/Jama_pri_500-300x232.jpg 300w\" sizes=\"(max-width: 500px) 100vw, 500px\" \/><p id=\"caption-attachment-900\" class=\"wp-caption-text\">Sportliche Herausforderungen&#8230;<\/p><\/div>\n<p>Etliche Fixseile sind bereits fest in der H\u00f6hle verbaut, aber auch ein 40m Seil wird ben\u00f6tigt und mehrfach unterwegs abgezogen und wieder mitgenommen &#8211; ohne jemanden, der sich hier auskennt oder verdammt gut klettert ein Unternehmen, was schnell schiefgehen kann.\u00a0\u00a0 Zum Gl\u00fcck hatten wir beides dabei ;), also stand einer Befahrung nichts im Wege&#8230;<\/p>\n<p>Die Befahrung war dann wie erwartet ziemlich anspruchsvoll und sportlich, aber auch sehr abwechslungsreich und hat mir super gefallen &#8211; ein wunderbarer Kontrast zum Wasserplanschen und Ab- und Aufseilen in gro\u00dfen Hallen :-). \u00a0 Die Spiegelreflex blieb allerdings in der Unterkunft, daher gibt\u00b4s nur ein paar Action-Fotos (vielen Dank an Andre und Kai f\u00fcr die Bereitstellung):<\/p>\n<p style=\"text-align: center;\"><!-- default-view.php -->\n<div\n\tclass=\"ngg-galleryoverview default-view \"\n\tid=\"ngg-gallery-290e252f7975a90c02b5d90a525bdb4a-1\">\n\n\t\t<!-- Thumbnails -->\n\t\t\t\t<div id=\"ngg-image-0\" class=\"ngg-gallery-thumbnail-box \" >\n\t\t\t\t        <div class=\"ngg-gallery-thumbnail\">\n            <a href=\"https:\/\/www.byter.de\/wordpress\/wp-content\/gallery\/slowenien-jama-pri-sv-treh-kraljih\/peer_einstieg_900.jpg\"\n               title=\"Schon der Einstiegsspalt ist sportlich...\"\n               data-src=\"https:\/\/www.byter.de\/wordpress\/wp-content\/gallery\/slowenien-jama-pri-sv-treh-kraljih\/peer_einstieg_900.jpg\"\n               data-thumbnail=\"https:\/\/www.byter.de\/wordpress\/wp-content\/gallery\/slowenien-jama-pri-sv-treh-kraljih\/thumbs\/thumbs_peer_einstieg_900.jpg\"\n               data-image-id=\"684\"\n               data-title=\"peer_einstieg_900\"\n               data-description=\"Schon der Einstiegsspalt ist sportlich...\"\n               data-image-slug=\"peer_einstieg_900\"\n               class=\"ngg-fancybox\" rel=\"290e252f7975a90c02b5d90a525bdb4a\">\n                <img\n                    title=\"peer_einstieg_900\"\n                    alt=\"peer_einstieg_900\"\n                    src=\"https:\/\/www.byter.de\/wordpress\/wp-content\/gallery\/slowenien-jama-pri-sv-treh-kraljih\/thumbs\/thumbs_peer_einstieg_900.jpg\"\n                    width=\"100\"\n                    height=\"75\"\n                    style=\"max-width:100%;\"\n                \/>\n            <\/a>\n        <\/div>\n\t\t\t\t\t\t\t<\/div> \n\t\t\t\n\t\t\t\t<div id=\"ngg-image-1\" class=\"ngg-gallery-thumbnail-box \" >\n\t\t\t\t        <div class=\"ngg-gallery-thumbnail\">\n            <a href=\"https:\/\/www.byter.de\/wordpress\/wp-content\/gallery\/slowenien-jama-pri-sv-treh-kraljih\/jens_vertikal_1000h.jpg\"\n               title=\"Jens Vertikal\"\n               data-src=\"https:\/\/www.byter.de\/wordpress\/wp-content\/gallery\/slowenien-jama-pri-sv-treh-kraljih\/jens_vertikal_1000h.jpg\"\n               data-thumbnail=\"https:\/\/www.byter.de\/wordpress\/wp-content\/gallery\/slowenien-jama-pri-sv-treh-kraljih\/thumbs\/thumbs_jens_vertikal_1000h.jpg\"\n               data-image-id=\"680\"\n               data-title=\"jens_vertikal_1000h\"\n               data-description=\"Jens Vertikal\"\n               data-image-slug=\"jens_vertikal_1000h\"\n               class=\"ngg-fancybox\" rel=\"290e252f7975a90c02b5d90a525bdb4a\">\n                <img\n                    title=\"jens_vertikal_1000h\"\n                    alt=\"jens_vertikal_1000h\"\n                    src=\"https:\/\/www.byter.de\/wordpress\/wp-content\/gallery\/slowenien-jama-pri-sv-treh-kraljih\/thumbs\/thumbs_jens_vertikal_1000h.jpg\"\n                    width=\"100\"\n                    height=\"75\"\n                    style=\"max-width:100%;\"\n                \/>\n            <\/a>\n        <\/div>\n\t\t\t\t\t\t\t<\/div> \n\t\t\t\n\t\t\t\t<div id=\"ngg-image-2\" class=\"ngg-gallery-thumbnail-box \" >\n\t\t\t\t        <div class=\"ngg-gallery-thumbnail\">\n            <a href=\"https:\/\/www.byter.de\/wordpress\/wp-content\/gallery\/slowenien-jama-pri-sv-treh-kraljih\/jens_action1_900.jpg\"\n               title=\"Klettern \u00fcber\u00b4m Abgrund\"\n               data-src=\"https:\/\/www.byter.de\/wordpress\/wp-content\/gallery\/slowenien-jama-pri-sv-treh-kraljih\/jens_action1_900.jpg\"\n               data-thumbnail=\"https:\/\/www.byter.de\/wordpress\/wp-content\/gallery\/slowenien-jama-pri-sv-treh-kraljih\/thumbs\/thumbs_jens_action1_900.jpg\"\n               data-image-id=\"678\"\n               data-title=\"jens_action1_900\"\n               data-description=\"Klettern \u00fcber\u00b4m Abgrund\"\n               data-image-slug=\"jens_action1_900\"\n               class=\"ngg-fancybox\" rel=\"290e252f7975a90c02b5d90a525bdb4a\">\n                <img\n                    title=\"jens_action1_900\"\n                    alt=\"jens_action1_900\"\n                    src=\"https:\/\/www.byter.de\/wordpress\/wp-content\/gallery\/slowenien-jama-pri-sv-treh-kraljih\/thumbs\/thumbs_jens_action1_900.jpg\"\n                    width=\"100\"\n                    height=\"75\"\n                    style=\"max-width:100%;\"\n                \/>\n            <\/a>\n        <\/div>\n\t\t\t\t\t\t\t<\/div> \n\t\t\t\n\t\t\t\t<div id=\"ngg-image-3\" class=\"ngg-gallery-thumbnail-box \" >\n\t\t\t\t        <div class=\"ngg-gallery-thumbnail\">\n            <a href=\"https:\/\/www.byter.de\/wordpress\/wp-content\/gallery\/slowenien-jama-pri-sv-treh-kraljih\/christian_action1_900.jpg\"\n               title=\"Christian h\u00e4ngt ab...\"\n               data-src=\"https:\/\/www.byter.de\/wordpress\/wp-content\/gallery\/slowenien-jama-pri-sv-treh-kraljih\/christian_action1_900.jpg\"\n               data-thumbnail=\"https:\/\/www.byter.de\/wordpress\/wp-content\/gallery\/slowenien-jama-pri-sv-treh-kraljih\/thumbs\/thumbs_christian_action1_900.jpg\"\n               data-image-id=\"677\"\n               data-title=\"christian_action1_900\"\n               data-description=\"Christian h\u00e4ngt ab...\"\n               data-image-slug=\"christian_action1_900\"\n               class=\"ngg-fancybox\" rel=\"290e252f7975a90c02b5d90a525bdb4a\">\n                <img\n                    title=\"christian_action1_900\"\n                    alt=\"christian_action1_900\"\n                    src=\"https:\/\/www.byter.de\/wordpress\/wp-content\/gallery\/slowenien-jama-pri-sv-treh-kraljih\/thumbs\/thumbs_christian_action1_900.jpg\"\n                    width=\"100\"\n                    height=\"75\"\n                    style=\"max-width:100%;\"\n                \/>\n            <\/a>\n        <\/div>\n\t\t\t\t\t\t\t<\/div> \n\t\t\t\n\t\t\t\t<div id=\"ngg-image-4\" class=\"ngg-gallery-thumbnail-box \" >\n\t\t\t\t        <div class=\"ngg-gallery-thumbnail\">\n            <a href=\"https:\/\/www.byter.de\/wordpress\/wp-content\/gallery\/slowenien-jama-pri-sv-treh-kraljih\/maik_action1_900.jpg\"\n               title=\"Maik in Action\"\n               data-src=\"https:\/\/www.byter.de\/wordpress\/wp-content\/gallery\/slowenien-jama-pri-sv-treh-kraljih\/maik_action1_900.jpg\"\n               data-thumbnail=\"https:\/\/www.byter.de\/wordpress\/wp-content\/gallery\/slowenien-jama-pri-sv-treh-kraljih\/thumbs\/thumbs_maik_action1_900.jpg\"\n               data-image-id=\"681\"\n               data-title=\"maik_action1_900\"\n               data-description=\"Maik in Action\"\n               data-image-slug=\"maik_action1_900\"\n               class=\"ngg-fancybox\" rel=\"290e252f7975a90c02b5d90a525bdb4a\">\n                <img\n                    title=\"maik_action1_900\"\n                    alt=\"maik_action1_900\"\n                    src=\"https:\/\/www.byter.de\/wordpress\/wp-content\/gallery\/slowenien-jama-pri-sv-treh-kraljih\/thumbs\/thumbs_maik_action1_900.jpg\"\n                    width=\"100\"\n                    height=\"75\"\n                    style=\"max-width:100%;\"\n                \/>\n            <\/a>\n        <\/div>\n\t\t\t\t\t\t\t<\/div> \n\t\t\t\n\t\t\t\t<div id=\"ngg-image-5\" class=\"ngg-gallery-thumbnail-box \" >\n\t\t\t\t        <div class=\"ngg-gallery-thumbnail\">\n            <a href=\"https:\/\/www.byter.de\/wordpress\/wp-content\/gallery\/slowenien-jama-pri-sv-treh-kraljih\/jens_action2_canyon_900.jpg\"\n               title=\"Jens wird beobachtet (Aliens?)\"\n               data-src=\"https:\/\/www.byter.de\/wordpress\/wp-content\/gallery\/slowenien-jama-pri-sv-treh-kraljih\/jens_action2_canyon_900.jpg\"\n               data-thumbnail=\"https:\/\/www.byter.de\/wordpress\/wp-content\/gallery\/slowenien-jama-pri-sv-treh-kraljih\/thumbs\/thumbs_jens_action2_canyon_900.jpg\"\n               data-image-id=\"679\"\n               data-title=\"jens_action2_canyon_900\"\n               data-description=\"Jens wird beobachtet (Aliens?)\"\n               data-image-slug=\"jens_action2_canyon_900\"\n               class=\"ngg-fancybox\" rel=\"290e252f7975a90c02b5d90a525bdb4a\">\n                <img\n                    title=\"jens_action2_canyon_900\"\n                    alt=\"jens_action2_canyon_900\"\n                    src=\"https:\/\/www.byter.de\/wordpress\/wp-content\/gallery\/slowenien-jama-pri-sv-treh-kraljih\/thumbs\/thumbs_jens_action2_canyon_900.jpg\"\n                    width=\"100\"\n                    height=\"75\"\n                    style=\"max-width:100%;\"\n                \/>\n            <\/a>\n        <\/div>\n\t\t\t\t\t\t\t<\/div> \n\t\t\t\n\t\t\t\t<div id=\"ngg-image-6\" class=\"ngg-gallery-thumbnail-box \" >\n\t\t\t\t        <div class=\"ngg-gallery-thumbnail\">\n            <a href=\"https:\/\/www.byter.de\/wordpress\/wp-content\/gallery\/slowenien-jama-pri-sv-treh-kraljih\/markus_action1_900.jpg\"\n               title=\"Markus in Action\"\n               data-src=\"https:\/\/www.byter.de\/wordpress\/wp-content\/gallery\/slowenien-jama-pri-sv-treh-kraljih\/markus_action1_900.jpg\"\n               data-thumbnail=\"https:\/\/www.byter.de\/wordpress\/wp-content\/gallery\/slowenien-jama-pri-sv-treh-kraljih\/thumbs\/thumbs_markus_action1_900.jpg\"\n               data-image-id=\"682\"\n               data-title=\"markus_action1_900\"\n               data-description=\"Markus in Action\"\n               data-image-slug=\"markus_action1_900\"\n               class=\"ngg-fancybox\" rel=\"290e252f7975a90c02b5d90a525bdb4a\">\n                <img\n                    title=\"markus_action1_900\"\n                    alt=\"markus_action1_900\"\n                    src=\"https:\/\/www.byter.de\/wordpress\/wp-content\/gallery\/slowenien-jama-pri-sv-treh-kraljih\/thumbs\/thumbs_markus_action1_900.jpg\"\n                    width=\"100\"\n                    height=\"75\"\n                    style=\"max-width:100%;\"\n                \/>\n            <\/a>\n        <\/div>\n\t\t\t\t\t\t\t<\/div> \n\t\t\t\n\t\t\t\t<div id=\"ngg-image-7\" class=\"ngg-gallery-thumbnail-box \" >\n\t\t\t\t        <div class=\"ngg-gallery-thumbnail\">\n            <a href=\"https:\/\/www.byter.de\/wordpress\/wp-content\/gallery\/slowenien-jama-pri-sv-treh-kraljih\/markus_action2_900.jpg\"\n               title=\"Klettersteigspa\u00df untertage...\"\n               data-src=\"https:\/\/www.byter.de\/wordpress\/wp-content\/gallery\/slowenien-jama-pri-sv-treh-kraljih\/markus_action2_900.jpg\"\n               data-thumbnail=\"https:\/\/www.byter.de\/wordpress\/wp-content\/gallery\/slowenien-jama-pri-sv-treh-kraljih\/thumbs\/thumbs_markus_action2_900.jpg\"\n               data-image-id=\"683\"\n               data-title=\"markus_action2_900\"\n               data-description=\"Klettersteigspa\u00df untertage...\"\n               data-image-slug=\"markus_action2_900\"\n               class=\"ngg-fancybox\" rel=\"290e252f7975a90c02b5d90a525bdb4a\">\n                <img\n                    title=\"markus_action2_900\"\n                    alt=\"markus_action2_900\"\n                    src=\"https:\/\/www.byter.de\/wordpress\/wp-content\/gallery\/slowenien-jama-pri-sv-treh-kraljih\/thumbs\/thumbs_markus_action2_900.jpg\"\n                    width=\"100\"\n                    height=\"75\"\n                    style=\"max-width:100%;\"\n                \/>\n            <\/a>\n        <\/div>\n\t\t\t\t\t\t\t<\/div> \n\t\t\t\n\t\t\t\t<div id=\"ngg-image-8\" class=\"ngg-gallery-thumbnail-box \" >\n\t\t\t\t        <div class=\"ngg-gallery-thumbnail\">\n            <a href=\"https:\/\/www.byter.de\/wordpress\/wp-content\/gallery\/slowenien-jama-pri-sv-treh-kraljih\/tropfsteine1_1000h.jpg\"\n               title=\"Aber sch\u00f6n war sie auch!\"\n               data-src=\"https:\/\/www.byter.de\/wordpress\/wp-content\/gallery\/slowenien-jama-pri-sv-treh-kraljih\/tropfsteine1_1000h.jpg\"\n               data-thumbnail=\"https:\/\/www.byter.de\/wordpress\/wp-content\/gallery\/slowenien-jama-pri-sv-treh-kraljih\/thumbs\/thumbs_tropfsteine1_1000h.jpg\"\n               data-image-id=\"685\"\n               data-title=\"tropfsteine1_1000h\"\n               data-description=\"Aber sch\u00f6n war sie auch!\"\n               data-image-slug=\"tropfsteine1_1000h\"\n               class=\"ngg-fancybox\" rel=\"290e252f7975a90c02b5d90a525bdb4a\">\n                <img\n                    title=\"tropfsteine1_1000h\"\n                    alt=\"tropfsteine1_1000h\"\n                    src=\"https:\/\/www.byter.de\/wordpress\/wp-content\/gallery\/slowenien-jama-pri-sv-treh-kraljih\/thumbs\/thumbs_tropfsteine1_1000h.jpg\"\n                    width=\"100\"\n                    height=\"75\"\n                    style=\"max-width:100%;\"\n                \/>\n            <\/a>\n        <\/div>\n\t\t\t\t\t\t\t<\/div> \n\t\t\t\n\t\n\t<br style=\"clear: both\" \/>\n\n\t\n\t\t<!-- Pagination -->\n\t<div class='ngg-clear'><\/div>\t<\/div>\n<\/p>\n<p style=\"text-align: left;\">Nach 5-6h waren wir wieder am Tageslicht angekommen und lie\u00dfen den Tag bei einem netten Essen (und Bier mit dem einladenden Namen &#8222;<a href=\"http:\/\/www.inyourpocket.com\/slovenia\/ljubljana\/Human-Fish-Brewery_71564f\" target=\"_blank\">Human Fish<\/a>&#8220; :)) im nahegelegenen Vrhnika ausklingen&#8230; Vielen Dank an Peer an dieser Stelle f\u00fcr die tolle &#8222;F\u00fchrung&#8220;!<\/p>\n<h4 style=\"text-align: right;\"><span style=\"color: #ffffff;\">.<\/span><\/h4>\n<h3>Tag 5 &#8211; Markov Spodmol<\/h3>\n<p>Der f\u00fcnfte Tag stand dann wieder im Zeichen des Wassermanns &#8211; die zweite wasserf\u00fchrende H\u00f6hle, die <em>Markov Spodmol<\/em>, stand auf der Agenda. Aber erstmal mussten wir dort hinkommen &#8211; was sich nur bewaffnet mit OSM-Karten und Stra\u00dfennavigationskarten als ziemlich schwierig herausstellte, denn alle eingezeichneten Stra\u00dfen h\u00f6rten ca. 3km vor den Koordinaten auf.\u00a0 Wir (=Team 2) testeten Feldwege, landeten in Sackgassen, auf Wiesen und in Bachbetten, nur nicht an der <em>Spodmol<\/em>.\u00a0 Team 1 war zwar mittlerweile dort angekommen, aber Handy-Empfang gab es dummerweise auch nicht :-).\u00a0\u00a0 Nach fast 2h Herumirren standen wir dann aber schlie\u00dflich doch allesamt am richtigen Parkplatz, auch wenn beide Autos bis dahin ein wenig gelitten hatten&#8230;<\/p>\n<p>Der niedrige Wasserstand an der Spodmol verspr\u00fchte Optimismus, wenn \u00fcberhaupt war nur ein kleines Rinnsal zu erkennen.\u00a0 Das Flussbett ist dort meist trocken, aber die noch recht frischen Spuren der Wassermassen, angeschwemmten Baumst\u00e4mme und \u00c4ste lie\u00dfen erahnen, dass das Wasser hier auch gerne mal ein gutes St\u00fcck h\u00f6her steht &#8211; und dass die letzte Flut noch nicht sonderlich lange her war. Bewaffnet mit Boot und Neopren ging es also los &#8211; und wir f\u00fchlten uns recht schnell ein wenig an die Falkensteiner H\u00f6hle erinnert.<\/p>\n<div id=\"attachment_901\" style=\"width: 510px\" class=\"wp-caption aligncenter\"><img aria-describedby=\"caption-attachment-901\" decoding=\"async\" loading=\"lazy\" class=\"size-full wp-image-901\" src=\"https:\/\/www.byter.de\/wordpress\/wp-content\/uploads\/2013\/06\/Spodmol_Gang500.jpg\" alt=\"Gang in der Markov Spodmol\" width=\"500\" height=\"484\" srcset=\"https:\/\/www.byter.de\/wordpress\/wp-content\/uploads\/2013\/06\/Spodmol_Gang500.jpg 500w, https:\/\/www.byter.de\/wordpress\/wp-content\/uploads\/2013\/06\/Spodmol_Gang500-300x290.jpg 300w\" sizes=\"(max-width: 500px) 100vw, 500px\" \/><p id=\"caption-attachment-901\" class=\"wp-caption-text\">Gang in der Markov Spodmol<\/p><\/div>\n<p>Auf etwa 600m L\u00e4nge erwarteten uns faszinierende, mit unz\u00e4hligen Flie\u00dffacetten geschm\u00fcckte G\u00e4nge, einige Seen, die es zu durchschwimmen galt und wie in slowenischen H\u00f6hlen \u00fcblich einige beeindruckende Tropfsteinformationen. Den letzten Teil der H\u00f6hle erreicht man nur mit Seilzeug (&lt;20m), er bietet aber noch einige wirklich lohnenswerte Eindr\u00fccke, bis schlie\u00dflich ein tiefer, mehrere hundert Meter langer Siphon den weiteren Weg versperrt.<br \/>\nInsgesamt eine \u00fcberschaubare, weniger anspruchsvolle Tour, aber daf\u00fcr gespickt mit einigen tollen Fotomotiven:<\/p>\n<h3 style=\"text-align: center;\"><em>Bildergallerie Markov Spodmol &#8211; Mai 2013:<\/em><!-- default-view.php -->\n<div\n\tclass=\"ngg-galleryoverview default-view \"\n\tid=\"ngg-gallery-e8d26b27ffc7dc8dea7e10c501bfc3f2-1\">\n\n\t\t<!-- Thumbnails -->\n\t\t\t\t<div id=\"ngg-image-0\" class=\"ngg-gallery-thumbnail-box \" >\n\t\t\t\t        <div class=\"ngg-gallery-thumbnail\">\n            <a href=\"https:\/\/www.byter.de\/wordpress\/wp-content\/gallery\/slowenien-markov-spodmol\/markus_boot2_1200.jpg\"\n               title=\"Captain Markus\"\n               data-src=\"https:\/\/www.byter.de\/wordpress\/wp-content\/gallery\/slowenien-markov-spodmol\/markus_boot2_1200.jpg\"\n               data-thumbnail=\"https:\/\/www.byter.de\/wordpress\/wp-content\/gallery\/slowenien-markov-spodmol\/thumbs\/thumbs_markus_boot2_1200.jpg\"\n               data-image-id=\"688\"\n               data-title=\"markus_boot2_1200\"\n               data-description=\"Captain Markus\"\n               data-image-slug=\"markus_boot2_1200\"\n               class=\"ngg-fancybox\" rel=\"e8d26b27ffc7dc8dea7e10c501bfc3f2\">\n                <img\n                    title=\"markus_boot2_1200\"\n                    alt=\"markus_boot2_1200\"\n                    src=\"https:\/\/www.byter.de\/wordpress\/wp-content\/gallery\/slowenien-markov-spodmol\/thumbs\/thumbs_markus_boot2_1200.jpg\"\n                    width=\"100\"\n                    height=\"75\"\n                    style=\"max-width:100%;\"\n                \/>\n            <\/a>\n        <\/div>\n\t\t\t\t\t\t\t<\/div> \n\t\t\t\n\t\t\t\t<div id=\"ngg-image-1\" class=\"ngg-gallery-thumbnail-box \" >\n\t\t\t\t        <div class=\"ngg-gallery-thumbnail\">\n            <a href=\"https:\/\/www.byter.de\/wordpress\/wp-content\/gallery\/slowenien-markov-spodmol\/wassergang1_1200.jpg\"\n               title=\"Im Wassergang\"\n               data-src=\"https:\/\/www.byter.de\/wordpress\/wp-content\/gallery\/slowenien-markov-spodmol\/wassergang1_1200.jpg\"\n               data-thumbnail=\"https:\/\/www.byter.de\/wordpress\/wp-content\/gallery\/slowenien-markov-spodmol\/thumbs\/thumbs_wassergang1_1200.jpg\"\n               data-image-id=\"691\"\n               data-title=\"wassergang1_1200\"\n               data-description=\"Im Wassergang\"\n               data-image-slug=\"wassergang1_1200\"\n               class=\"ngg-fancybox\" rel=\"e8d26b27ffc7dc8dea7e10c501bfc3f2\">\n                <img\n                    title=\"wassergang1_1200\"\n                    alt=\"wassergang1_1200\"\n                    src=\"https:\/\/www.byter.de\/wordpress\/wp-content\/gallery\/slowenien-markov-spodmol\/thumbs\/thumbs_wassergang1_1200.jpg\"\n                    width=\"100\"\n                    height=\"75\"\n                    style=\"max-width:100%;\"\n                \/>\n            <\/a>\n        <\/div>\n\t\t\t\t\t\t\t<\/div> \n\t\t\t\n\t\t\t\t<div id=\"ngg-image-2\" class=\"ngg-gallery-thumbnail-box \" >\n\t\t\t\t        <div class=\"ngg-gallery-thumbnail\">\n            <a href=\"https:\/\/www.byter.de\/wordpress\/wp-content\/gallery\/slowenien-markov-spodmol\/markus_bootgruppe_1200.jpg\"\n               title=\"\u00dcbersetzen\"\n               data-src=\"https:\/\/www.byter.de\/wordpress\/wp-content\/gallery\/slowenien-markov-spodmol\/markus_bootgruppe_1200.jpg\"\n               data-thumbnail=\"https:\/\/www.byter.de\/wordpress\/wp-content\/gallery\/slowenien-markov-spodmol\/thumbs\/thumbs_markus_bootgruppe_1200.jpg\"\n               data-image-id=\"700\"\n               data-title=\"markus_bootgruppe_1200\"\n               data-description=\"\u00dcbersetzen\"\n               data-image-slug=\"markus_bootgruppe_1200\"\n               class=\"ngg-fancybox\" rel=\"e8d26b27ffc7dc8dea7e10c501bfc3f2\">\n                <img\n                    title=\"markus_bootgruppe_1200\"\n                    alt=\"markus_bootgruppe_1200\"\n                    src=\"https:\/\/www.byter.de\/wordpress\/wp-content\/gallery\/slowenien-markov-spodmol\/thumbs\/thumbs_markus_bootgruppe_1200.jpg\"\n                    width=\"100\"\n                    height=\"75\"\n                    style=\"max-width:100%;\"\n                \/>\n            <\/a>\n        <\/div>\n\t\t\t\t\t\t\t<\/div> \n\t\t\t\n\t\t\t\t<div id=\"ngg-image-3\" class=\"ngg-gallery-thumbnail-box \" >\n\t\t\t\t        <div class=\"ngg-gallery-thumbnail\">\n            <a href=\"https:\/\/www.byter.de\/wordpress\/wp-content\/gallery\/slowenien-markov-spodmol\/spodmol_unterwegs_1200.jpg\"\n               title=\"Unterwegs im Schwimmparadies\"\n               data-src=\"https:\/\/www.byter.de\/wordpress\/wp-content\/gallery\/slowenien-markov-spodmol\/spodmol_unterwegs_1200.jpg\"\n               data-thumbnail=\"https:\/\/www.byter.de\/wordpress\/wp-content\/gallery\/slowenien-markov-spodmol\/thumbs\/thumbs_spodmol_unterwegs_1200.jpg\"\n               data-image-id=\"690\"\n               data-title=\"spodmol_unterwegs_1200\"\n               data-description=\"Unterwegs im Schwimmparadies\"\n               data-image-slug=\"spodmol_unterwegs_1200\"\n               class=\"ngg-fancybox\" rel=\"e8d26b27ffc7dc8dea7e10c501bfc3f2\">\n                <img\n                    title=\"spodmol_unterwegs_1200\"\n                    alt=\"spodmol_unterwegs_1200\"\n                    src=\"https:\/\/www.byter.de\/wordpress\/wp-content\/gallery\/slowenien-markov-spodmol\/thumbs\/thumbs_spodmol_unterwegs_1200.jpg\"\n                    width=\"100\"\n                    height=\"75\"\n                    style=\"max-width:100%;\"\n                \/>\n            <\/a>\n        <\/div>\n\t\t\t\t\t\t\t<\/div> \n\t\t\t\n\t\t\t\t<div id=\"ngg-image-4\" class=\"ngg-gallery-thumbnail-box \" >\n\t\t\t\t        <div class=\"ngg-gallery-thumbnail\">\n            <a href=\"https:\/\/www.byter.de\/wordpress\/wp-content\/gallery\/slowenien-markov-spodmol\/planschbecken_1200.jpg\"\n               title=\"Im Planschbecken...\"\n               data-src=\"https:\/\/www.byter.de\/wordpress\/wp-content\/gallery\/slowenien-markov-spodmol\/planschbecken_1200.jpg\"\n               data-thumbnail=\"https:\/\/www.byter.de\/wordpress\/wp-content\/gallery\/slowenien-markov-spodmol\/thumbs\/thumbs_planschbecken_1200.jpg\"\n               data-image-id=\"689\"\n               data-title=\"planschbecken_1200\"\n               data-description=\"Im Planschbecken...\"\n               data-image-slug=\"planschbecken_1200\"\n               class=\"ngg-fancybox\" rel=\"e8d26b27ffc7dc8dea7e10c501bfc3f2\">\n                <img\n                    title=\"planschbecken_1200\"\n                    alt=\"planschbecken_1200\"\n                    src=\"https:\/\/www.byter.de\/wordpress\/wp-content\/gallery\/slowenien-markov-spodmol\/thumbs\/thumbs_planschbecken_1200.jpg\"\n                    width=\"100\"\n                    height=\"75\"\n                    style=\"max-width:100%;\"\n                \/>\n            <\/a>\n        <\/div>\n\t\t\t\t\t\t\t<\/div> \n\t\t\t\n\t\t\t\t<div id=\"ngg-image-5\" class=\"ngg-gallery-thumbnail-box \" >\n\t\t\t\t        <div class=\"ngg-gallery-thumbnail\">\n            <a href=\"https:\/\/www.byter.de\/wordpress\/wp-content\/gallery\/slowenien-markov-spodmol\/spodmol_abgrund_1200.jpg\"\n               title=\"Vor\u00b4m Abgrund\"\n               data-src=\"https:\/\/www.byter.de\/wordpress\/wp-content\/gallery\/slowenien-markov-spodmol\/spodmol_abgrund_1200.jpg\"\n               data-thumbnail=\"https:\/\/www.byter.de\/wordpress\/wp-content\/gallery\/slowenien-markov-spodmol\/thumbs\/thumbs_spodmol_abgrund_1200.jpg\"\n               data-image-id=\"692\"\n               data-title=\"spodmol_abgrund_1200\"\n               data-description=\"Vor\u00b4m Abgrund\"\n               data-image-slug=\"spodmol_abgrund_1200\"\n               class=\"ngg-fancybox\" rel=\"e8d26b27ffc7dc8dea7e10c501bfc3f2\">\n                <img\n                    title=\"spodmol_abgrund_1200\"\n                    alt=\"spodmol_abgrund_1200\"\n                    src=\"https:\/\/www.byter.de\/wordpress\/wp-content\/gallery\/slowenien-markov-spodmol\/thumbs\/thumbs_spodmol_abgrund_1200.jpg\"\n                    width=\"100\"\n                    height=\"75\"\n                    style=\"max-width:100%;\"\n                \/>\n            <\/a>\n        <\/div>\n\t\t\t\t\t\t\t<\/div> \n\t\t\t\n\t\t\t\t<div id=\"ngg-image-6\" class=\"ngg-gallery-thumbnail-box \" >\n\t\t\t\t        <div class=\"ngg-gallery-thumbnail\">\n            <a href=\"https:\/\/www.byter.de\/wordpress\/wp-content\/gallery\/slowenien-markov-spodmol\/spodmol_dunkelgang1_1000h.jpg\"\n               title=\"Spodmol\"\n               data-src=\"https:\/\/www.byter.de\/wordpress\/wp-content\/gallery\/slowenien-markov-spodmol\/spodmol_dunkelgang1_1000h.jpg\"\n               data-thumbnail=\"https:\/\/www.byter.de\/wordpress\/wp-content\/gallery\/slowenien-markov-spodmol\/thumbs\/thumbs_spodmol_dunkelgang1_1000h.jpg\"\n               data-image-id=\"693\"\n               data-title=\"spodmol_dunkelgang1_1000h\"\n               data-description=\"Spodmol\"\n               data-image-slug=\"spodmol_dunkelgang1_1000h\"\n               class=\"ngg-fancybox\" rel=\"e8d26b27ffc7dc8dea7e10c501bfc3f2\">\n                <img\n                    title=\"spodmol_dunkelgang1_1000h\"\n                    alt=\"spodmol_dunkelgang1_1000h\"\n                    src=\"https:\/\/www.byter.de\/wordpress\/wp-content\/gallery\/slowenien-markov-spodmol\/thumbs\/thumbs_spodmol_dunkelgang1_1000h.jpg\"\n                    width=\"100\"\n                    height=\"75\"\n                    style=\"max-width:100%;\"\n                \/>\n            <\/a>\n        <\/div>\n\t\t\t\t\t\t\t<\/div> \n\t\t\t\n\t\t\t\t<div id=\"ngg-image-7\" class=\"ngg-gallery-thumbnail-box \" >\n\t\t\t\t        <div class=\"ngg-gallery-thumbnail\">\n            <a href=\"https:\/\/www.byter.de\/wordpress\/wp-content\/gallery\/slowenien-markov-spodmol\/spodmol_dunkelgang2_1000h.jpg\"\n               title=\"\"\n               data-src=\"https:\/\/www.byter.de\/wordpress\/wp-content\/gallery\/slowenien-markov-spodmol\/spodmol_dunkelgang2_1000h.jpg\"\n               data-thumbnail=\"https:\/\/www.byter.de\/wordpress\/wp-content\/gallery\/slowenien-markov-spodmol\/thumbs\/thumbs_spodmol_dunkelgang2_1000h.jpg\"\n               data-image-id=\"694\"\n               data-title=\"spodmol_dunkelgang2_1000h\"\n               data-description=\"\"\n               data-image-slug=\"spodmol_dunkelgang2_1000h\"\n               class=\"ngg-fancybox\" rel=\"e8d26b27ffc7dc8dea7e10c501bfc3f2\">\n                <img\n                    title=\"spodmol_dunkelgang2_1000h\"\n                    alt=\"spodmol_dunkelgang2_1000h\"\n                    src=\"https:\/\/www.byter.de\/wordpress\/wp-content\/gallery\/slowenien-markov-spodmol\/thumbs\/thumbs_spodmol_dunkelgang2_1000h.jpg\"\n                    width=\"100\"\n                    height=\"75\"\n                    style=\"max-width:100%;\"\n                \/>\n            <\/a>\n        <\/div>\n\t\t\t\t\t\t\t<\/div> \n\t\t\t\n\t\t\t\t<div id=\"ngg-image-8\" class=\"ngg-gallery-thumbnail-box \" >\n\t\t\t\t        <div class=\"ngg-gallery-thumbnail\">\n            <a href=\"https:\/\/www.byter.de\/wordpress\/wp-content\/gallery\/slowenien-markov-spodmol\/markus_boot4_1200.jpg\"\n               title=\"Beeindruckend\"\n               data-src=\"https:\/\/www.byter.de\/wordpress\/wp-content\/gallery\/slowenien-markov-spodmol\/markus_boot4_1200.jpg\"\n               data-thumbnail=\"https:\/\/www.byter.de\/wordpress\/wp-content\/gallery\/slowenien-markov-spodmol\/thumbs\/thumbs_markus_boot4_1200.jpg\"\n               data-image-id=\"696\"\n               data-title=\"markus_boot4_1200\"\n               data-description=\"Beeindruckend\"\n               data-image-slug=\"markus_boot4_1200\"\n               class=\"ngg-fancybox\" rel=\"e8d26b27ffc7dc8dea7e10c501bfc3f2\">\n                <img\n                    title=\"markus_boot4_1200\"\n                    alt=\"markus_boot4_1200\"\n                    src=\"https:\/\/www.byter.de\/wordpress\/wp-content\/gallery\/slowenien-markov-spodmol\/thumbs\/thumbs_markus_boot4_1200.jpg\"\n                    width=\"100\"\n                    height=\"75\"\n                    style=\"max-width:100%;\"\n                \/>\n            <\/a>\n        <\/div>\n\t\t\t\t\t\t\t<\/div> \n\t\t\t\n\t\t\t\t<div id=\"ngg-image-9\" class=\"ngg-gallery-thumbnail-box \" >\n\t\t\t\t        <div class=\"ngg-gallery-thumbnail\">\n            <a href=\"https:\/\/www.byter.de\/wordpress\/wp-content\/gallery\/slowenien-markov-spodmol\/spodmol_formation1_1200.jpg\"\n               title=\"Beobachtungen unterwegs...\"\n               data-src=\"https:\/\/www.byter.de\/wordpress\/wp-content\/gallery\/slowenien-markov-spodmol\/spodmol_formation1_1200.jpg\"\n               data-thumbnail=\"https:\/\/www.byter.de\/wordpress\/wp-content\/gallery\/slowenien-markov-spodmol\/thumbs\/thumbs_spodmol_formation1_1200.jpg\"\n               data-image-id=\"697\"\n               data-title=\"spodmol_formation1_1200\"\n               data-description=\"Beobachtungen unterwegs...\"\n               data-image-slug=\"spodmol_formation1_1200\"\n               class=\"ngg-fancybox\" rel=\"e8d26b27ffc7dc8dea7e10c501bfc3f2\">\n                <img\n                    title=\"spodmol_formation1_1200\"\n                    alt=\"spodmol_formation1_1200\"\n                    src=\"https:\/\/www.byter.de\/wordpress\/wp-content\/gallery\/slowenien-markov-spodmol\/thumbs\/thumbs_spodmol_formation1_1200.jpg\"\n                    width=\"100\"\n                    height=\"75\"\n                    style=\"max-width:100%;\"\n                \/>\n            <\/a>\n        <\/div>\n\t\t\t\t\t\t\t<\/div> \n\t\t\t\n\t\t\t\t<div id=\"ngg-image-10\" class=\"ngg-gallery-thumbnail-box \" >\n\t\t\t\t        <div class=\"ngg-gallery-thumbnail\">\n            <a href=\"https:\/\/www.byter.de\/wordpress\/wp-content\/gallery\/slowenien-markov-spodmol\/spodmol_tropfsteingang_1200.jpg\"\n               title=\"Flie\u00dffacetten und Ablagerungen\"\n               data-src=\"https:\/\/www.byter.de\/wordpress\/wp-content\/gallery\/slowenien-markov-spodmol\/spodmol_tropfsteingang_1200.jpg\"\n               data-thumbnail=\"https:\/\/www.byter.de\/wordpress\/wp-content\/gallery\/slowenien-markov-spodmol\/thumbs\/thumbs_spodmol_tropfsteingang_1200.jpg\"\n               data-image-id=\"701\"\n               data-title=\"spodmol_tropfsteingang_1200\"\n               data-description=\"Flie\u00dffacetten und Ablagerungen\"\n               data-image-slug=\"spodmol_tropfsteingang_1200\"\n               class=\"ngg-fancybox\" rel=\"e8d26b27ffc7dc8dea7e10c501bfc3f2\">\n                <img\n                    title=\"spodmol_tropfsteingang_1200\"\n                    alt=\"spodmol_tropfsteingang_1200\"\n                    src=\"https:\/\/www.byter.de\/wordpress\/wp-content\/gallery\/slowenien-markov-spodmol\/thumbs\/thumbs_spodmol_tropfsteingang_1200.jpg\"\n                    width=\"100\"\n                    height=\"75\"\n                    style=\"max-width:100%;\"\n                \/>\n            <\/a>\n        <\/div>\n\t\t\t\t\t\t\t<\/div> \n\t\t\t\n\t\t\t\t<div id=\"ngg-image-11\" class=\"ngg-gallery-thumbnail-box \" >\n\t\t\t\t        <div class=\"ngg-gallery-thumbnail\">\n            <a href=\"https:\/\/www.byter.de\/wordpress\/wp-content\/gallery\/slowenien-markov-spodmol\/markus_boot3_1200.jpg\"\n               title=\"Markus schippert...\"\n               data-src=\"https:\/\/www.byter.de\/wordpress\/wp-content\/gallery\/slowenien-markov-spodmol\/markus_boot3_1200.jpg\"\n               data-thumbnail=\"https:\/\/www.byter.de\/wordpress\/wp-content\/gallery\/slowenien-markov-spodmol\/thumbs\/thumbs_markus_boot3_1200.jpg\"\n               data-image-id=\"695\"\n               data-title=\"markus_boot3_1200\"\n               data-description=\"Markus schippert...\"\n               data-image-slug=\"markus_boot3_1200\"\n               class=\"ngg-fancybox\" rel=\"e8d26b27ffc7dc8dea7e10c501bfc3f2\">\n                <img\n                    title=\"markus_boot3_1200\"\n                    alt=\"markus_boot3_1200\"\n                    src=\"https:\/\/www.byter.de\/wordpress\/wp-content\/gallery\/slowenien-markov-spodmol\/thumbs\/thumbs_markus_boot3_1200.jpg\"\n                    width=\"100\"\n                    height=\"75\"\n                    style=\"max-width:100%;\"\n                \/>\n            <\/a>\n        <\/div>\n\t\t\t\t\t\t\t<\/div> \n\t\t\t\n\t\t\t\t<div id=\"ngg-image-12\" class=\"ngg-gallery-thumbnail-box \" >\n\t\t\t\t        <div class=\"ngg-gallery-thumbnail\">\n            <a href=\"https:\/\/www.byter.de\/wordpress\/wp-content\/gallery\/slowenien-markov-spodmol\/spodmol_tropfsteinemarkus_1200.jpg\"\n               title=\"Tropfsteine gab\u00b4s auch\"\n               data-src=\"https:\/\/www.byter.de\/wordpress\/wp-content\/gallery\/slowenien-markov-spodmol\/spodmol_tropfsteinemarkus_1200.jpg\"\n               data-thumbnail=\"https:\/\/www.byter.de\/wordpress\/wp-content\/gallery\/slowenien-markov-spodmol\/thumbs\/thumbs_spodmol_tropfsteinemarkus_1200.jpg\"\n               data-image-id=\"699\"\n               data-title=\"spodmol_tropfsteinemarkus_1200\"\n               data-description=\"Tropfsteine gab\u00b4s auch\"\n               data-image-slug=\"spodmol_tropfsteinemarkus_1200\"\n               class=\"ngg-fancybox\" rel=\"e8d26b27ffc7dc8dea7e10c501bfc3f2\">\n                <img\n                    title=\"spodmol_tropfsteinemarkus_1200\"\n                    alt=\"spodmol_tropfsteinemarkus_1200\"\n                    src=\"https:\/\/www.byter.de\/wordpress\/wp-content\/gallery\/slowenien-markov-spodmol\/thumbs\/thumbs_spodmol_tropfsteinemarkus_1200.jpg\"\n                    width=\"100\"\n                    height=\"75\"\n                    style=\"max-width:100%;\"\n                \/>\n            <\/a>\n        <\/div>\n\t\t\t\t\t\t\t<\/div> \n\t\t\t\n\t\t\t\t<div id=\"ngg-image-13\" class=\"ngg-gallery-thumbnail-box \" >\n\t\t\t\t        <div class=\"ngg-gallery-thumbnail\">\n            <a href=\"https:\/\/www.byter.de\/wordpress\/wp-content\/gallery\/slowenien-markov-spodmol\/spodmol_gruppenfoto_1200.jpg\"\n               title=\"Gruppenfoto Markov Spodmol\"\n               data-src=\"https:\/\/www.byter.de\/wordpress\/wp-content\/gallery\/slowenien-markov-spodmol\/spodmol_gruppenfoto_1200.jpg\"\n               data-thumbnail=\"https:\/\/www.byter.de\/wordpress\/wp-content\/gallery\/slowenien-markov-spodmol\/thumbs\/thumbs_spodmol_gruppenfoto_1200.jpg\"\n               data-image-id=\"698\"\n               data-title=\"spodmol_gruppenfoto_1200\"\n               data-description=\"Gruppenfoto Markov Spodmol\"\n               data-image-slug=\"spodmol_gruppenfoto_1200\"\n               class=\"ngg-fancybox\" rel=\"e8d26b27ffc7dc8dea7e10c501bfc3f2\">\n                <img\n                    title=\"spodmol_gruppenfoto_1200\"\n                    alt=\"spodmol_gruppenfoto_1200\"\n                    src=\"https:\/\/www.byter.de\/wordpress\/wp-content\/gallery\/slowenien-markov-spodmol\/thumbs\/thumbs_spodmol_gruppenfoto_1200.jpg\"\n                    width=\"100\"\n                    height=\"75\"\n                    style=\"max-width:100%;\"\n                \/>\n            <\/a>\n        <\/div>\n\t\t\t\t\t\t\t<\/div> \n\t\t\t\n\t\n\t<br style=\"clear: both\" \/>\n\n\t\n\t\t<!-- Pagination -->\n\t<div class='ngg-clear'><\/div>\t<\/div>\n<\/h3>\n<p>Im Anschlu\u00df erkundeten wir noch ein wenig die Gegend, suchten den Eingang der nahegelegenenen <em>Vodna Jama<\/em> (und fanden ihn sogar ;)) und irrten erneut durch die Tiefen der slowenischen W\u00e4lder&#8230;\u00a0 Zum Gl\u00fcck war die andere H\u00e4lfte des Teams bereits durchgestartet, um den Grill anzuwerfen und die Vorr\u00e4te aufzustocken, so stand einem gem\u00fctlichen Tagesausklang nichts im Wege&#8230;<\/p>\n<h3><span style=\"color: #ffffff;\">.<\/span><\/h3>\n<h3>Tag 6: Skocjanske Jame<\/h3>\n<p>Am letzten Tag machte uns dann das Wetter einen geh\u00f6rigen Strich durch die Rechnung &#8211; es sch\u00fcttete wie aus Eimern und ein Ende war nicht in Sicht.\u00a0 Die urspr\u00fcnglich geplante <em>\u0160kamprlova Jama<\/em> fiel buchst\u00e4blich ins Wasser und nach einiger Diskussion entschlossen wir uns zum Touri-Programm und einer Besichtigung der <em>Skocjanske Jame<\/em>, die zum Unesco Weltkulturerbe geh\u00f6ren&#8230;<\/p>\n<div id=\"attachment_902\" style=\"width: 510px\" class=\"wp-caption aligncenter\"><img aria-describedby=\"caption-attachment-902\" decoding=\"async\" loading=\"lazy\" class=\"size-full wp-image-902\" src=\"https:\/\/www.byter.de\/wordpress\/wp-content\/uploads\/2013\/06\/Skocjanske_500.jpg\" alt=\"Schlucht in den Skocjanske Jame\" width=\"500\" height=\"367\" srcset=\"https:\/\/www.byter.de\/wordpress\/wp-content\/uploads\/2013\/06\/Skocjanske_500.jpg 500w, https:\/\/www.byter.de\/wordpress\/wp-content\/uploads\/2013\/06\/Skocjanske_500-300x220.jpg 300w\" sizes=\"(max-width: 500px) 100vw, 500px\" \/><p id=\"caption-attachment-902\" class=\"wp-caption-text\">Schlucht in den Skocjanske Jame<\/p><\/div>\n<p>Mit mehreren Hundert Menschen gef\u00fchrt und voll beleuchtet durch eine H\u00f6hle zu streifen war ein ziemlich ern\u00fcchternder Kontrast zum Programm der vorherigen Tage,\u00a0 aber dennoch zog einen die <em>Skocjanske<\/em> nach kurzer Zeit in Ihren Bann &#8211; die unterirdische, kilometerlange Schlucht ist derma\u00dfen gigantisch, dass einem die Kinnlade offen stehen bleibt. Hier wurden dann auch gleich die ersten Kontakte gekn\u00fcpft, um vielleicht mal abseits der Touristenroute tiefer und auf eigene Faust in diese faszinierende H\u00f6hle vorzudringen \ud83d\ude09<\/p>\n<p>Fotografieren ist hier nicht so gerne gesehen, aber auch unter Zeitdruck konnte ich ein paar mal Kamera und Stativ auspacken und ein paar beeindruckende Bilder schie\u00dfen:<\/p>\n<h3 style=\"text-align: center;\"><em>Bildergallerie Skocjanske Jame &#8211; Mai 2013:<\/em><!-- default-view.php -->\n<div\n\tclass=\"ngg-galleryoverview default-view \"\n\tid=\"ngg-gallery-04c028c6a350f5bc821a42f714758c59-1\">\n\n\t\t<!-- Thumbnails -->\n\t\t\t\t<div id=\"ngg-image-0\" class=\"ngg-gallery-thumbnail-box \" >\n\t\t\t\t        <div class=\"ngg-gallery-thumbnail\">\n            <a href=\"https:\/\/www.byter.de\/wordpress\/wp-content\/gallery\/slowenien-skocjanske-jame\/skocjanske_halle1_1_1200.jpg\"\n               title=\"Tropfsteine in der Skocjanske\"\n               data-src=\"https:\/\/www.byter.de\/wordpress\/wp-content\/gallery\/slowenien-skocjanske-jame\/skocjanske_halle1_1_1200.jpg\"\n               data-thumbnail=\"https:\/\/www.byter.de\/wordpress\/wp-content\/gallery\/slowenien-skocjanske-jame\/thumbs\/thumbs_skocjanske_halle1_1_1200.jpg\"\n               data-image-id=\"702\"\n               data-title=\"skocjanske_halle1_1_1200\"\n               data-description=\"Tropfsteine in der Skocjanske\"\n               data-image-slug=\"skocjanske_halle1_1_1200\"\n               class=\"ngg-fancybox\" rel=\"04c028c6a350f5bc821a42f714758c59\">\n                <img\n                    title=\"skocjanske_halle1_1_1200\"\n                    alt=\"skocjanske_halle1_1_1200\"\n                    src=\"https:\/\/www.byter.de\/wordpress\/wp-content\/gallery\/slowenien-skocjanske-jame\/thumbs\/thumbs_skocjanske_halle1_1_1200.jpg\"\n                    width=\"100\"\n                    height=\"75\"\n                    style=\"max-width:100%;\"\n                \/>\n            <\/a>\n        <\/div>\n\t\t\t\t\t\t\t<\/div> \n\t\t\t\n\t\t\t\t<div id=\"ngg-image-1\" class=\"ngg-gallery-thumbnail-box \" >\n\t\t\t\t        <div class=\"ngg-gallery-thumbnail\">\n            <a href=\"https:\/\/www.byter.de\/wordpress\/wp-content\/gallery\/slowenien-skocjanske-jame\/skocjanske_trsteingang1_1200.jpg\"\n               title=\"Kleine Halle zu Beginn der Tour\"\n               data-src=\"https:\/\/www.byter.de\/wordpress\/wp-content\/gallery\/slowenien-skocjanske-jame\/skocjanske_trsteingang1_1200.jpg\"\n               data-thumbnail=\"https:\/\/www.byter.de\/wordpress\/wp-content\/gallery\/slowenien-skocjanske-jame\/thumbs\/thumbs_skocjanske_trsteingang1_1200.jpg\"\n               data-image-id=\"704\"\n               data-title=\"skocjanske_trsteingang1_1200\"\n               data-description=\"Kleine Halle zu Beginn der Tour\"\n               data-image-slug=\"skocjanske_trsteingang1_1200\"\n               class=\"ngg-fancybox\" rel=\"04c028c6a350f5bc821a42f714758c59\">\n                <img\n                    title=\"skocjanske_trsteingang1_1200\"\n                    alt=\"skocjanske_trsteingang1_1200\"\n                    src=\"https:\/\/www.byter.de\/wordpress\/wp-content\/gallery\/slowenien-skocjanske-jame\/thumbs\/thumbs_skocjanske_trsteingang1_1200.jpg\"\n                    width=\"100\"\n                    height=\"75\"\n                    style=\"max-width:100%;\"\n                \/>\n            <\/a>\n        <\/div>\n\t\t\t\t\t\t\t<\/div> \n\t\t\t\n\t\t\t\t<div id=\"ngg-image-2\" class=\"ngg-gallery-thumbnail-box \" >\n\t\t\t\t        <div class=\"ngg-gallery-thumbnail\">\n            <a href=\"https:\/\/www.byter.de\/wordpress\/wp-content\/gallery\/slowenien-skocjanske-jame\/skocjanske_halle1_2_1200.jpg\"\n               title=\"Tropfsteine ohne Ende...\"\n               data-src=\"https:\/\/www.byter.de\/wordpress\/wp-content\/gallery\/slowenien-skocjanske-jame\/skocjanske_halle1_2_1200.jpg\"\n               data-thumbnail=\"https:\/\/www.byter.de\/wordpress\/wp-content\/gallery\/slowenien-skocjanske-jame\/thumbs\/thumbs_skocjanske_halle1_2_1200.jpg\"\n               data-image-id=\"703\"\n               data-title=\"skocjanske_halle1_2_1200\"\n               data-description=\"Tropfsteine ohne Ende...\"\n               data-image-slug=\"skocjanske_halle1_2_1200\"\n               class=\"ngg-fancybox\" rel=\"04c028c6a350f5bc821a42f714758c59\">\n                <img\n                    title=\"skocjanske_halle1_2_1200\"\n                    alt=\"skocjanske_halle1_2_1200\"\n                    src=\"https:\/\/www.byter.de\/wordpress\/wp-content\/gallery\/slowenien-skocjanske-jame\/thumbs\/thumbs_skocjanske_halle1_2_1200.jpg\"\n                    width=\"100\"\n                    height=\"75\"\n                    style=\"max-width:100%;\"\n                \/>\n            <\/a>\n        <\/div>\n\t\t\t\t\t\t\t<\/div> \n\t\t\t\n\t\t\t\t<div id=\"ngg-image-3\" class=\"ngg-gallery-thumbnail-box \" >\n\t\t\t\t        <div class=\"ngg-gallery-thumbnail\">\n            <a href=\"https:\/\/www.byter.de\/wordpress\/wp-content\/gallery\/slowenien-skocjanske-jame\/skocjanske_halle2_1_1200.jpg\"\n               title=\"Gro\u00dfe Halle unterwegs\"\n               data-src=\"https:\/\/www.byter.de\/wordpress\/wp-content\/gallery\/slowenien-skocjanske-jame\/skocjanske_halle2_1_1200.jpg\"\n               data-thumbnail=\"https:\/\/www.byter.de\/wordpress\/wp-content\/gallery\/slowenien-skocjanske-jame\/thumbs\/thumbs_skocjanske_halle2_1_1200.jpg\"\n               data-image-id=\"705\"\n               data-title=\"skocjanske_halle2_1_1200\"\n               data-description=\"Gro\u00dfe Halle unterwegs\"\n               data-image-slug=\"skocjanske_halle2_1_1200\"\n               class=\"ngg-fancybox\" rel=\"04c028c6a350f5bc821a42f714758c59\">\n                <img\n                    title=\"skocjanske_halle2_1_1200\"\n                    alt=\"skocjanske_halle2_1_1200\"\n                    src=\"https:\/\/www.byter.de\/wordpress\/wp-content\/gallery\/slowenien-skocjanske-jame\/thumbs\/thumbs_skocjanske_halle2_1_1200.jpg\"\n                    width=\"100\"\n                    height=\"75\"\n                    style=\"max-width:100%;\"\n                \/>\n            <\/a>\n        <\/div>\n\t\t\t\t\t\t\t<\/div> \n\t\t\t\n\t\t\t\t<div id=\"ngg-image-4\" class=\"ngg-gallery-thumbnail-box \" >\n\t\t\t\t        <div class=\"ngg-gallery-thumbnail\">\n            <a href=\"https:\/\/www.byter.de\/wordpress\/wp-content\/gallery\/slowenien-skocjanske-jame\/skocjanske_halle2_2_1200.jpg\"\n               title=\"Schattenspiele\"\n               data-src=\"https:\/\/www.byter.de\/wordpress\/wp-content\/gallery\/slowenien-skocjanske-jame\/skocjanske_halle2_2_1200.jpg\"\n               data-thumbnail=\"https:\/\/www.byter.de\/wordpress\/wp-content\/gallery\/slowenien-skocjanske-jame\/thumbs\/thumbs_skocjanske_halle2_2_1200.jpg\"\n               data-image-id=\"706\"\n               data-title=\"skocjanske_halle2_2_1200\"\n               data-description=\"Schattenspiele\"\n               data-image-slug=\"skocjanske_halle2_2_1200\"\n               class=\"ngg-fancybox\" rel=\"04c028c6a350f5bc821a42f714758c59\">\n                <img\n                    title=\"skocjanske_halle2_2_1200\"\n                    alt=\"skocjanske_halle2_2_1200\"\n                    src=\"https:\/\/www.byter.de\/wordpress\/wp-content\/gallery\/slowenien-skocjanske-jame\/thumbs\/thumbs_skocjanske_halle2_2_1200.jpg\"\n                    width=\"100\"\n                    height=\"75\"\n                    style=\"max-width:100%;\"\n                \/>\n            <\/a>\n        <\/div>\n\t\t\t\t\t\t\t<\/div> \n\t\t\t\n\t\t\t\t<div id=\"ngg-image-5\" class=\"ngg-gallery-thumbnail-box \" >\n\t\t\t\t        <div class=\"ngg-gallery-thumbnail\">\n            <a href=\"https:\/\/www.byter.de\/wordpress\/wp-content\/gallery\/slowenien-skocjanske-jame\/skocjanske_halle2_3_1200.jpg\"\n               title=\"Noch mehr Tropfsteine...\"\n               data-src=\"https:\/\/www.byter.de\/wordpress\/wp-content\/gallery\/slowenien-skocjanske-jame\/skocjanske_halle2_3_1200.jpg\"\n               data-thumbnail=\"https:\/\/www.byter.de\/wordpress\/wp-content\/gallery\/slowenien-skocjanske-jame\/thumbs\/thumbs_skocjanske_halle2_3_1200.jpg\"\n               data-image-id=\"707\"\n               data-title=\"skocjanske_halle2_3_1200\"\n               data-description=\"Noch mehr Tropfsteine...\"\n               data-image-slug=\"skocjanske_halle2_3_1200\"\n               class=\"ngg-fancybox\" rel=\"04c028c6a350f5bc821a42f714758c59\">\n                <img\n                    title=\"skocjanske_halle2_3_1200\"\n                    alt=\"skocjanske_halle2_3_1200\"\n                    src=\"https:\/\/www.byter.de\/wordpress\/wp-content\/gallery\/slowenien-skocjanske-jame\/thumbs\/thumbs_skocjanske_halle2_3_1200.jpg\"\n                    width=\"100\"\n                    height=\"75\"\n                    style=\"max-width:100%;\"\n                \/>\n            <\/a>\n        <\/div>\n\t\t\t\t\t\t\t<\/div> \n\t\t\t\n\t\t\t\t<div id=\"ngg-image-6\" class=\"ngg-gallery-thumbnail-box \" >\n\t\t\t\t        <div class=\"ngg-gallery-thumbnail\">\n            <a href=\"https:\/\/www.byter.de\/wordpress\/wp-content\/gallery\/slowenien-skocjanske-jame\/skocjanske_schlucht1_eingang_1200.jpg\"\n               title=\"Eingang zur unterirdischen Schlucht\"\n               data-src=\"https:\/\/www.byter.de\/wordpress\/wp-content\/gallery\/slowenien-skocjanske-jame\/skocjanske_schlucht1_eingang_1200.jpg\"\n               data-thumbnail=\"https:\/\/www.byter.de\/wordpress\/wp-content\/gallery\/slowenien-skocjanske-jame\/thumbs\/thumbs_skocjanske_schlucht1_eingang_1200.jpg\"\n               data-image-id=\"708\"\n               data-title=\"skocjanske_schlucht1_eingang_1200\"\n               data-description=\"Eingang zur unterirdischen Schlucht\"\n               data-image-slug=\"skocjanske_schlucht1_eingang_1200\"\n               class=\"ngg-fancybox\" rel=\"04c028c6a350f5bc821a42f714758c59\">\n                <img\n                    title=\"skocjanske_schlucht1_eingang_1200\"\n                    alt=\"skocjanske_schlucht1_eingang_1200\"\n                    src=\"https:\/\/www.byter.de\/wordpress\/wp-content\/gallery\/slowenien-skocjanske-jame\/thumbs\/thumbs_skocjanske_schlucht1_eingang_1200.jpg\"\n                    width=\"100\"\n                    height=\"75\"\n                    style=\"max-width:100%;\"\n                \/>\n            <\/a>\n        <\/div>\n\t\t\t\t\t\t\t<\/div> \n\t\t\t\n\t\t\t\t<div id=\"ngg-image-7\" class=\"ngg-gallery-thumbnail-box \" >\n\t\t\t\t        <div class=\"ngg-gallery-thumbnail\">\n            <a href=\"https:\/\/www.byter.de\/wordpress\/wp-content\/gallery\/slowenien-skocjanske-jame\/skocjanske_schlucht2_1200.jpg\"\n               title=\"Unterirdische Schlucht 2\"\n               data-src=\"https:\/\/www.byter.de\/wordpress\/wp-content\/gallery\/slowenien-skocjanske-jame\/skocjanske_schlucht2_1200.jpg\"\n               data-thumbnail=\"https:\/\/www.byter.de\/wordpress\/wp-content\/gallery\/slowenien-skocjanske-jame\/thumbs\/thumbs_skocjanske_schlucht2_1200.jpg\"\n               data-image-id=\"709\"\n               data-title=\"skocjanske_schlucht2_1200\"\n               data-description=\"Unterirdische Schlucht 2\"\n               data-image-slug=\"skocjanske_schlucht2_1200\"\n               class=\"ngg-fancybox\" rel=\"04c028c6a350f5bc821a42f714758c59\">\n                <img\n                    title=\"skocjanske_schlucht2_1200\"\n                    alt=\"skocjanske_schlucht2_1200\"\n                    src=\"https:\/\/www.byter.de\/wordpress\/wp-content\/gallery\/slowenien-skocjanske-jame\/thumbs\/thumbs_skocjanske_schlucht2_1200.jpg\"\n                    width=\"100\"\n                    height=\"75\"\n                    style=\"max-width:100%;\"\n                \/>\n            <\/a>\n        <\/div>\n\t\t\t\t\t\t\t<\/div> \n\t\t\t\n\t\t\t\t<div id=\"ngg-image-8\" class=\"ngg-gallery-thumbnail-box \" >\n\t\t\t\t        <div class=\"ngg-gallery-thumbnail\">\n            <a href=\"https:\/\/www.byter.de\/wordpress\/wp-content\/gallery\/slowenien-skocjanske-jame\/skocjanske_schlucht4_1200.jpg\"\n               title=\"Unterirdische Schlucht 3\"\n               data-src=\"https:\/\/www.byter.de\/wordpress\/wp-content\/gallery\/slowenien-skocjanske-jame\/skocjanske_schlucht4_1200.jpg\"\n               data-thumbnail=\"https:\/\/www.byter.de\/wordpress\/wp-content\/gallery\/slowenien-skocjanske-jame\/thumbs\/thumbs_skocjanske_schlucht4_1200.jpg\"\n               data-image-id=\"710\"\n               data-title=\"skocjanske_schlucht4_1200\"\n               data-description=\"Unterirdische Schlucht 3\"\n               data-image-slug=\"skocjanske_schlucht4_1200\"\n               class=\"ngg-fancybox\" rel=\"04c028c6a350f5bc821a42f714758c59\">\n                <img\n                    title=\"skocjanske_schlucht4_1200\"\n                    alt=\"skocjanske_schlucht4_1200\"\n                    src=\"https:\/\/www.byter.de\/wordpress\/wp-content\/gallery\/slowenien-skocjanske-jame\/thumbs\/thumbs_skocjanske_schlucht4_1200.jpg\"\n                    width=\"100\"\n                    height=\"75\"\n                    style=\"max-width:100%;\"\n                \/>\n            <\/a>\n        <\/div>\n\t\t\t\t\t\t\t<\/div> \n\t\t\t\n\t\t\t\t<div id=\"ngg-image-9\" class=\"ngg-gallery-thumbnail-box \" >\n\t\t\t\t        <div class=\"ngg-gallery-thumbnail\">\n            <a href=\"https:\/\/www.byter.de\/wordpress\/wp-content\/gallery\/slowenien-skocjanske-jame\/skocjanske_schlucht5_1000h.jpg\"\n               title=\"Unterirdische Schlucht 4\"\n               data-src=\"https:\/\/www.byter.de\/wordpress\/wp-content\/gallery\/slowenien-skocjanske-jame\/skocjanske_schlucht5_1000h.jpg\"\n               data-thumbnail=\"https:\/\/www.byter.de\/wordpress\/wp-content\/gallery\/slowenien-skocjanske-jame\/thumbs\/thumbs_skocjanske_schlucht5_1000h.jpg\"\n               data-image-id=\"711\"\n               data-title=\"skocjanske_schlucht5_1000h\"\n               data-description=\"Unterirdische Schlucht 4\"\n               data-image-slug=\"skocjanske_schlucht5_1000h\"\n               class=\"ngg-fancybox\" rel=\"04c028c6a350f5bc821a42f714758c59\">\n                <img\n                    title=\"skocjanske_schlucht5_1000h\"\n                    alt=\"skocjanske_schlucht5_1000h\"\n                    src=\"https:\/\/www.byter.de\/wordpress\/wp-content\/gallery\/slowenien-skocjanske-jame\/thumbs\/thumbs_skocjanske_schlucht5_1000h.jpg\"\n                    width=\"100\"\n                    height=\"75\"\n                    style=\"max-width:100%;\"\n                \/>\n            <\/a>\n        <\/div>\n\t\t\t\t\t\t\t<\/div> \n\t\t\t\n\t\t\t\t<div id=\"ngg-image-10\" class=\"ngg-gallery-thumbnail-box \" >\n\t\t\t\t        <div class=\"ngg-gallery-thumbnail\">\n            <a href=\"https:\/\/www.byter.de\/wordpress\/wp-content\/gallery\/slowenien-skocjanske-jame\/skocjanske_sinterbecken_1200.jpg\"\n               title=\"Beeindruckende Sinterbecken\"\n               data-src=\"https:\/\/www.byter.de\/wordpress\/wp-content\/gallery\/slowenien-skocjanske-jame\/skocjanske_sinterbecken_1200.jpg\"\n               data-thumbnail=\"https:\/\/www.byter.de\/wordpress\/wp-content\/gallery\/slowenien-skocjanske-jame\/thumbs\/thumbs_skocjanske_sinterbecken_1200.jpg\"\n               data-image-id=\"712\"\n               data-title=\"skocjanske_sinterbecken_1200\"\n               data-description=\"Beeindruckende Sinterbecken\"\n               data-image-slug=\"skocjanske_sinterbecken_1200\"\n               class=\"ngg-fancybox\" rel=\"04c028c6a350f5bc821a42f714758c59\">\n                <img\n                    title=\"skocjanske_sinterbecken_1200\"\n                    alt=\"skocjanske_sinterbecken_1200\"\n                    src=\"https:\/\/www.byter.de\/wordpress\/wp-content\/gallery\/slowenien-skocjanske-jame\/thumbs\/thumbs_skocjanske_sinterbecken_1200.jpg\"\n                    width=\"100\"\n                    height=\"75\"\n                    style=\"max-width:100%;\"\n                \/>\n            <\/a>\n        <\/div>\n\t\t\t\t\t\t\t<\/div> \n\t\t\t\n\t\n\t<br style=\"clear: both\" \/>\n\n\t\n\t\t<!-- Pagination -->\n\t<div class='ngg-clear'><\/div>\t<\/div>\n<\/h3>\n<p>Am letzten Abend gab es schlie\u00dflich noch eine Verk\u00f6stigung regionaler Spezialit\u00e4ten (die haupts\u00e4chlich aus ca. 20 verschiedenen Spiritousen der umliegenden D\u00f6rfer bestand :-)) durch unsere sehr nette Vermieterin &#8211; die slowenische Gastfreundschaft ist wirklich einmalig! So ging eine tolle und erlebnisreiche Woche mit vielen unter- und \u00fcberirdischen Eindr\u00fccken zu Ende&#8230;\u00a0\u00a0 Ganz herzlichen Dank ans gesamte Team, es war wieder mal Spitze!\u00a0 Hoffentlich &#8222;to be continued&#8230;&#8220; im n\u00e4chsten Jahr! \ud83d\ude09<\/p>\n<div id=\"attachment_899\" style=\"width: 610px\" class=\"wp-caption aligncenter\"><img aria-describedby=\"caption-attachment-899\" decoding=\"async\" loading=\"lazy\" class=\"size-full wp-image-899\" src=\"https:\/\/www.byter.de\/wordpress\/wp-content\/uploads\/2013\/06\/Spodmol_Gruppe_600.jpg\" alt=\"Gruppenfoto in der Markov Spodmol\" width=\"600\" height=\"463\" srcset=\"https:\/\/www.byter.de\/wordpress\/wp-content\/uploads\/2013\/06\/Spodmol_Gruppe_600.jpg 600w, https:\/\/www.byter.de\/wordpress\/wp-content\/uploads\/2013\/06\/Spodmol_Gruppe_600-300x231.jpg 300w\" sizes=\"(max-width: 600px) 100vw, 600px\" \/><p id=\"caption-attachment-899\" class=\"wp-caption-text\">Gruppenfoto in der Markov Spodmol<\/p><\/div>\n<p>&nbsp;<\/p>\n<p>qByter,\u00a0 Mai\/Juni 2013<\/p>\n<address><a href=\"https:\/\/www.byter.de\/wordpress\/?page_id=818\">Link zum 1. Teil des Tourberichts<\/a><\/address>\n<p>&nbsp;<\/p>\n","protected":false},"excerpt":{"rendered":"<p>eXentriX Tour 2013 &#8211; Slowenien Tourbericht, Teil 2 Urspr\u00fcnglich stand f\u00fcr den Mittwoch eine Befahrung der Kacna Jama auf unserem Programm &#8211; mit mehr als 200m senkrechter Seilstrecke und gem\u00fctlichen 14 Umstiegsstellen im Einstiegsschacht. Nach den Erfahrungen der ersten Tage, &hellip; <a href=\"https:\/\/www.byter.de\/wordpress\/?page_id=875\">Weiterlesen <span class=\"meta-nav\">&rarr;<\/span><\/a><\/p>\n","protected":false},"author":1,"featured_media":874,"parent":644,"menu_order":17,"comment_status":"open","ping_status":"open","template":"","meta":{"ngg_post_thumbnail":0},"_links":{"self":[{"href":"https:\/\/www.byter.de\/wordpress\/index.php?rest_route=\/wp\/v2\/pages\/875"}],"collection":[{"href":"https:\/\/www.byter.de\/wordpress\/index.php?rest_route=\/wp\/v2\/pages"}],"about":[{"href":"https:\/\/www.byter.de\/wordpress\/index.php?rest_route=\/wp\/v2\/types\/page"}],"author":[{"embeddable":true,"href":"https:\/\/www.byter.de\/wordpress\/index.php?rest_route=\/wp\/v2\/users\/1"}],"replies":[{"embeddable":true,"href":"https:\/\/www.byter.de\/wordpress\/index.php?rest_route=%2Fwp%2Fv2%2Fcomments&post=875"}],"version-history":[{"count":39,"href":"https:\/\/www.byter.de\/wordpress\/index.php?rest_route=\/wp\/v2\/pages\/875\/revisions"}],"predecessor-version":[{"id":1224,"href":"https:\/\/www.byter.de\/wordpress\/index.php?rest_route=\/wp\/v2\/pages\/875\/revisions\/1224"}],"up":[{"embeddable":true,"href":"https:\/\/www.byter.de\/wordpress\/index.php?rest_route=\/wp\/v2\/pages\/644"}],"wp:featuredmedia":[{"embeddable":true,"href":"https:\/\/www.byter.de\/wordpress\/index.php?rest_route=\/wp\/v2\/media\/874"}],"wp:attachment":[{"href":"https:\/\/www.byter.de\/wordpress\/index.php?rest_route=%2Fwp%2Fv2%2Fmedia&parent=875"}],"curies":[{"name":"wp","href":"https:\/\/api.w.org\/{rel}","templated":true}]}}