{"id":945,"date":"2013-12-11T22:53:46","date_gmt":"2013-12-11T21:53:46","guid":{"rendered":"http:\/\/www.byter.de\/wordpress\/?page_id=945"},"modified":"2019-09-23T14:39:00","modified_gmt":"2019-09-23T13:39:00","slug":"kuba-2013","status":"publish","type":"page","link":"https:\/\/www.byter.de\/wordpress\/?page_id=945","title":{"rendered":"Kuba 2013"},"content":{"rendered":"<p>Wenn man an Kuba denkt, kommen einem vermutlich als erstes Dinge wie Sozialismus, die kubanische Revolution (<em>Viva la revolucion!<\/em>), Oldtimer, Zigarren und Rum in den Sinn. Zumindest ging mir das so \ud83d\ude09<\/p>\n<div id=\"attachment_955\" style=\"width: 389px\" class=\"wp-caption aligncenter\"><img aria-describedby=\"caption-attachment-955\" decoding=\"async\" loading=\"lazy\" class=\"size-full wp-image-955\" src=\"https:\/\/www.byter.de\/wordpress\/wp-content\/uploads\/2013\/12\/Havanna_YellowCabrio1_Jpg_500h.jpg\" alt=\"Reisebericht KUBA\" width=\"379\" height=\"500\" srcset=\"https:\/\/www.byter.de\/wordpress\/wp-content\/uploads\/2013\/12\/Havanna_YellowCabrio1_Jpg_500h.jpg 379w, https:\/\/www.byter.de\/wordpress\/wp-content\/uploads\/2013\/12\/Havanna_YellowCabrio1_Jpg_500h-227x300.jpg 227w\" sizes=\"(max-width: 379px) 100vw, 379px\" \/><p id=\"caption-attachment-955\" class=\"wp-caption-text\">Oldtimer in Havanna<\/p><\/div>\n<p>Irgendwann im Fr\u00fchjahr dieses Jahres fiel recht spontan der Entschluss, den Sommerurlaub 2013 auf dieser faszinierenden S\u00fcdsee-Insel zu verbringen.&nbsp; Es sollte aber nat\u00fcrlich kein reiner Strandurlaub werden, sondern auch ein wenig Land &amp; Leute erkundet werden. An den ersten 8 von insgesamt 15 Tagen ging es mit dem Bus auf eine fr\u00f6hliche Rundreise durch den Westen des Landes&#8230;<\/p>\n<p>Die ersten 4 N\u00e4chte verbrachten wir in der Hauptstadt Havanna und absolvierten das volle &#8222;Touri-Programm&#8220;: vom Rum-Museum \u00fcber die alte Festung, einer Rund-Tour mit dem Doppeldecker (und dem Oldtimer), einem Besuch des 56 Hektar gro\u00dfen Friedhofs&nbsp;<em>Cementerio Crist\u00f3bal Col\u00f3n<\/em> bis hin zur nat\u00fcrlich obligatorischen <em>Bodegita del Medio<\/em> und der <em>La Floridita<\/em>, der Geburtsst\u00e4tte des Daiquiri \ud83d\ude09<\/p>\n<div id=\"attachment_1019\" style=\"width: 510px\" class=\"wp-caption aligncenter\"><img aria-describedby=\"caption-attachment-1019\" decoding=\"async\" loading=\"lazy\" class=\"size-full wp-image-1019\" src=\"https:\/\/www.byter.de\/wordpress\/wp-content\/uploads\/2013\/12\/Daiquiri1_500.jpg\" alt=\"El Floridita\" width=\"500\" height=\"360\" srcset=\"https:\/\/www.byter.de\/wordpress\/wp-content\/uploads\/2013\/12\/Daiquiri1_500.jpg 500w, https:\/\/www.byter.de\/wordpress\/wp-content\/uploads\/2013\/12\/Daiquiri1_500-300x216.jpg 300w\" sizes=\"(max-width: 500px) 100vw, 500px\" \/><p id=\"caption-attachment-1019\" class=\"wp-caption-text\">El Floridita<\/p><\/div>\n<p>Am dritten Tag ging\u00b4s weiter nach <em>Pinar del Rio<\/em>, ins Herz der kubanischen Tabakregion &#8211; F\u00fcr mich als leidenschaftlichen&nbsp;Aficionado nat\u00fcrlich Pflicht :). Dort stand auch ein Besuch der Trinidad-Zigarrenfabrik auf dem Programm &#8211; sehr interessant, den ganzen Prozess einmal live zu erleben, Respekt vor der Handwerkskunst der Zigarrenroller. (Leider waren Fotos in der Fabrik nicht erlaubt, daher mussten allerhand Zigarren als Mitbringsel reichen ;))<\/p>\n<p>Auf dem R\u00fcckweg stand dann noch das <em>Vinales<\/em>-Tal auf dem Programm &#8211; eine gr\u00fcne Oase, die als eine der sch\u00f6nsten Landschaften Kubas gilt -, bevor es zur\u00fcck ins Hotel nach Havanna ging.<\/p>\n<p>Am 5. Tag ging es mit Ziel <em>Trinidad<\/em> zun\u00e4chst nach <em>Cienfuegos<\/em>, wo wir ein wenig das St\u00e4dtchen und den Hafen erkundet haben, bevor es zur \u00dcbernachtung in einer kleinen Bungalowanlage ging.<\/p>\n<div id=\"attachment_1020\" style=\"width: 510px\" class=\"wp-caption aligncenter\"><img aria-describedby=\"caption-attachment-1020\" decoding=\"async\" loading=\"lazy\" class=\"size-full wp-image-1020\" src=\"https:\/\/www.byter.de\/wordpress\/wp-content\/uploads\/2013\/12\/Trinidad_BlueTaxi1_500.jpg\" alt=\"Taxi in Trinidad\" width=\"500\" height=\"335\" srcset=\"https:\/\/www.byter.de\/wordpress\/wp-content\/uploads\/2013\/12\/Trinidad_BlueTaxi1_500.jpg 500w, https:\/\/www.byter.de\/wordpress\/wp-content\/uploads\/2013\/12\/Trinidad_BlueTaxi1_500-300x201.jpg 300w\" sizes=\"(max-width: 500px) 100vw, 500px\" \/><p id=\"caption-attachment-1020\" class=\"wp-caption-text\">Taxi in Trinidad<\/p><\/div>\n<p>Der 6. und 7. Tag galt jeweils <em>Trinidad<\/em> &#8211; einem wirklich sehr sympatischem St\u00e4dtchen im Kolonialflair, das neben Havanna f\u00fcr mich das Highlight unserer kleinen Rundreise war. Vor allem ein Abend in der <em>Casa de la musica<\/em> mit Zigarre, Rum und Livemusik bleibt wohl unvergesslich&#8230;<\/p>\n<p>Am 8. Tag ging es schlie\u00dflich in die &#8222;Republik Varadero&#8220; zum erholsamen Strandurlaub. Ein ziemlicher Kontrast zum &#8222;echten&#8220; Kuba, aber ideal, um die vielen Eindr\u00fccke dieses faszinierenden Landes zu verarbeiten und beim Blick auf\u00b4s Meer die Seele baumeln zu lassen&#8230;<\/p>\n<p>Ein paar fotografische Eindr\u00fccke:<\/p>\n<p style=\"text-align: center;\"><!-- default-view.php -->\n<div\n\tclass=\"ngg-galleryoverview default-view \"\n\tid=\"ngg-gallery-80f7b649fc687f769a33a02f7bab08f2-1\">\n\n\t\t<!-- Thumbnails -->\n\t\t\t\t<div id=\"ngg-image-0\" class=\"ngg-gallery-thumbnail-box \" >\n\t\t\t\t        <div class=\"ngg-gallery-thumbnail\">\n            <a href=\"https:\/\/www.byter.de\/wordpress\/wp-content\/gallery\/kuba\/havanna_yellowcabrio1_jpg_1100h.jpg\"\n               title=\"Oldtimer vor historischer Kulisse in Havanna\"\n               data-src=\"https:\/\/www.byter.de\/wordpress\/wp-content\/gallery\/kuba\/havanna_yellowcabrio1_jpg_1100h.jpg\"\n               data-thumbnail=\"https:\/\/www.byter.de\/wordpress\/wp-content\/gallery\/kuba\/thumbs\/thumbs_havanna_yellowcabrio1_jpg_1100h.jpg\"\n               data-image-id=\"719\"\n               data-title=\"havanna_yellowcabrio1_jpg_1100h\"\n               data-description=\"Oldtimer vor historischer Kulisse in Havanna\"\n               data-image-slug=\"havanna_yellowcabrio1_jpg_1100h\"\n               class=\"ngg-fancybox\" rel=\"80f7b649fc687f769a33a02f7bab08f2\">\n                <img\n                    title=\"havanna_yellowcabrio1_jpg_1100h\"\n                    alt=\"havanna_yellowcabrio1_jpg_1100h\"\n                    src=\"https:\/\/www.byter.de\/wordpress\/wp-content\/gallery\/kuba\/thumbs\/thumbs_havanna_yellowcabrio1_jpg_1100h.jpg\"\n                    width=\"100\"\n                    height=\"75\"\n                    style=\"max-width:100%;\"\n                \/>\n            <\/a>\n        <\/div>\n\t\t\t\t\t\t\t<\/div> \n\t\t\t\n\t\t\t\t<div id=\"ngg-image-1\" class=\"ngg-gallery-thumbnail-box \" >\n\t\t\t\t        <div class=\"ngg-gallery-thumbnail\">\n            <a href=\"https:\/\/www.byter.de\/wordpress\/wp-content\/gallery\/kuba\/havanna_oldtimer2_1200.jpg\"\n               title=\"Verkehrschaos in Havanna\"\n               data-src=\"https:\/\/www.byter.de\/wordpress\/wp-content\/gallery\/kuba\/havanna_oldtimer2_1200.jpg\"\n               data-thumbnail=\"https:\/\/www.byter.de\/wordpress\/wp-content\/gallery\/kuba\/thumbs\/thumbs_havanna_oldtimer2_1200.jpg\"\n               data-image-id=\"726\"\n               data-title=\"havanna_oldtimer2_1200\"\n               data-description=\"Verkehrschaos in Havanna\"\n               data-image-slug=\"havanna_oldtimer2_1200\"\n               class=\"ngg-fancybox\" rel=\"80f7b649fc687f769a33a02f7bab08f2\">\n                <img\n                    title=\"havanna_oldtimer2_1200\"\n                    alt=\"havanna_oldtimer2_1200\"\n                    src=\"https:\/\/www.byter.de\/wordpress\/wp-content\/gallery\/kuba\/thumbs\/thumbs_havanna_oldtimer2_1200.jpg\"\n                    width=\"100\"\n                    height=\"75\"\n                    style=\"max-width:100%;\"\n                \/>\n            <\/a>\n        <\/div>\n\t\t\t\t\t\t\t<\/div> \n\t\t\t\n\t\t\t\t<div id=\"ngg-image-2\" class=\"ngg-gallery-thumbnail-box \" >\n\t\t\t\t        <div class=\"ngg-gallery-thumbnail\">\n            <a href=\"https:\/\/www.byter.de\/wordpress\/wp-content\/gallery\/kuba\/tower1_1000.jpg\"\n               title=\"Lebendiger Sozialismus...\"\n               data-src=\"https:\/\/www.byter.de\/wordpress\/wp-content\/gallery\/kuba\/tower1_1000.jpg\"\n               data-thumbnail=\"https:\/\/www.byter.de\/wordpress\/wp-content\/gallery\/kuba\/thumbs\/thumbs_tower1_1000.jpg\"\n               data-image-id=\"727\"\n               data-title=\"tower1_1000\"\n               data-description=\"Lebendiger Sozialismus...\"\n               data-image-slug=\"tower1_1000\"\n               class=\"ngg-fancybox\" rel=\"80f7b649fc687f769a33a02f7bab08f2\">\n                <img\n                    title=\"tower1_1000\"\n                    alt=\"tower1_1000\"\n                    src=\"https:\/\/www.byter.de\/wordpress\/wp-content\/gallery\/kuba\/thumbs\/thumbs_tower1_1000.jpg\"\n                    width=\"100\"\n                    height=\"75\"\n                    style=\"max-width:100%;\"\n                \/>\n            <\/a>\n        <\/div>\n\t\t\t\t\t\t\t<\/div> \n\t\t\t\n\t\t\t\t<div id=\"ngg-image-3\" class=\"ngg-gallery-thumbnail-box \" >\n\t\t\t\t        <div class=\"ngg-gallery-thumbnail\">\n            <a href=\"https:\/\/www.byter.de\/wordpress\/wp-content\/gallery\/kuba\/havanna_oldtimer1_1200.jpg\"\n               title=\"Oldtimer in Havanna\"\n               data-src=\"https:\/\/www.byter.de\/wordpress\/wp-content\/gallery\/kuba\/havanna_oldtimer1_1200.jpg\"\n               data-thumbnail=\"https:\/\/www.byter.de\/wordpress\/wp-content\/gallery\/kuba\/thumbs\/thumbs_havanna_oldtimer1_1200.jpg\"\n               data-image-id=\"725\"\n               data-title=\"havanna_oldtimer1_1200\"\n               data-description=\"Oldtimer in Havanna\"\n               data-image-slug=\"havanna_oldtimer1_1200\"\n               class=\"ngg-fancybox\" rel=\"80f7b649fc687f769a33a02f7bab08f2\">\n                <img\n                    title=\"havanna_oldtimer1_1200\"\n                    alt=\"havanna_oldtimer1_1200\"\n                    src=\"https:\/\/www.byter.de\/wordpress\/wp-content\/gallery\/kuba\/thumbs\/thumbs_havanna_oldtimer1_1200.jpg\"\n                    width=\"100\"\n                    height=\"75\"\n                    style=\"max-width:100%;\"\n                \/>\n            <\/a>\n        <\/div>\n\t\t\t\t\t\t\t<\/div> \n\t\t\t\n\t\t\t\t<div id=\"ngg-image-4\" class=\"ngg-gallery-thumbnail-box \" >\n\t\t\t\t        <div class=\"ngg-gallery-thumbnail\">\n            <a href=\"https:\/\/www.byter.de\/wordpress\/wp-content\/gallery\/kuba\/daiquiri1_1200.jpg\"\n               title=\"El Floridita Bar\"\n               data-src=\"https:\/\/www.byter.de\/wordpress\/wp-content\/gallery\/kuba\/daiquiri1_1200.jpg\"\n               data-thumbnail=\"https:\/\/www.byter.de\/wordpress\/wp-content\/gallery\/kuba\/thumbs\/thumbs_daiquiri1_1200.jpg\"\n               data-image-id=\"718\"\n               data-title=\"daiquiri1_1200\"\n               data-description=\"El Floridita Bar\"\n               data-image-slug=\"daiquiri1_1200\"\n               class=\"ngg-fancybox\" rel=\"80f7b649fc687f769a33a02f7bab08f2\">\n                <img\n                    title=\"daiquiri1_1200\"\n                    alt=\"daiquiri1_1200\"\n                    src=\"https:\/\/www.byter.de\/wordpress\/wp-content\/gallery\/kuba\/thumbs\/thumbs_daiquiri1_1200.jpg\"\n                    width=\"100\"\n                    height=\"75\"\n                    style=\"max-width:100%;\"\n                \/>\n            <\/a>\n        <\/div>\n\t\t\t\t\t\t\t<\/div> \n\t\t\t\n\t\t\t\t<div id=\"ngg-image-5\" class=\"ngg-gallery-thumbnail-box \" >\n\t\t\t\t        <div class=\"ngg-gallery-thumbnail\">\n            <a href=\"https:\/\/www.byter.de\/wordpress\/wp-content\/gallery\/kuba\/adelaida1_1000h.jpg\"\n               title=\"Senora Adelaida\"\n               data-src=\"https:\/\/www.byter.de\/wordpress\/wp-content\/gallery\/kuba\/adelaida1_1000h.jpg\"\n               data-thumbnail=\"https:\/\/www.byter.de\/wordpress\/wp-content\/gallery\/kuba\/thumbs\/thumbs_adelaida1_1000h.jpg\"\n               data-image-id=\"717\"\n               data-title=\"adelaida1_1000h\"\n               data-description=\"Senora Adelaida\"\n               data-image-slug=\"adelaida1_1000h\"\n               class=\"ngg-fancybox\" rel=\"80f7b649fc687f769a33a02f7bab08f2\">\n                <img\n                    title=\"adelaida1_1000h\"\n                    alt=\"adelaida1_1000h\"\n                    src=\"https:\/\/www.byter.de\/wordpress\/wp-content\/gallery\/kuba\/thumbs\/thumbs_adelaida1_1000h.jpg\"\n                    width=\"100\"\n                    height=\"75\"\n                    style=\"max-width:100%;\"\n                \/>\n            <\/a>\n        <\/div>\n\t\t\t\t\t\t\t<\/div> \n\t\t\t\n\t\t\t\t<div id=\"ngg-image-6\" class=\"ngg-gallery-thumbnail-box \" >\n\t\t\t\t        <div class=\"ngg-gallery-thumbnail\">\n            <a href=\"https:\/\/www.byter.de\/wordpress\/wp-content\/gallery\/kuba\/bootstreet_1000.jpg\"\n               title=\"Durchfahrt f\u00fcr Moppeds verboten!\"\n               data-src=\"https:\/\/www.byter.de\/wordpress\/wp-content\/gallery\/kuba\/bootstreet_1000.jpg\"\n               data-thumbnail=\"https:\/\/www.byter.de\/wordpress\/wp-content\/gallery\/kuba\/thumbs\/thumbs_bootstreet_1000.jpg\"\n               data-image-id=\"721\"\n               data-title=\"bootstreet_1000\"\n               data-description=\"Durchfahrt f\u00fcr Moppeds verboten!\"\n               data-image-slug=\"bootstreet_1000\"\n               class=\"ngg-fancybox\" rel=\"80f7b649fc687f769a33a02f7bab08f2\">\n                <img\n                    title=\"bootstreet_1000\"\n                    alt=\"bootstreet_1000\"\n                    src=\"https:\/\/www.byter.de\/wordpress\/wp-content\/gallery\/kuba\/thumbs\/thumbs_bootstreet_1000.jpg\"\n                    width=\"100\"\n                    height=\"75\"\n                    style=\"max-width:100%;\"\n                \/>\n            <\/a>\n        <\/div>\n\t\t\t\t\t\t\t<\/div> \n\t\t\t\n\t\t\t\t<div id=\"ngg-image-7\" class=\"ngg-gallery-thumbnail-box \" >\n\t\t\t\t        <div class=\"ngg-gallery-thumbnail\">\n            <a href=\"https:\/\/www.byter.de\/wordpress\/wp-content\/gallery\/kuba\/che_haus1_1200.jpg\"\n               title=\"Ch\u00e9!\"\n               data-src=\"https:\/\/www.byter.de\/wordpress\/wp-content\/gallery\/kuba\/che_haus1_1200.jpg\"\n               data-thumbnail=\"https:\/\/www.byter.de\/wordpress\/wp-content\/gallery\/kuba\/thumbs\/thumbs_che_haus1_1200.jpg\"\n               data-image-id=\"723\"\n               data-title=\"che_haus1_1200\"\n               data-description=\"Ch\u00e9!\"\n               data-image-slug=\"che_haus1_1200\"\n               class=\"ngg-fancybox\" rel=\"80f7b649fc687f769a33a02f7bab08f2\">\n                <img\n                    title=\"che_haus1_1200\"\n                    alt=\"che_haus1_1200\"\n                    src=\"https:\/\/www.byter.de\/wordpress\/wp-content\/gallery\/kuba\/thumbs\/thumbs_che_haus1_1200.jpg\"\n                    width=\"100\"\n                    height=\"75\"\n                    style=\"max-width:100%;\"\n                \/>\n            <\/a>\n        <\/div>\n\t\t\t\t\t\t\t<\/div> \n\t\t\t\n\t\t\t\t<div id=\"ngg-image-8\" class=\"ngg-gallery-thumbnail-box \" >\n\t\t\t\t        <div class=\"ngg-gallery-thumbnail\">\n            <a href=\"https:\/\/www.byter.de\/wordpress\/wp-content\/gallery\/kuba\/el_policia1_1000h.jpg\"\n               title=\"La Policia\"\n               data-src=\"https:\/\/www.byter.de\/wordpress\/wp-content\/gallery\/kuba\/el_policia1_1000h.jpg\"\n               data-thumbnail=\"https:\/\/www.byter.de\/wordpress\/wp-content\/gallery\/kuba\/thumbs\/thumbs_el_policia1_1000h.jpg\"\n               data-image-id=\"724\"\n               data-title=\"el_policia1_1000h\"\n               data-description=\"La Policia\"\n               data-image-slug=\"el_policia1_1000h\"\n               class=\"ngg-fancybox\" rel=\"80f7b649fc687f769a33a02f7bab08f2\">\n                <img\n                    title=\"el_policia1_1000h\"\n                    alt=\"el_policia1_1000h\"\n                    src=\"https:\/\/www.byter.de\/wordpress\/wp-content\/gallery\/kuba\/thumbs\/thumbs_el_policia1_1000h.jpg\"\n                    width=\"100\"\n                    height=\"75\"\n                    style=\"max-width:100%;\"\n                \/>\n            <\/a>\n        <\/div>\n\t\t\t\t\t\t\t<\/div> \n\t\t\t\n\t\t\t\t<div id=\"ngg-image-9\" class=\"ngg-gallery-thumbnail-box \" >\n\t\t\t\t        <div class=\"ngg-gallery-thumbnail\">\n            <a href=\"https:\/\/www.byter.de\/wordpress\/wp-content\/gallery\/kuba\/havanna_club1_1000h.jpg\"\n               title=\"Havanna Club :)\"\n               data-src=\"https:\/\/www.byter.de\/wordpress\/wp-content\/gallery\/kuba\/havanna_club1_1000h.jpg\"\n               data-thumbnail=\"https:\/\/www.byter.de\/wordpress\/wp-content\/gallery\/kuba\/thumbs\/thumbs_havanna_club1_1000h.jpg\"\n               data-image-id=\"748\"\n               data-title=\"havanna_club1_1000h\"\n               data-description=\"Havanna Club :)\"\n               data-image-slug=\"havanna_club1_1000h\"\n               class=\"ngg-fancybox\" rel=\"80f7b649fc687f769a33a02f7bab08f2\">\n                <img\n                    title=\"havanna_club1_1000h\"\n                    alt=\"havanna_club1_1000h\"\n                    src=\"https:\/\/www.byter.de\/wordpress\/wp-content\/gallery\/kuba\/thumbs\/thumbs_havanna_club1_1000h.jpg\"\n                    width=\"100\"\n                    height=\"75\"\n                    style=\"max-width:100%;\"\n                \/>\n            <\/a>\n        <\/div>\n\t\t\t\t\t\t\t<\/div> \n\t\t\t\n\t\t\t\t<div id=\"ngg-image-10\" class=\"ngg-gallery-thumbnail-box \" >\n\t\t\t\t        <div class=\"ngg-gallery-thumbnail\">\n            <a href=\"https:\/\/www.byter.de\/wordpress\/wp-content\/gallery\/kuba\/friedhof1_1200.jpg\"\n               title=\"Cementerio Crist\u00f3bal Col\u00f3n\"\n               data-src=\"https:\/\/www.byter.de\/wordpress\/wp-content\/gallery\/kuba\/friedhof1_1200.jpg\"\n               data-thumbnail=\"https:\/\/www.byter.de\/wordpress\/wp-content\/gallery\/kuba\/thumbs\/thumbs_friedhof1_1200.jpg\"\n               data-image-id=\"747\"\n               data-title=\"friedhof1_1200\"\n               data-description=\"Cementerio Crist\u00f3bal Col\u00f3n\"\n               data-image-slug=\"friedhof1_1200\"\n               class=\"ngg-fancybox\" rel=\"80f7b649fc687f769a33a02f7bab08f2\">\n                <img\n                    title=\"friedhof1_1200\"\n                    alt=\"friedhof1_1200\"\n                    src=\"https:\/\/www.byter.de\/wordpress\/wp-content\/gallery\/kuba\/thumbs\/thumbs_friedhof1_1200.jpg\"\n                    width=\"100\"\n                    height=\"75\"\n                    style=\"max-width:100%;\"\n                \/>\n            <\/a>\n        <\/div>\n\t\t\t\t\t\t\t<\/div> \n\t\t\t\n\t\t\t\t<div id=\"ngg-image-11\" class=\"ngg-gallery-thumbnail-box \" >\n\t\t\t\t        <div class=\"ngg-gallery-thumbnail\">\n            <a href=\"https:\/\/www.byter.de\/wordpress\/wp-content\/gallery\/kuba\/castell_saenger_1200.jpg\"\n               title=\"Castell mit Kapelle :)\"\n               data-src=\"https:\/\/www.byter.de\/wordpress\/wp-content\/gallery\/kuba\/castell_saenger_1200.jpg\"\n               data-thumbnail=\"https:\/\/www.byter.de\/wordpress\/wp-content\/gallery\/kuba\/thumbs\/thumbs_castell_saenger_1200.jpg\"\n               data-image-id=\"722\"\n               data-title=\"castell_saenger_1200\"\n               data-description=\"Castell mit Kapelle :)\"\n               data-image-slug=\"castell_saenger_1200\"\n               class=\"ngg-fancybox\" rel=\"80f7b649fc687f769a33a02f7bab08f2\">\n                <img\n                    title=\"castell_saenger_1200\"\n                    alt=\"castell_saenger_1200\"\n                    src=\"https:\/\/www.byter.de\/wordpress\/wp-content\/gallery\/kuba\/thumbs\/thumbs_castell_saenger_1200.jpg\"\n                    width=\"100\"\n                    height=\"75\"\n                    style=\"max-width:100%;\"\n                \/>\n            <\/a>\n        <\/div>\n\t\t\t\t\t\t\t<\/div> \n\t\t\t\n\t\t\t\t<div id=\"ngg-image-12\" class=\"ngg-gallery-thumbnail-box \" >\n\t\t\t\t        <div class=\"ngg-gallery-thumbnail\">\n            <a href=\"https:\/\/www.byter.de\/wordpress\/wp-content\/gallery\/kuba\/trinidad_bluetaxi1_1200.jpg\"\n               title=\"Taxi in Trinidad\"\n               data-src=\"https:\/\/www.byter.de\/wordpress\/wp-content\/gallery\/kuba\/trinidad_bluetaxi1_1200.jpg\"\n               data-thumbnail=\"https:\/\/www.byter.de\/wordpress\/wp-content\/gallery\/kuba\/thumbs\/thumbs_trinidad_bluetaxi1_1200.jpg\"\n               data-image-id=\"720\"\n               data-title=\"trinidad_bluetaxi1_1200\"\n               data-description=\"Taxi in Trinidad\"\n               data-image-slug=\"trinidad_bluetaxi1_1200\"\n               class=\"ngg-fancybox\" rel=\"80f7b649fc687f769a33a02f7bab08f2\">\n                <img\n                    title=\"trinidad_bluetaxi1_1200\"\n                    alt=\"trinidad_bluetaxi1_1200\"\n                    src=\"https:\/\/www.byter.de\/wordpress\/wp-content\/gallery\/kuba\/thumbs\/thumbs_trinidad_bluetaxi1_1200.jpg\"\n                    width=\"100\"\n                    height=\"75\"\n                    style=\"max-width:100%;\"\n                \/>\n            <\/a>\n        <\/div>\n\t\t\t\t\t\t\t<\/div> \n\t\t\t\n\t\t\t\t<div id=\"ngg-image-13\" class=\"ngg-gallery-thumbnail-box \" >\n\t\t\t\t        <div class=\"ngg-gallery-thumbnail\">\n            <a href=\"https:\/\/www.byter.de\/wordpress\/wp-content\/gallery\/kuba\/zigarrenroller_1200.jpg\"\n               title=\"Zigarrenroller\"\n               data-src=\"https:\/\/www.byter.de\/wordpress\/wp-content\/gallery\/kuba\/zigarrenroller_1200.jpg\"\n               data-thumbnail=\"https:\/\/www.byter.de\/wordpress\/wp-content\/gallery\/kuba\/thumbs\/thumbs_zigarrenroller_1200.jpg\"\n               data-image-id=\"746\"\n               data-title=\"zigarrenroller_1200\"\n               data-description=\"Zigarrenroller\"\n               data-image-slug=\"zigarrenroller_1200\"\n               class=\"ngg-fancybox\" rel=\"80f7b649fc687f769a33a02f7bab08f2\">\n                <img\n                    title=\"zigarrenroller_1200\"\n                    alt=\"zigarrenroller_1200\"\n                    src=\"https:\/\/www.byter.de\/wordpress\/wp-content\/gallery\/kuba\/thumbs\/thumbs_zigarrenroller_1200.jpg\"\n                    width=\"100\"\n                    height=\"75\"\n                    style=\"max-width:100%;\"\n                \/>\n            <\/a>\n        <\/div>\n\t\t\t\t\t\t\t<\/div> \n\t\t\t\n\t\t\t\t<div id=\"ngg-image-14\" class=\"ngg-gallery-thumbnail-box \" >\n\t\t\t\t        <div class=\"ngg-gallery-thumbnail\">\n            <a href=\"https:\/\/www.byter.de\/wordpress\/wp-content\/gallery\/kuba\/trinidad_haus1_1200.jpg\"\n               title=\"Koloniales Trinidad\"\n               data-src=\"https:\/\/www.byter.de\/wordpress\/wp-content\/gallery\/kuba\/trinidad_haus1_1200.jpg\"\n               data-thumbnail=\"https:\/\/www.byter.de\/wordpress\/wp-content\/gallery\/kuba\/thumbs\/thumbs_trinidad_haus1_1200.jpg\"\n               data-image-id=\"733\"\n               data-title=\"trinidad_haus1_1200\"\n               data-description=\"Koloniales Trinidad\"\n               data-image-slug=\"trinidad_haus1_1200\"\n               class=\"ngg-fancybox\" rel=\"80f7b649fc687f769a33a02f7bab08f2\">\n                <img\n                    title=\"trinidad_haus1_1200\"\n                    alt=\"trinidad_haus1_1200\"\n                    src=\"https:\/\/www.byter.de\/wordpress\/wp-content\/gallery\/kuba\/thumbs\/thumbs_trinidad_haus1_1200.jpg\"\n                    width=\"100\"\n                    height=\"75\"\n                    style=\"max-width:100%;\"\n                \/>\n            <\/a>\n        <\/div>\n\t\t\t\t\t\t\t<\/div> \n\t\t\t\n\t\t\t\t<div id=\"ngg-image-15\" class=\"ngg-gallery-thumbnail-box \" >\n\t\t\t\t        <div class=\"ngg-gallery-thumbnail\">\n            <a href=\"https:\/\/www.byter.de\/wordpress\/wp-content\/gallery\/kuba\/vienales1_fromtop_1200.jpg\"\n               title=\"Vinales-Tal\"\n               data-src=\"https:\/\/www.byter.de\/wordpress\/wp-content\/gallery\/kuba\/vienales1_fromtop_1200.jpg\"\n               data-thumbnail=\"https:\/\/www.byter.de\/wordpress\/wp-content\/gallery\/kuba\/thumbs\/thumbs_vienales1_fromtop_1200.jpg\"\n               data-image-id=\"728\"\n               data-title=\"vienales1_fromtop_1200\"\n               data-description=\"Vinales-Tal\"\n               data-image-slug=\"vienales1_fromtop_1200\"\n               class=\"ngg-fancybox\" rel=\"80f7b649fc687f769a33a02f7bab08f2\">\n                <img\n                    title=\"vienales1_fromtop_1200\"\n                    alt=\"vienales1_fromtop_1200\"\n                    src=\"https:\/\/www.byter.de\/wordpress\/wp-content\/gallery\/kuba\/thumbs\/thumbs_vienales1_fromtop_1200.jpg\"\n                    width=\"100\"\n                    height=\"75\"\n                    style=\"max-width:100%;\"\n                \/>\n            <\/a>\n        <\/div>\n\t\t\t\t\t\t\t<\/div> \n\t\t\t\n\t\t\t\t<div id=\"ngg-image-16\" class=\"ngg-gallery-thumbnail-box \" >\n\t\t\t\t        <div class=\"ngg-gallery-thumbnail\">\n            <a href=\"https:\/\/www.byter.de\/wordpress\/wp-content\/gallery\/kuba\/vienales2_turmblick_1200.jpg\"\n               title=\"Blick vom Iznaga-Turm in Vinales\"\n               data-src=\"https:\/\/www.byter.de\/wordpress\/wp-content\/gallery\/kuba\/vienales2_turmblick_1200.jpg\"\n               data-thumbnail=\"https:\/\/www.byter.de\/wordpress\/wp-content\/gallery\/kuba\/thumbs\/thumbs_vienales2_turmblick_1200.jpg\"\n               data-image-id=\"734\"\n               data-title=\"vienales2_turmblick_1200\"\n               data-description=\"Blick vom Iznaga-Turm in Vinales\"\n               data-image-slug=\"vienales2_turmblick_1200\"\n               class=\"ngg-fancybox\" rel=\"80f7b649fc687f769a33a02f7bab08f2\">\n                <img\n                    title=\"vienales2_turmblick_1200\"\n                    alt=\"vienales2_turmblick_1200\"\n                    src=\"https:\/\/www.byter.de\/wordpress\/wp-content\/gallery\/kuba\/thumbs\/thumbs_vienales2_turmblick_1200.jpg\"\n                    width=\"100\"\n                    height=\"75\"\n                    style=\"max-width:100%;\"\n                \/>\n            <\/a>\n        <\/div>\n\t\t\t\t\t\t\t<\/div> \n\t\t\t\n\t\t\t\t<div id=\"ngg-image-17\" class=\"ngg-gallery-thumbnail-box \" >\n\t\t\t\t        <div class=\"ngg-gallery-thumbnail\">\n            <a href=\"https:\/\/www.byter.de\/wordpress\/wp-content\/gallery\/kuba\/oldtimer1_1200.jpg\"\n               title=\"Oldtimer wohin man schaut\"\n               data-src=\"https:\/\/www.byter.de\/wordpress\/wp-content\/gallery\/kuba\/oldtimer1_1200.jpg\"\n               data-thumbnail=\"https:\/\/www.byter.de\/wordpress\/wp-content\/gallery\/kuba\/thumbs\/thumbs_oldtimer1_1200.jpg\"\n               data-image-id=\"731\"\n               data-title=\"oldtimer1_1200\"\n               data-description=\"Oldtimer wohin man schaut\"\n               data-image-slug=\"oldtimer1_1200\"\n               class=\"ngg-fancybox\" rel=\"80f7b649fc687f769a33a02f7bab08f2\">\n                <img\n                    title=\"oldtimer1_1200\"\n                    alt=\"oldtimer1_1200\"\n                    src=\"https:\/\/www.byter.de\/wordpress\/wp-content\/gallery\/kuba\/thumbs\/thumbs_oldtimer1_1200.jpg\"\n                    width=\"100\"\n                    height=\"75\"\n                    style=\"max-width:100%;\"\n                \/>\n            <\/a>\n        <\/div>\n\t\t\t\t\t\t\t<\/div> \n\t\t\t\n\t\t\t\t<div id=\"ngg-image-18\" class=\"ngg-gallery-thumbnail-box \" >\n\t\t\t\t        <div class=\"ngg-gallery-thumbnail\">\n            <a href=\"https:\/\/www.byter.de\/wordpress\/wp-content\/gallery\/kuba\/oldtimer2_1000h.jpg\"\n               title=\"Noch ein Oldtimer ;)\"\n               data-src=\"https:\/\/www.byter.de\/wordpress\/wp-content\/gallery\/kuba\/oldtimer2_1000h.jpg\"\n               data-thumbnail=\"https:\/\/www.byter.de\/wordpress\/wp-content\/gallery\/kuba\/thumbs\/thumbs_oldtimer2_1000h.jpg\"\n               data-image-id=\"732\"\n               data-title=\"oldtimer2_1000h\"\n               data-description=\"Noch ein Oldtimer ;)\"\n               data-image-slug=\"oldtimer2_1000h\"\n               class=\"ngg-fancybox\" rel=\"80f7b649fc687f769a33a02f7bab08f2\">\n                <img\n                    title=\"oldtimer2_1000h\"\n                    alt=\"oldtimer2_1000h\"\n                    src=\"https:\/\/www.byter.de\/wordpress\/wp-content\/gallery\/kuba\/thumbs\/thumbs_oldtimer2_1000h.jpg\"\n                    width=\"100\"\n                    height=\"75\"\n                    style=\"max-width:100%;\"\n                \/>\n            <\/a>\n        <\/div>\n\t\t\t\t\t\t\t<\/div> \n\t\t\t\n\t\t\t\t<div id=\"ngg-image-19\" class=\"ngg-gallery-thumbnail-box \" >\n\t\t\t\t        <div class=\"ngg-gallery-thumbnail\">\n            <a href=\"https:\/\/www.byter.de\/wordpress\/wp-content\/gallery\/kuba\/customrolled1_900.jpg\"\n               title=\"Custom Rolled Cigars\"\n               data-src=\"https:\/\/www.byter.de\/wordpress\/wp-content\/gallery\/kuba\/customrolled1_900.jpg\"\n               data-thumbnail=\"https:\/\/www.byter.de\/wordpress\/wp-content\/gallery\/kuba\/thumbs\/thumbs_customrolled1_900.jpg\"\n               data-image-id=\"744\"\n               data-title=\"customrolled1_900\"\n               data-description=\"Custom Rolled Cigars\"\n               data-image-slug=\"customrolled1_900\"\n               class=\"ngg-fancybox\" rel=\"80f7b649fc687f769a33a02f7bab08f2\">\n                <img\n                    title=\"customrolled1_900\"\n                    alt=\"customrolled1_900\"\n                    src=\"https:\/\/www.byter.de\/wordpress\/wp-content\/gallery\/kuba\/thumbs\/thumbs_customrolled1_900.jpg\"\n                    width=\"100\"\n                    height=\"75\"\n                    style=\"max-width:100%;\"\n                \/>\n            <\/a>\n        <\/div>\n\t\t\t\t\t\t\t<\/div> \n\t\t\t\n\t\t\t\t<div id=\"ngg-image-20\" class=\"ngg-gallery-thumbnail-box \" >\n\t\t\t\t        <div class=\"ngg-gallery-thumbnail\">\n            <a href=\"https:\/\/www.byter.de\/wordpress\/wp-content\/gallery\/kuba\/oldtimer_parkplatz_1200.jpg\"\n               title=\"Pendlerparkplatz abseits der Touristenrouten\"\n               data-src=\"https:\/\/www.byter.de\/wordpress\/wp-content\/gallery\/kuba\/oldtimer_parkplatz_1200.jpg\"\n               data-thumbnail=\"https:\/\/www.byter.de\/wordpress\/wp-content\/gallery\/kuba\/thumbs\/thumbs_oldtimer_parkplatz_1200.jpg\"\n               data-image-id=\"738\"\n               data-title=\"oldtimer_parkplatz_1200\"\n               data-description=\"Pendlerparkplatz abseits der Touristenrouten\"\n               data-image-slug=\"oldtimer_parkplatz_1200\"\n               class=\"ngg-fancybox\" rel=\"80f7b649fc687f769a33a02f7bab08f2\">\n                <img\n                    title=\"oldtimer_parkplatz_1200\"\n                    alt=\"oldtimer_parkplatz_1200\"\n                    src=\"https:\/\/www.byter.de\/wordpress\/wp-content\/gallery\/kuba\/thumbs\/thumbs_oldtimer_parkplatz_1200.jpg\"\n                    width=\"100\"\n                    height=\"75\"\n                    style=\"max-width:100%;\"\n                \/>\n            <\/a>\n        <\/div>\n\t\t\t\t\t\t\t<\/div> \n\t\t\t\n\t\t\t\t<div id=\"ngg-image-21\" class=\"ngg-gallery-thumbnail-box \" >\n\t\t\t\t        <div class=\"ngg-gallery-thumbnail\">\n            <a href=\"https:\/\/www.byter.de\/wordpress\/wp-content\/gallery\/kuba\/stransliege_hdr1_1200.jpg\"\n               title=\"S\u00fcdseestrand\"\n               data-src=\"https:\/\/www.byter.de\/wordpress\/wp-content\/gallery\/kuba\/stransliege_hdr1_1200.jpg\"\n               data-thumbnail=\"https:\/\/www.byter.de\/wordpress\/wp-content\/gallery\/kuba\/thumbs\/thumbs_stransliege_hdr1_1200.jpg\"\n               data-image-id=\"739\"\n               data-title=\"stransliege_hdr1_1200\"\n               data-description=\"S\u00fcdseestrand\"\n               data-image-slug=\"stransliege_hdr1_1200\"\n               class=\"ngg-fancybox\" rel=\"80f7b649fc687f769a33a02f7bab08f2\">\n                <img\n                    title=\"stransliege_hdr1_1200\"\n                    alt=\"stransliege_hdr1_1200\"\n                    src=\"https:\/\/www.byter.de\/wordpress\/wp-content\/gallery\/kuba\/thumbs\/thumbs_stransliege_hdr1_1200.jpg\"\n                    width=\"100\"\n                    height=\"75\"\n                    style=\"max-width:100%;\"\n                \/>\n            <\/a>\n        <\/div>\n\t\t\t\t\t\t\t<\/div> \n\t\t\t\n\t\t\t\t<div id=\"ngg-image-22\" class=\"ngg-gallery-thumbnail-box \" >\n\t\t\t\t        <div class=\"ngg-gallery-thumbnail\">\n            <a href=\"https:\/\/www.byter.de\/wordpress\/wp-content\/gallery\/kuba\/sonnenuntergang_b_1000h.jpg\"\n               title=\"Sonnenuntergang in der S\u00fcdsee\"\n               data-src=\"https:\/\/www.byter.de\/wordpress\/wp-content\/gallery\/kuba\/sonnenuntergang_b_1000h.jpg\"\n               data-thumbnail=\"https:\/\/www.byter.de\/wordpress\/wp-content\/gallery\/kuba\/thumbs\/thumbs_sonnenuntergang_b_1000h.jpg\"\n               data-image-id=\"745\"\n               data-title=\"sonnenuntergang_b_1000h\"\n               data-description=\"Sonnenuntergang in der S\u00fcdsee\"\n               data-image-slug=\"sonnenuntergang_b_1000h\"\n               class=\"ngg-fancybox\" rel=\"80f7b649fc687f769a33a02f7bab08f2\">\n                <img\n                    title=\"sonnenuntergang_b_1000h\"\n                    alt=\"sonnenuntergang_b_1000h\"\n                    src=\"https:\/\/www.byter.de\/wordpress\/wp-content\/gallery\/kuba\/thumbs\/thumbs_sonnenuntergang_b_1000h.jpg\"\n                    width=\"100\"\n                    height=\"75\"\n                    style=\"max-width:100%;\"\n                \/>\n            <\/a>\n        <\/div>\n\t\t\t\t\t\t\t<\/div> \n\t\t\t\n\t\t\t\t<div id=\"ngg-image-23\" class=\"ngg-gallery-thumbnail-box \" >\n\t\t\t\t        <div class=\"ngg-gallery-thumbnail\">\n            <a href=\"https:\/\/www.byter.de\/wordpress\/wp-content\/gallery\/kuba\/unterwasser1_1000.jpg\"\n               title=\"Unterwasserwelt vor Varadero\"\n               data-src=\"https:\/\/www.byter.de\/wordpress\/wp-content\/gallery\/kuba\/unterwasser1_1000.jpg\"\n               data-thumbnail=\"https:\/\/www.byter.de\/wordpress\/wp-content\/gallery\/kuba\/thumbs\/thumbs_unterwasser1_1000.jpg\"\n               data-image-id=\"740\"\n               data-title=\"unterwasser1_1000\"\n               data-description=\"Unterwasserwelt vor Varadero\"\n               data-image-slug=\"unterwasser1_1000\"\n               class=\"ngg-fancybox\" rel=\"80f7b649fc687f769a33a02f7bab08f2\">\n                <img\n                    title=\"unterwasser1_1000\"\n                    alt=\"unterwasser1_1000\"\n                    src=\"https:\/\/www.byter.de\/wordpress\/wp-content\/gallery\/kuba\/thumbs\/thumbs_unterwasser1_1000.jpg\"\n                    width=\"100\"\n                    height=\"75\"\n                    style=\"max-width:100%;\"\n                \/>\n            <\/a>\n        <\/div>\n\t\t\t\t\t\t\t<\/div> \n\t\t\t\n\t\n\t<br style=\"clear: both\" \/>\n\n\t\n\t\t<!-- Pagination -->\n\t<div class='ngg-navigation'><span class='current'>1<\/span>\n<a class='page-numbers' data-pageid='2' href='https:\/\/www.byter.de\/wordpress\/index.php\/nggallery\/page\/2?page_id=945'>2<\/a>\n<a class='prev' href='https:\/\/www.byter.de\/wordpress\/index.php\/nggallery\/page\/2?page_id=945' data-pageid=2>&#9658;<\/a><\/div>\t<\/div>\n<\/p>\n<p style=\"text-align: center;\">Entstanden im August 2013.<\/p>\n<p style=\"text-align: center;\">\n","protected":false},"excerpt":{"rendered":"<p>Wenn man an Kuba denkt, kommen einem vermutlich als erstes Dinge wie Sozialismus, die kubanische Revolution (Viva la revolucion!), Oldtimer, Zigarren und Rum in den Sinn. Zumindest ging mir das so \ud83d\ude09 Irgendwann im Fr\u00fchjahr dieses Jahres fiel recht spontan &hellip; <a href=\"https:\/\/www.byter.de\/wordpress\/?page_id=945\">Weiterlesen <span class=\"meta-nav\">&rarr;<\/span><\/a><\/p>\n","protected":false},"author":1,"featured_media":0,"parent":2495,"menu_order":62,"comment_status":"open","ping_status":"open","template":"","meta":{"ngg_post_thumbnail":0},"_links":{"self":[{"href":"https:\/\/www.byter.de\/wordpress\/index.php?rest_route=\/wp\/v2\/pages\/945"}],"collection":[{"href":"https:\/\/www.byter.de\/wordpress\/index.php?rest_route=\/wp\/v2\/pages"}],"about":[{"href":"https:\/\/www.byter.de\/wordpress\/index.php?rest_route=\/wp\/v2\/types\/page"}],"author":[{"embeddable":true,"href":"https:\/\/www.byter.de\/wordpress\/index.php?rest_route=\/wp\/v2\/users\/1"}],"replies":[{"embeddable":true,"href":"https:\/\/www.byter.de\/wordpress\/index.php?rest_route=%2Fwp%2Fv2%2Fcomments&post=945"}],"version-history":[{"count":12,"href":"https:\/\/www.byter.de\/wordpress\/index.php?rest_route=\/wp\/v2\/pages\/945\/revisions"}],"predecessor-version":[{"id":2499,"href":"https:\/\/www.byter.de\/wordpress\/index.php?rest_route=\/wp\/v2\/pages\/945\/revisions\/2499"}],"up":[{"embeddable":true,"href":"https:\/\/www.byter.de\/wordpress\/index.php?rest_route=\/wp\/v2\/pages\/2495"}],"wp:attachment":[{"href":"https:\/\/www.byter.de\/wordpress\/index.php?rest_route=%2Fwp%2Fv2%2Fmedia&parent=945"}],"curies":[{"name":"wp","href":"https:\/\/api.w.org\/{rel}","templated":true}]}}